{"id":47839,"date":"2025-07-29T12:54:18","date_gmt":"2025-07-29T10:54:18","guid":{"rendered":"https:\/\/fundaciotallers.org\/?page_id=47839"},"modified":"2025-11-20T13:56:46","modified_gmt":"2025-11-20T12:56:46","slug":"servicios-para-las-personas","status":"publish","type":"page","link":"https:\/\/fundaciotallers.org\/es\/servicios-para-las-personas\/","title":{"rendered":"Servicios para las personas"},"content":{"rendered":"\t\t<div data-elementor-type=\"wp-page\" data-elementor-id=\"47839\" class=\"elementor elementor-47839 elementor-44398\">\n\t\t\t\t\t\t<section class=\"elementor-section elementor-top-section elementor-element elementor-element-69945ea elementor-hidden-mobile elementor-section-boxed elementor-section-height-default elementor-section-height-default\" data-id=\"69945ea\" data-element_type=\"section\" data-e-type=\"section\" data-settings=\"{&quot;background_background&quot;:&quot;classic&quot;}\">\n\t\t\t\t\t\t<div class=\"elementor-container elementor-column-gap-narrow\">\n\t\t\t\t\t<div class=\"elementor-column elementor-col-25 elementor-top-column elementor-element elementor-element-ab5c8f3\" data-id=\"ab5c8f3\" data-element_type=\"column\" data-e-type=\"column\">\n\t\t\t<div class=\"elementor-widget-wrap elementor-element-populated\">\n\t\t\t\t\t\t<div class=\"elementor-element elementor-element-58540f3 elementor-widget elementor-widget-image\" data-id=\"58540f3\" data-element_type=\"widget\" data-e-type=\"widget\" data-widget_type=\"image.default\">\n\t\t\t\t<div class=\"elementor-widget-container\">\n\t\t\t\t\t\t\t\t\t\t\t\t\t\t\t\t<a href=\"https:\/\/fundaciotallers.org\/es\/\">\n\t\t\t\t\t\t\t<img fetchpriority=\"high\" decoding=\"async\" width=\"1024\" height=\"313\" src=\"https:\/\/fundaciotallers.org\/wp-content\/uploads\/2025\/07\/fundacio-tallers-inclusio-laboral-1024x313.png\" class=\"attachment-large size-large wp-image-44007\" alt=\"\" srcset=\"https:\/\/fundaciotallers.org\/wp-content\/uploads\/2025\/07\/fundacio-tallers-inclusio-laboral-1024x313.png 1024w, https:\/\/fundaciotallers.org\/wp-content\/uploads\/2025\/07\/fundacio-tallers-inclusio-laboral-300x92.png 300w, https:\/\/fundaciotallers.org\/wp-content\/uploads\/2025\/07\/fundacio-tallers-inclusio-laboral-768x234.png 768w, https:\/\/fundaciotallers.org\/wp-content\/uploads\/2025\/07\/fundacio-tallers-inclusio-laboral-1536x469.png 1536w, https:\/\/fundaciotallers.org\/wp-content\/uploads\/2025\/07\/fundacio-tallers-inclusio-laboral.png 1890w\" sizes=\"(max-width: 1024px) 100vw, 1024px\" \/>\t\t\t\t\t\t\t\t<\/a>\n\t\t\t\t\t\t\t\t\t\t\t\t\t\t\t<\/div>\n\t\t\t\t<\/div>\n\t\t\t\t\t<\/div>\n\t\t<\/div>\n\t\t\t\t<div class=\"elementor-column elementor-col-25 elementor-top-column elementor-element elementor-element-52c5634\" data-id=\"52c5634\" data-element_type=\"column\" data-e-type=\"column\">\n\t\t\t<div class=\"elementor-widget-wrap\">\n\t\t\t\t\t\t\t<\/div>\n\t\t<\/div>\n\t\t\t\t<div class=\"elementor-column elementor-col-25 elementor-top-column elementor-element elementor-element-64082ad\" data-id=\"64082ad\" data-element_type=\"column\" data-e-type=\"column\">\n\t\t\t<div class=\"elementor-widget-wrap elementor-element-populated\">\n\t\t\t\t\t\t<div class=\"elementor-element elementor-element-5f8736d elementor-shape-circle e-grid-align-right elementor-grid-0 elementor-widget elementor-widget-social-icons\" data-id=\"5f8736d\" data-element_type=\"widget\" data-e-type=\"widget\" data-widget_type=\"social-icons.default\">\n\t\t\t\t<div class=\"elementor-widget-container\">\n\t\t\t\t\t\t\t<div class=\"elementor-social-icons-wrapper elementor-grid\" role=\"list\">\n\t\t\t\t\t\t\t<span class=\"elementor-grid-item\" role=\"listitem\">\n\t\t\t\t\t<a class=\"elementor-icon elementor-social-icon elementor-social-icon-instagram elementor-repeater-item-1e3f81b\" target=\"_blank\">\n\t\t\t\t\t\t<span class=\"elementor-screen-only\">Instagram<\/span>\n\t\t\t\t\t\t<i aria-hidden=\"true\" class=\"fab fa-instagram\"><\/i>\t\t\t\t\t<\/a>\n\t\t\t\t<\/span>\n\t\t\t\t\t\t\t<span class=\"elementor-grid-item\" role=\"listitem\">\n\t\t\t\t\t<a class=\"elementor-icon elementor-social-icon elementor-social-icon-linkedin elementor-repeater-item-980f104\" target=\"_blank\">\n\t\t\t\t\t\t<span class=\"elementor-screen-only\">Linkedin<\/span>\n\t\t\t\t\t\t<i aria-hidden=\"true\" class=\"fab fa-linkedin\"><\/i>\t\t\t\t\t<\/a>\n\t\t\t\t<\/span>\n\t\t\t\t\t<\/div>\n\t\t\t\t\t\t<\/div>\n\t\t\t\t<\/div>\n\t\t\t\t\t<\/div>\n\t\t<\/div>\n\t\t\t\t<div class=\"elementor-column elementor-col-25 elementor-top-column elementor-element elementor-element-a3a9f73\" data-id=\"a3a9f73\" data-element_type=\"column\" data-e-type=\"column\">\n\t\t\t<div class=\"elementor-widget-wrap elementor-element-populated\">\n\t\t\t\t\t\t<div class=\"elementor-element elementor-element-a204a4b elementor-widget elementor-widget-text-editor\" data-id=\"a204a4b\" data-element_type=\"widget\" data-e-type=\"widget\" data-widget_type=\"text-editor.default\">\n\t\t\t\t<div class=\"elementor-widget-container\">\n\t\t\t\t\t\t\t\t\t<a href=\"https:\/\/fundaciotallers.org\/ca\/\">Catal\u00e0\u00a0<\/a> \u00a0|\u00a0 \u00a0<a href=\"https:\/\/fundaciotallers.org\/es\/\">Castell\u00e0<\/a>\t\t\t\t\t\t\t\t<\/div>\n\t\t\t\t<\/div>\n\t\t\t\t\t<\/div>\n\t\t<\/div>\n\t\t\t\t\t<\/div>\n\t\t<\/section>\n\t\t\t\t<section class=\"elementor-section elementor-top-section elementor-element elementor-element-f46758e elementor-hidden-desktop elementor-hidden-tablet elementor-hidden-mobile elementor-section-boxed elementor-section-height-default elementor-section-height-default\" data-id=\"f46758e\" data-element_type=\"section\" data-e-type=\"section\">\n\t\t\t\t\t\t<div class=\"elementor-container elementor-column-gap-narrow\">\n\t\t\t\t\t<div class=\"elementor-column elementor-col-50 elementor-top-column elementor-element elementor-element-7096f87\" data-id=\"7096f87\" data-element_type=\"column\" data-e-type=\"column\">\n\t\t\t<div class=\"elementor-widget-wrap elementor-element-populated\">\n\t\t\t\t\t\t<div class=\"elementor-element elementor-element-66b4bdc eael_simple_menu_hamburger_disable_selected_menu_no eael-simple-menu-hamburger-align-right eael-hamburger--tablet elementor-widget elementor-widget-eael-simple-menu\" data-id=\"66b4bdc\" data-element_type=\"widget\" data-e-type=\"widget\" data-widget_type=\"eael-simple-menu.default\">\n\t\t\t\t<div class=\"elementor-widget-container\">\n\t\t\t\t\t<style>\n                        @media screen and (max-width: 1024px) {\n                            .eael-hamburger--tablet {\n                                .eael-simple-menu-horizontal,\n                                .eael-simple-menu-vertical {\n                                    display: none;\n                                }\n                            }\n                            .eael-hamburger--tablet {\n                                .eael-simple-menu-container .eael-simple-menu-toggle {\n                                    display: block;\n                                }\n                            }\n                        }\n                        .eael-simple-menu-container.eael-simple-menu--loading > ul {\n                            display: -webkit-box !important;\n                            display: -ms-flexbox !important;\n                            display: flex !important;\n                            list-style: none !important;\n                        }\n                        .eael-simple-menu-container.eael-simple-menu--loading li ul {\n                            visibility: hidden !important;\n                            opacity: 0 !important;\n                        }\n                    <\/style>            <div data-hamburger-icon=\"&lt;i aria-hidden=&quot;true&quot; class=&quot;fas fa-bars&quot;&gt;&lt;\/i&gt;\" data-indicator-icon=\"&lt;i aria-hidden=&quot;true&quot; class=&quot;fas fa-angle-down&quot;&gt;&lt;\/i&gt;\" data-dropdown-indicator-icon=\"&lt;i class=&quot;fas fa-angle-down&quot;&gt;&lt;\/i&gt;\" class=\"eael-simple-menu-container eael-simple-menu--loading eael-simple-menu-align-left eael-simple-menu-dropdown-align-left preset-1\" data-hamburger-breakpoints=\"{&quot;mobile&quot;:&quot;M\\u00f3vil vertical (&gt; 767px)&quot;,&quot;tablet&quot;:&quot;Tableta vertical (&gt; 1024px)&quot;,&quot;desktop&quot;:&quot;Escritorio (&gt; 2400px)&quot;,&quot;none&quot;:&quot;Ninguno&quot;}\" data-hamburger-device=\"tablet\">\n                <ul id=\"menu-nova-web-cat-es\" class=\"eael-simple-menu eael-simple-menu-dropdown-animate-to-top eael-simple-menu-indicator eael-simple-menu-horizontal\"><li id=\"menu-item-47841\" class=\"menu-item menu-item-type-custom menu-item-object-custom menu-item-has-children menu-item-47841\"><a href=\"#\">Qui\u00e9nes somos<\/a>\n<ul class=\"sub-menu\">\n\t<li id=\"menu-item-47842\" class=\"menu-item menu-item-type-post_type menu-item-object-page menu-item-47842\"><a href=\"https:\/\/fundaciotallers.org\/es\/conocenos\/\">Con\u00f3cenos<\/a><\/li>\n\t<li id=\"menu-item-47843\" class=\"menu-item menu-item-type-post_type menu-item-object-page menu-item-47843\"><a href=\"https:\/\/fundaciotallers.org\/es\/historia-2\/\">Historia<\/a><\/li>\n\t<li id=\"menu-item-47844\" class=\"menu-item menu-item-type-post_type menu-item-object-page menu-item-47844\"><a href=\"https:\/\/fundaciotallers.org\/es\/patronato-y-comite-de-direccion\/\">Patronato y Comit\u00e9 de Direcci\u00f3n<\/a><\/li>\n\t<li id=\"menu-item-47845\" class=\"menu-item menu-item-type-post_type menu-item-object-page menu-item-47845\"><a href=\"https:\/\/fundaciotallers.org\/es\/equipo-de-coordinacion-y-servicios-de-apoyo\/\">Equipo de Coordinaci\u00f3n y Servicios de Apoyo<\/a><\/li>\n\t<li id=\"menu-item-47846\" class=\"menu-item menu-item-type-post_type menu-item-object-page menu-item-47846\"><a href=\"https:\/\/fundaciotallers.org\/es\/portal-de-transparencia\/\">Portal de Transparencia<\/a><\/li>\n\t<li id=\"menu-item-47847\" class=\"menu-item menu-item-type-post_type menu-item-object-page menu-item-47847\"><a href=\"https:\/\/fundaciotallers.org\/es\/portal-de-transparencia\/memoria\/\">Memoria<\/a><\/li>\n\t<li id=\"menu-item-47848\" class=\"menu-item menu-item-type-post_type menu-item-object-page menu-item-47848\"><a href=\"https:\/\/fundaciotallers.org\/es\/politica-de-calidad-y-medio-ambiente\/\">Pol\u00edtica de calidad y medio ambiente<\/a><\/li>\n\t<li id=\"menu-item-47849\" class=\"menu-item menu-item-type-post_type menu-item-object-page menu-item-47849\"><a href=\"https:\/\/fundaciotallers.org\/es\/colaboradores-2\/\">Colaboradores<\/a><\/li>\n<\/ul>\n<\/li>\n<li id=\"menu-item-47850\" class=\"menu-item menu-item-type-post_type menu-item-object-page menu-item-has-children menu-item-47850\"><a href=\"https:\/\/fundaciotallers.org\/es\/servicios-para-las-personas\/\">A las personas<\/a>\n<ul class=\"sub-menu\">\n\t<li id=\"menu-item-47851\" class=\"menu-item menu-item-type-post_type menu-item-object-page menu-item-47851\"><a href=\"https:\/\/fundaciotallers.org\/es\/servicio-formacion-ocupacional\/\">Formaci\u00f3n ocupacional<\/a><\/li>\n\t<li id=\"menu-item-47852\" class=\"menu-item menu-item-type-post_type menu-item-object-page menu-item-47852\"><a href=\"https:\/\/fundaciotallers.org\/es\/servicio-insercion-laboral\/\">Servicio de Inserci\u00f3n laboral (SIL)<\/a><\/li>\n\t<li id=\"menu-item-47853\" class=\"menu-item menu-item-type-post_type menu-item-object-page menu-item-47853\"><a href=\"https:\/\/fundaciotallers.org\/es\/centro-especial-de-trabajo\/\">Centro Especial de Trabajo<\/a><\/li>\n\t<li id=\"menu-item-47854\" class=\"menu-item menu-item-type-post_type menu-item-object-page menu-item-47854\"><a href=\"https:\/\/fundaciotallers.org\/es\/equipo-multidisciplinario-de-apoyo-ems\/\">Equipo Multidisciplinario de Apoyo (EMS)<\/a><\/li>\n\t<li id=\"menu-item-47855\" class=\"menu-item menu-item-type-post_type menu-item-object-page menu-item-47855\"><a href=\"https:\/\/fundaciotallers.org\/es\/empresa-insercion\/\">Empresa de inserci\u00f3n<\/a><\/li>\n<\/ul>\n<\/li>\n<li id=\"menu-item-47856\" class=\"menu-item menu-item-type-post_type menu-item-object-page menu-item-has-children menu-item-47856\"><a href=\"https:\/\/fundaciotallers.org\/es\/servicios-para-empresas\/\">A las empresas<\/a>\n<ul class=\"sub-menu\">\n\t<li id=\"menu-item-47857\" class=\"menu-item menu-item-type-post_type menu-item-object-page menu-item-47857\"><a href=\"https:\/\/fundaciotallers.org\/es\/cumplimiento-ley-discapacidad\/\">Cumplimiento Ley Discapacidad<\/a><\/li>\n\t<li id=\"menu-item-47858\" class=\"menu-item menu-item-type-post_type menu-item-object-page menu-item-47858\"><a href=\"https:\/\/fundaciotallers.org\/es\/jardineria\/\">Jardineria\u00a0<\/a><\/li>\n\t<li id=\"menu-item-47859\" class=\"menu-item menu-item-type-post_type menu-item-object-page menu-item-47859\"><a href=\"https:\/\/fundaciotallers.org\/es\/servicios-limpieza\/\">Limpieza<\/a><\/li>\n\t<li id=\"menu-item-47860\" class=\"menu-item menu-item-type-post_type menu-item-object-page menu-item-47860\"><a href=\"https:\/\/fundaciotallers.org\/es\/manipulados-y-logistica-industrial\/\">Manipulados, log\u00edstica industrial y servicios textiles<\/a><\/li>\n\t<li id=\"menu-item-47861\" class=\"menu-item menu-item-type-post_type menu-item-object-page menu-item-47861\"><a href=\"https:\/\/fundaciotallers.org\/es\/servicios-tintoreria-industrial-domestica\/\">Tintorer\u00eda<\/a><\/li>\n\t<li id=\"menu-item-47862\" class=\"menu-item menu-item-type-post_type menu-item-object-page menu-item-47862\"><a href=\"https:\/\/fundaciotallers.org\/es\/servicio-de-gestion-documental\/\">Externalizaci\u00f3n procesos administrativos<\/a><\/li>\n<\/ul>\n<\/li>\n<li id=\"menu-item-47863\" class=\"menu-item menu-item-type-post_type menu-item-object-page menu-item-has-children menu-item-47863\"><a href=\"https:\/\/fundaciotallers.org\/es\/servicios-para-las-administraciones\/\">A las administraciones<\/a>\n<ul class=\"sub-menu\">\n\t<li id=\"menu-item-47864\" class=\"menu-item menu-item-type-post_type menu-item-object-page menu-item-47864\"><a href=\"https:\/\/fundaciotallers.org\/es\/servicios-de-jardineria-para-administraciones-publicas\/\">Servicios de jardiner\u00eda para administraciones p\u00fablicas<\/a><\/li>\n\t<li id=\"menu-item-47865\" class=\"menu-item menu-item-type-post_type menu-item-object-page menu-item-47865\"><a href=\"https:\/\/fundaciotallers.org\/es\/limpieza-de-interiores\/\">Limpieza de interiores<\/a><\/li>\n\t<li id=\"menu-item-47866\" class=\"menu-item menu-item-type-post_type menu-item-object-page menu-item-47866\"><a href=\"https:\/\/fundaciotallers.org\/es\/limpieza-viaria\/\">Limpieza Viaria<\/a><\/li>\n\t<li id=\"menu-item-47867\" class=\"menu-item menu-item-type-post_type menu-item-object-page menu-item-47867\"><a href=\"https:\/\/fundaciotallers.org\/es\/gestion-desecherias-y-puntos-verdes\/\">Gesti\u00f3n de desecher\u00edas y puntos verdes<\/a><\/li>\n\t<li id=\"menu-item-47868\" class=\"menu-item menu-item-type-post_type menu-item-object-page menu-item-47868\"><a href=\"https:\/\/fundaciotallers.org\/es\/externalizacion-procesos-administrativos\/\">Servicio de gesti\u00f3n documental<\/a><\/li>\n<\/ul>\n<\/li>\n<li id=\"menu-item-47869\" class=\"menu-item menu-item-type-post_type menu-item-object-page menu-item-47869\"><a href=\"https:\/\/fundaciotallers.org\/es\/trabaja-con-nosotros\/\">Trabaja con nosotros<\/a><\/li>\n<li id=\"menu-item-47870\" class=\"menu-item menu-item-type-custom menu-item-object-custom menu-item-47870\"><a target=\"_blank\" href=\"https:\/\/www.pereclaver.org\/voluntariat\/\">Voluntariado<\/a><\/li>\n<li id=\"menu-item-47871\" class=\"menu-item menu-item-type-post_type menu-item-object-page menu-item-47871\"><a href=\"https:\/\/fundaciotallers.org\/es\/noticias\/\">Blog<\/a><\/li>\n<li id=\"menu-item-47872\" class=\"menu-item menu-item-type-post_type menu-item-object-page menu-item-47872\"><a href=\"https:\/\/fundaciotallers.org\/es\/contacto\/\">Contacto<\/a><\/li>\n<\/ul>                <button class=\"eael-simple-menu-toggle\">\n                    <span class=\"sr-only \">Men\u00fa conmutador hamburguesa<\/span>\n                    <i aria-hidden=\"true\" class=\"fas fa-bars\"><\/i>                <\/button>\n            <\/div>\n            \t\t\t\t<\/div>\n\t\t\t\t<\/div>\n\t\t\t\t\t<\/div>\n\t\t<\/div>\n\t\t\t\t<div class=\"elementor-column elementor-col-25 elementor-top-column elementor-element elementor-element-115d2c0\" data-id=\"115d2c0\" data-element_type=\"column\" data-e-type=\"column\">\n\t\t\t<div class=\"elementor-widget-wrap elementor-element-populated\">\n\t\t\t\t\t\t<div class=\"elementor-element elementor-element-31f2fc8 elementor-align-right elementor-widget elementor-widget-button\" data-id=\"31f2fc8\" data-element_type=\"widget\" data-e-type=\"widget\" data-widget_type=\"button.default\">\n\t\t\t\t<div class=\"elementor-widget-container\">\n\t\t\t\t\t\t\t\t\t<div class=\"elementor-button-wrapper\">\n\t\t\t\t\t<a class=\"elementor-button elementor-size-sm\" role=\"button\">\n\t\t\t\t\t\t<span class=\"elementor-button-content-wrapper\">\n\t\t\t\t\t\t\t\t\t<span class=\"elementor-button-text\">Col\u00b7labora<\/span>\n\t\t\t\t\t<\/span>\n\t\t\t\t\t<\/a>\n\t\t\t\t<\/div>\n\t\t\t\t\t\t\t\t<\/div>\n\t\t\t\t<\/div>\n\t\t\t\t\t<\/div>\n\t\t<\/div>\n\t\t\t\t<div class=\"elementor-column elementor-col-25 elementor-top-column elementor-element elementor-element-ac2d1d1\" data-id=\"ac2d1d1\" data-element_type=\"column\" data-e-type=\"column\">\n\t\t\t<div class=\"elementor-widget-wrap elementor-element-populated\">\n\t\t\t\t\t\t<div class=\"elementor-element elementor-element-620fd3f elementor-align-right elementor-widget elementor-widget-button\" data-id=\"620fd3f\" data-element_type=\"widget\" data-e-type=\"widget\" data-widget_type=\"button.default\">\n\t\t\t\t<div class=\"elementor-widget-container\">\n\t\t\t\t\t\t\t\t\t<div class=\"elementor-button-wrapper\">\n\t\t\t\t\t<a class=\"elementor-button elementor-size-sm\" role=\"button\">\n\t\t\t\t\t\t<span class=\"elementor-button-content-wrapper\">\n\t\t\t\t\t\t\t\t\t<span class=\"elementor-button-text\">Dona<\/span>\n\t\t\t\t\t<\/span>\n\t\t\t\t\t<\/a>\n\t\t\t\t<\/div>\n\t\t\t\t\t\t\t\t<\/div>\n\t\t\t\t<\/div>\n\t\t\t\t\t<\/div>\n\t\t<\/div>\n\t\t\t\t\t<\/div>\n\t\t<\/section>\n\t\t\t\t<section class=\"elementor-section elementor-top-section elementor-element elementor-element-1135ece elementor-hidden-mobile elementor-section-boxed elementor-section-height-default elementor-section-height-default\" data-id=\"1135ece\" data-element_type=\"section\" data-e-type=\"section\">\n\t\t\t\t\t\t<div class=\"elementor-container elementor-column-gap-narrow\">\n\t\t\t\t\t<div class=\"elementor-column elementor-col-100 elementor-top-column elementor-element elementor-element-006964e\" data-id=\"006964e\" data-element_type=\"column\" data-e-type=\"column\">\n\t\t\t<div class=\"elementor-widget-wrap elementor-element-populated\">\n\t\t\t\t\t\t<div class=\"elementor-element elementor-element-8f53073 eael_simple_menu_hamburger_disable_selected_menu_no eael-simple-menu-hamburger-align-right eael-hamburger--tablet elementor-widget elementor-widget-eael-simple-menu\" data-id=\"8f53073\" data-element_type=\"widget\" data-e-type=\"widget\" data-widget_type=\"eael-simple-menu.default\">\n\t\t\t\t<div class=\"elementor-widget-container\">\n\t\t\t\t\t<style>\n                        @media screen and (max-width: 1024px) {\n                            .eael-hamburger--tablet {\n                                .eael-simple-menu-horizontal,\n                                .eael-simple-menu-vertical {\n                                    display: none;\n                                }\n                            }\n                            .eael-hamburger--tablet {\n                                .eael-simple-menu-container .eael-simple-menu-toggle {\n                                    display: block;\n                                }\n                            }\n                        }\n                        .eael-simple-menu-container.eael-simple-menu--loading > ul {\n                            display: -webkit-box !important;\n                            display: -ms-flexbox !important;\n                            display: flex !important;\n                            list-style: none !important;\n                        }\n                        .eael-simple-menu-container.eael-simple-menu--loading li ul {\n                            visibility: hidden !important;\n                            opacity: 0 !important;\n                        }\n                    <\/style>            <div data-hamburger-icon=\"&lt;i aria-hidden=&quot;true&quot; class=&quot;fas fa-bars&quot;&gt;&lt;\/i&gt;\" data-indicator-icon=\"&lt;i aria-hidden=&quot;true&quot; class=&quot;fas fa-angle-down&quot;&gt;&lt;\/i&gt;\" data-dropdown-indicator-icon=\"&lt;i class=&quot;fas fa-angle-down&quot;&gt;&lt;\/i&gt;\" class=\"eael-simple-menu-container eael-simple-menu--loading eael-simple-menu-align-left eael-simple-menu-dropdown-align-left preset-1\" data-hamburger-breakpoints=\"{&quot;mobile&quot;:&quot;M\\u00f3vil vertical (&gt; 767px)&quot;,&quot;tablet&quot;:&quot;Tableta vertical (&gt; 1024px)&quot;,&quot;desktop&quot;:&quot;Escritorio (&gt; 2400px)&quot;,&quot;none&quot;:&quot;Ninguno&quot;}\" data-hamburger-device=\"tablet\">\n                <ul id=\"menu-nova-web-cat-es-1\" class=\"eael-simple-menu eael-simple-menu-dropdown-animate-to-top eael-simple-menu-indicator eael-simple-menu-horizontal\"><li class=\"menu-item menu-item-type-custom menu-item-object-custom menu-item-has-children menu-item-47841\"><a href=\"#\">Qui\u00e9nes somos<\/a>\n<ul class=\"sub-menu\">\n\t<li class=\"menu-item menu-item-type-post_type menu-item-object-page menu-item-47842\"><a href=\"https:\/\/fundaciotallers.org\/es\/conocenos\/\">Con\u00f3cenos<\/a><\/li>\n\t<li class=\"menu-item menu-item-type-post_type menu-item-object-page menu-item-47843\"><a href=\"https:\/\/fundaciotallers.org\/es\/historia-2\/\">Historia<\/a><\/li>\n\t<li class=\"menu-item menu-item-type-post_type menu-item-object-page menu-item-47844\"><a href=\"https:\/\/fundaciotallers.org\/es\/patronato-y-comite-de-direccion\/\">Patronato y Comit\u00e9 de Direcci\u00f3n<\/a><\/li>\n\t<li class=\"menu-item menu-item-type-post_type menu-item-object-page menu-item-47845\"><a href=\"https:\/\/fundaciotallers.org\/es\/equipo-de-coordinacion-y-servicios-de-apoyo\/\">Equipo de Coordinaci\u00f3n y Servicios de Apoyo<\/a><\/li>\n\t<li class=\"menu-item menu-item-type-post_type menu-item-object-page menu-item-47846\"><a href=\"https:\/\/fundaciotallers.org\/es\/portal-de-transparencia\/\">Portal de Transparencia<\/a><\/li>\n\t<li class=\"menu-item menu-item-type-post_type menu-item-object-page menu-item-47847\"><a href=\"https:\/\/fundaciotallers.org\/es\/portal-de-transparencia\/memoria\/\">Memoria<\/a><\/li>\n\t<li class=\"menu-item menu-item-type-post_type menu-item-object-page menu-item-47848\"><a href=\"https:\/\/fundaciotallers.org\/es\/politica-de-calidad-y-medio-ambiente\/\">Pol\u00edtica de calidad y medio ambiente<\/a><\/li>\n\t<li class=\"menu-item menu-item-type-post_type menu-item-object-page menu-item-47849\"><a href=\"https:\/\/fundaciotallers.org\/es\/colaboradores-2\/\">Colaboradores<\/a><\/li>\n<\/ul>\n<\/li>\n<li class=\"menu-item menu-item-type-post_type menu-item-object-page menu-item-has-children menu-item-47850\"><a href=\"https:\/\/fundaciotallers.org\/es\/servicios-para-las-personas\/\">A las personas<\/a>\n<ul class=\"sub-menu\">\n\t<li class=\"menu-item menu-item-type-post_type menu-item-object-page menu-item-47851\"><a href=\"https:\/\/fundaciotallers.org\/es\/servicio-formacion-ocupacional\/\">Formaci\u00f3n ocupacional<\/a><\/li>\n\t<li class=\"menu-item menu-item-type-post_type menu-item-object-page menu-item-47852\"><a href=\"https:\/\/fundaciotallers.org\/es\/servicio-insercion-laboral\/\">Servicio de Inserci\u00f3n laboral (SIL)<\/a><\/li>\n\t<li class=\"menu-item menu-item-type-post_type menu-item-object-page menu-item-47853\"><a href=\"https:\/\/fundaciotallers.org\/es\/centro-especial-de-trabajo\/\">Centro Especial de Trabajo<\/a><\/li>\n\t<li class=\"menu-item menu-item-type-post_type menu-item-object-page menu-item-47854\"><a href=\"https:\/\/fundaciotallers.org\/es\/equipo-multidisciplinario-de-apoyo-ems\/\">Equipo Multidisciplinario de Apoyo (EMS)<\/a><\/li>\n\t<li class=\"menu-item menu-item-type-post_type menu-item-object-page menu-item-47855\"><a href=\"https:\/\/fundaciotallers.org\/es\/empresa-insercion\/\">Empresa de inserci\u00f3n<\/a><\/li>\n<\/ul>\n<\/li>\n<li class=\"menu-item menu-item-type-post_type menu-item-object-page menu-item-has-children menu-item-47856\"><a href=\"https:\/\/fundaciotallers.org\/es\/servicios-para-empresas\/\">A las empresas<\/a>\n<ul class=\"sub-menu\">\n\t<li class=\"menu-item menu-item-type-post_type menu-item-object-page menu-item-47857\"><a href=\"https:\/\/fundaciotallers.org\/es\/cumplimiento-ley-discapacidad\/\">Cumplimiento Ley Discapacidad<\/a><\/li>\n\t<li class=\"menu-item menu-item-type-post_type menu-item-object-page menu-item-47858\"><a href=\"https:\/\/fundaciotallers.org\/es\/jardineria\/\">Jardineria\u00a0<\/a><\/li>\n\t<li class=\"menu-item menu-item-type-post_type menu-item-object-page menu-item-47859\"><a href=\"https:\/\/fundaciotallers.org\/es\/servicios-limpieza\/\">Limpieza<\/a><\/li>\n\t<li class=\"menu-item menu-item-type-post_type menu-item-object-page menu-item-47860\"><a href=\"https:\/\/fundaciotallers.org\/es\/manipulados-y-logistica-industrial\/\">Manipulados, log\u00edstica industrial y servicios textiles<\/a><\/li>\n\t<li class=\"menu-item menu-item-type-post_type menu-item-object-page menu-item-47861\"><a href=\"https:\/\/fundaciotallers.org\/es\/servicios-tintoreria-industrial-domestica\/\">Tintorer\u00eda<\/a><\/li>\n\t<li class=\"menu-item menu-item-type-post_type menu-item-object-page menu-item-47862\"><a href=\"https:\/\/fundaciotallers.org\/es\/servicio-de-gestion-documental\/\">Externalizaci\u00f3n procesos administrativos<\/a><\/li>\n<\/ul>\n<\/li>\n<li class=\"menu-item menu-item-type-post_type menu-item-object-page menu-item-has-children menu-item-47863\"><a href=\"https:\/\/fundaciotallers.org\/es\/servicios-para-las-administraciones\/\">A las administraciones<\/a>\n<ul class=\"sub-menu\">\n\t<li class=\"menu-item menu-item-type-post_type menu-item-object-page menu-item-47864\"><a href=\"https:\/\/fundaciotallers.org\/es\/servicios-de-jardineria-para-administraciones-publicas\/\">Servicios de jardiner\u00eda para administraciones p\u00fablicas<\/a><\/li>\n\t<li class=\"menu-item menu-item-type-post_type menu-item-object-page menu-item-47865\"><a href=\"https:\/\/fundaciotallers.org\/es\/limpieza-de-interiores\/\">Limpieza de interiores<\/a><\/li>\n\t<li class=\"menu-item menu-item-type-post_type menu-item-object-page menu-item-47866\"><a href=\"https:\/\/fundaciotallers.org\/es\/limpieza-viaria\/\">Limpieza Viaria<\/a><\/li>\n\t<li class=\"menu-item menu-item-type-post_type menu-item-object-page menu-item-47867\"><a href=\"https:\/\/fundaciotallers.org\/es\/gestion-desecherias-y-puntos-verdes\/\">Gesti\u00f3n de desecher\u00edas y puntos verdes<\/a><\/li>\n\t<li class=\"menu-item menu-item-type-post_type menu-item-object-page menu-item-47868\"><a href=\"https:\/\/fundaciotallers.org\/es\/externalizacion-procesos-administrativos\/\">Servicio de gesti\u00f3n documental<\/a><\/li>\n<\/ul>\n<\/li>\n<li class=\"menu-item menu-item-type-post_type menu-item-object-page menu-item-47869\"><a href=\"https:\/\/fundaciotallers.org\/es\/trabaja-con-nosotros\/\">Trabaja con nosotros<\/a><\/li>\n<li class=\"menu-item menu-item-type-custom menu-item-object-custom menu-item-47870\"><a target=\"_blank\" href=\"https:\/\/www.pereclaver.org\/voluntariat\/\">Voluntariado<\/a><\/li>\n<li class=\"menu-item menu-item-type-post_type menu-item-object-page menu-item-47871\"><a href=\"https:\/\/fundaciotallers.org\/es\/noticias\/\">Blog<\/a><\/li>\n<li class=\"menu-item menu-item-type-post_type menu-item-object-page menu-item-47872\"><a href=\"https:\/\/fundaciotallers.org\/es\/contacto\/\">Contacto<\/a><\/li>\n<\/ul>                <button class=\"eael-simple-menu-toggle\">\n                    <span class=\"sr-only \">Men\u00fa conmutador hamburguesa<\/span>\n                    <i aria-hidden=\"true\" class=\"fas fa-bars\"><\/i>                <\/button>\n            <\/div>\n            \t\t\t\t<\/div>\n\t\t\t\t<\/div>\n\t\t\t\t\t<\/div>\n\t\t<\/div>\n\t\t\t\t\t<\/div>\n\t\t<\/section>\n\t\t\t\t<section class=\"elementor-section elementor-top-section elementor-element elementor-element-ec26f78 elementor-hidden-tablet elementor-hidden-desktop elementor-section-boxed elementor-section-height-default elementor-section-height-default\" data-id=\"ec26f78\" data-element_type=\"section\" data-e-type=\"section\" data-settings=\"{&quot;background_background&quot;:&quot;classic&quot;}\">\n\t\t\t\t\t\t<div class=\"elementor-container elementor-column-gap-narrow\">\n\t\t\t\t\t<div class=\"elementor-column elementor-col-100 elementor-top-column elementor-element elementor-element-c4570bb\" data-id=\"c4570bb\" data-element_type=\"column\" data-e-type=\"column\">\n\t\t\t<div class=\"elementor-widget-wrap elementor-element-populated\">\n\t\t\t\t\t\t<div class=\"elementor-element elementor-element-a560ff2 elementor-widget elementor-widget-text-editor\" data-id=\"a560ff2\" data-element_type=\"widget\" data-e-type=\"widget\" data-widget_type=\"text-editor.default\">\n\t\t\t\t<div class=\"elementor-widget-container\">\n\t\t\t\t\t\t\t\t\t<a href=\"https:\/\/fundaciotallers.org\/ca\/\">Catal\u00e0\u00a0<\/a> \u00a0|\u00a0 \u00a0<a href=\"https:\/\/fundaciotallers.org\/es\/\">Castell\u00e0<\/a>\t\t\t\t\t\t\t\t<\/div>\n\t\t\t\t<\/div>\n\t\t\t\t\t<\/div>\n\t\t<\/div>\n\t\t\t\t\t<\/div>\n\t\t<\/section>\n\t\t\t\t<section class=\"elementor-section elementor-top-section elementor-element elementor-element-cb48511 elementor-hidden-desktop elementor-hidden-tablet elementor-section-boxed elementor-section-height-default elementor-section-height-default\" data-id=\"cb48511\" data-element_type=\"section\" data-e-type=\"section\" data-settings=\"{&quot;background_background&quot;:&quot;classic&quot;}\">\n\t\t\t\t\t\t<div class=\"elementor-container elementor-column-gap-narrow\">\n\t\t\t\t\t<div class=\"elementor-column elementor-col-100 elementor-top-column elementor-element elementor-element-c3f43a9\" data-id=\"c3f43a9\" data-element_type=\"column\" data-e-type=\"column\">\n\t\t\t<div class=\"elementor-widget-wrap elementor-element-populated\">\n\t\t\t\t\t\t<div class=\"elementor-element elementor-element-3309f47 elementor-widget elementor-widget-image\" data-id=\"3309f47\" data-element_type=\"widget\" data-e-type=\"widget\" data-widget_type=\"image.default\">\n\t\t\t\t<div class=\"elementor-widget-container\">\n\t\t\t\t\t\t\t\t\t\t\t\t\t\t\t\t<a href=\"https:\/\/fundaciotallers.org\/es\/\">\n\t\t\t\t\t\t\t<img fetchpriority=\"high\" decoding=\"async\" width=\"1024\" height=\"313\" src=\"https:\/\/fundaciotallers.org\/wp-content\/uploads\/2025\/07\/fundacio-tallers-inclusio-laboral-1024x313.png\" class=\"attachment-large size-large wp-image-44007\" alt=\"\" srcset=\"https:\/\/fundaciotallers.org\/wp-content\/uploads\/2025\/07\/fundacio-tallers-inclusio-laboral-1024x313.png 1024w, https:\/\/fundaciotallers.org\/wp-content\/uploads\/2025\/07\/fundacio-tallers-inclusio-laboral-300x92.png 300w, https:\/\/fundaciotallers.org\/wp-content\/uploads\/2025\/07\/fundacio-tallers-inclusio-laboral-768x234.png 768w, https:\/\/fundaciotallers.org\/wp-content\/uploads\/2025\/07\/fundacio-tallers-inclusio-laboral-1536x469.png 1536w, https:\/\/fundaciotallers.org\/wp-content\/uploads\/2025\/07\/fundacio-tallers-inclusio-laboral.png 1890w\" sizes=\"(max-width: 1024px) 100vw, 1024px\" \/>\t\t\t\t\t\t\t\t<\/a>\n\t\t\t\t\t\t\t\t\t\t\t\t\t\t\t<\/div>\n\t\t\t\t<\/div>\n\t\t\t\t<div class=\"elementor-element elementor-element-e9861bf eael-simple-menu-hamburger-align-center eael_simple_menu_hamburger_disable_selected_menu_hide eael-hamburger--tablet elementor-widget elementor-widget-eael-simple-menu\" data-id=\"e9861bf\" data-element_type=\"widget\" data-e-type=\"widget\" data-widget_type=\"eael-simple-menu.default\">\n\t\t\t\t<div class=\"elementor-widget-container\">\n\t\t\t\t\t<style>\n                        @media screen and (max-width: 1024px) {\n                            .eael-hamburger--tablet {\n                                .eael-simple-menu-horizontal,\n                                .eael-simple-menu-vertical {\n                                    display: none;\n                                }\n                            }\n                            .eael-hamburger--tablet {\n                                .eael-simple-menu-container .eael-simple-menu-toggle {\n                                    display: block;\n                                }\n                            }\n                        }\n                        .eael-simple-menu-container.eael-simple-menu--loading > ul {\n                            display: -webkit-box !important;\n                            display: -ms-flexbox !important;\n                            display: flex !important;\n                            list-style: none !important;\n                        }\n                        .eael-simple-menu-container.eael-simple-menu--loading li ul {\n                            visibility: hidden !important;\n                            opacity: 0 !important;\n                        }\n                    <\/style>            <div data-hamburger-icon=\"&lt;i aria-hidden=&quot;true&quot; class=&quot;fas fa-bars&quot;&gt;&lt;\/i&gt;\" data-indicator-icon=\"&lt;svg xmlns=&quot;http:\/\/www.w3.org\/2000\/svg&quot; xmlns:xlink=&quot;http:\/\/www.w3.org\/1999\/xlink&quot; id=&quot;Capa_1&quot; x=&quot;0px&quot; y=&quot;0px&quot; width=&quot;451.847px&quot; height=&quot;451.847px&quot; viewBox=&quot;0 0 451.847 451.847&quot; style=&quot;enable-background:new 0 0 451.847 451.847;&quot; xml:space=&quot;preserve&quot;&gt;&lt;g&gt;\t&lt;path d=&quot;M225.923,354.706c-8.098,0-16.195-3.092-22.369-9.263L9.27,151.157c-12.359-12.359-12.359-32.397,0-44.751  c12.354-12.354,32.388-12.354,44.748,0l171.905,171.915l171.906-171.909c12.359-12.354,32.391-12.354,44.744,0  c12.365,12.354,12.365,32.392,0,44.751L248.292,345.449C242.115,351.621,234.018,354.706,225.923,354.706z&quot;&gt;&lt;\/path&gt;&lt;\/g&gt;&lt;g&gt;&lt;\/g&gt;&lt;g&gt;&lt;\/g&gt;&lt;g&gt;&lt;\/g&gt;&lt;g&gt;&lt;\/g&gt;&lt;g&gt;&lt;\/g&gt;&lt;g&gt;&lt;\/g&gt;&lt;g&gt;&lt;\/g&gt;&lt;g&gt;&lt;\/g&gt;&lt;g&gt;&lt;\/g&gt;&lt;g&gt;&lt;\/g&gt;&lt;g&gt;&lt;\/g&gt;&lt;g&gt;&lt;\/g&gt;&lt;g&gt;&lt;\/g&gt;&lt;g&gt;&lt;\/g&gt;&lt;g&gt;&lt;\/g&gt;&lt;\/svg&gt;\" data-dropdown-indicator-icon=\"&lt;svg xmlns=&quot;http:\/\/www.w3.org\/2000\/svg&quot; xmlns:xlink=&quot;http:\/\/www.w3.org\/1999\/xlink&quot; id=&quot;Capa_1&quot; x=&quot;0px&quot; y=&quot;0px&quot; width=&quot;451.847px&quot; height=&quot;451.847px&quot; viewBox=&quot;0 0 451.847 451.847&quot; style=&quot;enable-background:new 0 0 451.847 451.847;&quot; xml:space=&quot;preserve&quot;&gt;&lt;g&gt;\t&lt;path d=&quot;M225.923,354.706c-8.098,0-16.195-3.092-22.369-9.263L9.27,151.157c-12.359-12.359-12.359-32.397,0-44.751  c12.354-12.354,32.388-12.354,44.748,0l171.905,171.915l171.906-171.909c12.359-12.354,32.391-12.354,44.744,0  c12.365,12.354,12.365,32.392,0,44.751L248.292,345.449C242.115,351.621,234.018,354.706,225.923,354.706z&quot;&gt;&lt;\/path&gt;&lt;\/g&gt;&lt;g&gt;&lt;\/g&gt;&lt;g&gt;&lt;\/g&gt;&lt;g&gt;&lt;\/g&gt;&lt;g&gt;&lt;\/g&gt;&lt;g&gt;&lt;\/g&gt;&lt;g&gt;&lt;\/g&gt;&lt;g&gt;&lt;\/g&gt;&lt;g&gt;&lt;\/g&gt;&lt;g&gt;&lt;\/g&gt;&lt;g&gt;&lt;\/g&gt;&lt;g&gt;&lt;\/g&gt;&lt;g&gt;&lt;\/g&gt;&lt;g&gt;&lt;\/g&gt;&lt;g&gt;&lt;\/g&gt;&lt;g&gt;&lt;\/g&gt;&lt;\/svg&gt;\" class=\"eael-simple-menu-container eael-simple-menu--loading eael-simple-menu-align-left eael-simple-menu-dropdown-align-left preset-1\" data-hamburger-breakpoints=\"{&quot;mobile&quot;:&quot;M\\u00f3vil vertical (&gt; 767px)&quot;,&quot;tablet&quot;:&quot;Tableta vertical (&gt; 1024px)&quot;,&quot;desktop&quot;:&quot;Escritorio (&gt; 2400px)&quot;,&quot;none&quot;:&quot;Ninguno&quot;}\" data-hamburger-device=\"tablet\">\n                <ul id=\"menu-nova-web-cat-es-2\" class=\"eael-simple-menu eael-simple-menu-dropdown-animate-to-top eael-simple-menu-indicator eael-hamburger-left eael-simple-menu-horizontal\"><li class=\"menu-item menu-item-type-custom menu-item-object-custom menu-item-has-children menu-item-47841\"><a href=\"#\">Qui\u00e9nes somos<\/a>\n<ul class=\"sub-menu\">\n\t<li class=\"menu-item menu-item-type-post_type menu-item-object-page menu-item-47842\"><a href=\"https:\/\/fundaciotallers.org\/es\/conocenos\/\">Con\u00f3cenos<\/a><\/li>\n\t<li class=\"menu-item menu-item-type-post_type menu-item-object-page menu-item-47843\"><a href=\"https:\/\/fundaciotallers.org\/es\/historia-2\/\">Historia<\/a><\/li>\n\t<li class=\"menu-item menu-item-type-post_type menu-item-object-page menu-item-47844\"><a href=\"https:\/\/fundaciotallers.org\/es\/patronato-y-comite-de-direccion\/\">Patronato y Comit\u00e9 de Direcci\u00f3n<\/a><\/li>\n\t<li class=\"menu-item menu-item-type-post_type menu-item-object-page menu-item-47845\"><a href=\"https:\/\/fundaciotallers.org\/es\/equipo-de-coordinacion-y-servicios-de-apoyo\/\">Equipo de Coordinaci\u00f3n y Servicios de Apoyo<\/a><\/li>\n\t<li class=\"menu-item menu-item-type-post_type menu-item-object-page menu-item-47846\"><a href=\"https:\/\/fundaciotallers.org\/es\/portal-de-transparencia\/\">Portal de Transparencia<\/a><\/li>\n\t<li class=\"menu-item menu-item-type-post_type menu-item-object-page menu-item-47847\"><a href=\"https:\/\/fundaciotallers.org\/es\/portal-de-transparencia\/memoria\/\">Memoria<\/a><\/li>\n\t<li class=\"menu-item menu-item-type-post_type menu-item-object-page menu-item-47848\"><a href=\"https:\/\/fundaciotallers.org\/es\/politica-de-calidad-y-medio-ambiente\/\">Pol\u00edtica de calidad y medio ambiente<\/a><\/li>\n\t<li class=\"menu-item menu-item-type-post_type menu-item-object-page menu-item-47849\"><a href=\"https:\/\/fundaciotallers.org\/es\/colaboradores-2\/\">Colaboradores<\/a><\/li>\n<\/ul>\n<\/li>\n<li class=\"menu-item menu-item-type-post_type menu-item-object-page menu-item-has-children menu-item-47850\"><a href=\"https:\/\/fundaciotallers.org\/es\/servicios-para-las-personas\/\">A las personas<\/a>\n<ul class=\"sub-menu\">\n\t<li class=\"menu-item menu-item-type-post_type menu-item-object-page menu-item-47851\"><a href=\"https:\/\/fundaciotallers.org\/es\/servicio-formacion-ocupacional\/\">Formaci\u00f3n ocupacional<\/a><\/li>\n\t<li class=\"menu-item menu-item-type-post_type menu-item-object-page menu-item-47852\"><a href=\"https:\/\/fundaciotallers.org\/es\/servicio-insercion-laboral\/\">Servicio de Inserci\u00f3n laboral (SIL)<\/a><\/li>\n\t<li class=\"menu-item menu-item-type-post_type menu-item-object-page menu-item-47853\"><a href=\"https:\/\/fundaciotallers.org\/es\/centro-especial-de-trabajo\/\">Centro Especial de Trabajo<\/a><\/li>\n\t<li class=\"menu-item menu-item-type-post_type menu-item-object-page menu-item-47854\"><a href=\"https:\/\/fundaciotallers.org\/es\/equipo-multidisciplinario-de-apoyo-ems\/\">Equipo Multidisciplinario de Apoyo (EMS)<\/a><\/li>\n\t<li class=\"menu-item menu-item-type-post_type menu-item-object-page menu-item-47855\"><a href=\"https:\/\/fundaciotallers.org\/es\/empresa-insercion\/\">Empresa de inserci\u00f3n<\/a><\/li>\n<\/ul>\n<\/li>\n<li class=\"menu-item menu-item-type-post_type menu-item-object-page menu-item-has-children menu-item-47856\"><a href=\"https:\/\/fundaciotallers.org\/es\/servicios-para-empresas\/\">A las empresas<\/a>\n<ul class=\"sub-menu\">\n\t<li class=\"menu-item menu-item-type-post_type menu-item-object-page menu-item-47857\"><a href=\"https:\/\/fundaciotallers.org\/es\/cumplimiento-ley-discapacidad\/\">Cumplimiento Ley Discapacidad<\/a><\/li>\n\t<li class=\"menu-item menu-item-type-post_type menu-item-object-page menu-item-47858\"><a href=\"https:\/\/fundaciotallers.org\/es\/jardineria\/\">Jardineria\u00a0<\/a><\/li>\n\t<li class=\"menu-item menu-item-type-post_type menu-item-object-page menu-item-47859\"><a href=\"https:\/\/fundaciotallers.org\/es\/servicios-limpieza\/\">Limpieza<\/a><\/li>\n\t<li class=\"menu-item menu-item-type-post_type menu-item-object-page menu-item-47860\"><a href=\"https:\/\/fundaciotallers.org\/es\/manipulados-y-logistica-industrial\/\">Manipulados, log\u00edstica industrial y servicios textiles<\/a><\/li>\n\t<li class=\"menu-item menu-item-type-post_type menu-item-object-page menu-item-47861\"><a href=\"https:\/\/fundaciotallers.org\/es\/servicios-tintoreria-industrial-domestica\/\">Tintorer\u00eda<\/a><\/li>\n\t<li class=\"menu-item menu-item-type-post_type menu-item-object-page menu-item-47862\"><a href=\"https:\/\/fundaciotallers.org\/es\/servicio-de-gestion-documental\/\">Externalizaci\u00f3n procesos administrativos<\/a><\/li>\n<\/ul>\n<\/li>\n<li class=\"menu-item menu-item-type-post_type menu-item-object-page menu-item-has-children menu-item-47863\"><a href=\"https:\/\/fundaciotallers.org\/es\/servicios-para-las-administraciones\/\">A las administraciones<\/a>\n<ul class=\"sub-menu\">\n\t<li class=\"menu-item menu-item-type-post_type menu-item-object-page menu-item-47864\"><a href=\"https:\/\/fundaciotallers.org\/es\/servicios-de-jardineria-para-administraciones-publicas\/\">Servicios de jardiner\u00eda para administraciones p\u00fablicas<\/a><\/li>\n\t<li class=\"menu-item menu-item-type-post_type menu-item-object-page menu-item-47865\"><a href=\"https:\/\/fundaciotallers.org\/es\/limpieza-de-interiores\/\">Limpieza de interiores<\/a><\/li>\n\t<li class=\"menu-item menu-item-type-post_type menu-item-object-page menu-item-47866\"><a href=\"https:\/\/fundaciotallers.org\/es\/limpieza-viaria\/\">Limpieza Viaria<\/a><\/li>\n\t<li class=\"menu-item menu-item-type-post_type menu-item-object-page menu-item-47867\"><a href=\"https:\/\/fundaciotallers.org\/es\/gestion-desecherias-y-puntos-verdes\/\">Gesti\u00f3n de desecher\u00edas y puntos verdes<\/a><\/li>\n\t<li class=\"menu-item menu-item-type-post_type menu-item-object-page menu-item-47868\"><a href=\"https:\/\/fundaciotallers.org\/es\/externalizacion-procesos-administrativos\/\">Servicio de gesti\u00f3n documental<\/a><\/li>\n<\/ul>\n<\/li>\n<li class=\"menu-item menu-item-type-post_type menu-item-object-page menu-item-47869\"><a href=\"https:\/\/fundaciotallers.org\/es\/trabaja-con-nosotros\/\">Trabaja con nosotros<\/a><\/li>\n<li class=\"menu-item menu-item-type-custom menu-item-object-custom menu-item-47870\"><a target=\"_blank\" href=\"https:\/\/www.pereclaver.org\/voluntariat\/\">Voluntariado<\/a><\/li>\n<li class=\"menu-item menu-item-type-post_type menu-item-object-page menu-item-47871\"><a href=\"https:\/\/fundaciotallers.org\/es\/noticias\/\">Blog<\/a><\/li>\n<li class=\"menu-item menu-item-type-post_type menu-item-object-page menu-item-47872\"><a href=\"https:\/\/fundaciotallers.org\/es\/contacto\/\">Contacto<\/a><\/li>\n<\/ul>                <button class=\"eael-simple-menu-toggle\">\n                    <span class=\"sr-only \">Men\u00fa conmutador hamburguesa<\/span>\n                    <i aria-hidden=\"true\" class=\"fas fa-bars\"><\/i>                <\/button>\n            <\/div>\n            \t\t\t\t<\/div>\n\t\t\t\t<\/div>\n\t\t\t\t\t<\/div>\n\t\t<\/div>\n\t\t\t\t\t<\/div>\n\t\t<\/section>\n\t\t\t\t<section class=\"elementor-section elementor-top-section elementor-element elementor-element-e273cf6 elementor-section-full_width elementor-hidden-mobile elementor-section-height-default elementor-section-height-default\" data-id=\"e273cf6\" data-element_type=\"section\" data-e-type=\"section\">\n\t\t\t\t\t\t<div class=\"elementor-container elementor-column-gap-no\">\n\t\t\t\t\t<div class=\"elementor-column elementor-col-33 elementor-top-column elementor-element elementor-element-43653c4\" data-id=\"43653c4\" data-element_type=\"column\" data-e-type=\"column\" data-settings=\"{&quot;background_background&quot;:&quot;classic&quot;}\">\n\t\t\t<div class=\"elementor-widget-wrap\">\n\t\t\t\t\t\t\t<\/div>\n\t\t<\/div>\n\t\t\t\t<div class=\"elementor-column elementor-col-33 elementor-top-column elementor-element elementor-element-736bc98\" data-id=\"736bc98\" data-element_type=\"column\" data-e-type=\"column\" data-settings=\"{&quot;background_background&quot;:&quot;classic&quot;}\">\n\t\t\t<div class=\"elementor-widget-wrap elementor-element-populated\">\n\t\t\t\t\t\t<div class=\"elementor-element elementor-element-489e141 elementor-widget elementor-widget-heading\" data-id=\"489e141\" data-element_type=\"widget\" data-e-type=\"widget\" data-widget_type=\"heading.default\">\n\t\t\t\t<div class=\"elementor-widget-container\">\n\t\t\t\t\t<h2 class=\"elementor-heading-title elementor-size-default\">Servicios para las personas<\/h2>\t\t\t\t<\/div>\n\t\t\t\t<\/div>\n\t\t\t\t<div class=\"elementor-element elementor-element-70d7f29 elementor-widget elementor-widget-text-editor\" data-id=\"70d7f29\" data-element_type=\"widget\" data-e-type=\"widget\" data-widget_type=\"text-editor.default\">\n\t\t\t\t<div class=\"elementor-widget-container\">\n\t\t\t\t\t\t\t\t\t<p><strong>Acompa\u00f1amos a personas con discapacidad intelectual, problemas de salud mental y\/o en riesgo de exclusi\u00f3n en su proyecto de vida<\/strong>, creando itinerarios de inclusi\u00f3n laboral, formaci\u00f3n y participaci\u00f3n social.<\/p>\t\t\t\t\t\t\t\t<\/div>\n\t\t\t\t<\/div>\n\t\t\t\t\t<\/div>\n\t\t<\/div>\n\t\t\t\t<div class=\"elementor-column elementor-col-33 elementor-top-column elementor-element elementor-element-78dd56d\" data-id=\"78dd56d\" data-element_type=\"column\" data-e-type=\"column\" data-settings=\"{&quot;background_background&quot;:&quot;classic&quot;}\">\n\t\t\t<div class=\"elementor-widget-wrap\">\n\t\t\t\t\t\t\t<\/div>\n\t\t<\/div>\n\t\t\t\t\t<\/div>\n\t\t<\/section>\n\t\t\t\t<section class=\"elementor-section elementor-top-section elementor-element elementor-element-5057b9b elementor-hidden-desktop elementor-hidden-tablet elementor-section-boxed elementor-section-height-default elementor-section-height-default\" data-id=\"5057b9b\" data-element_type=\"section\" data-e-type=\"section\" data-settings=\"{&quot;background_background&quot;:&quot;classic&quot;}\">\n\t\t\t\t\t\t<div class=\"elementor-container elementor-column-gap-default\">\n\t\t\t\t\t<div class=\"elementor-column elementor-col-100 elementor-top-column elementor-element elementor-element-79196d6\" data-id=\"79196d6\" data-element_type=\"column\" data-e-type=\"column\">\n\t\t\t<div class=\"elementor-widget-wrap elementor-element-populated\">\n\t\t\t\t\t\t<div class=\"elementor-element elementor-element-c5691d9 elementor-widget elementor-widget-heading\" data-id=\"c5691d9\" data-element_type=\"widget\" data-e-type=\"widget\" data-widget_type=\"heading.default\">\n\t\t\t\t<div class=\"elementor-widget-container\">\n\t\t\t\t\t<h2 class=\"elementor-heading-title elementor-size-default\">Serveis per a les persones<\/h2>\t\t\t\t<\/div>\n\t\t\t\t<\/div>\n\t\t\t\t<div class=\"elementor-element elementor-element-68f1d46 elementor-widget elementor-widget-text-editor\" data-id=\"68f1d46\" data-element_type=\"widget\" data-e-type=\"widget\" data-widget_type=\"text-editor.default\">\n\t\t\t\t<div class=\"elementor-widget-container\">\n\t\t\t\t\t\t\t\t\t<p><strong>Acompanyem persones amb discapacitat intel\u00b7lectual i\/o problemes de salut mental en el seu projecte de vida<\/strong>, creant itineraris d\u2019inclusi\u00f3 laboral, formaci\u00f3 i participaci\u00f3 social.<\/p>\t\t\t\t\t\t\t\t<\/div>\n\t\t\t\t<\/div>\n\t\t\t\t<div class=\"elementor-element elementor-element-07ffa91 elementor-widget elementor-widget-image\" data-id=\"07ffa91\" data-element_type=\"widget\" data-e-type=\"widget\" data-widget_type=\"image.default\">\n\t\t\t\t<div class=\"elementor-widget-container\">\n\t\t\t\t\t\t\t\t\t\t\t\t\t\t\t<img decoding=\"async\" width=\"1024\" height=\"625\" src=\"https:\/\/fundaciotallers.org\/wp-content\/uploads\/2025\/07\/persones-1024x625.jpg\" class=\"attachment-large size-large wp-image-44409\" alt=\"\" srcset=\"https:\/\/fundaciotallers.org\/wp-content\/uploads\/2025\/07\/persones-1024x625.jpg 1024w, https:\/\/fundaciotallers.org\/wp-content\/uploads\/2025\/07\/persones-300x183.jpg 300w, https:\/\/fundaciotallers.org\/wp-content\/uploads\/2025\/07\/persones-768x469.jpg 768w, https:\/\/fundaciotallers.org\/wp-content\/uploads\/2025\/07\/persones-1536x938.jpg 1536w, https:\/\/fundaciotallers.org\/wp-content\/uploads\/2025\/07\/persones-2048x1251.jpg 2048w\" sizes=\"(max-width: 1024px) 100vw, 1024px\" \/>\t\t\t\t\t\t\t\t\t\t\t\t\t\t\t<\/div>\n\t\t\t\t<\/div>\n\t\t\t\t\t<\/div>\n\t\t<\/div>\n\t\t\t\t\t<\/div>\n\t\t<\/section>\n\t\t\t\t<section class=\"elementor-section elementor-top-section elementor-element elementor-element-b141dee elementor-section-boxed elementor-section-height-default elementor-section-height-default\" data-id=\"b141dee\" data-element_type=\"section\" data-e-type=\"section\">\n\t\t\t\t\t\t<div class=\"elementor-container elementor-column-gap-default\">\n\t\t\t\t\t<div class=\"elementor-column elementor-col-100 elementor-top-column elementor-element elementor-element-b2808e3\" data-id=\"b2808e3\" data-element_type=\"column\" data-e-type=\"column\">\n\t\t\t<div class=\"elementor-widget-wrap elementor-element-populated\">\n\t\t\t\t\t\t<div class=\"elementor-element elementor-element-4092299 elementor-widget elementor-widget-text-editor\" data-id=\"4092299\" data-element_type=\"widget\" data-e-type=\"widget\" data-widget_type=\"text-editor.default\">\n\t\t\t\t<div class=\"elementor-widget-container\">\n\t\t\t\t\t\t\t\t\t<p>Creemos en una atenci\u00f3n centrada en la persona: <strong>ella es quien define su camino<\/strong>, con nuestro apoyo y en coordinaci\u00f3n con la comunidad, familias y entornos cercanos. Nos adaptamos a sus necesidades, deseos y ritmos, promoviendo la toma de decisiones, la autonom\u00eda y el bienestar emocional.<\/p><p>Trabajamos en red para garantizar <strong>soportes significativos, reales y sostenibles<\/strong>, que mejoren la calidad de vida y fomenten la inclusi\u00f3n activa en todos los \u00e1mbitos.<\/p>\t\t\t\t\t\t\t\t<\/div>\n\t\t\t\t<\/div>\n\t\t\t\t\t<\/div>\n\t\t<\/div>\n\t\t\t\t\t<\/div>\n\t\t<\/section>\n\t\t\t\t<section class=\"elementor-section elementor-top-section elementor-element elementor-element-4eacc81 elementor-section-boxed elementor-section-height-default elementor-section-height-default\" data-id=\"4eacc81\" data-element_type=\"section\" data-e-type=\"section\" data-settings=\"{&quot;background_background&quot;:&quot;classic&quot;}\">\n\t\t\t\t\t\t<div class=\"elementor-container elementor-column-gap-default\">\n\t\t\t\t\t<div class=\"elementor-column elementor-col-100 elementor-top-column elementor-element elementor-element-860ccbc\" data-id=\"860ccbc\" data-element_type=\"column\" data-e-type=\"column\">\n\t\t\t<div class=\"elementor-widget-wrap elementor-element-populated\">\n\t\t\t\t\t\t<div class=\"elementor-element elementor-element-d64ac43 elementor-widget-divider--view-line_text elementor-widget-divider--element-align-left elementor-widget elementor-widget-divider\" data-id=\"d64ac43\" data-element_type=\"widget\" data-e-type=\"widget\" data-widget_type=\"divider.default\">\n\t\t\t\t<div class=\"elementor-widget-container\">\n\t\t\t\t\t\t\t<div class=\"elementor-divider\">\n\t\t\t<span class=\"elementor-divider-separator\">\n\t\t\t\t\t\t\t<span class=\"elementor-divider__text elementor-divider__element\">\n\t\t\t\t\u00bfQu\u00e9 ofrecemos a las personas?\t\t\t\t<\/span>\n\t\t\t\t\t\t<\/span>\n\t\t<\/div>\n\t\t\t\t\t\t<\/div>\n\t\t\t\t<\/div>\n\t\t\t\t\t<\/div>\n\t\t<\/div>\n\t\t\t\t\t<\/div>\n\t\t<\/section>\n\t\t\t\t<section class=\"elementor-section elementor-top-section elementor-element elementor-element-a653da7 elementor-hidden-mobile elementor-section-boxed elementor-section-height-default elementor-section-height-default\" data-id=\"a653da7\" data-element_type=\"section\" data-e-type=\"section\" data-settings=\"{&quot;background_background&quot;:&quot;classic&quot;}\">\n\t\t\t\t\t\t<div class=\"elementor-container elementor-column-gap-default\">\n\t\t\t\t\t<div class=\"elementor-column elementor-col-50 elementor-top-column elementor-element elementor-element-02c18a5\" data-id=\"02c18a5\" data-element_type=\"column\" data-e-type=\"column\">\n\t\t\t<div class=\"elementor-widget-wrap elementor-element-populated\">\n\t\t\t\t\t\t<div class=\"elementor-element elementor-element-7f3caff elementor-widget elementor-widget-heading\" data-id=\"7f3caff\" data-element_type=\"widget\" data-e-type=\"widget\" data-widget_type=\"heading.default\">\n\t\t\t\t<div class=\"elementor-widget-container\">\n\t\t\t\t\t<h2 class=\"elementor-heading-title elementor-size-default\">Servicio de formaci\u00f3n ocupacional<\/h2>\t\t\t\t<\/div>\n\t\t\t\t<\/div>\n\t\t\t\t<div class=\"elementor-element elementor-element-e578da7 elementor-widget-divider--view-line elementor-widget elementor-widget-divider\" data-id=\"e578da7\" data-element_type=\"widget\" data-e-type=\"widget\" data-widget_type=\"divider.default\">\n\t\t\t\t<div class=\"elementor-widget-container\">\n\t\t\t\t\t\t\t<div class=\"elementor-divider\">\n\t\t\t<span class=\"elementor-divider-separator\">\n\t\t\t\t\t\t<\/span>\n\t\t<\/div>\n\t\t\t\t\t\t<\/div>\n\t\t\t\t<\/div>\n\t\t\t\t<div class=\"elementor-element elementor-element-a6a9638 elementor-widget elementor-widget-text-editor\" data-id=\"a6a9638\" data-element_type=\"widget\" data-e-type=\"widget\" data-widget_type=\"text-editor.default\">\n\t\t\t\t<div class=\"elementor-widget-container\">\n\t\t\t\t\t\t\t\t\t<p>Proyecto de inserci\u00f3n sociolaboral Singulars que ofrece <strong>formaci\u00f3n con pr\u00e1cticas, orientaci\u00f3n personalizada, soporte emocional y contrataci\u00f3n durante el proceso formativo.<\/strong> Trabajamos en red y organizamos actividades para fortalecer el v\u00ednculo con el mundo laboral y la comunidad.<\/p>\t\t\t\t\t\t\t\t<\/div>\n\t\t\t\t<\/div>\n\t\t\t\t<div class=\"elementor-element elementor-element-fdf428d elementor-widget elementor-widget-button\" data-id=\"fdf428d\" data-element_type=\"widget\" data-e-type=\"widget\" data-widget_type=\"button.default\">\n\t\t\t\t<div class=\"elementor-widget-container\">\n\t\t\t\t\t\t\t\t\t<div class=\"elementor-button-wrapper\">\n\t\t\t\t\t<a class=\"elementor-button elementor-button-link elementor-size-sm\" href=\"https:\/\/fundaciotallers.org\/es\/servicio-formacion-ocupacional\/\">\n\t\t\t\t\t\t<span class=\"elementor-button-content-wrapper\">\n\t\t\t\t\t\t\t\t\t<span class=\"elementor-button-text\">M\u00e1s informaci\u00f3n<\/span>\n\t\t\t\t\t<\/span>\n\t\t\t\t\t<\/a>\n\t\t\t\t<\/div>\n\t\t\t\t\t\t\t\t<\/div>\n\t\t\t\t<\/div>\n\t\t\t\t\t<\/div>\n\t\t<\/div>\n\t\t\t\t<div class=\"elementor-column elementor-col-50 elementor-top-column elementor-element elementor-element-2fb6bfa\" data-id=\"2fb6bfa\" data-element_type=\"column\" data-e-type=\"column\">\n\t\t\t<div class=\"elementor-widget-wrap elementor-element-populated\">\n\t\t\t\t\t\t<div class=\"elementor-element elementor-element-bc55716 elementor-widget elementor-widget-image\" data-id=\"bc55716\" data-element_type=\"widget\" data-e-type=\"widget\" data-widget_type=\"image.default\">\n\t\t\t\t<div class=\"elementor-widget-container\">\n\t\t\t\t\t\t\t\t\t\t\t\t\t\t\t<img decoding=\"async\" width=\"500\" height=\"500\" src=\"https:\/\/fundaciotallers.org\/wp-content\/uploads\/2025\/07\/formacio.png\" class=\"attachment-large size-large wp-image-44959\" alt=\"\" srcset=\"https:\/\/fundaciotallers.org\/wp-content\/uploads\/2025\/07\/formacio.png 500w, https:\/\/fundaciotallers.org\/wp-content\/uploads\/2025\/07\/formacio-300x300.png 300w, https:\/\/fundaciotallers.org\/wp-content\/uploads\/2025\/07\/formacio-150x150.png 150w\" sizes=\"(max-width: 500px) 100vw, 500px\" \/>\t\t\t\t\t\t\t\t\t\t\t\t\t\t\t<\/div>\n\t\t\t\t<\/div>\n\t\t\t\t\t<\/div>\n\t\t<\/div>\n\t\t\t\t\t<\/div>\n\t\t<\/section>\n\t\t\t\t<section class=\"elementor-section elementor-top-section elementor-element elementor-element-0fc7c00 elementor-hidden-desktop elementor-hidden-tablet elementor-section-boxed elementor-section-height-default elementor-section-height-default\" data-id=\"0fc7c00\" data-element_type=\"section\" data-e-type=\"section\">\n\t\t\t\t\t\t<div class=\"elementor-container elementor-column-gap-default\">\n\t\t\t\t\t<div class=\"elementor-column elementor-col-100 elementor-top-column elementor-element elementor-element-3f42e3a\" data-id=\"3f42e3a\" data-element_type=\"column\" data-e-type=\"column\">\n\t\t\t<div class=\"elementor-widget-wrap elementor-element-populated\">\n\t\t\t\t\t\t<div class=\"elementor-element elementor-element-f6d4f88 elementor-widget elementor-widget-image\" data-id=\"f6d4f88\" data-element_type=\"widget\" data-e-type=\"widget\" data-widget_type=\"image.default\">\n\t\t\t\t<div class=\"elementor-widget-container\">\n\t\t\t\t\t\t\t\t\t\t\t\t\t\t\t<img decoding=\"async\" width=\"500\" height=\"500\" src=\"https:\/\/fundaciotallers.org\/wp-content\/uploads\/2025\/07\/formacio.png\" class=\"attachment-large size-large wp-image-44959\" alt=\"\" srcset=\"https:\/\/fundaciotallers.org\/wp-content\/uploads\/2025\/07\/formacio.png 500w, https:\/\/fundaciotallers.org\/wp-content\/uploads\/2025\/07\/formacio-300x300.png 300w, https:\/\/fundaciotallers.org\/wp-content\/uploads\/2025\/07\/formacio-150x150.png 150w\" sizes=\"(max-width: 500px) 100vw, 500px\" \/>\t\t\t\t\t\t\t\t\t\t\t\t\t\t\t<\/div>\n\t\t\t\t<\/div>\n\t\t\t\t<div class=\"elementor-element elementor-element-8f17432 elementor-widget elementor-widget-heading\" data-id=\"8f17432\" data-element_type=\"widget\" data-e-type=\"widget\" data-widget_type=\"heading.default\">\n\t\t\t\t<div class=\"elementor-widget-container\">\n\t\t\t\t\t<h2 class=\"elementor-heading-title elementor-size-default\">Servei de formaci\u00f3 ocupacional<\/h2>\t\t\t\t<\/div>\n\t\t\t\t<\/div>\n\t\t\t\t<div class=\"elementor-element elementor-element-1b63057 elementor-widget-divider--view-line elementor-widget elementor-widget-divider\" data-id=\"1b63057\" data-element_type=\"widget\" data-e-type=\"widget\" data-widget_type=\"divider.default\">\n\t\t\t\t<div class=\"elementor-widget-container\">\n\t\t\t\t\t\t\t<div class=\"elementor-divider\">\n\t\t\t<span class=\"elementor-divider-separator\">\n\t\t\t\t\t\t<\/span>\n\t\t<\/div>\n\t\t\t\t\t\t<\/div>\n\t\t\t\t<\/div>\n\t\t\t\t<div class=\"elementor-element elementor-element-332646f elementor-widget elementor-widget-text-editor\" data-id=\"332646f\" data-element_type=\"widget\" data-e-type=\"widget\" data-widget_type=\"text-editor.default\">\n\t\t\t\t<div class=\"elementor-widget-container\">\n\t\t\t\t\t\t\t\t\t<p>Projecte d\u2019inserci\u00f3 sociolaboral Singulars que ofereix <strong>formaci\u00f3 amb pr\u00e0ctiques, orientaci\u00f3 personalitzada, suport emocional i contractaci\u00f3 durant el proc\u00e9s formatiu<\/strong>. Treballem en xarxa i organitzem activitats per enfortir el vincle amb el m\u00f3n laboral i la comunitat.<\/p>\t\t\t\t\t\t\t\t<\/div>\n\t\t\t\t<\/div>\n\t\t\t\t<div class=\"elementor-element elementor-element-297a8b4 elementor-widget elementor-widget-button\" data-id=\"297a8b4\" data-element_type=\"widget\" data-e-type=\"widget\" data-widget_type=\"button.default\">\n\t\t\t\t<div class=\"elementor-widget-container\">\n\t\t\t\t\t\t\t\t\t<div class=\"elementor-button-wrapper\">\n\t\t\t\t\t<a class=\"elementor-button elementor-button-link elementor-size-sm\" href=\"#\">\n\t\t\t\t\t\t<span class=\"elementor-button-content-wrapper\">\n\t\t\t\t\t\t\t\t\t<span class=\"elementor-button-text\">M\u00e9s informaci\u00f3<\/span>\n\t\t\t\t\t<\/span>\n\t\t\t\t\t<\/a>\n\t\t\t\t<\/div>\n\t\t\t\t\t\t\t\t<\/div>\n\t\t\t\t<\/div>\n\t\t\t\t\t<\/div>\n\t\t<\/div>\n\t\t\t\t\t<\/div>\n\t\t<\/section>\n\t\t\t\t<section class=\"elementor-section elementor-top-section elementor-element elementor-element-3ac8735 elementor-hidden-mobile elementor-section-boxed elementor-section-height-default elementor-section-height-default\" data-id=\"3ac8735\" data-element_type=\"section\" data-e-type=\"section\">\n\t\t\t\t\t\t<div class=\"elementor-container elementor-column-gap-default\">\n\t\t\t\t\t<div class=\"elementor-column elementor-col-50 elementor-top-column elementor-element elementor-element-c6ce07c\" data-id=\"c6ce07c\" data-element_type=\"column\" data-e-type=\"column\">\n\t\t\t<div class=\"elementor-widget-wrap elementor-element-populated\">\n\t\t\t\t\t\t<div class=\"elementor-element elementor-element-a70b12d elementor-pagination-position-outside elementor-widget elementor-widget-image-carousel\" data-id=\"a70b12d\" data-element_type=\"widget\" data-e-type=\"widget\" data-settings=\"{&quot;slides_to_show&quot;:&quot;1&quot;,&quot;navigation&quot;:&quot;dots&quot;,&quot;autoplay&quot;:&quot;yes&quot;,&quot;pause_on_hover&quot;:&quot;yes&quot;,&quot;pause_on_interaction&quot;:&quot;yes&quot;,&quot;autoplay_speed&quot;:5000,&quot;infinite&quot;:&quot;yes&quot;,&quot;effect&quot;:&quot;slide&quot;,&quot;speed&quot;:500}\" data-widget_type=\"image-carousel.default\">\n\t\t\t\t<div class=\"elementor-widget-container\">\n\t\t\t\t\t\t\t<div class=\"elementor-image-carousel-wrapper swiper\" role=\"region\" aria-roledescription=\"carousel\" aria-label=\"Carrusel d&#039;imatges\" dir=\"ltr\">\n\t\t\t<div class=\"elementor-image-carousel swiper-wrapper\" aria-live=\"off\">\n\t\t\t\t\t\t\t\t<div class=\"swiper-slide\" role=\"group\" aria-roledescription=\"slide\" aria-label=\"1 de 4\"><figure class=\"swiper-slide-inner\"><img decoding=\"async\" class=\"swiper-slide-image\" src=\"https:\/\/fundaciotallers.org\/wp-content\/uploads\/2025\/07\/ofisfera-298x300.png\" alt=\"Centre Especial de Treball\" \/><\/figure><\/div><div class=\"swiper-slide\" role=\"group\" aria-roledescription=\"slide\" aria-label=\"2 de 4\"><figure class=\"swiper-slide-inner\"><img decoding=\"async\" class=\"swiper-slide-image\" src=\"https:\/\/fundaciotallers.org\/wp-content\/uploads\/2025\/07\/jardineria-300x300.png\" alt=\"Centre Especial de Treball\" \/><\/figure><\/div><div class=\"swiper-slide\" role=\"group\" aria-roledescription=\"slide\" aria-label=\"3 de 4\"><figure class=\"swiper-slide-inner\"><img decoding=\"async\" class=\"swiper-slide-image\" src=\"https:\/\/fundaciotallers.org\/wp-content\/uploads\/2025\/07\/tactil-297x300.png\" alt=\"Centre Especial de Treball\" \/><\/figure><\/div><div class=\"swiper-slide\" role=\"group\" aria-roledescription=\"slide\" aria-label=\"4 de 4\"><figure class=\"swiper-slide-inner\"><img decoding=\"async\" class=\"swiper-slide-image\" src=\"https:\/\/fundaciotallers.org\/wp-content\/uploads\/2025\/07\/neteja-300x300.png\" alt=\"Centre Especial de Treball\" \/><\/figure><\/div>\t\t\t<\/div>\n\t\t\t\t\t\t\t\n\t\t\t\t\t\t\t\t\t<div class=\"swiper-pagination\"><\/div>\n\t\t\t\t\t\t\t\t\t<\/div>\n\t\t\t\t\t\t<\/div>\n\t\t\t\t<\/div>\n\t\t\t\t\t<\/div>\n\t\t<\/div>\n\t\t\t\t<div class=\"elementor-column elementor-col-50 elementor-top-column elementor-element elementor-element-8979b61\" data-id=\"8979b61\" data-element_type=\"column\" data-e-type=\"column\">\n\t\t\t<div class=\"elementor-widget-wrap elementor-element-populated\">\n\t\t\t\t\t\t<div class=\"elementor-element elementor-element-ae3428a elementor-widget elementor-widget-heading\" data-id=\"ae3428a\" data-element_type=\"widget\" data-e-type=\"widget\" data-widget_type=\"heading.default\">\n\t\t\t\t<div class=\"elementor-widget-container\">\n\t\t\t\t\t<h2 class=\"elementor-heading-title elementor-size-default\">Centro Especial de Trabajo (CET)<\/h2>\t\t\t\t<\/div>\n\t\t\t\t<\/div>\n\t\t\t\t<div class=\"elementor-element elementor-element-7e94da3 elementor-widget-divider--view-line elementor-widget elementor-widget-divider\" data-id=\"7e94da3\" data-element_type=\"widget\" data-e-type=\"widget\" data-widget_type=\"divider.default\">\n\t\t\t\t<div class=\"elementor-widget-container\">\n\t\t\t\t\t\t\t<div class=\"elementor-divider\">\n\t\t\t<span class=\"elementor-divider-separator\">\n\t\t\t\t\t\t<\/span>\n\t\t<\/div>\n\t\t\t\t\t\t<\/div>\n\t\t\t\t<\/div>\n\t\t\t\t<div class=\"elementor-element elementor-element-77c4b63 elementor-widget elementor-widget-text-editor\" data-id=\"77c4b63\" data-element_type=\"widget\" data-e-type=\"widget\" data-widget_type=\"text-editor.default\">\n\t\t\t\t<div class=\"elementor-widget-container\">\n\t\t\t\t\t\t\t\t\t<p>Espacio de trabajo protegido donde ofrecemos empleo remunerado y soportes personalizados a personas con discapacidad. Dentro del CET desarrollamos diversas actividades profesionales:<\/p>\t\t\t\t\t\t\t\t<\/div>\n\t\t\t\t<\/div>\n\t\t\t\t<section class=\"elementor-section elementor-inner-section elementor-element elementor-element-d4b22cf elementor-section-boxed elementor-section-height-default elementor-section-height-default\" data-id=\"d4b22cf\" data-element_type=\"section\" data-e-type=\"section\">\n\t\t\t\t\t\t<div class=\"elementor-container elementor-column-gap-default\">\n\t\t\t\t\t<div class=\"elementor-column elementor-col-50 elementor-inner-column elementor-element elementor-element-4db3e6f\" data-id=\"4db3e6f\" data-element_type=\"column\" data-e-type=\"column\">\n\t\t\t<div class=\"elementor-widget-wrap elementor-element-populated\">\n\t\t\t\t\t\t<div class=\"elementor-element elementor-element-44dbb2e elementor-view-default elementor-widget elementor-widget-icon\" data-id=\"44dbb2e\" data-element_type=\"widget\" data-e-type=\"widget\" data-widget_type=\"icon.default\">\n\t\t\t\t<div class=\"elementor-widget-container\">\n\t\t\t\t\t\t\t<div class=\"elementor-icon-wrapper\">\n\t\t\t<div class=\"elementor-icon\">\n\t\t\t<i aria-hidden=\"true\" class=\"fas fa-angle-double-right\"><\/i>\t\t\t<\/div>\n\t\t<\/div>\n\t\t\t\t\t\t<\/div>\n\t\t\t\t<\/div>\n\t\t\t\t\t<\/div>\n\t\t<\/div>\n\t\t\t\t<div class=\"elementor-column elementor-col-50 elementor-inner-column elementor-element elementor-element-9b3fc7f\" data-id=\"9b3fc7f\" data-element_type=\"column\" data-e-type=\"column\">\n\t\t\t<div class=\"elementor-widget-wrap elementor-element-populated\">\n\t\t\t\t\t\t<div class=\"elementor-element elementor-element-f7ec460 elementor-widget elementor-widget-text-editor\" data-id=\"f7ec460\" data-element_type=\"widget\" data-e-type=\"widget\" data-widget_type=\"text-editor.default\">\n\t\t\t\t<div class=\"elementor-widget-container\">\n\t\t\t\t\t\t\t\t\t<p class=\"p1\"><span class=\"s1\"><b><a style=\"color: #ff5c35;\" href=\"https:\/\/www.ofisfera.org\/\" target=\"_blank\" rel=\"noopener\"><span style=\"text-decoration: underline;\">Ofisfera<\/span><\/a><br \/><\/b>Servicios de reprograf\u00eda, digitalizaci\u00f3n, administraci\u00f3n y labores de oficina.<br \/><\/span><\/p>\t\t\t\t\t\t\t\t<\/div>\n\t\t\t\t<\/div>\n\t\t\t\t\t<\/div>\n\t\t<\/div>\n\t\t\t\t\t<\/div>\n\t\t<\/section>\n\t\t\t\t<section class=\"elementor-section elementor-inner-section elementor-element elementor-element-dbd20e4 elementor-section-boxed elementor-section-height-default elementor-section-height-default\" data-id=\"dbd20e4\" data-element_type=\"section\" data-e-type=\"section\">\n\t\t\t\t\t\t<div class=\"elementor-container elementor-column-gap-default\">\n\t\t\t\t\t<div class=\"elementor-column elementor-col-50 elementor-inner-column elementor-element elementor-element-0a12806\" data-id=\"0a12806\" data-element_type=\"column\" data-e-type=\"column\">\n\t\t\t<div class=\"elementor-widget-wrap elementor-element-populated\">\n\t\t\t\t\t\t<div class=\"elementor-element elementor-element-8c311dc elementor-view-default elementor-widget elementor-widget-icon\" data-id=\"8c311dc\" data-element_type=\"widget\" data-e-type=\"widget\" data-widget_type=\"icon.default\">\n\t\t\t\t<div class=\"elementor-widget-container\">\n\t\t\t\t\t\t\t<div class=\"elementor-icon-wrapper\">\n\t\t\t<div class=\"elementor-icon\">\n\t\t\t<i aria-hidden=\"true\" class=\"fas fa-angle-double-right\"><\/i>\t\t\t<\/div>\n\t\t<\/div>\n\t\t\t\t\t\t<\/div>\n\t\t\t\t<\/div>\n\t\t\t\t\t<\/div>\n\t\t<\/div>\n\t\t\t\t<div class=\"elementor-column elementor-col-50 elementor-inner-column elementor-element elementor-element-30e5732\" data-id=\"30e5732\" data-element_type=\"column\" data-e-type=\"column\">\n\t\t\t<div class=\"elementor-widget-wrap elementor-element-populated\">\n\t\t\t\t\t\t<div class=\"elementor-element elementor-element-60ae34c elementor-widget elementor-widget-text-editor\" data-id=\"60ae34c\" data-element_type=\"widget\" data-e-type=\"widget\" data-widget_type=\"text-editor.default\">\n\t\t\t\t<div class=\"elementor-widget-container\">\n\t\t\t\t\t\t\t\t\t<p class=\"p1\"><span class=\"s1\"><b><span style=\"text-decoration: underline;\"><a style=\"color: #ff5c35; text-decoration: underline;\" href=\"https:\/\/fundaciotallers.org\/es\/projectes\/servicios-industriales\/\">Serveis de manipulat industrial<\/a><\/span><br \/><\/b>Manipulado, envasado, etiquetado y montaje para empresas de distintos sectores.<br \/><\/span><\/p>\t\t\t\t\t\t\t\t<\/div>\n\t\t\t\t<\/div>\n\t\t\t\t\t<\/div>\n\t\t<\/div>\n\t\t\t\t\t<\/div>\n\t\t<\/section>\n\t\t\t\t<section class=\"elementor-section elementor-inner-section elementor-element elementor-element-bfdcee8 elementor-section-boxed elementor-section-height-default elementor-section-height-default\" data-id=\"bfdcee8\" data-element_type=\"section\" data-e-type=\"section\">\n\t\t\t\t\t\t<div class=\"elementor-container elementor-column-gap-default\">\n\t\t\t\t\t<div class=\"elementor-column elementor-col-50 elementor-inner-column elementor-element elementor-element-6934d76\" data-id=\"6934d76\" data-element_type=\"column\" data-e-type=\"column\">\n\t\t\t<div class=\"elementor-widget-wrap elementor-element-populated\">\n\t\t\t\t\t\t<div class=\"elementor-element elementor-element-aaffeaf elementor-view-default elementor-widget elementor-widget-icon\" data-id=\"aaffeaf\" data-element_type=\"widget\" data-e-type=\"widget\" data-widget_type=\"icon.default\">\n\t\t\t\t<div class=\"elementor-widget-container\">\n\t\t\t\t\t\t\t<div class=\"elementor-icon-wrapper\">\n\t\t\t<div class=\"elementor-icon\">\n\t\t\t<i aria-hidden=\"true\" class=\"fas fa-angle-double-right\"><\/i>\t\t\t<\/div>\n\t\t<\/div>\n\t\t\t\t\t\t<\/div>\n\t\t\t\t<\/div>\n\t\t\t\t\t<\/div>\n\t\t<\/div>\n\t\t\t\t<div class=\"elementor-column elementor-col-50 elementor-inner-column elementor-element elementor-element-fc121a7\" data-id=\"fc121a7\" data-element_type=\"column\" data-e-type=\"column\">\n\t\t\t<div class=\"elementor-widget-wrap elementor-element-populated\">\n\t\t\t\t\t\t<div class=\"elementor-element elementor-element-6687281 elementor-widget elementor-widget-text-editor\" data-id=\"6687281\" data-element_type=\"widget\" data-e-type=\"widget\" data-widget_type=\"text-editor.default\">\n\t\t\t\t<div class=\"elementor-widget-container\">\n\t\t\t\t\t\t\t\t\t<p class=\"p1\"><span class=\"s1\"><b><a style=\"color: #ff5c35;\" href=\"https:\/\/fundaciotallers.org\/es\/jardineria\/\"><span style=\"text-decoration: underline;\">Jardineria<\/span><\/a><br \/><\/b>Mantenimiento y conservaci\u00f3n de espacios verdes p\u00fablicos y privados, con equipos formados y supervisados.<br \/><\/span><\/p>\t\t\t\t\t\t\t\t<\/div>\n\t\t\t\t<\/div>\n\t\t\t\t\t<\/div>\n\t\t<\/div>\n\t\t\t\t\t<\/div>\n\t\t<\/section>\n\t\t\t\t<section class=\"elementor-section elementor-inner-section elementor-element elementor-element-6f7b172 elementor-section-boxed elementor-section-height-default elementor-section-height-default\" data-id=\"6f7b172\" data-element_type=\"section\" data-e-type=\"section\">\n\t\t\t\t\t\t<div class=\"elementor-container elementor-column-gap-default\">\n\t\t\t\t\t<div class=\"elementor-column elementor-col-50 elementor-inner-column elementor-element elementor-element-0aef970\" data-id=\"0aef970\" data-element_type=\"column\" data-e-type=\"column\">\n\t\t\t<div class=\"elementor-widget-wrap elementor-element-populated\">\n\t\t\t\t\t\t<div class=\"elementor-element elementor-element-bf474db elementor-view-default elementor-widget elementor-widget-icon\" data-id=\"bf474db\" data-element_type=\"widget\" data-e-type=\"widget\" data-widget_type=\"icon.default\">\n\t\t\t\t<div class=\"elementor-widget-container\">\n\t\t\t\t\t\t\t<div class=\"elementor-icon-wrapper\">\n\t\t\t<div class=\"elementor-icon\">\n\t\t\t<i aria-hidden=\"true\" class=\"fas fa-angle-double-right\"><\/i>\t\t\t<\/div>\n\t\t<\/div>\n\t\t\t\t\t\t<\/div>\n\t\t\t\t<\/div>\n\t\t\t\t\t<\/div>\n\t\t<\/div>\n\t\t\t\t<div class=\"elementor-column elementor-col-50 elementor-inner-column elementor-element elementor-element-a0fc262\" data-id=\"a0fc262\" data-element_type=\"column\" data-e-type=\"column\">\n\t\t\t<div class=\"elementor-widget-wrap elementor-element-populated\">\n\t\t\t\t\t\t<div class=\"elementor-element elementor-element-5a34dda elementor-widget elementor-widget-text-editor\" data-id=\"5a34dda\" data-element_type=\"widget\" data-e-type=\"widget\" data-widget_type=\"text-editor.default\">\n\t\t\t\t<div class=\"elementor-widget-container\">\n\t\t\t\t\t\t\t\t\t<p class=\"p1\"><span class=\"s1\"><b><span style=\"text-decoration: underline;\"><a style=\"color: #ff5c35; text-decoration: underline;\" href=\"https:\/\/fundaciotallers.org\/es\/servicios-limpieza\/\">Neteja d\u2019interiors i neteja vi\u00e0ria<\/a><\/span><br \/><\/b>Servicio de limpieza para empresas, entidades y administraciones con vocaci\u00f3n de calidad e inserci\u00f3n.<br \/><\/span><\/p>\t\t\t\t\t\t\t\t<\/div>\n\t\t\t\t<\/div>\n\t\t\t\t\t<\/div>\n\t\t<\/div>\n\t\t\t\t\t<\/div>\n\t\t<\/section>\n\t\t\t\t<section class=\"elementor-section elementor-inner-section elementor-element elementor-element-fcdf483 elementor-section-boxed elementor-section-height-default elementor-section-height-default\" data-id=\"fcdf483\" data-element_type=\"section\" data-e-type=\"section\">\n\t\t\t\t\t\t<div class=\"elementor-container elementor-column-gap-default\">\n\t\t\t\t\t<div class=\"elementor-column elementor-col-50 elementor-inner-column elementor-element elementor-element-566181a\" data-id=\"566181a\" data-element_type=\"column\" data-e-type=\"column\">\n\t\t\t<div class=\"elementor-widget-wrap elementor-element-populated\">\n\t\t\t\t\t\t<div class=\"elementor-element elementor-element-8d1e784 elementor-view-default elementor-widget elementor-widget-icon\" data-id=\"8d1e784\" data-element_type=\"widget\" data-e-type=\"widget\" data-widget_type=\"icon.default\">\n\t\t\t\t<div class=\"elementor-widget-container\">\n\t\t\t\t\t\t\t<div class=\"elementor-icon-wrapper\">\n\t\t\t<div class=\"elementor-icon\">\n\t\t\t<i aria-hidden=\"true\" class=\"fas fa-angle-double-right\"><\/i>\t\t\t<\/div>\n\t\t<\/div>\n\t\t\t\t\t\t<\/div>\n\t\t\t\t<\/div>\n\t\t\t\t\t<\/div>\n\t\t<\/div>\n\t\t\t\t<div class=\"elementor-column elementor-col-50 elementor-inner-column elementor-element elementor-element-80be40b\" data-id=\"80be40b\" data-element_type=\"column\" data-e-type=\"column\">\n\t\t\t<div class=\"elementor-widget-wrap elementor-element-populated\">\n\t\t\t\t\t\t<div class=\"elementor-element elementor-element-0b7bdf4 elementor-widget elementor-widget-text-editor\" data-id=\"0b7bdf4\" data-element_type=\"widget\" data-e-type=\"widget\" data-widget_type=\"text-editor.default\">\n\t\t\t\t<div class=\"elementor-widget-container\">\n\t\t\t\t\t\t\t\t\t<p class=\"p1\"><span class=\"s1\"><b><span style=\"text-decoration: underline;\"><a style=\"color: #ff5c35; text-decoration: underline;\" href=\"https:\/\/tactiltintoreries.org\/\" target=\"_blank\" rel=\"noopener\">T\u00e0ctil Tintorerias<\/a><\/span><br \/><\/b>Servicio de lavander\u00eda y tintorer\u00eda.<br \/><\/span><\/p>\t\t\t\t\t\t\t\t<\/div>\n\t\t\t\t<\/div>\n\t\t\t\t\t<\/div>\n\t\t<\/div>\n\t\t\t\t\t<\/div>\n\t\t<\/section>\n\t\t\t\t<section class=\"elementor-section elementor-inner-section elementor-element elementor-element-5602200 elementor-section-boxed elementor-section-height-default elementor-section-height-default\" data-id=\"5602200\" data-element_type=\"section\" data-e-type=\"section\">\n\t\t\t\t\t\t<div class=\"elementor-container elementor-column-gap-default\">\n\t\t\t\t\t<div class=\"elementor-column elementor-col-50 elementor-inner-column elementor-element elementor-element-3465b28\" data-id=\"3465b28\" data-element_type=\"column\" data-e-type=\"column\">\n\t\t\t<div class=\"elementor-widget-wrap\">\n\t\t\t\t\t\t\t<\/div>\n\t\t<\/div>\n\t\t\t\t<div class=\"elementor-column elementor-col-50 elementor-inner-column elementor-element elementor-element-a53b75a\" data-id=\"a53b75a\" data-element_type=\"column\" data-e-type=\"column\">\n\t\t\t<div class=\"elementor-widget-wrap elementor-element-populated\">\n\t\t\t\t\t\t<div class=\"elementor-element elementor-element-00a90d8 elementor-widget elementor-widget-button\" data-id=\"00a90d8\" data-element_type=\"widget\" data-e-type=\"widget\" data-widget_type=\"button.default\">\n\t\t\t\t<div class=\"elementor-widget-container\">\n\t\t\t\t\t\t\t\t\t<div class=\"elementor-button-wrapper\">\n\t\t\t\t\t<a class=\"elementor-button elementor-button-link elementor-size-sm\" href=\"https:\/\/fundaciotallers.org\/es\/ofertas-trabajo\/\">\n\t\t\t\t\t\t<span class=\"elementor-button-content-wrapper\">\n\t\t\t\t\t\t\t\t\t<span class=\"elementor-button-text\">\u00a1Consulta nuestras ofertas de trabajo!<\/span>\n\t\t\t\t\t<\/span>\n\t\t\t\t\t<\/a>\n\t\t\t\t<\/div>\n\t\t\t\t\t\t\t\t<\/div>\n\t\t\t\t<\/div>\n\t\t\t\t\t<\/div>\n\t\t<\/div>\n\t\t\t\t\t<\/div>\n\t\t<\/section>\n\t\t\t\t\t<\/div>\n\t\t<\/div>\n\t\t\t\t\t<\/div>\n\t\t<\/section>\n\t\t\t\t<section class=\"elementor-section elementor-top-section elementor-element elementor-element-3dd91c7 elementor-hidden-desktop elementor-hidden-tablet elementor-section-boxed elementor-section-height-default elementor-section-height-default\" data-id=\"3dd91c7\" data-element_type=\"section\" data-e-type=\"section\">\n\t\t\t\t\t\t<div class=\"elementor-container elementor-column-gap-default\">\n\t\t\t\t\t<div class=\"elementor-column elementor-col-100 elementor-top-column elementor-element elementor-element-05f23a1\" data-id=\"05f23a1\" data-element_type=\"column\" data-e-type=\"column\">\n\t\t\t<div class=\"elementor-widget-wrap elementor-element-populated\">\n\t\t\t\t\t\t<div class=\"elementor-element elementor-element-da4c87a elementor-pagination-position-outside elementor-widget elementor-widget-image-carousel\" data-id=\"da4c87a\" data-element_type=\"widget\" data-e-type=\"widget\" data-settings=\"{&quot;slides_to_show&quot;:&quot;1&quot;,&quot;navigation&quot;:&quot;dots&quot;,&quot;autoplay&quot;:&quot;yes&quot;,&quot;pause_on_hover&quot;:&quot;yes&quot;,&quot;pause_on_interaction&quot;:&quot;yes&quot;,&quot;autoplay_speed&quot;:5000,&quot;infinite&quot;:&quot;yes&quot;,&quot;effect&quot;:&quot;slide&quot;,&quot;speed&quot;:500}\" data-widget_type=\"image-carousel.default\">\n\t\t\t\t<div class=\"elementor-widget-container\">\n\t\t\t\t\t\t\t<div class=\"elementor-image-carousel-wrapper swiper\" role=\"region\" aria-roledescription=\"carousel\" aria-label=\"Carrusel d&#039;imatges\" dir=\"ltr\">\n\t\t\t<div class=\"elementor-image-carousel swiper-wrapper\" aria-live=\"off\">\n\t\t\t\t\t\t\t\t<div class=\"swiper-slide\" role=\"group\" aria-roledescription=\"slide\" aria-label=\"1 de 4\"><figure class=\"swiper-slide-inner\"><img decoding=\"async\" class=\"swiper-slide-image\" src=\"https:\/\/fundaciotallers.org\/wp-content\/uploads\/elementor\/thumbs\/ofisfera-r9h4jnp45ejk02lk9i6hjjn5oq2ck4ekqqf22wnhfk.png\" alt=\"Centre Especial de Treball\" \/><\/figure><\/div><div class=\"swiper-slide\" role=\"group\" aria-roledescription=\"slide\" aria-label=\"2 de 4\"><figure class=\"swiper-slide-inner\"><img decoding=\"async\" class=\"swiper-slide-image\" src=\"https:\/\/fundaciotallers.org\/wp-content\/uploads\/elementor\/thumbs\/jardineria-r9h4jmr9yki9ogmxezruz1vp3c6zcfauelrklmovls.png\" alt=\"Centre Especial de Treball\" \/><\/figure><\/div><div class=\"swiper-slide\" role=\"group\" aria-roledescription=\"slide\" aria-label=\"3 de 4\"><figure class=\"swiper-slide-inner\"><img decoding=\"async\" class=\"swiper-slide-image\" src=\"https:\/\/fundaciotallers.org\/wp-content\/uploads\/elementor\/thumbs\/tactil-r9h4jkvlkwfp18pnpyylu2crwkg8x13dqcgln2rny8.png\" alt=\"Centre Especial de Treball\" \/><\/figure><\/div><div class=\"swiper-slide\" role=\"group\" aria-roledescription=\"slide\" aria-label=\"4 de 4\"><figure class=\"swiper-slide-inner\"><img decoding=\"async\" class=\"swiper-slide-image\" src=\"https:\/\/fundaciotallers.org\/wp-content\/uploads\/elementor\/thumbs\/neteja-r9h4jjxre2eepmr0vgjz9klbb6kvpbzne7t45st24g.png\" alt=\"Centre Especial de Treball\" \/><\/figure><\/div>\t\t\t<\/div>\n\t\t\t\t\t\t\t\n\t\t\t\t\t\t\t\t\t<div class=\"swiper-pagination\"><\/div>\n\t\t\t\t\t\t\t\t\t<\/div>\n\t\t\t\t\t\t<\/div>\n\t\t\t\t<\/div>\n\t\t\t\t<div class=\"elementor-element elementor-element-7190638 elementor-widget elementor-widget-heading\" data-id=\"7190638\" data-element_type=\"widget\" data-e-type=\"widget\" data-widget_type=\"heading.default\">\n\t\t\t\t<div class=\"elementor-widget-container\">\n\t\t\t\t\t<h2 class=\"elementor-heading-title elementor-size-default\">Centre Especial de Treball (CET)<\/h2>\t\t\t\t<\/div>\n\t\t\t\t<\/div>\n\t\t\t\t<div class=\"elementor-element elementor-element-1c4333b elementor-widget-divider--view-line elementor-widget elementor-widget-divider\" data-id=\"1c4333b\" data-element_type=\"widget\" data-e-type=\"widget\" data-widget_type=\"divider.default\">\n\t\t\t\t<div class=\"elementor-widget-container\">\n\t\t\t\t\t\t\t<div class=\"elementor-divider\">\n\t\t\t<span class=\"elementor-divider-separator\">\n\t\t\t\t\t\t<\/span>\n\t\t<\/div>\n\t\t\t\t\t\t<\/div>\n\t\t\t\t<\/div>\n\t\t\t\t<div class=\"elementor-element elementor-element-53f1847 elementor-widget elementor-widget-text-editor\" data-id=\"53f1847\" data-element_type=\"widget\" data-e-type=\"widget\" data-widget_type=\"text-editor.default\">\n\t\t\t\t<div class=\"elementor-widget-container\">\n\t\t\t\t\t\t\t\t\t<p>Espai de treball protegit on oferim ocupaci\u00f3 remunerada i suports personalitzats a persones amb discapacitat. Dins del CET desenvolupem diverses activitats professionals:<\/p>\t\t\t\t\t\t\t\t<\/div>\n\t\t\t\t<\/div>\n\t\t\t\t<div class=\"elementor-element elementor-element-db73ea1 elementor-widget elementor-widget-text-editor\" data-id=\"db73ea1\" data-element_type=\"widget\" data-e-type=\"widget\" data-widget_type=\"text-editor.default\">\n\t\t\t\t<div class=\"elementor-widget-container\">\n\t\t\t\t\t\t\t\t\t<p class=\"p1\"><span class=\"s1\"><b>Ofisfera<br \/><\/b>Serveis de reprografia, digitalitzaci\u00f3, administraci\u00f3 i tasques d\u2019oficina.<\/span><\/p>\t\t\t\t\t\t\t\t<\/div>\n\t\t\t\t<\/div>\n\t\t\t\t<div class=\"elementor-element elementor-element-a5af8ed elementor-widget elementor-widget-text-editor\" data-id=\"a5af8ed\" data-element_type=\"widget\" data-e-type=\"widget\" data-widget_type=\"text-editor.default\">\n\t\t\t\t<div class=\"elementor-widget-container\">\n\t\t\t\t\t\t\t\t\t<p class=\"p1\"><span class=\"s1\"><b>Serveis de manipulat industrial<br \/><\/b>Manipulat, envasat, etiquetatge i muntatge per a empreses de diversos sectors.<\/span><\/p>\t\t\t\t\t\t\t\t<\/div>\n\t\t\t\t<\/div>\n\t\t\t\t<div class=\"elementor-element elementor-element-4dfa358 elementor-widget elementor-widget-text-editor\" data-id=\"4dfa358\" data-element_type=\"widget\" data-e-type=\"widget\" data-widget_type=\"text-editor.default\">\n\t\t\t\t<div class=\"elementor-widget-container\">\n\t\t\t\t\t\t\t\t\t<p class=\"p1\"><span class=\"s1\"><b>Jardineria<br \/><\/b>Manteniment i conservaci\u00f3 d\u2019espais verds p\u00fablics i privats, amb equips formats i supervisats.<\/span><\/p>\t\t\t\t\t\t\t\t<\/div>\n\t\t\t\t<\/div>\n\t\t\t\t<div class=\"elementor-element elementor-element-6a69d26 elementor-widget elementor-widget-text-editor\" data-id=\"6a69d26\" data-element_type=\"widget\" data-e-type=\"widget\" data-widget_type=\"text-editor.default\">\n\t\t\t\t<div class=\"elementor-widget-container\">\n\t\t\t\t\t\t\t\t\t<p class=\"p1\"><span class=\"s1\"><b>Neteja d\u2019interiors i neteja vi\u00e0ria<br \/><\/b>Servei de neteja per a empreses, entitats i administracions, amb vocaci\u00f3 de qualitat i inserci\u00f3.<\/span><\/p>\t\t\t\t\t\t\t\t<\/div>\n\t\t\t\t<\/div>\n\t\t\t\t<div class=\"elementor-element elementor-element-fd97256 elementor-widget elementor-widget-text-editor\" data-id=\"fd97256\" data-element_type=\"widget\" data-e-type=\"widget\" data-widget_type=\"text-editor.default\">\n\t\t\t\t<div class=\"elementor-widget-container\">\n\t\t\t\t\t\t\t\t\t<p class=\"p1\"><span class=\"s1\"><b>T\u00e0ctil Tintoreries<br \/><\/b>Servei de bugaderia i tintorer\u00eda.<\/span><\/p>\t\t\t\t\t\t\t\t<\/div>\n\t\t\t\t<\/div>\n\t\t\t\t<div class=\"elementor-element elementor-element-359609f elementor-widget elementor-widget-button\" data-id=\"359609f\" data-element_type=\"widget\" data-e-type=\"widget\" data-widget_type=\"button.default\">\n\t\t\t\t<div class=\"elementor-widget-container\">\n\t\t\t\t\t\t\t\t\t<div class=\"elementor-button-wrapper\">\n\t\t\t\t\t<a class=\"elementor-button elementor-button-link elementor-size-sm\" href=\"#\">\n\t\t\t\t\t\t<span class=\"elementor-button-content-wrapper\">\n\t\t\t\t\t\t\t\t\t<span class=\"elementor-button-text\">Consulta les nostres ofertes de feina!<\/span>\n\t\t\t\t\t<\/span>\n\t\t\t\t\t<\/a>\n\t\t\t\t<\/div>\n\t\t\t\t\t\t\t\t<\/div>\n\t\t\t\t<\/div>\n\t\t\t\t\t<\/div>\n\t\t<\/div>\n\t\t\t\t\t<\/div>\n\t\t<\/section>\n\t\t\t\t<section class=\"elementor-section elementor-top-section elementor-element elementor-element-0a9de51 elementor-hidden-mobile elementor-section-boxed elementor-section-height-default elementor-section-height-default\" data-id=\"0a9de51\" data-element_type=\"section\" data-e-type=\"section\">\n\t\t\t\t\t\t<div class=\"elementor-container elementor-column-gap-default\">\n\t\t\t\t\t<div class=\"elementor-column elementor-col-50 elementor-top-column elementor-element elementor-element-2506600\" data-id=\"2506600\" data-element_type=\"column\" data-e-type=\"column\">\n\t\t\t<div class=\"elementor-widget-wrap elementor-element-populated\">\n\t\t\t\t\t\t<div class=\"elementor-element elementor-element-45a23ed elementor-widget elementor-widget-heading\" data-id=\"45a23ed\" data-element_type=\"widget\" data-e-type=\"widget\" data-widget_type=\"heading.default\">\n\t\t\t\t<div class=\"elementor-widget-container\">\n\t\t\t\t\t<h2 class=\"elementor-heading-title elementor-size-default\">Servicio de Inserci\u00f3n Laboral (SIL)<\/h2>\t\t\t\t<\/div>\n\t\t\t\t<\/div>\n\t\t\t\t<div class=\"elementor-element elementor-element-a8fa4d5 elementor-widget-divider--view-line elementor-widget elementor-widget-divider\" data-id=\"a8fa4d5\" data-element_type=\"widget\" data-e-type=\"widget\" data-widget_type=\"divider.default\">\n\t\t\t\t<div class=\"elementor-widget-container\">\n\t\t\t\t\t\t\t<div class=\"elementor-divider\">\n\t\t\t<span class=\"elementor-divider-separator\">\n\t\t\t\t\t\t<\/span>\n\t\t<\/div>\n\t\t\t\t\t\t<\/div>\n\t\t\t\t<\/div>\n\t\t\t\t<div class=\"elementor-element elementor-element-2009ec8 elementor-widget elementor-widget-text-editor\" data-id=\"2009ec8\" data-element_type=\"widget\" data-e-type=\"widget\" data-widget_type=\"text-editor.default\">\n\t\t\t\t<div class=\"elementor-widget-container\">\n\t\t\t\t\t\t\t\t\t<p>Acompa\u00f1amos a personas en la b\u00fasqueda de empleo y en su proceso de integraci\u00f3n en el mundo laboral ordinario. Ofrecemos orientaci\u00f3n, intermediaci\u00f3n con empresas, formaci\u00f3n y seguimiento postcontrataci\u00f3n.<\/p>\t\t\t\t\t\t\t\t<\/div>\n\t\t\t\t<\/div>\n\t\t\t\t<div class=\"elementor-element elementor-element-29691d5 elementor-widget elementor-widget-button\" data-id=\"29691d5\" data-element_type=\"widget\" data-e-type=\"widget\" data-widget_type=\"button.default\">\n\t\t\t\t<div class=\"elementor-widget-container\">\n\t\t\t\t\t\t\t\t\t<div class=\"elementor-button-wrapper\">\n\t\t\t\t\t<a class=\"elementor-button elementor-button-link elementor-size-sm\" href=\"https:\/\/fundaciotallers.org\/es\/servicio-insercion-laboral\/\">\n\t\t\t\t\t\t<span class=\"elementor-button-content-wrapper\">\n\t\t\t\t\t\t\t\t\t<span class=\"elementor-button-text\">M\u00e1s informaci\u00f3n<\/span>\n\t\t\t\t\t<\/span>\n\t\t\t\t\t<\/a>\n\t\t\t\t<\/div>\n\t\t\t\t\t\t\t\t<\/div>\n\t\t\t\t<\/div>\n\t\t\t\t\t<\/div>\n\t\t<\/div>\n\t\t\t\t<div class=\"elementor-column elementor-col-50 elementor-top-column elementor-element elementor-element-fae1584\" data-id=\"fae1584\" data-element_type=\"column\" data-e-type=\"column\">\n\t\t\t<div class=\"elementor-widget-wrap elementor-element-populated\">\n\t\t\t\t\t\t<div class=\"elementor-element elementor-element-baca577 elementor-widget elementor-widget-image\" data-id=\"baca577\" data-element_type=\"widget\" data-e-type=\"widget\" data-widget_type=\"image.default\">\n\t\t\t\t<div class=\"elementor-widget-container\">\n\t\t\t\t\t\t\t\t\t\t\t\t\t\t\t<img loading=\"lazy\" decoding=\"async\" width=\"677\" height=\"682\" src=\"https:\/\/fundaciotallers.org\/wp-content\/uploads\/2025\/07\/sil.png\" class=\"attachment-large size-large wp-image-44538\" alt=\"\" srcset=\"https:\/\/fundaciotallers.org\/wp-content\/uploads\/2025\/07\/sil.png 677w, https:\/\/fundaciotallers.org\/wp-content\/uploads\/2025\/07\/sil-298x300.png 298w, https:\/\/fundaciotallers.org\/wp-content\/uploads\/2025\/07\/sil-150x150.png 150w\" sizes=\"(max-width: 677px) 100vw, 677px\" \/>\t\t\t\t\t\t\t\t\t\t\t\t\t\t\t<\/div>\n\t\t\t\t<\/div>\n\t\t\t\t\t<\/div>\n\t\t<\/div>\n\t\t\t\t\t<\/div>\n\t\t<\/section>\n\t\t\t\t<section class=\"elementor-section elementor-top-section elementor-element elementor-element-7214e4e elementor-hidden-desktop elementor-hidden-tablet elementor-section-boxed elementor-section-height-default elementor-section-height-default\" data-id=\"7214e4e\" data-element_type=\"section\" data-e-type=\"section\">\n\t\t\t\t\t\t<div class=\"elementor-container elementor-column-gap-default\">\n\t\t\t\t\t<div class=\"elementor-column elementor-col-100 elementor-top-column elementor-element elementor-element-4b08c66\" data-id=\"4b08c66\" data-element_type=\"column\" data-e-type=\"column\">\n\t\t\t<div class=\"elementor-widget-wrap elementor-element-populated\">\n\t\t\t\t\t\t<div class=\"elementor-element elementor-element-925fef5 elementor-widget elementor-widget-image\" data-id=\"925fef5\" data-element_type=\"widget\" data-e-type=\"widget\" data-widget_type=\"image.default\">\n\t\t\t\t<div class=\"elementor-widget-container\">\n\t\t\t\t\t\t\t\t\t\t\t\t\t\t\t<img loading=\"lazy\" decoding=\"async\" width=\"677\" height=\"682\" src=\"https:\/\/fundaciotallers.org\/wp-content\/uploads\/2025\/07\/sil.png\" class=\"attachment-large size-large wp-image-44538\" alt=\"\" srcset=\"https:\/\/fundaciotallers.org\/wp-content\/uploads\/2025\/07\/sil.png 677w, https:\/\/fundaciotallers.org\/wp-content\/uploads\/2025\/07\/sil-298x300.png 298w, https:\/\/fundaciotallers.org\/wp-content\/uploads\/2025\/07\/sil-150x150.png 150w\" sizes=\"(max-width: 677px) 100vw, 677px\" \/>\t\t\t\t\t\t\t\t\t\t\t\t\t\t\t<\/div>\n\t\t\t\t<\/div>\n\t\t\t\t<div class=\"elementor-element elementor-element-80afa8b elementor-widget elementor-widget-heading\" data-id=\"80afa8b\" data-element_type=\"widget\" data-e-type=\"widget\" data-widget_type=\"heading.default\">\n\t\t\t\t<div class=\"elementor-widget-container\">\n\t\t\t\t\t<h2 class=\"elementor-heading-title elementor-size-default\">Servei d\u2019Inserci\u00f3 Laboral (SIL)<\/h2>\t\t\t\t<\/div>\n\t\t\t\t<\/div>\n\t\t\t\t<div class=\"elementor-element elementor-element-4bdbe8b elementor-widget-divider--view-line elementor-widget elementor-widget-divider\" data-id=\"4bdbe8b\" data-element_type=\"widget\" data-e-type=\"widget\" data-widget_type=\"divider.default\">\n\t\t\t\t<div class=\"elementor-widget-container\">\n\t\t\t\t\t\t\t<div class=\"elementor-divider\">\n\t\t\t<span class=\"elementor-divider-separator\">\n\t\t\t\t\t\t<\/span>\n\t\t<\/div>\n\t\t\t\t\t\t<\/div>\n\t\t\t\t<\/div>\n\t\t\t\t<div class=\"elementor-element elementor-element-38fcf9e elementor-widget elementor-widget-text-editor\" data-id=\"38fcf9e\" data-element_type=\"widget\" data-e-type=\"widget\" data-widget_type=\"text-editor.default\">\n\t\t\t\t<div class=\"elementor-widget-container\">\n\t\t\t\t\t\t\t\t\t<p>Acompanyem persones en la recerca de feina i en el seu proc\u00e9s d\u2019integraci\u00f3 al m\u00f3n laboral ordinari. Oferim orientaci\u00f3, intermediaci\u00f3 amb empreses, formaci\u00f3 i seguiment postcontractaci\u00f3.<\/p>\t\t\t\t\t\t\t\t<\/div>\n\t\t\t\t<\/div>\n\t\t\t\t<div class=\"elementor-element elementor-element-b42a7f8 elementor-widget elementor-widget-button\" data-id=\"b42a7f8\" data-element_type=\"widget\" data-e-type=\"widget\" data-widget_type=\"button.default\">\n\t\t\t\t<div class=\"elementor-widget-container\">\n\t\t\t\t\t\t\t\t\t<div class=\"elementor-button-wrapper\">\n\t\t\t\t\t<a class=\"elementor-button elementor-button-link elementor-size-sm\" href=\"https:\/\/fundaciotallers.org\/ca\/servei-dinsercio-laboral-sil\/\">\n\t\t\t\t\t\t<span class=\"elementor-button-content-wrapper\">\n\t\t\t\t\t\t\t\t\t<span class=\"elementor-button-text\">M\u00e9s informaci\u00f3<\/span>\n\t\t\t\t\t<\/span>\n\t\t\t\t\t<\/a>\n\t\t\t\t<\/div>\n\t\t\t\t\t\t\t\t<\/div>\n\t\t\t\t<\/div>\n\t\t\t\t\t<\/div>\n\t\t<\/div>\n\t\t\t\t\t<\/div>\n\t\t<\/section>\n\t\t\t\t<section class=\"elementor-section elementor-top-section elementor-element elementor-element-5711db9 elementor-hidden-mobile elementor-section-boxed elementor-section-height-default elementor-section-height-default\" data-id=\"5711db9\" data-element_type=\"section\" data-e-type=\"section\">\n\t\t\t\t\t\t<div class=\"elementor-container elementor-column-gap-default\">\n\t\t\t\t\t<div class=\"elementor-column elementor-col-50 elementor-top-column elementor-element elementor-element-7a58ac1\" data-id=\"7a58ac1\" data-element_type=\"column\" data-e-type=\"column\">\n\t\t\t<div class=\"elementor-widget-wrap elementor-element-populated\">\n\t\t\t\t\t\t<div class=\"elementor-element elementor-element-daaef7e elementor-widget elementor-widget-image\" data-id=\"daaef7e\" data-element_type=\"widget\" data-e-type=\"widget\" data-widget_type=\"image.default\">\n\t\t\t\t<div class=\"elementor-widget-container\">\n\t\t\t\t\t\t\t\t\t\t\t\t\t\t\t<img loading=\"lazy\" decoding=\"async\" width=\"450\" height=\"450\" src=\"https:\/\/fundaciotallers.org\/wp-content\/uploads\/2025\/07\/cet.png\" class=\"attachment-large size-large wp-image-44543\" alt=\"\" srcset=\"https:\/\/fundaciotallers.org\/wp-content\/uploads\/2025\/07\/cet.png 450w, https:\/\/fundaciotallers.org\/wp-content\/uploads\/2025\/07\/cet-300x300.png 300w, https:\/\/fundaciotallers.org\/wp-content\/uploads\/2025\/07\/cet-150x150.png 150w\" sizes=\"(max-width: 450px) 100vw, 450px\" \/>\t\t\t\t\t\t\t\t\t\t\t\t\t\t\t<\/div>\n\t\t\t\t<\/div>\n\t\t\t\t\t<\/div>\n\t\t<\/div>\n\t\t\t\t<div class=\"elementor-column elementor-col-50 elementor-top-column elementor-element elementor-element-184c517\" data-id=\"184c517\" data-element_type=\"column\" data-e-type=\"column\">\n\t\t\t<div class=\"elementor-widget-wrap elementor-element-populated\">\n\t\t\t\t\t\t<div class=\"elementor-element elementor-element-161e3ba elementor-widget elementor-widget-heading\" data-id=\"161e3ba\" data-element_type=\"widget\" data-e-type=\"widget\" data-widget_type=\"heading.default\">\n\t\t\t\t<div class=\"elementor-widget-container\">\n\t\t\t\t\t<h2 class=\"elementor-heading-title elementor-size-default\">Equipo Multidisciplinar de Apoyo (EMS)<\/h2>\t\t\t\t<\/div>\n\t\t\t\t<\/div>\n\t\t\t\t<div class=\"elementor-element elementor-element-ebb65a8 elementor-widget-divider--view-line elementor-widget elementor-widget-divider\" data-id=\"ebb65a8\" data-element_type=\"widget\" data-e-type=\"widget\" data-widget_type=\"divider.default\">\n\t\t\t\t<div class=\"elementor-widget-container\">\n\t\t\t\t\t\t\t<div class=\"elementor-divider\">\n\t\t\t<span class=\"elementor-divider-separator\">\n\t\t\t\t\t\t<\/span>\n\t\t<\/div>\n\t\t\t\t\t\t<\/div>\n\t\t\t\t<\/div>\n\t\t\t\t<div class=\"elementor-element elementor-element-8d4af10 elementor-widget elementor-widget-text-editor\" data-id=\"8d4af10\" data-element_type=\"widget\" data-e-type=\"widget\" data-widget_type=\"text-editor.default\">\n\t\t\t\t<div class=\"elementor-widget-container\">\n\t\t\t\t\t\t\t\t\t<p>Equipo formado por profesionales de diferentes \u00e1mbitos que ofrecen soporte emocional, social y funcional a las personas trabajadoras del CET y del SIL, favoreciendo su estabilidad, bienestar y desarrollo personal.<\/p>\t\t\t\t\t\t\t\t<\/div>\n\t\t\t\t<\/div>\n\t\t\t\t<div class=\"elementor-element elementor-element-202c577 elementor-widget elementor-widget-button\" data-id=\"202c577\" data-element_type=\"widget\" data-e-type=\"widget\" data-widget_type=\"button.default\">\n\t\t\t\t<div class=\"elementor-widget-container\">\n\t\t\t\t\t\t\t\t\t<div class=\"elementor-button-wrapper\">\n\t\t\t\t\t<a class=\"elementor-button elementor-button-link elementor-size-sm\" href=\"https:\/\/fundaciotallers.org\/es\/equipo-multidisciplinario-de-apoyo-ems\/\">\n\t\t\t\t\t\t<span class=\"elementor-button-content-wrapper\">\n\t\t\t\t\t\t\t\t\t<span class=\"elementor-button-text\">M\u00e1s informaci\u00f3n<\/span>\n\t\t\t\t\t<\/span>\n\t\t\t\t\t<\/a>\n\t\t\t\t<\/div>\n\t\t\t\t\t\t\t\t<\/div>\n\t\t\t\t<\/div>\n\t\t\t\t\t<\/div>\n\t\t<\/div>\n\t\t\t\t\t<\/div>\n\t\t<\/section>\n\t\t\t\t<section class=\"elementor-section elementor-top-section elementor-element elementor-element-5c1c3a4 elementor-hidden-desktop elementor-hidden-tablet elementor-section-boxed elementor-section-height-default elementor-section-height-default\" data-id=\"5c1c3a4\" data-element_type=\"section\" data-e-type=\"section\">\n\t\t\t\t\t\t<div class=\"elementor-container elementor-column-gap-default\">\n\t\t\t\t\t<div class=\"elementor-column elementor-col-100 elementor-top-column elementor-element elementor-element-709d4bf\" data-id=\"709d4bf\" data-element_type=\"column\" data-e-type=\"column\">\n\t\t\t<div class=\"elementor-widget-wrap elementor-element-populated\">\n\t\t\t\t\t\t<div class=\"elementor-element elementor-element-9291637 elementor-widget elementor-widget-image\" data-id=\"9291637\" data-element_type=\"widget\" data-e-type=\"widget\" data-widget_type=\"image.default\">\n\t\t\t\t<div class=\"elementor-widget-container\">\n\t\t\t\t\t\t\t\t\t\t\t\t\t\t\t<img loading=\"lazy\" decoding=\"async\" width=\"450\" height=\"450\" src=\"https:\/\/fundaciotallers.org\/wp-content\/uploads\/2025\/07\/cet.png\" class=\"attachment-large size-large wp-image-44543\" alt=\"\" srcset=\"https:\/\/fundaciotallers.org\/wp-content\/uploads\/2025\/07\/cet.png 450w, https:\/\/fundaciotallers.org\/wp-content\/uploads\/2025\/07\/cet-300x300.png 300w, https:\/\/fundaciotallers.org\/wp-content\/uploads\/2025\/07\/cet-150x150.png 150w\" sizes=\"(max-width: 450px) 100vw, 450px\" \/>\t\t\t\t\t\t\t\t\t\t\t\t\t\t\t<\/div>\n\t\t\t\t<\/div>\n\t\t\t\t<div class=\"elementor-element elementor-element-e88bea1 elementor-widget elementor-widget-heading\" data-id=\"e88bea1\" data-element_type=\"widget\" data-e-type=\"widget\" data-widget_type=\"heading.default\">\n\t\t\t\t<div class=\"elementor-widget-container\">\n\t\t\t\t\t<h2 class=\"elementor-heading-title elementor-size-default\">Equip Multidisciplinari de Suport (EMS)<\/h2>\t\t\t\t<\/div>\n\t\t\t\t<\/div>\n\t\t\t\t<div class=\"elementor-element elementor-element-aefae9a elementor-widget-divider--view-line elementor-widget elementor-widget-divider\" data-id=\"aefae9a\" data-element_type=\"widget\" data-e-type=\"widget\" data-widget_type=\"divider.default\">\n\t\t\t\t<div class=\"elementor-widget-container\">\n\t\t\t\t\t\t\t<div class=\"elementor-divider\">\n\t\t\t<span class=\"elementor-divider-separator\">\n\t\t\t\t\t\t<\/span>\n\t\t<\/div>\n\t\t\t\t\t\t<\/div>\n\t\t\t\t<\/div>\n\t\t\t\t<div class=\"elementor-element elementor-element-5713f82 elementor-widget elementor-widget-text-editor\" data-id=\"5713f82\" data-element_type=\"widget\" data-e-type=\"widget\" data-widget_type=\"text-editor.default\">\n\t\t\t\t<div class=\"elementor-widget-container\">\n\t\t\t\t\t\t\t\t\t<p>Equip format per professionals de diferents \u00e0mbits que ofereixen suport emocional, social i funcional a les persones treballadores del CET i del SIL, afavorint la seva estabilitat, benestar i desenvolupament personal.<\/p>\t\t\t\t\t\t\t\t<\/div>\n\t\t\t\t<\/div>\n\t\t\t\t<div class=\"elementor-element elementor-element-3d4f4d8 elementor-widget elementor-widget-button\" data-id=\"3d4f4d8\" data-element_type=\"widget\" data-e-type=\"widget\" data-widget_type=\"button.default\">\n\t\t\t\t<div class=\"elementor-widget-container\">\n\t\t\t\t\t\t\t\t\t<div class=\"elementor-button-wrapper\">\n\t\t\t\t\t<a class=\"elementor-button elementor-button-link elementor-size-sm\" href=\"#\">\n\t\t\t\t\t\t<span class=\"elementor-button-content-wrapper\">\n\t\t\t\t\t\t\t\t\t<span class=\"elementor-button-text\">M\u00e9s informaci\u00f3<\/span>\n\t\t\t\t\t<\/span>\n\t\t\t\t\t<\/a>\n\t\t\t\t<\/div>\n\t\t\t\t\t\t\t\t<\/div>\n\t\t\t\t<\/div>\n\t\t\t\t\t<\/div>\n\t\t<\/div>\n\t\t\t\t\t<\/div>\n\t\t<\/section>\n\t\t\t\t<section class=\"elementor-section elementor-top-section elementor-element elementor-element-7829e4c6 elementor-section-boxed elementor-section-height-default elementor-section-height-default\" data-id=\"7829e4c6\" data-element_type=\"section\" data-e-type=\"section\" data-settings=\"{&quot;background_background&quot;:&quot;classic&quot;}\">\n\t\t\t\t\t\t<div class=\"elementor-container elementor-column-gap-default\">\n\t\t\t\t\t<div class=\"elementor-column elementor-col-100 elementor-top-column elementor-element elementor-element-3e22b274\" data-id=\"3e22b274\" data-element_type=\"column\" data-e-type=\"column\">\n\t\t\t<div class=\"elementor-widget-wrap elementor-element-populated\">\n\t\t\t\t\t\t<div class=\"elementor-element elementor-element-37474ec elementor-widget elementor-widget-text-editor\" data-id=\"37474ec\" data-element_type=\"widget\" data-e-type=\"widget\" data-widget_type=\"text-editor.default\">\n\t\t\t\t<div class=\"elementor-widget-container\">\n\t\t\t\t\t\t\t\t\t<a style=\"color: #000000;\" href=\"https:\/\/fundaciotallers.org\/es\/portal-de-transparencia\/\" rel=\"noopener\">Portal de Transparencia \u2192<\/a>\t\t\t\t\t\t\t\t<\/div>\n\t\t\t\t<\/div>\n\t\t\t\t\t<\/div>\n\t\t<\/div>\n\t\t\t\t\t<\/div>\n\t\t<\/section>\n\t\t\t\t<section class=\"elementor-section elementor-top-section elementor-element elementor-element-1b5e0472 elementor-hidden-mobile elementor-section-boxed elementor-section-height-default elementor-section-height-default\" data-id=\"1b5e0472\" data-element_type=\"section\" data-e-type=\"section\" data-settings=\"{&quot;background_background&quot;:&quot;classic&quot;}\">\n\t\t\t\t\t\t<div class=\"elementor-container elementor-column-gap-narrow\">\n\t\t\t\t\t<div class=\"elementor-column elementor-col-33 elementor-top-column elementor-element elementor-element-6242a18d\" data-id=\"6242a18d\" data-element_type=\"column\" data-e-type=\"column\">\n\t\t\t<div class=\"elementor-widget-wrap elementor-element-populated\">\n\t\t\t\t\t\t<div class=\"elementor-element elementor-element-21d66007 elementor-widget elementor-widget-text-editor\" data-id=\"21d66007\" data-element_type=\"widget\" data-e-type=\"widget\" data-widget_type=\"text-editor.default\">\n\t\t\t\t<div class=\"elementor-widget-container\">\n\t\t\t\t\t\t\t\t\t<p class=\"p1\"><span class=\"s1\"><b>Fundaci\u00f3 Tallers | Inclusi\u00f3n Laboral<br \/><\/b><\/span><span class=\"s1\">Entidad de Pere Caver Grup<br \/><\/span><span class=\"s1\">Tel. 93 392 23 11<br \/><\/span><span style=\"text-decoration: underline;\"><a style=\"color: #ffffff; text-decoration: underline;\" href=\"&#x6d;&#x61;&#x69;&#x6c;&#116;&#111;&#58;&#105;nfo&#x40;&#x66;&#x75;&#x6e;&#x64;&#97;&#99;&#105;ota&#x6c;&#x6c;&#x65;&#x72;&#x73;&#46;&#111;&#114;g\">&#105;&#x6e;f&#111;&#x40;f&#117;&#x6e;d&#97;&#x63;i&#111;&#x74;a&#108;&#x6c;e&#114;&#x73;&#46;&#111;&#x72;g<\/a><\/span><\/p>\t\t\t\t\t\t\t\t<\/div>\n\t\t\t\t<\/div>\n\t\t\t\t\t<\/div>\n\t\t<\/div>\n\t\t\t\t<div class=\"elementor-column elementor-col-33 elementor-top-column elementor-element elementor-element-7a34088c\" data-id=\"7a34088c\" data-element_type=\"column\" data-e-type=\"column\">\n\t\t\t<div class=\"elementor-widget-wrap elementor-element-populated\">\n\t\t\t\t\t\t<div class=\"elementor-element elementor-element-3e7c4755 elementor-widget elementor-widget-text-editor\" data-id=\"3e7c4755\" data-element_type=\"widget\" data-e-type=\"widget\" data-widget_type=\"text-editor.default\">\n\t\t\t\t<div class=\"elementor-widget-container\">\n\t\t\t\t\t\t\t\t\t<p><strong>Trabaja con nosotros<br \/><\/strong>Quieres formar parte de nuestro equipo y compartes nuestra misi\u00f3n, visi\u00f3n y valores? <span style=\"text-decoration: underline;\"><a style=\"color: #ffffff; text-decoration: underline;\" href=\"https:\/\/fundaciotallers.org\/es\/ofertas-trabajo\/\" rel=\"noopener\">Ver m\u00e1s<\/a><\/span><\/p>\t\t\t\t\t\t\t\t<\/div>\n\t\t\t\t<\/div>\n\t\t\t\t\t<\/div>\n\t\t<\/div>\n\t\t\t\t<div class=\"elementor-column elementor-col-33 elementor-top-column elementor-element elementor-element-7649722d\" data-id=\"7649722d\" data-element_type=\"column\" data-e-type=\"column\">\n\t\t\t<div class=\"elementor-widget-wrap elementor-element-populated\">\n\t\t\t\t\t\t<div class=\"elementor-element elementor-element-30ed0cf2 elementor-widget elementor-widget-text-editor\" data-id=\"30ed0cf2\" data-element_type=\"widget\" data-e-type=\"widget\" data-widget_type=\"text-editor.default\">\n\t\t\t\t<div class=\"elementor-widget-container\">\n\t\t\t\t\t\t\t\t\t<p class=\"p1\"><strong><span class=\"s1\">S\u00edguenos en las redes<\/span><\/strong><\/p>\t\t\t\t\t\t\t\t<\/div>\n\t\t\t\t<\/div>\n\t\t\t\t<section class=\"elementor-section elementor-inner-section elementor-element elementor-element-e8ba75e elementor-section-boxed elementor-section-height-default elementor-section-height-default\" data-id=\"e8ba75e\" data-element_type=\"section\" data-e-type=\"section\">\n\t\t\t\t\t\t<div class=\"elementor-container elementor-column-gap-default\">\n\t\t\t\t\t<div class=\"elementor-column elementor-col-50 elementor-inner-column elementor-element elementor-element-cd781b4\" data-id=\"cd781b4\" data-element_type=\"column\" data-e-type=\"column\">\n\t\t\t<div class=\"elementor-widget-wrap elementor-element-populated\">\n\t\t\t\t\t\t<div class=\"elementor-element elementor-element-32f4ac5 elementor-view-default elementor-widget elementor-widget-icon\" data-id=\"32f4ac5\" data-element_type=\"widget\" data-e-type=\"widget\" data-widget_type=\"icon.default\">\n\t\t\t\t<div class=\"elementor-widget-container\">\n\t\t\t\t\t\t\t<div class=\"elementor-icon-wrapper\">\n\t\t\t<a class=\"elementor-icon\" href=\"https:\/\/www.instagram.com\/fundaciotallers\/\" target=\"_blank\">\n\t\t\t<i aria-hidden=\"true\" class=\"fab fa-instagram\"><\/i>\t\t\t<\/a>\n\t\t<\/div>\n\t\t\t\t\t\t<\/div>\n\t\t\t\t<\/div>\n\t\t\t\t\t<\/div>\n\t\t<\/div>\n\t\t\t\t<div class=\"elementor-column elementor-col-50 elementor-inner-column elementor-element elementor-element-2b22888\" data-id=\"2b22888\" data-element_type=\"column\" data-e-type=\"column\">\n\t\t\t<div class=\"elementor-widget-wrap elementor-element-populated\">\n\t\t\t\t\t\t<div class=\"elementor-element elementor-element-c166f05 elementor-view-default elementor-widget elementor-widget-icon\" data-id=\"c166f05\" data-element_type=\"widget\" data-e-type=\"widget\" data-widget_type=\"icon.default\">\n\t\t\t\t<div class=\"elementor-widget-container\">\n\t\t\t\t\t\t\t<div class=\"elementor-icon-wrapper\">\n\t\t\t<a class=\"elementor-icon\" href=\"https:\/\/www.linkedin.com\/company\/fundacio-tallers\/\" target=\"_blank\">\n\t\t\t<i aria-hidden=\"true\" class=\"fab fa-linkedin-in\"><\/i>\t\t\t<\/a>\n\t\t<\/div>\n\t\t\t\t\t\t<\/div>\n\t\t\t\t<\/div>\n\t\t\t\t\t<\/div>\n\t\t<\/div>\n\t\t\t\t\t<\/div>\n\t\t<\/section>\n\t\t\t\t\t<\/div>\n\t\t<\/div>\n\t\t\t\t\t<\/div>\n\t\t<\/section>\n\t\t\t\t<section class=\"elementor-section elementor-top-section elementor-element elementor-element-40511dc elementor-hidden-mobile elementor-section-boxed elementor-section-height-default elementor-section-height-default\" data-id=\"40511dc\" data-element_type=\"section\" data-e-type=\"section\" data-settings=\"{&quot;background_background&quot;:&quot;classic&quot;}\">\n\t\t\t\t\t\t<div class=\"elementor-container elementor-column-gap-default\">\n\t\t\t\t\t<div class=\"elementor-column elementor-col-100 elementor-top-column elementor-element elementor-element-7ccb07ab\" data-id=\"7ccb07ab\" data-element_type=\"column\" data-e-type=\"column\">\n\t\t\t<div class=\"elementor-widget-wrap elementor-element-populated\">\n\t\t\t\t\t\t<div class=\"elementor-element elementor-element-41b20b4a elementor-widget-divider--view-line elementor-widget elementor-widget-divider\" data-id=\"41b20b4a\" data-element_type=\"widget\" data-e-type=\"widget\" data-widget_type=\"divider.default\">\n\t\t\t\t<div class=\"elementor-widget-container\">\n\t\t\t\t\t\t\t<div class=\"elementor-divider\">\n\t\t\t<span class=\"elementor-divider-separator\">\n\t\t\t\t\t\t<\/span>\n\t\t<\/div>\n\t\t\t\t\t\t<\/div>\n\t\t\t\t<\/div>\n\t\t\t\t<div class=\"elementor-element elementor-element-1b60de33 elementor-widget elementor-widget-text-editor\" data-id=\"1b60de33\" data-element_type=\"widget\" data-e-type=\"widget\" data-widget_type=\"text-editor.default\">\n\t\t\t\t<div class=\"elementor-widget-container\">\n\t\t\t\t\t\t\t\t\t\u00a9 2025. <a style=\"color: #fff;\" href=\"https:\/\/fundaciotallers.org\/es\/politica-privacidad\/\" rel=\"noopener\">Pol\u00edtica de Privacidad<\/a>\u00a0|\u00a0<a style=\"color: #fff;\" href=\"https:\/\/fundaciotallers.org\/es\/politica-cookies\/\" rel=\"noopener\">Pol\u00edtica de Cookies<\/a>\u00a0|\u00a0<a style=\"color: #fff;\" href=\"https:\/\/fundaciotallers.org\/es\/aviso-legal\/\" rel=\"noopener\">Aviso Legal<\/a>\u00a0|\u00a0<a style=\"color: #fff;\" https:\/\/fundaciotallers.org\/es\/canal-de-denuncia\/\" rel=\"noopener\">Canal denuncia<\/a>\u00a0|\u00a0<a style=\"color: #fff;\" href=\"http:\/\/intranet.fhspereclaver.org\/Adm.php?Mc=1\" target=\"_blank\" rel=\"noopener\">Intranet<\/a>\t\t\t\t\t\t\t\t<\/div>\n\t\t\t\t<\/div>\n\t\t\t\t\t<\/div>\n\t\t<\/div>\n\t\t\t\t\t<\/div>\n\t\t<\/section>\n\t\t\t\t<section class=\"elementor-section elementor-top-section elementor-element elementor-element-2bef0f3 elementor-hidden-desktop elementor-hidden-tablet elementor-section-boxed elementor-section-height-default elementor-section-height-default\" data-id=\"2bef0f3\" data-element_type=\"section\" data-e-type=\"section\" data-settings=\"{&quot;background_background&quot;:&quot;classic&quot;}\">\n\t\t\t\t\t\t<div class=\"elementor-container elementor-column-gap-default\">\n\t\t\t\t\t<div class=\"elementor-column elementor-col-100 elementor-top-column elementor-element elementor-element-fa34b3e\" data-id=\"fa34b3e\" data-element_type=\"column\" data-e-type=\"column\">\n\t\t\t<div class=\"elementor-widget-wrap elementor-element-populated\">\n\t\t\t\t\t\t<div class=\"elementor-element elementor-element-58ab251 elementor-widget elementor-widget-text-editor\" data-id=\"58ab251\" data-element_type=\"widget\" data-e-type=\"widget\" data-widget_type=\"text-editor.default\">\n\t\t\t\t<div class=\"elementor-widget-container\">\n\t\t\t\t\t\t\t\t\t<p class=\"p1\"><span class=\"s1\"><b>Fundaci\u00f3 Tallers | Inclusi\u00f3n Laboral<br \/><\/b><\/span><span class=\"s1\">Entidad de Pere Caver Grup<br \/><\/span><span class=\"s1\">Tel. 93 392 23 11<br \/><\/span><span style=\"text-decoration: underline;\"><a style=\"color: #ffffff; text-decoration: underline;\" href=\"&#x6d;&#x61;&#x69;&#x6c;&#x74;&#x6f;&#x3a;&#x69;&#x6e;&#x66;&#x6f;&#x40;&#x66;&#x75;&#x6e;&#x64;&#x61;&#x63;&#x69;&#x6f;&#x74;&#x61;&#x6c;&#x6c;&#x65;&#x72;&#x73;&#x2e;&#x6f;&#x72;&#x67;\">i&#110;&#x66;&#x6f;&#64;&#102;&#117;&#x6e;&#x64;a&#99;&#x69;&#x6f;t&#97;&#108;&#x6c;&#x65;r&#115;&#x2e;&#x6f;r&#103;<\/a><\/span><\/p>\t\t\t\t\t\t\t\t<\/div>\n\t\t\t\t<\/div>\n\t\t\t\t<div class=\"elementor-element elementor-element-9343ec6 elementor-widget elementor-widget-text-editor\" data-id=\"9343ec6\" data-element_type=\"widget\" data-e-type=\"widget\" data-widget_type=\"text-editor.default\">\n\t\t\t\t<div class=\"elementor-widget-container\">\n\t\t\t\t\t\t\t\t\t<p><strong>Trabaja con nosotros<br \/><\/strong>Quieres formar parte de nuestro equipo y compartes nuestra misi\u00f3n, visi\u00f3n y valores? <span style=\"text-decoration: underline;\"><a style=\"color: #ffffff; text-decoration: underline;\" href=\"https:\/\/www.santpereclaver.org\/treballa-amb-nosaltres\/\" target=\"_blank\" rel=\"noopener\">Ver m\u00e1s<\/a><\/span><\/p>\t\t\t\t\t\t\t\t<\/div>\n\t\t\t\t<\/div>\n\t\t\t\t<div class=\"elementor-element elementor-element-0f51638 elementor-widget elementor-widget-text-editor\" data-id=\"0f51638\" data-element_type=\"widget\" data-e-type=\"widget\" data-widget_type=\"text-editor.default\">\n\t\t\t\t<div class=\"elementor-widget-container\">\n\t\t\t\t\t\t\t\t\t<p class=\"p1\"><strong><span class=\"s1\">S\u00edguenos en las redes<\/span><\/strong><\/p>\t\t\t\t\t\t\t\t<\/div>\n\t\t\t\t<\/div>\n\t\t\t\t<section class=\"elementor-section elementor-inner-section elementor-element elementor-element-2cc6716 elementor-section-boxed elementor-section-height-default elementor-section-height-default\" data-id=\"2cc6716\" data-element_type=\"section\" data-e-type=\"section\">\n\t\t\t\t\t\t<div class=\"elementor-container elementor-column-gap-default\">\n\t\t\t\t\t<div class=\"elementor-column elementor-col-50 elementor-inner-column elementor-element elementor-element-785b78b\" data-id=\"785b78b\" data-element_type=\"column\" data-e-type=\"column\">\n\t\t\t<div class=\"elementor-widget-wrap elementor-element-populated\">\n\t\t\t\t\t\t<div class=\"elementor-element elementor-element-457ca62 elementor-view-default elementor-widget elementor-widget-icon\" data-id=\"457ca62\" data-element_type=\"widget\" data-e-type=\"widget\" data-widget_type=\"icon.default\">\n\t\t\t\t<div class=\"elementor-widget-container\">\n\t\t\t\t\t\t\t<div class=\"elementor-icon-wrapper\">\n\t\t\t<a class=\"elementor-icon\" href=\"https:\/\/www.instagram.com\/fundaciotallers\/\" target=\"_blank\">\n\t\t\t<i aria-hidden=\"true\" class=\"fab fa-instagram\"><\/i>\t\t\t<\/a>\n\t\t<\/div>\n\t\t\t\t\t\t<\/div>\n\t\t\t\t<\/div>\n\t\t\t\t<div class=\"elementor-element elementor-element-95b1af5 elementor-view-default elementor-widget elementor-widget-icon\" data-id=\"95b1af5\" data-element_type=\"widget\" data-e-type=\"widget\" data-widget_type=\"icon.default\">\n\t\t\t\t<div class=\"elementor-widget-container\">\n\t\t\t\t\t\t\t<div class=\"elementor-icon-wrapper\">\n\t\t\t<a class=\"elementor-icon\" href=\"https:\/\/www.linkedin.com\/company\/fundacio-tallers\/\" target=\"_blank\">\n\t\t\t<i aria-hidden=\"true\" class=\"fab fa-linkedin-in\"><\/i>\t\t\t<\/a>\n\t\t<\/div>\n\t\t\t\t\t\t<\/div>\n\t\t\t\t<\/div>\n\t\t\t\t\t<\/div>\n\t\t<\/div>\n\t\t\t\t<div class=\"elementor-column elementor-col-50 elementor-inner-column elementor-element elementor-element-ea7c327\" data-id=\"ea7c327\" data-element_type=\"column\" data-e-type=\"column\">\n\t\t\t<div class=\"elementor-widget-wrap\">\n\t\t\t\t\t\t\t<\/div>\n\t\t<\/div>\n\t\t\t\t\t<\/div>\n\t\t<\/section>\n\t\t\t\t<div class=\"elementor-element elementor-element-255666b elementor-widget-divider--view-line elementor-widget elementor-widget-divider\" data-id=\"255666b\" data-element_type=\"widget\" data-e-type=\"widget\" data-widget_type=\"divider.default\">\n\t\t\t\t<div class=\"elementor-widget-container\">\n\t\t\t\t\t\t\t<div class=\"elementor-divider\">\n\t\t\t<span class=\"elementor-divider-separator\">\n\t\t\t\t\t\t<\/span>\n\t\t<\/div>\n\t\t\t\t\t\t<\/div>\n\t\t\t\t<\/div>\n\t\t\t\t<div class=\"elementor-element elementor-element-0de5ff8 elementor-widget elementor-widget-text-editor\" data-id=\"0de5ff8\" data-element_type=\"widget\" data-e-type=\"widget\" data-widget_type=\"text-editor.default\">\n\t\t\t\t<div class=\"elementor-widget-container\">\n\t\t\t\t\t\t\t\t\t<p>\u00a9 2025. <a style=\"color: #fff;\" href=\"https:\/\/fundaciotallers.org\/es\/politica-privacidad\/\" rel=\"noopener\">Pol\u00edtica de Privacidad<\/a>\u00a0|\u00a0<a style=\"color: #fff;\" href=\"https:\/\/fundaciotallers.org\/es\/politica-cookies\/\" rel=\"noopener\">Pol\u00edtica de Cookies<\/a>\u00a0|\u00a0<a style=\"color: #fff;\" href=\"https:\/\/fundaciotallers.org\/es\/aviso-legal\/\" rel=\"noopener\">Aviso Legal<\/a>\u00a0|\u00a0<a style=\"color: #fff;\" rel=\"noopener\">Canal denuncia<\/a>\u00a0|\u00a0<a style=\"color: #fff;\" href=\"http:\/\/intranet.fhspereclaver.org\/Adm.php?Mc=1\" target=\"_blank\" rel=\"noopener\">Intranet<\/a><\/p>\t\t\t\t\t\t\t\t<\/div>\n\t\t\t\t<\/div>\n\t\t\t\t\t<\/div>\n\t\t<\/div>\n\t\t\t\t\t<\/div>\n\t\t<\/section>\n\t\t\t\t<\/div>\n\t\t","protected":false},"excerpt":{"rendered":"<p>Instagram Linkedin Catal\u00e0\u00a0 \u00a0|\u00a0 \u00a0Castell\u00e0 Qui\u00e9nes somos Con\u00f3cenos Historia Patronato y Comit\u00e9 de Direcci\u00f3n Equipo de Coordinaci\u00f3n y Servicios de Apoyo Portal de Transparencia Memoria Pol\u00edtica de calidad y medio ambiente Colaboradores A las personas Servicio de formaci\u00f3n ocupacional Servicio de Inserci\u00f3n laboral (SIL) Centro Especial de Trabajo Equipo Multidisciplinario de Apoyo (EMS) Empresa de inserci\u00f3n A las empresas Cumplimiento&hellip;<\/p>\n","protected":false},"author":7,"featured_media":0,"parent":0,"menu_order":0,"comment_status":"closed","ping_status":"closed","template":"elementor_header_footer","meta":{"footnotes":""},"class_list":["post-47839","page","type-page","status-publish","hentry"],"_links":{"self":[{"href":"https:\/\/fundaciotallers.org\/es\/wp-json\/wp\/v2\/pages\/47839","targetHints":{"allow":["GET"]}}],"collection":[{"href":"https:\/\/fundaciotallers.org\/es\/wp-json\/wp\/v2\/pages"}],"about":[{"href":"https:\/\/fundaciotallers.org\/es\/wp-json\/wp\/v2\/types\/page"}],"author":[{"embeddable":true,"href":"https:\/\/fundaciotallers.org\/es\/wp-json\/wp\/v2\/users\/7"}],"replies":[{"embeddable":true,"href":"https:\/\/fundaciotallers.org\/es\/wp-json\/wp\/v2\/comments?post=47839"}],"version-history":[{"count":7,"href":"https:\/\/fundaciotallers.org\/es\/wp-json\/wp\/v2\/pages\/47839\/revisions"}],"predecessor-version":[{"id":48451,"href":"https:\/\/fundaciotallers.org\/es\/wp-json\/wp\/v2\/pages\/47839\/revisions\/48451"}],"wp:attachment":[{"href":"https:\/\/fundaciotallers.org\/es\/wp-json\/wp\/v2\/media?parent=47839"}],"curies":[{"name":"wp","href":"https:\/\/api.w.org\/{rel}","templated":true}]}}