{"id":47806,"date":"2025-08-03T22:27:51","date_gmt":"2025-08-03T20:27:51","guid":{"rendered":"https:\/\/fundaciotallers.org\/?page_id=47806"},"modified":"2025-11-21T01:29:19","modified_gmt":"2025-11-21T00:29:19","slug":"noticias","status":"publish","type":"page","link":"https:\/\/fundaciotallers.org\/es\/noticias\/","title":{"rendered":"Noticias"},"content":{"rendered":"\t\t<div data-elementor-type=\"wp-page\" data-elementor-id=\"47806\" class=\"elementor elementor-47806 elementor-45783\">\n\t\t\t\t\t\t<section class=\"elementor-section elementor-top-section elementor-element elementor-element-ba21690 elementor-hidden-mobile elementor-section-boxed elementor-section-height-default elementor-section-height-default\" data-id=\"ba21690\" data-element_type=\"section\" data-e-type=\"section\" data-settings=\"{&quot;background_background&quot;:&quot;classic&quot;}\">\n\t\t\t\t\t\t<div class=\"elementor-container elementor-column-gap-narrow\">\n\t\t\t\t\t<div class=\"elementor-column elementor-col-25 elementor-top-column elementor-element elementor-element-42ef8bb\" data-id=\"42ef8bb\" data-element_type=\"column\" data-e-type=\"column\">\n\t\t\t<div class=\"elementor-widget-wrap elementor-element-populated\">\n\t\t\t\t\t\t<div class=\"elementor-element elementor-element-6a63bf2 elementor-widget elementor-widget-image\" data-id=\"6a63bf2\" data-element_type=\"widget\" data-e-type=\"widget\" data-widget_type=\"image.default\">\n\t\t\t\t<div class=\"elementor-widget-container\">\n\t\t\t\t\t\t\t\t\t\t\t\t\t\t\t\t<a href=\"https:\/\/fundaciotallers.org\/es\/\">\n\t\t\t\t\t\t\t<img fetchpriority=\"high\" decoding=\"async\" width=\"1024\" height=\"313\" src=\"https:\/\/fundaciotallers.org\/wp-content\/uploads\/2025\/07\/fundacio-tallers-inclusio-laboral-1024x313.png\" class=\"attachment-large size-large wp-image-44007\" alt=\"\" srcset=\"https:\/\/fundaciotallers.org\/wp-content\/uploads\/2025\/07\/fundacio-tallers-inclusio-laboral-1024x313.png 1024w, https:\/\/fundaciotallers.org\/wp-content\/uploads\/2025\/07\/fundacio-tallers-inclusio-laboral-300x92.png 300w, https:\/\/fundaciotallers.org\/wp-content\/uploads\/2025\/07\/fundacio-tallers-inclusio-laboral-768x234.png 768w, https:\/\/fundaciotallers.org\/wp-content\/uploads\/2025\/07\/fundacio-tallers-inclusio-laboral-1536x469.png 1536w, https:\/\/fundaciotallers.org\/wp-content\/uploads\/2025\/07\/fundacio-tallers-inclusio-laboral.png 1890w\" sizes=\"(max-width: 1024px) 100vw, 1024px\" \/>\t\t\t\t\t\t\t\t<\/a>\n\t\t\t\t\t\t\t\t\t\t\t\t\t\t\t<\/div>\n\t\t\t\t<\/div>\n\t\t\t\t\t<\/div>\n\t\t<\/div>\n\t\t\t\t<div class=\"elementor-column elementor-col-25 elementor-top-column elementor-element elementor-element-77eebab\" data-id=\"77eebab\" data-element_type=\"column\" data-e-type=\"column\">\n\t\t\t<div class=\"elementor-widget-wrap\">\n\t\t\t\t\t\t\t<\/div>\n\t\t<\/div>\n\t\t\t\t<div class=\"elementor-column elementor-col-25 elementor-top-column elementor-element elementor-element-c3fab7b\" data-id=\"c3fab7b\" data-element_type=\"column\" data-e-type=\"column\">\n\t\t\t<div class=\"elementor-widget-wrap elementor-element-populated\">\n\t\t\t\t\t\t<div class=\"elementor-element elementor-element-0d34697 elementor-shape-circle e-grid-align-right elementor-grid-0 elementor-widget elementor-widget-social-icons\" data-id=\"0d34697\" data-element_type=\"widget\" data-e-type=\"widget\" data-widget_type=\"social-icons.default\">\n\t\t\t\t<div class=\"elementor-widget-container\">\n\t\t\t\t\t\t\t<div class=\"elementor-social-icons-wrapper elementor-grid\" role=\"list\">\n\t\t\t\t\t\t\t<span class=\"elementor-grid-item\" role=\"listitem\">\n\t\t\t\t\t<a class=\"elementor-icon elementor-social-icon elementor-social-icon-instagram elementor-repeater-item-1e3f81b\" target=\"_blank\">\n\t\t\t\t\t\t<span class=\"elementor-screen-only\">Instagram<\/span>\n\t\t\t\t\t\t<i aria-hidden=\"true\" class=\"fab fa-instagram\"><\/i>\t\t\t\t\t<\/a>\n\t\t\t\t<\/span>\n\t\t\t\t\t\t\t<span class=\"elementor-grid-item\" role=\"listitem\">\n\t\t\t\t\t<a class=\"elementor-icon elementor-social-icon elementor-social-icon-linkedin elementor-repeater-item-980f104\" target=\"_blank\">\n\t\t\t\t\t\t<span class=\"elementor-screen-only\">Linkedin<\/span>\n\t\t\t\t\t\t<i aria-hidden=\"true\" class=\"fab fa-linkedin\"><\/i>\t\t\t\t\t<\/a>\n\t\t\t\t<\/span>\n\t\t\t\t\t<\/div>\n\t\t\t\t\t\t<\/div>\n\t\t\t\t<\/div>\n\t\t\t\t\t<\/div>\n\t\t<\/div>\n\t\t\t\t<div class=\"elementor-column elementor-col-25 elementor-top-column elementor-element elementor-element-80341c9\" data-id=\"80341c9\" data-element_type=\"column\" data-e-type=\"column\">\n\t\t\t<div class=\"elementor-widget-wrap elementor-element-populated\">\n\t\t\t\t\t\t<div class=\"elementor-element elementor-element-a9c7384 elementor-widget elementor-widget-text-editor\" data-id=\"a9c7384\" data-element_type=\"widget\" data-e-type=\"widget\" data-widget_type=\"text-editor.default\">\n\t\t\t\t<div class=\"elementor-widget-container\">\n\t\t\t\t\t\t\t\t\t<p><a href=\"https:\/\/fundaciotallers.org\/ca\/\">Catal\u00e0\u00a0<\/a> \u00a0|\u00a0 \u00a0<a href=\"https:\/\/fundaciotallers.org\/es\/\">Castell\u00e0<\/a><\/p>\t\t\t\t\t\t\t\t<\/div>\n\t\t\t\t<\/div>\n\t\t\t\t\t<\/div>\n\t\t<\/div>\n\t\t\t\t\t<\/div>\n\t\t<\/section>\n\t\t\t\t<section class=\"elementor-section elementor-top-section elementor-element elementor-element-64997f1 elementor-hidden-desktop elementor-hidden-tablet elementor-hidden-mobile elementor-section-boxed elementor-section-height-default elementor-section-height-default\" data-id=\"64997f1\" data-element_type=\"section\" data-e-type=\"section\">\n\t\t\t\t\t\t<div class=\"elementor-container elementor-column-gap-narrow\">\n\t\t\t\t\t<div class=\"elementor-column elementor-col-50 elementor-top-column elementor-element elementor-element-b26a016\" data-id=\"b26a016\" data-element_type=\"column\" data-e-type=\"column\">\n\t\t\t<div class=\"elementor-widget-wrap elementor-element-populated\">\n\t\t\t\t\t\t<div class=\"elementor-element elementor-element-9975989 eael_simple_menu_hamburger_disable_selected_menu_no eael-simple-menu-hamburger-align-right eael-hamburger--tablet elementor-widget elementor-widget-eael-simple-menu\" data-id=\"9975989\" data-element_type=\"widget\" data-e-type=\"widget\" data-widget_type=\"eael-simple-menu.default\">\n\t\t\t\t<div class=\"elementor-widget-container\">\n\t\t\t\t\t<style>\n                        @media screen and (max-width: 1024px) {\n                            .eael-hamburger--tablet {\n                                .eael-simple-menu-horizontal,\n                                .eael-simple-menu-vertical {\n                                    display: none;\n                                }\n                            }\n                            .eael-hamburger--tablet {\n                                .eael-simple-menu-container .eael-simple-menu-toggle {\n                                    display: block;\n                                }\n                            }\n                        }\n                        .eael-simple-menu-container.eael-simple-menu--loading > ul {\n                            display: -webkit-box !important;\n                            display: -ms-flexbox !important;\n                            display: flex !important;\n                            list-style: none !important;\n                        }\n                        .eael-simple-menu-container.eael-simple-menu--loading li ul {\n                            visibility: hidden !important;\n                            opacity: 0 !important;\n                        }\n                    <\/style>            <div data-hamburger-icon=\"&lt;i aria-hidden=&quot;true&quot; class=&quot;fas fa-bars&quot;&gt;&lt;\/i&gt;\" data-indicator-icon=\"&lt;i aria-hidden=&quot;true&quot; class=&quot;fas fa-angle-down&quot;&gt;&lt;\/i&gt;\" data-dropdown-indicator-icon=\"&lt;i class=&quot;fas fa-angle-down&quot;&gt;&lt;\/i&gt;\" class=\"eael-simple-menu-container eael-simple-menu--loading eael-simple-menu-align-left eael-simple-menu-dropdown-align-left preset-1\" data-hamburger-breakpoints=\"{&quot;mobile&quot;:&quot;M\\u00f3vil vertical (&gt; 767px)&quot;,&quot;tablet&quot;:&quot;Tableta vertical (&gt; 1024px)&quot;,&quot;desktop&quot;:&quot;Escritorio (&gt; 2400px)&quot;,&quot;none&quot;:&quot;Ninguno&quot;}\" data-hamburger-device=\"tablet\">\n                <ul id=\"menu-nova-web-cat-es\" class=\"eael-simple-menu eael-simple-menu-dropdown-animate-to-top eael-simple-menu-indicator eael-simple-menu-horizontal\"><li id=\"menu-item-47841\" class=\"menu-item menu-item-type-custom menu-item-object-custom menu-item-has-children menu-item-47841\"><a href=\"#\">Qui\u00e9nes somos<\/a>\n<ul class=\"sub-menu\">\n\t<li id=\"menu-item-47842\" class=\"menu-item menu-item-type-post_type menu-item-object-page menu-item-47842\"><a href=\"https:\/\/fundaciotallers.org\/es\/conocenos\/\">Con\u00f3cenos<\/a><\/li>\n\t<li id=\"menu-item-47843\" class=\"menu-item menu-item-type-post_type menu-item-object-page menu-item-47843\"><a href=\"https:\/\/fundaciotallers.org\/es\/historia-2\/\">Historia<\/a><\/li>\n\t<li id=\"menu-item-47844\" class=\"menu-item menu-item-type-post_type menu-item-object-page menu-item-47844\"><a href=\"https:\/\/fundaciotallers.org\/es\/patronato-y-comite-de-direccion\/\">Patronato y Comit\u00e9 de Direcci\u00f3n<\/a><\/li>\n\t<li id=\"menu-item-47845\" class=\"menu-item menu-item-type-post_type menu-item-object-page menu-item-47845\"><a href=\"https:\/\/fundaciotallers.org\/es\/equipo-de-coordinacion-y-servicios-de-apoyo\/\">Equipo de Coordinaci\u00f3n y Servicios de Apoyo<\/a><\/li>\n\t<li id=\"menu-item-47846\" class=\"menu-item menu-item-type-post_type menu-item-object-page menu-item-47846\"><a href=\"https:\/\/fundaciotallers.org\/es\/portal-de-transparencia\/\">Portal de Transparencia<\/a><\/li>\n\t<li id=\"menu-item-47847\" class=\"menu-item menu-item-type-post_type menu-item-object-page menu-item-47847\"><a href=\"https:\/\/fundaciotallers.org\/es\/portal-de-transparencia\/memoria\/\">Memoria<\/a><\/li>\n\t<li id=\"menu-item-47848\" class=\"menu-item menu-item-type-post_type menu-item-object-page menu-item-47848\"><a href=\"https:\/\/fundaciotallers.org\/es\/politica-de-calidad-y-medio-ambiente\/\">Pol\u00edtica de calidad y medio ambiente<\/a><\/li>\n\t<li id=\"menu-item-47849\" class=\"menu-item menu-item-type-post_type menu-item-object-page menu-item-47849\"><a href=\"https:\/\/fundaciotallers.org\/es\/colaboradores-2\/\">Colaboradores<\/a><\/li>\n<\/ul>\n<\/li>\n<li id=\"menu-item-47850\" class=\"menu-item menu-item-type-post_type menu-item-object-page menu-item-has-children menu-item-47850\"><a href=\"https:\/\/fundaciotallers.org\/es\/servicios-para-las-personas\/\">A las personas<\/a>\n<ul class=\"sub-menu\">\n\t<li id=\"menu-item-47851\" class=\"menu-item menu-item-type-post_type menu-item-object-page menu-item-47851\"><a href=\"https:\/\/fundaciotallers.org\/es\/servicio-formacion-ocupacional\/\">Formaci\u00f3n ocupacional<\/a><\/li>\n\t<li id=\"menu-item-47852\" class=\"menu-item menu-item-type-post_type menu-item-object-page menu-item-47852\"><a href=\"https:\/\/fundaciotallers.org\/es\/servicio-insercion-laboral\/\">Servicio de Inserci\u00f3n laboral (SIL)<\/a><\/li>\n\t<li id=\"menu-item-47853\" class=\"menu-item menu-item-type-post_type menu-item-object-page menu-item-47853\"><a href=\"https:\/\/fundaciotallers.org\/es\/centro-especial-de-trabajo\/\">Centro Especial de Trabajo<\/a><\/li>\n\t<li id=\"menu-item-47854\" class=\"menu-item menu-item-type-post_type menu-item-object-page menu-item-47854\"><a href=\"https:\/\/fundaciotallers.org\/es\/equipo-multidisciplinario-de-apoyo-ems\/\">Equipo Multidisciplinario de Apoyo (EMS)<\/a><\/li>\n\t<li id=\"menu-item-47855\" class=\"menu-item menu-item-type-post_type menu-item-object-page menu-item-47855\"><a href=\"https:\/\/fundaciotallers.org\/es\/empresa-insercion\/\">Empresa de inserci\u00f3n<\/a><\/li>\n<\/ul>\n<\/li>\n<li id=\"menu-item-47856\" class=\"menu-item menu-item-type-post_type menu-item-object-page menu-item-has-children menu-item-47856\"><a href=\"https:\/\/fundaciotallers.org\/es\/servicios-para-empresas\/\">A las empresas<\/a>\n<ul class=\"sub-menu\">\n\t<li id=\"menu-item-47857\" class=\"menu-item menu-item-type-post_type menu-item-object-page menu-item-47857\"><a href=\"https:\/\/fundaciotallers.org\/es\/cumplimiento-ley-discapacidad\/\">Cumplimiento Ley Discapacidad<\/a><\/li>\n\t<li id=\"menu-item-47858\" class=\"menu-item menu-item-type-post_type menu-item-object-page menu-item-47858\"><a href=\"https:\/\/fundaciotallers.org\/es\/jardineria\/\">Jardineria\u00a0<\/a><\/li>\n\t<li id=\"menu-item-47859\" class=\"menu-item menu-item-type-post_type menu-item-object-page menu-item-47859\"><a href=\"https:\/\/fundaciotallers.org\/es\/servicios-limpieza\/\">Limpieza<\/a><\/li>\n\t<li id=\"menu-item-47860\" class=\"menu-item menu-item-type-post_type menu-item-object-page menu-item-47860\"><a href=\"https:\/\/fundaciotallers.org\/es\/manipulados-y-logistica-industrial\/\">Manipulados, log\u00edstica industrial y servicios textiles<\/a><\/li>\n\t<li id=\"menu-item-47861\" class=\"menu-item menu-item-type-post_type menu-item-object-page menu-item-47861\"><a href=\"https:\/\/fundaciotallers.org\/es\/servicios-tintoreria-industrial-domestica\/\">Tintorer\u00eda<\/a><\/li>\n\t<li id=\"menu-item-47862\" class=\"menu-item menu-item-type-post_type menu-item-object-page menu-item-47862\"><a href=\"https:\/\/fundaciotallers.org\/es\/servicio-de-gestion-documental\/\">Externalizaci\u00f3n procesos administrativos<\/a><\/li>\n<\/ul>\n<\/li>\n<li id=\"menu-item-47863\" class=\"menu-item menu-item-type-post_type menu-item-object-page menu-item-has-children menu-item-47863\"><a href=\"https:\/\/fundaciotallers.org\/es\/servicios-para-las-administraciones\/\">A las administraciones<\/a>\n<ul class=\"sub-menu\">\n\t<li id=\"menu-item-47864\" class=\"menu-item menu-item-type-post_type menu-item-object-page menu-item-47864\"><a href=\"https:\/\/fundaciotallers.org\/es\/servicios-de-jardineria-para-administraciones-publicas\/\">Servicios de jardiner\u00eda para administraciones p\u00fablicas<\/a><\/li>\n\t<li id=\"menu-item-47865\" class=\"menu-item menu-item-type-post_type menu-item-object-page menu-item-47865\"><a href=\"https:\/\/fundaciotallers.org\/es\/limpieza-de-interiores\/\">Limpieza de interiores<\/a><\/li>\n\t<li id=\"menu-item-47866\" class=\"menu-item menu-item-type-post_type menu-item-object-page menu-item-47866\"><a href=\"https:\/\/fundaciotallers.org\/es\/limpieza-viaria\/\">Limpieza Viaria<\/a><\/li>\n\t<li id=\"menu-item-47867\" class=\"menu-item menu-item-type-post_type menu-item-object-page menu-item-47867\"><a href=\"https:\/\/fundaciotallers.org\/es\/gestion-desecherias-y-puntos-verdes\/\">Gesti\u00f3n de desecher\u00edas y puntos verdes<\/a><\/li>\n\t<li id=\"menu-item-47868\" class=\"menu-item menu-item-type-post_type menu-item-object-page menu-item-47868\"><a href=\"https:\/\/fundaciotallers.org\/es\/externalizacion-procesos-administrativos\/\">Servicio de gesti\u00f3n documental<\/a><\/li>\n<\/ul>\n<\/li>\n<li id=\"menu-item-47869\" class=\"menu-item menu-item-type-post_type menu-item-object-page menu-item-47869\"><a href=\"https:\/\/fundaciotallers.org\/es\/trabaja-con-nosotros\/\">Trabaja con nosotros<\/a><\/li>\n<li id=\"menu-item-47870\" class=\"menu-item menu-item-type-custom menu-item-object-custom menu-item-47870\"><a target=\"_blank\" href=\"https:\/\/www.pereclaver.org\/voluntariat\/\">Voluntariado<\/a><\/li>\n<li id=\"menu-item-47871\" class=\"menu-item menu-item-type-post_type menu-item-object-page menu-item-47871\"><a href=\"https:\/\/fundaciotallers.org\/es\/noticias\/\">Blog<\/a><\/li>\n<li id=\"menu-item-47872\" class=\"menu-item menu-item-type-post_type menu-item-object-page menu-item-47872\"><a href=\"https:\/\/fundaciotallers.org\/es\/contacto\/\">Contacto<\/a><\/li>\n<\/ul>                <button class=\"eael-simple-menu-toggle\">\n                    <span class=\"sr-only \">Men\u00fa conmutador hamburguesa<\/span>\n                    <i aria-hidden=\"true\" class=\"fas fa-bars\"><\/i>                <\/button>\n            <\/div>\n            \t\t\t\t<\/div>\n\t\t\t\t<\/div>\n\t\t\t\t\t<\/div>\n\t\t<\/div>\n\t\t\t\t<div class=\"elementor-column elementor-col-25 elementor-top-column elementor-element elementor-element-87cc0b5\" data-id=\"87cc0b5\" data-element_type=\"column\" data-e-type=\"column\">\n\t\t\t<div class=\"elementor-widget-wrap elementor-element-populated\">\n\t\t\t\t\t\t<div class=\"elementor-element elementor-element-db82b98 elementor-align-right elementor-widget elementor-widget-button\" data-id=\"db82b98\" data-element_type=\"widget\" data-e-type=\"widget\" data-widget_type=\"button.default\">\n\t\t\t\t<div class=\"elementor-widget-container\">\n\t\t\t\t\t\t\t\t\t<div class=\"elementor-button-wrapper\">\n\t\t\t\t\t<a class=\"elementor-button elementor-size-sm\" role=\"button\">\n\t\t\t\t\t\t<span class=\"elementor-button-content-wrapper\">\n\t\t\t\t\t\t\t\t\t<span class=\"elementor-button-text\">Col\u00b7labora<\/span>\n\t\t\t\t\t<\/span>\n\t\t\t\t\t<\/a>\n\t\t\t\t<\/div>\n\t\t\t\t\t\t\t\t<\/div>\n\t\t\t\t<\/div>\n\t\t\t\t\t<\/div>\n\t\t<\/div>\n\t\t\t\t<div class=\"elementor-column elementor-col-25 elementor-top-column elementor-element elementor-element-f73e195\" data-id=\"f73e195\" data-element_type=\"column\" data-e-type=\"column\">\n\t\t\t<div class=\"elementor-widget-wrap elementor-element-populated\">\n\t\t\t\t\t\t<div class=\"elementor-element elementor-element-549fbaf elementor-align-right elementor-widget elementor-widget-button\" data-id=\"549fbaf\" data-element_type=\"widget\" data-e-type=\"widget\" data-widget_type=\"button.default\">\n\t\t\t\t<div class=\"elementor-widget-container\">\n\t\t\t\t\t\t\t\t\t<div class=\"elementor-button-wrapper\">\n\t\t\t\t\t<a class=\"elementor-button elementor-size-sm\" role=\"button\">\n\t\t\t\t\t\t<span class=\"elementor-button-content-wrapper\">\n\t\t\t\t\t\t\t\t\t<span class=\"elementor-button-text\">Dona<\/span>\n\t\t\t\t\t<\/span>\n\t\t\t\t\t<\/a>\n\t\t\t\t<\/div>\n\t\t\t\t\t\t\t\t<\/div>\n\t\t\t\t<\/div>\n\t\t\t\t\t<\/div>\n\t\t<\/div>\n\t\t\t\t\t<\/div>\n\t\t<\/section>\n\t\t\t\t<section class=\"elementor-section elementor-top-section elementor-element elementor-element-831d1b2 elementor-hidden-mobile elementor-section-boxed elementor-section-height-default elementor-section-height-default\" data-id=\"831d1b2\" data-element_type=\"section\" data-e-type=\"section\">\n\t\t\t\t\t\t<div class=\"elementor-container elementor-column-gap-narrow\">\n\t\t\t\t\t<div class=\"elementor-column elementor-col-100 elementor-top-column elementor-element elementor-element-58f8a77\" data-id=\"58f8a77\" data-element_type=\"column\" data-e-type=\"column\">\n\t\t\t<div class=\"elementor-widget-wrap elementor-element-populated\">\n\t\t\t\t\t\t<div class=\"elementor-element elementor-element-77e8215 eael_simple_menu_hamburger_disable_selected_menu_no eael-simple-menu-hamburger-align-right eael-hamburger--tablet elementor-widget elementor-widget-eael-simple-menu\" data-id=\"77e8215\" data-element_type=\"widget\" data-e-type=\"widget\" data-widget_type=\"eael-simple-menu.default\">\n\t\t\t\t<div class=\"elementor-widget-container\">\n\t\t\t\t\t<style>\n                        @media screen and (max-width: 1024px) {\n                            .eael-hamburger--tablet {\n                                .eael-simple-menu-horizontal,\n                                .eael-simple-menu-vertical {\n                                    display: none;\n                                }\n                            }\n                            .eael-hamburger--tablet {\n                                .eael-simple-menu-container .eael-simple-menu-toggle {\n                                    display: block;\n                                }\n                            }\n                        }\n                        .eael-simple-menu-container.eael-simple-menu--loading > ul {\n                            display: -webkit-box !important;\n                            display: -ms-flexbox !important;\n                            display: flex !important;\n                            list-style: none !important;\n                        }\n                        .eael-simple-menu-container.eael-simple-menu--loading li ul {\n                            visibility: hidden !important;\n                            opacity: 0 !important;\n                        }\n                    <\/style>            <div data-hamburger-icon=\"&lt;i aria-hidden=&quot;true&quot; class=&quot;fas fa-bars&quot;&gt;&lt;\/i&gt;\" data-indicator-icon=\"&lt;i aria-hidden=&quot;true&quot; class=&quot;fas fa-angle-down&quot;&gt;&lt;\/i&gt;\" data-dropdown-indicator-icon=\"&lt;i class=&quot;fas fa-angle-down&quot;&gt;&lt;\/i&gt;\" class=\"eael-simple-menu-container eael-simple-menu--loading eael-simple-menu-align-left eael-simple-menu-dropdown-align-left preset-1\" data-hamburger-breakpoints=\"{&quot;mobile&quot;:&quot;M\\u00f3vil vertical (&gt; 767px)&quot;,&quot;tablet&quot;:&quot;Tableta vertical (&gt; 1024px)&quot;,&quot;desktop&quot;:&quot;Escritorio (&gt; 2400px)&quot;,&quot;none&quot;:&quot;Ninguno&quot;}\" data-hamburger-device=\"tablet\">\n                <ul id=\"menu-nova-web-cat-es-1\" class=\"eael-simple-menu eael-simple-menu-dropdown-animate-to-top eael-simple-menu-indicator eael-simple-menu-horizontal\"><li class=\"menu-item menu-item-type-custom menu-item-object-custom menu-item-has-children menu-item-47841\"><a href=\"#\">Qui\u00e9nes somos<\/a>\n<ul class=\"sub-menu\">\n\t<li class=\"menu-item menu-item-type-post_type menu-item-object-page menu-item-47842\"><a href=\"https:\/\/fundaciotallers.org\/es\/conocenos\/\">Con\u00f3cenos<\/a><\/li>\n\t<li class=\"menu-item menu-item-type-post_type menu-item-object-page menu-item-47843\"><a href=\"https:\/\/fundaciotallers.org\/es\/historia-2\/\">Historia<\/a><\/li>\n\t<li class=\"menu-item menu-item-type-post_type menu-item-object-page menu-item-47844\"><a href=\"https:\/\/fundaciotallers.org\/es\/patronato-y-comite-de-direccion\/\">Patronato y Comit\u00e9 de Direcci\u00f3n<\/a><\/li>\n\t<li class=\"menu-item menu-item-type-post_type menu-item-object-page menu-item-47845\"><a href=\"https:\/\/fundaciotallers.org\/es\/equipo-de-coordinacion-y-servicios-de-apoyo\/\">Equipo de Coordinaci\u00f3n y Servicios de Apoyo<\/a><\/li>\n\t<li class=\"menu-item menu-item-type-post_type menu-item-object-page menu-item-47846\"><a href=\"https:\/\/fundaciotallers.org\/es\/portal-de-transparencia\/\">Portal de Transparencia<\/a><\/li>\n\t<li class=\"menu-item menu-item-type-post_type menu-item-object-page menu-item-47847\"><a href=\"https:\/\/fundaciotallers.org\/es\/portal-de-transparencia\/memoria\/\">Memoria<\/a><\/li>\n\t<li class=\"menu-item menu-item-type-post_type menu-item-object-page menu-item-47848\"><a href=\"https:\/\/fundaciotallers.org\/es\/politica-de-calidad-y-medio-ambiente\/\">Pol\u00edtica de calidad y medio ambiente<\/a><\/li>\n\t<li class=\"menu-item menu-item-type-post_type menu-item-object-page menu-item-47849\"><a href=\"https:\/\/fundaciotallers.org\/es\/colaboradores-2\/\">Colaboradores<\/a><\/li>\n<\/ul>\n<\/li>\n<li class=\"menu-item menu-item-type-post_type menu-item-object-page menu-item-has-children menu-item-47850\"><a href=\"https:\/\/fundaciotallers.org\/es\/servicios-para-las-personas\/\">A las personas<\/a>\n<ul class=\"sub-menu\">\n\t<li class=\"menu-item menu-item-type-post_type menu-item-object-page menu-item-47851\"><a href=\"https:\/\/fundaciotallers.org\/es\/servicio-formacion-ocupacional\/\">Formaci\u00f3n ocupacional<\/a><\/li>\n\t<li class=\"menu-item menu-item-type-post_type menu-item-object-page menu-item-47852\"><a href=\"https:\/\/fundaciotallers.org\/es\/servicio-insercion-laboral\/\">Servicio de Inserci\u00f3n laboral (SIL)<\/a><\/li>\n\t<li class=\"menu-item menu-item-type-post_type menu-item-object-page menu-item-47853\"><a href=\"https:\/\/fundaciotallers.org\/es\/centro-especial-de-trabajo\/\">Centro Especial de Trabajo<\/a><\/li>\n\t<li class=\"menu-item menu-item-type-post_type menu-item-object-page menu-item-47854\"><a href=\"https:\/\/fundaciotallers.org\/es\/equipo-multidisciplinario-de-apoyo-ems\/\">Equipo Multidisciplinario de Apoyo (EMS)<\/a><\/li>\n\t<li class=\"menu-item menu-item-type-post_type menu-item-object-page menu-item-47855\"><a href=\"https:\/\/fundaciotallers.org\/es\/empresa-insercion\/\">Empresa de inserci\u00f3n<\/a><\/li>\n<\/ul>\n<\/li>\n<li class=\"menu-item menu-item-type-post_type menu-item-object-page menu-item-has-children menu-item-47856\"><a href=\"https:\/\/fundaciotallers.org\/es\/servicios-para-empresas\/\">A las empresas<\/a>\n<ul class=\"sub-menu\">\n\t<li class=\"menu-item menu-item-type-post_type menu-item-object-page menu-item-47857\"><a href=\"https:\/\/fundaciotallers.org\/es\/cumplimiento-ley-discapacidad\/\">Cumplimiento Ley Discapacidad<\/a><\/li>\n\t<li class=\"menu-item menu-item-type-post_type menu-item-object-page menu-item-47858\"><a href=\"https:\/\/fundaciotallers.org\/es\/jardineria\/\">Jardineria\u00a0<\/a><\/li>\n\t<li class=\"menu-item menu-item-type-post_type menu-item-object-page menu-item-47859\"><a href=\"https:\/\/fundaciotallers.org\/es\/servicios-limpieza\/\">Limpieza<\/a><\/li>\n\t<li class=\"menu-item menu-item-type-post_type menu-item-object-page menu-item-47860\"><a href=\"https:\/\/fundaciotallers.org\/es\/manipulados-y-logistica-industrial\/\">Manipulados, log\u00edstica industrial y servicios textiles<\/a><\/li>\n\t<li class=\"menu-item menu-item-type-post_type menu-item-object-page menu-item-47861\"><a href=\"https:\/\/fundaciotallers.org\/es\/servicios-tintoreria-industrial-domestica\/\">Tintorer\u00eda<\/a><\/li>\n\t<li class=\"menu-item menu-item-type-post_type menu-item-object-page menu-item-47862\"><a href=\"https:\/\/fundaciotallers.org\/es\/servicio-de-gestion-documental\/\">Externalizaci\u00f3n procesos administrativos<\/a><\/li>\n<\/ul>\n<\/li>\n<li class=\"menu-item menu-item-type-post_type menu-item-object-page menu-item-has-children menu-item-47863\"><a href=\"https:\/\/fundaciotallers.org\/es\/servicios-para-las-administraciones\/\">A las administraciones<\/a>\n<ul class=\"sub-menu\">\n\t<li class=\"menu-item menu-item-type-post_type menu-item-object-page menu-item-47864\"><a href=\"https:\/\/fundaciotallers.org\/es\/servicios-de-jardineria-para-administraciones-publicas\/\">Servicios de jardiner\u00eda para administraciones p\u00fablicas<\/a><\/li>\n\t<li class=\"menu-item menu-item-type-post_type menu-item-object-page menu-item-47865\"><a href=\"https:\/\/fundaciotallers.org\/es\/limpieza-de-interiores\/\">Limpieza de interiores<\/a><\/li>\n\t<li class=\"menu-item menu-item-type-post_type menu-item-object-page menu-item-47866\"><a href=\"https:\/\/fundaciotallers.org\/es\/limpieza-viaria\/\">Limpieza Viaria<\/a><\/li>\n\t<li class=\"menu-item menu-item-type-post_type menu-item-object-page menu-item-47867\"><a href=\"https:\/\/fundaciotallers.org\/es\/gestion-desecherias-y-puntos-verdes\/\">Gesti\u00f3n de desecher\u00edas y puntos verdes<\/a><\/li>\n\t<li class=\"menu-item menu-item-type-post_type menu-item-object-page menu-item-47868\"><a href=\"https:\/\/fundaciotallers.org\/es\/externalizacion-procesos-administrativos\/\">Servicio de gesti\u00f3n documental<\/a><\/li>\n<\/ul>\n<\/li>\n<li class=\"menu-item menu-item-type-post_type menu-item-object-page menu-item-47869\"><a href=\"https:\/\/fundaciotallers.org\/es\/trabaja-con-nosotros\/\">Trabaja con nosotros<\/a><\/li>\n<li class=\"menu-item menu-item-type-custom menu-item-object-custom menu-item-47870\"><a target=\"_blank\" href=\"https:\/\/www.pereclaver.org\/voluntariat\/\">Voluntariado<\/a><\/li>\n<li class=\"menu-item menu-item-type-post_type menu-item-object-page menu-item-47871\"><a href=\"https:\/\/fundaciotallers.org\/es\/noticias\/\">Blog<\/a><\/li>\n<li class=\"menu-item menu-item-type-post_type menu-item-object-page menu-item-47872\"><a href=\"https:\/\/fundaciotallers.org\/es\/contacto\/\">Contacto<\/a><\/li>\n<\/ul>                <button class=\"eael-simple-menu-toggle\">\n                    <span class=\"sr-only \">Men\u00fa conmutador hamburguesa<\/span>\n                    <i aria-hidden=\"true\" class=\"fas fa-bars\"><\/i>                <\/button>\n            <\/div>\n            \t\t\t\t<\/div>\n\t\t\t\t<\/div>\n\t\t\t\t\t<\/div>\n\t\t<\/div>\n\t\t\t\t\t<\/div>\n\t\t<\/section>\n\t\t\t\t<section class=\"elementor-section elementor-top-section elementor-element elementor-element-ec26f78 elementor-hidden-tablet elementor-hidden-desktop elementor-section-boxed elementor-section-height-default elementor-section-height-default\" data-id=\"ec26f78\" data-element_type=\"section\" data-e-type=\"section\" data-settings=\"{&quot;background_background&quot;:&quot;classic&quot;}\">\n\t\t\t\t\t\t<div class=\"elementor-container elementor-column-gap-narrow\">\n\t\t\t\t\t<div class=\"elementor-column elementor-col-100 elementor-top-column elementor-element elementor-element-c4570bb\" data-id=\"c4570bb\" data-element_type=\"column\" data-e-type=\"column\">\n\t\t\t<div class=\"elementor-widget-wrap elementor-element-populated\">\n\t\t\t\t\t\t<div class=\"elementor-element elementor-element-a560ff2 elementor-widget elementor-widget-text-editor\" data-id=\"a560ff2\" data-element_type=\"widget\" data-e-type=\"widget\" data-widget_type=\"text-editor.default\">\n\t\t\t\t<div class=\"elementor-widget-container\">\n\t\t\t\t\t\t\t\t\t<a href=\"https:\/\/fundaciotallers.org\/ca\/\">Catal\u00e0\u00a0<\/a> \u00a0|\u00a0 \u00a0<a href=\"https:\/\/fundaciotallers.org\/es\/\">Castell\u00e0<\/a>\t\t\t\t\t\t\t\t<\/div>\n\t\t\t\t<\/div>\n\t\t\t\t\t<\/div>\n\t\t<\/div>\n\t\t\t\t\t<\/div>\n\t\t<\/section>\n\t\t\t\t<section class=\"elementor-section elementor-top-section elementor-element elementor-element-cb48511 elementor-hidden-desktop elementor-hidden-tablet elementor-section-boxed elementor-section-height-default elementor-section-height-default\" data-id=\"cb48511\" data-element_type=\"section\" data-e-type=\"section\" data-settings=\"{&quot;background_background&quot;:&quot;classic&quot;}\">\n\t\t\t\t\t\t<div class=\"elementor-container elementor-column-gap-narrow\">\n\t\t\t\t\t<div class=\"elementor-column elementor-col-100 elementor-top-column elementor-element elementor-element-c3f43a9\" data-id=\"c3f43a9\" data-element_type=\"column\" data-e-type=\"column\">\n\t\t\t<div class=\"elementor-widget-wrap elementor-element-populated\">\n\t\t\t\t\t\t<div class=\"elementor-element elementor-element-3309f47 elementor-widget elementor-widget-image\" data-id=\"3309f47\" data-element_type=\"widget\" data-e-type=\"widget\" data-widget_type=\"image.default\">\n\t\t\t\t<div class=\"elementor-widget-container\">\n\t\t\t\t\t\t\t\t\t\t\t\t\t\t\t\t<a href=\"https:\/\/fundaciotallers.org\/es\/\">\n\t\t\t\t\t\t\t<img fetchpriority=\"high\" decoding=\"async\" width=\"1024\" height=\"313\" src=\"https:\/\/fundaciotallers.org\/wp-content\/uploads\/2025\/07\/fundacio-tallers-inclusio-laboral-1024x313.png\" class=\"attachment-large size-large wp-image-44007\" alt=\"\" srcset=\"https:\/\/fundaciotallers.org\/wp-content\/uploads\/2025\/07\/fundacio-tallers-inclusio-laboral-1024x313.png 1024w, https:\/\/fundaciotallers.org\/wp-content\/uploads\/2025\/07\/fundacio-tallers-inclusio-laboral-300x92.png 300w, https:\/\/fundaciotallers.org\/wp-content\/uploads\/2025\/07\/fundacio-tallers-inclusio-laboral-768x234.png 768w, https:\/\/fundaciotallers.org\/wp-content\/uploads\/2025\/07\/fundacio-tallers-inclusio-laboral-1536x469.png 1536w, https:\/\/fundaciotallers.org\/wp-content\/uploads\/2025\/07\/fundacio-tallers-inclusio-laboral.png 1890w\" sizes=\"(max-width: 1024px) 100vw, 1024px\" \/>\t\t\t\t\t\t\t\t<\/a>\n\t\t\t\t\t\t\t\t\t\t\t\t\t\t\t<\/div>\n\t\t\t\t<\/div>\n\t\t\t\t<div class=\"elementor-element elementor-element-e9861bf eael-simple-menu-hamburger-align-center eael_simple_menu_hamburger_disable_selected_menu_hide eael-hamburger--tablet elementor-widget elementor-widget-eael-simple-menu\" data-id=\"e9861bf\" data-element_type=\"widget\" data-e-type=\"widget\" data-widget_type=\"eael-simple-menu.default\">\n\t\t\t\t<div class=\"elementor-widget-container\">\n\t\t\t\t\t<style>\n                        @media screen and (max-width: 1024px) {\n                            .eael-hamburger--tablet {\n                                .eael-simple-menu-horizontal,\n                                .eael-simple-menu-vertical {\n                                    display: none;\n                                }\n                            }\n                            .eael-hamburger--tablet {\n                                .eael-simple-menu-container .eael-simple-menu-toggle {\n                                    display: block;\n                                }\n                            }\n                        }\n                        .eael-simple-menu-container.eael-simple-menu--loading > ul {\n                            display: -webkit-box !important;\n                            display: -ms-flexbox !important;\n                            display: flex !important;\n                            list-style: none !important;\n                        }\n                        .eael-simple-menu-container.eael-simple-menu--loading li ul {\n                            visibility: hidden !important;\n                            opacity: 0 !important;\n                        }\n                    <\/style>            <div data-hamburger-icon=\"&lt;i aria-hidden=&quot;true&quot; class=&quot;fas fa-bars&quot;&gt;&lt;\/i&gt;\" data-indicator-icon=\"&lt;svg xmlns=&quot;http:\/\/www.w3.org\/2000\/svg&quot; xmlns:xlink=&quot;http:\/\/www.w3.org\/1999\/xlink&quot; id=&quot;Capa_1&quot; x=&quot;0px&quot; y=&quot;0px&quot; width=&quot;451.847px&quot; height=&quot;451.847px&quot; viewBox=&quot;0 0 451.847 451.847&quot; style=&quot;enable-background:new 0 0 451.847 451.847;&quot; xml:space=&quot;preserve&quot;&gt;&lt;g&gt;\t&lt;path d=&quot;M225.923,354.706c-8.098,0-16.195-3.092-22.369-9.263L9.27,151.157c-12.359-12.359-12.359-32.397,0-44.751  c12.354-12.354,32.388-12.354,44.748,0l171.905,171.915l171.906-171.909c12.359-12.354,32.391-12.354,44.744,0  c12.365,12.354,12.365,32.392,0,44.751L248.292,345.449C242.115,351.621,234.018,354.706,225.923,354.706z&quot;&gt;&lt;\/path&gt;&lt;\/g&gt;&lt;g&gt;&lt;\/g&gt;&lt;g&gt;&lt;\/g&gt;&lt;g&gt;&lt;\/g&gt;&lt;g&gt;&lt;\/g&gt;&lt;g&gt;&lt;\/g&gt;&lt;g&gt;&lt;\/g&gt;&lt;g&gt;&lt;\/g&gt;&lt;g&gt;&lt;\/g&gt;&lt;g&gt;&lt;\/g&gt;&lt;g&gt;&lt;\/g&gt;&lt;g&gt;&lt;\/g&gt;&lt;g&gt;&lt;\/g&gt;&lt;g&gt;&lt;\/g&gt;&lt;g&gt;&lt;\/g&gt;&lt;g&gt;&lt;\/g&gt;&lt;\/svg&gt;\" data-dropdown-indicator-icon=\"&lt;svg xmlns=&quot;http:\/\/www.w3.org\/2000\/svg&quot; xmlns:xlink=&quot;http:\/\/www.w3.org\/1999\/xlink&quot; id=&quot;Capa_1&quot; x=&quot;0px&quot; y=&quot;0px&quot; width=&quot;451.847px&quot; height=&quot;451.847px&quot; viewBox=&quot;0 0 451.847 451.847&quot; style=&quot;enable-background:new 0 0 451.847 451.847;&quot; xml:space=&quot;preserve&quot;&gt;&lt;g&gt;\t&lt;path d=&quot;M225.923,354.706c-8.098,0-16.195-3.092-22.369-9.263L9.27,151.157c-12.359-12.359-12.359-32.397,0-44.751  c12.354-12.354,32.388-12.354,44.748,0l171.905,171.915l171.906-171.909c12.359-12.354,32.391-12.354,44.744,0  c12.365,12.354,12.365,32.392,0,44.751L248.292,345.449C242.115,351.621,234.018,354.706,225.923,354.706z&quot;&gt;&lt;\/path&gt;&lt;\/g&gt;&lt;g&gt;&lt;\/g&gt;&lt;g&gt;&lt;\/g&gt;&lt;g&gt;&lt;\/g&gt;&lt;g&gt;&lt;\/g&gt;&lt;g&gt;&lt;\/g&gt;&lt;g&gt;&lt;\/g&gt;&lt;g&gt;&lt;\/g&gt;&lt;g&gt;&lt;\/g&gt;&lt;g&gt;&lt;\/g&gt;&lt;g&gt;&lt;\/g&gt;&lt;g&gt;&lt;\/g&gt;&lt;g&gt;&lt;\/g&gt;&lt;g&gt;&lt;\/g&gt;&lt;g&gt;&lt;\/g&gt;&lt;g&gt;&lt;\/g&gt;&lt;\/svg&gt;\" class=\"eael-simple-menu-container eael-simple-menu--loading eael-simple-menu-align-left eael-simple-menu-dropdown-align-left preset-1\" data-hamburger-breakpoints=\"{&quot;mobile&quot;:&quot;M\\u00f3vil vertical (&gt; 767px)&quot;,&quot;tablet&quot;:&quot;Tableta vertical (&gt; 1024px)&quot;,&quot;desktop&quot;:&quot;Escritorio (&gt; 2400px)&quot;,&quot;none&quot;:&quot;Ninguno&quot;}\" data-hamburger-device=\"tablet\">\n                <ul id=\"menu-nova-web-cat-es-2\" class=\"eael-simple-menu eael-simple-menu-dropdown-animate-to-top eael-simple-menu-indicator eael-hamburger-left eael-simple-menu-horizontal\"><li class=\"menu-item menu-item-type-custom menu-item-object-custom menu-item-has-children menu-item-47841\"><a href=\"#\">Qui\u00e9nes somos<\/a>\n<ul class=\"sub-menu\">\n\t<li class=\"menu-item menu-item-type-post_type menu-item-object-page menu-item-47842\"><a href=\"https:\/\/fundaciotallers.org\/es\/conocenos\/\">Con\u00f3cenos<\/a><\/li>\n\t<li class=\"menu-item menu-item-type-post_type menu-item-object-page menu-item-47843\"><a href=\"https:\/\/fundaciotallers.org\/es\/historia-2\/\">Historia<\/a><\/li>\n\t<li class=\"menu-item menu-item-type-post_type menu-item-object-page menu-item-47844\"><a href=\"https:\/\/fundaciotallers.org\/es\/patronato-y-comite-de-direccion\/\">Patronato y Comit\u00e9 de Direcci\u00f3n<\/a><\/li>\n\t<li class=\"menu-item menu-item-type-post_type menu-item-object-page menu-item-47845\"><a href=\"https:\/\/fundaciotallers.org\/es\/equipo-de-coordinacion-y-servicios-de-apoyo\/\">Equipo de Coordinaci\u00f3n y Servicios de Apoyo<\/a><\/li>\n\t<li class=\"menu-item menu-item-type-post_type menu-item-object-page menu-item-47846\"><a href=\"https:\/\/fundaciotallers.org\/es\/portal-de-transparencia\/\">Portal de Transparencia<\/a><\/li>\n\t<li class=\"menu-item menu-item-type-post_type menu-item-object-page menu-item-47847\"><a href=\"https:\/\/fundaciotallers.org\/es\/portal-de-transparencia\/memoria\/\">Memoria<\/a><\/li>\n\t<li class=\"menu-item menu-item-type-post_type menu-item-object-page menu-item-47848\"><a href=\"https:\/\/fundaciotallers.org\/es\/politica-de-calidad-y-medio-ambiente\/\">Pol\u00edtica de calidad y medio ambiente<\/a><\/li>\n\t<li class=\"menu-item menu-item-type-post_type menu-item-object-page menu-item-47849\"><a href=\"https:\/\/fundaciotallers.org\/es\/colaboradores-2\/\">Colaboradores<\/a><\/li>\n<\/ul>\n<\/li>\n<li class=\"menu-item menu-item-type-post_type menu-item-object-page menu-item-has-children menu-item-47850\"><a href=\"https:\/\/fundaciotallers.org\/es\/servicios-para-las-personas\/\">A las personas<\/a>\n<ul class=\"sub-menu\">\n\t<li class=\"menu-item menu-item-type-post_type menu-item-object-page menu-item-47851\"><a href=\"https:\/\/fundaciotallers.org\/es\/servicio-formacion-ocupacional\/\">Formaci\u00f3n ocupacional<\/a><\/li>\n\t<li class=\"menu-item menu-item-type-post_type menu-item-object-page menu-item-47852\"><a href=\"https:\/\/fundaciotallers.org\/es\/servicio-insercion-laboral\/\">Servicio de Inserci\u00f3n laboral (SIL)<\/a><\/li>\n\t<li class=\"menu-item menu-item-type-post_type menu-item-object-page menu-item-47853\"><a href=\"https:\/\/fundaciotallers.org\/es\/centro-especial-de-trabajo\/\">Centro Especial de Trabajo<\/a><\/li>\n\t<li class=\"menu-item menu-item-type-post_type menu-item-object-page menu-item-47854\"><a href=\"https:\/\/fundaciotallers.org\/es\/equipo-multidisciplinario-de-apoyo-ems\/\">Equipo Multidisciplinario de Apoyo (EMS)<\/a><\/li>\n\t<li class=\"menu-item menu-item-type-post_type menu-item-object-page menu-item-47855\"><a href=\"https:\/\/fundaciotallers.org\/es\/empresa-insercion\/\">Empresa de inserci\u00f3n<\/a><\/li>\n<\/ul>\n<\/li>\n<li class=\"menu-item menu-item-type-post_type menu-item-object-page menu-item-has-children menu-item-47856\"><a href=\"https:\/\/fundaciotallers.org\/es\/servicios-para-empresas\/\">A las empresas<\/a>\n<ul class=\"sub-menu\">\n\t<li class=\"menu-item menu-item-type-post_type menu-item-object-page menu-item-47857\"><a href=\"https:\/\/fundaciotallers.org\/es\/cumplimiento-ley-discapacidad\/\">Cumplimiento Ley Discapacidad<\/a><\/li>\n\t<li class=\"menu-item menu-item-type-post_type menu-item-object-page menu-item-47858\"><a href=\"https:\/\/fundaciotallers.org\/es\/jardineria\/\">Jardineria\u00a0<\/a><\/li>\n\t<li class=\"menu-item menu-item-type-post_type menu-item-object-page menu-item-47859\"><a href=\"https:\/\/fundaciotallers.org\/es\/servicios-limpieza\/\">Limpieza<\/a><\/li>\n\t<li class=\"menu-item menu-item-type-post_type menu-item-object-page menu-item-47860\"><a href=\"https:\/\/fundaciotallers.org\/es\/manipulados-y-logistica-industrial\/\">Manipulados, log\u00edstica industrial y servicios textiles<\/a><\/li>\n\t<li class=\"menu-item menu-item-type-post_type menu-item-object-page menu-item-47861\"><a href=\"https:\/\/fundaciotallers.org\/es\/servicios-tintoreria-industrial-domestica\/\">Tintorer\u00eda<\/a><\/li>\n\t<li class=\"menu-item menu-item-type-post_type menu-item-object-page menu-item-47862\"><a href=\"https:\/\/fundaciotallers.org\/es\/servicio-de-gestion-documental\/\">Externalizaci\u00f3n procesos administrativos<\/a><\/li>\n<\/ul>\n<\/li>\n<li class=\"menu-item menu-item-type-post_type menu-item-object-page menu-item-has-children menu-item-47863\"><a href=\"https:\/\/fundaciotallers.org\/es\/servicios-para-las-administraciones\/\">A las administraciones<\/a>\n<ul class=\"sub-menu\">\n\t<li class=\"menu-item menu-item-type-post_type menu-item-object-page menu-item-47864\"><a href=\"https:\/\/fundaciotallers.org\/es\/servicios-de-jardineria-para-administraciones-publicas\/\">Servicios de jardiner\u00eda para administraciones p\u00fablicas<\/a><\/li>\n\t<li class=\"menu-item menu-item-type-post_type menu-item-object-page menu-item-47865\"><a href=\"https:\/\/fundaciotallers.org\/es\/limpieza-de-interiores\/\">Limpieza de interiores<\/a><\/li>\n\t<li class=\"menu-item menu-item-type-post_type menu-item-object-page menu-item-47866\"><a href=\"https:\/\/fundaciotallers.org\/es\/limpieza-viaria\/\">Limpieza Viaria<\/a><\/li>\n\t<li class=\"menu-item menu-item-type-post_type menu-item-object-page menu-item-47867\"><a href=\"https:\/\/fundaciotallers.org\/es\/gestion-desecherias-y-puntos-verdes\/\">Gesti\u00f3n de desecher\u00edas y puntos verdes<\/a><\/li>\n\t<li class=\"menu-item menu-item-type-post_type menu-item-object-page menu-item-47868\"><a href=\"https:\/\/fundaciotallers.org\/es\/externalizacion-procesos-administrativos\/\">Servicio de gesti\u00f3n documental<\/a><\/li>\n<\/ul>\n<\/li>\n<li class=\"menu-item menu-item-type-post_type menu-item-object-page menu-item-47869\"><a href=\"https:\/\/fundaciotallers.org\/es\/trabaja-con-nosotros\/\">Trabaja con nosotros<\/a><\/li>\n<li class=\"menu-item menu-item-type-custom menu-item-object-custom menu-item-47870\"><a target=\"_blank\" href=\"https:\/\/www.pereclaver.org\/voluntariat\/\">Voluntariado<\/a><\/li>\n<li class=\"menu-item menu-item-type-post_type menu-item-object-page menu-item-47871\"><a href=\"https:\/\/fundaciotallers.org\/es\/noticias\/\">Blog<\/a><\/li>\n<li class=\"menu-item menu-item-type-post_type menu-item-object-page menu-item-47872\"><a href=\"https:\/\/fundaciotallers.org\/es\/contacto\/\">Contacto<\/a><\/li>\n<\/ul>                <button class=\"eael-simple-menu-toggle\">\n                    <span class=\"sr-only \">Men\u00fa conmutador hamburguesa<\/span>\n                    <i aria-hidden=\"true\" class=\"fas fa-bars\"><\/i>                <\/button>\n            <\/div>\n            \t\t\t\t<\/div>\n\t\t\t\t<\/div>\n\t\t\t\t\t<\/div>\n\t\t<\/div>\n\t\t\t\t\t<\/div>\n\t\t<\/section>\n\t\t\t\t<section class=\"elementor-section elementor-top-section elementor-element elementor-element-dc1830c elementor-section-boxed elementor-section-height-default elementor-section-height-default\" data-id=\"dc1830c\" data-element_type=\"section\" data-e-type=\"section\">\n\t\t\t\t\t\t<div class=\"elementor-container elementor-column-gap-default\">\n\t\t\t\t\t<div class=\"elementor-column elementor-col-100 elementor-top-column elementor-element elementor-element-ae4dbaf\" data-id=\"ae4dbaf\" data-element_type=\"column\" data-e-type=\"column\">\n\t\t\t<div class=\"elementor-widget-wrap elementor-element-populated\">\n\t\t\t\t\t\t<div class=\"elementor-element elementor-element-101ca26 elementor-grid-eael-col-2 elementor-grid-tablet-eael-col-2 elementor-grid-mobile-eael-col-1 elementor-widget elementor-widget-eael-post-grid\" data-id=\"101ca26\" data-element_type=\"widget\" data-e-type=\"widget\" data-settings=\"{&quot;eael_post_grid_columns&quot;:&quot;eael-col-2&quot;,&quot;eael_post_grid_columns_tablet&quot;:&quot;eael-col-2&quot;,&quot;eael_post_grid_columns_mobile&quot;:&quot;eael-col-1&quot;}\" data-widget_type=\"eael-post-grid.default\">\n\t\t\t\t<div class=\"elementor-widget-container\">\n\t\t\t\t\t<div id=\"eael-post-grid-101ca26\" class=\"eael-post-grid-container\">\n            <div class=\"eael-post-grid eael-post-appender eael-post-appender-101ca26 eael-post-grid-style-one\" data-layout-mode=\"grid\"><article class=\"eael-grid-post  eael-post-grid-column eael-pg-post-16555 category-fundacio-tallers tags-fundacio-tallers-es\" data-id=\"16555\">\n        <div class=\"eael-grid-post-holder\">\n            <div class=\"eael-grid-post-holder-inner\"><div class=\"eael-entry-media\"><div class=\"eael-entry-overlay fade-in\"><i class=\"fas fa-plus\" aria-hidden=\"true\"><\/i><a href=\"https:\/\/fundaciotallers.org\/es\/2022\/03\/31\/dia-mundial-del-autismo-fomentamos-la-autonomia-y-la-vida-independiente\/\"><\/a><\/div><div class=\"eael-entry-thumbnail \">\n                <img decoding=\"async\" width=\"1300\" height=\"571\" src=\"https:\/\/fundaciotallers.org\/wp-content\/uploads\/2022\/03\/3.png\" class=\"attachment-full size-full wp-image-48791\" alt=\"\" srcset=\"https:\/\/fundaciotallers.org\/wp-content\/uploads\/2022\/03\/3.png 1300w, https:\/\/fundaciotallers.org\/wp-content\/uploads\/2022\/03\/3-300x132.png 300w, https:\/\/fundaciotallers.org\/wp-content\/uploads\/2022\/03\/3-1024x450.png 1024w, https:\/\/fundaciotallers.org\/wp-content\/uploads\/2022\/03\/3-768x337.png 768w\" sizes=\"(max-width: 1300px) 100vw, 1300px\" \/>\n            <\/div>\n        <\/div><div class=\"eael-entry-wrapper\"><header class=\"eael-entry-header\"><h2 class=\"eael-entry-title\"><a class=\"eael-grid-post-link\" href=\"https:\/\/fundaciotallers.org\/es\/2022\/03\/31\/dia-mundial-del-autismo-fomentamos-la-autonomia-y-la-vida-independiente\/\" title=\"D\u00eda Mundial del Autismo: fomentamos la autonom\u00eda y la vida independiente\">D\u00eda Mundial del Autismo: fomentamos la autonom\u00eda y la vida independiente<\/a><\/h2><\/header><div class=\"eael-entry-content\">\n                        <div class=\"eael-grid-post-excerpt\"><p>D\u00eda Mundial del Autismo: fomentamos la autonom\u00eda y la vida independiente Con motivo del D\u00eda Mundial de Concienciaci\u00f3n sobre el Autismo, des de la Fundaci\u00f3n Tallers nos adherimos a esta fecha para dar...<\/p><a href=\"https:\/\/fundaciotallers.org\/es\/2022\/03\/31\/dia-mundial-del-autismo-fomentamos-la-autonomia-y-la-vida-independiente\/\" class=\"eael-post-elements-readmore-btn\"rel=\"nofollow\">Leer m\u00e1s<\/a><\/div>\n                    <\/div><div class=\"eael-entry-footer\"><div class=\"eael-entry-meta\"><\/div><\/div><\/div><\/div>\n        <\/div>\n    <\/article><article class=\"eael-grid-post  eael-post-grid-column eael-pg-post-9889 category-fundacio-tallers-es\" data-id=\"9889\">\n        <div class=\"eael-grid-post-holder\">\n            <div class=\"eael-grid-post-holder-inner\"><div class=\"eael-entry-media\"><div class=\"eael-entry-overlay fade-in\"><i class=\"fas fa-plus\" aria-hidden=\"true\"><\/i><a href=\"https:\/\/fundaciotallers.org\/es\/2021\/12\/01\/calendario-de-igualdad-diciembre-alice-guy-impulsora-de-la-ficcion-cinematografica\/\"><\/a><\/div><div class=\"eael-entry-thumbnail \">\n                <img decoding=\"async\" width=\"1300\" height=\"571\" src=\"https:\/\/fundaciotallers.org\/wp-content\/uploads\/2021\/12\/1-1.png\" class=\"attachment-full size-full wp-image-48794\" alt=\"\" srcset=\"https:\/\/fundaciotallers.org\/wp-content\/uploads\/2021\/12\/1-1.png 1300w, https:\/\/fundaciotallers.org\/wp-content\/uploads\/2021\/12\/1-1-300x132.png 300w, https:\/\/fundaciotallers.org\/wp-content\/uploads\/2021\/12\/1-1-1024x450.png 1024w, https:\/\/fundaciotallers.org\/wp-content\/uploads\/2021\/12\/1-1-768x337.png 768w\" sizes=\"(max-width: 1300px) 100vw, 1300px\" \/>\n            <\/div>\n        <\/div><div class=\"eael-entry-wrapper\"><header class=\"eael-entry-header\"><h2 class=\"eael-entry-title\"><a class=\"eael-grid-post-link\" href=\"https:\/\/fundaciotallers.org\/es\/2021\/12\/01\/calendario-de-igualdad-diciembre-alice-guy-impulsora-de-la-ficcion-cinematografica\/\" title=\"Calendario de igualdad. Diciembre: Alice Guy, impulsora de la ficci\u00f3n cinematogr\u00e1fica\">Calendario de igualdad. Diciembre: Alice Guy, impulsora de la ficci\u00f3n cinematogr\u00e1fica<\/a><\/h2><\/header><div class=\"eael-entry-content\">\n                        <div class=\"eael-grid-post-excerpt\"><p>Foto: Apeda Studio New York, Public domain, via Wikimedia Commons La protagonista de nuestro Calendario de Igualdad de diciembre es Alice Guy, directora de cine francesa e hist\u00f3ricamente la primera persona en todo...<\/p><a href=\"https:\/\/fundaciotallers.org\/es\/2021\/12\/01\/calendario-de-igualdad-diciembre-alice-guy-impulsora-de-la-ficcion-cinematografica\/\" class=\"eael-post-elements-readmore-btn\"rel=\"nofollow\">Leer m\u00e1s<\/a><\/div>\n                    <\/div><div class=\"eael-entry-footer\"><div class=\"eael-entry-meta\"><\/div><\/div><\/div><\/div>\n        <\/div>\n    <\/article><article class=\"eael-grid-post  eael-post-grid-column eael-pg-post-8340 category-fundacio-tallers-es tags-fundacio-tallers-es-inclusion-social-somos-comunidad\" data-id=\"8340\">\n        <div class=\"eael-grid-post-holder\">\n            <div class=\"eael-grid-post-holder-inner\"><div class=\"eael-entry-media\"><div class=\"eael-entry-overlay fade-in\"><i class=\"fas fa-plus\" aria-hidden=\"true\"><\/i><a href=\"https:\/\/fundaciotallers.org\/es\/2021\/11\/09\/la-fiesta-del-voluntariado\/\"><\/a><\/div><div class=\"eael-entry-thumbnail \">\n                <img loading=\"lazy\" decoding=\"async\" width=\"1300\" height=\"571\" src=\"https:\/\/fundaciotallers.org\/wp-content\/uploads\/2021\/11\/4.png\" class=\"attachment-full size-full wp-image-48796\" alt=\"\" srcset=\"https:\/\/fundaciotallers.org\/wp-content\/uploads\/2021\/11\/4.png 1300w, https:\/\/fundaciotallers.org\/wp-content\/uploads\/2021\/11\/4-300x132.png 300w, https:\/\/fundaciotallers.org\/wp-content\/uploads\/2021\/11\/4-1024x450.png 1024w, https:\/\/fundaciotallers.org\/wp-content\/uploads\/2021\/11\/4-768x337.png 768w\" sizes=\"(max-width: 1300px) 100vw, 1300px\" \/>\n            <\/div>\n        <\/div><div class=\"eael-entry-wrapper\"><header class=\"eael-entry-header\"><h2 class=\"eael-entry-title\"><a class=\"eael-grid-post-link\" href=\"https:\/\/fundaciotallers.org\/es\/2021\/11\/09\/la-fiesta-del-voluntariado\/\" title=\"La Fiesta del Voluntariado\">La Fiesta del Voluntariado<\/a><\/h2><\/header><div class=\"eael-entry-content\">\n                        <div class=\"eael-grid-post-excerpt\"><p>Bajo el lema \u201cCompartir la vida amb tu \u00e9s fant\u00e0stic\u201d, la Fundaci\u00f3 Tallers celebramos el pr\u00f3ximo 13 de noviembre de 2021 la Fiesta del Voluntariado. Este acto, que tendr\u00e1 lugar en el Auditori...<\/p><a href=\"https:\/\/fundaciotallers.org\/es\/2021\/11\/09\/la-fiesta-del-voluntariado\/\" class=\"eael-post-elements-readmore-btn\"rel=\"nofollow\">Leer m\u00e1s<\/a><\/div>\n                    <\/div><div class=\"eael-entry-footer\"><div class=\"eael-entry-meta\"><\/div><\/div><\/div><\/div>\n        <\/div>\n    <\/article><article class=\"eael-grid-post  eael-post-grid-column eael-pg-post-8083 category-fundacio-tallers-es tags-igualdad-violencia-de-genero\" data-id=\"8083\">\n        <div class=\"eael-grid-post-holder\">\n            <div class=\"eael-grid-post-holder-inner\"><div class=\"eael-entry-media\"><div class=\"eael-entry-overlay fade-in\"><i class=\"fas fa-plus\" aria-hidden=\"true\"><\/i><a href=\"https:\/\/fundaciotallers.org\/es\/2021\/11\/02\/calendario-de-igualdad-noviembre-referente-violencia-de-genero-ana-orantes\/\"><\/a><\/div><div class=\"eael-entry-thumbnail \">\n                <img loading=\"lazy\" decoding=\"async\" width=\"1300\" height=\"571\" src=\"https:\/\/fundaciotallers.org\/wp-content\/uploads\/2021\/11\/2.png\" class=\"attachment-full size-full wp-image-48798\" alt=\"\" srcset=\"https:\/\/fundaciotallers.org\/wp-content\/uploads\/2021\/11\/2.png 1300w, https:\/\/fundaciotallers.org\/wp-content\/uploads\/2021\/11\/2-300x132.png 300w, https:\/\/fundaciotallers.org\/wp-content\/uploads\/2021\/11\/2-1024x450.png 1024w, https:\/\/fundaciotallers.org\/wp-content\/uploads\/2021\/11\/2-768x337.png 768w\" sizes=\"(max-width: 1300px) 100vw, 1300px\" \/>\n            <\/div>\n        <\/div><div class=\"eael-entry-wrapper\"><header class=\"eael-entry-header\"><h2 class=\"eael-entry-title\"><a class=\"eael-grid-post-link\" href=\"https:\/\/fundaciotallers.org\/es\/2021\/11\/02\/calendario-de-igualdad-noviembre-referente-violencia-de-genero-ana-orantes\/\" title=\"Calendario de igualdad. Noviembre: Ana Orantes, referente en la lucha contra la violencia de g\u00e9nero\">Calendario de igualdad. Noviembre: Ana Orantes, referente en la lucha contra la violencia de g\u00e9nero<\/a><\/h2><\/header><div class=\"eael-entry-content\">\n                        <div class=\"eael-grid-post-excerpt\"><p>Este noviembre dedicamos el Calendario de Igualdad a Ana Orantes, mujer que con su valent\u00eda inspir\u00f3 un movimiento de lucha social y gracias a la cual se cre\u00f3 la Ley Contra la Violencia...<\/p><a href=\"https:\/\/fundaciotallers.org\/es\/2021\/11\/02\/calendario-de-igualdad-noviembre-referente-violencia-de-genero-ana-orantes\/\" class=\"eael-post-elements-readmore-btn\"rel=\"nofollow\">Leer m\u00e1s<\/a><\/div>\n                    <\/div><div class=\"eael-entry-footer\"><div class=\"eael-entry-meta\"><\/div><\/div><\/div><\/div>\n        <\/div>\n    <\/article><\/div>\n            <div class=\"clearfix\"><\/div>\n        <\/div>            <div class=\"eael-load-more-button-wrap\">\n                <button class=\"eael-load-more-button\" id=\"eael-load-more-btn-101ca26\" data-widget-id=\"101ca26\" data-widget=\"101ca26\" data-page-id=\"47806\" data-template=\"{&quot;dir&quot;:&quot;lite&quot;,&quot;file_name&quot;:&quot;one.php&quot;,&quot;name&quot;:&quot;Post-Grid&quot;}\" data-class=\"Essential_Addons_Elementor\\Elements\\Post_Grid\" data-layout=\"grid\" data-page=\"1\" data-args=\"orderby=date&amp;order=desc&amp;ignore_sticky_posts=0&amp;post_status=publish&amp;posts_per_page=4&amp;offset=0&amp;post_type=post\" data-max-page=\"24\">\n                    <span class=\"eael-btn-loader button__loader\"><\/span>\n                    <span class=\"eael_load_more_text\">Ver m\u00e1s noticias<\/span>\n                <\/button>\n            <\/div>\n            \t\t\t\t<\/div>\n\t\t\t\t<\/div>\n\t\t\t\t\t<\/div>\n\t\t<\/div>\n\t\t\t\t\t<\/div>\n\t\t<\/section>\n\t\t\t\t<section class=\"elementor-section elementor-top-section elementor-element elementor-element-7829e4c6 elementor-section-boxed elementor-section-height-default elementor-section-height-default\" data-id=\"7829e4c6\" data-element_type=\"section\" data-e-type=\"section\" data-settings=\"{&quot;background_background&quot;:&quot;classic&quot;}\">\n\t\t\t\t\t\t<div class=\"elementor-container elementor-column-gap-default\">\n\t\t\t\t\t<div class=\"elementor-column elementor-col-100 elementor-top-column elementor-element elementor-element-3e22b274\" data-id=\"3e22b274\" data-element_type=\"column\" data-e-type=\"column\">\n\t\t\t<div class=\"elementor-widget-wrap elementor-element-populated\">\n\t\t\t\t\t\t<div class=\"elementor-element elementor-element-37474ec elementor-widget elementor-widget-text-editor\" data-id=\"37474ec\" data-element_type=\"widget\" data-e-type=\"widget\" data-widget_type=\"text-editor.default\">\n\t\t\t\t<div class=\"elementor-widget-container\">\n\t\t\t\t\t\t\t\t\t<a style=\"color: #000000;\" href=\"https:\/\/fundaciotallers.org\/es\/portal-de-transparencia\/\" rel=\"noopener\">Portal de Transparencia \u2192<\/a>\t\t\t\t\t\t\t\t<\/div>\n\t\t\t\t<\/div>\n\t\t\t\t\t<\/div>\n\t\t<\/div>\n\t\t\t\t\t<\/div>\n\t\t<\/section>\n\t\t\t\t<section class=\"elementor-section elementor-top-section elementor-element elementor-element-1b5e0472 elementor-hidden-mobile elementor-section-boxed elementor-section-height-default elementor-section-height-default\" data-id=\"1b5e0472\" data-element_type=\"section\" data-e-type=\"section\" data-settings=\"{&quot;background_background&quot;:&quot;classic&quot;}\">\n\t\t\t\t\t\t<div class=\"elementor-container elementor-column-gap-narrow\">\n\t\t\t\t\t<div class=\"elementor-column elementor-col-33 elementor-top-column elementor-element elementor-element-6242a18d\" data-id=\"6242a18d\" data-element_type=\"column\" data-e-type=\"column\">\n\t\t\t<div class=\"elementor-widget-wrap elementor-element-populated\">\n\t\t\t\t\t\t<div class=\"elementor-element elementor-element-21d66007 elementor-widget elementor-widget-text-editor\" data-id=\"21d66007\" data-element_type=\"widget\" data-e-type=\"widget\" data-widget_type=\"text-editor.default\">\n\t\t\t\t<div class=\"elementor-widget-container\">\n\t\t\t\t\t\t\t\t\t<p class=\"p1\"><span class=\"s1\"><b>Fundaci\u00f3 Tallers | Inclusi\u00f3n Laboral<br \/><\/b><\/span><span class=\"s1\">Entidad de Pere Caver Grup<br \/><\/span><span class=\"s1\">Tel. 93 392 23 11<br \/><\/span><span style=\"text-decoration: underline;\"><a style=\"color: #ffffff; text-decoration: underline;\" href=\"&#109;&#x61;&#x69;l&#116;&#x6f;&#x3a;i&#110;&#x66;o&#64;&#x66;&#x75;n&#100;&#x61;c&#105;&#x6f;&#x74;a&#108;&#x6c;&#x65;&#114;&#x73;&#x2e;o&#114;&#x67;\">&#x69;&#x6e;&#102;&#111;&#64;f&#x75;&#x6e;&#x64;&#97;ci&#x6f;&#x74;&#x61;&#108;&#108;e&#x72;&#x73;&#x2e;&#111;&#114;g<\/a><\/span><\/p>\t\t\t\t\t\t\t\t<\/div>\n\t\t\t\t<\/div>\n\t\t\t\t\t<\/div>\n\t\t<\/div>\n\t\t\t\t<div class=\"elementor-column elementor-col-33 elementor-top-column elementor-element elementor-element-7a34088c\" data-id=\"7a34088c\" data-element_type=\"column\" data-e-type=\"column\">\n\t\t\t<div class=\"elementor-widget-wrap elementor-element-populated\">\n\t\t\t\t\t\t<div class=\"elementor-element elementor-element-3e7c4755 elementor-widget elementor-widget-text-editor\" data-id=\"3e7c4755\" data-element_type=\"widget\" data-e-type=\"widget\" data-widget_type=\"text-editor.default\">\n\t\t\t\t<div class=\"elementor-widget-container\">\n\t\t\t\t\t\t\t\t\t<p><strong>Trabaja con nosotros<br \/><\/strong>Quieres formar parte de nuestro equipo y compartes nuestra misi\u00f3n, visi\u00f3n y valores? <span style=\"text-decoration: underline;\"><a style=\"color: #ffffff; text-decoration: underline;\" href=\"https:\/\/www.santpereclaver.org\/treballa-amb-nosaltres\/\" target=\"_blank\" rel=\"noopener\">Ver m\u00e1s<\/a><\/span><\/p>\t\t\t\t\t\t\t\t<\/div>\n\t\t\t\t<\/div>\n\t\t\t\t\t<\/div>\n\t\t<\/div>\n\t\t\t\t<div class=\"elementor-column elementor-col-33 elementor-top-column elementor-element elementor-element-7649722d\" data-id=\"7649722d\" data-element_type=\"column\" data-e-type=\"column\">\n\t\t\t<div class=\"elementor-widget-wrap elementor-element-populated\">\n\t\t\t\t\t\t<div class=\"elementor-element elementor-element-30ed0cf2 elementor-widget elementor-widget-text-editor\" data-id=\"30ed0cf2\" data-element_type=\"widget\" data-e-type=\"widget\" data-widget_type=\"text-editor.default\">\n\t\t\t\t<div class=\"elementor-widget-container\">\n\t\t\t\t\t\t\t\t\t<p class=\"p1\"><strong><span class=\"s1\">S\u00edguenos en las redes<\/span><\/strong><\/p>\t\t\t\t\t\t\t\t<\/div>\n\t\t\t\t<\/div>\n\t\t\t\t<section class=\"elementor-section elementor-inner-section elementor-element elementor-element-e8ba75e elementor-section-boxed elementor-section-height-default elementor-section-height-default\" data-id=\"e8ba75e\" data-element_type=\"section\" data-e-type=\"section\">\n\t\t\t\t\t\t<div class=\"elementor-container elementor-column-gap-default\">\n\t\t\t\t\t<div class=\"elementor-column elementor-col-50 elementor-inner-column elementor-element elementor-element-cd781b4\" data-id=\"cd781b4\" data-element_type=\"column\" data-e-type=\"column\">\n\t\t\t<div class=\"elementor-widget-wrap elementor-element-populated\">\n\t\t\t\t\t\t<div class=\"elementor-element elementor-element-32f4ac5 elementor-view-default elementor-widget elementor-widget-icon\" data-id=\"32f4ac5\" data-element_type=\"widget\" data-e-type=\"widget\" data-widget_type=\"icon.default\">\n\t\t\t\t<div class=\"elementor-widget-container\">\n\t\t\t\t\t\t\t<div class=\"elementor-icon-wrapper\">\n\t\t\t<a class=\"elementor-icon\" href=\"https:\/\/www.instagram.com\/fundaciotallers\/\" target=\"_blank\">\n\t\t\t<i aria-hidden=\"true\" class=\"fab fa-instagram\"><\/i>\t\t\t<\/a>\n\t\t<\/div>\n\t\t\t\t\t\t<\/div>\n\t\t\t\t<\/div>\n\t\t\t\t\t<\/div>\n\t\t<\/div>\n\t\t\t\t<div class=\"elementor-column elementor-col-50 elementor-inner-column elementor-element elementor-element-2b22888\" data-id=\"2b22888\" data-element_type=\"column\" data-e-type=\"column\">\n\t\t\t<div class=\"elementor-widget-wrap elementor-element-populated\">\n\t\t\t\t\t\t<div class=\"elementor-element elementor-element-c166f05 elementor-view-default elementor-widget elementor-widget-icon\" data-id=\"c166f05\" data-element_type=\"widget\" data-e-type=\"widget\" data-widget_type=\"icon.default\">\n\t\t\t\t<div class=\"elementor-widget-container\">\n\t\t\t\t\t\t\t<div class=\"elementor-icon-wrapper\">\n\t\t\t<a class=\"elementor-icon\" href=\"https:\/\/www.linkedin.com\/company\/fundacio-tallers\/\" target=\"_blank\">\n\t\t\t<i aria-hidden=\"true\" class=\"fab fa-linkedin-in\"><\/i>\t\t\t<\/a>\n\t\t<\/div>\n\t\t\t\t\t\t<\/div>\n\t\t\t\t<\/div>\n\t\t\t\t\t<\/div>\n\t\t<\/div>\n\t\t\t\t\t<\/div>\n\t\t<\/section>\n\t\t\t\t\t<\/div>\n\t\t<\/div>\n\t\t\t\t\t<\/div>\n\t\t<\/section>\n\t\t\t\t<section class=\"elementor-section elementor-top-section elementor-element elementor-element-40511dc elementor-hidden-mobile elementor-section-boxed elementor-section-height-default elementor-section-height-default\" data-id=\"40511dc\" data-element_type=\"section\" data-e-type=\"section\" data-settings=\"{&quot;background_background&quot;:&quot;classic&quot;}\">\n\t\t\t\t\t\t<div class=\"elementor-container elementor-column-gap-default\">\n\t\t\t\t\t<div class=\"elementor-column elementor-col-100 elementor-top-column elementor-element elementor-element-7ccb07ab\" data-id=\"7ccb07ab\" data-element_type=\"column\" data-e-type=\"column\">\n\t\t\t<div class=\"elementor-widget-wrap elementor-element-populated\">\n\t\t\t\t\t\t<div class=\"elementor-element elementor-element-41b20b4a elementor-widget-divider--view-line elementor-widget elementor-widget-divider\" data-id=\"41b20b4a\" data-element_type=\"widget\" data-e-type=\"widget\" data-widget_type=\"divider.default\">\n\t\t\t\t<div class=\"elementor-widget-container\">\n\t\t\t\t\t\t\t<div class=\"elementor-divider\">\n\t\t\t<span class=\"elementor-divider-separator\">\n\t\t\t\t\t\t<\/span>\n\t\t<\/div>\n\t\t\t\t\t\t<\/div>\n\t\t\t\t<\/div>\n\t\t\t\t<div class=\"elementor-element elementor-element-1b60de33 elementor-widget elementor-widget-text-editor\" data-id=\"1b60de33\" data-element_type=\"widget\" data-e-type=\"widget\" data-widget_type=\"text-editor.default\">\n\t\t\t\t<div class=\"elementor-widget-container\">\n\t\t\t\t\t\t\t\t\t\u00a9 2025. <a style=\"color: #fff;\" href=\"https:\/\/fundaciotallers.org\/es\/politica-privacidad\/\" rel=\"noopener\">Pol\u00edtica de Privacidad<\/a>\u00a0|\u00a0<a style=\"color: #fff;\" href=\"https:\/\/fundaciotallers.org\/es\/politica-cookies\/\" rel=\"noopener\">Pol\u00edtica de Cookies<\/a>\u00a0|\u00a0<a style=\"color: #fff;\" href=\"https:\/\/fundaciotallers.org\/es\/aviso-legal\/\" rel=\"noopener\">Aviso Legal<\/a>\u00a0|\u00a0<a style=\"color: #fff;\" https:\/\/fundaciotallers.org\/es\/canal-de-denuncia\/\" rel=\"noopener\">Canal denuncia<\/a>\u00a0|\u00a0<a style=\"color: #fff;\" href=\"http:\/\/intranet.fhspereclaver.org\/Adm.php?Mc=1\" target=\"_blank\" rel=\"noopener\">Intranet<\/a>\t\t\t\t\t\t\t\t<\/div>\n\t\t\t\t<\/div>\n\t\t\t\t\t<\/div>\n\t\t<\/div>\n\t\t\t\t\t<\/div>\n\t\t<\/section>\n\t\t\t\t<section class=\"elementor-section elementor-top-section elementor-element elementor-element-e5c4659 elementor-hidden-desktop elementor-hidden-tablet elementor-section-boxed elementor-section-height-default elementor-section-height-default\" data-id=\"e5c4659\" data-element_type=\"section\" data-e-type=\"section\" data-settings=\"{&quot;background_background&quot;:&quot;classic&quot;}\">\n\t\t\t\t\t\t<div class=\"elementor-container elementor-column-gap-default\">\n\t\t\t\t\t<div class=\"elementor-column elementor-col-100 elementor-top-column elementor-element elementor-element-61718f1\" data-id=\"61718f1\" data-element_type=\"column\" data-e-type=\"column\">\n\t\t\t<div class=\"elementor-widget-wrap elementor-element-populated\">\n\t\t\t\t\t\t<div class=\"elementor-element elementor-element-b1101c6 elementor-widget elementor-widget-text-editor\" data-id=\"b1101c6\" data-element_type=\"widget\" data-e-type=\"widget\" data-widget_type=\"text-editor.default\">\n\t\t\t\t<div class=\"elementor-widget-container\">\n\t\t\t\t\t\t\t\t\t<p class=\"p1\"><span class=\"s1\"><b>Fundaci\u00f3 Tallers | Inclusi\u00f3n Laboral<br \/><\/b><\/span><span class=\"s1\">Entidad de Pere Caver Grup<br \/><\/span><span class=\"s1\">Tel. 93 392 23 11<br \/><\/span><span style=\"text-decoration: underline;\"><a style=\"color: #ffffff; text-decoration: underline;\" href=\"&#x6d;&#x61;&#105;&#108;t&#x6f;&#x3a;&#x69;&#110;fo&#x40;&#x66;&#117;&#110;d&#x61;&#x63;&#x69;&#111;ta&#x6c;&#x6c;&#101;&#114;s&#x2e;&#x6f;&#x72;&#103;\">&#x69;&#x6e;&#x66;&#x6f;&#x40;&#x66;&#x75;&#x6e;&#100;&#97;&#99;&#105;&#111;&#116;&#97;ller&#x73;&#x2e;&#x6f;&#x72;&#x67;<\/a><\/span><\/p>\t\t\t\t\t\t\t\t<\/div>\n\t\t\t\t<\/div>\n\t\t\t\t<div class=\"elementor-element elementor-element-926d048 elementor-widget elementor-widget-text-editor\" data-id=\"926d048\" data-element_type=\"widget\" data-e-type=\"widget\" data-widget_type=\"text-editor.default\">\n\t\t\t\t<div class=\"elementor-widget-container\">\n\t\t\t\t\t\t\t\t\t<p><strong>Trabaja con nosotros<br \/><\/strong>Quieres formar parte de nuestro equipo y compartes nuestra misi\u00f3n, visi\u00f3n y valores? <span style=\"text-decoration: underline;\"><a style=\"color: #ffffff; text-decoration: underline;\" href=\"https:\/\/www.santpereclaver.org\/treballa-amb-nosaltres\/\" target=\"_blank\" rel=\"noopener\">Ver m\u00e1s<\/a><\/span><\/p>\t\t\t\t\t\t\t\t<\/div>\n\t\t\t\t<\/div>\n\t\t\t\t<div class=\"elementor-element elementor-element-d8ecfff elementor-widget elementor-widget-text-editor\" data-id=\"d8ecfff\" data-element_type=\"widget\" data-e-type=\"widget\" data-widget_type=\"text-editor.default\">\n\t\t\t\t<div class=\"elementor-widget-container\">\n\t\t\t\t\t\t\t\t\t<p class=\"p1\"><strong><span class=\"s1\">S\u00edguenos en las redes<\/span><\/strong><\/p>\t\t\t\t\t\t\t\t<\/div>\n\t\t\t\t<\/div>\n\t\t\t\t<section class=\"elementor-section elementor-inner-section elementor-element elementor-element-b88b89e elementor-section-boxed elementor-section-height-default elementor-section-height-default\" data-id=\"b88b89e\" data-element_type=\"section\" data-e-type=\"section\">\n\t\t\t\t\t\t<div class=\"elementor-container elementor-column-gap-default\">\n\t\t\t\t\t<div class=\"elementor-column elementor-col-50 elementor-inner-column elementor-element elementor-element-9e6395f\" data-id=\"9e6395f\" data-element_type=\"column\" data-e-type=\"column\">\n\t\t\t<div class=\"elementor-widget-wrap elementor-element-populated\">\n\t\t\t\t\t\t<div class=\"elementor-element elementor-element-a5026b0 elementor-view-default elementor-widget elementor-widget-icon\" data-id=\"a5026b0\" data-element_type=\"widget\" data-e-type=\"widget\" data-widget_type=\"icon.default\">\n\t\t\t\t<div class=\"elementor-widget-container\">\n\t\t\t\t\t\t\t<div class=\"elementor-icon-wrapper\">\n\t\t\t<a class=\"elementor-icon\" href=\"https:\/\/www.instagram.com\/fundaciotallers\/\" target=\"_blank\">\n\t\t\t<i aria-hidden=\"true\" class=\"fab fa-instagram\"><\/i>\t\t\t<\/a>\n\t\t<\/div>\n\t\t\t\t\t\t<\/div>\n\t\t\t\t<\/div>\n\t\t\t\t<div class=\"elementor-element elementor-element-a8d6c12 elementor-view-default elementor-widget elementor-widget-icon\" data-id=\"a8d6c12\" data-element_type=\"widget\" data-e-type=\"widget\" data-widget_type=\"icon.default\">\n\t\t\t\t<div class=\"elementor-widget-container\">\n\t\t\t\t\t\t\t<div class=\"elementor-icon-wrapper\">\n\t\t\t<a class=\"elementor-icon\" href=\"https:\/\/www.linkedin.com\/company\/fundacio-tallers\/\" target=\"_blank\">\n\t\t\t<i aria-hidden=\"true\" class=\"fab fa-linkedin-in\"><\/i>\t\t\t<\/a>\n\t\t<\/div>\n\t\t\t\t\t\t<\/div>\n\t\t\t\t<\/div>\n\t\t\t\t\t<\/div>\n\t\t<\/div>\n\t\t\t\t<div class=\"elementor-column elementor-col-50 elementor-inner-column elementor-element elementor-element-704d0af\" data-id=\"704d0af\" data-element_type=\"column\" data-e-type=\"column\">\n\t\t\t<div class=\"elementor-widget-wrap\">\n\t\t\t\t\t\t\t<\/div>\n\t\t<\/div>\n\t\t\t\t\t<\/div>\n\t\t<\/section>\n\t\t\t\t<div class=\"elementor-element elementor-element-2d23e1e elementor-widget-divider--view-line elementor-widget elementor-widget-divider\" data-id=\"2d23e1e\" data-element_type=\"widget\" data-e-type=\"widget\" data-widget_type=\"divider.default\">\n\t\t\t\t<div class=\"elementor-widget-container\">\n\t\t\t\t\t\t\t<div class=\"elementor-divider\">\n\t\t\t<span class=\"elementor-divider-separator\">\n\t\t\t\t\t\t<\/span>\n\t\t<\/div>\n\t\t\t\t\t\t<\/div>\n\t\t\t\t<\/div>\n\t\t\t\t<div class=\"elementor-element elementor-element-265372f elementor-widget elementor-widget-text-editor\" data-id=\"265372f\" data-element_type=\"widget\" data-e-type=\"widget\" data-widget_type=\"text-editor.default\">\n\t\t\t\t<div class=\"elementor-widget-container\">\n\t\t\t\t\t\t\t\t\t<p>\u00a9 2025. <a style=\"color: #fff;\" href=\"https:\/\/fundaciotallers.org\/es\/politica-privacidad\/\" rel=\"noopener\">Pol\u00edtica de Privacidad<\/a>\u00a0|\u00a0<a style=\"color: #fff;\" href=\"https:\/\/fundaciotallers.org\/es\/politica-cookies\/\" rel=\"noopener\">Pol\u00edtica de Cookies<\/a>\u00a0|\u00a0<a style=\"color: #fff;\" href=\"https:\/\/fundaciotallers.org\/es\/aviso-legal\/\" rel=\"noopener\">Aviso Legal<\/a>\u00a0|\u00a0<a style=\"color: #fff;\" rel=\"noopener\">Canal denuncia<\/a>\u00a0|\u00a0<a style=\"color: #fff;\" href=\"http:\/\/intranet.fhspereclaver.org\/Adm.php?Mc=1\" target=\"_blank\" rel=\"noopener\">Intranet<\/a><\/p>\t\t\t\t\t\t\t\t<\/div>\n\t\t\t\t<\/div>\n\t\t\t\t\t<\/div>\n\t\t<\/div>\n\t\t\t\t\t<\/div>\n\t\t<\/section>\n\t\t\t\t<\/div>\n\t\t","protected":false},"excerpt":{"rendered":"<p>Instagram Linkedin Catal\u00e0\u00a0 \u00a0|\u00a0 \u00a0Castell\u00e0 Qui\u00e9nes somos Con\u00f3cenos Historia Patronato y Comit\u00e9 de Direcci\u00f3n Equipo de Coordinaci\u00f3n y Servicios de Apoyo Portal de Transparencia Memoria Pol\u00edtica de calidad y medio ambiente Colaboradores A las personas Servicio de formaci\u00f3n ocupacional Servicio de Inserci\u00f3n laboral (SIL) Centro Especial de Trabajo Equipo Multidisciplinario de Apoyo (EMS) Empresa de inserci\u00f3n A las empresas Cumplimiento&hellip;<\/p>\n","protected":false},"author":7,"featured_media":0,"parent":0,"menu_order":0,"comment_status":"closed","ping_status":"closed","template":"elementor_header_footer","meta":{"footnotes":""},"class_list":["post-47806","page","type-page","status-publish","hentry"],"_links":{"self":[{"href":"https:\/\/fundaciotallers.org\/es\/wp-json\/wp\/v2\/pages\/47806","targetHints":{"allow":["GET"]}}],"collection":[{"href":"https:\/\/fundaciotallers.org\/es\/wp-json\/wp\/v2\/pages"}],"about":[{"href":"https:\/\/fundaciotallers.org\/es\/wp-json\/wp\/v2\/types\/page"}],"author":[{"embeddable":true,"href":"https:\/\/fundaciotallers.org\/es\/wp-json\/wp\/v2\/users\/7"}],"replies":[{"embeddable":true,"href":"https:\/\/fundaciotallers.org\/es\/wp-json\/wp\/v2\/comments?post=47806"}],"version-history":[{"count":10,"href":"https:\/\/fundaciotallers.org\/es\/wp-json\/wp\/v2\/pages\/47806\/revisions"}],"predecessor-version":[{"id":48790,"href":"https:\/\/fundaciotallers.org\/es\/wp-json\/wp\/v2\/pages\/47806\/revisions\/48790"}],"wp:attachment":[{"href":"https:\/\/fundaciotallers.org\/es\/wp-json\/wp\/v2\/media?parent=47806"}],"curies":[{"name":"wp","href":"https:\/\/api.w.org\/{rel}","templated":true}]}}