{"id":47759,"date":"2025-11-16T21:49:17","date_gmt":"2025-11-16T20:49:17","guid":{"rendered":"https:\/\/fundaciotallers.org\/?page_id=47759"},"modified":"2025-11-19T13:42:39","modified_gmt":"2025-11-19T12:42:39","slug":"patronato-y-comite-de-direccion","status":"publish","type":"page","link":"https:\/\/fundaciotallers.org\/es\/patronato-y-comite-de-direccion\/","title":{"rendered":"Patronato y Comit\u00e9 de Direcci\u00f3n"},"content":{"rendered":"\t\t<div data-elementor-type=\"wp-page\" data-elementor-id=\"47759\" class=\"elementor elementor-47759 elementor-47551\">\n\t\t\t\t\t\t<section class=\"elementor-section elementor-top-section elementor-element elementor-element-359c476 elementor-hidden-mobile elementor-section-boxed elementor-section-height-default elementor-section-height-default\" data-id=\"359c476\" data-element_type=\"section\" data-e-type=\"section\" data-settings=\"{&quot;background_background&quot;:&quot;classic&quot;}\">\n\t\t\t\t\t\t<div class=\"elementor-container elementor-column-gap-narrow\">\n\t\t\t\t\t<div class=\"elementor-column elementor-col-25 elementor-top-column elementor-element elementor-element-15a39ce\" data-id=\"15a39ce\" data-element_type=\"column\" data-e-type=\"column\">\n\t\t\t<div class=\"elementor-widget-wrap elementor-element-populated\">\n\t\t\t\t\t\t<div class=\"elementor-element elementor-element-898c155 elementor-widget elementor-widget-image\" data-id=\"898c155\" data-element_type=\"widget\" data-e-type=\"widget\" data-widget_type=\"image.default\">\n\t\t\t\t<div class=\"elementor-widget-container\">\n\t\t\t\t\t\t\t\t\t\t\t\t\t\t\t\t<a href=\"https:\/\/fundaciotallers.org\/es\/\">\n\t\t\t\t\t\t\t<img fetchpriority=\"high\" decoding=\"async\" width=\"1024\" height=\"313\" src=\"https:\/\/fundaciotallers.org\/wp-content\/uploads\/2025\/07\/fundacio-tallers-inclusio-laboral-1024x313.png\" class=\"attachment-large size-large wp-image-44007\" alt=\"\" srcset=\"https:\/\/fundaciotallers.org\/wp-content\/uploads\/2025\/07\/fundacio-tallers-inclusio-laboral-1024x313.png 1024w, https:\/\/fundaciotallers.org\/wp-content\/uploads\/2025\/07\/fundacio-tallers-inclusio-laboral-300x92.png 300w, https:\/\/fundaciotallers.org\/wp-content\/uploads\/2025\/07\/fundacio-tallers-inclusio-laboral-768x234.png 768w, https:\/\/fundaciotallers.org\/wp-content\/uploads\/2025\/07\/fundacio-tallers-inclusio-laboral-1536x469.png 1536w, https:\/\/fundaciotallers.org\/wp-content\/uploads\/2025\/07\/fundacio-tallers-inclusio-laboral.png 1890w\" sizes=\"(max-width: 1024px) 100vw, 1024px\" \/>\t\t\t\t\t\t\t\t<\/a>\n\t\t\t\t\t\t\t\t\t\t\t\t\t\t\t<\/div>\n\t\t\t\t<\/div>\n\t\t\t\t\t<\/div>\n\t\t<\/div>\n\t\t\t\t<div class=\"elementor-column elementor-col-25 elementor-top-column elementor-element elementor-element-791b59c\" data-id=\"791b59c\" data-element_type=\"column\" data-e-type=\"column\">\n\t\t\t<div class=\"elementor-widget-wrap\">\n\t\t\t\t\t\t\t<\/div>\n\t\t<\/div>\n\t\t\t\t<div class=\"elementor-column elementor-col-25 elementor-top-column elementor-element elementor-element-d105ec4\" data-id=\"d105ec4\" data-element_type=\"column\" data-e-type=\"column\">\n\t\t\t<div class=\"elementor-widget-wrap elementor-element-populated\">\n\t\t\t\t\t\t<div class=\"elementor-element elementor-element-9e42f66 elementor-shape-circle e-grid-align-right elementor-grid-0 elementor-widget elementor-widget-social-icons\" data-id=\"9e42f66\" data-element_type=\"widget\" data-e-type=\"widget\" data-widget_type=\"social-icons.default\">\n\t\t\t\t<div class=\"elementor-widget-container\">\n\t\t\t\t\t\t\t<div class=\"elementor-social-icons-wrapper elementor-grid\" role=\"list\">\n\t\t\t\t\t\t\t<span class=\"elementor-grid-item\" role=\"listitem\">\n\t\t\t\t\t<a class=\"elementor-icon elementor-social-icon elementor-social-icon-instagram elementor-repeater-item-1e3f81b\" target=\"_blank\">\n\t\t\t\t\t\t<span class=\"elementor-screen-only\">Instagram<\/span>\n\t\t\t\t\t\t<i aria-hidden=\"true\" class=\"fab fa-instagram\"><\/i>\t\t\t\t\t<\/a>\n\t\t\t\t<\/span>\n\t\t\t\t\t\t\t<span class=\"elementor-grid-item\" role=\"listitem\">\n\t\t\t\t\t<a class=\"elementor-icon elementor-social-icon elementor-social-icon-linkedin elementor-repeater-item-980f104\" target=\"_blank\">\n\t\t\t\t\t\t<span class=\"elementor-screen-only\">Linkedin<\/span>\n\t\t\t\t\t\t<i aria-hidden=\"true\" class=\"fab fa-linkedin\"><\/i>\t\t\t\t\t<\/a>\n\t\t\t\t<\/span>\n\t\t\t\t\t<\/div>\n\t\t\t\t\t\t<\/div>\n\t\t\t\t<\/div>\n\t\t\t\t\t<\/div>\n\t\t<\/div>\n\t\t\t\t<div class=\"elementor-column elementor-col-25 elementor-top-column elementor-element elementor-element-26a2c6d\" data-id=\"26a2c6d\" data-element_type=\"column\" data-e-type=\"column\">\n\t\t\t<div class=\"elementor-widget-wrap elementor-element-populated\">\n\t\t\t\t\t\t<div class=\"elementor-element elementor-element-3845a90 elementor-widget elementor-widget-text-editor\" data-id=\"3845a90\" data-element_type=\"widget\" data-e-type=\"widget\" data-widget_type=\"text-editor.default\">\n\t\t\t\t<div class=\"elementor-widget-container\">\n\t\t\t\t\t\t\t\t\t<a href=\"https:\/\/fundaciotallers.org\/ca\/\">Catal\u00e0\u00a0<\/a> \u00a0|\u00a0 \u00a0<a href=\"https:\/\/fundaciotallers.org\/es\/\">Castell\u00e0<\/a>\t\t\t\t\t\t\t\t<\/div>\n\t\t\t\t<\/div>\n\t\t\t\t\t<\/div>\n\t\t<\/div>\n\t\t\t\t\t<\/div>\n\t\t<\/section>\n\t\t\t\t<section class=\"elementor-section elementor-top-section elementor-element elementor-element-4730291 elementor-hidden-desktop elementor-hidden-tablet elementor-hidden-mobile elementor-section-boxed elementor-section-height-default elementor-section-height-default\" data-id=\"4730291\" data-element_type=\"section\" data-e-type=\"section\">\n\t\t\t\t\t\t<div class=\"elementor-container elementor-column-gap-narrow\">\n\t\t\t\t\t<div class=\"elementor-column elementor-col-50 elementor-top-column elementor-element elementor-element-d592b41\" data-id=\"d592b41\" data-element_type=\"column\" data-e-type=\"column\">\n\t\t\t<div class=\"elementor-widget-wrap elementor-element-populated\">\n\t\t\t\t\t\t<div class=\"elementor-element elementor-element-d22afa8 eael_simple_menu_hamburger_disable_selected_menu_no eael-simple-menu-hamburger-align-right eael-hamburger--tablet elementor-widget elementor-widget-eael-simple-menu\" data-id=\"d22afa8\" data-element_type=\"widget\" data-e-type=\"widget\" data-widget_type=\"eael-simple-menu.default\">\n\t\t\t\t<div class=\"elementor-widget-container\">\n\t\t\t\t\t<style>\n                        @media screen and (max-width: 1024px) {\n                            .eael-hamburger--tablet {\n                                .eael-simple-menu-horizontal,\n                                .eael-simple-menu-vertical {\n                                    display: none;\n                                }\n                            }\n                            .eael-hamburger--tablet {\n                                .eael-simple-menu-container .eael-simple-menu-toggle {\n                                    display: block;\n                                }\n                            }\n                        }\n                        .eael-simple-menu-container.eael-simple-menu--loading > ul {\n                            display: -webkit-box !important;\n                            display: -ms-flexbox !important;\n                            display: flex !important;\n                            list-style: none !important;\n                        }\n                        .eael-simple-menu-container.eael-simple-menu--loading li ul {\n                            visibility: hidden !important;\n                            opacity: 0 !important;\n                        }\n                    <\/style>            <div data-hamburger-icon=\"&lt;i aria-hidden=&quot;true&quot; class=&quot;fas fa-bars&quot;&gt;&lt;\/i&gt;\" data-indicator-icon=\"&lt;i aria-hidden=&quot;true&quot; class=&quot;fas fa-angle-down&quot;&gt;&lt;\/i&gt;\" data-dropdown-indicator-icon=\"&lt;i class=&quot;fas fa-angle-down&quot;&gt;&lt;\/i&gt;\" class=\"eael-simple-menu-container eael-simple-menu--loading eael-simple-menu-align-left eael-simple-menu-dropdown-align-left preset-1\" data-hamburger-breakpoints=\"{&quot;mobile&quot;:&quot;M\\u00f3vil vertical (&gt; 767px)&quot;,&quot;tablet&quot;:&quot;Tableta vertical (&gt; 1024px)&quot;,&quot;desktop&quot;:&quot;Escritorio (&gt; 2400px)&quot;,&quot;none&quot;:&quot;Ninguno&quot;}\" data-hamburger-device=\"tablet\">\n                <ul id=\"menu-nova-web-cat-es\" class=\"eael-simple-menu eael-simple-menu-dropdown-animate-to-top eael-simple-menu-indicator eael-simple-menu-horizontal\"><li id=\"menu-item-47841\" class=\"menu-item menu-item-type-custom menu-item-object-custom menu-item-has-children menu-item-47841\"><a href=\"#\">Qui\u00e9nes somos<\/a>\n<ul class=\"sub-menu\">\n\t<li id=\"menu-item-47842\" class=\"menu-item menu-item-type-post_type menu-item-object-page menu-item-47842\"><a href=\"https:\/\/fundaciotallers.org\/es\/conocenos\/\">Con\u00f3cenos<\/a><\/li>\n\t<li id=\"menu-item-47843\" class=\"menu-item menu-item-type-post_type menu-item-object-page menu-item-47843\"><a href=\"https:\/\/fundaciotallers.org\/es\/historia-2\/\">Historia<\/a><\/li>\n\t<li id=\"menu-item-47844\" class=\"menu-item menu-item-type-post_type menu-item-object-page menu-item-47844\"><a href=\"https:\/\/fundaciotallers.org\/es\/patronato-y-comite-de-direccion\/\">Patronato y Comit\u00e9 de Direcci\u00f3n<\/a><\/li>\n\t<li id=\"menu-item-47845\" class=\"menu-item menu-item-type-post_type menu-item-object-page menu-item-47845\"><a href=\"https:\/\/fundaciotallers.org\/es\/equipo-de-coordinacion-y-servicios-de-apoyo\/\">Equipo de Coordinaci\u00f3n y Servicios de Apoyo<\/a><\/li>\n\t<li id=\"menu-item-47846\" class=\"menu-item menu-item-type-post_type menu-item-object-page menu-item-47846\"><a href=\"https:\/\/fundaciotallers.org\/es\/portal-de-transparencia\/\">Portal de Transparencia<\/a><\/li>\n\t<li id=\"menu-item-47847\" class=\"menu-item menu-item-type-post_type menu-item-object-page menu-item-47847\"><a href=\"https:\/\/fundaciotallers.org\/es\/portal-de-transparencia\/memoria\/\">Memoria<\/a><\/li>\n\t<li id=\"menu-item-47848\" class=\"menu-item menu-item-type-post_type menu-item-object-page menu-item-47848\"><a href=\"https:\/\/fundaciotallers.org\/es\/politica-de-calidad-y-medio-ambiente\/\">Pol\u00edtica de calidad y medio ambiente<\/a><\/li>\n\t<li id=\"menu-item-47849\" class=\"menu-item menu-item-type-post_type menu-item-object-page menu-item-47849\"><a href=\"https:\/\/fundaciotallers.org\/es\/colaboradores-2\/\">Colaboradores<\/a><\/li>\n<\/ul>\n<\/li>\n<li id=\"menu-item-47850\" class=\"menu-item menu-item-type-post_type menu-item-object-page menu-item-has-children menu-item-47850\"><a href=\"https:\/\/fundaciotallers.org\/es\/servicios-para-las-personas\/\">A las personas<\/a>\n<ul class=\"sub-menu\">\n\t<li id=\"menu-item-47851\" class=\"menu-item menu-item-type-post_type menu-item-object-page menu-item-47851\"><a href=\"https:\/\/fundaciotallers.org\/es\/servicio-formacion-ocupacional\/\">Formaci\u00f3n ocupacional<\/a><\/li>\n\t<li id=\"menu-item-47852\" class=\"menu-item menu-item-type-post_type menu-item-object-page menu-item-47852\"><a href=\"https:\/\/fundaciotallers.org\/es\/servicio-insercion-laboral\/\">Servicio de Inserci\u00f3n laboral (SIL)<\/a><\/li>\n\t<li id=\"menu-item-47853\" class=\"menu-item menu-item-type-post_type menu-item-object-page menu-item-47853\"><a href=\"https:\/\/fundaciotallers.org\/es\/centro-especial-de-trabajo\/\">Centro Especial de Trabajo<\/a><\/li>\n\t<li id=\"menu-item-47854\" class=\"menu-item menu-item-type-post_type menu-item-object-page menu-item-47854\"><a href=\"https:\/\/fundaciotallers.org\/es\/equipo-multidisciplinario-de-apoyo-ems\/\">Equipo Multidisciplinario de Apoyo (EMS)<\/a><\/li>\n\t<li id=\"menu-item-47855\" class=\"menu-item menu-item-type-post_type menu-item-object-page menu-item-47855\"><a href=\"https:\/\/fundaciotallers.org\/es\/empresa-insercion\/\">Empresa de inserci\u00f3n<\/a><\/li>\n<\/ul>\n<\/li>\n<li id=\"menu-item-47856\" class=\"menu-item menu-item-type-post_type menu-item-object-page menu-item-has-children menu-item-47856\"><a href=\"https:\/\/fundaciotallers.org\/es\/servicios-para-empresas\/\">A las empresas<\/a>\n<ul class=\"sub-menu\">\n\t<li id=\"menu-item-47857\" class=\"menu-item menu-item-type-post_type menu-item-object-page menu-item-47857\"><a href=\"https:\/\/fundaciotallers.org\/es\/cumplimiento-ley-discapacidad\/\">Cumplimiento Ley Discapacidad<\/a><\/li>\n\t<li id=\"menu-item-47858\" class=\"menu-item menu-item-type-post_type menu-item-object-page menu-item-47858\"><a href=\"https:\/\/fundaciotallers.org\/es\/jardineria\/\">Jardineria\u00a0<\/a><\/li>\n\t<li id=\"menu-item-47859\" class=\"menu-item menu-item-type-post_type menu-item-object-page menu-item-47859\"><a href=\"https:\/\/fundaciotallers.org\/es\/servicios-limpieza\/\">Limpieza<\/a><\/li>\n\t<li id=\"menu-item-47860\" class=\"menu-item menu-item-type-post_type menu-item-object-page menu-item-47860\"><a href=\"https:\/\/fundaciotallers.org\/es\/manipulados-y-logistica-industrial\/\">Manipulados, log\u00edstica industrial y servicios textiles<\/a><\/li>\n\t<li id=\"menu-item-47861\" class=\"menu-item menu-item-type-post_type menu-item-object-page menu-item-47861\"><a href=\"https:\/\/fundaciotallers.org\/es\/servicios-tintoreria-industrial-domestica\/\">Tintorer\u00eda<\/a><\/li>\n\t<li id=\"menu-item-47862\" class=\"menu-item menu-item-type-post_type menu-item-object-page menu-item-47862\"><a href=\"https:\/\/fundaciotallers.org\/es\/servicio-de-gestion-documental\/\">Externalizaci\u00f3n procesos administrativos<\/a><\/li>\n<\/ul>\n<\/li>\n<li id=\"menu-item-47863\" class=\"menu-item menu-item-type-post_type menu-item-object-page menu-item-has-children menu-item-47863\"><a href=\"https:\/\/fundaciotallers.org\/es\/servicios-para-las-administraciones\/\">A las administraciones<\/a>\n<ul class=\"sub-menu\">\n\t<li id=\"menu-item-47864\" class=\"menu-item menu-item-type-post_type menu-item-object-page menu-item-47864\"><a href=\"https:\/\/fundaciotallers.org\/es\/servicios-de-jardineria-para-administraciones-publicas\/\">Servicios de jardiner\u00eda para administraciones p\u00fablicas<\/a><\/li>\n\t<li id=\"menu-item-47865\" class=\"menu-item menu-item-type-post_type menu-item-object-page menu-item-47865\"><a href=\"https:\/\/fundaciotallers.org\/es\/limpieza-de-interiores\/\">Limpieza de interiores<\/a><\/li>\n\t<li id=\"menu-item-47866\" class=\"menu-item menu-item-type-post_type menu-item-object-page menu-item-47866\"><a href=\"https:\/\/fundaciotallers.org\/es\/limpieza-viaria\/\">Limpieza Viaria<\/a><\/li>\n\t<li id=\"menu-item-47867\" class=\"menu-item menu-item-type-post_type menu-item-object-page menu-item-47867\"><a href=\"https:\/\/fundaciotallers.org\/es\/gestion-desecherias-y-puntos-verdes\/\">Gesti\u00f3n de desecher\u00edas y puntos verdes<\/a><\/li>\n\t<li id=\"menu-item-47868\" class=\"menu-item menu-item-type-post_type menu-item-object-page menu-item-47868\"><a href=\"https:\/\/fundaciotallers.org\/es\/externalizacion-procesos-administrativos\/\">Servicio de gesti\u00f3n documental<\/a><\/li>\n<\/ul>\n<\/li>\n<li id=\"menu-item-47869\" class=\"menu-item menu-item-type-post_type menu-item-object-page menu-item-47869\"><a href=\"https:\/\/fundaciotallers.org\/es\/trabaja-con-nosotros\/\">Trabaja con nosotros<\/a><\/li>\n<li id=\"menu-item-47870\" class=\"menu-item menu-item-type-custom menu-item-object-custom menu-item-47870\"><a target=\"_blank\" href=\"https:\/\/www.pereclaver.org\/voluntariat\/\">Voluntariado<\/a><\/li>\n<li id=\"menu-item-47871\" class=\"menu-item menu-item-type-post_type menu-item-object-page menu-item-47871\"><a href=\"https:\/\/fundaciotallers.org\/es\/noticias\/\">Blog<\/a><\/li>\n<li id=\"menu-item-47872\" class=\"menu-item menu-item-type-post_type menu-item-object-page menu-item-47872\"><a href=\"https:\/\/fundaciotallers.org\/es\/contacto\/\">Contacto<\/a><\/li>\n<\/ul>                <button class=\"eael-simple-menu-toggle\">\n                    <span class=\"sr-only \">Men\u00fa conmutador hamburguesa<\/span>\n                    <i aria-hidden=\"true\" class=\"fas fa-bars\"><\/i>                <\/button>\n            <\/div>\n            \t\t\t\t<\/div>\n\t\t\t\t<\/div>\n\t\t\t\t\t<\/div>\n\t\t<\/div>\n\t\t\t\t<div class=\"elementor-column elementor-col-25 elementor-top-column elementor-element elementor-element-58c430b\" data-id=\"58c430b\" data-element_type=\"column\" data-e-type=\"column\">\n\t\t\t<div class=\"elementor-widget-wrap elementor-element-populated\">\n\t\t\t\t\t\t<div class=\"elementor-element elementor-element-6feecdc elementor-align-right elementor-widget elementor-widget-button\" data-id=\"6feecdc\" data-element_type=\"widget\" data-e-type=\"widget\" data-widget_type=\"button.default\">\n\t\t\t\t<div class=\"elementor-widget-container\">\n\t\t\t\t\t\t\t\t\t<div class=\"elementor-button-wrapper\">\n\t\t\t\t\t<a class=\"elementor-button elementor-size-sm\" role=\"button\">\n\t\t\t\t\t\t<span class=\"elementor-button-content-wrapper\">\n\t\t\t\t\t\t\t\t\t<span class=\"elementor-button-text\">Col\u00b7labora<\/span>\n\t\t\t\t\t<\/span>\n\t\t\t\t\t<\/a>\n\t\t\t\t<\/div>\n\t\t\t\t\t\t\t\t<\/div>\n\t\t\t\t<\/div>\n\t\t\t\t\t<\/div>\n\t\t<\/div>\n\t\t\t\t<div class=\"elementor-column elementor-col-25 elementor-top-column elementor-element elementor-element-76163e8\" data-id=\"76163e8\" data-element_type=\"column\" data-e-type=\"column\">\n\t\t\t<div class=\"elementor-widget-wrap elementor-element-populated\">\n\t\t\t\t\t\t<div class=\"elementor-element elementor-element-6338c8f elementor-align-right elementor-widget elementor-widget-button\" data-id=\"6338c8f\" data-element_type=\"widget\" data-e-type=\"widget\" data-widget_type=\"button.default\">\n\t\t\t\t<div class=\"elementor-widget-container\">\n\t\t\t\t\t\t\t\t\t<div class=\"elementor-button-wrapper\">\n\t\t\t\t\t<a class=\"elementor-button elementor-size-sm\" role=\"button\">\n\t\t\t\t\t\t<span class=\"elementor-button-content-wrapper\">\n\t\t\t\t\t\t\t\t\t<span class=\"elementor-button-text\">Dona<\/span>\n\t\t\t\t\t<\/span>\n\t\t\t\t\t<\/a>\n\t\t\t\t<\/div>\n\t\t\t\t\t\t\t\t<\/div>\n\t\t\t\t<\/div>\n\t\t\t\t\t<\/div>\n\t\t<\/div>\n\t\t\t\t\t<\/div>\n\t\t<\/section>\n\t\t\t\t<section class=\"elementor-section elementor-top-section elementor-element elementor-element-7969ff3 elementor-hidden-mobile elementor-section-boxed elementor-section-height-default elementor-section-height-default\" data-id=\"7969ff3\" data-element_type=\"section\" data-e-type=\"section\">\n\t\t\t\t\t\t<div class=\"elementor-container elementor-column-gap-narrow\">\n\t\t\t\t\t<div class=\"elementor-column elementor-col-100 elementor-top-column elementor-element elementor-element-d7cec1f\" data-id=\"d7cec1f\" data-element_type=\"column\" data-e-type=\"column\">\n\t\t\t<div class=\"elementor-widget-wrap elementor-element-populated\">\n\t\t\t\t\t\t<div class=\"elementor-element elementor-element-0714ad5 eael_simple_menu_hamburger_disable_selected_menu_no eael-simple-menu-hamburger-align-right eael-hamburger--tablet elementor-widget elementor-widget-eael-simple-menu\" data-id=\"0714ad5\" data-element_type=\"widget\" data-e-type=\"widget\" data-widget_type=\"eael-simple-menu.default\">\n\t\t\t\t<div class=\"elementor-widget-container\">\n\t\t\t\t\t<style>\n                        @media screen and (max-width: 1024px) {\n                            .eael-hamburger--tablet {\n                                .eael-simple-menu-horizontal,\n                                .eael-simple-menu-vertical {\n                                    display: none;\n                                }\n                            }\n                            .eael-hamburger--tablet {\n                                .eael-simple-menu-container .eael-simple-menu-toggle {\n                                    display: block;\n                                }\n                            }\n                        }\n                        .eael-simple-menu-container.eael-simple-menu--loading > ul {\n                            display: -webkit-box !important;\n                            display: -ms-flexbox !important;\n                            display: flex !important;\n                            list-style: none !important;\n                        }\n                        .eael-simple-menu-container.eael-simple-menu--loading li ul {\n                            visibility: hidden !important;\n                            opacity: 0 !important;\n                        }\n                    <\/style>            <div data-hamburger-icon=\"&lt;i aria-hidden=&quot;true&quot; class=&quot;fas fa-bars&quot;&gt;&lt;\/i&gt;\" data-indicator-icon=\"&lt;i aria-hidden=&quot;true&quot; class=&quot;fas fa-angle-down&quot;&gt;&lt;\/i&gt;\" data-dropdown-indicator-icon=\"&lt;i class=&quot;fas fa-angle-down&quot;&gt;&lt;\/i&gt;\" class=\"eael-simple-menu-container eael-simple-menu--loading eael-simple-menu-align-left eael-simple-menu-dropdown-align-left preset-1\" data-hamburger-breakpoints=\"{&quot;mobile&quot;:&quot;M\\u00f3vil vertical (&gt; 767px)&quot;,&quot;tablet&quot;:&quot;Tableta vertical (&gt; 1024px)&quot;,&quot;desktop&quot;:&quot;Escritorio (&gt; 2400px)&quot;,&quot;none&quot;:&quot;Ninguno&quot;}\" data-hamburger-device=\"tablet\">\n                <ul id=\"menu-nova-web-cat-es-1\" class=\"eael-simple-menu eael-simple-menu-dropdown-animate-to-top eael-simple-menu-indicator eael-simple-menu-horizontal\"><li class=\"menu-item menu-item-type-custom menu-item-object-custom menu-item-has-children menu-item-47841\"><a href=\"#\">Qui\u00e9nes somos<\/a>\n<ul class=\"sub-menu\">\n\t<li class=\"menu-item menu-item-type-post_type menu-item-object-page menu-item-47842\"><a href=\"https:\/\/fundaciotallers.org\/es\/conocenos\/\">Con\u00f3cenos<\/a><\/li>\n\t<li class=\"menu-item menu-item-type-post_type menu-item-object-page menu-item-47843\"><a href=\"https:\/\/fundaciotallers.org\/es\/historia-2\/\">Historia<\/a><\/li>\n\t<li class=\"menu-item menu-item-type-post_type menu-item-object-page menu-item-47844\"><a href=\"https:\/\/fundaciotallers.org\/es\/patronato-y-comite-de-direccion\/\">Patronato y Comit\u00e9 de Direcci\u00f3n<\/a><\/li>\n\t<li class=\"menu-item menu-item-type-post_type menu-item-object-page menu-item-47845\"><a href=\"https:\/\/fundaciotallers.org\/es\/equipo-de-coordinacion-y-servicios-de-apoyo\/\">Equipo de Coordinaci\u00f3n y Servicios de Apoyo<\/a><\/li>\n\t<li class=\"menu-item menu-item-type-post_type menu-item-object-page menu-item-47846\"><a href=\"https:\/\/fundaciotallers.org\/es\/portal-de-transparencia\/\">Portal de Transparencia<\/a><\/li>\n\t<li class=\"menu-item menu-item-type-post_type menu-item-object-page menu-item-47847\"><a href=\"https:\/\/fundaciotallers.org\/es\/portal-de-transparencia\/memoria\/\">Memoria<\/a><\/li>\n\t<li class=\"menu-item menu-item-type-post_type menu-item-object-page menu-item-47848\"><a href=\"https:\/\/fundaciotallers.org\/es\/politica-de-calidad-y-medio-ambiente\/\">Pol\u00edtica de calidad y medio ambiente<\/a><\/li>\n\t<li class=\"menu-item menu-item-type-post_type menu-item-object-page menu-item-47849\"><a href=\"https:\/\/fundaciotallers.org\/es\/colaboradores-2\/\">Colaboradores<\/a><\/li>\n<\/ul>\n<\/li>\n<li class=\"menu-item menu-item-type-post_type menu-item-object-page menu-item-has-children menu-item-47850\"><a href=\"https:\/\/fundaciotallers.org\/es\/servicios-para-las-personas\/\">A las personas<\/a>\n<ul class=\"sub-menu\">\n\t<li class=\"menu-item menu-item-type-post_type menu-item-object-page menu-item-47851\"><a href=\"https:\/\/fundaciotallers.org\/es\/servicio-formacion-ocupacional\/\">Formaci\u00f3n ocupacional<\/a><\/li>\n\t<li class=\"menu-item menu-item-type-post_type menu-item-object-page menu-item-47852\"><a href=\"https:\/\/fundaciotallers.org\/es\/servicio-insercion-laboral\/\">Servicio de Inserci\u00f3n laboral (SIL)<\/a><\/li>\n\t<li class=\"menu-item menu-item-type-post_type menu-item-object-page menu-item-47853\"><a href=\"https:\/\/fundaciotallers.org\/es\/centro-especial-de-trabajo\/\">Centro Especial de Trabajo<\/a><\/li>\n\t<li class=\"menu-item menu-item-type-post_type menu-item-object-page menu-item-47854\"><a href=\"https:\/\/fundaciotallers.org\/es\/equipo-multidisciplinario-de-apoyo-ems\/\">Equipo Multidisciplinario de Apoyo (EMS)<\/a><\/li>\n\t<li class=\"menu-item menu-item-type-post_type menu-item-object-page menu-item-47855\"><a href=\"https:\/\/fundaciotallers.org\/es\/empresa-insercion\/\">Empresa de inserci\u00f3n<\/a><\/li>\n<\/ul>\n<\/li>\n<li class=\"menu-item menu-item-type-post_type menu-item-object-page menu-item-has-children menu-item-47856\"><a href=\"https:\/\/fundaciotallers.org\/es\/servicios-para-empresas\/\">A las empresas<\/a>\n<ul class=\"sub-menu\">\n\t<li class=\"menu-item menu-item-type-post_type menu-item-object-page menu-item-47857\"><a href=\"https:\/\/fundaciotallers.org\/es\/cumplimiento-ley-discapacidad\/\">Cumplimiento Ley Discapacidad<\/a><\/li>\n\t<li class=\"menu-item menu-item-type-post_type menu-item-object-page menu-item-47858\"><a href=\"https:\/\/fundaciotallers.org\/es\/jardineria\/\">Jardineria\u00a0<\/a><\/li>\n\t<li class=\"menu-item menu-item-type-post_type menu-item-object-page menu-item-47859\"><a href=\"https:\/\/fundaciotallers.org\/es\/servicios-limpieza\/\">Limpieza<\/a><\/li>\n\t<li class=\"menu-item menu-item-type-post_type menu-item-object-page menu-item-47860\"><a href=\"https:\/\/fundaciotallers.org\/es\/manipulados-y-logistica-industrial\/\">Manipulados, log\u00edstica industrial y servicios textiles<\/a><\/li>\n\t<li class=\"menu-item menu-item-type-post_type menu-item-object-page menu-item-47861\"><a href=\"https:\/\/fundaciotallers.org\/es\/servicios-tintoreria-industrial-domestica\/\">Tintorer\u00eda<\/a><\/li>\n\t<li class=\"menu-item menu-item-type-post_type menu-item-object-page menu-item-47862\"><a href=\"https:\/\/fundaciotallers.org\/es\/servicio-de-gestion-documental\/\">Externalizaci\u00f3n procesos administrativos<\/a><\/li>\n<\/ul>\n<\/li>\n<li class=\"menu-item menu-item-type-post_type menu-item-object-page menu-item-has-children menu-item-47863\"><a href=\"https:\/\/fundaciotallers.org\/es\/servicios-para-las-administraciones\/\">A las administraciones<\/a>\n<ul class=\"sub-menu\">\n\t<li class=\"menu-item menu-item-type-post_type menu-item-object-page menu-item-47864\"><a href=\"https:\/\/fundaciotallers.org\/es\/servicios-de-jardineria-para-administraciones-publicas\/\">Servicios de jardiner\u00eda para administraciones p\u00fablicas<\/a><\/li>\n\t<li class=\"menu-item menu-item-type-post_type menu-item-object-page menu-item-47865\"><a href=\"https:\/\/fundaciotallers.org\/es\/limpieza-de-interiores\/\">Limpieza de interiores<\/a><\/li>\n\t<li class=\"menu-item menu-item-type-post_type menu-item-object-page menu-item-47866\"><a href=\"https:\/\/fundaciotallers.org\/es\/limpieza-viaria\/\">Limpieza Viaria<\/a><\/li>\n\t<li class=\"menu-item menu-item-type-post_type menu-item-object-page menu-item-47867\"><a href=\"https:\/\/fundaciotallers.org\/es\/gestion-desecherias-y-puntos-verdes\/\">Gesti\u00f3n de desecher\u00edas y puntos verdes<\/a><\/li>\n\t<li class=\"menu-item menu-item-type-post_type menu-item-object-page menu-item-47868\"><a href=\"https:\/\/fundaciotallers.org\/es\/externalizacion-procesos-administrativos\/\">Servicio de gesti\u00f3n documental<\/a><\/li>\n<\/ul>\n<\/li>\n<li class=\"menu-item menu-item-type-post_type menu-item-object-page menu-item-47869\"><a href=\"https:\/\/fundaciotallers.org\/es\/trabaja-con-nosotros\/\">Trabaja con nosotros<\/a><\/li>\n<li class=\"menu-item menu-item-type-custom menu-item-object-custom menu-item-47870\"><a target=\"_blank\" href=\"https:\/\/www.pereclaver.org\/voluntariat\/\">Voluntariado<\/a><\/li>\n<li class=\"menu-item menu-item-type-post_type menu-item-object-page menu-item-47871\"><a href=\"https:\/\/fundaciotallers.org\/es\/noticias\/\">Blog<\/a><\/li>\n<li class=\"menu-item menu-item-type-post_type menu-item-object-page menu-item-47872\"><a href=\"https:\/\/fundaciotallers.org\/es\/contacto\/\">Contacto<\/a><\/li>\n<\/ul>                <button class=\"eael-simple-menu-toggle\">\n                    <span class=\"sr-only \">Men\u00fa conmutador hamburguesa<\/span>\n                    <i aria-hidden=\"true\" class=\"fas fa-bars\"><\/i>                <\/button>\n            <\/div>\n            \t\t\t\t<\/div>\n\t\t\t\t<\/div>\n\t\t\t\t\t<\/div>\n\t\t<\/div>\n\t\t\t\t\t<\/div>\n\t\t<\/section>\n\t\t\t\t<section class=\"elementor-section elementor-top-section elementor-element elementor-element-ec26f78 elementor-hidden-tablet elementor-hidden-desktop elementor-section-boxed elementor-section-height-default elementor-section-height-default\" data-id=\"ec26f78\" data-element_type=\"section\" data-e-type=\"section\" data-settings=\"{&quot;background_background&quot;:&quot;classic&quot;}\">\n\t\t\t\t\t\t<div class=\"elementor-container elementor-column-gap-narrow\">\n\t\t\t\t\t<div class=\"elementor-column elementor-col-100 elementor-top-column elementor-element elementor-element-c4570bb\" data-id=\"c4570bb\" data-element_type=\"column\" data-e-type=\"column\">\n\t\t\t<div class=\"elementor-widget-wrap elementor-element-populated\">\n\t\t\t\t\t\t<div class=\"elementor-element elementor-element-a560ff2 elementor-widget elementor-widget-text-editor\" data-id=\"a560ff2\" data-element_type=\"widget\" data-e-type=\"widget\" data-widget_type=\"text-editor.default\">\n\t\t\t\t<div class=\"elementor-widget-container\">\n\t\t\t\t\t\t\t\t\t<a href=\"https:\/\/fundaciotallers.org\/ca\/\">Catal\u00e0\u00a0<\/a> \u00a0|\u00a0 \u00a0<a href=\"https:\/\/fundaciotallers.org\/es\/\">Castell\u00e0<\/a>\t\t\t\t\t\t\t\t<\/div>\n\t\t\t\t<\/div>\n\t\t\t\t\t<\/div>\n\t\t<\/div>\n\t\t\t\t\t<\/div>\n\t\t<\/section>\n\t\t\t\t<section class=\"elementor-section elementor-top-section elementor-element elementor-element-aac5a17 elementor-hidden-desktop elementor-hidden-tablet elementor-section-boxed elementor-section-height-default elementor-section-height-default\" data-id=\"aac5a17\" data-element_type=\"section\" data-e-type=\"section\" data-settings=\"{&quot;background_background&quot;:&quot;classic&quot;}\">\n\t\t\t\t\t\t<div class=\"elementor-container elementor-column-gap-narrow\">\n\t\t\t\t\t<div class=\"elementor-column elementor-col-100 elementor-top-column elementor-element elementor-element-923b828\" data-id=\"923b828\" data-element_type=\"column\" data-e-type=\"column\">\n\t\t\t<div class=\"elementor-widget-wrap elementor-element-populated\">\n\t\t\t\t\t\t<div class=\"elementor-element elementor-element-daa541c elementor-widget elementor-widget-image\" data-id=\"daa541c\" data-element_type=\"widget\" data-e-type=\"widget\" data-widget_type=\"image.default\">\n\t\t\t\t<div class=\"elementor-widget-container\">\n\t\t\t\t\t\t\t\t\t\t\t\t\t\t\t\t<a href=\"https:\/\/fundaciotallers.org\/es\/\">\n\t\t\t\t\t\t\t<img fetchpriority=\"high\" decoding=\"async\" width=\"1024\" height=\"313\" src=\"https:\/\/fundaciotallers.org\/wp-content\/uploads\/2025\/07\/fundacio-tallers-inclusio-laboral-1024x313.png\" class=\"attachment-large size-large wp-image-44007\" alt=\"\" srcset=\"https:\/\/fundaciotallers.org\/wp-content\/uploads\/2025\/07\/fundacio-tallers-inclusio-laboral-1024x313.png 1024w, https:\/\/fundaciotallers.org\/wp-content\/uploads\/2025\/07\/fundacio-tallers-inclusio-laboral-300x92.png 300w, https:\/\/fundaciotallers.org\/wp-content\/uploads\/2025\/07\/fundacio-tallers-inclusio-laboral-768x234.png 768w, https:\/\/fundaciotallers.org\/wp-content\/uploads\/2025\/07\/fundacio-tallers-inclusio-laboral-1536x469.png 1536w, https:\/\/fundaciotallers.org\/wp-content\/uploads\/2025\/07\/fundacio-tallers-inclusio-laboral.png 1890w\" sizes=\"(max-width: 1024px) 100vw, 1024px\" \/>\t\t\t\t\t\t\t\t<\/a>\n\t\t\t\t\t\t\t\t\t\t\t\t\t\t\t<\/div>\n\t\t\t\t<\/div>\n\t\t\t\t<div class=\"elementor-element elementor-element-4b50151 eael-simple-menu-hamburger-align-center eael_simple_menu_hamburger_disable_selected_menu_no eael-hamburger--tablet elementor-widget elementor-widget-eael-simple-menu\" data-id=\"4b50151\" data-element_type=\"widget\" data-e-type=\"widget\" data-widget_type=\"eael-simple-menu.default\">\n\t\t\t\t<div class=\"elementor-widget-container\">\n\t\t\t\t\t<style>\n                        @media screen and (max-width: 1024px) {\n                            .eael-hamburger--tablet {\n                                .eael-simple-menu-horizontal,\n                                .eael-simple-menu-vertical {\n                                    display: none;\n                                }\n                            }\n                            .eael-hamburger--tablet {\n                                .eael-simple-menu-container .eael-simple-menu-toggle {\n                                    display: block;\n                                }\n                            }\n                        }\n                        .eael-simple-menu-container.eael-simple-menu--loading > ul {\n                            display: -webkit-box !important;\n                            display: -ms-flexbox !important;\n                            display: flex !important;\n                            list-style: none !important;\n                        }\n                        .eael-simple-menu-container.eael-simple-menu--loading li ul {\n                            visibility: hidden !important;\n                            opacity: 0 !important;\n                        }\n                    <\/style>            <div data-hamburger-icon=\"&lt;i aria-hidden=&quot;true&quot; class=&quot;fas fa-bars&quot;&gt;&lt;\/i&gt;\" data-indicator-icon=\"&lt;svg xmlns=&quot;http:\/\/www.w3.org\/2000\/svg&quot; xmlns:xlink=&quot;http:\/\/www.w3.org\/1999\/xlink&quot; id=&quot;Capa_1&quot; x=&quot;0px&quot; y=&quot;0px&quot; width=&quot;451.847px&quot; height=&quot;451.847px&quot; viewBox=&quot;0 0 451.847 451.847&quot; style=&quot;enable-background:new 0 0 451.847 451.847;&quot; xml:space=&quot;preserve&quot;&gt;&lt;g&gt;\t&lt;path d=&quot;M225.923,354.706c-8.098,0-16.195-3.092-22.369-9.263L9.27,151.157c-12.359-12.359-12.359-32.397,0-44.751  c12.354-12.354,32.388-12.354,44.748,0l171.905,171.915l171.906-171.909c12.359-12.354,32.391-12.354,44.744,0  c12.365,12.354,12.365,32.392,0,44.751L248.292,345.449C242.115,351.621,234.018,354.706,225.923,354.706z&quot;&gt;&lt;\/path&gt;&lt;\/g&gt;&lt;g&gt;&lt;\/g&gt;&lt;g&gt;&lt;\/g&gt;&lt;g&gt;&lt;\/g&gt;&lt;g&gt;&lt;\/g&gt;&lt;g&gt;&lt;\/g&gt;&lt;g&gt;&lt;\/g&gt;&lt;g&gt;&lt;\/g&gt;&lt;g&gt;&lt;\/g&gt;&lt;g&gt;&lt;\/g&gt;&lt;g&gt;&lt;\/g&gt;&lt;g&gt;&lt;\/g&gt;&lt;g&gt;&lt;\/g&gt;&lt;g&gt;&lt;\/g&gt;&lt;g&gt;&lt;\/g&gt;&lt;g&gt;&lt;\/g&gt;&lt;\/svg&gt;\" data-dropdown-indicator-icon=\"&lt;svg xmlns=&quot;http:\/\/www.w3.org\/2000\/svg&quot; xmlns:xlink=&quot;http:\/\/www.w3.org\/1999\/xlink&quot; id=&quot;Capa_1&quot; x=&quot;0px&quot; y=&quot;0px&quot; width=&quot;451.847px&quot; height=&quot;451.847px&quot; viewBox=&quot;0 0 451.847 451.847&quot; style=&quot;enable-background:new 0 0 451.847 451.847;&quot; xml:space=&quot;preserve&quot;&gt;&lt;g&gt;\t&lt;path d=&quot;M225.923,354.706c-8.098,0-16.195-3.092-22.369-9.263L9.27,151.157c-12.359-12.359-12.359-32.397,0-44.751  c12.354-12.354,32.388-12.354,44.748,0l171.905,171.915l171.906-171.909c12.359-12.354,32.391-12.354,44.744,0  c12.365,12.354,12.365,32.392,0,44.751L248.292,345.449C242.115,351.621,234.018,354.706,225.923,354.706z&quot;&gt;&lt;\/path&gt;&lt;\/g&gt;&lt;g&gt;&lt;\/g&gt;&lt;g&gt;&lt;\/g&gt;&lt;g&gt;&lt;\/g&gt;&lt;g&gt;&lt;\/g&gt;&lt;g&gt;&lt;\/g&gt;&lt;g&gt;&lt;\/g&gt;&lt;g&gt;&lt;\/g&gt;&lt;g&gt;&lt;\/g&gt;&lt;g&gt;&lt;\/g&gt;&lt;g&gt;&lt;\/g&gt;&lt;g&gt;&lt;\/g&gt;&lt;g&gt;&lt;\/g&gt;&lt;g&gt;&lt;\/g&gt;&lt;g&gt;&lt;\/g&gt;&lt;g&gt;&lt;\/g&gt;&lt;\/svg&gt;\" class=\"eael-simple-menu-container eael-simple-menu--loading eael-simple-menu-align-left eael-simple-menu-dropdown-align-left preset-1\" data-hamburger-breakpoints=\"{&quot;mobile&quot;:&quot;M\\u00f3vil vertical (&gt; 767px)&quot;,&quot;tablet&quot;:&quot;Tableta vertical (&gt; 1024px)&quot;,&quot;desktop&quot;:&quot;Escritorio (&gt; 2400px)&quot;,&quot;none&quot;:&quot;Ninguno&quot;}\" data-hamburger-device=\"tablet\">\n                <ul id=\"menu-nova-web-cat-es-2\" class=\"eael-simple-menu eael-simple-menu-dropdown-animate-to-top eael-simple-menu-indicator eael-hamburger-left eael-simple-menu-horizontal\"><li class=\"menu-item menu-item-type-custom menu-item-object-custom menu-item-has-children menu-item-47841\"><a href=\"#\">Qui\u00e9nes somos<\/a>\n<ul class=\"sub-menu\">\n\t<li class=\"menu-item menu-item-type-post_type menu-item-object-page menu-item-47842\"><a href=\"https:\/\/fundaciotallers.org\/es\/conocenos\/\">Con\u00f3cenos<\/a><\/li>\n\t<li class=\"menu-item menu-item-type-post_type menu-item-object-page menu-item-47843\"><a href=\"https:\/\/fundaciotallers.org\/es\/historia-2\/\">Historia<\/a><\/li>\n\t<li class=\"menu-item menu-item-type-post_type menu-item-object-page menu-item-47844\"><a href=\"https:\/\/fundaciotallers.org\/es\/patronato-y-comite-de-direccion\/\">Patronato y Comit\u00e9 de Direcci\u00f3n<\/a><\/li>\n\t<li class=\"menu-item menu-item-type-post_type menu-item-object-page menu-item-47845\"><a href=\"https:\/\/fundaciotallers.org\/es\/equipo-de-coordinacion-y-servicios-de-apoyo\/\">Equipo de Coordinaci\u00f3n y Servicios de Apoyo<\/a><\/li>\n\t<li class=\"menu-item menu-item-type-post_type menu-item-object-page menu-item-47846\"><a href=\"https:\/\/fundaciotallers.org\/es\/portal-de-transparencia\/\">Portal de Transparencia<\/a><\/li>\n\t<li class=\"menu-item menu-item-type-post_type menu-item-object-page menu-item-47847\"><a href=\"https:\/\/fundaciotallers.org\/es\/portal-de-transparencia\/memoria\/\">Memoria<\/a><\/li>\n\t<li class=\"menu-item menu-item-type-post_type menu-item-object-page menu-item-47848\"><a href=\"https:\/\/fundaciotallers.org\/es\/politica-de-calidad-y-medio-ambiente\/\">Pol\u00edtica de calidad y medio ambiente<\/a><\/li>\n\t<li class=\"menu-item menu-item-type-post_type menu-item-object-page menu-item-47849\"><a href=\"https:\/\/fundaciotallers.org\/es\/colaboradores-2\/\">Colaboradores<\/a><\/li>\n<\/ul>\n<\/li>\n<li class=\"menu-item menu-item-type-post_type menu-item-object-page menu-item-has-children menu-item-47850\"><a href=\"https:\/\/fundaciotallers.org\/es\/servicios-para-las-personas\/\">A las personas<\/a>\n<ul class=\"sub-menu\">\n\t<li class=\"menu-item menu-item-type-post_type menu-item-object-page menu-item-47851\"><a href=\"https:\/\/fundaciotallers.org\/es\/servicio-formacion-ocupacional\/\">Formaci\u00f3n ocupacional<\/a><\/li>\n\t<li class=\"menu-item menu-item-type-post_type menu-item-object-page menu-item-47852\"><a href=\"https:\/\/fundaciotallers.org\/es\/servicio-insercion-laboral\/\">Servicio de Inserci\u00f3n laboral (SIL)<\/a><\/li>\n\t<li class=\"menu-item menu-item-type-post_type menu-item-object-page menu-item-47853\"><a href=\"https:\/\/fundaciotallers.org\/es\/centro-especial-de-trabajo\/\">Centro Especial de Trabajo<\/a><\/li>\n\t<li class=\"menu-item menu-item-type-post_type menu-item-object-page menu-item-47854\"><a href=\"https:\/\/fundaciotallers.org\/es\/equipo-multidisciplinario-de-apoyo-ems\/\">Equipo Multidisciplinario de Apoyo (EMS)<\/a><\/li>\n\t<li class=\"menu-item menu-item-type-post_type menu-item-object-page menu-item-47855\"><a href=\"https:\/\/fundaciotallers.org\/es\/empresa-insercion\/\">Empresa de inserci\u00f3n<\/a><\/li>\n<\/ul>\n<\/li>\n<li class=\"menu-item menu-item-type-post_type menu-item-object-page menu-item-has-children menu-item-47856\"><a href=\"https:\/\/fundaciotallers.org\/es\/servicios-para-empresas\/\">A las empresas<\/a>\n<ul class=\"sub-menu\">\n\t<li class=\"menu-item menu-item-type-post_type menu-item-object-page menu-item-47857\"><a href=\"https:\/\/fundaciotallers.org\/es\/cumplimiento-ley-discapacidad\/\">Cumplimiento Ley Discapacidad<\/a><\/li>\n\t<li class=\"menu-item menu-item-type-post_type menu-item-object-page menu-item-47858\"><a href=\"https:\/\/fundaciotallers.org\/es\/jardineria\/\">Jardineria\u00a0<\/a><\/li>\n\t<li class=\"menu-item menu-item-type-post_type menu-item-object-page menu-item-47859\"><a href=\"https:\/\/fundaciotallers.org\/es\/servicios-limpieza\/\">Limpieza<\/a><\/li>\n\t<li class=\"menu-item menu-item-type-post_type menu-item-object-page menu-item-47860\"><a href=\"https:\/\/fundaciotallers.org\/es\/manipulados-y-logistica-industrial\/\">Manipulados, log\u00edstica industrial y servicios textiles<\/a><\/li>\n\t<li class=\"menu-item menu-item-type-post_type menu-item-object-page menu-item-47861\"><a href=\"https:\/\/fundaciotallers.org\/es\/servicios-tintoreria-industrial-domestica\/\">Tintorer\u00eda<\/a><\/li>\n\t<li class=\"menu-item menu-item-type-post_type menu-item-object-page menu-item-47862\"><a href=\"https:\/\/fundaciotallers.org\/es\/servicio-de-gestion-documental\/\">Externalizaci\u00f3n procesos administrativos<\/a><\/li>\n<\/ul>\n<\/li>\n<li class=\"menu-item menu-item-type-post_type menu-item-object-page menu-item-has-children menu-item-47863\"><a href=\"https:\/\/fundaciotallers.org\/es\/servicios-para-las-administraciones\/\">A las administraciones<\/a>\n<ul class=\"sub-menu\">\n\t<li class=\"menu-item menu-item-type-post_type menu-item-object-page menu-item-47864\"><a href=\"https:\/\/fundaciotallers.org\/es\/servicios-de-jardineria-para-administraciones-publicas\/\">Servicios de jardiner\u00eda para administraciones p\u00fablicas<\/a><\/li>\n\t<li class=\"menu-item menu-item-type-post_type menu-item-object-page menu-item-47865\"><a href=\"https:\/\/fundaciotallers.org\/es\/limpieza-de-interiores\/\">Limpieza de interiores<\/a><\/li>\n\t<li class=\"menu-item menu-item-type-post_type menu-item-object-page menu-item-47866\"><a href=\"https:\/\/fundaciotallers.org\/es\/limpieza-viaria\/\">Limpieza Viaria<\/a><\/li>\n\t<li class=\"menu-item menu-item-type-post_type menu-item-object-page menu-item-47867\"><a href=\"https:\/\/fundaciotallers.org\/es\/gestion-desecherias-y-puntos-verdes\/\">Gesti\u00f3n de desecher\u00edas y puntos verdes<\/a><\/li>\n\t<li class=\"menu-item menu-item-type-post_type menu-item-object-page menu-item-47868\"><a href=\"https:\/\/fundaciotallers.org\/es\/externalizacion-procesos-administrativos\/\">Servicio de gesti\u00f3n documental<\/a><\/li>\n<\/ul>\n<\/li>\n<li class=\"menu-item menu-item-type-post_type menu-item-object-page menu-item-47869\"><a href=\"https:\/\/fundaciotallers.org\/es\/trabaja-con-nosotros\/\">Trabaja con nosotros<\/a><\/li>\n<li class=\"menu-item menu-item-type-custom menu-item-object-custom menu-item-47870\"><a target=\"_blank\" href=\"https:\/\/www.pereclaver.org\/voluntariat\/\">Voluntariado<\/a><\/li>\n<li class=\"menu-item menu-item-type-post_type menu-item-object-page menu-item-47871\"><a href=\"https:\/\/fundaciotallers.org\/es\/noticias\/\">Blog<\/a><\/li>\n<li class=\"menu-item menu-item-type-post_type menu-item-object-page menu-item-47872\"><a href=\"https:\/\/fundaciotallers.org\/es\/contacto\/\">Contacto<\/a><\/li>\n<\/ul>                <button class=\"eael-simple-menu-toggle\">\n                    <span class=\"sr-only \">Men\u00fa conmutador hamburguesa<\/span>\n                    <i aria-hidden=\"true\" class=\"fas fa-bars\"><\/i>                <\/button>\n            <\/div>\n            \t\t\t\t<\/div>\n\t\t\t\t<\/div>\n\t\t\t\t\t<\/div>\n\t\t<\/div>\n\t\t\t\t\t<\/div>\n\t\t<\/section>\n\t\t\t\t<section class=\"elementor-section elementor-top-section elementor-element elementor-element-a593be5 elementor-section-boxed elementor-section-height-default elementor-section-height-default\" data-id=\"a593be5\" data-element_type=\"section\" data-e-type=\"section\" data-settings=\"{&quot;background_background&quot;:&quot;classic&quot;}\">\n\t\t\t\t\t\t<div class=\"elementor-container elementor-column-gap-default\">\n\t\t\t\t\t<div class=\"elementor-column elementor-col-100 elementor-top-column elementor-element elementor-element-d8cf5e3\" data-id=\"d8cf5e3\" data-element_type=\"column\" data-e-type=\"column\">\n\t\t\t<div class=\"elementor-widget-wrap elementor-element-populated\">\n\t\t\t\t\t\t<div class=\"elementor-element elementor-element-60cc846 elementor-widget elementor-widget-heading\" data-id=\"60cc846\" data-element_type=\"widget\" data-e-type=\"widget\" data-widget_type=\"heading.default\">\n\t\t\t\t<div class=\"elementor-widget-container\">\n\t\t\t\t\t<h2 class=\"elementor-heading-title elementor-size-default\">Patronato y Comit\u00e9 de Direcci\u00f3n<\/h2>\t\t\t\t<\/div>\n\t\t\t\t<\/div>\n\t\t\t\t\t<\/div>\n\t\t<\/div>\n\t\t\t\t\t<\/div>\n\t\t<\/section>\n\t\t\t\t<section class=\"elementor-section elementor-top-section elementor-element elementor-element-42ebcf1 elementor-section-boxed elementor-section-height-default elementor-section-height-default\" data-id=\"42ebcf1\" data-element_type=\"section\" data-e-type=\"section\" data-settings=\"{&quot;background_background&quot;:&quot;classic&quot;}\">\n\t\t\t\t\t\t<div class=\"elementor-container elementor-column-gap-default\">\n\t\t\t\t\t<div class=\"elementor-column elementor-col-100 elementor-top-column elementor-element elementor-element-5bbbf40\" data-id=\"5bbbf40\" data-element_type=\"column\" data-e-type=\"column\">\n\t\t\t<div class=\"elementor-widget-wrap elementor-element-populated\">\n\t\t\t\t\t\t<div class=\"elementor-element elementor-element-f0cac09 elementor-widget elementor-widget-text-editor\" data-id=\"f0cac09\" data-element_type=\"widget\" data-e-type=\"widget\" data-widget_type=\"text-editor.default\">\n\t\t\t\t<div class=\"elementor-widget-container\">\n\t\t\t\t\t\t\t\t\t<p><a class=\"elementor-item elementor-item-active\" href=\"https:\/\/fundaciotallers.org\/es\/patronato-y-comite-de-direccion\/\" aria-current=\"page\">Patronato y Comit\u00e9 de Direcci\u00f3n \u00a0 \u00a0 |\u00a0 \u00a0 <\/a><a href=\"https:\/\/fundaciotallers.org\/es\/equipo-de-coordinacion-y-servicios-de-apoyo\/\">Equipo de Coordinaci\u00f3n y Servicios de Apoyo<\/a><\/p>\t\t\t\t\t\t\t\t<\/div>\n\t\t\t\t<\/div>\n\t\t\t\t\t<\/div>\n\t\t<\/div>\n\t\t\t\t\t<\/div>\n\t\t<\/section>\n\t\t\t\t<section class=\"elementor-section elementor-top-section elementor-element elementor-element-03ffc00 elementor-section-boxed elementor-section-height-default elementor-section-height-default\" data-id=\"03ffc00\" data-element_type=\"section\" data-e-type=\"section\">\n\t\t\t\t\t\t<div class=\"elementor-container elementor-column-gap-default\">\n\t\t\t\t\t<div class=\"elementor-column elementor-col-100 elementor-top-column elementor-element elementor-element-fa5c45e\" data-id=\"fa5c45e\" data-element_type=\"column\" data-e-type=\"column\">\n\t\t\t<div class=\"elementor-widget-wrap elementor-element-populated\">\n\t\t\t\t\t\t<div class=\"elementor-element elementor-element-c2d23db elementor-widget elementor-widget-text-editor\" data-id=\"c2d23db\" data-element_type=\"widget\" data-e-type=\"widget\" data-widget_type=\"text-editor.default\">\n\t\t\t\t<div class=\"elementor-widget-container\">\n\t\t\t\t\t\t\t\t\t<p>El\u00a0Patronato\u00a0es el \u00f3rgano de gobierno y de representaci\u00f3n de nuestra instituci\u00f3n. Est\u00e1 integrado por un conjunto de personas comprometidas con nuestra misi\u00f3n y nuestros valores que, de forma voluntaria, asumen este rol y esta responsabilidad por impulsar y promover la direcci\u00f3n de nuestra instituci\u00f3n, definiendo las pol\u00edticas m\u00e1s estrat\u00e9gicas y velando por el buen gobierno a trav\u00e9s del equipo ejecutivo que integra el Comit\u00e9 de Direcci\u00f3n.<\/p><p>El Comit\u00e9 de Direcci\u00f3n constituye el \u00f3rgano ejecutivo integrado por la gerencia y la direcci\u00f3n de los diferentes \u00e1mbitos de actuaci\u00f3n de nuestra instituci\u00f3n. Su principal funci\u00f3n es la de ejecutar las directrices del Patronato con la visi\u00f3n y misi\u00f3n estrat\u00e9gica que marca el Patronato a partir del Plan Estrat\u00e9gico.<\/p><p>\u00bfQuieres conocer qui\u00e9n integra el Patronato y el Comit\u00e9 de Direcci\u00f3n?<\/p>\t\t\t\t\t\t\t\t<\/div>\n\t\t\t\t<\/div>\n\t\t\t\t<div class=\"elementor-element elementor-element-bf606a6 elementor-widget-divider--view-line_text elementor-widget-divider--element-align-left elementor-widget elementor-widget-divider\" data-id=\"bf606a6\" data-element_type=\"widget\" data-e-type=\"widget\" data-widget_type=\"divider.default\">\n\t\t\t\t<div class=\"elementor-widget-container\">\n\t\t\t\t\t\t\t<div class=\"elementor-divider\">\n\t\t\t<span class=\"elementor-divider-separator\">\n\t\t\t\t\t\t\t<span class=\"elementor-divider__text elementor-divider__element\">\n\t\t\t\tPatronato\t\t\t\t<\/span>\n\t\t\t\t\t\t<\/span>\n\t\t<\/div>\n\t\t\t\t\t\t<\/div>\n\t\t\t\t<\/div>\n\t\t\t\t\t<\/div>\n\t\t<\/div>\n\t\t\t\t\t<\/div>\n\t\t<\/section>\n\t\t\t\t<section class=\"elementor-section elementor-top-section elementor-element elementor-element-d678571 elementor-section-boxed elementor-section-height-default elementor-section-height-default\" data-id=\"d678571\" data-element_type=\"section\" data-e-type=\"section\">\n\t\t\t\t\t\t<div class=\"elementor-container elementor-column-gap-default\">\n\t\t\t\t\t<div class=\"elementor-column elementor-col-100 elementor-top-column elementor-element elementor-element-1e76efa\" data-id=\"1e76efa\" data-element_type=\"column\" data-e-type=\"column\">\n\t\t\t<div class=\"elementor-widget-wrap elementor-element-populated\">\n\t\t\t\t\t\t<div class=\"elementor-element elementor-element-c3f9c41 elementor-widget elementor-widget-eael-image-accordion\" data-id=\"c3f9c41\" data-element_type=\"widget\" data-e-type=\"widget\" data-settings=\"{&quot;_animation&quot;:&quot;none&quot;}\" data-widget_type=\"eael-image-accordion.default\">\n\t\t\t\t<div class=\"elementor-widget-container\">\n\t\t\t\t\t    <div class=\"eael-img-accordion accordion-direction-horizontal eael-img-accordion-horizontal-align-left eael-img-accordion-vertical-align-center\" id=\"eael-img-accordion-c3f9c41\" data-img-accordion-id=\"c3f9c41\" data-img-accordion-type=\"on-hover\">\n                    \n            <div class=\"eael-image-accordion-hover eael-image-accordion-item\" style=\"background-image: url(https:\/\/fundaciotallers.org\/wp-content\/uploads\/2025\/11\/DSCF8544_R.jpg);\"  tabindex=\"0\">\n                <div class=\"overlay\">\n                                        <div class=\"overlay-inner \">\n                        <h2 class=\"img-accordion-title\">Pere Benito<\/h2>                            <p><p><strong>Presidente Fundaci\u00f3n Sanitaria, Sant Pere Claver Fundaci\u00f3n Servicios Sociales y Fundaci\u00f3n Llu\u00eds Artigues \u2013 Vicepresidente Fundaci\u00f3 Tallers Catalunya.<\/strong><\/p><p>\u2022 M\u00e9dico especialista en medicina interna y reumatolog\u00eda.<\/p><p>\u2022 Jefe del servicio de reumatolog\u00eda del Hospital del Mar y del Hospital de l&#8217;Esperan\u00e7a (1994-2017).<\/p><p>\u2022 Presidente de la Sociedad Catalana de Reumatolog\u00eda (1992-1994).<\/p><p>\u2022 Coordinador de la asistencia sanitaria en los Juegos Ol\u00edmpicos y Paral\u00edmpicos de Barcelona&#8217;92.<\/p><p>\u2022 Copresidente del \u201cComit\u00e9 Asesor del Plan Director de Enfermedades Reum\u00e1ticas del Plan de Salud de Catalu\u00f1a de la Generalidad de Catalu\u00f1a\u201d (2010).<\/p><p>\u2022 Actualmente, ning\u00fan em\u00e9rito del servicio de reumatolog\u00eda del Parc de Salut Mar.<\/p><p>Leer entrevista \u2192<\/p><\/p>\n                                            <\/div>\n                <\/div>\n            <\/div>\n                    \n            <div class=\"eael-image-accordion-hover eael-image-accordion-item\" style=\"background-image: url(https:\/\/fundaciotallers.org\/wp-content\/uploads\/2025\/11\/Montse-Jara.jpg);\"  tabindex=\"0\">\n                <div class=\"overlay\">\n                                        <div class=\"overlay-inner \">\n                        <h2 class=\"img-accordion-title\">Montse Jara<\/h2>                            <p><p><strong>Vicepresidenta Fundaci\u00f3 Sanit\u00e0ria y Presidenta Fundaci\u00f3 Tallers Catalunya.<\/strong><\/p><p>\u2022 Psic\u00f3loga habilitada en Psicolog\u00eda General Sanitaria y trabajadora social sanitaria.<\/p><p>\u2022 Cumplimenta su formaci\u00f3n con un m\u00e1ster en Psicopatolog\u00eda Cl\u00ednica en la Fundaci\u00f3n Vidal i Barraquer y tres postgrados en Mediaci\u00f3n Familiar, Resoluci\u00f3n de Conflictos en la Universidad Ramon Llull-Blanquerna y en Migraciones, Religiones e Identidad en la Universidad de Barcelona.<\/p><p>\u2022 Desde 2006 se dedica a la investigaci\u00f3n y la docencia en los \u00e1mbitos de la psicolog\u00eda y el trabajo social en varias universidades e instituciones.<\/p><p>\u2022 Miembro del Patronato de la Fundaci\u00f3n Tallers y de la Fundaci\u00f3n \u00cdntegramente.<\/p><p>\u2022 Profesora asociada en el Departamento de Trabajo Social de la Universidad de Barcelona (2015-2020), en la actualidad es profesora colaboradora del M\u00e1ster de Trabajo Social Sanitario de la Universidad Abierta de Catalu\u00f1a y desde 2005 trabajadora social sanitaria en el Instituto Catal\u00e1n de la Salud.<\/p><p>Leer entrevista \u2192<\/p><\/p>\n                                            <\/div>\n                <\/div>\n            <\/div>\n                    \n            <div class=\"eael-image-accordion-hover eael-image-accordion-item\" style=\"background-image: url(https:\/\/fundaciotallers.org\/wp-content\/uploads\/2025\/11\/DSCF8575_R.jpg);\"  tabindex=\"0\">\n                <div class=\"overlay\">\n                                        <div class=\"overlay-inner \">\n                        <h2 class=\"img-accordion-title\">Rafael ferrer<\/h2>                            <p><p><strong>Vocal de los patronatos Fundaci\u00f3n Sanitaria, Sant Pere Claver \u2013 Fundaci\u00f3n Servicios Sociales, Fundaci\u00f3n Llu\u00eds Artigues y Fundaci\u00f3n Sant Pere Claver.<\/strong><\/p><p>\u00b7 Psiquiatra.<br \/>\u00b7 Ha sido coordinador del Centro Mental de Adultos Sants-Montju\u00efc y jefe del departamento de Salud Mental de Sant Pere Claver-Fundaci\u00f3 Sanit\u00e0ria.<br \/>\u00b7 Presidente de la Sociedad Espa\u00f1ola de Psicoan\u00e1lisis y director del Instituto de Psicoan\u00e1lisis de Barcelona.<\/p><\/p>\n                                            <\/div>\n                <\/div>\n            <\/div>\n                    \n            <div class=\"eael-image-accordion-hover eael-image-accordion-item\" style=\"background-image: url(https:\/\/fundaciotallers.org\/wp-content\/uploads\/2025\/11\/DSCF8519_R.jpg);\"  tabindex=\"0\">\n                <div class=\"overlay\">\n                                        <div class=\"overlay-inner \">\n                        <h2 class=\"img-accordion-title\">Isabel Montraveta<\/h2>                            <p><p><strong>Vicepresidenta Patronato Sant Pere Claver \u2013 Fundaci\u00f3n Servicios Sociales y Vocal Patronato Fundaci\u00f3n Llu\u00eds Artigues.<\/strong><\/p><p>\u00b7 Licenciada en derecho y diplomada en trabajo social<br \/>\u00b7 Ha trabajado en el sector p\u00fablico -IMSERSO y Generalitat de Catalunya- centrada en el \u00e1mbito de las personas con discapacidad y de la atenci\u00f3n a la infancia.<br \/>\u00b7 Socia-directora de la consultora Proyecci\u00f3n especializada en captaci\u00f3n de fondos y fundadora de la Asociaci\u00f3n Espa\u00f1ola de Fundraising.<\/p><\/p>\n                                            <\/div>\n                <\/div>\n            <\/div>\n                    \n            <div class=\"eael-image-accordion-hover eael-image-accordion-item\" style=\"background-image: url(https:\/\/fundaciotallers.org\/wp-content\/uploads\/2025\/11\/Joan-Torres.jpeg);\"  tabindex=\"0\">\n                <div class=\"overlay\">\n                                        <div class=\"overlay-inner \">\n                        <h2 class=\"img-accordion-title\"> Joan Torres i Carol<\/h2>                            <p><p><strong>Tesorero de los patronatos Fundaci\u00f3 Sanit\u00e0ria y Fundaci\u00f3 Sant Pere Claver. Vocal de los patronatos Fundaci\u00f3 Llu\u00eds Artigues y Sant Pere Claver-Fundaci\u00f3 Serveis Socials.<\/strong><\/p><p>\u2022 Doctor en ingenier\u00eda industrial y diplomado en ingenier\u00eda ambiental.<br \/>\u2022 Teniente de alcalde del \u00e1mbito de la v\u00eda p\u00fablica del Ayuntamiento de Barcelona (1983-1995).<br \/>\u2022 Presidente de TMB Transports Metropolitans de Barcelona (1990-1995) y miembro de su consejo de administraci\u00f3n (2014).<br \/>\u2022 Presidente del consejo de administraci\u00f3n de Ferrocarriles de la Generalidad de Catalu\u00f1a (2004-2011) y de la asociaci\u00f3n de Ingenieros Industriales de Catalu\u00f1a (2007-2013).<br \/>\u2022 Miembro del consejo social de la Universidad Polit\u00e9cnica de Catalu\u00f1a (2010-2015).<br \/>\u2022 Actualmente, vicepresidente de la asociaci\u00f3n Consell de Cent y consejero de RENFE Mercanc\u00edas.<\/p><\/p>\n                                            <\/div>\n                <\/div>\n            <\/div>\n                <\/div>\n        <style typr=\"text\/css\">\n                    #eael-img-accordion-c3f9c41 .eael-image-accordion-hover:hover {\n                        flex: 3 1 0% !important;\n                    }\n                    #eael-img-accordion-c3f9c41 .eael-image-accordion-hover:hover:hover .overlay-inner * {\n                        opacity: 1;\n                        visibility: visible;\n                        transform: none;\n                        transition: all .3s .3s;\n                    }\n                <\/style>\t\t\t\t<\/div>\n\t\t\t\t<\/div>\n\t\t\t\t\t<\/div>\n\t\t<\/div>\n\t\t\t\t\t<\/div>\n\t\t<\/section>\n\t\t\t\t<section class=\"elementor-section elementor-top-section elementor-element elementor-element-0b83a08 elementor-section-boxed elementor-section-height-default elementor-section-height-default\" data-id=\"0b83a08\" data-element_type=\"section\" data-e-type=\"section\">\n\t\t\t\t\t\t<div class=\"elementor-container elementor-column-gap-default\">\n\t\t\t\t\t<div class=\"elementor-column elementor-col-100 elementor-top-column elementor-element elementor-element-7541d3d\" data-id=\"7541d3d\" data-element_type=\"column\" data-e-type=\"column\">\n\t\t\t<div class=\"elementor-widget-wrap elementor-element-populated\">\n\t\t\t\t\t\t<div class=\"elementor-element elementor-element-4853246 elementor-widget elementor-widget-eael-image-accordion\" data-id=\"4853246\" data-element_type=\"widget\" data-e-type=\"widget\" data-widget_type=\"eael-image-accordion.default\">\n\t\t\t\t<div class=\"elementor-widget-container\">\n\t\t\t\t\t    <div class=\"eael-img-accordion accordion-direction-horizontal eael-img-accordion-horizontal-align-left eael-img-accordion-vertical-align-center\" id=\"eael-img-accordion-4853246\" data-img-accordion-id=\"4853246\" data-img-accordion-type=\"on-hover\">\n                    \n            <div class=\"eael-image-accordion-hover eael-image-accordion-item\" style=\"background-image: url(https:\/\/fundaciotallers.org\/wp-content\/uploads\/2025\/11\/DSCF8483_R.jpg);\"  tabindex=\"0\">\n                <div class=\"overlay\">\n                                        <div class=\"overlay-inner \">\n                        <h2 class=\"img-accordion-title\">Serge Louis Bourgeois<\/h2>                            <p><p><strong>Tesorero patronato Pere Claver &#8211; Fundaci\u00f3n Servicios Sociales. Vocal de los patronatos Fundaci\u00f3 Sanit\u00e0ria, Fundaci\u00f3 Llu\u00eds Artigues y Fundaci\u00f3 Sant Pere Claver.<\/strong><\/p><p>\u2022 Trayectoria profesional como alto cargo en multinacionales del sector de transporte internacional de mercanc\u00edas.<\/p><p>\u2022 Miembro del consejo de la C\u00e1mara de Comercio Francesa de Barcelona (1986-2014).<\/p><p>\u2022 Desde 2010 involucrado en entidades sociales y educativas.<\/p><p>\u2022 Desde 2014 presidente de Beneficencia Francesa de Barcelona y vicepresidente de la fundaci\u00f3n privada Ecoles Fran\u00e7aises Ferdinand de Lesseps.<\/p><\/p>\n                                            <\/div>\n                <\/div>\n            <\/div>\n                    \n            <div class=\"eael-image-accordion-hover eael-image-accordion-item\" style=\"background-image: url(https:\/\/fundaciotallers.org\/wp-content\/uploads\/2025\/11\/DSCF8559_R.jpg);\"  tabindex=\"0\">\n                <div class=\"overlay\">\n                                        <div class=\"overlay-inner \">\n                        <h2 class=\"img-accordion-title\">Antoni Rodr\u00edguez<\/h2>                            <p><p><strong>Tesorero patronato Fundaci\u00f3n Llu\u00eds Artigues y de la Fundaci\u00f3n Tallers Catalunya. Vocal de los patronatos Fundaci\u00f3 Sanit\u00e0ria, Sant Pere Claver \u2013 Fundaci\u00f3n Servicios Sociales y Fundaci\u00f3n Sant Pere Claver.<\/strong><\/p><p>\u2022 Censor Jurado de Cuentas.<\/p><p>\u2022 Desde 1984 hasta 1994 vinculado a la Sociedad Privada Municipal Informaci\u00f3n Cartogr\u00e1fica y de base como director de administraci\u00f3n, adjunto a la direcci\u00f3n general y posteriormente director general.<\/p><p>\u2022 Director de Gesti\u00f3n Tributaria (1994-1999) y gerente del Instituto Municipal de Hacienda de Barcelona (1999-2016).<\/p><\/p>\n                                            <\/div>\n                <\/div>\n            <\/div>\n                    \n            <div class=\"eael-image-accordion-hover eael-image-accordion-item\" style=\"background-image: url(https:\/\/fundaciotallers.org\/wp-content\/uploads\/2025\/11\/DSCF8473_R.jpg);\"  tabindex=\"0\">\n                <div class=\"overlay\">\n                                        <div class=\"overlay-inner \">\n                        <h2 class=\"img-accordion-title\">Pepa Picas<\/h2>                            <p><p><strong>Secretaria patronatos Fundaci\u00f3n Sanitaria, Sant Pere Claver \u2013 Fundaci\u00f3n Servicios Sociales, Fundaci\u00f3n Llu\u00eds Artigues y Fundaci\u00f3 Tallers Catalunya.<\/strong><\/p><p>\u2022 Abogada.<\/p><p>\u2022 Vinculada a diferentes bufetes de abogados de Barcelona, \u200b\u200bhasta que abri\u00f3 su propio bufete en 1987 y en el que ejerci\u00f3 hasta 2017.<\/p><p>\u2022 Directora de la Fundaci\u00f3n Llu\u00eds Artigues (2007-2019).<\/p><\/p>\n                                            <\/div>\n                <\/div>\n            <\/div>\n                    \n            <div class=\"eael-image-accordion-hover eael-image-accordion-item\" style=\"background-image: url(https:\/\/fundaciotallers.org\/wp-content\/uploads\/2025\/11\/Josep-Caminal.jpg);\"  tabindex=\"0\">\n                <div class=\"overlay\">\n                                        <div class=\"overlay-inner \">\n                        <h2 class=\"img-accordion-title\">Josep Caminal<\/h2>                            <p><p><strong>Vocal Patronatos Fundaci\u00f3n Sanitaria, Sant Pere Claver &#8211; Fundaci\u00f3n Servicios Sociales, Fundaci\u00f3n Llu\u00eds Artigues y Fundaci\u00f3n Sant Pere Claver.<\/strong><\/p><p>\u2022 Directivo y pol\u00edtico catal\u00e1n.<\/p><p>\u2022 Ha ocupado cargos como el director del Consorcio del Palacio de la M\u00fasica (1980) y el director general de la Corporaci\u00f3n Catalana de Radio y Televisi\u00f3n (1984), el Consorcio y la Fundaci\u00f3n del Gran Teatro del Liceo (1993-2005) y la presidencia del Grupo God\u00f3 de Comunicaci\u00f3n (2005-2019).<\/p><p>\u2022 Tambi\u00e9n ha sido gerente del Colegio de M\u00e9dicos de Barcelona (1986), secretario de Organizaci\u00f3n de Convergencia Democr\u00e1tica de Catalunya (1989) y concejal del Ayuntamiento de Barcelona (1990).<\/p><p>\u2022 Actualmente, es miembro de la Junta de la entidad Amics del Pa\u00eds, director de Barcelona Tribuna, patr\u00f3n de la Fundaci\u00f3n Montserrat Torrent y miembro fundador de la Asociaci\u00f3n Confluencia que edita \u201cEl mundo de ma\u00f1ana\u201d.<\/p><\/p>\n                                            <\/div>\n                <\/div>\n            <\/div>\n                    \n            <div class=\"eael-image-accordion-hover eael-image-accordion-item\" style=\"background-image: url(https:\/\/fundaciotallers.org\/wp-content\/uploads\/2025\/11\/Roque-Pascual.jpg);\"  tabindex=\"0\">\n                <div class=\"overlay\">\n                                        <div class=\"overlay-inner \">\n                        <h2 class=\"img-accordion-title\">Roque Pascual<\/h2>                            <p><p><strong>Vocal patronatos Fundaci\u00f3 Tallers Catalunya, Fundaci\u00f3n Sanitaria, Sant Pere Claver \u2013 Fundaci\u00f3n Serveis Socials y Fundaci\u00f3 Llu\u00eds Artigues.<\/strong><\/p><p>\u2022 Inicia su trayectoria profesional como socio fundador, director y consejero delegado de Gecoinsa hasta 2011.<\/p><p>\u2022 Miembro del patronato de Fundaci\u00f3 Tallers desde 2007 y presidente desde el a\u00f1o 2011.<\/p><p>\u2022 En 2015 es galardonado con el premio Climent Mur del \u00c1rea Cultural Oriol de Santa Coloma de Gramenet, en reconocimiento a los valores humanos en la convivencia ciudadana.<\/p><\/p>\n                                            <\/div>\n                <\/div>\n            <\/div>\n                <\/div>\n        <style typr=\"text\/css\">\n                    #eael-img-accordion-4853246 .eael-image-accordion-hover:hover {\n                        flex: 3 1 0% !important;\n                    }\n                    #eael-img-accordion-4853246 .eael-image-accordion-hover:hover:hover .overlay-inner * {\n                        opacity: 1;\n                        visibility: visible;\n                        transform: none;\n                        transition: all .3s .3s;\n                    }\n                <\/style>\t\t\t\t<\/div>\n\t\t\t\t<\/div>\n\t\t\t\t\t<\/div>\n\t\t<\/div>\n\t\t\t\t\t<\/div>\n\t\t<\/section>\n\t\t\t\t<section class=\"elementor-section elementor-top-section elementor-element elementor-element-36edae2 elementor-section-boxed elementor-section-height-default elementor-section-height-default\" data-id=\"36edae2\" data-element_type=\"section\" data-e-type=\"section\">\n\t\t\t\t\t\t<div class=\"elementor-container elementor-column-gap-default\">\n\t\t\t\t\t<div class=\"elementor-column elementor-col-100 elementor-top-column elementor-element elementor-element-1e39604\" data-id=\"1e39604\" data-element_type=\"column\" data-e-type=\"column\">\n\t\t\t<div class=\"elementor-widget-wrap elementor-element-populated\">\n\t\t\t\t\t\t<div class=\"elementor-element elementor-element-47f7e4d elementor-widget elementor-widget-eael-image-accordion\" data-id=\"47f7e4d\" data-element_type=\"widget\" data-e-type=\"widget\" data-widget_type=\"eael-image-accordion.default\">\n\t\t\t\t<div class=\"elementor-widget-container\">\n\t\t\t\t\t    <div class=\"eael-img-accordion accordion-direction-horizontal eael-img-accordion-horizontal-align-left eael-img-accordion-vertical-align-center\" id=\"eael-img-accordion-47f7e4d\" data-img-accordion-id=\"47f7e4d\" data-img-accordion-type=\"on-hover\">\n                    \n            <div class=\"eael-image-accordion-hover eael-image-accordion-item\" style=\"background-image: url(https:\/\/fundaciotallers.org\/wp-content\/uploads\/2025\/11\/Carlos-Villagrasa.jpeg);\"  tabindex=\"0\">\n                <div class=\"overlay\">\n                                        <div class=\"overlay-inner \">\n                        <h2 class=\"img-accordion-title\"> Carlos Villagrasa<\/h2>                            <p><p><strong>Vocal Patronatos Fundaci\u00f3n Talleres Catalu\u00f1a, Fundaci\u00f3n Sanitaria, Sant Pere Claver \u2013 Fundaci\u00f3n Servicios Sociales y Fundaci\u00f3n Llu\u00eds Artigues.<\/strong><\/p><p>\u2022 Doctor en derecho con posgrado en Derecho Civil Catal\u00e1n.<\/p><p>\u2022 Profesor titular de Derecho Civil de la Universidad de Barcelona y coordinador de la Universidad Nacional de Educaci\u00f3n a Distancia.<\/p><p>\u2022 Presidente de la Asociaci\u00f3n por la Defensa de los Derechos de la Infancia y la Adolescencia.<\/p><p>\u2022 Director del Observatorio de Mediaci\u00f3n de la Universidad de Barcelona.<\/p><p>\u2022 Magistrado suplente de la Audiencia Provincial de Barcelona.<\/p><\/p>\n                                            <\/div>\n                <\/div>\n            <\/div>\n                    \n            <div class=\"eael-image-accordion-hover eael-image-accordion-item\" style=\"background-image: url(https:\/\/fundaciotallers.org\/wp-content\/uploads\/2025\/11\/Angels-Paredes.jpg);\"  tabindex=\"0\">\n                <div class=\"overlay\">\n                                        <div class=\"overlay-inner \">\n                        <h2 class=\"img-accordion-title\">\u00c0ngels Paredes<\/h2>                            <p><p><strong>Vocal de los patronatos Fundaci\u00f3n Sanitaria, Fundaci\u00f3n Llu\u00eds Artigues, Sant Pere Claver &#8211; Fundaci\u00f3n Servicios Sociales, Fundaci\u00f3n Sant Pere Claver y Fundaci\u00f3 Tallers.<\/strong><\/p><p>\u2022 Licenciada en Psicolog\u00eda.<\/p><p>\u2022 Funcionaria del Servicio P\u00fablico de Empleo Estatal (INEM) (1982-1989) y del Ayuntamiento de Barcelona (1989-1999).<\/p><p>\u2022 Directora de \u00abDesarrollo de Recursos Humanos\u00bb de la Universidad Abierta de Catalu\u00f1a (1999-2007) y de \u00abFormaci\u00f3n y Desarrollo de Recursos Humanos\u00bb del Hospital Cl\u00ednico y Provincial de Barcelona (2007-2011).<\/p><p>\u2022 Desde 2011, consultora de desarrollo de personas y organizaciones, coach y facilitadora de procesos de formaci\u00f3n como profesional libre, tanto en el sector p\u00fablico como en el privado. Desde el mismo a\u00f1o,\u00a0talento advisor, asesora de desarrollo directivo y profesional en la empresa de consultor\u00eda RocaSalvatella.<\/p><p>\u2022 Directora del posgrado \u201cDesarrollo del talento en las organizaciones\u201d de la Universidad de Barcelona, \u200b\u200by del posgrado en \u201cLiderazgo, habilidades directivas y desarrollo directivo\u201d de la Universidad de Manresa.<\/p><p>\u2022 Miembro de la Comisi\u00f3n Consultiva de la Fundaci\u00f3n Factor Hum\u00e0.<\/p><p>Leer entrevista \u2192<\/p><\/p>\n                                            <\/div>\n                <\/div>\n            <\/div>\n                    \n            <div class=\"eael-image-accordion-hover eael-image-accordion-item\" style=\"background-image: url(https:\/\/fundaciotallers.org\/wp-content\/uploads\/2025\/11\/Nicolas-Diaz.jpg);\"  tabindex=\"0\">\n                <div class=\"overlay\">\n                                        <div class=\"overlay-inner \">\n                        <h2 class=\"img-accordion-title\"> Nicol\u00e1s D\u00edaz<\/h2>                            <p><p><strong>Vocal del patronato de Fundaci\u00f3 Tallers Catalunya<\/strong><\/p><p>\u00b7 Diplomado en Educaci\u00f3n Social por la Universidad Barcelona y con Post Grado T\u00e9cnico Medioambiental por la misma universidad.<\/p><p>\u00b7 T\u00e9cnico Superior de Inspecci\u00f3n T\u00e9cnica de edificios por la Escuela Abierta de Negocios.<\/p><p>\u00b7 Curso Superior Universitario en Mediaci\u00f3n por la Universidad Rey Juan Carlos.<\/p><p>\u00b7 Post Grado en Rehabilitaci\u00f3n de Edificios por el Colegio de Arquitectos de Catalu\u00f1a (COAC).<\/p><p>\u00b7 Funcionario del Ayuntamiento de Santa Coloma de Gramenet desde 1984.<\/p><p>\u00b7 En la actualidad, ejerce de T\u00e9cnico de Licencias de la V\u00eda P\u00fablica en el Ayuntamiento Santa Coloma de Gramenet.<\/p><\/p>\n                                            <\/div>\n                <\/div>\n            <\/div>\n                    \n            <div class=\"eael-image-accordion-hover eael-image-accordion-item\" style=\"background-image: url(https:\/\/fundaciotallers.org\/wp-content\/uploads\/2025\/11\/1.jpg);\"  tabindex=\"0\">\n                <div class=\"overlay\">\n                                        <div class=\"overlay-inner \">\n                        <h2 class=\"img-accordion-title\">Assumpta Escarp<\/h2>                            <p><p><strong>Vocal de los Patronatos Fundaci\u00f3n Sanitaria, Fundaci\u00f3n Llu\u00eds Artigues, Sant Pere Claver &#8211; Fundaci\u00f3n Servicios Sociales y Fundaci\u00f3n Tallers.<\/strong><\/p><p>\u2022 Pol\u00edtica.<\/p><p>\u2022 Vicepresidenta del Parlamento de Catalu\u00f1a y Portavoz de la Comisi\u00f3n de Salud, en las \u00faltimas legislaturas.<\/p><p>\u2022 Concejala del Ayuntamiento de Barcelona de 2003-2015, responsable de seguridad de movilidad y portavoz del grupo municipal de 2011-2015.<\/p><p>\u2022 Vice-Presidenta de Medio Ambiente del \u00c1rea Metropolitana de Barcelona, \u200b\u200bde 2011-2015.<\/p><p>\u2022 Presidenta de Transportes Metropolitanos de Barcelona de 2007-2011.<\/p><p>Leer entrevista \u2192<\/p><\/p>\n                                            <\/div>\n                <\/div>\n            <\/div>\n                    \n            <div class=\"eael-image-accordion-hover eael-image-accordion-item\" style=\"background-image: url(https:\/\/fundaciotallers.org\/wp-content\/uploads\/2025\/11\/Agata-Gelaberto3.jpg);\"  tabindex=\"0\">\n                <div class=\"overlay\">\n                                        <div class=\"overlay-inner \">\n                        <h2 class=\"img-accordion-title\">\u00c0gata Gelaberto<\/h2>                            <p><div id=\"awsm-member-info-38075-89973\" class=\"awsm-modal-content mCustomScrollbar _mCS_18\"><div id=\"mCSB_18\" class=\"mCustomScrollBox mCS-dark mCSB_vertical mCSB_inside\"><div id=\"mCSB_18_container\" class=\"mCSB_container\"><div class=\"awsm-modal-content-main\"><div class=\"awsm-modal-details\"><div class=\"awsm-modal-content-inner\"><p><strong>Vocal de los Patronatos Fundaci\u00f3n Sanitaria, Fundaci\u00f3n Llu\u00eds Artigues, Sant Pere Claver &#8211; Fundaci\u00f3n Servicios Sociales y Fundaci\u00f3n Tallers.<\/strong><\/p><p>\u00b7 Ingeniera y MBA. Emprendedora por naturaleza y apasionada por aportar valor sostenible a las organizaciones mediante la Innovaci\u00f3n, el Liderazgo y el Desarrollo de Negocio.<\/p><p>\u00b7 Actualmente lidera la Innovaci\u00f3n y Nuevos Negocios en Idilia Foods, multiplicando por ocho el impacto de la innovaci\u00f3n en siete a\u00f1os (del 1,7% en 2017 al 15% en 2025).<\/p><p>\u00b7 Anteriormente, estuvo 20 a\u00f1os en Danone, donde desarroll\u00f3 su carrera en departamentos como I+D, Marketing y Comercial, siempre enfocados a impulsar la innovaci\u00f3n y nuevas l\u00edneas de negocio dentro de la compa\u00f1\u00eda.<\/p><p>Emprendedora en el sector Biotech con Regenear, galardonada con el premio BioEmprenedor XXI.<\/p><p>\u00b7 Actualmente es miembro de la junta directiva de EJECON, donde es codirectora del Programa de Consejeros. Tambi\u00e9n es consejera asesora de varias empresas.<\/p><\/div><\/div><\/div><\/div><\/div><\/div><\/p>\n                                            <\/div>\n                <\/div>\n            <\/div>\n                <\/div>\n        <style typr=\"text\/css\">\n                    #eael-img-accordion-47f7e4d .eael-image-accordion-hover:hover {\n                        flex: 3 1 0% !important;\n                    }\n                    #eael-img-accordion-47f7e4d .eael-image-accordion-hover:hover:hover .overlay-inner * {\n                        opacity: 1;\n                        visibility: visible;\n                        transform: none;\n                        transition: all .3s .3s;\n                    }\n                <\/style>\t\t\t\t<\/div>\n\t\t\t\t<\/div>\n\t\t\t\t\t<\/div>\n\t\t<\/div>\n\t\t\t\t\t<\/div>\n\t\t<\/section>\n\t\t\t\t<section class=\"elementor-section elementor-top-section elementor-element elementor-element-56849c8 elementor-section-boxed elementor-section-height-default elementor-section-height-default\" data-id=\"56849c8\" data-element_type=\"section\" data-e-type=\"section\">\n\t\t\t\t\t\t<div class=\"elementor-container elementor-column-gap-default\">\n\t\t\t\t\t<div class=\"elementor-column elementor-col-100 elementor-top-column elementor-element elementor-element-5233e31\" data-id=\"5233e31\" data-element_type=\"column\" data-e-type=\"column\">\n\t\t\t<div class=\"elementor-widget-wrap elementor-element-populated\">\n\t\t\t\t\t\t<div class=\"elementor-element elementor-element-51562bf elementor-widget elementor-widget-eael-image-accordion\" data-id=\"51562bf\" data-element_type=\"widget\" data-e-type=\"widget\" data-widget_type=\"eael-image-accordion.default\">\n\t\t\t\t<div class=\"elementor-widget-container\">\n\t\t\t\t\t    <div class=\"eael-img-accordion accordion-direction-horizontal eael-img-accordion-horizontal-align-left eael-img-accordion-vertical-align-center\" id=\"eael-img-accordion-51562bf\" data-img-accordion-id=\"51562bf\" data-img-accordion-type=\"on-hover\">\n                    \n            <div class=\"eael-image-accordion-hover eael-image-accordion-item\" style=\"background-image: url(https:\/\/fundaciotallers.org\/wp-content\/uploads\/2025\/11\/2.jpg);\"  tabindex=\"0\">\n                <div class=\"overlay\">\n                                        <div class=\"overlay-inner \">\n                        <h2 class=\"img-accordion-title\">Oriol Bota<\/h2>                            <p><p><strong>Vocal de los Patronatos Fundaci\u00f3n Sanitaria, Fundaci\u00f3n Llu\u00eds Artigues, Sant Pere Claver &#8211; Fundaci\u00f3n Servicios Sociales y Fundaci\u00f3n Tallers.<\/strong><\/p><p>\u00b7 Licenciado en Administraci\u00f3n y Direcci\u00f3n de Empresas y auditor de cuentas no ejerciente, ha vinculado su trayectoria profesional a la Econom\u00eda Social.<br \/>\u00b7 Desde 2024, es gerente del Ateneu Barcelon\u00e8s.<br \/>\u00b7 Fue Director de la Obra Social de San Juan de Dios de 2009 a 2024. Impuls\u00f3 proyectos de referencia de captaci\u00f3n de fondos y sensibilizaci\u00f3n como la \u201cMagic Line\u201d, la \u201cVertical Montserrat\u201d o la campa\u00f1a del \u201cCaf\u00e9 contra la soledad no deseada\u201d.<br \/>\u00b7 Desde 2005 a 2009, ejerci\u00f3 como Director Financiero del grupo Cultura 03 SCCL y responsable de la dimensi\u00f3n cooperativizadora de personas trabajadoras y socias.<br \/>\u00b7 Tambi\u00e9n fue asesor y consultor en el \u00e1rea de econom\u00eda social del Colectivo Ronda SCCL de 1993 a 2005.<br \/>\u00b7 Colaborador, desde 2010, de Hobbest Catalunya SCCL, consultora especializada en estrategia y desarrollo organizacional.<br \/>\u00b7 Actualmente participa en diferentes comit\u00e9s: miembro externo del Comit\u00e9 de Direcci\u00f3n de la Cooperativa L&#8217;Olivera, presidente del Consejo de Barrio del Centro, miembro del Consejo de Ciudad de Sant Cugat y colaborador del Coop57.<\/p><\/p>\n                                            <\/div>\n                <\/div>\n            <\/div>\n                    \n            <div class=\"eael-image-accordion-hover eael-image-accordion-item\" style=\"background-image: url(https:\/\/fundaciotallers.org\/wp-content\/uploads\/2025\/11\/5.jpg);\"  tabindex=\"0\">\n                <div class=\"overlay\">\n                                        <div class=\"overlay-inner \">\n                        <h2 class=\"img-accordion-title\">D\u00e9bora Cabot<\/h2>                            <p><p><strong>Vocal de los Patronatos Fundaci\u00f3n Sanitaria, Fundaci\u00f3n Llu\u00eds Artigues, Sant Pere Claver &#8211; Fundaci\u00f3n Servicios Sociales y Fundaci\u00f3n Tallers.<\/strong><\/p><p>\u00b7 T\u00e9cnica de investigaci\u00f3n en el Grupo de C\u00e9lulas Madre y C\u00e1ncer del Instituto de Oncolog\u00eda Vall d&#8217;Hebron (VHIO).<\/p><p>\u00b7 Investigadora cient\u00edfica y doctora en Biomedicina por la Universidad de Barcelona en el campo de la Biolog\u00eda Molecular y Celular del C\u00e1ncer y en los estudios: \u201cFosforilaci\u00f3n de KRAS y su relevancia en el c\u00e1ncer colorrectal\u201d y \u201cNuevas estrategias para la inhibici\u00f3n de KRAS oncog\u00e9nico\u201d.<\/p><\/p>\n                                            <\/div>\n                <\/div>\n            <\/div>\n                    \n            <div class=\"eael-image-accordion-hover eael-image-accordion-item\" style=\"background-image: url(https:\/\/fundaciotallers.org\/wp-content\/uploads\/2025\/11\/4.jpg);\"  tabindex=\"0\">\n                <div class=\"overlay\">\n                                        <div class=\"overlay-inner \">\n                        <h2 class=\"img-accordion-title\">M\u00aa \u00c1ngeles Gallego<\/h2>                            <p><p><strong>Vocal de los Patronatos Fundaci\u00f3n Sanitaria, Fundaci\u00f3n Llu\u00eds Artigues, Sant Pere Claver &#8211; Fundaci\u00f3n Servicios Sociales y Fundaci\u00f3n Tallers.<\/strong><\/p><p>\u00b7 M\u00e9dico forense adscrito al Instituto de Medicina Legal de Catalu\u00f1a y Ciencias forenses.<\/p><p>\u00b7 M\u00e1ster en Sexolog\u00eda Cl\u00ednica y Salud Sexual, posgrado en Psiquiatr\u00eda forense y en Valoraci\u00f3n del Da\u00f1o Corporal por la Universidad de Barcelona, \u200b\u200bentre otras formaciones. \u00b7 DM\u00e1ster en Sexolog\u00eda Cl\u00ednica y Salud Sexual, postgrado en Psiquiatr\u00eda forense y en Valoraci\u00f3n del Da\u00f1o Corporal por la Universidad de Barcelona, \u200b\u200bentre otras formaciones.<\/p><p>\u00b7 Actualmente es profesora del m\u00e1ster de sexolog\u00eda de la Universidad de Barcelona. Cuenta con una amplia trayectoria en el \u00e1mbito de la docencia, vincul\u00e1ndose como docente en instituciones acad\u00e9micas como el Instituto Bonanova del Campus Docente y Sanitario del Hospital del Mar, el Centro de Estudios Jur\u00eddicos y Formaci\u00f3n Especializada (CEJFE) o el Instituto de Seguridad P\u00fablica de Catalu\u00f1a.<\/p><\/p>\n                                            <\/div>\n                <\/div>\n            <\/div>\n                    \n            <div class=\"eael-image-accordion-hover eael-image-accordion-item\" style=\"background-image: url();\"  tabindex=\"0\">\n                <div class=\"overlay\">\n                                        <div class=\"overlay-inner \">\n                                            <\/div>\n                <\/div>\n            <\/div>\n                    \n            <div class=\"eael-image-accordion-hover eael-image-accordion-item\" style=\"background-image: url();\"  tabindex=\"0\">\n                <div class=\"overlay\">\n                                        <div class=\"overlay-inner \">\n                                            <\/div>\n                <\/div>\n            <\/div>\n                <\/div>\n        <style typr=\"text\/css\">\n                    #eael-img-accordion-51562bf .eael-image-accordion-hover:hover {\n                        flex: 3 1 0% !important;\n                    }\n                    #eael-img-accordion-51562bf .eael-image-accordion-hover:hover:hover .overlay-inner * {\n                        opacity: 1;\n                        visibility: visible;\n                        transform: none;\n                        transition: all .3s .3s;\n                    }\n                <\/style>\t\t\t\t<\/div>\n\t\t\t\t<\/div>\n\t\t\t\t\t<\/div>\n\t\t<\/div>\n\t\t\t\t\t<\/div>\n\t\t<\/section>\n\t\t\t\t<section class=\"elementor-section elementor-top-section elementor-element elementor-element-fb68d8a elementor-section-boxed elementor-section-height-default elementor-section-height-default\" data-id=\"fb68d8a\" data-element_type=\"section\" data-e-type=\"section\">\n\t\t\t\t\t\t<div class=\"elementor-container elementor-column-gap-default\">\n\t\t\t\t\t<div class=\"elementor-column elementor-col-100 elementor-top-column elementor-element elementor-element-8c0634d\" data-id=\"8c0634d\" data-element_type=\"column\" data-e-type=\"column\">\n\t\t\t<div class=\"elementor-widget-wrap elementor-element-populated\">\n\t\t\t\t\t\t<div class=\"elementor-element elementor-element-17eb04c elementor-widget elementor-widget-text-editor\" data-id=\"17eb04c\" data-element_type=\"widget\" data-e-type=\"widget\" data-widget_type=\"text-editor.default\">\n\t\t\t\t<div class=\"elementor-widget-container\">\n\t\t\t\t\t\t\t\t\t<p>\u00bfQuieres dirigirte a nuestro Patronato? Puedes contactar a trav\u00e9s del correo electr\u00f3nico: <a href=\"&#x6d;a&#x69;&#108;&#x74;&#111;:&#x70;a&#x74;&#114;&#x6f;&#110;a&#x74;&#64;&#x70;&#101;r&#x65;c&#x6c;&#97;&#x76;&#101;r&#x2e;o&#x72;&#103;\">p&#97;&#116;&#x72;&#x6f;&#x6e;at&#64;&#112;&#x65;&#x72;&#x65;c&#108;&#97;&#118;&#x65;&#x72;&#x2e;o&#114;&#103;<\/a><\/p>\t\t\t\t\t\t\t\t<\/div>\n\t\t\t\t<\/div>\n\t\t\t\t<div class=\"elementor-element elementor-element-ca7c42a elementor-widget-divider--view-line_text elementor-widget-divider--element-align-left elementor-widget elementor-widget-divider\" data-id=\"ca7c42a\" data-element_type=\"widget\" data-e-type=\"widget\" data-widget_type=\"divider.default\">\n\t\t\t\t<div class=\"elementor-widget-container\">\n\t\t\t\t\t\t\t<div class=\"elementor-divider\">\n\t\t\t<span class=\"elementor-divider-separator\">\n\t\t\t\t\t\t\t<span class=\"elementor-divider__text elementor-divider__element\">\n\t\t\t\tComit\u00e9 de Direcci\u00f3n\t\t\t\t<\/span>\n\t\t\t\t\t\t<\/span>\n\t\t<\/div>\n\t\t\t\t\t\t<\/div>\n\t\t\t\t<\/div>\n\t\t\t\t\t<\/div>\n\t\t<\/div>\n\t\t\t\t\t<\/div>\n\t\t<\/section>\n\t\t\t\t<section class=\"elementor-section elementor-top-section elementor-element elementor-element-e508cae elementor-section-boxed elementor-section-height-default elementor-section-height-default\" data-id=\"e508cae\" data-element_type=\"section\" data-e-type=\"section\">\n\t\t\t\t\t\t<div class=\"elementor-container elementor-column-gap-default\">\n\t\t\t\t\t<div class=\"elementor-column elementor-col-100 elementor-top-column elementor-element elementor-element-bc1f176\" data-id=\"bc1f176\" data-element_type=\"column\" data-e-type=\"column\">\n\t\t\t<div class=\"elementor-widget-wrap elementor-element-populated\">\n\t\t\t\t\t\t<div class=\"elementor-element elementor-element-6184a67 elementor-widget elementor-widget-eael-image-accordion\" data-id=\"6184a67\" data-element_type=\"widget\" data-e-type=\"widget\" data-widget_type=\"eael-image-accordion.default\">\n\t\t\t\t<div class=\"elementor-widget-container\">\n\t\t\t\t\t    <div class=\"eael-img-accordion accordion-direction-horizontal eael-img-accordion-horizontal-align-left eael-img-accordion-vertical-align-center\" id=\"eael-img-accordion-6184a67\" data-img-accordion-id=\"6184a67\" data-img-accordion-type=\"on-hover\">\n                    \n            <div class=\"eael-image-accordion-hover eael-image-accordion-item\" style=\"background-image: url(https:\/\/fundaciotallers.org\/wp-content\/uploads\/2025\/11\/DSCF8527_R_v2.jpg);\"  tabindex=\"0\">\n                <div class=\"overlay\">\n                                        <div class=\"overlay-inner \">\n                        <h2 class=\"img-accordion-title\">Carles Descalzi<\/h2>                            <p><p><strong>Gerencia<\/strong><br \/><a href=\"&#109;&#x61;&#105;&#x6c;t&#111;&#x3a;&#99;&#x64;e&#x73;c&#97;&#x6c;&#122;&#x69;&#64;&#x70;&#x65;&#114;&#x65;c&#x6c;a&#118;&#x65;&#114;&#x2e;o&#x72;g\">&#x63;&#100;e&#x73;&#99;a&#x6c;&#122;i&#x40;&#112;e&#x72;&#101;c&#x6c;&#x61;v&#x65;&#x72;&#46;&#x6f;&#x72;&#103;<\/a><\/p><p>Al frente de la gerencia del Grupo Pere Claver desde 2003. Es economista por la UAB, MBA (ESADE) y PADE (IESE) y se ha especializado en su trayectoria profesional en la gesti\u00f3n y direcci\u00f3n de organizaciones del tercer sector, de la econom\u00eda social y desde que est\u00e1 vinculado a Pere Claver en el \u00e1mbito del sector sanitario.<\/p><p>En nombre de la organizaci\u00f3n participa en \u00f3rganos de gobierno de diferentes asociaciones, fundaciones y federaciones, cuyo objetivo es la innovaci\u00f3n y la transformaci\u00f3n social para la mejora de la calidad de vida de las personas en situaci\u00f3n de vulnerabilidad, especialmente con problemas de salud mental, discapacidad intelectual y en riesgo de exclusi\u00f3n social.<\/p><p>Desde hace a\u00f1os, compagina su labor directiva con actividad docente colaborando con distintas universidades catalanas.<\/p><\/p>\n                                            <\/div>\n                <\/div>\n            <\/div>\n                    \n            <div class=\"eael-image-accordion-hover eael-image-accordion-item\" style=\"background-image: url(https:\/\/fundaciotallers.org\/wp-content\/uploads\/2025\/11\/DSCF8636_R.jpg);\"  tabindex=\"0\">\n                <div class=\"overlay\">\n                                        <div class=\"overlay-inner \">\n                        <h2 class=\"img-accordion-title\"> Ra\u00fal Guti\u00e9rrez<\/h2>                            <p><p><strong>Director de Innovaci\u00f3n y Desarrollo, y adjunto a Gerencia<br \/><\/strong><a href=\"&#x6d;&#x61;&#x69;&#108;&#116;o:&#x72;&#x67;&#x75;&#x74;&#105;&#101;rr&#x65;&#x7a;&#x40;&#102;&#104;&#115;pe&#x72;&#x65;&#x63;&#108;&#97;ve&#x72;&#x2e;&#x6f;&#x72;&#103;\">r&#103;&#x75;&#x74;i&#101;&#x72;&#x72;e&#122;&#x40;&#x70;e&#114;&#x65;&#x63;l&#97;&#x76;&#x65;r&#46;&#111;&#x72;&#x67;<\/a><\/p><p>Licenciado en Ciencias Pol\u00edticas y de la Administraci\u00f3n (UAB), M\u00e1ster en Gesti\u00f3n P\u00fablica (ESADE-UAB-UPF) y diplomado en Innovaci\u00f3n Estrat\u00e9gica (ESADE), Transformaci\u00f3n Digital de las Organizaciones (UPF), Direcci\u00f3n y Gesti\u00f3n de Recursos Humanos (UPF) y Gesti\u00f3n de Organizaciones No Lucrativas (UNED).<\/p><p>Inici\u00f3 su carrera profesional en el \u00e1mbito de los Recursos Humanos en la asociaci\u00f3n de entidades sanitarias y sociales Uni\u00f3 Catalana d&#8217;Hospitals. Posteriormente, trabaj\u00f3 en el Consejo Insular de Menorca, donde ocup\u00f3 los puestos de director de Gesti\u00f3n de Recursos Sociales y de director de Servicios Internos. Despu\u00e9s de una estancia como t\u00e9cnico voluntario de cooperaci\u00f3n al desarrollo en Ecuador y de realizar varios proyectos de consultor\u00eda para ESADE y otras organizaciones, dirigi\u00f3 el servicio de teleasistencia de la Diputaci\u00f3n de Barcelona y, posteriormente, tambi\u00e9n el del Ayuntamiento de Barcelona. En 2019 se incorpora a Pere Claver Grup como director de Servicios de Apoyo y adjunto a Gerencia.<\/p><p>Desde enero de 2025, dirige el \u00e1mbito de Innovaci\u00f3n y Desarrollo, desde el que se impulsan y desarrollan nuevos servicios, proyectos de experiencia de personas atendidas y familias, y la transformaci\u00f3n digital de la organizaci\u00f3n.<\/p><\/p>\n                                            <\/div>\n                <\/div>\n            <\/div>\n                    \n            <div class=\"eael-image-accordion-hover eael-image-accordion-item\" style=\"background-image: url(https:\/\/fundaciotallers.org\/wp-content\/uploads\/2025\/11\/IMG_5095_RicardMatas-1.jpg);\"  tabindex=\"0\">\n                <div class=\"overlay\">\n                                        <div class=\"overlay-inner \">\n                        <h2 class=\"img-accordion-title\">Ricard Matas<\/h2>                            <p><div id=\"awsm-member-info-38106-38334\" class=\"awsm-modal-content mCustomScrollbar _mCS_24 mCS_no_scrollbar\"><div id=\"mCSB_24\" class=\"mCustomScrollBox mCS-dark mCSB_vertical mCSB_inside\"><div id=\"mCSB_24_container\" class=\"mCSB_container mCS_y_hidden mCS_no_scrollbar_y\"><div class=\"awsm-modal-content-main\"><div class=\"awsm-modal-details\"><div class=\"awsm-modal-content-inner\"><p><strong>Director de Inclusi\u00f3n Laboral y adjunto a Gerencia<\/strong><br \/><a href=\"&#x6d;&#97;&#105;l&#x74;&#x6f;&#58;r&#x69;&#x63;&#97;rd&#x2e;&#109;&#97;t&#x61;&#x73;&#64;f&#x75;&#x6e;&#100;&#97;c&#x69;&#x6f;&#116;a&#x6c;&#x6c;&#101;r&#x73;&#x2e;&#111;&#114;g\">rica&#114;&#100;&#46;&#109;&#97;&#116;&#97;&#x73;&#x40;&#x66;&#x75;&#x6e;&#x64;&#x61;&#x63;&#x69;otal&#108;&#101;&#114;&#115;&#46;&#111;&#114;&#x67;<\/a><\/p><p>Diplomado en Gesti\u00f3n P\u00fablica, postgraduado como experto en inserci\u00f3n laboral de colectivos en situaci\u00f3n de vulnerabilidad y becado para realizar un Programa de Direcci\u00f3n General de EADA. Ricard Matas inicia su actividad profesional trabajando en el mundo de la consultor\u00eda especializada en el sector p\u00fablico.<\/p><p>Muy pronto, da el salto a la econom\u00eda social incorpor\u00e1ndose a Fundaci\u00f3 Tallers como prospector laboral primero y despu\u00e9s como director de marketing, ventas y captaci\u00f3n. En 2007, alcanza la gerencia de Fundaci\u00f3 Tallers cargo que mantiene en la actualidad. Con la confluencia con Pere Claver Grup, se incorpora como adjunto a gerencia al comit\u00e9 de direcci\u00f3n del Grupo dirigiendo el \u00e1rea de inclusi\u00f3n laboral y la captaci\u00f3n de fondos. Tambi\u00e9n dirige los servicios de Alergia, Odontolog\u00eda y Pruebas Complementarias.<\/p><p>Compagina su actividad en Fundaci\u00f3 Tallers con otras actividades vinculadas al mundo de la consultor\u00eda, la gesti\u00f3n y la formaci\u00f3n.<\/p><\/div><\/div><\/div><\/div><\/div><\/div><\/p>\n                                            <\/div>\n                <\/div>\n            <\/div>\n                    \n            <div class=\"eael-image-accordion-hover eael-image-accordion-item\" style=\"background-image: url(https:\/\/fundaciotallers.org\/wp-content\/uploads\/2025\/11\/DSCF8592_R.jpg);\"  tabindex=\"0\">\n                <div class=\"overlay\">\n                                        <div class=\"overlay-inner \">\n                        <h2 class=\"img-accordion-title\">David Clusa<\/h2>                            <p><p><strong>Director de Salud Mental<\/strong><br \/><a href=\"&#109;a&#x69;l&#x74;o&#x3a;&#100;&#x63;&#108;&#x75;&#115;a&#x40;p&#x65;r&#x65;&#99;&#x6c;&#97;&#x76;&#101;&#x72;&#46;o&#x72;g\">&#x64;&#x63;&#x6c;&#x75;&#115;&#97;&#64;pe&#x72;&#x65;&#x63;&#x6c;&#97;&#118;er&#46;&#x6f;&#x72;&#x67;<\/a><\/p><p>Licenciado en Medicina y Cirug\u00eda por la Universidad Aut\u00f3noma de Barcelona. Especialista en Psiquiatr\u00eda y residencia realizada en el Institut Pere Mata de Reus. M\u00e1ster en Psiquiatr\u00eda de sector por la Universidad Rovira i Virgili. M\u00e1ster en Psicopatolog\u00eda Cl\u00ednica por la Universidad Ramon Llull.<\/p><p>Se incorpora a Pere Claver Grup como psiquiatra adjunto en enero de 1996. De 1997 al a\u00f1o 2001 asumi\u00f3 la coordinaci\u00f3n del Centro de Salud Mental de Adults de Sants. Desde 2002, es el director de Salud Mental.<\/p><\/p>\n                                            <\/div>\n                <\/div>\n            <\/div>\n                    \n            <div class=\"eael-image-accordion-hover eael-image-accordion-item\" style=\"background-image: url(https:\/\/fundaciotallers.org\/wp-content\/uploads\/2025\/11\/DSCF8570_R.jpg);\"  tabindex=\"0\">\n                <div class=\"overlay\">\n                                        <div class=\"overlay-inner \">\n                        <h2 class=\"img-accordion-title\">Maria Jos\u00e9 Navarro<\/h2>                            <p><div id=\"awsm-member-info-38075-89973\" class=\"awsm-modal-content mCustomScrollbar _mCS_18\"><div id=\"mCSB_18\" class=\"mCustomScrollBox mCS-dark mCSB_vertical mCSB_inside\"><div id=\"mCSB_18_container\" class=\"mCSB_container\"><div class=\"awsm-modal-content-main\"><div class=\"awsm-modal-details\"><div class=\"awsm-modal-content-inner\"><p><strong>Directora de Derechos y Soportes<\/strong><br \/><strong>Referente en Quality Rights, atenci\u00f3n basada en Derechos<\/strong><br \/><a href=\"&#109;&#x61;i&#108;&#x74;&#111;&#x3a;m&#106;&#x6e;a&#x76;&#x61;&#114;&#x72;o&#64;&#x70;e&#x72;&#x65;&#99;&#x6c;a&#118;&#x65;&#114;&#x2e;o&#114;&#x67;\">&#x6d;&#x6a;&#110;a&#x76;&#x61;&#114;&#114;o&#x40;&#x70;&#101;&#114;e&#x63;&#x6c;&#97;ve&#x72;&#x2e;&#111;r&#x67;<\/a><\/p><p>Dirige el \u00e1mbito de Derechos y Soportes. Es educadora social y ha complementado su formaci\u00f3n con un MBA, m\u00e1ster en \u201cintervenci\u00f3n socioeducativa con infancia, adolescencia en riesgo social\u201d, posgrado de especialista en \u201csordo ceguera\u201d y con el curso de \u201cT\u00e9cnica superior en Interpretaci\u00f3n de Lengua de Signos\u201d.<\/p><p>Previamente a su incorporaci\u00f3n a Pere Claver Grup, fue directora del servicio de teleasistencia en la provincia de Barcelona, \u200b\u200bcon 90.000 personas atendidas y un equipo de 300 profesionales. Antes de dirigir este servicio, fue responsable de Calidad y responsable de Intervenci\u00f3n Domiciliaria de la delegaci\u00f3n en Catalu\u00f1a. Particip\u00f3 en el dise\u00f1o de la adaptaci\u00f3n del servicio de teleasistencia a las personas con problemas en la comunicaci\u00f3n, en la implantaci\u00f3n del protocolo de detecci\u00f3n y actuaci\u00f3n de malos tratos, y en la elaboraci\u00f3n del protocolo de prevenci\u00f3n del suicidio.<\/p><p>Es miembro del Comit\u00e9 de \u00c9tica Asistencial de Pere Claver Grup y de la asociaci\u00f3n de entidades tutelares Encaix, que promueve la protecci\u00f3n y la mejora de las condiciones de vida de las personas con problemas de salud mental.<\/p><p>En Pere Claver Grup tambi\u00e9n es la referente en Quality Rights, atenci\u00f3n basada en Derechos. Maria Jos\u00e9 Navarro asume este rol transversal en la organizaci\u00f3n para dinamizar un plan de trabajo para los pr\u00f3ximos a\u00f1os que debe permitir avanzar significativamente hacia este reto estrat\u00e9gico y paradigma en los servicios de atenci\u00f3n a las personas.<\/p><\/div><\/div><\/div><\/div><\/div><\/div><\/p>\n                                            <\/div>\n                <\/div>\n            <\/div>\n                <\/div>\n        <style typr=\"text\/css\">\n                    #eael-img-accordion-6184a67 .eael-image-accordion-hover:hover {\n                        flex: 3 1 0% !important;\n                    }\n                    #eael-img-accordion-6184a67 .eael-image-accordion-hover:hover:hover .overlay-inner * {\n                        opacity: 1;\n                        visibility: visible;\n                        transform: none;\n                        transition: all .3s .3s;\n                    }\n                <\/style>\t\t\t\t<\/div>\n\t\t\t\t<\/div>\n\t\t\t\t\t<\/div>\n\t\t<\/div>\n\t\t\t\t\t<\/div>\n\t\t<\/section>\n\t\t\t\t<section class=\"elementor-section elementor-top-section elementor-element elementor-element-98eaefe elementor-section-boxed elementor-section-height-default elementor-section-height-default\" data-id=\"98eaefe\" data-element_type=\"section\" data-e-type=\"section\">\n\t\t\t\t\t\t<div class=\"elementor-container elementor-column-gap-default\">\n\t\t\t\t\t<div class=\"elementor-column elementor-col-100 elementor-top-column elementor-element elementor-element-57eb76f\" data-id=\"57eb76f\" data-element_type=\"column\" data-e-type=\"column\">\n\t\t\t<div class=\"elementor-widget-wrap elementor-element-populated\">\n\t\t\t\t\t\t<div class=\"elementor-element elementor-element-dacbac2 elementor-widget elementor-widget-eael-image-accordion\" data-id=\"dacbac2\" data-element_type=\"widget\" data-e-type=\"widget\" data-widget_type=\"eael-image-accordion.default\">\n\t\t\t\t<div class=\"elementor-widget-container\">\n\t\t\t\t\t    <div class=\"eael-img-accordion accordion-direction-horizontal eael-img-accordion-horizontal-align-left eael-img-accordion-vertical-align-center\" id=\"eael-img-accordion-dacbac2\" data-img-accordion-id=\"dacbac2\" data-img-accordion-type=\"on-hover\">\n                    \n            <div class=\"eael-image-accordion-hover eael-image-accordion-item\" style=\"background-image: url(https:\/\/fundaciotallers.org\/wp-content\/uploads\/2025\/11\/DSCF8629_R.jpg);\"  tabindex=\"0\">\n                <div class=\"overlay\">\n                                        <div class=\"overlay-inner \">\n                        <h2 class=\"img-accordion-title\">Ra\u00fal Alc\u00e1zar<\/h2>                            <p><div id=\"awsm-member-info-38106-38113\" class=\"awsm-modal-content mCustomScrollbar _mCS_27\"><div id=\"mCSB_27\" class=\"mCustomScrollBox mCS-dark mCSB_vertical mCSB_inside\"><div id=\"mCSB_27_container\" class=\"mCSB_container\"><div class=\"awsm-modal-content-main\"><div class=\"awsm-modal-details\"><div class=\"awsm-modal-content-inner\"><p><strong>Director de Servicios Sociales<\/strong><br \/><a href=\"mailto:ralca&#122;&#97;&#114;&#64;&#112;&#101;&#114;&#101;&#99;&#108;&#97;&#118;&#101;&#114;&#46;&#x6f;&#x72;&#x67;\">&#x72;&#x61;&#x6c;&#x63;&#x61;&#122;&#97;&#114;&#64;per&#x65;&#x63;&#x6c;&#x61;&#x76;&#x65;&#114;&#46;&#111;rg<\/a><\/p><p>Dirige el \u00e1mbito de Servicios Sociales de Pere Claver Grup desde abril de 2019. Psic\u00f3logo social y m\u00e1ster en direcci\u00f3n financiera, trabaja en esta instituci\u00f3n desde diciembre de 2011, inicialmente como director t\u00e9cnico de la Residencia y Centro de D\u00eda Tres Pins y posteriormente compatibilizando esta tarea y la de director t\u00e9cnico de la Residencia Cal Mun situaci\u00f3n de sinhogarismo y diagn\u00f3stico en salud mental), como director de los servicios residenciales. Desde hace m\u00e1s de 20 a\u00f1os se dedica a la gesti\u00f3n de recursos para personas con diversidad funcional, compaginando funciones de director t\u00e9cnico y psic\u00f3logo.<\/p><p>Es miembro del Comit\u00e9 de \u00c9tica Asistencial de Pere Claver, del equipo de reflexi\u00f3n \u00e9tica de la Residencia Tres Pins, del Grupo de reflexi\u00f3n \u00e9tica del Consorcio de Servicios Sociales de Barcelona y del equipo de reflexi\u00f3n \u00e9tica de la Federaci\u00f3n DINCAT.<\/p><\/div><\/div><\/div><\/div><\/div><\/div><\/p>\n                                            <\/div>\n                <\/div>\n            <\/div>\n                    \n            <div class=\"eael-image-accordion-hover eael-image-accordion-item\" style=\"background-image: url(https:\/\/fundaciotallers.org\/wp-content\/uploads\/2025\/11\/3-1.jpg);\"  tabindex=\"0\">\n                <div class=\"overlay\">\n                                        <div class=\"overlay-inner \">\n                        <h2 class=\"img-accordion-title\"> Susana Mart\u00ednez<\/h2>                            <p><p><strong>Directora de Econom\u00eda y Finanzas<br \/><\/strong><a href=\"&#x6d;&#97;i&#x6c;&#116;o&#x3a;&#115;m&#x61;&#114;t&#x69;&#110;e&#x7a;&#x40;p&#x65;&#x72;&#101;&#x63;&#x6c;&#97;&#x76;&#x65;&#114;&#46;&#x6f;&#114;g\">s<\/a><a href=\"&#109;&#x61;&#105;&#x6c;t&#111;&#x3a;&#115;&#x6d;a&#x72;t&#105;&#x6e;&#101;&#x7a;&#64;&#x70;&#x65;&#114;&#x65;c&#x6c;a&#118;&#x65;&#114;&#x2e;o&#x72;g\" target=\"_blank\" rel=\"noreferrer noopener\">mart&#105;&#110;&#101;&#122;&#64;&#x70;&#x65;&#x72;&#x65;&#x63;&#x6c;&#x61;ver&#46;&#111;&#114;&#103;<\/a><\/p><p>Licenciada en Administraci\u00f3n y Direcci\u00f3n de Empresas por la Universidad de Barcelona. Cumplimenta su formaci\u00f3n con un M\u00e1ster en Direcci\u00f3n Econ\u00f3mica, Financiera y Contable por la Universidad Oberta de Catalunya, un Postgrado en Control de Gesti\u00f3n y un M\u00e1ster en Finanzas Corporativas y Legalidad por la escuela de negocios ESADE.<\/p><p>Desde el a\u00f1o 1998 ha estado vinculada al departamento de finanzas y gesti\u00f3n administrativa de personas de empresas de los grupos AGBAR y EMTE y ha ocupado la direcci\u00f3n financiera desde el a\u00f1o 2003. Con una clara orientaci\u00f3n personal y profesional para la econom\u00eda social y el sector no gubernamental, en el a\u00f1o 2007 da un paso al tercer sector social al frente de la las federaciones ECAS y FEDAIA y en grupos de la Mesa del Tercer Sector y de la Confederaci\u00f3n.<\/p><p>En septiembre de 2021 se incorpora a Pere Claver Grup como directora de Econom\u00eda y Finanzas con el prop\u00f3sito de aportar eficiencia, experiencia profesional y valor en el \u00e1mbito financiero del grupo, y de generar red e incidencia &#8216;colaborando&#8217; con otras entidades del sector.<\/p><\/p>\n                                            <\/div>\n                <\/div>\n            <\/div>\n                    \n            <div class=\"eael-image-accordion-hover eael-image-accordion-item\" style=\"background-image: url(https:\/\/fundaciotallers.org\/wp-content\/uploads\/2025\/11\/Alejandra-Manau.jpg);\"  tabindex=\"0\">\n                <div class=\"overlay\">\n                                        <div class=\"overlay-inner \">\n                        <h2 class=\"img-accordion-title\">Alejandra Manau<\/h2>                            <p><p><strong>Directora de Servicios de Apoyo<br \/><\/strong><a href=\"&#x6d;&#97;&#105;&#x6c;&#x74;&#111;&#58;&#x61;&#x6d;&#97;&#110;&#x61;&#x75;&#64;&#112;&#x65;&#x72;&#101;&#99;&#x6c;&#x61;&#118;&#101;&#x72;&#x2e;&#111;&#114;&#x67;\" target=\"_blank\" rel=\"noreferrer noopener\">&#97;&#x6d;&#x61;&#110;&#x61;&#x75;&#64;&#x70;&#x65;r&#101;&#x63;l&#97;&#x76;e&#114;&#x2e;o&#114;&#x67;<\/a><\/p><p>Licenciada en Ciencias Pol\u00edticas por la Universidad Pompeu Fabra, donde ha cursado tambi\u00e9n el m\u00e1ster en Pol\u00edticas p\u00fablicas y sociales y el posgrado en Direcci\u00f3n de empresas. Adem\u00e1s, ha realizado el programa de Direcci\u00f3n y gesti\u00f3n de organizaciones no gubernamentales y el programa de Liderazgo e innovaci\u00f3n social (ambos por ESADE).<\/p><p>Tiene cerca de 20 a\u00f1os de experiencia profesional en el sector social y sanitario. Se incorpora a Pere Claver Grup en 2025. En los \u00faltimos cuatro a\u00f1os lider\u00f3, como directora ejecutiva, la Fundaci\u00f3n Impulsa -orientada a la formaci\u00f3n y generaci\u00f3n de oportunidades para j\u00f3venes-. Antes trabaj\u00f3 como jefe de captaci\u00f3n de fondos del Hospital y el Instituto de Investigaci\u00f3n de Vall d&#8217;Hebron y anteriormente en la consultora Antares, lo que le permiti\u00f3 conocer diferentes organizaciones de nuestro sector desde una visi\u00f3n externa y de consultor\u00eda. A lo largo de su trayectoria ha liderado equipos, compaginando las funciones m\u00e1s estrat\u00e9gicas con las funciones operativas y de gesti\u00f3n de personas.<\/p><\/p>\n                                            <\/div>\n                <\/div>\n            <\/div>\n                    \n            <div class=\"eael-image-accordion-hover eael-image-accordion-item\" style=\"background-image: url();\"  tabindex=\"0\">\n                <div class=\"overlay\">\n                                        <div class=\"overlay-inner \">\n                                            <\/div>\n                <\/div>\n            <\/div>\n                    \n            <div class=\"eael-image-accordion-hover eael-image-accordion-item\" style=\"background-image: url();\"  tabindex=\"0\">\n                <div class=\"overlay\">\n                                        <div class=\"overlay-inner \">\n                                            <\/div>\n                <\/div>\n            <\/div>\n                <\/div>\n        <style typr=\"text\/css\">\n                    #eael-img-accordion-dacbac2 .eael-image-accordion-hover:hover {\n                        flex: 3 1 0% !important;\n                    }\n                    #eael-img-accordion-dacbac2 .eael-image-accordion-hover:hover:hover .overlay-inner * {\n                        opacity: 1;\n                        visibility: visible;\n                        transform: none;\n                        transition: all .3s .3s;\n                    }\n                <\/style>\t\t\t\t<\/div>\n\t\t\t\t<\/div>\n\t\t\t\t\t<\/div>\n\t\t<\/div>\n\t\t\t\t\t<\/div>\n\t\t<\/section>\n\t\t\t\t<section class=\"elementor-section elementor-top-section elementor-element elementor-element-7829e4c6 elementor-section-boxed elementor-section-height-default elementor-section-height-default\" data-id=\"7829e4c6\" data-element_type=\"section\" data-e-type=\"section\" data-settings=\"{&quot;background_background&quot;:&quot;classic&quot;}\">\n\t\t\t\t\t\t<div class=\"elementor-container elementor-column-gap-default\">\n\t\t\t\t\t<div class=\"elementor-column elementor-col-100 elementor-top-column elementor-element elementor-element-3e22b274\" data-id=\"3e22b274\" data-element_type=\"column\" data-e-type=\"column\">\n\t\t\t<div class=\"elementor-widget-wrap elementor-element-populated\">\n\t\t\t\t\t\t<div class=\"elementor-element elementor-element-37474ec elementor-widget elementor-widget-text-editor\" data-id=\"37474ec\" data-element_type=\"widget\" data-e-type=\"widget\" data-widget_type=\"text-editor.default\">\n\t\t\t\t<div class=\"elementor-widget-container\">\n\t\t\t\t\t\t\t\t\t<a style=\"color: #000000;\" href=\"https:\/\/fundaciotallers.org\/es\/portal-de-transparencia\/\" rel=\"noopener\">Portal de Transp\u00e0rencia \u2192<\/a>\t\t\t\t\t\t\t\t<\/div>\n\t\t\t\t<\/div>\n\t\t\t\t\t<\/div>\n\t\t<\/div>\n\t\t\t\t\t<\/div>\n\t\t<\/section>\n\t\t\t\t<section class=\"elementor-section elementor-top-section elementor-element elementor-element-1b5e0472 elementor-hidden-mobile elementor-section-boxed elementor-section-height-default elementor-section-height-default\" data-id=\"1b5e0472\" data-element_type=\"section\" data-e-type=\"section\" data-settings=\"{&quot;background_background&quot;:&quot;classic&quot;}\">\n\t\t\t\t\t\t<div class=\"elementor-container elementor-column-gap-narrow\">\n\t\t\t\t\t<div class=\"elementor-column elementor-col-33 elementor-top-column elementor-element elementor-element-6242a18d\" data-id=\"6242a18d\" data-element_type=\"column\" data-e-type=\"column\">\n\t\t\t<div class=\"elementor-widget-wrap elementor-element-populated\">\n\t\t\t\t\t\t<div class=\"elementor-element elementor-element-c7339c4 elementor-widget elementor-widget-text-editor\" data-id=\"c7339c4\" data-element_type=\"widget\" data-e-type=\"widget\" data-widget_type=\"text-editor.default\">\n\t\t\t\t<div class=\"elementor-widget-container\">\n\t\t\t\t\t\t\t\t\t<p><strong>Fundaci\u00f3 Tallers | Inclusi\u00f3n Laboral<br \/><\/strong>Entidad de Pere Caver Grup<br \/>Tel. 93 392 23 11<br \/><span style=\"text-decoration: underline;\"><a style=\"color: #ffffff; text-decoration: underline;\" href=\"mail&#116;&#111;&#58;&#105;&#110;&#102;&#111;&#x40;&#x66;&#x75;&#x6e;&#x64;&#x61;&#x63;&#x69;&#x6f;tall&#101;&#114;&#115;&#46;&#111;&#114;&#103;\">&#x69;&#x6e;&#x66;&#x6f;&#x40;&#102;&#117;&#110;&#100;aci&#x6f;&#x74;&#x61;&#x6c;&#x6c;&#x65;&#114;&#115;&#46;org<\/a><\/span><\/p>\t\t\t\t\t\t\t\t<\/div>\n\t\t\t\t<\/div>\n\t\t\t\t\t<\/div>\n\t\t<\/div>\n\t\t\t\t<div class=\"elementor-column elementor-col-33 elementor-top-column elementor-element elementor-element-7a34088c\" data-id=\"7a34088c\" data-element_type=\"column\" data-e-type=\"column\">\n\t\t\t<div class=\"elementor-widget-wrap elementor-element-populated\">\n\t\t\t\t\t\t<div class=\"elementor-element elementor-element-3cdd24b elementor-widget elementor-widget-text-editor\" data-id=\"3cdd24b\" data-element_type=\"widget\" data-e-type=\"widget\" data-widget_type=\"text-editor.default\">\n\t\t\t\t<div class=\"elementor-widget-container\">\n\t\t\t\t\t\t\t\t\t<p><strong>Trabaja con nosotros<\/strong><br \/>Quieres formar parte de nuestro equipo y compartes nuestra misi\u00f3n, visi\u00f3n y valores? <span style=\"text-decoration: underline;\"><a style=\"color: #ffffff; text-decoration: underline;\" href=\"https:\/\/www.santpereclaver.org\/treballa-amb-nosaltres\/\" target=\"_blank\" rel=\"noopener\">Ver m\u00e1s<\/a><\/span><\/p>\t\t\t\t\t\t\t\t<\/div>\n\t\t\t\t<\/div>\n\t\t\t\t\t<\/div>\n\t\t<\/div>\n\t\t\t\t<div class=\"elementor-column elementor-col-33 elementor-top-column elementor-element elementor-element-7649722d\" data-id=\"7649722d\" data-element_type=\"column\" data-e-type=\"column\">\n\t\t\t<div class=\"elementor-widget-wrap elementor-element-populated\">\n\t\t\t\t\t\t<div class=\"elementor-element elementor-element-6b811a2 elementor-widget elementor-widget-text-editor\" data-id=\"6b811a2\" data-element_type=\"widget\" data-e-type=\"widget\" data-widget_type=\"text-editor.default\">\n\t\t\t\t<div class=\"elementor-widget-container\">\n\t\t\t\t\t\t\t\t\t<p><strong>S\u00edguenos en las redes<\/strong><\/p>\t\t\t\t\t\t\t\t<\/div>\n\t\t\t\t<\/div>\n\t\t\t\t<section class=\"elementor-section elementor-inner-section elementor-element elementor-element-e8ba75e elementor-section-boxed elementor-section-height-default elementor-section-height-default\" data-id=\"e8ba75e\" data-element_type=\"section\" data-e-type=\"section\">\n\t\t\t\t\t\t<div class=\"elementor-container elementor-column-gap-default\">\n\t\t\t\t\t<div class=\"elementor-column elementor-col-50 elementor-inner-column elementor-element elementor-element-cd781b4\" data-id=\"cd781b4\" data-element_type=\"column\" data-e-type=\"column\">\n\t\t\t<div class=\"elementor-widget-wrap elementor-element-populated\">\n\t\t\t\t\t\t<div class=\"elementor-element elementor-element-32f4ac5 elementor-view-default elementor-widget elementor-widget-icon\" data-id=\"32f4ac5\" data-element_type=\"widget\" data-e-type=\"widget\" data-widget_type=\"icon.default\">\n\t\t\t\t<div class=\"elementor-widget-container\">\n\t\t\t\t\t\t\t<div class=\"elementor-icon-wrapper\">\n\t\t\t<a class=\"elementor-icon\" href=\"https:\/\/www.instagram.com\/fundaciotallers\/\" target=\"_blank\">\n\t\t\t<i aria-hidden=\"true\" class=\"fab fa-instagram\"><\/i>\t\t\t<\/a>\n\t\t<\/div>\n\t\t\t\t\t\t<\/div>\n\t\t\t\t<\/div>\n\t\t\t\t\t<\/div>\n\t\t<\/div>\n\t\t\t\t<div class=\"elementor-column elementor-col-50 elementor-inner-column elementor-element elementor-element-2b22888\" data-id=\"2b22888\" data-element_type=\"column\" data-e-type=\"column\">\n\t\t\t<div class=\"elementor-widget-wrap elementor-element-populated\">\n\t\t\t\t\t\t<div class=\"elementor-element elementor-element-c166f05 elementor-view-default elementor-widget elementor-widget-icon\" data-id=\"c166f05\" data-element_type=\"widget\" data-e-type=\"widget\" data-widget_type=\"icon.default\">\n\t\t\t\t<div class=\"elementor-widget-container\">\n\t\t\t\t\t\t\t<div class=\"elementor-icon-wrapper\">\n\t\t\t<a class=\"elementor-icon\" href=\"https:\/\/www.linkedin.com\/company\/fundacio-tallers\/\" target=\"_blank\">\n\t\t\t<i aria-hidden=\"true\" class=\"fab fa-linkedin-in\"><\/i>\t\t\t<\/a>\n\t\t<\/div>\n\t\t\t\t\t\t<\/div>\n\t\t\t\t<\/div>\n\t\t\t\t\t<\/div>\n\t\t<\/div>\n\t\t\t\t\t<\/div>\n\t\t<\/section>\n\t\t\t\t\t<\/div>\n\t\t<\/div>\n\t\t\t\t\t<\/div>\n\t\t<\/section>\n\t\t\t\t<section class=\"elementor-section elementor-top-section elementor-element elementor-element-40511dc elementor-hidden-mobile elementor-section-boxed elementor-section-height-default elementor-section-height-default\" data-id=\"40511dc\" data-element_type=\"section\" data-e-type=\"section\" data-settings=\"{&quot;background_background&quot;:&quot;classic&quot;}\">\n\t\t\t\t\t\t<div class=\"elementor-container elementor-column-gap-default\">\n\t\t\t\t\t<div class=\"elementor-column elementor-col-100 elementor-top-column elementor-element elementor-element-7ccb07ab\" data-id=\"7ccb07ab\" data-element_type=\"column\" data-e-type=\"column\">\n\t\t\t<div class=\"elementor-widget-wrap elementor-element-populated\">\n\t\t\t\t\t\t<div class=\"elementor-element elementor-element-41b20b4a elementor-widget-divider--view-line elementor-widget elementor-widget-divider\" data-id=\"41b20b4a\" data-element_type=\"widget\" data-e-type=\"widget\" data-widget_type=\"divider.default\">\n\t\t\t\t<div class=\"elementor-widget-container\">\n\t\t\t\t\t\t\t<div class=\"elementor-divider\">\n\t\t\t<span class=\"elementor-divider-separator\">\n\t\t\t\t\t\t<\/span>\n\t\t<\/div>\n\t\t\t\t\t\t<\/div>\n\t\t\t\t<\/div>\n\t\t\t\t<div class=\"elementor-element elementor-element-1b60de33 elementor-widget elementor-widget-text-editor\" data-id=\"1b60de33\" data-element_type=\"widget\" data-e-type=\"widget\" data-widget_type=\"text-editor.default\">\n\t\t\t\t<div class=\"elementor-widget-container\">\n\t\t\t\t\t\t\t\t\t\u00a9 2025. <a style=\"color: #fff;\" href=\"https:\/\/fundaciotallers.org\/es\/politica-privacidad\/\" rel=\"noopener\">Pol\u00edtica de Privacidad<\/a>\u00a0|\u00a0<a style=\"color: #fff;\" href=\"https:\/\/fundaciotallers.org\/es\/politica-cookies\/\" rel=\"noopener\">Pol\u00edtica de Cookies<\/a>\u00a0|\u00a0<a style=\"color: #fff;\" href=\"https:\/\/fundaciotallers.org\/es\/aviso-legal\/\" rel=\"noopener\">Aviso Legal<\/a>\u00a0|\u00a0<a style=\"color: #fff;\" https:\/\/fundaciotallers.org\/es\/canal-de-denuncia\/\" rel=\"noopener\">Canal denuncia<\/a>\u00a0|\u00a0<a style=\"color: #fff;\" href=\"http:\/\/intranet.fhspereclaver.org\/Adm.php?Mc=1\" target=\"_blank\" rel=\"noopener\">Intranet<\/a>\t\t\t\t\t\t\t\t<\/div>\n\t\t\t\t<\/div>\n\t\t\t\t\t<\/div>\n\t\t<\/div>\n\t\t\t\t\t<\/div>\n\t\t<\/section>\n\t\t\t\t<section class=\"elementor-section elementor-top-section elementor-element elementor-element-3b0d333 elementor-hidden-desktop elementor-hidden-tablet elementor-section-boxed elementor-section-height-default elementor-section-height-default\" data-id=\"3b0d333\" data-element_type=\"section\" data-e-type=\"section\" data-settings=\"{&quot;background_background&quot;:&quot;classic&quot;}\">\n\t\t\t\t\t\t<div class=\"elementor-container elementor-column-gap-default\">\n\t\t\t\t\t<div class=\"elementor-column elementor-col-100 elementor-top-column elementor-element elementor-element-fdea116\" data-id=\"fdea116\" data-element_type=\"column\" data-e-type=\"column\">\n\t\t\t<div class=\"elementor-widget-wrap elementor-element-populated\">\n\t\t\t\t\t\t<div class=\"elementor-element elementor-element-92837ca elementor-widget elementor-widget-text-editor\" data-id=\"92837ca\" data-element_type=\"widget\" data-e-type=\"widget\" data-widget_type=\"text-editor.default\">\n\t\t\t\t<div class=\"elementor-widget-container\">\n\t\t\t\t\t\t\t\t\t<p class=\"p1\"><span class=\"s1\"><b>Fundaci\u00f3 Tallers | Inclusi\u00f3n Laboral<br \/><\/b><\/span><span class=\"s1\">Entidad de Pere Caver Grup<br \/><\/span><span class=\"s1\">Tel. 93 392 23 11<br \/><\/span><span style=\"text-decoration: underline;\"><a style=\"color: #ffffff; text-decoration: underline;\" href=\"&#109;&#x61;&#105;&#x6c;&#116;&#x6f;:&#x69;n&#x66;o&#64;&#x66;&#117;&#x6e;&#100;&#x61;&#99;&#x69;o&#x74;a&#x6c;l&#101;&#x72;&#115;&#x2e;&#111;&#x72;&#103;\">&#105;&#x6e;&#x66;&#111;&#x40;&#x66;u&#x6e;&#x64;a&#99;&#x69;o&#116;&#x61;l&#108;&#x65;r&#115;&#x2e;o&#114;&#x67;<\/a><\/span><\/p>\t\t\t\t\t\t\t\t<\/div>\n\t\t\t\t<\/div>\n\t\t\t\t<div class=\"elementor-element elementor-element-45deb05 elementor-widget elementor-widget-text-editor\" data-id=\"45deb05\" data-element_type=\"widget\" data-e-type=\"widget\" data-widget_type=\"text-editor.default\">\n\t\t\t\t<div class=\"elementor-widget-container\">\n\t\t\t\t\t\t\t\t\t<p><strong>Trabaja con nosotros<br \/><\/strong>Quieres formar parte de nuestro equipo y compartes nuestra misi\u00f3n, visi\u00f3n y valores? <span style=\"text-decoration: underline;\"><a style=\"color: #ffffff; text-decoration: underline;\" href=\"https:\/\/www.santpereclaver.org\/treballa-amb-nosaltres\/\" target=\"_blank\" rel=\"noopener\">Ver m\u00e1s<\/a><\/span><\/p>\t\t\t\t\t\t\t\t<\/div>\n\t\t\t\t<\/div>\n\t\t\t\t<div class=\"elementor-element elementor-element-e9ab367 elementor-widget elementor-widget-text-editor\" data-id=\"e9ab367\" data-element_type=\"widget\" data-e-type=\"widget\" data-widget_type=\"text-editor.default\">\n\t\t\t\t<div class=\"elementor-widget-container\">\n\t\t\t\t\t\t\t\t\t<p class=\"p1\"><strong><span class=\"s1\">S\u00edguenos en las redes<\/span><\/strong><\/p>\t\t\t\t\t\t\t\t<\/div>\n\t\t\t\t<\/div>\n\t\t\t\t<section class=\"elementor-section elementor-inner-section elementor-element elementor-element-44a447d elementor-section-boxed elementor-section-height-default elementor-section-height-default\" data-id=\"44a447d\" data-element_type=\"section\" data-e-type=\"section\">\n\t\t\t\t\t\t<div class=\"elementor-container elementor-column-gap-default\">\n\t\t\t\t\t<div class=\"elementor-column elementor-col-50 elementor-inner-column elementor-element elementor-element-70d9a7b\" data-id=\"70d9a7b\" data-element_type=\"column\" data-e-type=\"column\">\n\t\t\t<div class=\"elementor-widget-wrap elementor-element-populated\">\n\t\t\t\t\t\t<div class=\"elementor-element elementor-element-cf748bf elementor-view-default elementor-widget elementor-widget-icon\" data-id=\"cf748bf\" data-element_type=\"widget\" data-e-type=\"widget\" data-widget_type=\"icon.default\">\n\t\t\t\t<div class=\"elementor-widget-container\">\n\t\t\t\t\t\t\t<div class=\"elementor-icon-wrapper\">\n\t\t\t<a class=\"elementor-icon\" href=\"https:\/\/www.instagram.com\/fundaciotallers\/\" target=\"_blank\">\n\t\t\t<i aria-hidden=\"true\" class=\"fab fa-instagram\"><\/i>\t\t\t<\/a>\n\t\t<\/div>\n\t\t\t\t\t\t<\/div>\n\t\t\t\t<\/div>\n\t\t\t\t<div class=\"elementor-element elementor-element-500479d elementor-view-default elementor-widget elementor-widget-icon\" data-id=\"500479d\" data-element_type=\"widget\" data-e-type=\"widget\" data-widget_type=\"icon.default\">\n\t\t\t\t<div class=\"elementor-widget-container\">\n\t\t\t\t\t\t\t<div class=\"elementor-icon-wrapper\">\n\t\t\t<a class=\"elementor-icon\" href=\"https:\/\/www.linkedin.com\/company\/fundacio-tallers\/\" target=\"_blank\">\n\t\t\t<i aria-hidden=\"true\" class=\"fab fa-linkedin-in\"><\/i>\t\t\t<\/a>\n\t\t<\/div>\n\t\t\t\t\t\t<\/div>\n\t\t\t\t<\/div>\n\t\t\t\t\t<\/div>\n\t\t<\/div>\n\t\t\t\t<div class=\"elementor-column elementor-col-50 elementor-inner-column elementor-element elementor-element-8740283\" data-id=\"8740283\" data-element_type=\"column\" data-e-type=\"column\">\n\t\t\t<div class=\"elementor-widget-wrap\">\n\t\t\t\t\t\t\t<\/div>\n\t\t<\/div>\n\t\t\t\t\t<\/div>\n\t\t<\/section>\n\t\t\t\t<div class=\"elementor-element elementor-element-1c86fb9 elementor-widget-divider--view-line elementor-widget elementor-widget-divider\" data-id=\"1c86fb9\" data-element_type=\"widget\" data-e-type=\"widget\" data-widget_type=\"divider.default\">\n\t\t\t\t<div class=\"elementor-widget-container\">\n\t\t\t\t\t\t\t<div class=\"elementor-divider\">\n\t\t\t<span class=\"elementor-divider-separator\">\n\t\t\t\t\t\t<\/span>\n\t\t<\/div>\n\t\t\t\t\t\t<\/div>\n\t\t\t\t<\/div>\n\t\t\t\t<div class=\"elementor-element elementor-element-553fc59 elementor-widget elementor-widget-text-editor\" data-id=\"553fc59\" data-element_type=\"widget\" data-e-type=\"widget\" data-widget_type=\"text-editor.default\">\n\t\t\t\t<div class=\"elementor-widget-container\">\n\t\t\t\t\t\t\t\t\t<p>\u00a9 2025. <a style=\"color: #fff;\" href=\"https:\/\/fundaciotallers.org\/es\/politica-privacidad\/\" rel=\"noopener\">Pol\u00edtica de Privacidad<\/a>\u00a0|\u00a0<a style=\"color: #fff;\" href=\"https:\/\/fundaciotallers.org\/es\/politica-cookies\/\" rel=\"noopener\">Pol\u00edtica de Cookies<\/a>\u00a0|\u00a0<a style=\"color: #fff;\" href=\"https:\/\/fundaciotallers.org\/es\/aviso-legal\/\" rel=\"noopener\">Aviso Legal<\/a>\u00a0|\u00a0<a style=\"color: #fff;\" rel=\"noopener\">Canal denuncia<\/a>\u00a0|\u00a0<a style=\"color: #fff;\" href=\"http:\/\/intranet.fhspereclaver.org\/Adm.php?Mc=1\" target=\"_blank\" rel=\"noopener\">Intranet<\/a><\/p>\t\t\t\t\t\t\t\t<\/div>\n\t\t\t\t<\/div>\n\t\t\t\t\t<\/div>\n\t\t<\/div>\n\t\t\t\t\t<\/div>\n\t\t<\/section>\n\t\t\t\t<\/div>\n\t\t","protected":false},"excerpt":{"rendered":"<p>Instagram Linkedin Catal\u00e0\u00a0 \u00a0|\u00a0 \u00a0Castell\u00e0 Qui\u00e9nes somos Con\u00f3cenos Historia Patronato y Comit\u00e9 de Direcci\u00f3n Equipo de Coordinaci\u00f3n y Servicios de Apoyo Portal de Transparencia Memoria Pol\u00edtica de calidad y medio ambiente Colaboradores A las personas Servicio de formaci\u00f3n ocupacional Servicio de Inserci\u00f3n laboral (SIL) Centro Especial de Trabajo Equipo Multidisciplinario de Apoyo (EMS) Empresa de inserci\u00f3n A las empresas Cumplimiento&hellip;<\/p>\n","protected":false},"author":7,"featured_media":0,"parent":0,"menu_order":0,"comment_status":"closed","ping_status":"closed","template":"elementor_header_footer","meta":{"footnotes":""},"class_list":["post-47759","page","type-page","status-publish","hentry"],"_links":{"self":[{"href":"https:\/\/fundaciotallers.org\/es\/wp-json\/wp\/v2\/pages\/47759","targetHints":{"allow":["GET"]}}],"collection":[{"href":"https:\/\/fundaciotallers.org\/es\/wp-json\/wp\/v2\/pages"}],"about":[{"href":"https:\/\/fundaciotallers.org\/es\/wp-json\/wp\/v2\/types\/page"}],"author":[{"embeddable":true,"href":"https:\/\/fundaciotallers.org\/es\/wp-json\/wp\/v2\/users\/7"}],"replies":[{"embeddable":true,"href":"https:\/\/fundaciotallers.org\/es\/wp-json\/wp\/v2\/comments?post=47759"}],"version-history":[{"count":19,"href":"https:\/\/fundaciotallers.org\/es\/wp-json\/wp\/v2\/pages\/47759\/revisions"}],"predecessor-version":[{"id":48241,"href":"https:\/\/fundaciotallers.org\/es\/wp-json\/wp\/v2\/pages\/47759\/revisions\/48241"}],"wp:attachment":[{"href":"https:\/\/fundaciotallers.org\/es\/wp-json\/wp\/v2\/media?parent=47759"}],"curies":[{"name":"wp","href":"https:\/\/api.w.org\/{rel}","templated":true}]}}