{"id":47551,"date":"2025-11-16T21:49:17","date_gmt":"2025-11-16T20:49:17","guid":{"rendered":"https:\/\/fundaciotallers.org\/?page_id=47551"},"modified":"2025-11-21T00:54:57","modified_gmt":"2025-11-20T23:54:57","slug":"patronat-i-comite-de-direccio","status":"publish","type":"page","link":"https:\/\/fundaciotallers.org\/ca\/patronat-i-comite-de-direccio\/","title":{"rendered":"Patronat i Comit\u00e8 de Direcci\u00f3"},"content":{"rendered":"\t\t<div data-elementor-type=\"wp-page\" data-elementor-id=\"47551\" class=\"elementor elementor-47551\">\n\t\t\t\t\t\t<section class=\"elementor-section elementor-top-section elementor-element elementor-element-359c476 elementor-hidden-mobile elementor-section-boxed elementor-section-height-default elementor-section-height-default\" data-id=\"359c476\" data-element_type=\"section\" data-e-type=\"section\" data-settings=\"{&quot;background_background&quot;:&quot;classic&quot;}\">\n\t\t\t\t\t\t<div class=\"elementor-container elementor-column-gap-narrow\">\n\t\t\t\t\t<div class=\"elementor-column elementor-col-25 elementor-top-column elementor-element elementor-element-15a39ce\" data-id=\"15a39ce\" data-element_type=\"column\" data-e-type=\"column\">\n\t\t\t<div class=\"elementor-widget-wrap elementor-element-populated\">\n\t\t\t\t\t\t<div class=\"elementor-element elementor-element-898c155 elementor-widget elementor-widget-image\" data-id=\"898c155\" data-element_type=\"widget\" data-e-type=\"widget\" data-widget_type=\"image.default\">\n\t\t\t\t<div class=\"elementor-widget-container\">\n\t\t\t\t\t\t\t\t\t\t\t\t\t\t\t\t<a href=\"https:\/\/fundaciotallers.org\/ca\/\">\n\t\t\t\t\t\t\t<img fetchpriority=\"high\" decoding=\"async\" width=\"1024\" height=\"313\" src=\"https:\/\/fundaciotallers.org\/wp-content\/uploads\/2025\/07\/fundacio-tallers-inclusio-laboral-1024x313.png\" class=\"attachment-large size-large wp-image-44006\" alt=\"\" srcset=\"https:\/\/fundaciotallers.org\/wp-content\/uploads\/2025\/07\/fundacio-tallers-inclusio-laboral-1024x313.png 1024w, https:\/\/fundaciotallers.org\/wp-content\/uploads\/2025\/07\/fundacio-tallers-inclusio-laboral-300x92.png 300w, https:\/\/fundaciotallers.org\/wp-content\/uploads\/2025\/07\/fundacio-tallers-inclusio-laboral-768x234.png 768w, https:\/\/fundaciotallers.org\/wp-content\/uploads\/2025\/07\/fundacio-tallers-inclusio-laboral-1536x469.png 1536w, https:\/\/fundaciotallers.org\/wp-content\/uploads\/2025\/07\/fundacio-tallers-inclusio-laboral.png 1890w\" sizes=\"(max-width: 1024px) 100vw, 1024px\" \/>\t\t\t\t\t\t\t\t<\/a>\n\t\t\t\t\t\t\t\t\t\t\t\t\t\t\t<\/div>\n\t\t\t\t<\/div>\n\t\t\t\t\t<\/div>\n\t\t<\/div>\n\t\t\t\t<div class=\"elementor-column elementor-col-25 elementor-top-column elementor-element elementor-element-791b59c\" data-id=\"791b59c\" data-element_type=\"column\" data-e-type=\"column\">\n\t\t\t<div class=\"elementor-widget-wrap\">\n\t\t\t\t\t\t\t<\/div>\n\t\t<\/div>\n\t\t\t\t<div class=\"elementor-column elementor-col-25 elementor-top-column elementor-element elementor-element-d105ec4\" data-id=\"d105ec4\" data-element_type=\"column\" data-e-type=\"column\">\n\t\t\t<div class=\"elementor-widget-wrap elementor-element-populated\">\n\t\t\t\t\t\t<div class=\"elementor-element elementor-element-9e42f66 elementor-shape-circle e-grid-align-right elementor-grid-0 elementor-widget elementor-widget-social-icons\" data-id=\"9e42f66\" data-element_type=\"widget\" data-e-type=\"widget\" data-widget_type=\"social-icons.default\">\n\t\t\t\t<div class=\"elementor-widget-container\">\n\t\t\t\t\t\t\t<div class=\"elementor-social-icons-wrapper elementor-grid\" role=\"list\">\n\t\t\t\t\t\t\t<span class=\"elementor-grid-item\" role=\"listitem\">\n\t\t\t\t\t<a class=\"elementor-icon elementor-social-icon elementor-social-icon-instagram elementor-repeater-item-1e3f81b\" target=\"_blank\">\n\t\t\t\t\t\t<span class=\"elementor-screen-only\">Instagram<\/span>\n\t\t\t\t\t\t<i aria-hidden=\"true\" class=\"fab fa-instagram\"><\/i>\t\t\t\t\t<\/a>\n\t\t\t\t<\/span>\n\t\t\t\t\t\t\t<span class=\"elementor-grid-item\" role=\"listitem\">\n\t\t\t\t\t<a class=\"elementor-icon elementor-social-icon elementor-social-icon-linkedin elementor-repeater-item-980f104\" target=\"_blank\">\n\t\t\t\t\t\t<span class=\"elementor-screen-only\">Linkedin<\/span>\n\t\t\t\t\t\t<i aria-hidden=\"true\" class=\"fab fa-linkedin\"><\/i>\t\t\t\t\t<\/a>\n\t\t\t\t<\/span>\n\t\t\t\t\t<\/div>\n\t\t\t\t\t\t<\/div>\n\t\t\t\t<\/div>\n\t\t\t\t\t<\/div>\n\t\t<\/div>\n\t\t\t\t<div class=\"elementor-column elementor-col-25 elementor-top-column elementor-element elementor-element-26a2c6d\" data-id=\"26a2c6d\" data-element_type=\"column\" data-e-type=\"column\">\n\t\t\t<div class=\"elementor-widget-wrap elementor-element-populated\">\n\t\t\t\t\t\t<div class=\"elementor-element elementor-element-3845a90 elementor-widget elementor-widget-text-editor\" data-id=\"3845a90\" data-element_type=\"widget\" data-e-type=\"widget\" data-widget_type=\"text-editor.default\">\n\t\t\t\t<div class=\"elementor-widget-container\">\n\t\t\t\t\t\t\t\t\t<a href=\"https:\/\/fundaciotallers.org\/ca\/\">Catal\u00e0\u00a0<\/a> \u00a0|\u00a0 \u00a0<a href=\"https:\/\/fundaciotallers.org\/es\/\">Castell\u00e0<\/a>\t\t\t\t\t\t\t\t<\/div>\n\t\t\t\t<\/div>\n\t\t\t\t\t<\/div>\n\t\t<\/div>\n\t\t\t\t\t<\/div>\n\t\t<\/section>\n\t\t\t\t<section class=\"elementor-section elementor-top-section elementor-element elementor-element-4730291 elementor-hidden-desktop elementor-hidden-tablet elementor-hidden-mobile elementor-section-boxed elementor-section-height-default elementor-section-height-default\" data-id=\"4730291\" data-element_type=\"section\" data-e-type=\"section\">\n\t\t\t\t\t\t<div class=\"elementor-container elementor-column-gap-narrow\">\n\t\t\t\t\t<div class=\"elementor-column elementor-col-50 elementor-top-column elementor-element elementor-element-d592b41\" data-id=\"d592b41\" data-element_type=\"column\" data-e-type=\"column\">\n\t\t\t<div class=\"elementor-widget-wrap elementor-element-populated\">\n\t\t\t\t\t\t<div class=\"elementor-element elementor-element-d22afa8 eael_simple_menu_hamburger_disable_selected_menu_no eael-simple-menu-hamburger-align-right eael-hamburger--tablet elementor-widget elementor-widget-eael-simple-menu\" data-id=\"d22afa8\" data-element_type=\"widget\" data-e-type=\"widget\" data-widget_type=\"eael-simple-menu.default\">\n\t\t\t\t<div class=\"elementor-widget-container\">\n\t\t\t\t\t<style>\n                        @media screen and (max-width: 1024px) {\n                            .eael-hamburger--tablet {\n                                .eael-simple-menu-horizontal,\n                                .eael-simple-menu-vertical {\n                                    display: none;\n                                }\n                            }\n                            .eael-hamburger--tablet {\n                                .eael-simple-menu-container .eael-simple-menu-toggle {\n                                    display: block;\n                                }\n                            }\n                        }\n                        .eael-simple-menu-container.eael-simple-menu--loading > ul {\n                            display: -webkit-box !important;\n                            display: -ms-flexbox !important;\n                            display: flex !important;\n                            list-style: none !important;\n                        }\n                        .eael-simple-menu-container.eael-simple-menu--loading li ul {\n                            visibility: hidden !important;\n                            opacity: 0 !important;\n                        }\n                    <\/style>            <div data-hamburger-icon=\"&lt;i aria-hidden=&quot;true&quot; class=&quot;fas fa-bars&quot;&gt;&lt;\/i&gt;\" data-indicator-icon=\"&lt;i aria-hidden=&quot;true&quot; class=&quot;fas fa-angle-down&quot;&gt;&lt;\/i&gt;\" data-dropdown-indicator-icon=\"&lt;i class=&quot;fas fa-angle-down&quot;&gt;&lt;\/i&gt;\" class=\"eael-simple-menu-container eael-simple-menu--loading eael-simple-menu-align-left eael-simple-menu-dropdown-align-left preset-1\" data-hamburger-breakpoints=\"{&quot;mobile&quot;:&quot;M\\u00f2bil vertical (&gt; 767px)&quot;,&quot;tablet&quot;:&quot;Tauleta vertical (&gt; 1024px)&quot;,&quot;desktop&quot;:&quot;Desktop (&gt; 2400px)&quot;,&quot;none&quot;:&quot;None&quot;}\" data-hamburger-device=\"tablet\">\n                <ul id=\"menu-nova-web-cat\" class=\"eael-simple-menu eael-simple-menu-dropdown-animate-to-top eael-simple-menu-indicator eael-simple-menu-horizontal\"><li id=\"menu-item-44083\" class=\"menu-item menu-item-type-custom menu-item-object-custom menu-item-has-children menu-item-44083\"><a href=\"#\">Qui som<\/a>\n<ul class=\"sub-menu\">\n\t<li id=\"menu-item-47149\" class=\"menu-item menu-item-type-post_type menu-item-object-page menu-item-47149\"><a href=\"https:\/\/fundaciotallers.org\/ca\/coneixnos\/\">Coneix-nos<\/a><\/li>\n\t<li id=\"menu-item-47102\" class=\"menu-item menu-item-type-post_type menu-item-object-page menu-item-47102\"><a href=\"https:\/\/fundaciotallers.org\/ca\/historia-2\/\">Hist\u00f2ria<\/a><\/li>\n\t<li id=\"menu-item-47666\" class=\"menu-item menu-item-type-post_type menu-item-object-page menu-item-47666\"><a href=\"https:\/\/fundaciotallers.org\/ca\/patronat-i-comite-de-direccio\/\">Patronat i Comit\u00e8 de Direcci\u00f3<\/a><\/li>\n\t<li id=\"menu-item-47665\" class=\"menu-item menu-item-type-post_type menu-item-object-page menu-item-47665\"><a href=\"https:\/\/fundaciotallers.org\/ca\/equip-coordinacio-serveis-de-suport\/\">Equip de Coordinaci\u00f3 i Serveis de Suport<\/a><\/li>\n\t<li id=\"menu-item-45928\" class=\"menu-item menu-item-type-post_type menu-item-object-page menu-item-45928\"><a href=\"https:\/\/fundaciotallers.org\/ca\/portal-transparencia\/\">Portal de Transpar\u00e8ncia<\/a><\/li>\n\t<li id=\"menu-item-45929\" class=\"menu-item menu-item-type-post_type menu-item-object-page menu-item-45929\"><a href=\"https:\/\/fundaciotallers.org\/ca\/portal-transparencia\/memoria\/\">Mem\u00f2ries<\/a><\/li>\n\t<li id=\"menu-item-46143\" class=\"menu-item menu-item-type-post_type menu-item-object-page menu-item-46143\"><a href=\"https:\/\/fundaciotallers.org\/ca\/politica-de-qualitat-i-medi-ambient\/\">Pol\u00edtica de qualitat i medi ambient<\/a><\/li>\n\t<li id=\"menu-item-46144\" class=\"menu-item menu-item-type-post_type menu-item-object-page menu-item-46144\"><a href=\"https:\/\/fundaciotallers.org\/ca\/colaboradors\/\">Col\u00b7laboradors<\/a><\/li>\n<\/ul>\n<\/li>\n<li id=\"menu-item-45972\" class=\"menu-item menu-item-type-post_type menu-item-object-page menu-item-has-children menu-item-45972\"><a href=\"https:\/\/fundaciotallers.org\/ca\/serveis-per-a-les-persones\/\">A les persones<\/a>\n<ul class=\"sub-menu\">\n\t<li id=\"menu-item-44953\" class=\"menu-item menu-item-type-post_type menu-item-object-page menu-item-44953\"><a href=\"https:\/\/fundaciotallers.org\/ca\/servei-de-formacio-ocupacional\/\">Formaci\u00f3 ocupacional<\/a><\/li>\n\t<li id=\"menu-item-45205\" class=\"menu-item menu-item-type-post_type menu-item-object-page menu-item-45205\"><a href=\"https:\/\/fundaciotallers.org\/ca\/servei-dinsercio-laboral-sil\/\">Servei d\u2019Inserci\u00f3 Laboral (SIL)<\/a><\/li>\n\t<li id=\"menu-item-46286\" class=\"menu-item menu-item-type-post_type menu-item-object-page menu-item-46286\"><a href=\"https:\/\/fundaciotallers.org\/ca\/centre-especial-de-treball\/\">Centre Especial de Treball<\/a><\/li>\n\t<li id=\"menu-item-45968\" class=\"menu-item menu-item-type-post_type menu-item-object-page menu-item-45968\"><a href=\"https:\/\/fundaciotallers.org\/ca\/equip-multidiciplinari-suport\/\">Equip Multidisciplinari de Suport (EMS)<\/a><\/li>\n\t<li id=\"menu-item-46639\" class=\"menu-item menu-item-type-post_type menu-item-object-page menu-item-46639\"><a href=\"https:\/\/fundaciotallers.org\/ca\/empresa-insercio\/\">Empresa d\u2019inserci\u00f3<\/a><\/li>\n<\/ul>\n<\/li>\n<li id=\"menu-item-45971\" class=\"menu-item menu-item-type-post_type menu-item-object-page menu-item-has-children menu-item-45971\"><a href=\"https:\/\/fundaciotallers.org\/ca\/serveis-per-a-les-empreses\/\">A les empreses<\/a>\n<ul class=\"sub-menu\">\n\t<li id=\"menu-item-46679\" class=\"menu-item menu-item-type-post_type menu-item-object-page menu-item-46679\"><a href=\"https:\/\/fundaciotallers.org\/ca\/compliment-llei-discapacitat\/\">Compliment Llei Discapacitat<\/a><\/li>\n\t<li id=\"menu-item-45269\" class=\"menu-item menu-item-type-post_type menu-item-object-page menu-item-45269\"><a href=\"https:\/\/fundaciotallers.org\/ca\/jardineria\/\">Jardineria<\/a><\/li>\n\t<li id=\"menu-item-46710\" class=\"menu-item menu-item-type-post_type menu-item-object-page menu-item-46710\"><a href=\"https:\/\/fundaciotallers.org\/ca\/serveis-de-neteja\/\">Neteja<\/a><\/li>\n\t<li id=\"menu-item-46656\" class=\"menu-item menu-item-type-post_type menu-item-object-page menu-item-46656\"><a href=\"https:\/\/fundaciotallers.org\/ca\/manipulats-logistica-industrial\/\">Manipulats, log\u00edstica industrial i serveis t\u00e8xtils<\/a><\/li>\n\t<li id=\"menu-item-46928\" class=\"menu-item menu-item-type-post_type menu-item-object-page menu-item-46928\"><a href=\"https:\/\/fundaciotallers.org\/ca\/serveis-de-tintoreria-i-bugaderia\/\">Tintoreria<\/a><\/li>\n\t<li id=\"menu-item-47035\" class=\"menu-item menu-item-type-post_type menu-item-object-page menu-item-47035\"><a href=\"https:\/\/fundaciotallers.org\/ca\/servei-de-gestio-documental\/\">Externalitzaci\u00f3 processos administratius<\/a><\/li>\n<\/ul>\n<\/li>\n<li id=\"menu-item-47042\" class=\"menu-item menu-item-type-post_type menu-item-object-page menu-item-has-children menu-item-47042\"><a href=\"https:\/\/fundaciotallers.org\/ca\/serveis-per-a-les-administracions\/\">A les administracions<\/a>\n<ul class=\"sub-menu\">\n\t<li id=\"menu-item-47283\" class=\"menu-item menu-item-type-post_type menu-item-object-page menu-item-47283\"><a href=\"https:\/\/fundaciotallers.org\/ca\/serveis-jardineria-administracions-publiques\/\">Jardineria<\/a><\/li>\n\t<li id=\"menu-item-47477\" class=\"menu-item menu-item-type-post_type menu-item-object-page menu-item-47477\"><a href=\"https:\/\/fundaciotallers.org\/ca\/neteja-interiors\/\">Neteja d\u2019interiors<\/a><\/li>\n\t<li id=\"menu-item-46503\" class=\"menu-item menu-item-type-post_type menu-item-object-page menu-item-46503\"><a href=\"https:\/\/fundaciotallers.org\/ca\/neteja-viaria\/\">Neteja Vi\u00e0ria<\/a><\/li>\n\t<li id=\"menu-item-46736\" class=\"menu-item menu-item-type-post_type menu-item-object-page menu-item-46736\"><a href=\"https:\/\/fundaciotallers.org\/ca\/gestio-deixalleries-punts-verds\/\">Gesti\u00f3 de deixalleries i punts verds<\/a><\/li>\n\t<li id=\"menu-item-46931\" class=\"menu-item menu-item-type-post_type menu-item-object-page menu-item-46931\"><a href=\"https:\/\/fundaciotallers.org\/ca\/externalitzacio-dels-procesos-administratius\/\">Gesti\u00f3 documental<\/a><\/li>\n<\/ul>\n<\/li>\n<li id=\"menu-item-45780\" class=\"menu-item menu-item-type-post_type menu-item-object-page menu-item-45780\"><a href=\"https:\/\/fundaciotallers.org\/ca\/treballa-amb-nosaltres-ofertes\/\">Treballa amb nosaltres<\/a><\/li>\n<li id=\"menu-item-45970\" class=\"menu-item menu-item-type-custom menu-item-object-custom menu-item-45970\"><a target=\"_blank\" href=\"https:\/\/www.pereclaver.org\/voluntariat\/\">Voluntariat<\/a><\/li>\n<li id=\"menu-item-45855\" class=\"menu-item menu-item-type-post_type menu-item-object-page menu-item-45855\"><a href=\"https:\/\/fundaciotallers.org\/ca\/noticies\/\">Blog<\/a><\/li>\n<li id=\"menu-item-46507\" class=\"menu-item menu-item-type-post_type menu-item-object-page menu-item-46507\"><a href=\"https:\/\/fundaciotallers.org\/ca\/contacte\/\">Contacte<\/a><\/li>\n<\/ul>                <button class=\"eael-simple-menu-toggle\">\n                    <span class=\"sr-only \">Hamburger Toggle Menu<\/span>\n                    <i aria-hidden=\"true\" class=\"fas fa-bars\"><\/i>                <\/button>\n            <\/div>\n            \t\t\t\t<\/div>\n\t\t\t\t<\/div>\n\t\t\t\t\t<\/div>\n\t\t<\/div>\n\t\t\t\t<div class=\"elementor-column elementor-col-25 elementor-top-column elementor-element elementor-element-58c430b\" data-id=\"58c430b\" data-element_type=\"column\" data-e-type=\"column\">\n\t\t\t<div class=\"elementor-widget-wrap elementor-element-populated\">\n\t\t\t\t\t\t<div class=\"elementor-element elementor-element-6feecdc elementor-align-right elementor-widget elementor-widget-button\" data-id=\"6feecdc\" data-element_type=\"widget\" data-e-type=\"widget\" data-widget_type=\"button.default\">\n\t\t\t\t<div class=\"elementor-widget-container\">\n\t\t\t\t\t\t\t\t\t<div class=\"elementor-button-wrapper\">\n\t\t\t\t\t<a class=\"elementor-button elementor-size-sm\" role=\"button\">\n\t\t\t\t\t\t<span class=\"elementor-button-content-wrapper\">\n\t\t\t\t\t\t\t\t\t<span class=\"elementor-button-text\">Col\u00b7labora<\/span>\n\t\t\t\t\t<\/span>\n\t\t\t\t\t<\/a>\n\t\t\t\t<\/div>\n\t\t\t\t\t\t\t\t<\/div>\n\t\t\t\t<\/div>\n\t\t\t\t\t<\/div>\n\t\t<\/div>\n\t\t\t\t<div class=\"elementor-column elementor-col-25 elementor-top-column elementor-element elementor-element-76163e8\" data-id=\"76163e8\" data-element_type=\"column\" data-e-type=\"column\">\n\t\t\t<div class=\"elementor-widget-wrap elementor-element-populated\">\n\t\t\t\t\t\t<div class=\"elementor-element elementor-element-6338c8f elementor-align-right elementor-widget elementor-widget-button\" data-id=\"6338c8f\" data-element_type=\"widget\" data-e-type=\"widget\" data-widget_type=\"button.default\">\n\t\t\t\t<div class=\"elementor-widget-container\">\n\t\t\t\t\t\t\t\t\t<div class=\"elementor-button-wrapper\">\n\t\t\t\t\t<a class=\"elementor-button elementor-size-sm\" role=\"button\">\n\t\t\t\t\t\t<span class=\"elementor-button-content-wrapper\">\n\t\t\t\t\t\t\t\t\t<span class=\"elementor-button-text\">Dona<\/span>\n\t\t\t\t\t<\/span>\n\t\t\t\t\t<\/a>\n\t\t\t\t<\/div>\n\t\t\t\t\t\t\t\t<\/div>\n\t\t\t\t<\/div>\n\t\t\t\t\t<\/div>\n\t\t<\/div>\n\t\t\t\t\t<\/div>\n\t\t<\/section>\n\t\t\t\t<section class=\"elementor-section elementor-top-section elementor-element elementor-element-0f27616 elementor-hidden-mobile elementor-section-boxed elementor-section-height-default elementor-section-height-default\" data-id=\"0f27616\" data-element_type=\"section\" data-e-type=\"section\">\n\t\t\t\t\t\t<div class=\"elementor-container elementor-column-gap-narrow\">\n\t\t\t\t\t<div class=\"elementor-column elementor-col-100 elementor-top-column elementor-element elementor-element-c7fc25b\" data-id=\"c7fc25b\" data-element_type=\"column\" data-e-type=\"column\">\n\t\t\t<div class=\"elementor-widget-wrap elementor-element-populated\">\n\t\t\t\t\t\t<div class=\"elementor-element elementor-element-980636a eael_simple_menu_hamburger_disable_selected_menu_no eael-simple-menu-hamburger-align-right eael-hamburger--tablet elementor-widget elementor-widget-eael-simple-menu\" data-id=\"980636a\" data-element_type=\"widget\" data-e-type=\"widget\" data-widget_type=\"eael-simple-menu.default\">\n\t\t\t\t<div class=\"elementor-widget-container\">\n\t\t\t\t\t<style>\n                        @media screen and (max-width: 1024px) {\n                            .eael-hamburger--tablet {\n                                .eael-simple-menu-horizontal,\n                                .eael-simple-menu-vertical {\n                                    display: none;\n                                }\n                            }\n                            .eael-hamburger--tablet {\n                                .eael-simple-menu-container .eael-simple-menu-toggle {\n                                    display: block;\n                                }\n                            }\n                        }\n                        .eael-simple-menu-container.eael-simple-menu--loading > ul {\n                            display: -webkit-box !important;\n                            display: -ms-flexbox !important;\n                            display: flex !important;\n                            list-style: none !important;\n                        }\n                        .eael-simple-menu-container.eael-simple-menu--loading li ul {\n                            visibility: hidden !important;\n                            opacity: 0 !important;\n                        }\n                    <\/style>            <div data-hamburger-icon=\"&lt;i aria-hidden=&quot;true&quot; class=&quot;fas fa-bars&quot;&gt;&lt;\/i&gt;\" data-indicator-icon=\"&lt;i aria-hidden=&quot;true&quot; class=&quot;fas fa-angle-down&quot;&gt;&lt;\/i&gt;\" data-dropdown-indicator-icon=\"&lt;i class=&quot;fas fa-angle-down&quot;&gt;&lt;\/i&gt;\" class=\"eael-simple-menu-container eael-simple-menu--loading eael-simple-menu-align-left eael-simple-menu-dropdown-align-left preset-1\" data-hamburger-breakpoints=\"{&quot;mobile&quot;:&quot;M\\u00f2bil vertical (&gt; 767px)&quot;,&quot;tablet&quot;:&quot;Tauleta vertical (&gt; 1024px)&quot;,&quot;desktop&quot;:&quot;Desktop (&gt; 2400px)&quot;,&quot;none&quot;:&quot;None&quot;}\" data-hamburger-device=\"tablet\">\n                <ul id=\"menu-nova-web-cat-1\" class=\"eael-simple-menu eael-simple-menu-dropdown-animate-to-top eael-simple-menu-indicator eael-simple-menu-horizontal\"><li class=\"menu-item menu-item-type-custom menu-item-object-custom menu-item-has-children menu-item-44083\"><a href=\"#\">Qui som<\/a>\n<ul class=\"sub-menu\">\n\t<li class=\"menu-item menu-item-type-post_type menu-item-object-page menu-item-47149\"><a href=\"https:\/\/fundaciotallers.org\/ca\/coneixnos\/\">Coneix-nos<\/a><\/li>\n\t<li class=\"menu-item menu-item-type-post_type menu-item-object-page menu-item-47102\"><a href=\"https:\/\/fundaciotallers.org\/ca\/historia-2\/\">Hist\u00f2ria<\/a><\/li>\n\t<li class=\"menu-item menu-item-type-post_type menu-item-object-page menu-item-47666\"><a href=\"https:\/\/fundaciotallers.org\/ca\/patronat-i-comite-de-direccio\/\">Patronat i Comit\u00e8 de Direcci\u00f3<\/a><\/li>\n\t<li class=\"menu-item menu-item-type-post_type menu-item-object-page menu-item-47665\"><a href=\"https:\/\/fundaciotallers.org\/ca\/equip-coordinacio-serveis-de-suport\/\">Equip de Coordinaci\u00f3 i Serveis de Suport<\/a><\/li>\n\t<li class=\"menu-item menu-item-type-post_type menu-item-object-page menu-item-45928\"><a href=\"https:\/\/fundaciotallers.org\/ca\/portal-transparencia\/\">Portal de Transpar\u00e8ncia<\/a><\/li>\n\t<li class=\"menu-item menu-item-type-post_type menu-item-object-page menu-item-45929\"><a href=\"https:\/\/fundaciotallers.org\/ca\/portal-transparencia\/memoria\/\">Mem\u00f2ries<\/a><\/li>\n\t<li class=\"menu-item menu-item-type-post_type menu-item-object-page menu-item-46143\"><a href=\"https:\/\/fundaciotallers.org\/ca\/politica-de-qualitat-i-medi-ambient\/\">Pol\u00edtica de qualitat i medi ambient<\/a><\/li>\n\t<li class=\"menu-item menu-item-type-post_type menu-item-object-page menu-item-46144\"><a href=\"https:\/\/fundaciotallers.org\/ca\/colaboradors\/\">Col\u00b7laboradors<\/a><\/li>\n<\/ul>\n<\/li>\n<li class=\"menu-item menu-item-type-post_type menu-item-object-page menu-item-has-children menu-item-45972\"><a href=\"https:\/\/fundaciotallers.org\/ca\/serveis-per-a-les-persones\/\">A les persones<\/a>\n<ul class=\"sub-menu\">\n\t<li class=\"menu-item menu-item-type-post_type menu-item-object-page menu-item-44953\"><a href=\"https:\/\/fundaciotallers.org\/ca\/servei-de-formacio-ocupacional\/\">Formaci\u00f3 ocupacional<\/a><\/li>\n\t<li class=\"menu-item menu-item-type-post_type menu-item-object-page menu-item-45205\"><a href=\"https:\/\/fundaciotallers.org\/ca\/servei-dinsercio-laboral-sil\/\">Servei d\u2019Inserci\u00f3 Laboral (SIL)<\/a><\/li>\n\t<li class=\"menu-item menu-item-type-post_type menu-item-object-page menu-item-46286\"><a href=\"https:\/\/fundaciotallers.org\/ca\/centre-especial-de-treball\/\">Centre Especial de Treball<\/a><\/li>\n\t<li class=\"menu-item menu-item-type-post_type menu-item-object-page menu-item-45968\"><a href=\"https:\/\/fundaciotallers.org\/ca\/equip-multidiciplinari-suport\/\">Equip Multidisciplinari de Suport (EMS)<\/a><\/li>\n\t<li class=\"menu-item menu-item-type-post_type menu-item-object-page menu-item-46639\"><a href=\"https:\/\/fundaciotallers.org\/ca\/empresa-insercio\/\">Empresa d\u2019inserci\u00f3<\/a><\/li>\n<\/ul>\n<\/li>\n<li class=\"menu-item menu-item-type-post_type menu-item-object-page menu-item-has-children menu-item-45971\"><a href=\"https:\/\/fundaciotallers.org\/ca\/serveis-per-a-les-empreses\/\">A les empreses<\/a>\n<ul class=\"sub-menu\">\n\t<li class=\"menu-item menu-item-type-post_type menu-item-object-page menu-item-46679\"><a href=\"https:\/\/fundaciotallers.org\/ca\/compliment-llei-discapacitat\/\">Compliment Llei Discapacitat<\/a><\/li>\n\t<li class=\"menu-item menu-item-type-post_type menu-item-object-page menu-item-45269\"><a href=\"https:\/\/fundaciotallers.org\/ca\/jardineria\/\">Jardineria<\/a><\/li>\n\t<li class=\"menu-item menu-item-type-post_type menu-item-object-page menu-item-46710\"><a href=\"https:\/\/fundaciotallers.org\/ca\/serveis-de-neteja\/\">Neteja<\/a><\/li>\n\t<li class=\"menu-item menu-item-type-post_type menu-item-object-page menu-item-46656\"><a href=\"https:\/\/fundaciotallers.org\/ca\/manipulats-logistica-industrial\/\">Manipulats, log\u00edstica industrial i serveis t\u00e8xtils<\/a><\/li>\n\t<li class=\"menu-item menu-item-type-post_type menu-item-object-page menu-item-46928\"><a href=\"https:\/\/fundaciotallers.org\/ca\/serveis-de-tintoreria-i-bugaderia\/\">Tintoreria<\/a><\/li>\n\t<li class=\"menu-item menu-item-type-post_type menu-item-object-page menu-item-47035\"><a href=\"https:\/\/fundaciotallers.org\/ca\/servei-de-gestio-documental\/\">Externalitzaci\u00f3 processos administratius<\/a><\/li>\n<\/ul>\n<\/li>\n<li class=\"menu-item menu-item-type-post_type menu-item-object-page menu-item-has-children menu-item-47042\"><a href=\"https:\/\/fundaciotallers.org\/ca\/serveis-per-a-les-administracions\/\">A les administracions<\/a>\n<ul class=\"sub-menu\">\n\t<li class=\"menu-item menu-item-type-post_type menu-item-object-page menu-item-47283\"><a href=\"https:\/\/fundaciotallers.org\/ca\/serveis-jardineria-administracions-publiques\/\">Jardineria<\/a><\/li>\n\t<li class=\"menu-item menu-item-type-post_type menu-item-object-page menu-item-47477\"><a href=\"https:\/\/fundaciotallers.org\/ca\/neteja-interiors\/\">Neteja d\u2019interiors<\/a><\/li>\n\t<li class=\"menu-item menu-item-type-post_type menu-item-object-page menu-item-46503\"><a href=\"https:\/\/fundaciotallers.org\/ca\/neteja-viaria\/\">Neteja Vi\u00e0ria<\/a><\/li>\n\t<li class=\"menu-item menu-item-type-post_type menu-item-object-page menu-item-46736\"><a href=\"https:\/\/fundaciotallers.org\/ca\/gestio-deixalleries-punts-verds\/\">Gesti\u00f3 de deixalleries i punts verds<\/a><\/li>\n\t<li class=\"menu-item menu-item-type-post_type menu-item-object-page menu-item-46931\"><a href=\"https:\/\/fundaciotallers.org\/ca\/externalitzacio-dels-procesos-administratius\/\">Gesti\u00f3 documental<\/a><\/li>\n<\/ul>\n<\/li>\n<li class=\"menu-item menu-item-type-post_type menu-item-object-page menu-item-45780\"><a href=\"https:\/\/fundaciotallers.org\/ca\/treballa-amb-nosaltres-ofertes\/\">Treballa amb nosaltres<\/a><\/li>\n<li class=\"menu-item menu-item-type-custom menu-item-object-custom menu-item-45970\"><a target=\"_blank\" href=\"https:\/\/www.pereclaver.org\/voluntariat\/\">Voluntariat<\/a><\/li>\n<li class=\"menu-item menu-item-type-post_type menu-item-object-page menu-item-45855\"><a href=\"https:\/\/fundaciotallers.org\/ca\/noticies\/\">Blog<\/a><\/li>\n<li class=\"menu-item menu-item-type-post_type menu-item-object-page menu-item-46507\"><a href=\"https:\/\/fundaciotallers.org\/ca\/contacte\/\">Contacte<\/a><\/li>\n<\/ul>                <button class=\"eael-simple-menu-toggle\">\n                    <span class=\"sr-only \">Hamburger Toggle Menu<\/span>\n                    <i aria-hidden=\"true\" class=\"fas fa-bars\"><\/i>                <\/button>\n            <\/div>\n            \t\t\t\t<\/div>\n\t\t\t\t<\/div>\n\t\t\t\t\t<\/div>\n\t\t<\/div>\n\t\t\t\t\t<\/div>\n\t\t<\/section>\n\t\t\t\t<section class=\"elementor-section elementor-top-section elementor-element elementor-element-ec26f78 elementor-hidden-tablet elementor-hidden-desktop elementor-section-boxed elementor-section-height-default elementor-section-height-default\" data-id=\"ec26f78\" data-element_type=\"section\" data-e-type=\"section\" data-settings=\"{&quot;background_background&quot;:&quot;classic&quot;}\">\n\t\t\t\t\t\t<div class=\"elementor-container elementor-column-gap-narrow\">\n\t\t\t\t\t<div class=\"elementor-column elementor-col-100 elementor-top-column elementor-element elementor-element-c4570bb\" data-id=\"c4570bb\" data-element_type=\"column\" data-e-type=\"column\">\n\t\t\t<div class=\"elementor-widget-wrap elementor-element-populated\">\n\t\t\t\t\t\t<div class=\"elementor-element elementor-element-a560ff2 elementor-widget elementor-widget-text-editor\" data-id=\"a560ff2\" data-element_type=\"widget\" data-e-type=\"widget\" data-widget_type=\"text-editor.default\">\n\t\t\t\t<div class=\"elementor-widget-container\">\n\t\t\t\t\t\t\t\t\t<a href=\"https:\/\/fundaciotallers.org\/ca\/\">Catal\u00e0\u00a0<\/a> \u00a0|\u00a0 \u00a0<a href=\"https:\/\/fundaciotallers.org\/es\/\">Castell\u00e0<\/a>\t\t\t\t\t\t\t\t<\/div>\n\t\t\t\t<\/div>\n\t\t\t\t\t<\/div>\n\t\t<\/div>\n\t\t\t\t\t<\/div>\n\t\t<\/section>\n\t\t\t\t<section class=\"elementor-section elementor-top-section elementor-element elementor-element-aac5a17 elementor-hidden-desktop elementor-hidden-tablet elementor-section-boxed elementor-section-height-default elementor-section-height-default\" data-id=\"aac5a17\" data-element_type=\"section\" data-e-type=\"section\" data-settings=\"{&quot;background_background&quot;:&quot;classic&quot;}\">\n\t\t\t\t\t\t<div class=\"elementor-container elementor-column-gap-narrow\">\n\t\t\t\t\t<div class=\"elementor-column elementor-col-100 elementor-top-column elementor-element elementor-element-923b828\" data-id=\"923b828\" data-element_type=\"column\" data-e-type=\"column\">\n\t\t\t<div class=\"elementor-widget-wrap elementor-element-populated\">\n\t\t\t\t\t\t<div class=\"elementor-element elementor-element-daa541c elementor-widget elementor-widget-image\" data-id=\"daa541c\" data-element_type=\"widget\" data-e-type=\"widget\" data-widget_type=\"image.default\">\n\t\t\t\t<div class=\"elementor-widget-container\">\n\t\t\t\t\t\t\t\t\t\t\t\t\t\t\t\t<a href=\"https:\/\/fundaciotallers.org\/ca\/\">\n\t\t\t\t\t\t\t<img fetchpriority=\"high\" decoding=\"async\" width=\"1024\" height=\"313\" src=\"https:\/\/fundaciotallers.org\/wp-content\/uploads\/2025\/07\/fundacio-tallers-inclusio-laboral-1024x313.png\" class=\"attachment-large size-large wp-image-44006\" alt=\"\" srcset=\"https:\/\/fundaciotallers.org\/wp-content\/uploads\/2025\/07\/fundacio-tallers-inclusio-laboral-1024x313.png 1024w, https:\/\/fundaciotallers.org\/wp-content\/uploads\/2025\/07\/fundacio-tallers-inclusio-laboral-300x92.png 300w, https:\/\/fundaciotallers.org\/wp-content\/uploads\/2025\/07\/fundacio-tallers-inclusio-laboral-768x234.png 768w, https:\/\/fundaciotallers.org\/wp-content\/uploads\/2025\/07\/fundacio-tallers-inclusio-laboral-1536x469.png 1536w, https:\/\/fundaciotallers.org\/wp-content\/uploads\/2025\/07\/fundacio-tallers-inclusio-laboral.png 1890w\" sizes=\"(max-width: 1024px) 100vw, 1024px\" \/>\t\t\t\t\t\t\t\t<\/a>\n\t\t\t\t\t\t\t\t\t\t\t\t\t\t\t<\/div>\n\t\t\t\t<\/div>\n\t\t\t\t<div class=\"elementor-element elementor-element-4b50151 eael-simple-menu-hamburger-align-center eael_simple_menu_hamburger_disable_selected_menu_no eael-hamburger--tablet elementor-widget elementor-widget-eael-simple-menu\" data-id=\"4b50151\" data-element_type=\"widget\" data-e-type=\"widget\" data-widget_type=\"eael-simple-menu.default\">\n\t\t\t\t<div class=\"elementor-widget-container\">\n\t\t\t\t\t<style>\n                        @media screen and (max-width: 1024px) {\n                            .eael-hamburger--tablet {\n                                .eael-simple-menu-horizontal,\n                                .eael-simple-menu-vertical {\n                                    display: none;\n                                }\n                            }\n                            .eael-hamburger--tablet {\n                                .eael-simple-menu-container .eael-simple-menu-toggle {\n                                    display: block;\n                                }\n                            }\n                        }\n                        .eael-simple-menu-container.eael-simple-menu--loading > ul {\n                            display: -webkit-box !important;\n                            display: -ms-flexbox !important;\n                            display: flex !important;\n                            list-style: none !important;\n                        }\n                        .eael-simple-menu-container.eael-simple-menu--loading li ul {\n                            visibility: hidden !important;\n                            opacity: 0 !important;\n                        }\n                    <\/style>            <div data-hamburger-icon=\"&lt;i aria-hidden=&quot;true&quot; class=&quot;fas fa-bars&quot;&gt;&lt;\/i&gt;\" data-indicator-icon=\"&lt;svg xmlns=&quot;http:\/\/www.w3.org\/2000\/svg&quot; xmlns:xlink=&quot;http:\/\/www.w3.org\/1999\/xlink&quot; id=&quot;Capa_1&quot; x=&quot;0px&quot; y=&quot;0px&quot; width=&quot;451.847px&quot; height=&quot;451.847px&quot; viewBox=&quot;0 0 451.847 451.847&quot; style=&quot;enable-background:new 0 0 451.847 451.847;&quot; xml:space=&quot;preserve&quot;&gt;&lt;g&gt;\t&lt;path d=&quot;M225.923,354.706c-8.098,0-16.195-3.092-22.369-9.263L9.27,151.157c-12.359-12.359-12.359-32.397,0-44.751  c12.354-12.354,32.388-12.354,44.748,0l171.905,171.915l171.906-171.909c12.359-12.354,32.391-12.354,44.744,0  c12.365,12.354,12.365,32.392,0,44.751L248.292,345.449C242.115,351.621,234.018,354.706,225.923,354.706z&quot;&gt;&lt;\/path&gt;&lt;\/g&gt;&lt;g&gt;&lt;\/g&gt;&lt;g&gt;&lt;\/g&gt;&lt;g&gt;&lt;\/g&gt;&lt;g&gt;&lt;\/g&gt;&lt;g&gt;&lt;\/g&gt;&lt;g&gt;&lt;\/g&gt;&lt;g&gt;&lt;\/g&gt;&lt;g&gt;&lt;\/g&gt;&lt;g&gt;&lt;\/g&gt;&lt;g&gt;&lt;\/g&gt;&lt;g&gt;&lt;\/g&gt;&lt;g&gt;&lt;\/g&gt;&lt;g&gt;&lt;\/g&gt;&lt;g&gt;&lt;\/g&gt;&lt;g&gt;&lt;\/g&gt;&lt;\/svg&gt;\" data-dropdown-indicator-icon=\"&lt;svg xmlns=&quot;http:\/\/www.w3.org\/2000\/svg&quot; xmlns:xlink=&quot;http:\/\/www.w3.org\/1999\/xlink&quot; id=&quot;Capa_1&quot; x=&quot;0px&quot; y=&quot;0px&quot; width=&quot;451.847px&quot; height=&quot;451.847px&quot; viewBox=&quot;0 0 451.847 451.847&quot; style=&quot;enable-background:new 0 0 451.847 451.847;&quot; xml:space=&quot;preserve&quot;&gt;&lt;g&gt;\t&lt;path d=&quot;M225.923,354.706c-8.098,0-16.195-3.092-22.369-9.263L9.27,151.157c-12.359-12.359-12.359-32.397,0-44.751  c12.354-12.354,32.388-12.354,44.748,0l171.905,171.915l171.906-171.909c12.359-12.354,32.391-12.354,44.744,0  c12.365,12.354,12.365,32.392,0,44.751L248.292,345.449C242.115,351.621,234.018,354.706,225.923,354.706z&quot;&gt;&lt;\/path&gt;&lt;\/g&gt;&lt;g&gt;&lt;\/g&gt;&lt;g&gt;&lt;\/g&gt;&lt;g&gt;&lt;\/g&gt;&lt;g&gt;&lt;\/g&gt;&lt;g&gt;&lt;\/g&gt;&lt;g&gt;&lt;\/g&gt;&lt;g&gt;&lt;\/g&gt;&lt;g&gt;&lt;\/g&gt;&lt;g&gt;&lt;\/g&gt;&lt;g&gt;&lt;\/g&gt;&lt;g&gt;&lt;\/g&gt;&lt;g&gt;&lt;\/g&gt;&lt;g&gt;&lt;\/g&gt;&lt;g&gt;&lt;\/g&gt;&lt;g&gt;&lt;\/g&gt;&lt;\/svg&gt;\" class=\"eael-simple-menu-container eael-simple-menu--loading eael-simple-menu-align-left eael-simple-menu-dropdown-align-left preset-1\" data-hamburger-breakpoints=\"{&quot;mobile&quot;:&quot;M\\u00f2bil vertical (&gt; 767px)&quot;,&quot;tablet&quot;:&quot;Tauleta vertical (&gt; 1024px)&quot;,&quot;desktop&quot;:&quot;Desktop (&gt; 2400px)&quot;,&quot;none&quot;:&quot;None&quot;}\" data-hamburger-device=\"tablet\">\n                <ul id=\"menu-nova-web-cat-2\" class=\"eael-simple-menu eael-simple-menu-dropdown-animate-to-top eael-simple-menu-indicator eael-hamburger-left eael-simple-menu-horizontal\"><li class=\"menu-item menu-item-type-custom menu-item-object-custom menu-item-has-children menu-item-44083\"><a href=\"#\">Qui som<\/a>\n<ul class=\"sub-menu\">\n\t<li class=\"menu-item menu-item-type-post_type menu-item-object-page menu-item-47149\"><a href=\"https:\/\/fundaciotallers.org\/ca\/coneixnos\/\">Coneix-nos<\/a><\/li>\n\t<li class=\"menu-item menu-item-type-post_type menu-item-object-page menu-item-47102\"><a href=\"https:\/\/fundaciotallers.org\/ca\/historia-2\/\">Hist\u00f2ria<\/a><\/li>\n\t<li class=\"menu-item menu-item-type-post_type menu-item-object-page menu-item-47666\"><a href=\"https:\/\/fundaciotallers.org\/ca\/patronat-i-comite-de-direccio\/\">Patronat i Comit\u00e8 de Direcci\u00f3<\/a><\/li>\n\t<li class=\"menu-item menu-item-type-post_type menu-item-object-page menu-item-47665\"><a href=\"https:\/\/fundaciotallers.org\/ca\/equip-coordinacio-serveis-de-suport\/\">Equip de Coordinaci\u00f3 i Serveis de Suport<\/a><\/li>\n\t<li class=\"menu-item menu-item-type-post_type menu-item-object-page menu-item-45928\"><a href=\"https:\/\/fundaciotallers.org\/ca\/portal-transparencia\/\">Portal de Transpar\u00e8ncia<\/a><\/li>\n\t<li class=\"menu-item menu-item-type-post_type menu-item-object-page menu-item-45929\"><a href=\"https:\/\/fundaciotallers.org\/ca\/portal-transparencia\/memoria\/\">Mem\u00f2ries<\/a><\/li>\n\t<li class=\"menu-item menu-item-type-post_type menu-item-object-page menu-item-46143\"><a href=\"https:\/\/fundaciotallers.org\/ca\/politica-de-qualitat-i-medi-ambient\/\">Pol\u00edtica de qualitat i medi ambient<\/a><\/li>\n\t<li class=\"menu-item menu-item-type-post_type menu-item-object-page menu-item-46144\"><a href=\"https:\/\/fundaciotallers.org\/ca\/colaboradors\/\">Col\u00b7laboradors<\/a><\/li>\n<\/ul>\n<\/li>\n<li class=\"menu-item menu-item-type-post_type menu-item-object-page menu-item-has-children menu-item-45972\"><a href=\"https:\/\/fundaciotallers.org\/ca\/serveis-per-a-les-persones\/\">A les persones<\/a>\n<ul class=\"sub-menu\">\n\t<li class=\"menu-item menu-item-type-post_type menu-item-object-page menu-item-44953\"><a href=\"https:\/\/fundaciotallers.org\/ca\/servei-de-formacio-ocupacional\/\">Formaci\u00f3 ocupacional<\/a><\/li>\n\t<li class=\"menu-item menu-item-type-post_type menu-item-object-page menu-item-45205\"><a href=\"https:\/\/fundaciotallers.org\/ca\/servei-dinsercio-laboral-sil\/\">Servei d\u2019Inserci\u00f3 Laboral (SIL)<\/a><\/li>\n\t<li class=\"menu-item menu-item-type-post_type menu-item-object-page menu-item-46286\"><a href=\"https:\/\/fundaciotallers.org\/ca\/centre-especial-de-treball\/\">Centre Especial de Treball<\/a><\/li>\n\t<li class=\"menu-item menu-item-type-post_type menu-item-object-page menu-item-45968\"><a href=\"https:\/\/fundaciotallers.org\/ca\/equip-multidiciplinari-suport\/\">Equip Multidisciplinari de Suport (EMS)<\/a><\/li>\n\t<li class=\"menu-item menu-item-type-post_type menu-item-object-page menu-item-46639\"><a href=\"https:\/\/fundaciotallers.org\/ca\/empresa-insercio\/\">Empresa d\u2019inserci\u00f3<\/a><\/li>\n<\/ul>\n<\/li>\n<li class=\"menu-item menu-item-type-post_type menu-item-object-page menu-item-has-children menu-item-45971\"><a href=\"https:\/\/fundaciotallers.org\/ca\/serveis-per-a-les-empreses\/\">A les empreses<\/a>\n<ul class=\"sub-menu\">\n\t<li class=\"menu-item menu-item-type-post_type menu-item-object-page menu-item-46679\"><a href=\"https:\/\/fundaciotallers.org\/ca\/compliment-llei-discapacitat\/\">Compliment Llei Discapacitat<\/a><\/li>\n\t<li class=\"menu-item menu-item-type-post_type menu-item-object-page menu-item-45269\"><a href=\"https:\/\/fundaciotallers.org\/ca\/jardineria\/\">Jardineria<\/a><\/li>\n\t<li class=\"menu-item menu-item-type-post_type menu-item-object-page menu-item-46710\"><a href=\"https:\/\/fundaciotallers.org\/ca\/serveis-de-neteja\/\">Neteja<\/a><\/li>\n\t<li class=\"menu-item menu-item-type-post_type menu-item-object-page menu-item-46656\"><a href=\"https:\/\/fundaciotallers.org\/ca\/manipulats-logistica-industrial\/\">Manipulats, log\u00edstica industrial i serveis t\u00e8xtils<\/a><\/li>\n\t<li class=\"menu-item menu-item-type-post_type menu-item-object-page menu-item-46928\"><a href=\"https:\/\/fundaciotallers.org\/ca\/serveis-de-tintoreria-i-bugaderia\/\">Tintoreria<\/a><\/li>\n\t<li class=\"menu-item menu-item-type-post_type menu-item-object-page menu-item-47035\"><a href=\"https:\/\/fundaciotallers.org\/ca\/servei-de-gestio-documental\/\">Externalitzaci\u00f3 processos administratius<\/a><\/li>\n<\/ul>\n<\/li>\n<li class=\"menu-item menu-item-type-post_type menu-item-object-page menu-item-has-children menu-item-47042\"><a href=\"https:\/\/fundaciotallers.org\/ca\/serveis-per-a-les-administracions\/\">A les administracions<\/a>\n<ul class=\"sub-menu\">\n\t<li class=\"menu-item menu-item-type-post_type menu-item-object-page menu-item-47283\"><a href=\"https:\/\/fundaciotallers.org\/ca\/serveis-jardineria-administracions-publiques\/\">Jardineria<\/a><\/li>\n\t<li class=\"menu-item menu-item-type-post_type menu-item-object-page menu-item-47477\"><a href=\"https:\/\/fundaciotallers.org\/ca\/neteja-interiors\/\">Neteja d\u2019interiors<\/a><\/li>\n\t<li class=\"menu-item menu-item-type-post_type menu-item-object-page menu-item-46503\"><a href=\"https:\/\/fundaciotallers.org\/ca\/neteja-viaria\/\">Neteja Vi\u00e0ria<\/a><\/li>\n\t<li class=\"menu-item menu-item-type-post_type menu-item-object-page menu-item-46736\"><a href=\"https:\/\/fundaciotallers.org\/ca\/gestio-deixalleries-punts-verds\/\">Gesti\u00f3 de deixalleries i punts verds<\/a><\/li>\n\t<li class=\"menu-item menu-item-type-post_type menu-item-object-page menu-item-46931\"><a href=\"https:\/\/fundaciotallers.org\/ca\/externalitzacio-dels-procesos-administratius\/\">Gesti\u00f3 documental<\/a><\/li>\n<\/ul>\n<\/li>\n<li class=\"menu-item menu-item-type-post_type menu-item-object-page menu-item-45780\"><a href=\"https:\/\/fundaciotallers.org\/ca\/treballa-amb-nosaltres-ofertes\/\">Treballa amb nosaltres<\/a><\/li>\n<li class=\"menu-item menu-item-type-custom menu-item-object-custom menu-item-45970\"><a target=\"_blank\" href=\"https:\/\/www.pereclaver.org\/voluntariat\/\">Voluntariat<\/a><\/li>\n<li class=\"menu-item menu-item-type-post_type menu-item-object-page menu-item-45855\"><a href=\"https:\/\/fundaciotallers.org\/ca\/noticies\/\">Blog<\/a><\/li>\n<li class=\"menu-item menu-item-type-post_type menu-item-object-page menu-item-46507\"><a href=\"https:\/\/fundaciotallers.org\/ca\/contacte\/\">Contacte<\/a><\/li>\n<\/ul>                <button class=\"eael-simple-menu-toggle\">\n                    <span class=\"sr-only \">Hamburger Toggle Menu<\/span>\n                    <i aria-hidden=\"true\" class=\"fas fa-bars\"><\/i>                <\/button>\n            <\/div>\n            \t\t\t\t<\/div>\n\t\t\t\t<\/div>\n\t\t\t\t\t<\/div>\n\t\t<\/div>\n\t\t\t\t\t<\/div>\n\t\t<\/section>\n\t\t\t\t<section class=\"elementor-section elementor-top-section elementor-element elementor-element-a593be5 elementor-section-boxed elementor-section-height-default elementor-section-height-default\" data-id=\"a593be5\" data-element_type=\"section\" data-e-type=\"section\" data-settings=\"{&quot;background_background&quot;:&quot;classic&quot;}\">\n\t\t\t\t\t\t<div class=\"elementor-container elementor-column-gap-default\">\n\t\t\t\t\t<div class=\"elementor-column elementor-col-100 elementor-top-column elementor-element elementor-element-d8cf5e3\" data-id=\"d8cf5e3\" data-element_type=\"column\" data-e-type=\"column\">\n\t\t\t<div class=\"elementor-widget-wrap elementor-element-populated\">\n\t\t\t\t\t\t<div class=\"elementor-element elementor-element-60cc846 elementor-widget elementor-widget-heading\" data-id=\"60cc846\" data-element_type=\"widget\" data-e-type=\"widget\" data-widget_type=\"heading.default\">\n\t\t\t\t<div class=\"elementor-widget-container\">\n\t\t\t\t\t<h2 class=\"elementor-heading-title elementor-size-default\">Patronat i Comit\u00e8 de Direcci\u00f3<\/h2>\t\t\t\t<\/div>\n\t\t\t\t<\/div>\n\t\t\t\t\t<\/div>\n\t\t<\/div>\n\t\t\t\t\t<\/div>\n\t\t<\/section>\n\t\t\t\t<section class=\"elementor-section elementor-top-section elementor-element elementor-element-42ebcf1 elementor-section-boxed elementor-section-height-default elementor-section-height-default\" data-id=\"42ebcf1\" data-element_type=\"section\" data-e-type=\"section\" data-settings=\"{&quot;background_background&quot;:&quot;classic&quot;}\">\n\t\t\t\t\t\t<div class=\"elementor-container elementor-column-gap-default\">\n\t\t\t\t\t<div class=\"elementor-column elementor-col-100 elementor-top-column elementor-element elementor-element-5bbbf40\" data-id=\"5bbbf40\" data-element_type=\"column\" data-e-type=\"column\">\n\t\t\t<div class=\"elementor-widget-wrap elementor-element-populated\">\n\t\t\t\t\t\t<div class=\"elementor-element elementor-element-f0cac09 elementor-widget elementor-widget-text-editor\" data-id=\"f0cac09\" data-element_type=\"widget\" data-e-type=\"widget\" data-widget_type=\"text-editor.default\">\n\t\t\t\t<div class=\"elementor-widget-container\">\n\t\t\t\t\t\t\t\t\t<p><a href=\"https:\/\/fundaciotallers.org\/ca\/patronat-i-comite-de-direccio\/\">Patronat i Comit\u00e8 de Direcci\u00f3\u00a0<\/a><a class=\"elementor-item elementor-item-active\" href=\"https:\/\/www.pereclaver.org\/patronat-i-comite-de-direccio\/\" aria-current=\"page\"> \u00a0 \u00a0 \u00a0 |\u00a0 \u00a0 \u00a0 \u00a0<\/a> <a href=\"https:\/\/fundaciotallers.org\/ca\/equip-coordinacio-serveis-de-suport\/\">Equip de Coordinaci\u00f3 i Serveis de Suport<\/a><\/p>\t\t\t\t\t\t\t\t<\/div>\n\t\t\t\t<\/div>\n\t\t\t\t\t<\/div>\n\t\t<\/div>\n\t\t\t\t\t<\/div>\n\t\t<\/section>\n\t\t\t\t<section class=\"elementor-section elementor-top-section elementor-element elementor-element-03ffc00 elementor-section-boxed elementor-section-height-default elementor-section-height-default\" data-id=\"03ffc00\" data-element_type=\"section\" data-e-type=\"section\">\n\t\t\t\t\t\t<div class=\"elementor-container elementor-column-gap-default\">\n\t\t\t\t\t<div class=\"elementor-column elementor-col-100 elementor-top-column elementor-element elementor-element-fa5c45e\" data-id=\"fa5c45e\" data-element_type=\"column\" data-e-type=\"column\">\n\t\t\t<div class=\"elementor-widget-wrap elementor-element-populated\">\n\t\t\t\t\t\t<div class=\"elementor-element elementor-element-c2d23db elementor-widget elementor-widget-text-editor\" data-id=\"c2d23db\" data-element_type=\"widget\" data-e-type=\"widget\" data-widget_type=\"text-editor.default\">\n\t\t\t\t<div class=\"elementor-widget-container\">\n\t\t\t\t\t\t\t\t\t<p>El\u00a0<strong>Patronat<\/strong>\u00a0\u00e9s l\u2019\u00f2rgan de govern i de representaci\u00f3 de la nostra instituci\u00f3. Est\u00e0 integrat per un conjunt de persones compromeses amb la nostra missi\u00f3 i els nostres valors que, de forma volunt\u00e0ria, assumeixen aquest rol i aquesta responsabilitat per impulsar i promoure la direcci\u00f3 de la nostra instituci\u00f3, definint les pol\u00edtiques m\u00e9s estrat\u00e8giques i vetllant pel bon govern a trav\u00e9s de l\u2019equip executiu que integra el Comit\u00e8 de Direcci\u00f3.<\/p><p>El\u00a0<strong>Comit\u00e8 de Direcci\u00f3<\/strong>\u00a0constitueix l\u2019\u00f2rgan executiu integrat per la ger\u00e8ncia i la direcci\u00f3 dels diferents \u00e0mbits d\u2019actuaci\u00f3 de la nostra instituci\u00f3. La seva principal funci\u00f3 \u00e9s executar les directrius del Patronat amb la visi\u00f3 i missi\u00f3 estrat\u00e8gica que marca el Patronat a partir del Pla Estrat\u00e8gic. \u00a0<\/p><p><strong>Vols con\u00e8ixer qui integra el Patronat i el Comit\u00e8 de Direcci\u00f3?<\/strong><\/p>\t\t\t\t\t\t\t\t<\/div>\n\t\t\t\t<\/div>\n\t\t\t\t<div class=\"elementor-element elementor-element-bf606a6 elementor-widget-divider--view-line_text elementor-widget-divider--element-align-left elementor-widget elementor-widget-divider\" data-id=\"bf606a6\" data-element_type=\"widget\" data-e-type=\"widget\" data-widget_type=\"divider.default\">\n\t\t\t\t<div class=\"elementor-widget-container\">\n\t\t\t\t\t\t\t<div class=\"elementor-divider\">\n\t\t\t<span class=\"elementor-divider-separator\">\n\t\t\t\t\t\t\t<span class=\"elementor-divider__text elementor-divider__element\">\n\t\t\t\tPatronat\t\t\t\t<\/span>\n\t\t\t\t\t\t<\/span>\n\t\t<\/div>\n\t\t\t\t\t\t<\/div>\n\t\t\t\t<\/div>\n\t\t\t\t\t<\/div>\n\t\t<\/div>\n\t\t\t\t\t<\/div>\n\t\t<\/section>\n\t\t\t\t<section class=\"elementor-section elementor-top-section elementor-element elementor-element-d678571 elementor-section-boxed elementor-section-height-default elementor-section-height-default\" data-id=\"d678571\" data-element_type=\"section\" data-e-type=\"section\">\n\t\t\t\t\t\t<div class=\"elementor-container elementor-column-gap-default\">\n\t\t\t\t\t<div class=\"elementor-column elementor-col-100 elementor-top-column elementor-element elementor-element-1e76efa\" data-id=\"1e76efa\" data-element_type=\"column\" data-e-type=\"column\">\n\t\t\t<div class=\"elementor-widget-wrap elementor-element-populated\">\n\t\t\t\t\t\t<div class=\"elementor-element elementor-element-c3f9c41 elementor-widget elementor-widget-eael-image-accordion\" data-id=\"c3f9c41\" data-element_type=\"widget\" data-e-type=\"widget\" data-settings=\"{&quot;_animation&quot;:&quot;none&quot;}\" data-widget_type=\"eael-image-accordion.default\">\n\t\t\t\t<div class=\"elementor-widget-container\">\n\t\t\t\t\t    <div class=\"eael-img-accordion accordion-direction-horizontal eael-img-accordion-horizontal-align-left eael-img-accordion-vertical-align-center\" id=\"eael-img-accordion-c3f9c41\" data-img-accordion-id=\"c3f9c41\" data-img-accordion-type=\"on-hover\">\n                    \n            <div class=\"eael-image-accordion-hover eael-image-accordion-item\" style=\"background-image: url(https:\/\/fundaciotallers.org\/wp-content\/uploads\/2025\/11\/DSCF8544_R.jpg);\"  tabindex=\"0\">\n                <div class=\"overlay\">\n                                        <div class=\"overlay-inner \">\n                        <h2 class=\"img-accordion-title\">Pere Benito<\/h2>                            <p><p><strong>President Fundaci\u00f3 Sanit\u00e0ria, Sant Pere Claver Fundaci\u00f3 Serveis Socials i Fundaci\u00f3 Llu\u00eds Artigues \u2013 Vicepresident Fundaci\u00f3 Tallers Catalunya.<\/strong><\/p><p>\u2022 Metge especialista en medicina interna i reumatologia.<\/p><p>\u2022 Cap del servei de reumatologia de l\u2019Hospital del Mar i de l\u2019Hospital de l\u2019Esperan\u00e7a (1994-2017).<\/p><p>\u2022 President de la Societat Catalana de Reumatologia (1992-1994).<\/p><p>\u2022 Coordinador de l\u2019assist\u00e8ncia sanit\u00e0ria en els Jocs Ol\u00edmpics i Paral\u00edmpics de Barcelona\u201992.<\/p><p>\u2022 Copresident del \u201cComit\u00e8 Assessor del Pla Director de Malalties Reum\u00e0tiques del Pla de Salut de Catalunya de la Generalitat de Catalunya\u201d (2010).<\/p><p>\u2022 Actualment, cap em\u00e8rit del servei de reumatologia del Parc de Salut Mar.<\/p><p><a href=\"https:\/\/www.pereclaver.org\/entrevistem-al-president-del-patronat\/\" target=\"_blank\" rel=\"noreferrer noopener\">Llegir entrevista \u2192<\/a><\/p><\/p>\n                                            <\/div>\n                <\/div>\n            <\/div>\n                    \n            <div class=\"eael-image-accordion-hover eael-image-accordion-item\" style=\"background-image: url(https:\/\/fundaciotallers.org\/wp-content\/uploads\/2025\/11\/Montse-Jara.jpg);\"  tabindex=\"0\">\n                <div class=\"overlay\">\n                                        <div class=\"overlay-inner \">\n                        <h2 class=\"img-accordion-title\">Montse Jara<\/h2>                            <p><p><strong>Vice-presidenta Fundaci\u00f3 Sanit\u00e0ria i Presidenta Fundaci\u00f3 Tallers Catalunya<\/strong>.<\/p><p>\u2022 Psic\u00f2loga habilitada en Psicologia General Sanit\u00e0ria i treballadora social sanit\u00e0ria.<\/p><p>\u2022 Complimenta la seva formaci\u00f3 amb un m\u00e0ster en Psicopatologia Cl\u00ednica a la Fundaci\u00f3 Vidal i Barraquer i tres postgraus en Mediaci\u00f3 Familiar, Resoluci\u00f3 de Conflictes a la Universitat Ramon Llull-Blanquerna i en Migracions, Religions i Identitat a la Universitat de Barcelona.<\/p><p>\u2022 Des de l\u2019any 2006 es dedica a la recerca i la doc\u00e8ncia en els \u00e0mbits de la psicologia i el treball social en v\u00e0ries universitats i institucions.<\/p><p>\u2022 Membre del Patronat de la Fundaci\u00f3 Tallers i de la Fundaci\u00f3 \u00cdntegrament.<\/p><p>\u2022 Professora associada en el Departament de Treball Social de la Universitat de Barcelona (2015-2020), a l\u2019actualitat \u00e9s professora col\u00b7laboradora del M\u00e0ster de Treball Social Sanitari de la Universitat Oberta de Catalunya i des del 2005 treballadora social sanit\u00e0ria a l\u2019Institut Catal\u00e0 de la Salut.<\/p><p><a href=\"https:\/\/www.pereclaver.org\/entrevistem-a-la-vicepresidenta-del-patronat\/\" target=\"_blank\" rel=\"noreferrer noopener\">Llegir entrevista \u2192<\/a><\/p><\/p>\n                                            <\/div>\n                <\/div>\n            <\/div>\n                    \n            <div class=\"eael-image-accordion-hover eael-image-accordion-item\" style=\"background-image: url(https:\/\/fundaciotallers.org\/wp-content\/uploads\/2025\/11\/DSCF8575_R.jpg);\"  tabindex=\"0\">\n                <div class=\"overlay\">\n                                        <div class=\"overlay-inner \">\n                        <h2 class=\"img-accordion-title\">Rafael ferrer<\/h2>                            <p><p><strong>Vocal dels patronats Fundaci\u00f3 Sanit\u00e0ria, Sant Pere Claver \u2013 Fundaci\u00f3 Serveis Socials, Fundaci\u00f3 Llu\u00eds Artigues i Fundaci\u00f3 Sant Pere Claver.<\/strong>.<\/p><p><strong>\u00b7<\/strong> Psiquiatre.<br \/><strong>\u00b7<\/strong> Ha sigut coordinador del Centre Mental d\u2019Adults Sants-Montju\u00efc i cap del departament de Salut Mental de Sant Pere Claver-Fundaci\u00f3 Sanit\u00e0ria.<br \/><strong>\u00b7<\/strong> President de la Societat Espanyola de Psicoan\u00e0lisi i director del Institut de Psicoan\u00e0lisi de Barcelona.<\/p><\/p>\n                                            <\/div>\n                <\/div>\n            <\/div>\n                    \n            <div class=\"eael-image-accordion-hover eael-image-accordion-item\" style=\"background-image: url(https:\/\/fundaciotallers.org\/wp-content\/uploads\/2025\/11\/DSCF8519_R.jpg);\"  tabindex=\"0\">\n                <div class=\"overlay\">\n                                        <div class=\"overlay-inner \">\n                        <h2 class=\"img-accordion-title\">Isabel Montraveta<\/h2>                            <p><p><strong>Vice-presidenta Patronat Sant Pere Claver \u2013 Fundaci\u00f3 Serveis Socials i Vocal Patronat Fundaci\u00f3 Llu\u00eds Artigues.<\/strong><\/p><p><strong>\u00b7<\/strong> Llicenciada en dret i diplomada en treball social<br \/><strong>\u00b7<\/strong> Ha treballat en el sector p\u00fablic -IMSERSO i Generalitat de Catalunya- centrada en l\u2019\u00e0mbit de les persones amb discapacitat i de l\u2019atenci\u00f3 a la inf\u00e0ncia.<br \/><strong>\u00b7<\/strong> S\u00f2cia-directora de la consultora Projecci\u00f3 especialitzada en captaci\u00f3 de fons i fundadora de la Asociaci\u00f3n Espa\u00f1ola de Fundraising.<\/p><\/p>\n                                            <\/div>\n                <\/div>\n            <\/div>\n                    \n            <div class=\"eael-image-accordion-hover eael-image-accordion-item\" style=\"background-image: url(https:\/\/fundaciotallers.org\/wp-content\/uploads\/2025\/11\/Joan-Torres.jpeg);\"  tabindex=\"0\">\n                <div class=\"overlay\">\n                                        <div class=\"overlay-inner \">\n                        <h2 class=\"img-accordion-title\"> Joan Torres i Carol<\/h2>                            <p><p><strong>Tresorer dels patronats Fundaci\u00f3 Sanit\u00e0ria i Fundaci\u00f3 Sant Pere Claver. Vocal dels patronats Fundaci\u00f3 Llu\u00eds Artigues i Sant Pere Claver-Fundaci\u00f3 Serveis Socials<\/strong>.<\/p><p>\u2022 Doctor en enginyeria industrial i diplomat en enginyeria ambiental.<br \/>\u2022 Tinent d\u2019alcalde de l\u2019\u00e0mbit de la via p\u00fablica de l\u2019Ajuntament de Barcelona (1983-1995).<br \/>\u2022 President de TMB Transports Metropolitans de Barcelona (1990-1995) i membre del seu consell d\u2019administraci\u00f3 (2014).<br \/>\u2022 President del consell d\u2019administraci\u00f3 de Ferrocarrils de la Generalitat de Catalunya (2004-2011) i de l\u2019associaci\u00f3 d\u2019Enginyers Industrials de Catalunya (2007-2013).<br \/>\u2022 Membre del consell social de la Universitat Polit\u00e8cnica de Catalunya (2010-2015).<br \/>\u2022 Actualment, vicepresident de l\u2019associaci\u00f3 Consell de Cent i conseller de RENFE Mercaderies.<\/p><\/p>\n                                            <\/div>\n                <\/div>\n            <\/div>\n                <\/div>\n        <style typr=\"text\/css\">\n                    #eael-img-accordion-c3f9c41 .eael-image-accordion-hover:hover {\n                        flex: 3 1 0% !important;\n                    }\n                    #eael-img-accordion-c3f9c41 .eael-image-accordion-hover:hover:hover .overlay-inner * {\n                        opacity: 1;\n                        visibility: visible;\n                        transform: none;\n                        transition: all .3s .3s;\n                    }\n                <\/style>\t\t\t\t<\/div>\n\t\t\t\t<\/div>\n\t\t\t\t\t<\/div>\n\t\t<\/div>\n\t\t\t\t\t<\/div>\n\t\t<\/section>\n\t\t\t\t<section class=\"elementor-section elementor-top-section elementor-element elementor-element-0b83a08 elementor-section-boxed elementor-section-height-default elementor-section-height-default\" data-id=\"0b83a08\" data-element_type=\"section\" data-e-type=\"section\">\n\t\t\t\t\t\t<div class=\"elementor-container elementor-column-gap-default\">\n\t\t\t\t\t<div class=\"elementor-column elementor-col-100 elementor-top-column elementor-element elementor-element-7541d3d\" data-id=\"7541d3d\" data-element_type=\"column\" data-e-type=\"column\">\n\t\t\t<div class=\"elementor-widget-wrap elementor-element-populated\">\n\t\t\t\t\t\t<div class=\"elementor-element elementor-element-4853246 elementor-widget elementor-widget-eael-image-accordion\" data-id=\"4853246\" data-element_type=\"widget\" data-e-type=\"widget\" data-widget_type=\"eael-image-accordion.default\">\n\t\t\t\t<div class=\"elementor-widget-container\">\n\t\t\t\t\t    <div class=\"eael-img-accordion accordion-direction-horizontal eael-img-accordion-horizontal-align-left eael-img-accordion-vertical-align-center\" id=\"eael-img-accordion-4853246\" data-img-accordion-id=\"4853246\" data-img-accordion-type=\"on-hover\">\n                    \n            <div class=\"eael-image-accordion-hover eael-image-accordion-item\" style=\"background-image: url(https:\/\/fundaciotallers.org\/wp-content\/uploads\/2025\/11\/DSCF8483_R.jpg);\"  tabindex=\"0\">\n                <div class=\"overlay\">\n                                        <div class=\"overlay-inner \">\n                        <h2 class=\"img-accordion-title\">Serge Louis Bourgeois<\/h2>                            <p><p><strong>Tresorer patronat Sant Pere Claver \u2013 Fundaci\u00f3 Serveis Socials. Vocal dels patronats Fundaci\u00f3 Sanit\u00e0ria, Fundaci\u00f3 Llu\u00eds Artigues i Fundaci\u00f3 Sant Pere Claver<\/strong>.<\/p><p>\u2022 Traject\u00f2ria professional com alt c\u00e0rrec en multinacionals del sector de transport internacional de mercaderies.<\/p><p>\u2022 Membre del consell de la Cambra de Comer\u00e7 Francesa de Barcelona (1986-2014).<\/p><p>\u2022 Des de 2010 involucrat en entitats socials i educatives.<\/p><p>\u2022 Des de 2014 president de Benefic\u00e8ncia Francesa de Barcelona i vicepresident de la fundaci\u00f3 privada Ecoles Fran\u00e7aises Ferdinand de Lesseps.<\/p><\/p>\n                                            <\/div>\n                <\/div>\n            <\/div>\n                    \n            <div class=\"eael-image-accordion-hover eael-image-accordion-item\" style=\"background-image: url(https:\/\/fundaciotallers.org\/wp-content\/uploads\/2025\/11\/DSCF8559_R.jpg);\"  tabindex=\"0\">\n                <div class=\"overlay\">\n                                        <div class=\"overlay-inner \">\n                        <h2 class=\"img-accordion-title\">Antoni Rodr\u00edguez<\/h2>                            <p><p><strong>Tresorer patronat Fundaci\u00f3 Llu\u00eds Artigues i de la Fundaci\u00f3 Tallers Catalunya. Vocal dels patronats Fundaci\u00f3 Sanit\u00e0ria, Sant Pere Claver \u2013 Fundaci\u00f3 Serveis Socials i Fundaci\u00f3 Sant Pere Claver.<\/strong><\/p><p>\u2022 Censor Jurat de Comptes.<\/p><p>\u2022 Des de 1984 fins 1994 vinculat a la Societat Privada Municipal Informaci\u00f3 Cartogr\u00e0fica i de base com director d\u2019administraci\u00f3, adjunt a la direcci\u00f3 general i posteriorment director general.<\/p><p>\u2022 Director de Gesti\u00f3 Tribut\u00e0ria (1994-1999)i gerent de l\u2019Institut Municipal d\u2019Hisenda de Barcelona (1999-2016).<\/p><\/p>\n                                            <\/div>\n                <\/div>\n            <\/div>\n                    \n            <div class=\"eael-image-accordion-hover eael-image-accordion-item\" style=\"background-image: url(https:\/\/fundaciotallers.org\/wp-content\/uploads\/2025\/11\/DSCF8473_R.jpg);\"  tabindex=\"0\">\n                <div class=\"overlay\">\n                                        <div class=\"overlay-inner \">\n                        <h2 class=\"img-accordion-title\">Pepa Picas<\/h2>                            <p><p><strong>Secret\u00e0ria patronats Fundaci\u00f3 Sanit\u00e0ria, Sant Pere Claver \u2013 Fundaci\u00f3 Serveis Socials, Fundaci\u00f3 Llu\u00eds Artigues i Fundaci\u00f3 Tallers Catalunya.<\/strong><\/p><p>\u2022 Advocada.<\/p><p>\u2022 Vinculada a diferents bufets d\u2019advocats de Barcelona, fins que va obrir el seu propi bufet l\u2019any 1987 i en el que va exercir fins el 2017.<\/p><p>\u2022 Directora de la Fundaci\u00f3 Llu\u00eds Artigues (2007-2019).<\/p><\/p>\n                                            <\/div>\n                <\/div>\n            <\/div>\n                    \n            <div class=\"eael-image-accordion-hover eael-image-accordion-item\" style=\"background-image: url(https:\/\/fundaciotallers.org\/wp-content\/uploads\/2025\/11\/Josep-Caminal.jpg);\"  tabindex=\"0\">\n                <div class=\"overlay\">\n                                        <div class=\"overlay-inner \">\n                        <h2 class=\"img-accordion-title\">Josep Caminal<\/h2>                            <p><p><strong>Vocal patronats Fundaci\u00f3 Sanit\u00e0ria, Sant Pere Claver \u2013 Fundaci\u00f3 Serveis Socials, Fundaci\u00f3 Llu\u00eds Artigues i Fundaci\u00f3 Sant Pere Claver.<\/strong><\/p><p>\u2022 Directiu i pol\u00edtic catal\u00e0.<\/p><p>\u2022 Ha ocupat c\u00e0rrecs com el de director del Consorci del Palau de la M\u00fasica (1980) i el de director general de la Corporaci\u00f3 Catalana de R\u00e0dio i Televisi\u00f3 (1984), del Consorci i de la Fundaci\u00f3 del Gran Teatre del Liceu (1993-2005) i de la presid\u00e8ncia del Grup God\u00f3 de Comunicaci\u00f3 (2005-2019).<\/p><p>\u2022 Tamb\u00e9 ha estat gerent del Col\u00b7legi de Metges de Barcelona (1986), secretari d\u2019Organitzaci\u00f3 de Converg\u00e8ncia Democr\u00e0tica de Catalunya (1989) i regidor de l\u2019Ajuntament de Barcelona (1990).<\/p><p>\u2022 Actualment, \u00e9s membre de la Junta de l\u2019entitat Amics del Pa\u00eds, director de Barcelona Tribuna, patr\u00f3 de la Fundaci\u00f3 Montserrat Torrent i membre fundador de l\u2019Associaci\u00f3 Conflu\u00e8ncia que edita \u201cEl m\u00f3n de dem\u00e0\u201d.<\/p><\/p>\n                                            <\/div>\n                <\/div>\n            <\/div>\n                    \n            <div class=\"eael-image-accordion-hover eael-image-accordion-item\" style=\"background-image: url(https:\/\/fundaciotallers.org\/wp-content\/uploads\/2025\/11\/Roque-Pascual.jpg);\"  tabindex=\"0\">\n                <div class=\"overlay\">\n                                        <div class=\"overlay-inner \">\n                        <h2 class=\"img-accordion-title\">Roque Pascual<\/h2>                            <p><p><strong>Vocal patronats Fundaci\u00f3 Tallers Catalunya, Fundaci\u00f3 Sanit\u00e0ria, Sant Pere Claver \u2013 Fundaci\u00f3 Serveis Socials i Fundaci\u00f3 Llu\u00eds Artigues.<\/strong><\/p><p>\u2022 Inicia la seva traject\u00f2ria professional com a soci fundador, director i conseller delegat de Gecoinsa fins el 2011.<\/p><p>\u2022 Membre del patronat de Fundaci\u00f3 Tallers des de 2007 i president des de l\u2019any 2011.<\/p><p>\u2022 El 2015 \u00e9s guardonat amb el premi Climent Mur de l\u2019\u00c0rea Cultural Oriol de Santa Coloma de Gramenet, en reconeixement als valors humans en la conviv\u00e8ncia ciutadana.<\/p><\/p>\n                                            <\/div>\n                <\/div>\n            <\/div>\n                <\/div>\n        <style typr=\"text\/css\">\n                    #eael-img-accordion-4853246 .eael-image-accordion-hover:hover {\n                        flex: 3 1 0% !important;\n                    }\n                    #eael-img-accordion-4853246 .eael-image-accordion-hover:hover:hover .overlay-inner * {\n                        opacity: 1;\n                        visibility: visible;\n                        transform: none;\n                        transition: all .3s .3s;\n                    }\n                <\/style>\t\t\t\t<\/div>\n\t\t\t\t<\/div>\n\t\t\t\t\t<\/div>\n\t\t<\/div>\n\t\t\t\t\t<\/div>\n\t\t<\/section>\n\t\t\t\t<section class=\"elementor-section elementor-top-section elementor-element elementor-element-36edae2 elementor-section-boxed elementor-section-height-default elementor-section-height-default\" data-id=\"36edae2\" data-element_type=\"section\" data-e-type=\"section\">\n\t\t\t\t\t\t<div class=\"elementor-container elementor-column-gap-default\">\n\t\t\t\t\t<div class=\"elementor-column elementor-col-100 elementor-top-column elementor-element elementor-element-1e39604\" data-id=\"1e39604\" data-element_type=\"column\" data-e-type=\"column\">\n\t\t\t<div class=\"elementor-widget-wrap elementor-element-populated\">\n\t\t\t\t\t\t<div class=\"elementor-element elementor-element-47f7e4d elementor-widget elementor-widget-eael-image-accordion\" data-id=\"47f7e4d\" data-element_type=\"widget\" data-e-type=\"widget\" data-widget_type=\"eael-image-accordion.default\">\n\t\t\t\t<div class=\"elementor-widget-container\">\n\t\t\t\t\t    <div class=\"eael-img-accordion accordion-direction-horizontal eael-img-accordion-horizontal-align-left eael-img-accordion-vertical-align-center\" id=\"eael-img-accordion-47f7e4d\" data-img-accordion-id=\"47f7e4d\" data-img-accordion-type=\"on-hover\">\n                    \n            <div class=\"eael-image-accordion-hover eael-image-accordion-item\" style=\"background-image: url(https:\/\/fundaciotallers.org\/wp-content\/uploads\/2025\/11\/Carlos-Villagrasa.jpeg);\"  tabindex=\"0\">\n                <div class=\"overlay\">\n                                        <div class=\"overlay-inner \">\n                        <h2 class=\"img-accordion-title\"> Carlos Villagrasa<\/h2>                            <p><p><strong>Vocal Patronats Fundaci\u00f3 Tallers Catalunya, Fundaci\u00f3 Sanit\u00e0ria, Sant Pere Claver \u2013 Fundaci\u00f3 Serveis Socials i Fundaci\u00f3 Llu\u00eds Artigues.<\/strong><\/p><p>\u2022 Doctor en dret amb postgrau en Dret Civil Catal\u00e0.<\/p><p>\u2022 Professor titular de Dret Civil de la Universitat de Barcelona i coordinador de la Universitat Nacional d\u2019Educaci\u00f3 a Dist\u00e0ncia.<\/p><p>\u2022 President de l\u2019Associaci\u00f3 per la Defensa dels Drets de la Inf\u00e0ncia i l\u2019Adolesc\u00e8ncia.<\/p><p>\u2022 Director de l\u2019Observatori de Mediaci\u00f3 de la Universitat de Barcelona.<\/p><p>\u2022 Magistrat suplent de l\u2019Audi\u00e8ncia Provincial de Barcelona.<\/p><\/p>\n                                            <\/div>\n                <\/div>\n            <\/div>\n                    \n            <div class=\"eael-image-accordion-hover eael-image-accordion-item\" style=\"background-image: url(https:\/\/fundaciotallers.org\/wp-content\/uploads\/2025\/11\/Angels-Paredes.jpg);\"  tabindex=\"0\">\n                <div class=\"overlay\">\n                                        <div class=\"overlay-inner \">\n                        <h2 class=\"img-accordion-title\">\u00c0ngels Paredes<\/h2>                            <p><p><strong>Vocal dels patronats Fundaci\u00f3 Sanit\u00e0ria, Fundaci\u00f3 Llu\u00eds Artigues, Sant Pere Claver \u2013 Fundaci\u00f3 Serveis Socials, Fundaci\u00f3 Sant Pere Claver i Fundaci\u00f3 Tallers<\/strong>.<\/p><p>\u2022 Llicenciada en Psicologia.<\/p><p>\u2022 Funcion\u00e0ria del \u201cServicio P\u00fablico de Empleo Estatal\u201d (INEM) (1982-1989) i de l\u2019Ajuntament de Barcelona (1989-1999).<\/p><p>\u2022 Directora de \u201cDesenvolupament de Recursos Humans\u201d de la Universitat Oberta de Catalunya (1999-2007) i de \u201cFormaci\u00f3 i Desenvolupament de Recursos Humans\u201d de l\u2019Hospital Cl\u00ednic i Provincial de Barcelona (2007-2011).<\/p><p>\u2022 Des de 2011, consultora de desenvolupament de persones i organitzacions,\u00a0<em>coach<\/em>\u00a0i facilitadora de processos de formaci\u00f3 com a professional lliure, tant al sector p\u00fablic com al privat. Des del mateix any,\u00a0<em>talent advisor<\/em>, assessora de desenvolupament directiu i professional a l\u2019empresa de consultoria RocaSalvatella.<\/p><p>\u2022 Directora del postgrau \u201cDesenvolupament del talent a les organitzacions\u201d de la Universitat de Barcelona, i del postgrau en \u201cLideratge, habilitats directives i desenvolupament directiu\u201d de la Universitat de Manresa.<\/p><p>\u2022 Membre de la Comissi\u00f3 Consultiva de la Fundaci\u00f3 Factor Hum\u00e0.<\/p><p><a href=\"https:\/\/www.pereclaver.org\/entrevistem-a-angels-paredes-nova-membre-del-patronat\/\" target=\"_blank\" rel=\"noreferrer noopener\">Llegir entrevista \u2192<\/a><\/p><\/p>\n                                            <\/div>\n                <\/div>\n            <\/div>\n                    \n            <div class=\"eael-image-accordion-hover eael-image-accordion-item\" style=\"background-image: url(https:\/\/fundaciotallers.org\/wp-content\/uploads\/2025\/11\/Nicolas-Diaz.jpg);\"  tabindex=\"0\">\n                <div class=\"overlay\">\n                                        <div class=\"overlay-inner \">\n                        <h2 class=\"img-accordion-title\"> Nicol\u00e1s D\u00edaz<\/h2>                            <p><p><strong>Vocal del patronat de Fundaci\u00f3 Tallers Catalunya<\/strong><\/p><p>\u00b7 Diplomat en Educaci\u00f3 Social per la Universitat Barcelona i amb Post Grau T\u00e8cnic Mediambiental per la mateixa universitat.<\/p><p>\u00b7 T\u00e8cnic Superior d\u2019Inspecci\u00f3 T\u00e8cnica d\u2019edificis per l\u2019Escola Oberta de Negocis.<\/p><p>\u00b7 Curs Superior Universitari en Mediaci\u00f3 per la Universidad Rey Juan Carlos.<\/p><p>\u00b7 Post Grau en Rehabilitaci\u00f3 d\u2019Edificis pel Col\u00b7legi d\u2019Arquitectes de Catalunya (COAC).<\/p><p>\u00b7 Funcionari de l\u2019Ajuntament de Santa Coloma de Gramenet des de 1984.<\/p><p>\u00b7 En l\u2019actualitat, exerceix de T\u00e8cnic de Llic\u00e8ncies de la Via P\u00fablica a l\u2019Ajuntament Santa Coloma de Gramenet.<\/p><\/p>\n                                            <\/div>\n                <\/div>\n            <\/div>\n                    \n            <div class=\"eael-image-accordion-hover eael-image-accordion-item\" style=\"background-image: url(https:\/\/fundaciotallers.org\/wp-content\/uploads\/2025\/11\/1.jpg);\"  tabindex=\"0\">\n                <div class=\"overlay\">\n                                        <div class=\"overlay-inner \">\n                        <h2 class=\"img-accordion-title\">Assumpta Escarp<\/h2>                            <p><p><strong>Vocal dels patronats Fundaci\u00f3 Sanit\u00e0ria, Fundaci\u00f3 Llu\u00eds Artigues, Sant Pere Claver \u2013 Fundaci\u00f3 Serveis Socials i Fundaci\u00f3 Tallers<\/strong>.<\/p><p>\u2022 Pol\u00edtica.<\/p><p>\u2022 Vice-presidenta del Parlament de Catalunya i Portaveu de la Comissi\u00f3 de Salut, en les darreres legislatures.<\/p><p>\u2022 Regidora de l\u2019Ajuntament de Barcelona del 2003-2015, responsable de seguretat de mobilitat i portaveu del grup municipal del 2011-2015.<\/p><p>\u2022 Vice-Presidenta de Medi Ambient de l\u2019\u00c0rea Metropolitana de Barcelona, del 2011-2015.<\/p><p>\u2022 Presidenta de Transports Metropolitans de Barcelona del 2007-2011.<\/p><p>Lle<a href=\"https:\/\/www.pereclaver.org\/entrevista-assumpta-escarp-nova-membre-patronat-pere-claver-grup\/\" target=\"_blank\" rel=\"noreferrer noopener\">gir entrevista \u2192<\/a><\/p><\/p>\n                                            <\/div>\n                <\/div>\n            <\/div>\n                    \n            <div class=\"eael-image-accordion-hover eael-image-accordion-item\" style=\"background-image: url(https:\/\/fundaciotallers.org\/wp-content\/uploads\/2025\/11\/Agata-Gelaberto3.jpg);\"  tabindex=\"0\">\n                <div class=\"overlay\">\n                                        <div class=\"overlay-inner \">\n                        <h2 class=\"img-accordion-title\">\u00c0gata Gelaberto<\/h2>                            <p><div id=\"awsm-member-info-38075-89973\" class=\"awsm-modal-content mCustomScrollbar _mCS_18\"><div id=\"mCSB_18\" class=\"mCustomScrollBox mCS-dark mCSB_vertical mCSB_inside\"><div id=\"mCSB_18_container\" class=\"mCSB_container\"><div class=\"awsm-modal-content-main\"><div class=\"awsm-modal-details\"><div class=\"awsm-modal-content-inner\"><p><strong>Vocal dels patronats Fundaci\u00f3 Sanit\u00e0ria, Fundaci\u00f3 Llu\u00eds Artigues, Sant Pere Claver \u2013 Fundaci\u00f3 Serveis Socials i Fundaci\u00f3 Tallers<\/strong>.<\/p><p>\u00b7 Enginyera i MBA. Emprenedora per naturalesa i apassionada per aportar valor sostenible a les organitzacions mitjan\u00e7ant la Innovaci\u00f3, el Lideratge i el Desenvolupament de Negoci.<\/p><p>\u00b7 Actualment lidera la Innovaci\u00f3 i Nous Negocis a Idilia Foods, multiplicant per vuit l\u2019impacte de la innovaci\u00f3 en set anys (del 1,7% el 2017 al 15% el 2025).<\/p><p>\u00b7 Anteriorment, va estar 20 anys a Danone, on va desenvolupar la seva carrera en departaments com R+D, M\u00e0rqueting i Comercial, sempre enfocats a impulsar la innovaci\u00f3 i noves l\u00ednies de negoci dins la companyia.<\/p><p>Emprenedora en el sector Biotech amb Regenear, guardonada amb el premi BioEmprenedor XXI.<\/p><p>\u00b7 Actualment \u00e9s membre de la junta directiva d\u2019EJECON, on \u00e9s codirectora del Programa de Consellers. Tamb\u00e9 es consellera assessora de v\u00e0ries empreses.<\/p><\/div><\/div><\/div><\/div><div id=\"mCSB_18_scrollbar_vertical\" class=\"mCSB_scrollTools mCSB_18_scrollbar mCS-dark mCSB_scrollTools_vertical\"><div class=\"mCSB_draggerContainer\"><div id=\"mCSB_18_dragger_vertical\" class=\"mCSB_dragger\"><div class=\"mCSB_dragger_bar\">\u00a0<\/div><\/div><div class=\"mCSB_draggerRail\">\u00a0<\/div><\/div><\/div><\/div><\/div><\/p>\n                                            <\/div>\n                <\/div>\n            <\/div>\n                <\/div>\n        <style typr=\"text\/css\">\n                    #eael-img-accordion-47f7e4d .eael-image-accordion-hover:hover {\n                        flex: 3 1 0% !important;\n                    }\n                    #eael-img-accordion-47f7e4d .eael-image-accordion-hover:hover:hover .overlay-inner * {\n                        opacity: 1;\n                        visibility: visible;\n                        transform: none;\n                        transition: all .3s .3s;\n                    }\n                <\/style>\t\t\t\t<\/div>\n\t\t\t\t<\/div>\n\t\t\t\t\t<\/div>\n\t\t<\/div>\n\t\t\t\t\t<\/div>\n\t\t<\/section>\n\t\t\t\t<section class=\"elementor-section elementor-top-section elementor-element elementor-element-56849c8 elementor-section-boxed elementor-section-height-default elementor-section-height-default\" data-id=\"56849c8\" data-element_type=\"section\" data-e-type=\"section\">\n\t\t\t\t\t\t<div class=\"elementor-container elementor-column-gap-default\">\n\t\t\t\t\t<div class=\"elementor-column elementor-col-100 elementor-top-column elementor-element elementor-element-5233e31\" data-id=\"5233e31\" data-element_type=\"column\" data-e-type=\"column\">\n\t\t\t<div class=\"elementor-widget-wrap elementor-element-populated\">\n\t\t\t\t\t\t<div class=\"elementor-element elementor-element-51562bf elementor-widget elementor-widget-eael-image-accordion\" data-id=\"51562bf\" data-element_type=\"widget\" data-e-type=\"widget\" data-widget_type=\"eael-image-accordion.default\">\n\t\t\t\t<div class=\"elementor-widget-container\">\n\t\t\t\t\t    <div class=\"eael-img-accordion accordion-direction-horizontal eael-img-accordion-horizontal-align-left eael-img-accordion-vertical-align-center\" id=\"eael-img-accordion-51562bf\" data-img-accordion-id=\"51562bf\" data-img-accordion-type=\"on-hover\">\n                    \n            <div class=\"eael-image-accordion-hover eael-image-accordion-item\" style=\"background-image: url(https:\/\/fundaciotallers.org\/wp-content\/uploads\/2025\/11\/2.jpg);\"  tabindex=\"0\">\n                <div class=\"overlay\">\n                                        <div class=\"overlay-inner \">\n                        <h2 class=\"img-accordion-title\">Oriol Bota<\/h2>                            <p><p><strong>Vocal dels patronats Fundaci\u00f3 Sanit\u00e0ria, Fundaci\u00f3 Llu\u00eds Artigues, Sant Pere Claver \u2013 Fundaci\u00f3 Serveis Socials i Fundaci\u00f3 Tallers<\/strong>.<\/p><p><strong>\u00b7<\/strong> Llicenciat en Administraci\u00f3 i Direcci\u00f3 d\u2019Empreses i auditor de comptes no exercent, ha vinculat la seva traject\u00f2ria professional a l\u2019Economia Social.<br \/><strong>\u00b7<\/strong> Des de 2024, \u00e9s gerent de l\u2019Ateneu Barcelon\u00e8s.<br \/><strong>\u00b7<\/strong> Va ser Director de l\u2019Obra Social de Sant Joan de D\u00e9u del 2009 al 2024. Va impulsar projectes de refer\u00e8ncia de captaci\u00f3 de fons i sensibilitzaci\u00f3 com la \u201cMagic Line\u201d, la \u201cVertical Montserrat\u201d o la campanya del \u201cCaf\u00e9 contra la soledat no desitjada\u201d.<br \/><strong>\u00b7<\/strong> Des del 2005 al 2009, va exercir com a Director Financer del grup Cultura 03 SCCL i responsable de la dimensi\u00f3 cooperativitzadora de persones treballadores i s\u00f2cies.<br \/><strong>\u00b7<\/strong> Tamb\u00e9 va ser assessor i consultor en l\u2019\u00e0rea d\u2019economia social del Col\u00b7lectiu Ronda SCCL del 1993 al 2005.<br \/><strong>\u00b7<\/strong> Col\u00b7laborador, des del 2010, de Hobbest Catalunya SCCL, consultora especialitzada en estrat\u00e8gia i desenvolupament organitzacional.<br \/><strong>\u00b7<\/strong> Actualment participa en diferents comit\u00e8s: membre extern del Comit\u00e8 de Direcci\u00f3 de la Cooperativa L\u2019Olivera, president del Consell de Barri del Centre, membre del Consell de Ciutat de Sant Cugat i col\u00b7laborador del Coop57.<\/p><\/p>\n                                            <\/div>\n                <\/div>\n            <\/div>\n                    \n            <div class=\"eael-image-accordion-hover eael-image-accordion-item\" style=\"background-image: url(https:\/\/fundaciotallers.org\/wp-content\/uploads\/2025\/11\/5.jpg);\"  tabindex=\"0\">\n                <div class=\"overlay\">\n                                        <div class=\"overlay-inner \">\n                        <h2 class=\"img-accordion-title\">D\u00e9bora Cabot<\/h2>                            <p><p><strong>Vocal dels patronats Fundaci\u00f3 Sanit\u00e0ria, Fundaci\u00f3 Llu\u00eds Artigues, Sant Pere Claver \u2013 Fundaci\u00f3 Serveis Socials i Fundaci\u00f3 Tallers<\/strong>.<\/p><p>\u00b7 T\u00e8cnica d\u2019investigaci\u00f3 en el Grup de C\u00e8l\u00b7lules Mare i C\u00e0ncer de l\u2019Institut d\u2019Oncologia Vall d\u2019Hebron (VHIO).<\/p><p>\u00b7 Investigadora cient\u00edfica i doctora en Biomedicina per la Universitat de Barcelona en el camp de la Biologia Molecular i Cel\u00b7lular del C\u00e0ncer i en els estudis: \u201cFosforilaci\u00f3 de KRAS i la seva rellev\u00e0ncia en el c\u00e0ncer colorectal\u201d i \u201cNoves estrat\u00e8gies per a la inhibici\u00f3 de KRAS oncog\u00e8nic\u201d.<\/p><\/p>\n                                            <\/div>\n                <\/div>\n            <\/div>\n                    \n            <div class=\"eael-image-accordion-hover eael-image-accordion-item\" style=\"background-image: url(https:\/\/fundaciotallers.org\/wp-content\/uploads\/2025\/11\/4.jpg);\"  tabindex=\"0\">\n                <div class=\"overlay\">\n                                        <div class=\"overlay-inner \">\n                        <h2 class=\"img-accordion-title\">M\u00aa \u00c1ngeles Gallego<\/h2>                            <p><p><strong>Vocal dels patronats Fundaci\u00f3 Sanit\u00e0ria, Fundaci\u00f3 Llu\u00eds Artigues, Sant Pere Claver \u2013 Fundaci\u00f3 Serveis Socials i Fundaci\u00f3 Tallers.<\/strong><\/p><p>\u00b7 Metgessa forense adscrita a l\u2019Institut de Medicina Legal de Catalunya i Ci\u00e8ncies forenses.<\/p><p>\u00b7 M\u00e0ster en Sexologia Cl\u00ednica i Salut Sexual, postgrau en Psiquiatria forense i en Valoraci\u00f3 del Dany Corporal per la Universitat de Barcelona, entre altres formacions.\u00b7 DM\u00e0ster en Sexologia Cl\u00ednica i Salut Sexual, postgrau en Psiquiatria forense i en Valoraci\u00f3 del Dany Corporal per la Universitat de Barcelona, entre altres formacions.<\/p><p>\u00b7 Actualment \u00e9s professora del m\u00e0ster de sexologia de la Universitat de Barcelona. Compta amb una \u00e0mplia traject\u00f2ria en l\u2019\u00e0mbit de la doc\u00e8ncia, vinculant-se com docent en institucions acad\u00e8miques com l\u2019Institut Bonanova del Campus Docent i Sanitari de l\u2019Hospital del Mar, el Centre d\u2019Estudis Jur\u00eddics i Formaci\u00f3 Especialitzada (CEJFE) o l\u2019Institut de Seguretat P\u00fablica de Catalunya.<\/p><\/p>\n                                            <\/div>\n                <\/div>\n            <\/div>\n                    \n            <div class=\"eael-image-accordion-hover eael-image-accordion-item\" style=\"background-image: url();\"  tabindex=\"0\">\n                <div class=\"overlay\">\n                                        <div class=\"overlay-inner \">\n                                            <\/div>\n                <\/div>\n            <\/div>\n                    \n            <div class=\"eael-image-accordion-hover eael-image-accordion-item\" style=\"background-image: url();\"  tabindex=\"0\">\n                <div class=\"overlay\">\n                                        <div class=\"overlay-inner \">\n                                            <\/div>\n                <\/div>\n            <\/div>\n                <\/div>\n        <style typr=\"text\/css\">\n                    #eael-img-accordion-51562bf .eael-image-accordion-hover:hover {\n                        flex: 3 1 0% !important;\n                    }\n                    #eael-img-accordion-51562bf .eael-image-accordion-hover:hover:hover .overlay-inner * {\n                        opacity: 1;\n                        visibility: visible;\n                        transform: none;\n                        transition: all .3s .3s;\n                    }\n                <\/style>\t\t\t\t<\/div>\n\t\t\t\t<\/div>\n\t\t\t\t\t<\/div>\n\t\t<\/div>\n\t\t\t\t\t<\/div>\n\t\t<\/section>\n\t\t\t\t<section class=\"elementor-section elementor-top-section elementor-element elementor-element-fb68d8a elementor-section-boxed elementor-section-height-default elementor-section-height-default\" data-id=\"fb68d8a\" data-element_type=\"section\" data-e-type=\"section\">\n\t\t\t\t\t\t<div class=\"elementor-container elementor-column-gap-default\">\n\t\t\t\t\t<div class=\"elementor-column elementor-col-100 elementor-top-column elementor-element elementor-element-8c0634d\" data-id=\"8c0634d\" data-element_type=\"column\" data-e-type=\"column\">\n\t\t\t<div class=\"elementor-widget-wrap elementor-element-populated\">\n\t\t\t\t\t\t<div class=\"elementor-element elementor-element-17eb04c elementor-widget elementor-widget-text-editor\" data-id=\"17eb04c\" data-element_type=\"widget\" data-e-type=\"widget\" data-widget_type=\"text-editor.default\">\n\t\t\t\t<div class=\"elementor-widget-container\">\n\t\t\t\t\t\t\t\t\t<p>Vols adre\u00e7ar-te al nostre Patronat? Pots contactar a trav\u00e9s del correu electr\u00f2nic:\u00a0<a href=\"&#x6d;&#97;i&#x6c;&#116;&#111;&#x3a;&#x70;&#97;t&#x72;&#111;n&#x61;&#x74;&#64;p&#x65;&#114;e&#x63;&#x6c;&#97;v&#x65;&#114;&#46;&#x6f;&#x72;&#103;\">&#x70;a&#x74;&#114;o&#x6e;&#97;&#x74;&#x40;p&#x65;&#114;e&#x63;&#108;&#x61;&#118;e&#x72;&#46;o&#x72;&#103;<\/a><\/p>\t\t\t\t\t\t\t\t<\/div>\n\t\t\t\t<\/div>\n\t\t\t\t<div class=\"elementor-element elementor-element-ca7c42a elementor-widget-divider--view-line_text elementor-widget-divider--element-align-left elementor-widget elementor-widget-divider\" data-id=\"ca7c42a\" data-element_type=\"widget\" data-e-type=\"widget\" data-widget_type=\"divider.default\">\n\t\t\t\t<div class=\"elementor-widget-container\">\n\t\t\t\t\t\t\t<div class=\"elementor-divider\">\n\t\t\t<span class=\"elementor-divider-separator\">\n\t\t\t\t\t\t\t<span class=\"elementor-divider__text elementor-divider__element\">\n\t\t\t\tComit\u00e8 de Direcci\u00f3\t\t\t\t<\/span>\n\t\t\t\t\t\t<\/span>\n\t\t<\/div>\n\t\t\t\t\t\t<\/div>\n\t\t\t\t<\/div>\n\t\t\t\t\t<\/div>\n\t\t<\/div>\n\t\t\t\t\t<\/div>\n\t\t<\/section>\n\t\t\t\t<section class=\"elementor-section elementor-top-section elementor-element elementor-element-e508cae elementor-section-boxed elementor-section-height-default elementor-section-height-default\" data-id=\"e508cae\" data-element_type=\"section\" data-e-type=\"section\">\n\t\t\t\t\t\t<div class=\"elementor-container elementor-column-gap-default\">\n\t\t\t\t\t<div class=\"elementor-column elementor-col-100 elementor-top-column elementor-element elementor-element-bc1f176\" data-id=\"bc1f176\" data-element_type=\"column\" data-e-type=\"column\">\n\t\t\t<div class=\"elementor-widget-wrap elementor-element-populated\">\n\t\t\t\t\t\t<div class=\"elementor-element elementor-element-6184a67 elementor-widget elementor-widget-eael-image-accordion\" data-id=\"6184a67\" data-element_type=\"widget\" data-e-type=\"widget\" data-widget_type=\"eael-image-accordion.default\">\n\t\t\t\t<div class=\"elementor-widget-container\">\n\t\t\t\t\t    <div class=\"eael-img-accordion accordion-direction-horizontal eael-img-accordion-horizontal-align-left eael-img-accordion-vertical-align-center\" id=\"eael-img-accordion-6184a67\" data-img-accordion-id=\"6184a67\" data-img-accordion-type=\"on-hover\">\n                    \n            <div class=\"eael-image-accordion-hover eael-image-accordion-item\" style=\"background-image: url(https:\/\/fundaciotallers.org\/wp-content\/uploads\/2025\/11\/DSCF8527_R_v2.jpg);\"  tabindex=\"0\">\n                <div class=\"overlay\">\n                                        <div class=\"overlay-inner \">\n                        <h2 class=\"img-accordion-title\">Carles Descalzi<\/h2>                            <p><p><strong>Ger\u00e8ncia<\/strong><br \/><a href=\"&#x6d;&#x61;&#x69;&#108;&#116;o:&#x63;&#x64;&#x65;&#115;&#99;al&#x7a;&#x69;&#x40;&#112;&#101;re&#x63;&#x6c;&#x61;&#118;&#101;r&#46;&#x6f;&#x72;&#x67;\">&#x63;&#100;&#101;s&#x63;&#x61;&#108;z&#x69;&#x40;&#112;er&#x65;&#99;&#108;a&#x76;&#x65;&#114;&#46;&#x6f;&#x72;&#103;<\/a><\/p><p>Al capdavant de la ger\u00e8ncia del Grup Sant Pere Claver des del 2003. \u00c9s economista per la UAB, MBA (ESADE) i PADE (IESE) i s\u2019ha especialitzat en la seva traject\u00f2ria professional en la gesti\u00f3 i direcci\u00f3 d\u2019organitzacions del tercer sector, de l\u2019economia social i des que est\u00e0 vinculat a Pere Claver en l\u2019\u00e0mbit del sector sanitari i dels serveis socials.<\/p><p>En nom de l\u2019organitzaci\u00f3 participa en \u00f2rgans de govern de diferents associacions, fundacions i federacions, que tenen per objectiu la innovaci\u00f3 i la transformaci\u00f3 social per la millora de la qualitat de vida de les persones en situaci\u00f3 de vulnerabilitat, especialment amb problemes de salut mental, discapacitat intel\u00b7lectual i en risc d\u2019exclusi\u00f3 social.<\/p><p>Des de fa anys, compagina la seva tasca directiva amb activitat docent col\u00b7laborant amb diferents universitats catalanes.<\/p><\/p>\n                                            <\/div>\n                <\/div>\n            <\/div>\n                    \n            <div class=\"eael-image-accordion-hover eael-image-accordion-item\" style=\"background-image: url(https:\/\/fundaciotallers.org\/wp-content\/uploads\/2025\/11\/DSCF8636_R.jpg);\"  tabindex=\"0\">\n                <div class=\"overlay\">\n                                        <div class=\"overlay-inner \">\n                        <h2 class=\"img-accordion-title\"> Ra\u00fal Guti\u00e9rrez<\/h2>                            <p><p><strong>Director d\u2019Innovaci\u00f3 i Desenvolupament, i adjunt a Ger\u00e8ncia<br \/><\/strong><a href=\"&#109;a&#x69;l&#x74;&#111;&#x3a;&#114;&#x67;&#117;t&#x69;e&#x72;&#114;&#x65;&#122;&#x40;&#102;&#x68;&#115;p&#x65;r&#x65;&#99;&#x6c;&#97;&#x76;&#101;r&#x2e;o&#x72;&#103;\">&#114;&#x67;&#x75;t&#105;&#x65;r&#114;&#x65;z&#64;&#x70;e&#114;&#x65;&#x63;&#108;&#x61;&#x76;e&#114;&#x2e;o&#114;&#x67;<\/a><\/p><p>Llicenciat en Ci\u00e8ncies Pol\u00edtiques i de l\u2019Administraci\u00f3 (UAB), M\u00e0ster en Gesti\u00f3 P\u00fablica (ESADE-UAB-UPF) i diplomat en Innovaci\u00f3 Estrat\u00e8gica (ESADE), Transformaci\u00f3 Digital de les Organitzacions (UPF), Direcci\u00f3 i Gesti\u00f3 de Recursos Humans (UPF) i Gesti\u00f3 d\u2019Organitzacions No Lucratives (UNED).<\/p><p>Va iniciar la seva carrera professional a l\u2019\u00e0mbit dels Recursos Humans a l\u2019associaci\u00f3 d\u2019entitats sanit\u00e0ries i socials Uni\u00f3 Catalana d\u2019Hospitals. Posteriorment, va treballar al Consell Insular de Menorca, on va ocupar els llocs de director de Gesti\u00f3 de Recursos Socials i de director de Serveis Interns. Despr\u00e9s d\u2019una estada com a t\u00e8cnic voluntari de cooperaci\u00f3 al desenvolupament a l\u2019Equador i de realitzar diversos projectes de consultoria per a ESADE i altres organitzacions, va dirigir el servei de teleassist\u00e8ncia de la Diputaci\u00f3 de Barcelona i, posteriorment, tamb\u00e9 el de l\u2019Ajuntament de Barcelona. L\u2019any 2019 s\u2019incorpora a Pere Claver Grup com a director de Serveis de Suport i adjunt a Ger\u00e8ncia.<\/p><p>Des de gener de 2025, dirigeix l\u2019\u00e0mbit d\u2019Innovaci\u00f3 i Desenvolupament, des del qual s\u2019impulsen i desenvolupen nous serveis, projectes d\u2019experi\u00e8ncia de persones ateses i fam\u00edlies, i la transformaci\u00f3 digital de l\u2019organitzaci\u00f3.<\/p><\/p>\n                                            <\/div>\n                <\/div>\n            <\/div>\n                    \n            <div class=\"eael-image-accordion-hover eael-image-accordion-item\" style=\"background-image: url(https:\/\/fundaciotallers.org\/wp-content\/uploads\/2025\/11\/IMG_5095_RicardMatas-1.jpg);\"  tabindex=\"0\">\n                <div class=\"overlay\">\n                                        <div class=\"overlay-inner \">\n                        <h2 class=\"img-accordion-title\">Ricard Matas<\/h2>                            <p><div id=\"awsm-member-info-38106-38334\" class=\"awsm-modal-content mCustomScrollbar _mCS_24 mCS_no_scrollbar\"><div id=\"mCSB_24\" class=\"mCustomScrollBox mCS-dark mCSB_vertical mCSB_inside\"><div id=\"mCSB_24_container\" class=\"mCSB_container mCS_y_hidden mCS_no_scrollbar_y\"><div class=\"awsm-modal-content-main\"><div class=\"awsm-modal-details\"><div class=\"awsm-modal-content-inner\"><p><strong>Director d\u2019Inclusi\u00f3 Laboral i adjunt a Ger\u00e8ncia<\/strong><br \/><a href=\"&#x6d;&#x61;&#x69;&#x6c;&#x74;&#111;&#58;&#114;&#105;car&#x64;&#x2e;&#x6d;&#x61;&#x74;&#x61;&#115;&#64;&#102;und&#x61;&#x63;&#x69;&#x6f;&#x74;&#x61;&#108;&#108;&#101;&#114;s&#46;o&#x72;&#x67;\">&#x72;i&#x63;&#97;&#x72;&#100;&#x2e;&#x6d;a&#x74;&#97;&#x73;&#64;&#x66;&#117;n&#x64;&#97;&#x63;&#105;&#x6f;&#116;a&#x6c;&#108;&#x65;&#114;&#x73;&#46;o&#x72;g<\/a><\/p><p>Diplomat en Gesti\u00f3 P\u00fablica, post-graduat com a expert en inserci\u00f3 laboral de col\u00b7lectius en situaci\u00f3 de vulnerabilitat i becat per realitzar un Programa de Direcci\u00f3 General d\u2019EADA. Ricard Matas inicia la seva activitat professional treballant en el m\u00f3n de la consultoria especialitzada en el sector p\u00fablic.<\/p><p>Ben aviat, fa el salt a l\u2019economia social incorporant-se a Fundaci\u00f3 Tallers com a prospector laboral primer i\u00a0despr\u00e9s com a director de m\u00e0rqueting, vendes i captaci\u00f3. L\u2019any 2007, assoleix la ger\u00e8ncia de Fundaci\u00f3 Tallers c\u00e0rrec que mant\u00e9 en l\u2019actualitat. Amb la conflu\u00e8ncia amb Pere Claver Grup, s\u2019incorpora com adjunt a ger\u00e8ncia al comit\u00e8 de direcci\u00f3 del Grup dirigint l\u2019\u00e0rea d\u2019inclusi\u00f3 laboral i la captaci\u00f3 de fons. Tamb\u00e9 dirigeix els serveis d\u2019Al\u00b7l\u00e8rgia, Odontologia i Proves Complement\u00e0ries.<\/p><p>Compagina la seva activitat a Fundaci\u00f3 Tallers amb altres activitats vinculades al m\u00f3n de la consultoria, la gesti\u00f3 i la formaci\u00f3. \u00a0\u00a0\u00a0<\/p><\/div><\/div><\/div><\/div><\/div><\/div><\/p>\n                                            <\/div>\n                <\/div>\n            <\/div>\n                    \n            <div class=\"eael-image-accordion-hover eael-image-accordion-item\" style=\"background-image: url(https:\/\/fundaciotallers.org\/wp-content\/uploads\/2025\/11\/DSCF8592_R.jpg);\"  tabindex=\"0\">\n                <div class=\"overlay\">\n                                        <div class=\"overlay-inner \">\n                        <h2 class=\"img-accordion-title\">David Clusa<\/h2>                            <p><p><strong>Director de Salut Mental<\/strong><br \/><a href=\"&#109;&#x61;i&#x6c;&#x74;&#111;&#x3a;d&#x63;&#x6c;&#117;&#x73;a&#x40;&#x70;&#101;&#x72;e&#x63;&#x6c;&#97;&#x76;e&#x72;&#x2e;&#111;&#x72;g\">&#x64;c&#x6c;&#117;&#x73;&#x61;&#64;&#x70;&#101;&#x72;&#x65;c&#x6c;&#97;&#x76;&#x65;r&#x2e;&#111;&#x72;&#x67;<\/a><\/p><p>Llicenciat en Medicina i Cirurgia per la Universitat Aut\u00f2noma de Barcelona. Especialista en Psiquiatria i resid\u00e8ncia realitzada a l\u2019Institut Pere Mata de Reus. M\u00e0ster en Psiquiatria de sector per la Universitat Rovira i Virgili. M\u00e0ster en Psicopatologia Cl\u00ednica per la Universitat Ramon Llull.<\/p><p>S\u2019incorpora a Pere Claver Grup com a psiquiatre adjunt el gener de 1996. De 1997 a l\u2019any 2001 va assumir la coordinaci\u00f3 del Centre de Salut Mental d\u2019Adults de Sants. Des de 2002, \u00e9s el director de Salut Mental.<\/p><\/p>\n                                            <\/div>\n                <\/div>\n            <\/div>\n                    \n            <div class=\"eael-image-accordion-hover eael-image-accordion-item\" style=\"background-image: url(https:\/\/fundaciotallers.org\/wp-content\/uploads\/2025\/11\/DSCF8570_R.jpg);\"  tabindex=\"0\">\n                <div class=\"overlay\">\n                                        <div class=\"overlay-inner \">\n                        <h2 class=\"img-accordion-title\">Maria Jos\u00e9 Navarro<\/h2>                            <p><div id=\"awsm-member-info-38075-89973\" class=\"awsm-modal-content mCustomScrollbar _mCS_18\"><div id=\"mCSB_18\" class=\"mCustomScrollBox mCS-dark mCSB_vertical mCSB_inside\"><div id=\"mCSB_18_container\" class=\"mCSB_container\"><div class=\"awsm-modal-content-main\"><div class=\"awsm-modal-details\"><div class=\"awsm-modal-content-inner\"><p><strong>Directora de Drets i Suports<\/strong><br \/><strong>Referent en Quality Rights, atenci\u00f3 basada en Drets<\/strong><br \/><a href=\"&#x6d;&#x61;&#x69;&#x6c;&#x74;&#x6f;&#x3a;&#109;&#106;&#110;&#97;&#118;arro&#x40;&#x70;&#x65;&#x72;&#x65;&#x63;&#x6c;&#x61;&#118;&#101;&#114;&#46;&#111;rg\">&#x6d;&#x6a;&#110;a&#x76;&#x61;&#114;&#114;o&#x40;&#x70;&#101;&#114;e&#x63;&#x6c;&#97;ve&#x72;&#x2e;&#111;r&#x67;<\/a><\/p><p>Dirigeix l\u2019\u00e0mbit de Drets i Suports. \u00c9s educadora social i ha complementat la seva formaci\u00f3 amb un MBA, m\u00e0ster en \u201cintervenci\u00f3 socioeducativa amb inf\u00e0ncia, adolesc\u00e8ncia en risc social\u201d, postgrau d\u2019especialista en \u201csord ceguesa\u201d i amb el curs de \u201cT\u00e8cnica superior en Interpretaci\u00f3 de Llengua de Signes\u201d.<\/p><p>Pr\u00e8viament a la seva incorporaci\u00f3 a Pere Claver Grup, va ser directora del servei de teleassist\u00e8ncia a la prov\u00edncia de Barcelona, amb 90.000 persones ateses i un equip de 300 professionals. Abans de dirigir aquest servei, va ser responsable de Qualitat i responsable d\u2019Intervenci\u00f3 Domicili\u00e0ria de la delegaci\u00f3 a Catalunya. Va participar en el disseny de l\u2019adaptaci\u00f3 del servei de teleassist\u00e8ncia a les persones amb problemes a la comunicaci\u00f3, en la implantaci\u00f3 del protocol de detecci\u00f3 i actuaci\u00f3 de maltractaments, i en l\u2019elaboraci\u00f3 del protocol de prevenci\u00f3 del su\u00efcidi.<\/p><p>\u00c9s membre del Comit\u00e8 d\u2019\u00c8tica Assistencial de Pere Claver Grup i de l\u2019associaci\u00f3 d\u2019entitats tutelars Encaix, la qual promou la protecci\u00f3 i la millora de les condicions de vida de les persones amb problemes de salut mental.<\/p><p>A Pere Claver Grup tamb\u00e9 \u00e9s la referent en Quality Rights, atenci\u00f3 basada en Drets. La Maria Jos\u00e9 Navarro assumeix aquest rol transversal a l\u2019organitzaci\u00f3 per dinamitzar un pla de treball per als propers anys que ha de permetre avan\u00e7ar significativament envers aquest repte estrat\u00e8gic i paradigma en el serveis d\u2019atenci\u00f3 a les persones.<\/p><\/div><\/div><\/div><\/div><\/div><\/div><\/p>\n                                            <\/div>\n                <\/div>\n            <\/div>\n                <\/div>\n        <style typr=\"text\/css\">\n                    #eael-img-accordion-6184a67 .eael-image-accordion-hover:hover {\n                        flex: 3 1 0% !important;\n                    }\n                    #eael-img-accordion-6184a67 .eael-image-accordion-hover:hover:hover .overlay-inner * {\n                        opacity: 1;\n                        visibility: visible;\n                        transform: none;\n                        transition: all .3s .3s;\n                    }\n                <\/style>\t\t\t\t<\/div>\n\t\t\t\t<\/div>\n\t\t\t\t\t<\/div>\n\t\t<\/div>\n\t\t\t\t\t<\/div>\n\t\t<\/section>\n\t\t\t\t<section class=\"elementor-section elementor-top-section elementor-element elementor-element-98eaefe elementor-section-boxed elementor-section-height-default elementor-section-height-default\" data-id=\"98eaefe\" data-element_type=\"section\" data-e-type=\"section\">\n\t\t\t\t\t\t<div class=\"elementor-container elementor-column-gap-default\">\n\t\t\t\t\t<div class=\"elementor-column elementor-col-100 elementor-top-column elementor-element elementor-element-57eb76f\" data-id=\"57eb76f\" data-element_type=\"column\" data-e-type=\"column\">\n\t\t\t<div class=\"elementor-widget-wrap elementor-element-populated\">\n\t\t\t\t\t\t<div class=\"elementor-element elementor-element-dacbac2 elementor-widget elementor-widget-eael-image-accordion\" data-id=\"dacbac2\" data-element_type=\"widget\" data-e-type=\"widget\" data-widget_type=\"eael-image-accordion.default\">\n\t\t\t\t<div class=\"elementor-widget-container\">\n\t\t\t\t\t    <div class=\"eael-img-accordion accordion-direction-horizontal eael-img-accordion-horizontal-align-left eael-img-accordion-vertical-align-center\" id=\"eael-img-accordion-dacbac2\" data-img-accordion-id=\"dacbac2\" data-img-accordion-type=\"on-hover\">\n                    \n            <div class=\"eael-image-accordion-hover eael-image-accordion-item\" style=\"background-image: url(https:\/\/fundaciotallers.org\/wp-content\/uploads\/2025\/11\/DSCF8629_R.jpg);\"  tabindex=\"0\">\n                <div class=\"overlay\">\n                                        <div class=\"overlay-inner \">\n                        <h2 class=\"img-accordion-title\">Ra\u00fal Alc\u00e1zar<\/h2>                            <p><div id=\"awsm-member-info-38106-38113\" class=\"awsm-modal-content mCustomScrollbar _mCS_27\"><div id=\"mCSB_27\" class=\"mCustomScrollBox mCS-dark mCSB_vertical mCSB_inside\"><div id=\"mCSB_27_container\" class=\"mCSB_container\"><div class=\"awsm-modal-content-main\"><div class=\"awsm-modal-details\"><div class=\"awsm-modal-content-inner\"><p><strong>Director de Serveis Socials<\/strong><br \/><a href=\"&#x6d;&#x61;&#105;&#108;t&#x6f;&#x3a;&#x72;&#97;lc&#x61;&#x7a;&#97;&#114;&#64;&#x70;&#x65;&#x72;&#101;cl&#x61;&#x76;&#101;&#114;&#46;&#x6f;&#x72;&#x67;\">r&#97;&#x6c;&#x63;&#x61;z&#97;&#114;&#x40;&#x70;e&#114;&#101;&#x63;&#x6c;av&#101;&#x72;&#x2e;&#x6f;r&#103;<\/a><\/p><p>Dirigeix l\u2019\u00e0mbit de Serveis Socials de Pere Claver Grup des de l\u2019abril del 2019. Psic\u00f2leg social i m\u00e0ster en direcci\u00f3 financera, treballa en aquesta instituci\u00f3 des del desembre del 2011, inicialment com a director t\u00e8cnic de la Resid\u00e8ncia i Centre de Dia Tres Pins i posteriorment compatibilitzant aquesta tasca i la de director t\u00e8cnic de la Resid\u00e8ncia Cal Muns des del mar\u00e7 del 2017 (resid\u00e8ncia temporal per a persones en situaci\u00f3 de sensellarisme i diagn\u00f2stic en salut mental), com a director dels serveis residencials. Des de fa m\u00e9s de 20 anys es dedica a la gesti\u00f3 de recursos per a persones amb diversitat funcional, compaginant funcions de director t\u00e8cnic i de psic\u00f2leg.<\/p><p>\u00c9s membre del Comit\u00e8 d\u2019\u00c8tica Assistencial de Pere Claver, de l\u2019equip de reflexi\u00f3 \u00e8tica de la Resid\u00e8ncia Tres Pins, del Grup de reflexi\u00f3 \u00e8tica del Consorci de Serveis Socials de Barcelona i de l\u2019equip de reflexi\u00f3 \u00e8tica de la Federaci\u00f3 DINCAT.<\/p><\/div><\/div><\/div><\/div><div id=\"mCSB_27_scrollbar_vertical\" class=\"mCSB_scrollTools mCSB_27_scrollbar mCS-dark mCSB_scrollTools_vertical\"><div class=\"mCSB_draggerContainer\"><div id=\"mCSB_27_dragger_vertical\" class=\"mCSB_dragger\"><div class=\"mCSB_dragger_bar\">\u00a0<\/div><\/div><div class=\"mCSB_draggerRail\">\u00a0<\/div><\/div><\/div><\/div><\/div><\/p>\n                                            <\/div>\n                <\/div>\n            <\/div>\n                    \n            <div class=\"eael-image-accordion-hover eael-image-accordion-item\" style=\"background-image: url(https:\/\/fundaciotallers.org\/wp-content\/uploads\/2025\/11\/3-1.jpg);\"  tabindex=\"0\">\n                <div class=\"overlay\">\n                                        <div class=\"overlay-inner \">\n                        <h2 class=\"img-accordion-title\"> Susana Mart\u00ednez<\/h2>                            <p><p><strong>Directora d\u2019Economia i Finances<br \/><\/strong><a href=\"&#x6d;&#97;&#105;l&#x74;&#x6f;&#58;s&#x6d;&#x61;&#114;t&#x69;&#x6e;&#101;z&#x40;&#x70;&#101;r&#x65;&#x63;&#108;a&#x76;&#x65;&#114;&#46;o&#x72;&#x67;\">s<\/a><a href=\"ma&#105;&#108;&#116;&#111;&#x3a;&#x73;&#x6d;&#x61;&#x72;ti&#110;&#101;&#122;&#64;&#x70;&#x65;&#x72;&#x65;&#x63;la&#118;&#101;&#114;&#46;&#x6f;&#x72;&#x67;\" target=\"_blank\" rel=\"noreferrer noopener\">&#109;&#x61;&#x72;t&#105;&#x6e;e&#122;&#x40;&#x70;e&#114;&#x65;c&#108;&#x61;&#x76;e&#114;&#x2e;o&#114;&#x67;<\/a><\/p><p>Llicenciada en Administraci\u00f3 i Direcci\u00f3 d\u2019Empreses per la Universitat de Barcelona. Complimenta la seva formaci\u00f3 amb un M\u00e0ster en Direcci\u00f3 Econ\u00f2mica, Financera i Comptable per la Universitat Oberta de Catalunya, un Postgrau en Control de Gesti\u00f3 i un M\u00e1ster en Finances Corporatives i Legalitat per l\u2019escola de negocis ESADE.<\/p><p>Des de l\u2019any 1998 ha estat vinculada al departament de finances i gesti\u00f3 administrativa de persones d\u2019empreses dels grups AGBAR i EMTE i ha ocupat la direcci\u00f3 financera des de l\u2019any 2003. Amb una clara orientaci\u00f3 personal i professional per l\u2019economia social i el sector no governamental, l\u2019any 2007 fa un pas al tercer sector social al capdavant de la direcci\u00f3 financera de la Fundaci\u00f3 IReS i participant activament en diverses comissions de les federacions ECAS i FEDAIA i en grups de la Taula del Tercer Sector i de la Confederaci\u00f3.<\/p><p>Al setembre de 2021 s\u2019incorpora a Pere Claver Grup com a directora d\u2019Economia i Finances amb el prop\u00f2sit d\u2019aportar efici\u00e8ncia, experi\u00e8ncia professional i valor en l\u2019\u00e0mbit financer del grup, i de generar xarxa i incid\u00e8ncia \u00a0col\u00b7laborant \u00a0amb altres entitats del sector.<\/p><\/p>\n                                            <\/div>\n                <\/div>\n            <\/div>\n                    \n            <div class=\"eael-image-accordion-hover eael-image-accordion-item\" style=\"background-image: url(https:\/\/fundaciotallers.org\/wp-content\/uploads\/2025\/11\/Alejandra-Manau.jpg);\"  tabindex=\"0\">\n                <div class=\"overlay\">\n                                        <div class=\"overlay-inner \">\n                        <h2 class=\"img-accordion-title\">Alejandra Manau<\/h2>                            <p><p><strong>Directora de Serveis de Suport<br \/><\/strong><a href=\"&#x6d;&#x61;&#105;&#108;to&#x3a;&#x61;&#x6d;&#97;na&#x75;&#x40;&#x70;&#101;&#114;e&#x63;&#x6c;&#x61;&#118;&#101;r&#x2e;&#x6f;&#x72;&#103;\" target=\"_blank\" rel=\"noreferrer noopener\">&#97;m&#97;n&#97;u&#x40;p&#x65;r&#x65;c&#x6c;a&#x76;e&#x72;&#46;&#x6f;r&#x67;<\/a><\/p><p>Llicenciada en Ci\u00e8ncies Pol\u00edtiques per la Universitat Pompeu Fabra, on ha cursat tamb\u00e9 el m\u00e0ster en Pol\u00edtiques p\u00fabliques i socials i el postgrau en Direcci\u00f3 d\u2019empreses. A m\u00e9s, ha realitzat el programa de Direcci\u00f3 i gesti\u00f3 d\u2019organitzacions no governamentals i el programa de Lideratge i innovaci\u00f3 social (tots dos per ESADE).<\/p><p>T\u00e9 prop de 20 anys d\u2019experi\u00e8ncia professional en el sector social i\/o sanitari. S\u2019incorpora a Pere Claver Grup el 2025. Els darrers quatre anys va liderar, com a directora executiva, la Fundaci\u00f3 Impulsa -orientada a la formaci\u00f3 i generaci\u00f3 d\u2019oportunitats per a joves-. Abans va treballar com a cap de captaci\u00f3 de fons de l\u2019Hospital i l\u2019Institut de Recerca de Vall d\u2019Hebron i anteriorment a la consultora Antares, el qu\u00e8 li va permetre con\u00e8ixer diferents organitzacions del nostre sector des d\u2019una visi\u00f3 externa i de consultoria. Al llarg de la seva traject\u00f2ria ha liderat equips, compaginant les funcions m\u00e9s estrat\u00e8giques amb les funcions operatives i de gesti\u00f3 de persones.<\/p><\/p>\n                                            <\/div>\n                <\/div>\n            <\/div>\n                    \n            <div class=\"eael-image-accordion-hover eael-image-accordion-item\" style=\"background-image: url();\"  tabindex=\"0\">\n                <div class=\"overlay\">\n                                        <div class=\"overlay-inner \">\n                                            <\/div>\n                <\/div>\n            <\/div>\n                    \n            <div class=\"eael-image-accordion-hover eael-image-accordion-item\" style=\"background-image: url();\"  tabindex=\"0\">\n                <div class=\"overlay\">\n                                        <div class=\"overlay-inner \">\n                                            <\/div>\n                <\/div>\n            <\/div>\n                <\/div>\n        <style typr=\"text\/css\">\n                    #eael-img-accordion-dacbac2 .eael-image-accordion-hover:hover {\n                        flex: 3 1 0% !important;\n                    }\n                    #eael-img-accordion-dacbac2 .eael-image-accordion-hover:hover:hover .overlay-inner * {\n                        opacity: 1;\n                        visibility: visible;\n                        transform: none;\n                        transition: all .3s .3s;\n                    }\n                <\/style>\t\t\t\t<\/div>\n\t\t\t\t<\/div>\n\t\t\t\t\t<\/div>\n\t\t<\/div>\n\t\t\t\t\t<\/div>\n\t\t<\/section>\n\t\t\t\t<section class=\"elementor-section elementor-top-section elementor-element elementor-element-7829e4c6 elementor-section-boxed elementor-section-height-default elementor-section-height-default\" data-id=\"7829e4c6\" data-element_type=\"section\" data-e-type=\"section\" data-settings=\"{&quot;background_background&quot;:&quot;classic&quot;}\">\n\t\t\t\t\t\t<div class=\"elementor-container elementor-column-gap-default\">\n\t\t\t\t\t<div class=\"elementor-column elementor-col-100 elementor-top-column elementor-element elementor-element-3e22b274\" data-id=\"3e22b274\" data-element_type=\"column\" data-e-type=\"column\">\n\t\t\t<div class=\"elementor-widget-wrap elementor-element-populated\">\n\t\t\t\t\t\t<div class=\"elementor-element elementor-element-37474ec elementor-widget elementor-widget-text-editor\" data-id=\"37474ec\" data-element_type=\"widget\" data-e-type=\"widget\" data-widget_type=\"text-editor.default\">\n\t\t\t\t<div class=\"elementor-widget-container\">\n\t\t\t\t\t\t\t\t\t<p><a style=\"color: #000000;\" href=\"https:\/\/fundaciotallers.org\/ca\/portal-transparencia\/\" rel=\"noopener\">Portal de Transp\u00e0rencia \u2192<\/a><\/p>\t\t\t\t\t\t\t\t<\/div>\n\t\t\t\t<\/div>\n\t\t\t\t\t<\/div>\n\t\t<\/div>\n\t\t\t\t\t<\/div>\n\t\t<\/section>\n\t\t\t\t<section class=\"elementor-section elementor-top-section elementor-element elementor-element-1b5e0472 elementor-hidden-mobile elementor-section-boxed elementor-section-height-default elementor-section-height-default\" data-id=\"1b5e0472\" data-element_type=\"section\" data-e-type=\"section\" data-settings=\"{&quot;background_background&quot;:&quot;classic&quot;}\">\n\t\t\t\t\t\t<div class=\"elementor-container elementor-column-gap-narrow\">\n\t\t\t\t\t<div class=\"elementor-column elementor-col-33 elementor-top-column elementor-element elementor-element-6242a18d\" data-id=\"6242a18d\" data-element_type=\"column\" data-e-type=\"column\">\n\t\t\t<div class=\"elementor-widget-wrap elementor-element-populated\">\n\t\t\t\t\t\t<div class=\"elementor-element elementor-element-21d66007 elementor-widget elementor-widget-text-editor\" data-id=\"21d66007\" data-element_type=\"widget\" data-e-type=\"widget\" data-widget_type=\"text-editor.default\">\n\t\t\t\t<div class=\"elementor-widget-container\">\n\t\t\t\t\t\t\t\t\t<p><strong>Fundaci\u00f3 Tallers | Inclusi\u00f3 Laboral<br \/><\/strong>Entitat de Pere Caver Grup<br \/>Tel. 93 392 23 11<br \/><span style=\"text-decoration: underline;\"><a style=\"color: #ffffff; text-decoration: underline;\" href=\"&#109;&#x61;&#105;&#x6c;&#116;&#x6f;&#58;&#x69;&#110;&#x66;&#111;&#x40;&#102;&#x75;&#110;&#x64;&#97;&#x63;&#105;&#x6f;&#116;&#x61;&#108;&#x6c;&#101;&#x72;s&#x2e;o&#x72;g\">&#x69;&#110;&#102;o&#x40;&#x66;&#117;n&#x64;&#x61;&#99;io&#x74;&#97;&#108;l&#x65;&#x72;&#115;&#46;&#x6f;&#x72;&#103;<\/a><\/span><\/p>\t\t\t\t\t\t\t\t<\/div>\n\t\t\t\t<\/div>\n\t\t\t\t\t<\/div>\n\t\t<\/div>\n\t\t\t\t<div class=\"elementor-column elementor-col-33 elementor-top-column elementor-element elementor-element-7a34088c\" data-id=\"7a34088c\" data-element_type=\"column\" data-e-type=\"column\">\n\t\t\t<div class=\"elementor-widget-wrap elementor-element-populated\">\n\t\t\t\t\t\t<div class=\"elementor-element elementor-element-3e7c4755 elementor-widget elementor-widget-text-editor\" data-id=\"3e7c4755\" data-element_type=\"widget\" data-e-type=\"widget\" data-widget_type=\"text-editor.default\">\n\t\t\t\t<div class=\"elementor-widget-container\">\n\t\t\t\t\t\t\t\t\t<p><strong>Treballa amb nosaltres<\/strong><br \/>Vols formar part del nostre equip i comparteixes la nostra missi\u00f3, visi\u00f3 i valors?<br \/><span style=\"text-decoration: underline;\"><a style=\"color: #ffffff; text-decoration: underline;\" href=\"https:\/\/fundaciotallers.org\/ca\/treballa-amb-nosaltres\/\" rel=\"noopener\">Veure m\u00e9s<\/a><\/span><\/p>\t\t\t\t\t\t\t\t<\/div>\n\t\t\t\t<\/div>\n\t\t\t\t\t<\/div>\n\t\t<\/div>\n\t\t\t\t<div class=\"elementor-column elementor-col-33 elementor-top-column elementor-element elementor-element-7649722d\" data-id=\"7649722d\" data-element_type=\"column\" data-e-type=\"column\">\n\t\t\t<div class=\"elementor-widget-wrap elementor-element-populated\">\n\t\t\t\t\t\t<div class=\"elementor-element elementor-element-30ed0cf2 elementor-widget elementor-widget-text-editor\" data-id=\"30ed0cf2\" data-element_type=\"widget\" data-e-type=\"widget\" data-widget_type=\"text-editor.default\">\n\t\t\t\t<div class=\"elementor-widget-container\">\n\t\t\t\t\t\t\t\t\t<p><strong>Segueix-nos a les xarxes<\/strong><\/p>\t\t\t\t\t\t\t\t<\/div>\n\t\t\t\t<\/div>\n\t\t\t\t<section class=\"elementor-section elementor-inner-section elementor-element elementor-element-e8ba75e elementor-section-boxed elementor-section-height-default elementor-section-height-default\" data-id=\"e8ba75e\" data-element_type=\"section\" data-e-type=\"section\">\n\t\t\t\t\t\t<div class=\"elementor-container elementor-column-gap-default\">\n\t\t\t\t\t<div class=\"elementor-column elementor-col-50 elementor-inner-column elementor-element elementor-element-cd781b4\" data-id=\"cd781b4\" data-element_type=\"column\" data-e-type=\"column\">\n\t\t\t<div class=\"elementor-widget-wrap elementor-element-populated\">\n\t\t\t\t\t\t<div class=\"elementor-element elementor-element-32f4ac5 elementor-view-default elementor-widget elementor-widget-icon\" data-id=\"32f4ac5\" data-element_type=\"widget\" data-e-type=\"widget\" data-widget_type=\"icon.default\">\n\t\t\t\t<div class=\"elementor-widget-container\">\n\t\t\t\t\t\t\t<div class=\"elementor-icon-wrapper\">\n\t\t\t<a class=\"elementor-icon\" href=\"https:\/\/www.instagram.com\/fundaciotallers\/\" target=\"_blank\">\n\t\t\t<i aria-hidden=\"true\" class=\"fab fa-instagram\"><\/i>\t\t\t<\/a>\n\t\t<\/div>\n\t\t\t\t\t\t<\/div>\n\t\t\t\t<\/div>\n\t\t\t\t\t<\/div>\n\t\t<\/div>\n\t\t\t\t<div class=\"elementor-column elementor-col-50 elementor-inner-column elementor-element elementor-element-2b22888\" data-id=\"2b22888\" data-element_type=\"column\" data-e-type=\"column\">\n\t\t\t<div class=\"elementor-widget-wrap elementor-element-populated\">\n\t\t\t\t\t\t<div class=\"elementor-element elementor-element-c166f05 elementor-view-default elementor-widget elementor-widget-icon\" data-id=\"c166f05\" data-element_type=\"widget\" data-e-type=\"widget\" data-widget_type=\"icon.default\">\n\t\t\t\t<div class=\"elementor-widget-container\">\n\t\t\t\t\t\t\t<div class=\"elementor-icon-wrapper\">\n\t\t\t<a class=\"elementor-icon\" href=\"https:\/\/www.linkedin.com\/company\/fundacio-tallers\/\" target=\"_blank\">\n\t\t\t<i aria-hidden=\"true\" class=\"fab fa-linkedin-in\"><\/i>\t\t\t<\/a>\n\t\t<\/div>\n\t\t\t\t\t\t<\/div>\n\t\t\t\t<\/div>\n\t\t\t\t\t<\/div>\n\t\t<\/div>\n\t\t\t\t\t<\/div>\n\t\t<\/section>\n\t\t\t\t\t<\/div>\n\t\t<\/div>\n\t\t\t\t\t<\/div>\n\t\t<\/section>\n\t\t\t\t<section class=\"elementor-section elementor-top-section elementor-element elementor-element-40511dc elementor-hidden-mobile elementor-section-boxed elementor-section-height-default elementor-section-height-default\" data-id=\"40511dc\" data-element_type=\"section\" data-e-type=\"section\" data-settings=\"{&quot;background_background&quot;:&quot;classic&quot;}\">\n\t\t\t\t\t\t<div class=\"elementor-container elementor-column-gap-default\">\n\t\t\t\t\t<div class=\"elementor-column elementor-col-100 elementor-top-column elementor-element elementor-element-7ccb07ab\" data-id=\"7ccb07ab\" data-element_type=\"column\" data-e-type=\"column\">\n\t\t\t<div class=\"elementor-widget-wrap elementor-element-populated\">\n\t\t\t\t\t\t<div class=\"elementor-element elementor-element-41b20b4a elementor-widget-divider--view-line elementor-widget elementor-widget-divider\" data-id=\"41b20b4a\" data-element_type=\"widget\" data-e-type=\"widget\" data-widget_type=\"divider.default\">\n\t\t\t\t<div class=\"elementor-widget-container\">\n\t\t\t\t\t\t\t<div class=\"elementor-divider\">\n\t\t\t<span class=\"elementor-divider-separator\">\n\t\t\t\t\t\t<\/span>\n\t\t<\/div>\n\t\t\t\t\t\t<\/div>\n\t\t\t\t<\/div>\n\t\t\t\t<div class=\"elementor-element elementor-element-1b60de33 elementor-widget elementor-widget-text-editor\" data-id=\"1b60de33\" data-element_type=\"widget\" data-e-type=\"widget\" data-widget_type=\"text-editor.default\">\n\t\t\t\t<div class=\"elementor-widget-container\">\n\t\t\t\t\t\t\t\t\t\u00a9 2025. <a style=\"color: #fff;\" href=\"https:\/\/fundaciotallers.org\/ca\/politica-de-privacitat\/\" target=\"_parent\" rel=\"noopener\">Pol\u00edtica de privacitat<\/a>\u00a0|\u00a0<a style=\"color: #fff;\" href=\"https:\/\/fundaciotallers.org\/ca\/politica-cookies\/\" target=\"_parent\" rel=\"noopener\">Pol\u00edtica de Cookies<\/a>\u00a0|\u00a0<a style=\"color: #fff;\" href=\"https:\/\/fundaciotallers.org\/ca\/avis-legal\/\" target=\"_parent\" rel=\"noopener\">Av\u00eds Legal<\/a>\u00a0|\u00a0<a style=\"color: #fff;\" href=\"https:\/\/fundaciotallers.org\/ca\/canal-denuncia\/\" target=\"_parent\" rel=\"noopener\">Canal den\u00fancia<\/a>\u00a0|\u00a0<a style=\"color: #fff;\" href=\"http:\/\/intranet.fhspereclaver.org\/Adm.php?Mc=1\" target=\"_blank\" rel=\"noopener\">Intranet<\/a>\t\t\t\t\t\t\t\t<\/div>\n\t\t\t\t<\/div>\n\t\t\t\t\t<\/div>\n\t\t<\/div>\n\t\t\t\t\t<\/div>\n\t\t<\/section>\n\t\t\t\t<section class=\"elementor-section elementor-top-section elementor-element elementor-element-3c08b3a elementor-hidden-desktop elementor-hidden-tablet elementor-section-boxed elementor-section-height-default elementor-section-height-default\" data-id=\"3c08b3a\" data-element_type=\"section\" data-e-type=\"section\" data-settings=\"{&quot;background_background&quot;:&quot;classic&quot;}\">\n\t\t\t\t\t\t<div class=\"elementor-container elementor-column-gap-default\">\n\t\t\t\t\t<div class=\"elementor-column elementor-col-100 elementor-top-column elementor-element elementor-element-abae429\" data-id=\"abae429\" data-element_type=\"column\" data-e-type=\"column\">\n\t\t\t<div class=\"elementor-widget-wrap elementor-element-populated\">\n\t\t\t\t\t\t<div class=\"elementor-element elementor-element-c1ac15e elementor-widget elementor-widget-text-editor\" data-id=\"c1ac15e\" data-element_type=\"widget\" data-e-type=\"widget\" data-widget_type=\"text-editor.default\">\n\t\t\t\t<div class=\"elementor-widget-container\">\n\t\t\t\t\t\t\t\t\t<p><strong>Fundaci\u00f3 Tallers | Inclusi\u00f3 Laboral<br \/><\/strong>Entitat de Pere Caver Grup<br \/>Tel. 93 392 23 11<br \/><span style=\"text-decoration: underline;\"><a style=\"color: #ffffff; text-decoration: underline;\" href=\"&#109;&#x61;&#105;&#x6c;&#116;&#x6f;&#58;&#x69;&#110;&#x66;&#111;&#x40;&#102;&#x75;&#110;&#x64;&#97;&#x63;&#105;&#x6f;&#116;&#x61;&#108;&#x6c;&#101;&#x72;s&#x2e;o&#x72;g\">&#105;&#110;&#x66;o&#64;&#x66;&#x75;n&#100;&#x61;&#x63;i&#111;&#x74;&#x61;l&#108;&#x65;&#x72;s&#46;&#x6f;&#x72;g<\/a><\/span><\/p>\t\t\t\t\t\t\t\t<\/div>\n\t\t\t\t<\/div>\n\t\t\t\t<div class=\"elementor-element elementor-element-1ebba66 elementor-widget elementor-widget-text-editor\" data-id=\"1ebba66\" data-element_type=\"widget\" data-e-type=\"widget\" data-widget_type=\"text-editor.default\">\n\t\t\t\t<div class=\"elementor-widget-container\">\n\t\t\t\t\t\t\t\t\t<p><strong>Treballa amb nosaltres<\/strong><br \/>Vols formar part del nostre equip i comparteixes<br \/>la nostra missi\u00f3, visi\u00f3 i valors? <span style=\"text-decoration: underline;\"><a style=\"color: #ffffff; text-decoration: underline;\" href=\"https:\/\/www.santpereclaver.org\/treballa-amb-nosaltres\/\" target=\"_blank\" rel=\"noopener\">Veure m\u00e9s<\/a><\/span><\/p>\t\t\t\t\t\t\t\t<\/div>\n\t\t\t\t<\/div>\n\t\t\t\t<div class=\"elementor-element elementor-element-b40b64c elementor-widget elementor-widget-text-editor\" data-id=\"b40b64c\" data-element_type=\"widget\" data-e-type=\"widget\" data-widget_type=\"text-editor.default\">\n\t\t\t\t<div class=\"elementor-widget-container\">\n\t\t\t\t\t\t\t\t\t<p><strong>Segueix-nos a les xarxes<\/strong><\/p>\t\t\t\t\t\t\t\t<\/div>\n\t\t\t\t<\/div>\n\t\t\t\t<section class=\"elementor-section elementor-inner-section elementor-element elementor-element-62a2fce elementor-section-boxed elementor-section-height-default elementor-section-height-default\" data-id=\"62a2fce\" data-element_type=\"section\" data-e-type=\"section\">\n\t\t\t\t\t\t<div class=\"elementor-container elementor-column-gap-default\">\n\t\t\t\t\t<div class=\"elementor-column elementor-col-50 elementor-inner-column elementor-element elementor-element-d218c11\" data-id=\"d218c11\" data-element_type=\"column\" data-e-type=\"column\">\n\t\t\t<div class=\"elementor-widget-wrap elementor-element-populated\">\n\t\t\t\t\t\t<div class=\"elementor-element elementor-element-c3ecb0c elementor-view-default elementor-widget elementor-widget-icon\" data-id=\"c3ecb0c\" data-element_type=\"widget\" data-e-type=\"widget\" data-widget_type=\"icon.default\">\n\t\t\t\t<div class=\"elementor-widget-container\">\n\t\t\t\t\t\t\t<div class=\"elementor-icon-wrapper\">\n\t\t\t<a class=\"elementor-icon\" href=\"https:\/\/www.instagram.com\/fundaciotallers\/\" target=\"_blank\">\n\t\t\t<i aria-hidden=\"true\" class=\"fab fa-instagram\"><\/i>\t\t\t<\/a>\n\t\t<\/div>\n\t\t\t\t\t\t<\/div>\n\t\t\t\t<\/div>\n\t\t\t\t<div class=\"elementor-element elementor-element-6064f6e elementor-view-default elementor-widget elementor-widget-icon\" data-id=\"6064f6e\" data-element_type=\"widget\" data-e-type=\"widget\" data-widget_type=\"icon.default\">\n\t\t\t\t<div class=\"elementor-widget-container\">\n\t\t\t\t\t\t\t<div class=\"elementor-icon-wrapper\">\n\t\t\t<a class=\"elementor-icon\" href=\"https:\/\/www.linkedin.com\/company\/fundacio-tallers\/\" target=\"_blank\">\n\t\t\t<i aria-hidden=\"true\" class=\"fab fa-linkedin-in\"><\/i>\t\t\t<\/a>\n\t\t<\/div>\n\t\t\t\t\t\t<\/div>\n\t\t\t\t<\/div>\n\t\t\t\t\t<\/div>\n\t\t<\/div>\n\t\t\t\t<div class=\"elementor-column elementor-col-50 elementor-inner-column elementor-element elementor-element-63df5d0\" data-id=\"63df5d0\" data-element_type=\"column\" data-e-type=\"column\">\n\t\t\t<div class=\"elementor-widget-wrap\">\n\t\t\t\t\t\t\t<\/div>\n\t\t<\/div>\n\t\t\t\t\t<\/div>\n\t\t<\/section>\n\t\t\t\t<div class=\"elementor-element elementor-element-f3ccbdf elementor-widget-divider--view-line elementor-widget elementor-widget-divider\" data-id=\"f3ccbdf\" data-element_type=\"widget\" data-e-type=\"widget\" data-widget_type=\"divider.default\">\n\t\t\t\t<div class=\"elementor-widget-container\">\n\t\t\t\t\t\t\t<div class=\"elementor-divider\">\n\t\t\t<span class=\"elementor-divider-separator\">\n\t\t\t\t\t\t<\/span>\n\t\t<\/div>\n\t\t\t\t\t\t<\/div>\n\t\t\t\t<\/div>\n\t\t\t\t<div class=\"elementor-element elementor-element-8786153 elementor-widget elementor-widget-text-editor\" data-id=\"8786153\" data-element_type=\"widget\" data-e-type=\"widget\" data-widget_type=\"text-editor.default\">\n\t\t\t\t<div class=\"elementor-widget-container\">\n\t\t\t\t\t\t\t\t\t\u00a9 2025. <a style=\"color: #fff;\" href=\"https:\/\/fundaciotallers.org\/ca\/politica-de-privacitat\/\" target=\"_parent\" rel=\"noopener\">Pol\u00edtica de privacitat<\/a>\u00a0|\u00a0<a style=\"color: #fff;\" href=\"https:\/\/fundaciotallers.org\/ca\/politica-cookies\/\" target=\"_parent\" rel=\"noopener\">Pol\u00edtica de Cookies<\/a>\u00a0|\u00a0<a style=\"color: #fff;\" href=\"https:\/\/fundaciotallers.org\/ca\/avis-legal\/\" target=\"_parent\" rel=\"noopener\">Av\u00eds Legal<\/a>\u00a0|\u00a0<a style=\"color: #fff;\" href=\"https:\/\/fundaciotallers.org\/ca\/canal-denuncia\/\" target=\"_parent\" rel=\"noopener\">Canal den\u00fancia<\/a>\u00a0|\u00a0<a style=\"color: #fff;\" href=\"http:\/\/intranet.fhspereclaver.org\/Adm.php?Mc=1\" target=\"_blank\" rel=\"noopener\">Intranet<\/a>\t\t\t\t\t\t\t\t<\/div>\n\t\t\t\t<\/div>\n\t\t\t\t\t<\/div>\n\t\t<\/div>\n\t\t\t\t\t<\/div>\n\t\t<\/section>\n\t\t\t\t<\/div>\n\t\t","protected":false},"excerpt":{"rendered":"<p>Instagram Linkedin Catal\u00e0\u00a0 \u00a0|\u00a0 \u00a0Castell\u00e0 Qui som Coneix-nos Hist\u00f2ria Patronat i Comit\u00e8 de Direcci\u00f3 Equip de Coordinaci\u00f3 i Serveis de&hellip;<\/p>\n","protected":false},"author":7,"featured_media":0,"parent":0,"menu_order":0,"comment_status":"closed","ping_status":"closed","template":"elementor_header_footer","meta":{"footnotes":""},"class_list":["post-47551","page","type-page","status-publish","hentry"],"_links":{"self":[{"href":"https:\/\/fundaciotallers.org\/ca\/wp-json\/wp\/v2\/pages\/47551","targetHints":{"allow":["GET"]}}],"collection":[{"href":"https:\/\/fundaciotallers.org\/ca\/wp-json\/wp\/v2\/pages"}],"about":[{"href":"https:\/\/fundaciotallers.org\/ca\/wp-json\/wp\/v2\/types\/page"}],"author":[{"embeddable":true,"href":"https:\/\/fundaciotallers.org\/ca\/wp-json\/wp\/v2\/users\/7"}],"replies":[{"embeddable":true,"href":"https:\/\/fundaciotallers.org\/ca\/wp-json\/wp\/v2\/comments?post=47551"}],"version-history":[{"count":46,"href":"https:\/\/fundaciotallers.org\/ca\/wp-json\/wp\/v2\/pages\/47551\/revisions"}],"predecessor-version":[{"id":48736,"href":"https:\/\/fundaciotallers.org\/ca\/wp-json\/wp\/v2\/pages\/47551\/revisions\/48736"}],"wp:attachment":[{"href":"https:\/\/fundaciotallers.org\/ca\/wp-json\/wp\/v2\/media?parent=47551"}],"curies":[{"name":"wp","href":"https:\/\/api.w.org\/{rel}","templated":true}]}}