{"id":45862,"date":"2025-08-04T16:51:08","date_gmt":"2025-08-04T14:51:08","guid":{"rendered":"https:\/\/fundaciotallers.org\/?page_id=45862"},"modified":"2026-02-02T00:07:32","modified_gmt":"2026-02-01T23:07:32","slug":"colaboradors","status":"publish","type":"page","link":"https:\/\/fundaciotallers.org\/ca\/colaboradors\/","title":{"rendered":"Col\u00b7laboradors"},"content":{"rendered":"\t\t<div data-elementor-type=\"wp-page\" data-elementor-id=\"45862\" class=\"elementor elementor-45862\">\n\t\t\t\t\t\t<section class=\"elementor-section elementor-top-section elementor-element elementor-element-7a66e96 elementor-hidden-mobile elementor-section-boxed elementor-section-height-default elementor-section-height-default\" data-id=\"7a66e96\" data-element_type=\"section\" data-e-type=\"section\" data-settings=\"{&quot;background_background&quot;:&quot;classic&quot;}\">\n\t\t\t\t\t\t<div class=\"elementor-container elementor-column-gap-narrow\">\n\t\t\t\t\t<div class=\"elementor-column elementor-col-25 elementor-top-column elementor-element elementor-element-2cec266\" data-id=\"2cec266\" data-element_type=\"column\" data-e-type=\"column\">\n\t\t\t<div class=\"elementor-widget-wrap elementor-element-populated\">\n\t\t\t\t\t\t<div class=\"elementor-element elementor-element-ca3d253 elementor-widget elementor-widget-image\" data-id=\"ca3d253\" data-element_type=\"widget\" data-e-type=\"widget\" data-widget_type=\"image.default\">\n\t\t\t\t<div class=\"elementor-widget-container\">\n\t\t\t\t\t\t\t\t\t\t\t\t\t\t\t\t<a href=\"https:\/\/fundaciotallers.org\/ca\/\">\n\t\t\t\t\t\t\t<img fetchpriority=\"high\" decoding=\"async\" width=\"1024\" height=\"313\" src=\"https:\/\/fundaciotallers.org\/wp-content\/uploads\/2025\/07\/fundacio-tallers-inclusio-laboral-1024x313.png\" class=\"attachment-large size-large wp-image-44006\" alt=\"\" srcset=\"https:\/\/fundaciotallers.org\/wp-content\/uploads\/2025\/07\/fundacio-tallers-inclusio-laboral-1024x313.png 1024w, https:\/\/fundaciotallers.org\/wp-content\/uploads\/2025\/07\/fundacio-tallers-inclusio-laboral-300x92.png 300w, https:\/\/fundaciotallers.org\/wp-content\/uploads\/2025\/07\/fundacio-tallers-inclusio-laboral-768x234.png 768w, https:\/\/fundaciotallers.org\/wp-content\/uploads\/2025\/07\/fundacio-tallers-inclusio-laboral-1536x469.png 1536w, https:\/\/fundaciotallers.org\/wp-content\/uploads\/2025\/07\/fundacio-tallers-inclusio-laboral.png 1890w\" sizes=\"(max-width: 1024px) 100vw, 1024px\" \/>\t\t\t\t\t\t\t\t<\/a>\n\t\t\t\t\t\t\t\t\t\t\t\t\t\t\t<\/div>\n\t\t\t\t<\/div>\n\t\t\t\t\t<\/div>\n\t\t<\/div>\n\t\t\t\t<div class=\"elementor-column elementor-col-25 elementor-top-column elementor-element elementor-element-666e7d0\" data-id=\"666e7d0\" data-element_type=\"column\" data-e-type=\"column\">\n\t\t\t<div class=\"elementor-widget-wrap\">\n\t\t\t\t\t\t\t<\/div>\n\t\t<\/div>\n\t\t\t\t<div class=\"elementor-column elementor-col-25 elementor-top-column elementor-element elementor-element-4630cfd\" data-id=\"4630cfd\" data-element_type=\"column\" data-e-type=\"column\">\n\t\t\t<div class=\"elementor-widget-wrap elementor-element-populated\">\n\t\t\t\t\t\t<div class=\"elementor-element elementor-element-ae6f4d1 elementor-shape-circle e-grid-align-right elementor-grid-0 elementor-widget elementor-widget-social-icons\" data-id=\"ae6f4d1\" data-element_type=\"widget\" data-e-type=\"widget\" data-widget_type=\"social-icons.default\">\n\t\t\t\t<div class=\"elementor-widget-container\">\n\t\t\t\t\t\t\t<div class=\"elementor-social-icons-wrapper elementor-grid\" role=\"list\">\n\t\t\t\t\t\t\t<span class=\"elementor-grid-item\" role=\"listitem\">\n\t\t\t\t\t<a class=\"elementor-icon elementor-social-icon elementor-social-icon-instagram elementor-repeater-item-1e3f81b\" target=\"_blank\">\n\t\t\t\t\t\t<span class=\"elementor-screen-only\">Instagram<\/span>\n\t\t\t\t\t\t<i aria-hidden=\"true\" class=\"fab fa-instagram\"><\/i>\t\t\t\t\t<\/a>\n\t\t\t\t<\/span>\n\t\t\t\t\t\t\t<span class=\"elementor-grid-item\" role=\"listitem\">\n\t\t\t\t\t<a class=\"elementor-icon elementor-social-icon elementor-social-icon-linkedin elementor-repeater-item-980f104\" target=\"_blank\">\n\t\t\t\t\t\t<span class=\"elementor-screen-only\">Linkedin<\/span>\n\t\t\t\t\t\t<i aria-hidden=\"true\" class=\"fab fa-linkedin\"><\/i>\t\t\t\t\t<\/a>\n\t\t\t\t<\/span>\n\t\t\t\t\t<\/div>\n\t\t\t\t\t\t<\/div>\n\t\t\t\t<\/div>\n\t\t\t\t\t<\/div>\n\t\t<\/div>\n\t\t\t\t<div class=\"elementor-column elementor-col-25 elementor-top-column elementor-element elementor-element-d280427\" data-id=\"d280427\" data-element_type=\"column\" data-e-type=\"column\">\n\t\t\t<div class=\"elementor-widget-wrap elementor-element-populated\">\n\t\t\t\t\t\t<div class=\"elementor-element elementor-element-357ee89 elementor-widget elementor-widget-text-editor\" data-id=\"357ee89\" data-element_type=\"widget\" data-e-type=\"widget\" data-widget_type=\"text-editor.default\">\n\t\t\t\t<div class=\"elementor-widget-container\">\n\t\t\t\t\t\t\t\t\t<a href=\"https:\/\/fundaciotallers.org\/ca\/\">Catal\u00e0\u00a0<\/a> \u00a0|\u00a0 \u00a0<a href=\"https:\/\/fundaciotallers.org\/es\/\">Castell\u00e0<\/a>\t\t\t\t\t\t\t\t<\/div>\n\t\t\t\t<\/div>\n\t\t\t\t\t<\/div>\n\t\t<\/div>\n\t\t\t\t\t<\/div>\n\t\t<\/section>\n\t\t\t\t<section class=\"elementor-section elementor-top-section elementor-element elementor-element-355935b elementor-hidden-desktop elementor-hidden-tablet elementor-hidden-mobile elementor-section-boxed elementor-section-height-default elementor-section-height-default\" data-id=\"355935b\" data-element_type=\"section\" data-e-type=\"section\">\n\t\t\t\t\t\t<div class=\"elementor-container elementor-column-gap-narrow\">\n\t\t\t\t\t<div class=\"elementor-column elementor-col-50 elementor-top-column elementor-element elementor-element-86de6ef\" data-id=\"86de6ef\" data-element_type=\"column\" data-e-type=\"column\">\n\t\t\t<div class=\"elementor-widget-wrap elementor-element-populated\">\n\t\t\t\t\t\t<div class=\"elementor-element elementor-element-2d172f3 eael_simple_menu_hamburger_disable_selected_menu_no eael-simple-menu-hamburger-align-right eael-hamburger--tablet elementor-widget elementor-widget-eael-simple-menu\" data-id=\"2d172f3\" data-element_type=\"widget\" data-e-type=\"widget\" data-widget_type=\"eael-simple-menu.default\">\n\t\t\t\t<div class=\"elementor-widget-container\">\n\t\t\t\t\t<style>\n                        @media screen and (max-width: 1024px) {\n                            .eael-hamburger--tablet {\n                                .eael-simple-menu-horizontal,\n                                .eael-simple-menu-vertical {\n                                    display: none;\n                                }\n                            }\n                            .eael-hamburger--tablet {\n                                .eael-simple-menu-container .eael-simple-menu-toggle {\n                                    display: block;\n                                }\n                            }\n                        }\n                        .eael-simple-menu-container.eael-simple-menu--loading > ul {\n                            display: -webkit-box !important;\n                            display: -ms-flexbox !important;\n                            display: flex !important;\n                            list-style: none !important;\n                        }\n                        .eael-simple-menu-container.eael-simple-menu--loading li ul {\n                            visibility: hidden !important;\n                            opacity: 0 !important;\n                        }\n                    <\/style>            <div data-hamburger-icon=\"&lt;i aria-hidden=&quot;true&quot; class=&quot;fas fa-bars&quot;&gt;&lt;\/i&gt;\" data-indicator-icon=\"&lt;i aria-hidden=&quot;true&quot; class=&quot;fas fa-angle-down&quot;&gt;&lt;\/i&gt;\" data-dropdown-indicator-icon=\"&lt;i class=&quot;fas fa-angle-down&quot;&gt;&lt;\/i&gt;\" class=\"eael-simple-menu-container eael-simple-menu--loading eael-simple-menu-align-left eael-simple-menu-dropdown-align-left preset-1\" data-hamburger-breakpoints=\"{&quot;mobile&quot;:&quot;M\\u00f2bil vertical (&gt; 767px)&quot;,&quot;tablet&quot;:&quot;Tauleta vertical (&gt; 1024px)&quot;,&quot;desktop&quot;:&quot;Desktop (&gt; 2400px)&quot;,&quot;none&quot;:&quot;None&quot;}\" data-hamburger-device=\"tablet\">\n                <ul id=\"menu-nova-web-cat\" class=\"eael-simple-menu eael-simple-menu-dropdown-animate-to-top eael-simple-menu-indicator eael-simple-menu-horizontal\"><li id=\"menu-item-44083\" class=\"menu-item menu-item-type-custom menu-item-object-custom menu-item-has-children menu-item-44083\"><a href=\"#\">Qui som<\/a>\n<ul class=\"sub-menu\">\n\t<li id=\"menu-item-47149\" class=\"menu-item menu-item-type-post_type menu-item-object-page menu-item-47149\"><a href=\"https:\/\/fundaciotallers.org\/ca\/coneixnos\/\">Coneix-nos<\/a><\/li>\n\t<li id=\"menu-item-47102\" class=\"menu-item menu-item-type-post_type menu-item-object-page menu-item-47102\"><a href=\"https:\/\/fundaciotallers.org\/ca\/historia-2\/\">Hist\u00f2ria<\/a><\/li>\n\t<li id=\"menu-item-47666\" class=\"menu-item menu-item-type-post_type menu-item-object-page menu-item-47666\"><a href=\"https:\/\/fundaciotallers.org\/ca\/patronat-i-comite-de-direccio\/\">Patronat i Comit\u00e8 de Direcci\u00f3<\/a><\/li>\n\t<li id=\"menu-item-47665\" class=\"menu-item menu-item-type-post_type menu-item-object-page menu-item-47665\"><a href=\"https:\/\/fundaciotallers.org\/ca\/equip-coordinacio-serveis-de-suport\/\">Equip de Coordinaci\u00f3 i Serveis de Suport<\/a><\/li>\n\t<li id=\"menu-item-45928\" class=\"menu-item menu-item-type-post_type menu-item-object-page menu-item-45928\"><a href=\"https:\/\/fundaciotallers.org\/ca\/portal-transparencia\/\">Portal de Transpar\u00e8ncia<\/a><\/li>\n\t<li id=\"menu-item-45929\" class=\"menu-item menu-item-type-post_type menu-item-object-page menu-item-45929\"><a href=\"https:\/\/fundaciotallers.org\/ca\/portal-transparencia\/memoria\/\">Mem\u00f2ries<\/a><\/li>\n\t<li id=\"menu-item-46143\" class=\"menu-item menu-item-type-post_type menu-item-object-page menu-item-46143\"><a href=\"https:\/\/fundaciotallers.org\/ca\/politica-de-qualitat-i-medi-ambient\/\">Pol\u00edtica de qualitat i medi ambient<\/a><\/li>\n\t<li id=\"menu-item-46144\" class=\"menu-item menu-item-type-post_type menu-item-object-page menu-item-46144\"><a href=\"https:\/\/fundaciotallers.org\/ca\/colaboradors\/\">Col\u00b7laboradors<\/a><\/li>\n<\/ul>\n<\/li>\n<li id=\"menu-item-45972\" class=\"menu-item menu-item-type-post_type menu-item-object-page menu-item-has-children menu-item-45972\"><a href=\"https:\/\/fundaciotallers.org\/ca\/serveis-per-a-les-persones\/\">A les persones<\/a>\n<ul class=\"sub-menu\">\n\t<li id=\"menu-item-44953\" class=\"menu-item menu-item-type-post_type menu-item-object-page menu-item-44953\"><a href=\"https:\/\/fundaciotallers.org\/ca\/servei-de-formacio-ocupacional\/\">Formaci\u00f3 ocupacional<\/a><\/li>\n\t<li id=\"menu-item-45205\" class=\"menu-item menu-item-type-post_type menu-item-object-page menu-item-45205\"><a href=\"https:\/\/fundaciotallers.org\/ca\/servei-dinsercio-laboral-sil\/\">Servei d\u2019Inserci\u00f3 Laboral (SIL)<\/a><\/li>\n\t<li id=\"menu-item-46286\" class=\"menu-item menu-item-type-post_type menu-item-object-page menu-item-46286\"><a href=\"https:\/\/fundaciotallers.org\/ca\/centre-especial-de-treball\/\">Centre Especial de Treball<\/a><\/li>\n\t<li id=\"menu-item-45968\" class=\"menu-item menu-item-type-post_type menu-item-object-page menu-item-45968\"><a href=\"https:\/\/fundaciotallers.org\/ca\/equip-multidiciplinari-suport\/\">Equip Multidisciplinari de Suport (EMS)<\/a><\/li>\n\t<li id=\"menu-item-46639\" class=\"menu-item menu-item-type-post_type menu-item-object-page menu-item-46639\"><a href=\"https:\/\/fundaciotallers.org\/ca\/empresa-insercio\/\">Empresa d\u2019inserci\u00f3<\/a><\/li>\n<\/ul>\n<\/li>\n<li id=\"menu-item-45971\" class=\"menu-item menu-item-type-post_type menu-item-object-page menu-item-has-children menu-item-45971\"><a href=\"https:\/\/fundaciotallers.org\/ca\/serveis-per-a-les-empreses\/\">A les empreses<\/a>\n<ul class=\"sub-menu\">\n\t<li id=\"menu-item-46679\" class=\"menu-item menu-item-type-post_type menu-item-object-page menu-item-46679\"><a href=\"https:\/\/fundaciotallers.org\/ca\/compliment-llei-discapacitat\/\">Compliment Llei Discapacitat<\/a><\/li>\n\t<li id=\"menu-item-45269\" class=\"menu-item menu-item-type-post_type menu-item-object-page menu-item-45269\"><a href=\"https:\/\/fundaciotallers.org\/ca\/jardineria\/\">Jardineria<\/a><\/li>\n\t<li id=\"menu-item-46710\" class=\"menu-item menu-item-type-post_type menu-item-object-page menu-item-46710\"><a href=\"https:\/\/fundaciotallers.org\/ca\/serveis-de-neteja\/\">Neteja<\/a><\/li>\n\t<li id=\"menu-item-46656\" class=\"menu-item menu-item-type-post_type menu-item-object-page menu-item-46656\"><a href=\"https:\/\/fundaciotallers.org\/ca\/manipulats-logistica-industrial\/\">Manipulats, log\u00edstica industrial i serveis t\u00e8xtils<\/a><\/li>\n\t<li id=\"menu-item-46928\" class=\"menu-item menu-item-type-post_type menu-item-object-page menu-item-46928\"><a href=\"https:\/\/fundaciotallers.org\/ca\/serveis-de-tintoreria-i-bugaderia\/\">Tintoreria<\/a><\/li>\n\t<li id=\"menu-item-47035\" class=\"menu-item menu-item-type-post_type menu-item-object-page menu-item-47035\"><a href=\"https:\/\/fundaciotallers.org\/ca\/servei-de-gestio-documental\/\">Externalitzaci\u00f3 processos administratius<\/a><\/li>\n<\/ul>\n<\/li>\n<li id=\"menu-item-47042\" class=\"menu-item menu-item-type-post_type menu-item-object-page menu-item-has-children menu-item-47042\"><a href=\"https:\/\/fundaciotallers.org\/ca\/serveis-per-a-les-administracions\/\">A les administracions<\/a>\n<ul class=\"sub-menu\">\n\t<li id=\"menu-item-47283\" class=\"menu-item menu-item-type-post_type menu-item-object-page menu-item-47283\"><a href=\"https:\/\/fundaciotallers.org\/ca\/serveis-jardineria-administracions-publiques\/\">Jardineria<\/a><\/li>\n\t<li id=\"menu-item-47477\" class=\"menu-item menu-item-type-post_type menu-item-object-page menu-item-47477\"><a href=\"https:\/\/fundaciotallers.org\/ca\/neteja-interiors\/\">Neteja d\u2019interiors<\/a><\/li>\n\t<li id=\"menu-item-46503\" class=\"menu-item menu-item-type-post_type menu-item-object-page menu-item-46503\"><a href=\"https:\/\/fundaciotallers.org\/ca\/neteja-viaria\/\">Neteja Vi\u00e0ria<\/a><\/li>\n\t<li id=\"menu-item-46736\" class=\"menu-item menu-item-type-post_type menu-item-object-page menu-item-46736\"><a href=\"https:\/\/fundaciotallers.org\/ca\/gestio-deixalleries-punts-verds\/\">Gesti\u00f3 de deixalleries i punts verds<\/a><\/li>\n\t<li id=\"menu-item-46931\" class=\"menu-item menu-item-type-post_type menu-item-object-page menu-item-46931\"><a href=\"https:\/\/fundaciotallers.org\/ca\/externalitzacio-dels-procesos-administratius\/\">Gesti\u00f3 documental<\/a><\/li>\n<\/ul>\n<\/li>\n<li id=\"menu-item-45780\" class=\"menu-item menu-item-type-post_type menu-item-object-page menu-item-45780\"><a href=\"https:\/\/fundaciotallers.org\/ca\/treballa-amb-nosaltres-ofertes\/\">Treballa amb nosaltres<\/a><\/li>\n<li id=\"menu-item-45970\" class=\"menu-item menu-item-type-custom menu-item-object-custom menu-item-45970\"><a target=\"_blank\" href=\"https:\/\/www.pereclaver.org\/voluntariat\/\">Voluntariat<\/a><\/li>\n<li id=\"menu-item-45855\" class=\"menu-item menu-item-type-post_type menu-item-object-page menu-item-45855\"><a href=\"https:\/\/fundaciotallers.org\/ca\/noticies\/\">Blog<\/a><\/li>\n<li id=\"menu-item-46507\" class=\"menu-item menu-item-type-post_type menu-item-object-page menu-item-46507\"><a href=\"https:\/\/fundaciotallers.org\/ca\/contacte\/\">Contacte<\/a><\/li>\n<\/ul>                <button class=\"eael-simple-menu-toggle\">\n                    <span class=\"sr-only \">Hamburger Toggle Menu<\/span>\n                    <i aria-hidden=\"true\" class=\"fas fa-bars\"><\/i>                <\/button>\n            <\/div>\n            \t\t\t\t<\/div>\n\t\t\t\t<\/div>\n\t\t\t\t\t<\/div>\n\t\t<\/div>\n\t\t\t\t<div class=\"elementor-column elementor-col-25 elementor-top-column elementor-element elementor-element-d4cf54f\" data-id=\"d4cf54f\" data-element_type=\"column\" data-e-type=\"column\">\n\t\t\t<div class=\"elementor-widget-wrap elementor-element-populated\">\n\t\t\t\t\t\t<div class=\"elementor-element elementor-element-d912864 elementor-align-right elementor-widget elementor-widget-button\" data-id=\"d912864\" data-element_type=\"widget\" data-e-type=\"widget\" data-widget_type=\"button.default\">\n\t\t\t\t<div class=\"elementor-widget-container\">\n\t\t\t\t\t\t\t\t\t<div class=\"elementor-button-wrapper\">\n\t\t\t\t\t<a class=\"elementor-button elementor-size-sm\" role=\"button\">\n\t\t\t\t\t\t<span class=\"elementor-button-content-wrapper\">\n\t\t\t\t\t\t\t\t\t<span class=\"elementor-button-text\">Col\u00b7labora<\/span>\n\t\t\t\t\t<\/span>\n\t\t\t\t\t<\/a>\n\t\t\t\t<\/div>\n\t\t\t\t\t\t\t\t<\/div>\n\t\t\t\t<\/div>\n\t\t\t\t\t<\/div>\n\t\t<\/div>\n\t\t\t\t<div class=\"elementor-column elementor-col-25 elementor-top-column elementor-element elementor-element-7dcf9ce\" data-id=\"7dcf9ce\" data-element_type=\"column\" data-e-type=\"column\">\n\t\t\t<div class=\"elementor-widget-wrap elementor-element-populated\">\n\t\t\t\t\t\t<div class=\"elementor-element elementor-element-e062868 elementor-align-right elementor-widget elementor-widget-button\" data-id=\"e062868\" data-element_type=\"widget\" data-e-type=\"widget\" data-widget_type=\"button.default\">\n\t\t\t\t<div class=\"elementor-widget-container\">\n\t\t\t\t\t\t\t\t\t<div class=\"elementor-button-wrapper\">\n\t\t\t\t\t<a class=\"elementor-button elementor-size-sm\" role=\"button\">\n\t\t\t\t\t\t<span class=\"elementor-button-content-wrapper\">\n\t\t\t\t\t\t\t\t\t<span class=\"elementor-button-text\">Dona<\/span>\n\t\t\t\t\t<\/span>\n\t\t\t\t\t<\/a>\n\t\t\t\t<\/div>\n\t\t\t\t\t\t\t\t<\/div>\n\t\t\t\t<\/div>\n\t\t\t\t\t<\/div>\n\t\t<\/div>\n\t\t\t\t\t<\/div>\n\t\t<\/section>\n\t\t\t\t<section class=\"elementor-section elementor-top-section elementor-element elementor-element-8b641f6 elementor-hidden-mobile elementor-section-boxed elementor-section-height-default elementor-section-height-default\" data-id=\"8b641f6\" data-element_type=\"section\" data-e-type=\"section\">\n\t\t\t\t\t\t<div class=\"elementor-container elementor-column-gap-narrow\">\n\t\t\t\t\t<div class=\"elementor-column elementor-col-100 elementor-top-column elementor-element elementor-element-e11c24b\" data-id=\"e11c24b\" data-element_type=\"column\" data-e-type=\"column\">\n\t\t\t<div class=\"elementor-widget-wrap elementor-element-populated\">\n\t\t\t\t\t\t<div class=\"elementor-element elementor-element-96f293f eael_simple_menu_hamburger_disable_selected_menu_no eael-simple-menu-hamburger-align-right eael-hamburger--tablet elementor-widget elementor-widget-eael-simple-menu\" data-id=\"96f293f\" data-element_type=\"widget\" data-e-type=\"widget\" data-widget_type=\"eael-simple-menu.default\">\n\t\t\t\t<div class=\"elementor-widget-container\">\n\t\t\t\t\t<style>\n                        @media screen and (max-width: 1024px) {\n                            .eael-hamburger--tablet {\n                                .eael-simple-menu-horizontal,\n                                .eael-simple-menu-vertical {\n                                    display: none;\n                                }\n                            }\n                            .eael-hamburger--tablet {\n                                .eael-simple-menu-container .eael-simple-menu-toggle {\n                                    display: block;\n                                }\n                            }\n                        }\n                        .eael-simple-menu-container.eael-simple-menu--loading > ul {\n                            display: -webkit-box !important;\n                            display: -ms-flexbox !important;\n                            display: flex !important;\n                            list-style: none !important;\n                        }\n                        .eael-simple-menu-container.eael-simple-menu--loading li ul {\n                            visibility: hidden !important;\n                            opacity: 0 !important;\n                        }\n                    <\/style>            <div data-hamburger-icon=\"&lt;i aria-hidden=&quot;true&quot; class=&quot;fas fa-bars&quot;&gt;&lt;\/i&gt;\" data-indicator-icon=\"&lt;i aria-hidden=&quot;true&quot; class=&quot;fas fa-angle-down&quot;&gt;&lt;\/i&gt;\" data-dropdown-indicator-icon=\"&lt;i class=&quot;fas fa-angle-down&quot;&gt;&lt;\/i&gt;\" class=\"eael-simple-menu-container eael-simple-menu--loading eael-simple-menu-align-left eael-simple-menu-dropdown-align-left preset-1\" data-hamburger-breakpoints=\"{&quot;mobile&quot;:&quot;M\\u00f2bil vertical (&gt; 767px)&quot;,&quot;tablet&quot;:&quot;Tauleta vertical (&gt; 1024px)&quot;,&quot;desktop&quot;:&quot;Desktop (&gt; 2400px)&quot;,&quot;none&quot;:&quot;None&quot;}\" data-hamburger-device=\"tablet\">\n                <ul id=\"menu-nova-web-cat-1\" class=\"eael-simple-menu eael-simple-menu-dropdown-animate-to-top eael-simple-menu-indicator eael-simple-menu-horizontal\"><li class=\"menu-item menu-item-type-custom menu-item-object-custom menu-item-has-children menu-item-44083\"><a href=\"#\">Qui som<\/a>\n<ul class=\"sub-menu\">\n\t<li class=\"menu-item menu-item-type-post_type menu-item-object-page menu-item-47149\"><a href=\"https:\/\/fundaciotallers.org\/ca\/coneixnos\/\">Coneix-nos<\/a><\/li>\n\t<li class=\"menu-item menu-item-type-post_type menu-item-object-page menu-item-47102\"><a href=\"https:\/\/fundaciotallers.org\/ca\/historia-2\/\">Hist\u00f2ria<\/a><\/li>\n\t<li class=\"menu-item menu-item-type-post_type menu-item-object-page menu-item-47666\"><a href=\"https:\/\/fundaciotallers.org\/ca\/patronat-i-comite-de-direccio\/\">Patronat i Comit\u00e8 de Direcci\u00f3<\/a><\/li>\n\t<li class=\"menu-item menu-item-type-post_type menu-item-object-page menu-item-47665\"><a href=\"https:\/\/fundaciotallers.org\/ca\/equip-coordinacio-serveis-de-suport\/\">Equip de Coordinaci\u00f3 i Serveis de Suport<\/a><\/li>\n\t<li class=\"menu-item menu-item-type-post_type menu-item-object-page menu-item-45928\"><a href=\"https:\/\/fundaciotallers.org\/ca\/portal-transparencia\/\">Portal de Transpar\u00e8ncia<\/a><\/li>\n\t<li class=\"menu-item menu-item-type-post_type menu-item-object-page menu-item-45929\"><a href=\"https:\/\/fundaciotallers.org\/ca\/portal-transparencia\/memoria\/\">Mem\u00f2ries<\/a><\/li>\n\t<li class=\"menu-item menu-item-type-post_type menu-item-object-page menu-item-46143\"><a href=\"https:\/\/fundaciotallers.org\/ca\/politica-de-qualitat-i-medi-ambient\/\">Pol\u00edtica de qualitat i medi ambient<\/a><\/li>\n\t<li class=\"menu-item menu-item-type-post_type menu-item-object-page menu-item-46144\"><a href=\"https:\/\/fundaciotallers.org\/ca\/colaboradors\/\">Col\u00b7laboradors<\/a><\/li>\n<\/ul>\n<\/li>\n<li class=\"menu-item menu-item-type-post_type menu-item-object-page menu-item-has-children menu-item-45972\"><a href=\"https:\/\/fundaciotallers.org\/ca\/serveis-per-a-les-persones\/\">A les persones<\/a>\n<ul class=\"sub-menu\">\n\t<li class=\"menu-item menu-item-type-post_type menu-item-object-page menu-item-44953\"><a href=\"https:\/\/fundaciotallers.org\/ca\/servei-de-formacio-ocupacional\/\">Formaci\u00f3 ocupacional<\/a><\/li>\n\t<li class=\"menu-item menu-item-type-post_type menu-item-object-page menu-item-45205\"><a href=\"https:\/\/fundaciotallers.org\/ca\/servei-dinsercio-laboral-sil\/\">Servei d\u2019Inserci\u00f3 Laboral (SIL)<\/a><\/li>\n\t<li class=\"menu-item menu-item-type-post_type menu-item-object-page menu-item-46286\"><a href=\"https:\/\/fundaciotallers.org\/ca\/centre-especial-de-treball\/\">Centre Especial de Treball<\/a><\/li>\n\t<li class=\"menu-item menu-item-type-post_type menu-item-object-page menu-item-45968\"><a href=\"https:\/\/fundaciotallers.org\/ca\/equip-multidiciplinari-suport\/\">Equip Multidisciplinari de Suport (EMS)<\/a><\/li>\n\t<li class=\"menu-item menu-item-type-post_type menu-item-object-page menu-item-46639\"><a href=\"https:\/\/fundaciotallers.org\/ca\/empresa-insercio\/\">Empresa d\u2019inserci\u00f3<\/a><\/li>\n<\/ul>\n<\/li>\n<li class=\"menu-item menu-item-type-post_type menu-item-object-page menu-item-has-children menu-item-45971\"><a href=\"https:\/\/fundaciotallers.org\/ca\/serveis-per-a-les-empreses\/\">A les empreses<\/a>\n<ul class=\"sub-menu\">\n\t<li class=\"menu-item menu-item-type-post_type menu-item-object-page menu-item-46679\"><a href=\"https:\/\/fundaciotallers.org\/ca\/compliment-llei-discapacitat\/\">Compliment Llei Discapacitat<\/a><\/li>\n\t<li class=\"menu-item menu-item-type-post_type menu-item-object-page menu-item-45269\"><a href=\"https:\/\/fundaciotallers.org\/ca\/jardineria\/\">Jardineria<\/a><\/li>\n\t<li class=\"menu-item menu-item-type-post_type menu-item-object-page menu-item-46710\"><a href=\"https:\/\/fundaciotallers.org\/ca\/serveis-de-neteja\/\">Neteja<\/a><\/li>\n\t<li class=\"menu-item menu-item-type-post_type menu-item-object-page menu-item-46656\"><a href=\"https:\/\/fundaciotallers.org\/ca\/manipulats-logistica-industrial\/\">Manipulats, log\u00edstica industrial i serveis t\u00e8xtils<\/a><\/li>\n\t<li class=\"menu-item menu-item-type-post_type menu-item-object-page menu-item-46928\"><a href=\"https:\/\/fundaciotallers.org\/ca\/serveis-de-tintoreria-i-bugaderia\/\">Tintoreria<\/a><\/li>\n\t<li class=\"menu-item menu-item-type-post_type menu-item-object-page menu-item-47035\"><a href=\"https:\/\/fundaciotallers.org\/ca\/servei-de-gestio-documental\/\">Externalitzaci\u00f3 processos administratius<\/a><\/li>\n<\/ul>\n<\/li>\n<li class=\"menu-item menu-item-type-post_type menu-item-object-page menu-item-has-children menu-item-47042\"><a href=\"https:\/\/fundaciotallers.org\/ca\/serveis-per-a-les-administracions\/\">A les administracions<\/a>\n<ul class=\"sub-menu\">\n\t<li class=\"menu-item menu-item-type-post_type menu-item-object-page menu-item-47283\"><a href=\"https:\/\/fundaciotallers.org\/ca\/serveis-jardineria-administracions-publiques\/\">Jardineria<\/a><\/li>\n\t<li class=\"menu-item menu-item-type-post_type menu-item-object-page menu-item-47477\"><a href=\"https:\/\/fundaciotallers.org\/ca\/neteja-interiors\/\">Neteja d\u2019interiors<\/a><\/li>\n\t<li class=\"menu-item menu-item-type-post_type menu-item-object-page menu-item-46503\"><a href=\"https:\/\/fundaciotallers.org\/ca\/neteja-viaria\/\">Neteja Vi\u00e0ria<\/a><\/li>\n\t<li class=\"menu-item menu-item-type-post_type menu-item-object-page menu-item-46736\"><a href=\"https:\/\/fundaciotallers.org\/ca\/gestio-deixalleries-punts-verds\/\">Gesti\u00f3 de deixalleries i punts verds<\/a><\/li>\n\t<li class=\"menu-item menu-item-type-post_type menu-item-object-page menu-item-46931\"><a href=\"https:\/\/fundaciotallers.org\/ca\/externalitzacio-dels-procesos-administratius\/\">Gesti\u00f3 documental<\/a><\/li>\n<\/ul>\n<\/li>\n<li class=\"menu-item menu-item-type-post_type menu-item-object-page menu-item-45780\"><a href=\"https:\/\/fundaciotallers.org\/ca\/treballa-amb-nosaltres-ofertes\/\">Treballa amb nosaltres<\/a><\/li>\n<li class=\"menu-item menu-item-type-custom menu-item-object-custom menu-item-45970\"><a target=\"_blank\" href=\"https:\/\/www.pereclaver.org\/voluntariat\/\">Voluntariat<\/a><\/li>\n<li class=\"menu-item menu-item-type-post_type menu-item-object-page menu-item-45855\"><a href=\"https:\/\/fundaciotallers.org\/ca\/noticies\/\">Blog<\/a><\/li>\n<li class=\"menu-item menu-item-type-post_type menu-item-object-page menu-item-46507\"><a href=\"https:\/\/fundaciotallers.org\/ca\/contacte\/\">Contacte<\/a><\/li>\n<\/ul>                <button class=\"eael-simple-menu-toggle\">\n                    <span class=\"sr-only \">Hamburger Toggle Menu<\/span>\n                    <i aria-hidden=\"true\" class=\"fas fa-bars\"><\/i>                <\/button>\n            <\/div>\n            \t\t\t\t<\/div>\n\t\t\t\t<\/div>\n\t\t\t\t\t<\/div>\n\t\t<\/div>\n\t\t\t\t\t<\/div>\n\t\t<\/section>\n\t\t\t\t<section class=\"elementor-section elementor-top-section elementor-element elementor-element-a664ec5 elementor-section-full_width elementor-section-height-default elementor-section-height-default\" data-id=\"a664ec5\" data-element_type=\"section\" data-e-type=\"section\">\n\t\t\t\t\t\t<div class=\"elementor-container elementor-column-gap-default\">\n\t\t\t\t\t<div class=\"elementor-column elementor-col-100 elementor-top-column elementor-element elementor-element-80b8f6f\" data-id=\"80b8f6f\" data-element_type=\"column\" data-e-type=\"column\">\n\t\t\t<div class=\"elementor-widget-wrap elementor-element-populated\">\n\t\t\t\t\t\t<div class=\"elementor-element elementor-element-98d4c50 elementor-widget-divider--view-line elementor-widget elementor-widget-divider\" data-id=\"98d4c50\" data-element_type=\"widget\" data-e-type=\"widget\" data-widget_type=\"divider.default\">\n\t\t\t\t<div class=\"elementor-widget-container\">\n\t\t\t\t\t\t\t<div class=\"elementor-divider\">\n\t\t\t<span class=\"elementor-divider-separator\">\n\t\t\t\t\t\t<\/span>\n\t\t<\/div>\n\t\t\t\t\t\t<\/div>\n\t\t\t\t<\/div>\n\t\t\t\t\t<\/div>\n\t\t<\/div>\n\t\t\t\t\t<\/div>\n\t\t<\/section>\n\t\t\t\t<section class=\"elementor-section elementor-top-section elementor-element elementor-element-ec26f78 elementor-hidden-tablet elementor-hidden-desktop elementor-section-boxed elementor-section-height-default elementor-section-height-default\" data-id=\"ec26f78\" data-element_type=\"section\" data-e-type=\"section\" data-settings=\"{&quot;background_background&quot;:&quot;classic&quot;}\">\n\t\t\t\t\t\t<div class=\"elementor-container elementor-column-gap-narrow\">\n\t\t\t\t\t<div class=\"elementor-column elementor-col-100 elementor-top-column elementor-element elementor-element-c4570bb\" data-id=\"c4570bb\" data-element_type=\"column\" data-e-type=\"column\">\n\t\t\t<div class=\"elementor-widget-wrap elementor-element-populated\">\n\t\t\t\t\t\t<div class=\"elementor-element elementor-element-a560ff2 elementor-widget elementor-widget-text-editor\" data-id=\"a560ff2\" data-element_type=\"widget\" data-e-type=\"widget\" data-widget_type=\"text-editor.default\">\n\t\t\t\t<div class=\"elementor-widget-container\">\n\t\t\t\t\t\t\t\t\t<a href=\"https:\/\/fundaciotallers.org\/ca\/\">Catal\u00e0\u00a0<\/a> \u00a0|\u00a0 \u00a0<a href=\"https:\/\/fundaciotallers.org\/es\/\">Castell\u00e0<\/a>\t\t\t\t\t\t\t\t<\/div>\n\t\t\t\t<\/div>\n\t\t\t\t\t<\/div>\n\t\t<\/div>\n\t\t\t\t\t<\/div>\n\t\t<\/section>\n\t\t\t\t<section class=\"elementor-section elementor-top-section elementor-element elementor-element-cb48511 elementor-hidden-desktop elementor-hidden-tablet elementor-section-boxed elementor-section-height-default elementor-section-height-default\" data-id=\"cb48511\" data-element_type=\"section\" data-e-type=\"section\" data-settings=\"{&quot;background_background&quot;:&quot;classic&quot;}\">\n\t\t\t\t\t\t<div class=\"elementor-container elementor-column-gap-narrow\">\n\t\t\t\t\t<div class=\"elementor-column elementor-col-100 elementor-top-column elementor-element elementor-element-c3f43a9\" data-id=\"c3f43a9\" data-element_type=\"column\" data-e-type=\"column\">\n\t\t\t<div class=\"elementor-widget-wrap elementor-element-populated\">\n\t\t\t\t\t\t<div class=\"elementor-element elementor-element-3309f47 elementor-widget elementor-widget-image\" data-id=\"3309f47\" data-element_type=\"widget\" data-e-type=\"widget\" data-widget_type=\"image.default\">\n\t\t\t\t<div class=\"elementor-widget-container\">\n\t\t\t\t\t\t\t\t\t\t\t\t\t\t\t\t<a href=\"https:\/\/fundaciotallers.org\/ca\/\">\n\t\t\t\t\t\t\t<img fetchpriority=\"high\" decoding=\"async\" width=\"1024\" height=\"313\" src=\"https:\/\/fundaciotallers.org\/wp-content\/uploads\/2025\/07\/fundacio-tallers-inclusio-laboral-1024x313.png\" class=\"attachment-large size-large wp-image-44006\" alt=\"\" srcset=\"https:\/\/fundaciotallers.org\/wp-content\/uploads\/2025\/07\/fundacio-tallers-inclusio-laboral-1024x313.png 1024w, https:\/\/fundaciotallers.org\/wp-content\/uploads\/2025\/07\/fundacio-tallers-inclusio-laboral-300x92.png 300w, https:\/\/fundaciotallers.org\/wp-content\/uploads\/2025\/07\/fundacio-tallers-inclusio-laboral-768x234.png 768w, https:\/\/fundaciotallers.org\/wp-content\/uploads\/2025\/07\/fundacio-tallers-inclusio-laboral-1536x469.png 1536w, https:\/\/fundaciotallers.org\/wp-content\/uploads\/2025\/07\/fundacio-tallers-inclusio-laboral.png 1890w\" sizes=\"(max-width: 1024px) 100vw, 1024px\" \/>\t\t\t\t\t\t\t\t<\/a>\n\t\t\t\t\t\t\t\t\t\t\t\t\t\t\t<\/div>\n\t\t\t\t<\/div>\n\t\t\t\t<div class=\"elementor-element elementor-element-e9861bf eael-simple-menu-hamburger-align-center eael_simple_menu_hamburger_disable_selected_menu_hide eael-hamburger--tablet elementor-widget elementor-widget-eael-simple-menu\" data-id=\"e9861bf\" data-element_type=\"widget\" data-e-type=\"widget\" data-widget_type=\"eael-simple-menu.default\">\n\t\t\t\t<div class=\"elementor-widget-container\">\n\t\t\t\t\t<style>\n                        @media screen and (max-width: 1024px) {\n                            .eael-hamburger--tablet {\n                                .eael-simple-menu-horizontal,\n                                .eael-simple-menu-vertical {\n                                    display: none;\n                                }\n                            }\n                            .eael-hamburger--tablet {\n                                .eael-simple-menu-container .eael-simple-menu-toggle {\n                                    display: block;\n                                }\n                            }\n                        }\n                        .eael-simple-menu-container.eael-simple-menu--loading > ul {\n                            display: -webkit-box !important;\n                            display: -ms-flexbox !important;\n                            display: flex !important;\n                            list-style: none !important;\n                        }\n                        .eael-simple-menu-container.eael-simple-menu--loading li ul {\n                            visibility: hidden !important;\n                            opacity: 0 !important;\n                        }\n                    <\/style>            <div data-hamburger-icon=\"&lt;i aria-hidden=&quot;true&quot; class=&quot;fas fa-bars&quot;&gt;&lt;\/i&gt;\" data-indicator-icon=\"&lt;svg xmlns=&quot;http:\/\/www.w3.org\/2000\/svg&quot; xmlns:xlink=&quot;http:\/\/www.w3.org\/1999\/xlink&quot; id=&quot;Capa_1&quot; x=&quot;0px&quot; y=&quot;0px&quot; width=&quot;451.847px&quot; height=&quot;451.847px&quot; viewBox=&quot;0 0 451.847 451.847&quot; style=&quot;enable-background:new 0 0 451.847 451.847;&quot; xml:space=&quot;preserve&quot;&gt;&lt;g&gt;\t&lt;path d=&quot;M225.923,354.706c-8.098,0-16.195-3.092-22.369-9.263L9.27,151.157c-12.359-12.359-12.359-32.397,0-44.751  c12.354-12.354,32.388-12.354,44.748,0l171.905,171.915l171.906-171.909c12.359-12.354,32.391-12.354,44.744,0  c12.365,12.354,12.365,32.392,0,44.751L248.292,345.449C242.115,351.621,234.018,354.706,225.923,354.706z&quot;&gt;&lt;\/path&gt;&lt;\/g&gt;&lt;g&gt;&lt;\/g&gt;&lt;g&gt;&lt;\/g&gt;&lt;g&gt;&lt;\/g&gt;&lt;g&gt;&lt;\/g&gt;&lt;g&gt;&lt;\/g&gt;&lt;g&gt;&lt;\/g&gt;&lt;g&gt;&lt;\/g&gt;&lt;g&gt;&lt;\/g&gt;&lt;g&gt;&lt;\/g&gt;&lt;g&gt;&lt;\/g&gt;&lt;g&gt;&lt;\/g&gt;&lt;g&gt;&lt;\/g&gt;&lt;g&gt;&lt;\/g&gt;&lt;g&gt;&lt;\/g&gt;&lt;g&gt;&lt;\/g&gt;&lt;\/svg&gt;\" data-dropdown-indicator-icon=\"&lt;svg xmlns=&quot;http:\/\/www.w3.org\/2000\/svg&quot; xmlns:xlink=&quot;http:\/\/www.w3.org\/1999\/xlink&quot; id=&quot;Capa_1&quot; x=&quot;0px&quot; y=&quot;0px&quot; width=&quot;451.847px&quot; height=&quot;451.847px&quot; viewBox=&quot;0 0 451.847 451.847&quot; style=&quot;enable-background:new 0 0 451.847 451.847;&quot; xml:space=&quot;preserve&quot;&gt;&lt;g&gt;\t&lt;path d=&quot;M225.923,354.706c-8.098,0-16.195-3.092-22.369-9.263L9.27,151.157c-12.359-12.359-12.359-32.397,0-44.751  c12.354-12.354,32.388-12.354,44.748,0l171.905,171.915l171.906-171.909c12.359-12.354,32.391-12.354,44.744,0  c12.365,12.354,12.365,32.392,0,44.751L248.292,345.449C242.115,351.621,234.018,354.706,225.923,354.706z&quot;&gt;&lt;\/path&gt;&lt;\/g&gt;&lt;g&gt;&lt;\/g&gt;&lt;g&gt;&lt;\/g&gt;&lt;g&gt;&lt;\/g&gt;&lt;g&gt;&lt;\/g&gt;&lt;g&gt;&lt;\/g&gt;&lt;g&gt;&lt;\/g&gt;&lt;g&gt;&lt;\/g&gt;&lt;g&gt;&lt;\/g&gt;&lt;g&gt;&lt;\/g&gt;&lt;g&gt;&lt;\/g&gt;&lt;g&gt;&lt;\/g&gt;&lt;g&gt;&lt;\/g&gt;&lt;g&gt;&lt;\/g&gt;&lt;g&gt;&lt;\/g&gt;&lt;g&gt;&lt;\/g&gt;&lt;\/svg&gt;\" class=\"eael-simple-menu-container eael-simple-menu--loading eael-simple-menu-align-left eael-simple-menu-dropdown-align-left preset-1\" data-hamburger-breakpoints=\"{&quot;mobile&quot;:&quot;M\\u00f2bil vertical (&gt; 767px)&quot;,&quot;tablet&quot;:&quot;Tauleta vertical (&gt; 1024px)&quot;,&quot;desktop&quot;:&quot;Desktop (&gt; 2400px)&quot;,&quot;none&quot;:&quot;None&quot;}\" data-hamburger-device=\"tablet\">\n                <ul id=\"menu-nova-web-cat-2\" class=\"eael-simple-menu eael-simple-menu-dropdown-animate-to-top eael-simple-menu-indicator eael-hamburger-left eael-simple-menu-horizontal\"><li class=\"menu-item menu-item-type-custom menu-item-object-custom menu-item-has-children menu-item-44083\"><a href=\"#\">Qui som<\/a>\n<ul class=\"sub-menu\">\n\t<li class=\"menu-item menu-item-type-post_type menu-item-object-page menu-item-47149\"><a href=\"https:\/\/fundaciotallers.org\/ca\/coneixnos\/\">Coneix-nos<\/a><\/li>\n\t<li class=\"menu-item menu-item-type-post_type menu-item-object-page menu-item-47102\"><a href=\"https:\/\/fundaciotallers.org\/ca\/historia-2\/\">Hist\u00f2ria<\/a><\/li>\n\t<li class=\"menu-item menu-item-type-post_type menu-item-object-page menu-item-47666\"><a href=\"https:\/\/fundaciotallers.org\/ca\/patronat-i-comite-de-direccio\/\">Patronat i Comit\u00e8 de Direcci\u00f3<\/a><\/li>\n\t<li class=\"menu-item menu-item-type-post_type menu-item-object-page menu-item-47665\"><a href=\"https:\/\/fundaciotallers.org\/ca\/equip-coordinacio-serveis-de-suport\/\">Equip de Coordinaci\u00f3 i Serveis de Suport<\/a><\/li>\n\t<li class=\"menu-item menu-item-type-post_type menu-item-object-page menu-item-45928\"><a href=\"https:\/\/fundaciotallers.org\/ca\/portal-transparencia\/\">Portal de Transpar\u00e8ncia<\/a><\/li>\n\t<li class=\"menu-item menu-item-type-post_type menu-item-object-page menu-item-45929\"><a href=\"https:\/\/fundaciotallers.org\/ca\/portal-transparencia\/memoria\/\">Mem\u00f2ries<\/a><\/li>\n\t<li class=\"menu-item menu-item-type-post_type menu-item-object-page menu-item-46143\"><a href=\"https:\/\/fundaciotallers.org\/ca\/politica-de-qualitat-i-medi-ambient\/\">Pol\u00edtica de qualitat i medi ambient<\/a><\/li>\n\t<li class=\"menu-item menu-item-type-post_type menu-item-object-page menu-item-46144\"><a href=\"https:\/\/fundaciotallers.org\/ca\/colaboradors\/\">Col\u00b7laboradors<\/a><\/li>\n<\/ul>\n<\/li>\n<li class=\"menu-item menu-item-type-post_type menu-item-object-page menu-item-has-children menu-item-45972\"><a href=\"https:\/\/fundaciotallers.org\/ca\/serveis-per-a-les-persones\/\">A les persones<\/a>\n<ul class=\"sub-menu\">\n\t<li class=\"menu-item menu-item-type-post_type menu-item-object-page menu-item-44953\"><a href=\"https:\/\/fundaciotallers.org\/ca\/servei-de-formacio-ocupacional\/\">Formaci\u00f3 ocupacional<\/a><\/li>\n\t<li class=\"menu-item menu-item-type-post_type menu-item-object-page menu-item-45205\"><a href=\"https:\/\/fundaciotallers.org\/ca\/servei-dinsercio-laboral-sil\/\">Servei d\u2019Inserci\u00f3 Laboral (SIL)<\/a><\/li>\n\t<li class=\"menu-item menu-item-type-post_type menu-item-object-page menu-item-46286\"><a href=\"https:\/\/fundaciotallers.org\/ca\/centre-especial-de-treball\/\">Centre Especial de Treball<\/a><\/li>\n\t<li class=\"menu-item menu-item-type-post_type menu-item-object-page menu-item-45968\"><a href=\"https:\/\/fundaciotallers.org\/ca\/equip-multidiciplinari-suport\/\">Equip Multidisciplinari de Suport (EMS)<\/a><\/li>\n\t<li class=\"menu-item menu-item-type-post_type menu-item-object-page menu-item-46639\"><a href=\"https:\/\/fundaciotallers.org\/ca\/empresa-insercio\/\">Empresa d\u2019inserci\u00f3<\/a><\/li>\n<\/ul>\n<\/li>\n<li class=\"menu-item menu-item-type-post_type menu-item-object-page menu-item-has-children menu-item-45971\"><a href=\"https:\/\/fundaciotallers.org\/ca\/serveis-per-a-les-empreses\/\">A les empreses<\/a>\n<ul class=\"sub-menu\">\n\t<li class=\"menu-item menu-item-type-post_type menu-item-object-page menu-item-46679\"><a href=\"https:\/\/fundaciotallers.org\/ca\/compliment-llei-discapacitat\/\">Compliment Llei Discapacitat<\/a><\/li>\n\t<li class=\"menu-item menu-item-type-post_type menu-item-object-page menu-item-45269\"><a href=\"https:\/\/fundaciotallers.org\/ca\/jardineria\/\">Jardineria<\/a><\/li>\n\t<li class=\"menu-item menu-item-type-post_type menu-item-object-page menu-item-46710\"><a href=\"https:\/\/fundaciotallers.org\/ca\/serveis-de-neteja\/\">Neteja<\/a><\/li>\n\t<li class=\"menu-item menu-item-type-post_type menu-item-object-page menu-item-46656\"><a href=\"https:\/\/fundaciotallers.org\/ca\/manipulats-logistica-industrial\/\">Manipulats, log\u00edstica industrial i serveis t\u00e8xtils<\/a><\/li>\n\t<li class=\"menu-item menu-item-type-post_type menu-item-object-page menu-item-46928\"><a href=\"https:\/\/fundaciotallers.org\/ca\/serveis-de-tintoreria-i-bugaderia\/\">Tintoreria<\/a><\/li>\n\t<li class=\"menu-item menu-item-type-post_type menu-item-object-page menu-item-47035\"><a href=\"https:\/\/fundaciotallers.org\/ca\/servei-de-gestio-documental\/\">Externalitzaci\u00f3 processos administratius<\/a><\/li>\n<\/ul>\n<\/li>\n<li class=\"menu-item menu-item-type-post_type menu-item-object-page menu-item-has-children menu-item-47042\"><a href=\"https:\/\/fundaciotallers.org\/ca\/serveis-per-a-les-administracions\/\">A les administracions<\/a>\n<ul class=\"sub-menu\">\n\t<li class=\"menu-item menu-item-type-post_type menu-item-object-page menu-item-47283\"><a href=\"https:\/\/fundaciotallers.org\/ca\/serveis-jardineria-administracions-publiques\/\">Jardineria<\/a><\/li>\n\t<li class=\"menu-item menu-item-type-post_type menu-item-object-page menu-item-47477\"><a href=\"https:\/\/fundaciotallers.org\/ca\/neteja-interiors\/\">Neteja d\u2019interiors<\/a><\/li>\n\t<li class=\"menu-item menu-item-type-post_type menu-item-object-page menu-item-46503\"><a href=\"https:\/\/fundaciotallers.org\/ca\/neteja-viaria\/\">Neteja Vi\u00e0ria<\/a><\/li>\n\t<li class=\"menu-item menu-item-type-post_type menu-item-object-page menu-item-46736\"><a href=\"https:\/\/fundaciotallers.org\/ca\/gestio-deixalleries-punts-verds\/\">Gesti\u00f3 de deixalleries i punts verds<\/a><\/li>\n\t<li class=\"menu-item menu-item-type-post_type menu-item-object-page menu-item-46931\"><a href=\"https:\/\/fundaciotallers.org\/ca\/externalitzacio-dels-procesos-administratius\/\">Gesti\u00f3 documental<\/a><\/li>\n<\/ul>\n<\/li>\n<li class=\"menu-item menu-item-type-post_type menu-item-object-page menu-item-45780\"><a href=\"https:\/\/fundaciotallers.org\/ca\/treballa-amb-nosaltres-ofertes\/\">Treballa amb nosaltres<\/a><\/li>\n<li class=\"menu-item menu-item-type-custom menu-item-object-custom menu-item-45970\"><a target=\"_blank\" href=\"https:\/\/www.pereclaver.org\/voluntariat\/\">Voluntariat<\/a><\/li>\n<li class=\"menu-item menu-item-type-post_type menu-item-object-page menu-item-45855\"><a href=\"https:\/\/fundaciotallers.org\/ca\/noticies\/\">Blog<\/a><\/li>\n<li class=\"menu-item menu-item-type-post_type menu-item-object-page menu-item-46507\"><a href=\"https:\/\/fundaciotallers.org\/ca\/contacte\/\">Contacte<\/a><\/li>\n<\/ul>                <button class=\"eael-simple-menu-toggle\">\n                    <span class=\"sr-only \">Hamburger Toggle Menu<\/span>\n                    <i aria-hidden=\"true\" class=\"fas fa-bars\"><\/i>                <\/button>\n            <\/div>\n            \t\t\t\t<\/div>\n\t\t\t\t<\/div>\n\t\t\t\t\t<\/div>\n\t\t<\/div>\n\t\t\t\t\t<\/div>\n\t\t<\/section>\n\t\t\t\t<section class=\"elementor-section elementor-top-section elementor-element elementor-element-9423d9a elementor-section-boxed elementor-section-height-default elementor-section-height-default\" data-id=\"9423d9a\" data-element_type=\"section\" data-e-type=\"section\" data-settings=\"{&quot;background_background&quot;:&quot;classic&quot;}\">\n\t\t\t\t\t\t<div class=\"elementor-container elementor-column-gap-default\">\n\t\t\t\t\t<div class=\"elementor-column elementor-col-100 elementor-top-column elementor-element elementor-element-4ab9581\" data-id=\"4ab9581\" data-element_type=\"column\" data-e-type=\"column\">\n\t\t\t<div class=\"elementor-widget-wrap elementor-element-populated\">\n\t\t\t\t\t\t<div class=\"elementor-element elementor-element-f855f04 elementor-widget-divider--view-line_text elementor-widget-divider--element-align-left elementor-widget elementor-widget-divider\" data-id=\"f855f04\" data-element_type=\"widget\" data-e-type=\"widget\" data-widget_type=\"divider.default\">\n\t\t\t\t<div class=\"elementor-widget-container\">\n\t\t\t\t\t\t\t<div class=\"elementor-divider\">\n\t\t\t<span class=\"elementor-divider-separator\">\n\t\t\t\t\t\t\t<span class=\"elementor-divider__text elementor-divider__element\">\n\t\t\t\tCol\u00b7laboradors\t\t\t\t<\/span>\n\t\t\t\t\t\t<\/span>\n\t\t<\/div>\n\t\t\t\t\t\t<\/div>\n\t\t\t\t<\/div>\n\t\t\t\t\t<\/div>\n\t\t<\/div>\n\t\t\t\t\t<\/div>\n\t\t<\/section>\n\t\t\t\t<section class=\"elementor-section elementor-top-section elementor-element elementor-element-3c4dd0b elementor-section-boxed elementor-section-height-default elementor-section-height-default\" data-id=\"3c4dd0b\" data-element_type=\"section\" data-e-type=\"section\">\n\t\t\t\t\t\t<div class=\"elementor-container elementor-column-gap-default\">\n\t\t\t\t\t<div class=\"elementor-column elementor-col-100 elementor-top-column elementor-element elementor-element-59c1362\" data-id=\"59c1362\" data-element_type=\"column\" data-e-type=\"column\">\n\t\t\t<div class=\"elementor-widget-wrap elementor-element-populated\">\n\t\t\t\t\t\t<div class=\"elementor-element elementor-element-3f44335 elementor-widget elementor-widget-text-editor\" data-id=\"3f44335\" data-element_type=\"widget\" data-e-type=\"widget\" data-widget_type=\"text-editor.default\">\n\t\t\t\t<div class=\"elementor-widget-container\">\n\t\t\t\t\t\t\t\t\t<p>El projectes socials de la Fundaci\u00f3 Tallers s\u00f3n possibles gr\u00e0cies a la participaci\u00f3 i col\u00b7laboraci\u00f3 de:<\/p>\t\t\t\t\t\t\t\t<\/div>\n\t\t\t\t<\/div>\n\t\t\t\t\t<\/div>\n\t\t<\/div>\n\t\t\t\t\t<\/div>\n\t\t<\/section>\n\t\t\t\t<section class=\"elementor-section elementor-top-section elementor-element elementor-element-d17df56 elementor-section-boxed elementor-section-height-default elementor-section-height-default\" data-id=\"d17df56\" data-element_type=\"section\" data-e-type=\"section\">\n\t\t\t\t\t\t<div class=\"elementor-container elementor-column-gap-default\">\n\t\t\t\t\t<div class=\"elementor-column elementor-col-20 elementor-top-column elementor-element elementor-element-ecfa2fe\" data-id=\"ecfa2fe\" data-element_type=\"column\" data-e-type=\"column\">\n\t\t\t<div class=\"elementor-widget-wrap elementor-element-populated\">\n\t\t\t\t\t\t<div class=\"elementor-element elementor-element-7684ac7 elementor-widget elementor-widget-image\" data-id=\"7684ac7\" data-element_type=\"widget\" data-e-type=\"widget\" data-widget_type=\"image.default\">\n\t\t\t\t<div class=\"elementor-widget-container\">\n\t\t\t\t\t\t\t\t\t\t\t\t\t\t\t<img decoding=\"async\" width=\"400\" height=\"116\" src=\"https:\/\/fundaciotallers.org\/wp-content\/uploads\/2022\/12\/ministerio.png\" class=\"attachment-large size-large wp-image-39671\" alt=\"\" srcset=\"https:\/\/fundaciotallers.org\/wp-content\/uploads\/2022\/12\/ministerio.png 400w, https:\/\/fundaciotallers.org\/wp-content\/uploads\/2022\/12\/ministerio-300x87.png 300w\" sizes=\"(max-width: 400px) 100vw, 400px\" \/>\t\t\t\t\t\t\t\t\t\t\t\t\t\t\t<\/div>\n\t\t\t\t<\/div>\n\t\t\t\t\t<\/div>\n\t\t<\/div>\n\t\t\t\t<div class=\"elementor-column elementor-col-20 elementor-top-column elementor-element elementor-element-672edc3\" data-id=\"672edc3\" data-element_type=\"column\" data-e-type=\"column\">\n\t\t\t<div class=\"elementor-widget-wrap elementor-element-populated\">\n\t\t\t\t\t\t<div class=\"elementor-element elementor-element-3ca91ca elementor-widget elementor-widget-image\" data-id=\"3ca91ca\" data-element_type=\"widget\" data-e-type=\"widget\" data-widget_type=\"image.default\">\n\t\t\t\t<div class=\"elementor-widget-container\">\n\t\t\t\t\t\t\t\t\t\t\t\t\t\t\t<img decoding=\"async\" width=\"400\" height=\"116\" src=\"https:\/\/fundaciotallers.org\/wp-content\/uploads\/2021\/11\/logo-generalitat-1.png\" class=\"attachment-large size-large wp-image-9066\" alt=\"\" srcset=\"https:\/\/fundaciotallers.org\/wp-content\/uploads\/2021\/11\/logo-generalitat-1.png 400w, https:\/\/fundaciotallers.org\/wp-content\/uploads\/2021\/11\/logo-generalitat-1-300x87.png 300w\" sizes=\"(max-width: 400px) 100vw, 400px\" \/>\t\t\t\t\t\t\t\t\t\t\t\t\t\t\t<\/div>\n\t\t\t\t<\/div>\n\t\t\t\t\t<\/div>\n\t\t<\/div>\n\t\t\t\t<div class=\"elementor-column elementor-col-20 elementor-top-column elementor-element elementor-element-c204886\" data-id=\"c204886\" data-element_type=\"column\" data-e-type=\"column\">\n\t\t\t<div class=\"elementor-widget-wrap elementor-element-populated\">\n\t\t\t\t\t\t<div class=\"elementor-element elementor-element-b6dcaaa elementor-widget elementor-widget-image\" data-id=\"b6dcaaa\" data-element_type=\"widget\" data-e-type=\"widget\" data-widget_type=\"image.default\">\n\t\t\t\t<div class=\"elementor-widget-container\">\n\t\t\t\t\t\t\t\t\t\t\t\t\t\t\t<img loading=\"lazy\" decoding=\"async\" width=\"1024\" height=\"306\" src=\"https:\/\/fundaciotallers.org\/wp-content\/uploads\/2022\/11\/CoFinancatUE_lateral-1024x306.jpg\" class=\"attachment-large size-large wp-image-39154\" alt=\"Confian\u00e7a UE\" srcset=\"https:\/\/fundaciotallers.org\/wp-content\/uploads\/2022\/11\/CoFinancatUE_lateral-1024x306.jpg 1024w, https:\/\/fundaciotallers.org\/wp-content\/uploads\/2022\/11\/CoFinancatUE_lateral-300x90.jpg 300w, https:\/\/fundaciotallers.org\/wp-content\/uploads\/2022\/11\/CoFinancatUE_lateral-768x230.jpg 768w, https:\/\/fundaciotallers.org\/wp-content\/uploads\/2022\/11\/CoFinancatUE_lateral-1536x459.jpg 1536w, https:\/\/fundaciotallers.org\/wp-content\/uploads\/2022\/11\/CoFinancatUE_lateral-2048x612.jpg 2048w\" sizes=\"(max-width: 1024px) 100vw, 1024px\" \/>\t\t\t\t\t\t\t\t\t\t\t\t\t\t\t<\/div>\n\t\t\t\t<\/div>\n\t\t\t\t\t<\/div>\n\t\t<\/div>\n\t\t\t\t<div class=\"elementor-column elementor-col-20 elementor-top-column elementor-element elementor-element-938fb3d\" data-id=\"938fb3d\" data-element_type=\"column\" data-e-type=\"column\">\n\t\t\t<div class=\"elementor-widget-wrap elementor-element-populated\">\n\t\t\t\t\t\t<div class=\"elementor-element elementor-element-ea15ae1 elementor-widget elementor-widget-image\" data-id=\"ea15ae1\" data-element_type=\"widget\" data-e-type=\"widget\" data-widget_type=\"image.default\">\n\t\t\t\t<div class=\"elementor-widget-container\">\n\t\t\t\t\t\t\t\t\t\t\t\t\t\t\t<img loading=\"lazy\" decoding=\"async\" width=\"400\" height=\"116\" src=\"https:\/\/fundaciotallers.org\/wp-content\/uploads\/2018\/04\/ajuntament-badia.jpg\" class=\"attachment-large size-large wp-image-563\" alt=\"\" srcset=\"https:\/\/fundaciotallers.org\/wp-content\/uploads\/2018\/04\/ajuntament-badia.jpg 400w, https:\/\/fundaciotallers.org\/wp-content\/uploads\/2018\/04\/ajuntament-badia-300x87.jpg 300w\" sizes=\"(max-width: 400px) 100vw, 400px\" \/>\t\t\t\t\t\t\t\t\t\t\t\t\t\t\t<\/div>\n\t\t\t\t<\/div>\n\t\t\t\t\t<\/div>\n\t\t<\/div>\n\t\t\t\t<div class=\"elementor-column elementor-col-20 elementor-top-column elementor-element elementor-element-f292d73\" data-id=\"f292d73\" data-element_type=\"column\" data-e-type=\"column\">\n\t\t\t<div class=\"elementor-widget-wrap elementor-element-populated\">\n\t\t\t\t\t\t<div class=\"elementor-element elementor-element-3c7fb4b elementor-widget elementor-widget-image\" data-id=\"3c7fb4b\" data-element_type=\"widget\" data-e-type=\"widget\" data-widget_type=\"image.default\">\n\t\t\t\t<div class=\"elementor-widget-container\">\n\t\t\t\t\t\t\t\t\t\t\t\t\t\t\t<img loading=\"lazy\" decoding=\"async\" width=\"400\" height=\"116\" src=\"https:\/\/fundaciotallers.org\/wp-content\/uploads\/2018\/04\/ajuntament-santa-coloma.jpg\" class=\"attachment-large size-large wp-image-569\" alt=\"\" srcset=\"https:\/\/fundaciotallers.org\/wp-content\/uploads\/2018\/04\/ajuntament-santa-coloma.jpg 400w, https:\/\/fundaciotallers.org\/wp-content\/uploads\/2018\/04\/ajuntament-santa-coloma-300x87.jpg 300w\" sizes=\"(max-width: 400px) 100vw, 400px\" \/>\t\t\t\t\t\t\t\t\t\t\t\t\t\t\t<\/div>\n\t\t\t\t<\/div>\n\t\t\t\t\t<\/div>\n\t\t<\/div>\n\t\t\t\t\t<\/div>\n\t\t<\/section>\n\t\t\t\t<section class=\"elementor-section elementor-top-section elementor-element elementor-element-14c50c3 elementor-section-boxed elementor-section-height-default elementor-section-height-default\" data-id=\"14c50c3\" data-element_type=\"section\" data-e-type=\"section\">\n\t\t\t\t\t\t<div class=\"elementor-container elementor-column-gap-default\">\n\t\t\t\t\t<div class=\"elementor-column elementor-col-20 elementor-top-column elementor-element elementor-element-a68ff3b\" data-id=\"a68ff3b\" data-element_type=\"column\" data-e-type=\"column\">\n\t\t\t<div class=\"elementor-widget-wrap elementor-element-populated\">\n\t\t\t\t\t\t<div class=\"elementor-element elementor-element-ddacded elementor-widget elementor-widget-image\" data-id=\"ddacded\" data-element_type=\"widget\" data-e-type=\"widget\" data-widget_type=\"image.default\">\n\t\t\t\t<div class=\"elementor-widget-container\">\n\t\t\t\t\t\t\t\t\t\t\t\t\t\t\t<img loading=\"lazy\" decoding=\"async\" width=\"400\" height=\"116\" src=\"https:\/\/fundaciotallers.org\/wp-content\/uploads\/2018\/04\/ajuntament-barbera-2.jpg\" class=\"attachment-large size-large wp-image-574\" alt=\"\" srcset=\"https:\/\/fundaciotallers.org\/wp-content\/uploads\/2018\/04\/ajuntament-barbera-2.jpg 400w, https:\/\/fundaciotallers.org\/wp-content\/uploads\/2018\/04\/ajuntament-barbera-2-300x87.jpg 300w\" sizes=\"(max-width: 400px) 100vw, 400px\" \/>\t\t\t\t\t\t\t\t\t\t\t\t\t\t\t<\/div>\n\t\t\t\t<\/div>\n\t\t\t\t\t<\/div>\n\t\t<\/div>\n\t\t\t\t<div class=\"elementor-column elementor-col-20 elementor-top-column elementor-element elementor-element-f961350\" data-id=\"f961350\" data-element_type=\"column\" data-e-type=\"column\">\n\t\t\t<div class=\"elementor-widget-wrap elementor-element-populated\">\n\t\t\t\t\t\t<div class=\"elementor-element elementor-element-064e224 elementor-widget elementor-widget-image\" data-id=\"064e224\" data-element_type=\"widget\" data-e-type=\"widget\" data-widget_type=\"image.default\">\n\t\t\t\t<div class=\"elementor-widget-container\">\n\t\t\t\t\t\t\t\t\t\t\t\t\t\t\t<img loading=\"lazy\" decoding=\"async\" width=\"400\" height=\"116\" src=\"https:\/\/fundaciotallers.org\/wp-content\/uploads\/2025\/09\/incorpora.jpg\" class=\"attachment-large size-large wp-image-46760\" alt=\"\" srcset=\"https:\/\/fundaciotallers.org\/wp-content\/uploads\/2025\/09\/incorpora.jpg 400w, https:\/\/fundaciotallers.org\/wp-content\/uploads\/2025\/09\/incorpora-300x87.jpg 300w\" sizes=\"(max-width: 400px) 100vw, 400px\" \/>\t\t\t\t\t\t\t\t\t\t\t\t\t\t\t<\/div>\n\t\t\t\t<\/div>\n\t\t\t\t\t<\/div>\n\t\t<\/div>\n\t\t\t\t<div class=\"elementor-column elementor-col-20 elementor-top-column elementor-element elementor-element-4367e77\" data-id=\"4367e77\" data-element_type=\"column\" data-e-type=\"column\">\n\t\t\t<div class=\"elementor-widget-wrap elementor-element-populated\">\n\t\t\t\t\t\t<div class=\"elementor-element elementor-element-ed00615 elementor-widget elementor-widget-image\" data-id=\"ed00615\" data-element_type=\"widget\" data-e-type=\"widget\" data-widget_type=\"image.default\">\n\t\t\t\t<div class=\"elementor-widget-container\">\n\t\t\t\t\t\t\t\t\t\t\t\t\t\t\t<img loading=\"lazy\" decoding=\"async\" width=\"400\" height=\"116\" src=\"https:\/\/fundaciotallers.org\/wp-content\/uploads\/2018\/04\/lacaixa.jpg\" class=\"attachment-large size-large wp-image-566\" alt=\"\" srcset=\"https:\/\/fundaciotallers.org\/wp-content\/uploads\/2018\/04\/lacaixa.jpg 400w, https:\/\/fundaciotallers.org\/wp-content\/uploads\/2018\/04\/lacaixa-300x87.jpg 300w\" sizes=\"(max-width: 400px) 100vw, 400px\" \/>\t\t\t\t\t\t\t\t\t\t\t\t\t\t\t<\/div>\n\t\t\t\t<\/div>\n\t\t\t\t\t<\/div>\n\t\t<\/div>\n\t\t\t\t<div class=\"elementor-column elementor-col-20 elementor-top-column elementor-element elementor-element-85699c5\" data-id=\"85699c5\" data-element_type=\"column\" data-e-type=\"column\">\n\t\t\t<div class=\"elementor-widget-wrap elementor-element-populated\">\n\t\t\t\t\t\t<div class=\"elementor-element elementor-element-951375f elementor-widget elementor-widget-image\" data-id=\"951375f\" data-element_type=\"widget\" data-e-type=\"widget\" data-widget_type=\"image.default\">\n\t\t\t\t<div class=\"elementor-widget-container\">\n\t\t\t\t\t\t\t\t\t\t\t\t\t\t\t<img loading=\"lazy\" decoding=\"async\" width=\"248\" height=\"83\" src=\"https:\/\/fundaciotallers.org\/wp-content\/uploads\/2021\/10\/lofo-Fundacio-Once-2.jpg\" class=\"attachment-large size-large wp-image-7801\" alt=\"logo Fundaci\u00f3 Once\" \/>\t\t\t\t\t\t\t\t\t\t\t\t\t\t\t<\/div>\n\t\t\t\t<\/div>\n\t\t\t\t\t<\/div>\n\t\t<\/div>\n\t\t\t\t<div class=\"elementor-column elementor-col-20 elementor-top-column elementor-element elementor-element-c1bed3a\" data-id=\"c1bed3a\" data-element_type=\"column\" data-e-type=\"column\">\n\t\t\t<div class=\"elementor-widget-wrap elementor-element-populated\">\n\t\t\t\t\t\t<div class=\"elementor-element elementor-element-f4c1574 elementor-widget elementor-widget-image\" data-id=\"f4c1574\" data-element_type=\"widget\" data-e-type=\"widget\" data-widget_type=\"image.default\">\n\t\t\t\t<div class=\"elementor-widget-container\">\n\t\t\t\t\t\t\t\t\t\t\t\t\t\t\t<img loading=\"lazy\" decoding=\"async\" width=\"400\" height=\"116\" src=\"https:\/\/fundaciotallers.org\/wp-content\/uploads\/2018\/04\/salut-mental.jpg\" class=\"attachment-large size-large wp-image-568\" alt=\"\" srcset=\"https:\/\/fundaciotallers.org\/wp-content\/uploads\/2018\/04\/salut-mental.jpg 400w, https:\/\/fundaciotallers.org\/wp-content\/uploads\/2018\/04\/salut-mental-300x87.jpg 300w\" sizes=\"(max-width: 400px) 100vw, 400px\" \/>\t\t\t\t\t\t\t\t\t\t\t\t\t\t\t<\/div>\n\t\t\t\t<\/div>\n\t\t\t\t\t<\/div>\n\t\t<\/div>\n\t\t\t\t\t<\/div>\n\t\t<\/section>\n\t\t\t\t<section class=\"elementor-section elementor-top-section elementor-element elementor-element-1201bb1 elementor-section-boxed elementor-section-height-default elementor-section-height-default\" data-id=\"1201bb1\" data-element_type=\"section\" data-e-type=\"section\">\n\t\t\t\t\t\t<div class=\"elementor-container elementor-column-gap-default\">\n\t\t\t\t\t<div class=\"elementor-column elementor-col-20 elementor-top-column elementor-element elementor-element-989bf43\" data-id=\"989bf43\" data-element_type=\"column\" data-e-type=\"column\">\n\t\t\t<div class=\"elementor-widget-wrap elementor-element-populated\">\n\t\t\t\t\t\t<div class=\"elementor-element elementor-element-2f13693 elementor-widget elementor-widget-image\" data-id=\"2f13693\" data-element_type=\"widget\" data-e-type=\"widget\" data-widget_type=\"image.default\">\n\t\t\t\t<div class=\"elementor-widget-container\">\n\t\t\t\t\t\t\t\t\t\t\t\t\t\t\t<img loading=\"lazy\" decoding=\"async\" width=\"400\" height=\"116\" src=\"https:\/\/fundaciotallers.org\/wp-content\/uploads\/2018\/05\/dincat-empresa.jpg\" class=\"attachment-large size-large wp-image-577\" alt=\"\" srcset=\"https:\/\/fundaciotallers.org\/wp-content\/uploads\/2018\/05\/dincat-empresa.jpg 400w, https:\/\/fundaciotallers.org\/wp-content\/uploads\/2018\/05\/dincat-empresa-300x87.jpg 300w\" sizes=\"(max-width: 400px) 100vw, 400px\" \/>\t\t\t\t\t\t\t\t\t\t\t\t\t\t\t<\/div>\n\t\t\t\t<\/div>\n\t\t\t\t\t<\/div>\n\t\t<\/div>\n\t\t\t\t<div class=\"elementor-column elementor-col-20 elementor-top-column elementor-element elementor-element-abdf973\" data-id=\"abdf973\" data-element_type=\"column\" data-e-type=\"column\">\n\t\t\t<div class=\"elementor-widget-wrap elementor-element-populated\">\n\t\t\t\t\t\t<div class=\"elementor-element elementor-element-1783a32 elementor-widget elementor-widget-image\" data-id=\"1783a32\" data-element_type=\"widget\" data-e-type=\"widget\" data-widget_type=\"image.default\">\n\t\t\t\t<div class=\"elementor-widget-container\">\n\t\t\t\t\t\t\t\t\t\t\t\t\t\t\t<img loading=\"lazy\" decoding=\"async\" width=\"400\" height=\"116\" src=\"https:\/\/fundaciotallers.org\/wp-content\/uploads\/2018\/05\/dincat.jpg\" class=\"attachment-large size-large wp-image-578\" alt=\"\" srcset=\"https:\/\/fundaciotallers.org\/wp-content\/uploads\/2018\/05\/dincat.jpg 400w, https:\/\/fundaciotallers.org\/wp-content\/uploads\/2018\/05\/dincat-300x87.jpg 300w\" sizes=\"(max-width: 400px) 100vw, 400px\" \/>\t\t\t\t\t\t\t\t\t\t\t\t\t\t\t<\/div>\n\t\t\t\t<\/div>\n\t\t\t\t\t<\/div>\n\t\t<\/div>\n\t\t\t\t<div class=\"elementor-column elementor-col-20 elementor-top-column elementor-element elementor-element-1255255\" data-id=\"1255255\" data-element_type=\"column\" data-e-type=\"column\">\n\t\t\t<div class=\"elementor-widget-wrap elementor-element-populated\">\n\t\t\t\t\t\t<div class=\"elementor-element elementor-element-b5cad56 elementor-widget elementor-widget-image\" data-id=\"b5cad56\" data-element_type=\"widget\" data-e-type=\"widget\" data-widget_type=\"image.default\">\n\t\t\t\t<div class=\"elementor-widget-container\">\n\t\t\t\t\t\t\t\t\t\t\t\t\t\t\t<img loading=\"lazy\" decoding=\"async\" width=\"400\" height=\"116\" src=\"https:\/\/fundaciotallers.org\/wp-content\/uploads\/2018\/05\/sinergrup.jpg\" class=\"attachment-large size-large wp-image-580\" alt=\"\" srcset=\"https:\/\/fundaciotallers.org\/wp-content\/uploads\/2018\/05\/sinergrup.jpg 400w, https:\/\/fundaciotallers.org\/wp-content\/uploads\/2018\/05\/sinergrup-300x87.jpg 300w\" sizes=\"(max-width: 400px) 100vw, 400px\" \/>\t\t\t\t\t\t\t\t\t\t\t\t\t\t\t<\/div>\n\t\t\t\t<\/div>\n\t\t\t\t\t<\/div>\n\t\t<\/div>\n\t\t\t\t<div class=\"elementor-column elementor-col-20 elementor-top-column elementor-element elementor-element-837c504\" data-id=\"837c504\" data-element_type=\"column\" data-e-type=\"column\">\n\t\t\t<div class=\"elementor-widget-wrap elementor-element-populated\">\n\t\t\t\t\t\t<div class=\"elementor-element elementor-element-b4f6fff elementor-widget elementor-widget-image\" data-id=\"b4f6fff\" data-element_type=\"widget\" data-e-type=\"widget\" data-widget_type=\"image.default\">\n\t\t\t\t<div class=\"elementor-widget-container\">\n\t\t\t\t\t\t\t\t\t\t\t\t\t\t\t<img loading=\"lazy\" decoding=\"async\" width=\"209\" height=\"134\" src=\"https:\/\/fundaciotallers.org\/wp-content\/uploads\/2025\/11\/13_marcaXIB_verd.gif\" class=\"attachment-large size-large wp-image-47134\" alt=\"\" \/>\t\t\t\t\t\t\t\t\t\t\t\t\t\t\t<\/div>\n\t\t\t\t<\/div>\n\t\t\t\t\t<\/div>\n\t\t<\/div>\n\t\t\t\t<div class=\"elementor-column elementor-col-20 elementor-top-column elementor-element elementor-element-f940743\" data-id=\"f940743\" data-element_type=\"column\" data-e-type=\"column\">\n\t\t\t<div class=\"elementor-widget-wrap elementor-element-populated\">\n\t\t\t\t\t\t<div class=\"elementor-element elementor-element-35064e4 elementor-widget elementor-widget-image\" data-id=\"35064e4\" data-element_type=\"widget\" data-e-type=\"widget\" data-widget_type=\"image.default\">\n\t\t\t\t<div class=\"elementor-widget-container\">\n\t\t\t\t\t\t\t\t\t\t\t\t\t\t\t<img loading=\"lazy\" decoding=\"async\" width=\"622\" height=\"296\" src=\"https:\/\/fundaciotallers.org\/wp-content\/uploads\/2025\/11\/Captura-de-pantalla-2025-11-10-a-las-23.07.42.png\" class=\"attachment-large size-large wp-image-47136\" alt=\"\" srcset=\"https:\/\/fundaciotallers.org\/wp-content\/uploads\/2025\/11\/Captura-de-pantalla-2025-11-10-a-las-23.07.42.png 622w, https:\/\/fundaciotallers.org\/wp-content\/uploads\/2025\/11\/Captura-de-pantalla-2025-11-10-a-las-23.07.42-300x143.png 300w\" sizes=\"(max-width: 622px) 100vw, 622px\" \/>\t\t\t\t\t\t\t\t\t\t\t\t\t\t\t<\/div>\n\t\t\t\t<\/div>\n\t\t\t\t\t<\/div>\n\t\t<\/div>\n\t\t\t\t\t<\/div>\n\t\t<\/section>\n\t\t\t\t<section class=\"elementor-section elementor-top-section elementor-element elementor-element-777b9c3 elementor-section-boxed elementor-section-height-default elementor-section-height-default\" data-id=\"777b9c3\" data-element_type=\"section\" data-e-type=\"section\">\n\t\t\t\t\t\t<div class=\"elementor-container elementor-column-gap-default\">\n\t\t\t\t\t<div class=\"elementor-column elementor-col-100 elementor-top-column elementor-element elementor-element-26d9848\" data-id=\"26d9848\" data-element_type=\"column\" data-e-type=\"column\">\n\t\t\t<div class=\"elementor-widget-wrap elementor-element-populated\">\n\t\t\t\t\t\t<div class=\"elementor-element elementor-element-4b700c3 elementor-widget elementor-widget-text-editor\" data-id=\"4b700c3\" data-element_type=\"widget\" data-e-type=\"widget\" data-widget_type=\"text-editor.default\">\n\t\t\t\t<div class=\"elementor-widget-container\">\n\t\t\t\t\t\t\t\t\t<p>Fem constar, especialment, el fons rebuts de les seg\u00fcents subvencions:<\/p>\t\t\t\t\t\t\t\t<\/div>\n\t\t\t\t<\/div>\n\t\t\t\t\t<\/div>\n\t\t<\/div>\n\t\t\t\t\t<\/div>\n\t\t<\/section>\n\t\t\t\t<section class=\"elementor-section elementor-top-section elementor-element elementor-element-9de855e elementor-section-boxed elementor-section-height-default elementor-section-height-default\" data-id=\"9de855e\" data-element_type=\"section\" data-e-type=\"section\">\n\t\t\t\t\t\t<div class=\"elementor-container elementor-column-gap-default\">\n\t\t\t\t\t<div class=\"elementor-column elementor-col-100 elementor-top-column elementor-element elementor-element-fc2bc05\" data-id=\"fc2bc05\" data-element_type=\"column\" data-e-type=\"column\">\n\t\t\t<div class=\"elementor-widget-wrap elementor-element-populated\">\n\t\t\t\t\t\t<div class=\"elementor-element elementor-element-28ccb26 elementor-widget-divider--view-line elementor-widget elementor-widget-divider\" data-id=\"28ccb26\" data-element_type=\"widget\" data-e-type=\"widget\" data-widget_type=\"divider.default\">\n\t\t\t\t<div class=\"elementor-widget-container\">\n\t\t\t\t\t\t\t<div class=\"elementor-divider\">\n\t\t\t<span class=\"elementor-divider-separator\">\n\t\t\t\t\t\t<\/span>\n\t\t<\/div>\n\t\t\t\t\t\t<\/div>\n\t\t\t\t<\/div>\n\t\t\t\t<div class=\"elementor-element elementor-element-865215b elementor-widget elementor-widget-text-editor\" data-id=\"865215b\" data-element_type=\"widget\" data-e-type=\"widget\" data-widget_type=\"text-editor.default\">\n\t\t\t\t<div class=\"elementor-widget-container\">\n\t\t\t\t\t\t\t\t\t<p><strong>Contractaci\u00f3 laboral de persones de 30 i m\u00e9s anys. En aquest cas s\u2019ha subvencionat un contracte laboral.<\/strong><\/p><p>Aquesta actuaci\u00f3 est\u00e0 impulsada i subvencionada pel Servei P\u00fablic d\u2019Ocupaci\u00f3 de Catalunya i finan\u00e7ada pel Fons Social Europeu com a part de la resposta de la Uni\u00f3 Europea a la pand\u00e8mia de COVID-19.<\/p>\t\t\t\t\t\t\t\t<\/div>\n\t\t\t\t<\/div>\n\t\t\t\t\t<\/div>\n\t\t<\/div>\n\t\t\t\t\t<\/div>\n\t\t<\/section>\n\t\t\t\t<section class=\"elementor-section elementor-top-section elementor-element elementor-element-956120c elementor-section-boxed elementor-section-height-default elementor-section-height-default\" data-id=\"956120c\" data-element_type=\"section\" data-e-type=\"section\">\n\t\t\t\t\t\t<div class=\"elementor-container elementor-column-gap-default\">\n\t\t\t\t\t<div class=\"elementor-column elementor-col-20 elementor-top-column elementor-element elementor-element-6623ace\" data-id=\"6623ace\" data-element_type=\"column\" data-e-type=\"column\">\n\t\t\t<div class=\"elementor-widget-wrap elementor-element-populated\">\n\t\t\t\t\t\t<div class=\"elementor-element elementor-element-57ab28c elementor-widget elementor-widget-image\" data-id=\"57ab28c\" data-element_type=\"widget\" data-e-type=\"widget\" data-widget_type=\"image.default\">\n\t\t\t\t<div class=\"elementor-widget-container\">\n\t\t\t\t\t\t\t\t\t\t\t\t\t\t\t<img loading=\"lazy\" decoding=\"async\" width=\"1024\" height=\"306\" src=\"https:\/\/fundaciotallers.org\/wp-content\/uploads\/2022\/11\/CoFinancatUE_lateral-1024x306.jpg\" class=\"attachment-large size-large wp-image-39154\" alt=\"Confian\u00e7a UE\" srcset=\"https:\/\/fundaciotallers.org\/wp-content\/uploads\/2022\/11\/CoFinancatUE_lateral-1024x306.jpg 1024w, https:\/\/fundaciotallers.org\/wp-content\/uploads\/2022\/11\/CoFinancatUE_lateral-300x90.jpg 300w, https:\/\/fundaciotallers.org\/wp-content\/uploads\/2022\/11\/CoFinancatUE_lateral-768x230.jpg 768w, https:\/\/fundaciotallers.org\/wp-content\/uploads\/2022\/11\/CoFinancatUE_lateral-1536x459.jpg 1536w, https:\/\/fundaciotallers.org\/wp-content\/uploads\/2022\/11\/CoFinancatUE_lateral-2048x612.jpg 2048w\" sizes=\"(max-width: 1024px) 100vw, 1024px\" \/>\t\t\t\t\t\t\t\t\t\t\t\t\t\t\t<\/div>\n\t\t\t\t<\/div>\n\t\t\t\t\t<\/div>\n\t\t<\/div>\n\t\t\t\t<div class=\"elementor-column elementor-col-20 elementor-top-column elementor-element elementor-element-5f1e347\" data-id=\"5f1e347\" data-element_type=\"column\" data-e-type=\"column\">\n\t\t\t<div class=\"elementor-widget-wrap elementor-element-populated\">\n\t\t\t\t\t\t<div class=\"elementor-element elementor-element-0426f21 elementor-widget elementor-widget-image\" data-id=\"0426f21\" data-element_type=\"widget\" data-e-type=\"widget\" data-widget_type=\"image.default\">\n\t\t\t\t<div class=\"elementor-widget-container\">\n\t\t\t\t\t\t\t\t\t\t\t\t\t\t\t<img loading=\"lazy\" decoding=\"async\" width=\"504\" height=\"128\" src=\"https:\/\/fundaciotallers.org\/wp-content\/uploads\/2024\/11\/soc.jpeg\" class=\"attachment-large size-large wp-image-43525\" alt=\"\" srcset=\"https:\/\/fundaciotallers.org\/wp-content\/uploads\/2024\/11\/soc.jpeg 504w, https:\/\/fundaciotallers.org\/wp-content\/uploads\/2024\/11\/soc-300x76.jpeg 300w\" sizes=\"(max-width: 504px) 100vw, 504px\" \/>\t\t\t\t\t\t\t\t\t\t\t\t\t\t\t<\/div>\n\t\t\t\t<\/div>\n\t\t\t\t\t<\/div>\n\t\t<\/div>\n\t\t\t\t<div class=\"elementor-column elementor-col-20 elementor-top-column elementor-element elementor-element-11bdb31\" data-id=\"11bdb31\" data-element_type=\"column\" data-e-type=\"column\">\n\t\t\t<div class=\"elementor-widget-wrap elementor-element-populated\">\n\t\t\t\t\t\t<div class=\"elementor-element elementor-element-f77273b elementor-widget elementor-widget-image\" data-id=\"f77273b\" data-element_type=\"widget\" data-e-type=\"widget\" data-widget_type=\"image.default\">\n\t\t\t\t<div class=\"elementor-widget-container\">\n\t\t\t\t\t\t\t\t\t\t\t\t\t\t\t<img loading=\"lazy\" decoding=\"async\" width=\"1024\" height=\"271\" src=\"https:\/\/fundaciotallers.org\/wp-content\/uploads\/2024\/11\/NextGenerationCatalunya-1024x271.jpg\" class=\"attachment-large size-large wp-image-43527\" alt=\"\" srcset=\"https:\/\/fundaciotallers.org\/wp-content\/uploads\/2024\/11\/NextGenerationCatalunya-1024x271.jpg 1024w, https:\/\/fundaciotallers.org\/wp-content\/uploads\/2024\/11\/NextGenerationCatalunya-300x80.jpg 300w, https:\/\/fundaciotallers.org\/wp-content\/uploads\/2024\/11\/NextGenerationCatalunya-768x204.jpg 768w, https:\/\/fundaciotallers.org\/wp-content\/uploads\/2024\/11\/NextGenerationCatalunya.jpg 1026w\" sizes=\"(max-width: 1024px) 100vw, 1024px\" \/>\t\t\t\t\t\t\t\t\t\t\t\t\t\t\t<\/div>\n\t\t\t\t<\/div>\n\t\t\t\t\t<\/div>\n\t\t<\/div>\n\t\t\t\t<div class=\"elementor-column elementor-col-20 elementor-top-column elementor-element elementor-element-b10f781\" data-id=\"b10f781\" data-element_type=\"column\" data-e-type=\"column\">\n\t\t\t<div class=\"elementor-widget-wrap elementor-element-populated\">\n\t\t\t\t\t\t<div class=\"elementor-element elementor-element-a6a887b elementor-widget elementor-widget-image\" data-id=\"a6a887b\" data-element_type=\"widget\" data-e-type=\"widget\" data-widget_type=\"image.default\">\n\t\t\t\t<div class=\"elementor-widget-container\">\n\t\t\t\t\t\t\t\t\t\t\t\t\t\t\t<img loading=\"lazy\" decoding=\"async\" width=\"1024\" height=\"307\" src=\"https:\/\/fundaciotallers.org\/wp-content\/uploads\/2025\/12\/LogoGene_nou-1024x307.png\" class=\"attachment-large size-large wp-image-48997\" alt=\"\" srcset=\"https:\/\/fundaciotallers.org\/wp-content\/uploads\/2025\/12\/LogoGene_nou-1024x307.png 1024w, https:\/\/fundaciotallers.org\/wp-content\/uploads\/2025\/12\/LogoGene_nou-300x90.png 300w, https:\/\/fundaciotallers.org\/wp-content\/uploads\/2025\/12\/LogoGene_nou-768x230.png 768w, https:\/\/fundaciotallers.org\/wp-content\/uploads\/2025\/12\/LogoGene_nou.png 1181w\" sizes=\"(max-width: 1024px) 100vw, 1024px\" \/>\t\t\t\t\t\t\t\t\t\t\t\t\t\t\t<\/div>\n\t\t\t\t<\/div>\n\t\t\t\t\t<\/div>\n\t\t<\/div>\n\t\t\t\t<div class=\"elementor-column elementor-col-20 elementor-top-column elementor-element elementor-element-5b69d0e\" data-id=\"5b69d0e\" data-element_type=\"column\" data-e-type=\"column\">\n\t\t\t<div class=\"elementor-widget-wrap\">\n\t\t\t\t\t\t\t<\/div>\n\t\t<\/div>\n\t\t\t\t\t<\/div>\n\t\t<\/section>\n\t\t\t\t<section class=\"elementor-section elementor-top-section elementor-element elementor-element-51236d7 elementor-section-boxed elementor-section-height-default elementor-section-height-default\" data-id=\"51236d7\" data-element_type=\"section\" data-e-type=\"section\">\n\t\t\t\t\t\t<div class=\"elementor-container elementor-column-gap-default\">\n\t\t\t\t\t<div class=\"elementor-column elementor-col-100 elementor-top-column elementor-element elementor-element-00458ae\" data-id=\"00458ae\" data-element_type=\"column\" data-e-type=\"column\">\n\t\t\t<div class=\"elementor-widget-wrap elementor-element-populated\">\n\t\t\t\t\t\t<div class=\"elementor-element elementor-element-cf0e1b3 elementor-widget-divider--view-line elementor-widget elementor-widget-divider\" data-id=\"cf0e1b3\" data-element_type=\"widget\" data-e-type=\"widget\" data-widget_type=\"divider.default\">\n\t\t\t\t<div class=\"elementor-widget-container\">\n\t\t\t\t\t\t\t<div class=\"elementor-divider\">\n\t\t\t<span class=\"elementor-divider-separator\">\n\t\t\t\t\t\t<\/span>\n\t\t<\/div>\n\t\t\t\t\t\t<\/div>\n\t\t\t\t<\/div>\n\t\t\t\t<div class=\"elementor-element elementor-element-950736b elementor-widget elementor-widget-text-editor\" data-id=\"950736b\" data-element_type=\"widget\" data-e-type=\"widget\" data-widget_type=\"text-editor.default\">\n\t\t\t\t<div class=\"elementor-widget-container\">\n\t\t\t\t\t\t\t\t\t<p>Subvenci\u00f3 a centres especials de treball per a actuacions sobre llocs de treball ocupats per persones amb discapacitat, de foment de la integraci\u00f3 laboral de persones amb discapacitat contractades en centres especials de treball, l\u00ednia 1. S\u2019han subvencionat tant el CET de Santa Coloma de Gramenet com el de Badia del Vall\u00e8s.<\/p>\t\t\t\t\t\t\t\t<\/div>\n\t\t\t\t<\/div>\n\t\t\t\t\t<\/div>\n\t\t<\/div>\n\t\t\t\t\t<\/div>\n\t\t<\/section>\n\t\t\t\t<section class=\"elementor-section elementor-top-section elementor-element elementor-element-f0f7488 elementor-section-boxed elementor-section-height-default elementor-section-height-default\" data-id=\"f0f7488\" data-element_type=\"section\" data-e-type=\"section\">\n\t\t\t\t\t\t<div class=\"elementor-container elementor-column-gap-default\">\n\t\t\t\t\t<div class=\"elementor-column elementor-col-20 elementor-top-column elementor-element elementor-element-c8a43e3\" data-id=\"c8a43e3\" data-element_type=\"column\" data-e-type=\"column\">\n\t\t\t<div class=\"elementor-widget-wrap elementor-element-populated\">\n\t\t\t\t\t\t<div class=\"elementor-element elementor-element-4d5756d elementor-widget elementor-widget-image\" data-id=\"4d5756d\" data-element_type=\"widget\" data-e-type=\"widget\" data-widget_type=\"image.default\">\n\t\t\t\t<div class=\"elementor-widget-container\">\n\t\t\t\t\t\t\t\t\t\t\t\t\t\t\t<img loading=\"lazy\" decoding=\"async\" width=\"1024\" height=\"307\" src=\"https:\/\/fundaciotallers.org\/wp-content\/uploads\/2025\/12\/LogoGene_nou-1024x307.png\" class=\"attachment-large size-large wp-image-48997\" alt=\"\" srcset=\"https:\/\/fundaciotallers.org\/wp-content\/uploads\/2025\/12\/LogoGene_nou-1024x307.png 1024w, https:\/\/fundaciotallers.org\/wp-content\/uploads\/2025\/12\/LogoGene_nou-300x90.png 300w, https:\/\/fundaciotallers.org\/wp-content\/uploads\/2025\/12\/LogoGene_nou-768x230.png 768w, https:\/\/fundaciotallers.org\/wp-content\/uploads\/2025\/12\/LogoGene_nou.png 1181w\" sizes=\"(max-width: 1024px) 100vw, 1024px\" \/>\t\t\t\t\t\t\t\t\t\t\t\t\t\t\t<\/div>\n\t\t\t\t<\/div>\n\t\t\t\t\t<\/div>\n\t\t<\/div>\n\t\t\t\t<div class=\"elementor-column elementor-col-20 elementor-top-column elementor-element elementor-element-b102cf9\" data-id=\"b102cf9\" data-element_type=\"column\" data-e-type=\"column\">\n\t\t\t<div class=\"elementor-widget-wrap elementor-element-populated\">\n\t\t\t\t\t\t<div class=\"elementor-element elementor-element-35af0c6 elementor-widget elementor-widget-image\" data-id=\"35af0c6\" data-element_type=\"widget\" data-e-type=\"widget\" data-widget_type=\"image.default\">\n\t\t\t\t<div class=\"elementor-widget-container\">\n\t\t\t\t\t\t\t\t\t\t\t\t\t\t\t<img loading=\"lazy\" decoding=\"async\" width=\"1024\" height=\"297\" src=\"https:\/\/fundaciotallers.org\/wp-content\/uploads\/2024\/11\/MTESSEPE_H_COLOR_GAL-1024x297.jpg\" class=\"attachment-large size-large wp-image-43536\" alt=\"\" srcset=\"https:\/\/fundaciotallers.org\/wp-content\/uploads\/2024\/11\/MTESSEPE_H_COLOR_GAL-1024x297.jpg 1024w, https:\/\/fundaciotallers.org\/wp-content\/uploads\/2024\/11\/MTESSEPE_H_COLOR_GAL-300x87.jpg 300w, https:\/\/fundaciotallers.org\/wp-content\/uploads\/2024\/11\/MTESSEPE_H_COLOR_GAL-768x223.jpg 768w, https:\/\/fundaciotallers.org\/wp-content\/uploads\/2024\/11\/MTESSEPE_H_COLOR_GAL-1536x446.jpg 1536w, https:\/\/fundaciotallers.org\/wp-content\/uploads\/2024\/11\/MTESSEPE_H_COLOR_GAL.jpg 1722w\" sizes=\"(max-width: 1024px) 100vw, 1024px\" \/>\t\t\t\t\t\t\t\t\t\t\t\t\t\t\t<\/div>\n\t\t\t\t<\/div>\n\t\t\t\t\t<\/div>\n\t\t<\/div>\n\t\t\t\t<div class=\"elementor-column elementor-col-20 elementor-top-column elementor-element elementor-element-e449c6c\" data-id=\"e449c6c\" data-element_type=\"column\" data-e-type=\"column\">\n\t\t\t<div class=\"elementor-widget-wrap\">\n\t\t\t\t\t\t\t<\/div>\n\t\t<\/div>\n\t\t\t\t<div class=\"elementor-column elementor-col-20 elementor-top-column elementor-element elementor-element-939f766\" data-id=\"939f766\" data-element_type=\"column\" data-e-type=\"column\">\n\t\t\t<div class=\"elementor-widget-wrap\">\n\t\t\t\t\t\t\t<\/div>\n\t\t<\/div>\n\t\t\t\t<div class=\"elementor-column elementor-col-20 elementor-top-column elementor-element elementor-element-4ba6301\" data-id=\"4ba6301\" data-element_type=\"column\" data-e-type=\"column\">\n\t\t\t<div class=\"elementor-widget-wrap\">\n\t\t\t\t\t\t\t<\/div>\n\t\t<\/div>\n\t\t\t\t\t<\/div>\n\t\t<\/section>\n\t\t\t\t<section class=\"elementor-section elementor-top-section elementor-element elementor-element-1fd54aa elementor-section-boxed elementor-section-height-default elementor-section-height-default\" data-id=\"1fd54aa\" data-element_type=\"section\" data-e-type=\"section\">\n\t\t\t\t\t\t<div class=\"elementor-container elementor-column-gap-default\">\n\t\t\t\t\t<div class=\"elementor-column elementor-col-100 elementor-top-column elementor-element elementor-element-ba19fe1\" data-id=\"ba19fe1\" data-element_type=\"column\" data-e-type=\"column\">\n\t\t\t<div class=\"elementor-widget-wrap elementor-element-populated\">\n\t\t\t\t\t\t<div class=\"elementor-element elementor-element-65be3b8 elementor-widget-divider--view-line elementor-widget elementor-widget-divider\" data-id=\"65be3b8\" data-element_type=\"widget\" data-e-type=\"widget\" data-widget_type=\"divider.default\">\n\t\t\t\t<div class=\"elementor-widget-container\">\n\t\t\t\t\t\t\t<div class=\"elementor-divider\">\n\t\t\t<span class=\"elementor-divider-separator\">\n\t\t\t\t\t\t<\/span>\n\t\t<\/div>\n\t\t\t\t\t\t<\/div>\n\t\t\t\t<\/div>\n\t\t\t\t<div class=\"elementor-element elementor-element-2a2e4bd elementor-widget elementor-widget-text-editor\" data-id=\"2a2e4bd\" data-element_type=\"widget\" data-e-type=\"widget\" data-widget_type=\"text-editor.default\">\n\t\t\t\t<div class=\"elementor-widget-container\">\n\t\t\t\t\t\t\t\t\t<p><strong>Subvenci\u00f3 destinada a les accions d\u2019acompanyament especialitzat i de suport sociolaboral de les persones amb discapacitat dels centres especials de treball (equips multidisciplinaris de suport, EMS). S\u2019han subvencionat tant els EMS de Santa Coloma de Gramenet com els de Badia del Vall\u00e8s.<\/strong><\/p><p>Aquesta actuaci\u00f3 s\u2019ha finan\u00e7at amb fons rebuts de la Uni\u00f3 Europea, amb el suport del Departament d\u2019Empresa i Treball.<\/p>\t\t\t\t\t\t\t\t<\/div>\n\t\t\t\t<\/div>\n\t\t\t\t\t<\/div>\n\t\t<\/div>\n\t\t\t\t\t<\/div>\n\t\t<\/section>\n\t\t\t\t<section class=\"elementor-section elementor-top-section elementor-element elementor-element-cf62d51 elementor-section-boxed elementor-section-height-default elementor-section-height-default\" data-id=\"cf62d51\" data-element_type=\"section\" data-e-type=\"section\">\n\t\t\t\t\t\t<div class=\"elementor-container elementor-column-gap-default\">\n\t\t\t\t\t<div class=\"elementor-column elementor-col-20 elementor-top-column elementor-element elementor-element-d1ddc0e\" data-id=\"d1ddc0e\" data-element_type=\"column\" data-e-type=\"column\">\n\t\t\t<div class=\"elementor-widget-wrap elementor-element-populated\">\n\t\t\t\t\t\t<div class=\"elementor-element elementor-element-f4223be elementor-widget elementor-widget-image\" data-id=\"f4223be\" data-element_type=\"widget\" data-e-type=\"widget\" data-widget_type=\"image.default\">\n\t\t\t\t<div class=\"elementor-widget-container\">\n\t\t\t\t\t\t\t\t\t\t\t\t\t\t\t<img loading=\"lazy\" decoding=\"async\" width=\"1024\" height=\"307\" src=\"https:\/\/fundaciotallers.org\/wp-content\/uploads\/2025\/12\/LogoGene_nou-1024x307.png\" class=\"attachment-large size-large wp-image-48997\" alt=\"\" srcset=\"https:\/\/fundaciotallers.org\/wp-content\/uploads\/2025\/12\/LogoGene_nou-1024x307.png 1024w, https:\/\/fundaciotallers.org\/wp-content\/uploads\/2025\/12\/LogoGene_nou-300x90.png 300w, https:\/\/fundaciotallers.org\/wp-content\/uploads\/2025\/12\/LogoGene_nou-768x230.png 768w, https:\/\/fundaciotallers.org\/wp-content\/uploads\/2025\/12\/LogoGene_nou.png 1181w\" sizes=\"(max-width: 1024px) 100vw, 1024px\" \/>\t\t\t\t\t\t\t\t\t\t\t\t\t\t\t<\/div>\n\t\t\t\t<\/div>\n\t\t\t\t\t<\/div>\n\t\t<\/div>\n\t\t\t\t<div class=\"elementor-column elementor-col-20 elementor-top-column elementor-element elementor-element-c57ac62\" data-id=\"c57ac62\" data-element_type=\"column\" data-e-type=\"column\">\n\t\t\t<div class=\"elementor-widget-wrap elementor-element-populated\">\n\t\t\t\t\t\t<div class=\"elementor-element elementor-element-335e714 elementor-widget elementor-widget-image\" data-id=\"335e714\" data-element_type=\"widget\" data-e-type=\"widget\" data-widget_type=\"image.default\">\n\t\t\t\t<div class=\"elementor-widget-container\">\n\t\t\t\t\t\t\t\t\t\t\t\t\t\t\t<img loading=\"lazy\" decoding=\"async\" width=\"1024\" height=\"297\" src=\"https:\/\/fundaciotallers.org\/wp-content\/uploads\/2024\/11\/MTESSEPE_H_COLOR_GAL-1024x297.jpg\" class=\"attachment-large size-large wp-image-43536\" alt=\"\" srcset=\"https:\/\/fundaciotallers.org\/wp-content\/uploads\/2024\/11\/MTESSEPE_H_COLOR_GAL-1024x297.jpg 1024w, https:\/\/fundaciotallers.org\/wp-content\/uploads\/2024\/11\/MTESSEPE_H_COLOR_GAL-300x87.jpg 300w, https:\/\/fundaciotallers.org\/wp-content\/uploads\/2024\/11\/MTESSEPE_H_COLOR_GAL-768x223.jpg 768w, https:\/\/fundaciotallers.org\/wp-content\/uploads\/2024\/11\/MTESSEPE_H_COLOR_GAL-1536x446.jpg 1536w, https:\/\/fundaciotallers.org\/wp-content\/uploads\/2024\/11\/MTESSEPE_H_COLOR_GAL.jpg 1722w\" sizes=\"(max-width: 1024px) 100vw, 1024px\" \/>\t\t\t\t\t\t\t\t\t\t\t\t\t\t\t<\/div>\n\t\t\t\t<\/div>\n\t\t\t\t\t<\/div>\n\t\t<\/div>\n\t\t\t\t<div class=\"elementor-column elementor-col-20 elementor-top-column elementor-element elementor-element-902e572\" data-id=\"902e572\" data-element_type=\"column\" data-e-type=\"column\">\n\t\t\t<div class=\"elementor-widget-wrap\">\n\t\t\t\t\t\t\t<\/div>\n\t\t<\/div>\n\t\t\t\t<div class=\"elementor-column elementor-col-20 elementor-top-column elementor-element elementor-element-e89c5d7\" data-id=\"e89c5d7\" data-element_type=\"column\" data-e-type=\"column\">\n\t\t\t<div class=\"elementor-widget-wrap\">\n\t\t\t\t\t\t\t<\/div>\n\t\t<\/div>\n\t\t\t\t<div class=\"elementor-column elementor-col-20 elementor-top-column elementor-element elementor-element-5d62824\" data-id=\"5d62824\" data-element_type=\"column\" data-e-type=\"column\">\n\t\t\t<div class=\"elementor-widget-wrap\">\n\t\t\t\t\t\t\t<\/div>\n\t\t<\/div>\n\t\t\t\t\t<\/div>\n\t\t<\/section>\n\t\t\t\t<section class=\"elementor-section elementor-top-section elementor-element elementor-element-c8e1f54 elementor-section-boxed elementor-section-height-default elementor-section-height-default\" data-id=\"c8e1f54\" data-element_type=\"section\" data-e-type=\"section\">\n\t\t\t\t\t\t<div class=\"elementor-container elementor-column-gap-default\">\n\t\t\t\t\t<div class=\"elementor-column elementor-col-100 elementor-top-column elementor-element elementor-element-7664367\" data-id=\"7664367\" data-element_type=\"column\" data-e-type=\"column\">\n\t\t\t<div class=\"elementor-widget-wrap elementor-element-populated\">\n\t\t\t\t\t\t<div class=\"elementor-element elementor-element-88f41e6 elementor-widget-divider--view-line elementor-widget elementor-widget-divider\" data-id=\"88f41e6\" data-element_type=\"widget\" data-e-type=\"widget\" data-widget_type=\"divider.default\">\n\t\t\t\t<div class=\"elementor-widget-container\">\n\t\t\t\t\t\t\t<div class=\"elementor-divider\">\n\t\t\t<span class=\"elementor-divider-separator\">\n\t\t\t\t\t\t<\/span>\n\t\t<\/div>\n\t\t\t\t\t\t<\/div>\n\t\t\t\t<\/div>\n\t\t\t\t<div class=\"elementor-element elementor-element-d7701e5 elementor-widget elementor-widget-text-editor\" data-id=\"d7701e5\" data-element_type=\"widget\" data-e-type=\"widget\" data-widget_type=\"text-editor.default\">\n\t\t\t\t<div class=\"elementor-widget-container\">\n\t\t\t\t\t\t\t\t\t<p><strong>Suport als llocs de treball ocupats per persones amb discapacitat afectades per envelliment prematur en centres especials de treball. S\u2019han subvencionat tant el CET de Santa Coloma de Gramenet com el de Badia del Vall\u00e8s.<\/strong><\/p><p>Aquesta actuaci\u00f3 s\u2019ha finan\u00e7at amb fons rebuts del Servei P\u00fablic d\u2019Ocupaci\u00f3 Estatal, amb el suport del Departament d\u2019Empresa i Treball.<\/p>\t\t\t\t\t\t\t\t<\/div>\n\t\t\t\t<\/div>\n\t\t\t\t\t<\/div>\n\t\t<\/div>\n\t\t\t\t\t<\/div>\n\t\t<\/section>\n\t\t\t\t<section class=\"elementor-section elementor-top-section elementor-element elementor-element-c01d158 elementor-section-boxed elementor-section-height-default elementor-section-height-default\" data-id=\"c01d158\" data-element_type=\"section\" data-e-type=\"section\">\n\t\t\t\t\t\t<div class=\"elementor-container elementor-column-gap-default\">\n\t\t\t\t\t<div class=\"elementor-column elementor-col-20 elementor-top-column elementor-element elementor-element-3d9db25\" data-id=\"3d9db25\" data-element_type=\"column\" data-e-type=\"column\">\n\t\t\t<div class=\"elementor-widget-wrap elementor-element-populated\">\n\t\t\t\t\t\t<div class=\"elementor-element elementor-element-cca4075 elementor-widget elementor-widget-image\" data-id=\"cca4075\" data-element_type=\"widget\" data-e-type=\"widget\" data-widget_type=\"image.default\">\n\t\t\t\t<div class=\"elementor-widget-container\">\n\t\t\t\t\t\t\t\t\t\t\t\t\t\t\t<img loading=\"lazy\" decoding=\"async\" width=\"1024\" height=\"297\" src=\"https:\/\/fundaciotallers.org\/wp-content\/uploads\/2024\/11\/MTESSEPE_H_COLOR_GAL-1024x297.jpg\" class=\"attachment-large size-large wp-image-43536\" alt=\"\" srcset=\"https:\/\/fundaciotallers.org\/wp-content\/uploads\/2024\/11\/MTESSEPE_H_COLOR_GAL-1024x297.jpg 1024w, https:\/\/fundaciotallers.org\/wp-content\/uploads\/2024\/11\/MTESSEPE_H_COLOR_GAL-300x87.jpg 300w, https:\/\/fundaciotallers.org\/wp-content\/uploads\/2024\/11\/MTESSEPE_H_COLOR_GAL-768x223.jpg 768w, https:\/\/fundaciotallers.org\/wp-content\/uploads\/2024\/11\/MTESSEPE_H_COLOR_GAL-1536x446.jpg 1536w, https:\/\/fundaciotallers.org\/wp-content\/uploads\/2024\/11\/MTESSEPE_H_COLOR_GAL.jpg 1722w\" sizes=\"(max-width: 1024px) 100vw, 1024px\" \/>\t\t\t\t\t\t\t\t\t\t\t\t\t\t\t<\/div>\n\t\t\t\t<\/div>\n\t\t\t\t\t<\/div>\n\t\t<\/div>\n\t\t\t\t<div class=\"elementor-column elementor-col-20 elementor-top-column elementor-element elementor-element-119149f\" data-id=\"119149f\" data-element_type=\"column\" data-e-type=\"column\">\n\t\t\t<div class=\"elementor-widget-wrap elementor-element-populated\">\n\t\t\t\t\t\t<div class=\"elementor-element elementor-element-d33e582 elementor-widget elementor-widget-image\" data-id=\"d33e582\" data-element_type=\"widget\" data-e-type=\"widget\" data-widget_type=\"image.default\">\n\t\t\t\t<div class=\"elementor-widget-container\">\n\t\t\t\t\t\t\t\t\t\t\t\t\t\t\t<img loading=\"lazy\" decoding=\"async\" width=\"430\" height=\"86\" src=\"https:\/\/fundaciotallers.org\/wp-content\/uploads\/2024\/11\/gencat_empresa_treball-1.webp\" class=\"attachment-large size-large wp-image-43539\" alt=\"\" srcset=\"https:\/\/fundaciotallers.org\/wp-content\/uploads\/2024\/11\/gencat_empresa_treball-1.webp 430w, https:\/\/fundaciotallers.org\/wp-content\/uploads\/2024\/11\/gencat_empresa_treball-1-300x60.webp 300w\" sizes=\"(max-width: 430px) 100vw, 430px\" \/>\t\t\t\t\t\t\t\t\t\t\t\t\t\t\t<\/div>\n\t\t\t\t<\/div>\n\t\t\t\t\t<\/div>\n\t\t<\/div>\n\t\t\t\t<div class=\"elementor-column elementor-col-20 elementor-top-column elementor-element elementor-element-ffac287\" data-id=\"ffac287\" data-element_type=\"column\" data-e-type=\"column\">\n\t\t\t<div class=\"elementor-widget-wrap\">\n\t\t\t\t\t\t\t<\/div>\n\t\t<\/div>\n\t\t\t\t<div class=\"elementor-column elementor-col-20 elementor-top-column elementor-element elementor-element-48bb8ec\" data-id=\"48bb8ec\" data-element_type=\"column\" data-e-type=\"column\">\n\t\t\t<div class=\"elementor-widget-wrap\">\n\t\t\t\t\t\t\t<\/div>\n\t\t<\/div>\n\t\t\t\t<div class=\"elementor-column elementor-col-20 elementor-top-column elementor-element elementor-element-acce763\" data-id=\"acce763\" data-element_type=\"column\" data-e-type=\"column\">\n\t\t\t<div class=\"elementor-widget-wrap\">\n\t\t\t\t\t\t\t<\/div>\n\t\t<\/div>\n\t\t\t\t\t<\/div>\n\t\t<\/section>\n\t\t\t\t<section class=\"elementor-section elementor-top-section elementor-element elementor-element-2983864 elementor-section-boxed elementor-section-height-default elementor-section-height-default\" data-id=\"2983864\" data-element_type=\"section\" data-e-type=\"section\">\n\t\t\t\t\t\t<div class=\"elementor-container elementor-column-gap-default\">\n\t\t\t\t\t<div class=\"elementor-column elementor-col-100 elementor-top-column elementor-element elementor-element-832006d\" data-id=\"832006d\" data-element_type=\"column\" data-e-type=\"column\">\n\t\t\t<div class=\"elementor-widget-wrap elementor-element-populated\">\n\t\t\t\t\t\t<div class=\"elementor-element elementor-element-67301d9 elementor-widget-divider--view-line elementor-widget elementor-widget-divider\" data-id=\"67301d9\" data-element_type=\"widget\" data-e-type=\"widget\" data-widget_type=\"divider.default\">\n\t\t\t\t<div class=\"elementor-widget-container\">\n\t\t\t\t\t\t\t<div class=\"elementor-divider\">\n\t\t\t<span class=\"elementor-divider-separator\">\n\t\t\t\t\t\t<\/span>\n\t\t<\/div>\n\t\t\t\t\t\t<\/div>\n\t\t\t\t<\/div>\n\t\t\t\t<div class=\"elementor-element elementor-element-b1e294a elementor-widget elementor-widget-text-editor\" data-id=\"b1e294a\" data-element_type=\"widget\" data-e-type=\"widget\" data-widget_type=\"text-editor.default\">\n\t\t\t\t<div class=\"elementor-widget-container\">\n\t\t\t\t\t\t\t\t\t<p><strong>Subvenci\u00f3 Projectes Singulars (SOC-SINGULARS). Hem rebut subvenci\u00f3 per portar a terme el projecte JOVES AMB MOLTES KPACITATS.<\/strong><\/p><p>Aquesta actuaci\u00f3 est\u00e0 promoguda i impulsada pel Servei P\u00fablic d\u2019Ocupaci\u00f3 de Catalunya amb fons rebuts del Servei P\u00fablic d\u2019Ocupaci\u00f3 Estatal (SEPE).<\/p>\t\t\t\t\t\t\t\t<\/div>\n\t\t\t\t<\/div>\n\t\t\t\t\t<\/div>\n\t\t<\/div>\n\t\t\t\t\t<\/div>\n\t\t<\/section>\n\t\t\t\t<section class=\"elementor-section elementor-top-section elementor-element elementor-element-6b7bd40 elementor-section-boxed elementor-section-height-default elementor-section-height-default\" data-id=\"6b7bd40\" data-element_type=\"section\" data-e-type=\"section\">\n\t\t\t\t\t\t<div class=\"elementor-container elementor-column-gap-default\">\n\t\t\t\t\t<div class=\"elementor-column elementor-col-20 elementor-top-column elementor-element elementor-element-ba90721\" data-id=\"ba90721\" data-element_type=\"column\" data-e-type=\"column\">\n\t\t\t<div class=\"elementor-widget-wrap elementor-element-populated\">\n\t\t\t\t\t\t<div class=\"elementor-element elementor-element-10175de elementor-widget elementor-widget-image\" data-id=\"10175de\" data-element_type=\"widget\" data-e-type=\"widget\" data-widget_type=\"image.default\">\n\t\t\t\t<div class=\"elementor-widget-container\">\n\t\t\t\t\t\t\t\t\t\t\t\t\t\t\t<img loading=\"lazy\" decoding=\"async\" width=\"504\" height=\"128\" src=\"https:\/\/fundaciotallers.org\/wp-content\/uploads\/2024\/11\/soc.jpeg\" class=\"attachment-large size-large wp-image-43525\" alt=\"\" srcset=\"https:\/\/fundaciotallers.org\/wp-content\/uploads\/2024\/11\/soc.jpeg 504w, https:\/\/fundaciotallers.org\/wp-content\/uploads\/2024\/11\/soc-300x76.jpeg 300w\" sizes=\"(max-width: 504px) 100vw, 504px\" \/>\t\t\t\t\t\t\t\t\t\t\t\t\t\t\t<\/div>\n\t\t\t\t<\/div>\n\t\t\t\t\t<\/div>\n\t\t<\/div>\n\t\t\t\t<div class=\"elementor-column elementor-col-20 elementor-top-column elementor-element elementor-element-85d2b9e\" data-id=\"85d2b9e\" data-element_type=\"column\" data-e-type=\"column\">\n\t\t\t<div class=\"elementor-widget-wrap elementor-element-populated\">\n\t\t\t\t\t\t<div class=\"elementor-element elementor-element-55e6f89 elementor-widget elementor-widget-image\" data-id=\"55e6f89\" data-element_type=\"widget\" data-e-type=\"widget\" data-widget_type=\"image.default\">\n\t\t\t\t<div class=\"elementor-widget-container\">\n\t\t\t\t\t\t\t\t\t\t\t\t\t\t\t<img loading=\"lazy\" decoding=\"async\" width=\"1024\" height=\"307\" src=\"https:\/\/fundaciotallers.org\/wp-content\/uploads\/2025\/12\/LogoGene_nou-1024x307.png\" class=\"attachment-large size-large wp-image-48997\" alt=\"\" srcset=\"https:\/\/fundaciotallers.org\/wp-content\/uploads\/2025\/12\/LogoGene_nou-1024x307.png 1024w, https:\/\/fundaciotallers.org\/wp-content\/uploads\/2025\/12\/LogoGene_nou-300x90.png 300w, https:\/\/fundaciotallers.org\/wp-content\/uploads\/2025\/12\/LogoGene_nou-768x230.png 768w, https:\/\/fundaciotallers.org\/wp-content\/uploads\/2025\/12\/LogoGene_nou.png 1181w\" sizes=\"(max-width: 1024px) 100vw, 1024px\" \/>\t\t\t\t\t\t\t\t\t\t\t\t\t\t\t<\/div>\n\t\t\t\t<\/div>\n\t\t\t\t\t<\/div>\n\t\t<\/div>\n\t\t\t\t<div class=\"elementor-column elementor-col-20 elementor-top-column elementor-element elementor-element-a023f59\" data-id=\"a023f59\" data-element_type=\"column\" data-e-type=\"column\">\n\t\t\t<div class=\"elementor-widget-wrap elementor-element-populated\">\n\t\t\t\t\t\t<div class=\"elementor-element elementor-element-c9d3b83 elementor-widget elementor-widget-image\" data-id=\"c9d3b83\" data-element_type=\"widget\" data-e-type=\"widget\" data-widget_type=\"image.default\">\n\t\t\t\t<div class=\"elementor-widget-container\">\n\t\t\t\t\t\t\t\t\t\t\t\t\t\t\t<img loading=\"lazy\" decoding=\"async\" width=\"1024\" height=\"297\" src=\"https:\/\/fundaciotallers.org\/wp-content\/uploads\/2024\/11\/MTESSEPE_H_COLOR_GAL-1024x297.jpg\" class=\"attachment-large size-large wp-image-43536\" alt=\"\" srcset=\"https:\/\/fundaciotallers.org\/wp-content\/uploads\/2024\/11\/MTESSEPE_H_COLOR_GAL-1024x297.jpg 1024w, https:\/\/fundaciotallers.org\/wp-content\/uploads\/2024\/11\/MTESSEPE_H_COLOR_GAL-300x87.jpg 300w, https:\/\/fundaciotallers.org\/wp-content\/uploads\/2024\/11\/MTESSEPE_H_COLOR_GAL-768x223.jpg 768w, https:\/\/fundaciotallers.org\/wp-content\/uploads\/2024\/11\/MTESSEPE_H_COLOR_GAL-1536x446.jpg 1536w, https:\/\/fundaciotallers.org\/wp-content\/uploads\/2024\/11\/MTESSEPE_H_COLOR_GAL.jpg 1722w\" sizes=\"(max-width: 1024px) 100vw, 1024px\" \/>\t\t\t\t\t\t\t\t\t\t\t\t\t\t\t<\/div>\n\t\t\t\t<\/div>\n\t\t\t\t\t<\/div>\n\t\t<\/div>\n\t\t\t\t<div class=\"elementor-column elementor-col-20 elementor-top-column elementor-element elementor-element-db09172\" data-id=\"db09172\" data-element_type=\"column\" data-e-type=\"column\">\n\t\t\t<div class=\"elementor-widget-wrap\">\n\t\t\t\t\t\t\t<\/div>\n\t\t<\/div>\n\t\t\t\t<div class=\"elementor-column elementor-col-20 elementor-top-column elementor-element elementor-element-5099c65\" data-id=\"5099c65\" data-element_type=\"column\" data-e-type=\"column\">\n\t\t\t<div class=\"elementor-widget-wrap\">\n\t\t\t\t\t\t\t<\/div>\n\t\t<\/div>\n\t\t\t\t\t<\/div>\n\t\t<\/section>\n\t\t\t\t<section class=\"elementor-section elementor-top-section elementor-element elementor-element-24ff81f elementor-section-boxed elementor-section-height-default elementor-section-height-default\" data-id=\"24ff81f\" data-element_type=\"section\" data-e-type=\"section\">\n\t\t\t\t\t\t<div class=\"elementor-container elementor-column-gap-default\">\n\t\t\t\t\t<div class=\"elementor-column elementor-col-100 elementor-top-column elementor-element elementor-element-206e61f\" data-id=\"206e61f\" data-element_type=\"column\" data-e-type=\"column\">\n\t\t\t<div class=\"elementor-widget-wrap elementor-element-populated\">\n\t\t\t\t\t\t<div class=\"elementor-element elementor-element-cd97ff9 elementor-widget-divider--view-line elementor-widget elementor-widget-divider\" data-id=\"cd97ff9\" data-element_type=\"widget\" data-e-type=\"widget\" data-widget_type=\"divider.default\">\n\t\t\t\t<div class=\"elementor-widget-container\">\n\t\t\t\t\t\t\t<div class=\"elementor-divider\">\n\t\t\t<span class=\"elementor-divider-separator\">\n\t\t\t\t\t\t<\/span>\n\t\t<\/div>\n\t\t\t\t\t\t<\/div>\n\t\t\t\t<\/div>\n\t\t\t\t<div class=\"elementor-element elementor-element-c1fc245 elementor-widget elementor-widget-text-editor\" data-id=\"c1fc245\" data-element_type=\"widget\" data-e-type=\"widget\" data-widget_type=\"text-editor.default\">\n\t\t\t\t<div class=\"elementor-widget-container\">\n\t\t\t\t\t\t\t\t\t<p><strong>Subvenci\u00f3 per a la realitzaci\u00f3 dels serveis integrals d\u2019orientaci\u00f3, acompanyament i suport a la inserci\u00f3 de les persones amb discapacitat o trastorns de la salut mental (SIOAS).<\/strong><\/p><p>Projecte subvencionat pel Departament d\u2019Empresa i Treball de la Generalitat de Catalunya i cofinan\u00e7at per la Uni\u00f3 Europea. Mitjan\u00e7ant el SIOAS s\u2019impulsen mesures d\u2019orientaci\u00f3 i acompanyament a les persones amb discapacitat o trastorn de salut mental per a la millora de l\u2019ocupabilitat, la inserci\u00f3 laboral i l\u2019adaptaci\u00f3 social i laboral en empreses del mercat ordinari.<\/p>\t\t\t\t\t\t\t\t<\/div>\n\t\t\t\t<\/div>\n\t\t\t\t\t<\/div>\n\t\t<\/div>\n\t\t\t\t\t<\/div>\n\t\t<\/section>\n\t\t\t\t<section class=\"elementor-section elementor-top-section elementor-element elementor-element-4620ec9 elementor-section-boxed elementor-section-height-default elementor-section-height-default\" data-id=\"4620ec9\" data-element_type=\"section\" data-e-type=\"section\">\n\t\t\t\t\t\t<div class=\"elementor-container elementor-column-gap-default\">\n\t\t\t\t\t<div class=\"elementor-column elementor-col-20 elementor-top-column elementor-element elementor-element-cf57ec8\" data-id=\"cf57ec8\" data-element_type=\"column\" data-e-type=\"column\">\n\t\t\t<div class=\"elementor-widget-wrap elementor-element-populated\">\n\t\t\t\t\t\t<div class=\"elementor-element elementor-element-ed19d56 elementor-widget elementor-widget-image\" data-id=\"ed19d56\" data-element_type=\"widget\" data-e-type=\"widget\" data-widget_type=\"image.default\">\n\t\t\t\t<div class=\"elementor-widget-container\">\n\t\t\t\t\t\t\t\t\t\t\t\t\t\t\t<img loading=\"lazy\" decoding=\"async\" width=\"1024\" height=\"306\" src=\"https:\/\/fundaciotallers.org\/wp-content\/uploads\/2022\/11\/CoFinancatUE_lateral-1024x306.jpg\" class=\"attachment-large size-large wp-image-39154\" alt=\"Confian\u00e7a UE\" srcset=\"https:\/\/fundaciotallers.org\/wp-content\/uploads\/2022\/11\/CoFinancatUE_lateral-1024x306.jpg 1024w, https:\/\/fundaciotallers.org\/wp-content\/uploads\/2022\/11\/CoFinancatUE_lateral-300x90.jpg 300w, https:\/\/fundaciotallers.org\/wp-content\/uploads\/2022\/11\/CoFinancatUE_lateral-768x230.jpg 768w, https:\/\/fundaciotallers.org\/wp-content\/uploads\/2022\/11\/CoFinancatUE_lateral-1536x459.jpg 1536w, https:\/\/fundaciotallers.org\/wp-content\/uploads\/2022\/11\/CoFinancatUE_lateral-2048x612.jpg 2048w\" sizes=\"(max-width: 1024px) 100vw, 1024px\" \/>\t\t\t\t\t\t\t\t\t\t\t\t\t\t\t<\/div>\n\t\t\t\t<\/div>\n\t\t\t\t\t<\/div>\n\t\t<\/div>\n\t\t\t\t<div class=\"elementor-column elementor-col-20 elementor-top-column elementor-element elementor-element-784c412\" data-id=\"784c412\" data-element_type=\"column\" data-e-type=\"column\">\n\t\t\t<div class=\"elementor-widget-wrap elementor-element-populated\">\n\t\t\t\t\t\t<div class=\"elementor-element elementor-element-48e277f elementor-widget elementor-widget-image\" data-id=\"48e277f\" data-element_type=\"widget\" data-e-type=\"widget\" data-widget_type=\"image.default\">\n\t\t\t\t<div class=\"elementor-widget-container\">\n\t\t\t\t\t\t\t\t\t\t\t\t\t\t\t<img loading=\"lazy\" decoding=\"async\" width=\"1024\" height=\"307\" src=\"https:\/\/fundaciotallers.org\/wp-content\/uploads\/2025\/12\/LogoGene_nou-1024x307.png\" class=\"attachment-large size-large wp-image-48997\" alt=\"\" srcset=\"https:\/\/fundaciotallers.org\/wp-content\/uploads\/2025\/12\/LogoGene_nou-1024x307.png 1024w, https:\/\/fundaciotallers.org\/wp-content\/uploads\/2025\/12\/LogoGene_nou-300x90.png 300w, https:\/\/fundaciotallers.org\/wp-content\/uploads\/2025\/12\/LogoGene_nou-768x230.png 768w, https:\/\/fundaciotallers.org\/wp-content\/uploads\/2025\/12\/LogoGene_nou.png 1181w\" sizes=\"(max-width: 1024px) 100vw, 1024px\" \/>\t\t\t\t\t\t\t\t\t\t\t\t\t\t\t<\/div>\n\t\t\t\t<\/div>\n\t\t\t\t\t<\/div>\n\t\t<\/div>\n\t\t\t\t<div class=\"elementor-column elementor-col-20 elementor-top-column elementor-element elementor-element-c2b6304\" data-id=\"c2b6304\" data-element_type=\"column\" data-e-type=\"column\">\n\t\t\t<div class=\"elementor-widget-wrap\">\n\t\t\t\t\t\t\t<\/div>\n\t\t<\/div>\n\t\t\t\t<div class=\"elementor-column elementor-col-20 elementor-top-column elementor-element elementor-element-c548c34\" data-id=\"c548c34\" data-element_type=\"column\" data-e-type=\"column\">\n\t\t\t<div class=\"elementor-widget-wrap\">\n\t\t\t\t\t\t\t<\/div>\n\t\t<\/div>\n\t\t\t\t<div class=\"elementor-column elementor-col-20 elementor-top-column elementor-element elementor-element-56e79e6\" data-id=\"56e79e6\" data-element_type=\"column\" data-e-type=\"column\">\n\t\t\t<div class=\"elementor-widget-wrap\">\n\t\t\t\t\t\t\t<\/div>\n\t\t<\/div>\n\t\t\t\t\t<\/div>\n\t\t<\/section>\n\t\t\t\t<section class=\"elementor-section elementor-top-section elementor-element elementor-element-902d9bf elementor-section-boxed elementor-section-height-default elementor-section-height-default\" data-id=\"902d9bf\" data-element_type=\"section\" data-e-type=\"section\">\n\t\t\t\t\t\t<div class=\"elementor-container elementor-column-gap-default\">\n\t\t\t\t\t<div class=\"elementor-column elementor-col-100 elementor-top-column elementor-element elementor-element-f690d9c\" data-id=\"f690d9c\" data-element_type=\"column\" data-e-type=\"column\">\n\t\t\t<div class=\"elementor-widget-wrap elementor-element-populated\">\n\t\t\t\t\t\t<div class=\"elementor-element elementor-element-cff84d5 elementor-widget-divider--view-line elementor-widget elementor-widget-divider\" data-id=\"cff84d5\" data-element_type=\"widget\" data-e-type=\"widget\" data-widget_type=\"divider.default\">\n\t\t\t\t<div class=\"elementor-widget-container\">\n\t\t\t\t\t\t\t<div class=\"elementor-divider\">\n\t\t\t<span class=\"elementor-divider-separator\">\n\t\t\t\t\t\t<\/span>\n\t\t<\/div>\n\t\t\t\t\t\t<\/div>\n\t\t\t\t<\/div>\n\t\t\t\t<div class=\"elementor-element elementor-element-86183d7 elementor-widget elementor-widget-text-editor\" data-id=\"86183d7\" data-element_type=\"widget\" data-e-type=\"widget\" data-widget_type=\"text-editor.default\">\n\t\t\t\t<div class=\"elementor-widget-container\">\n\t\t\t\t\t\t\t\t\t<p><strong>Programa Ocell de Foc. La Fundaci\u00f3 Privada Tallers de Catalunya forma part del nucli del Barcelon\u00e8s Nord 2 com a entitat sentinella, dins la l\u00ednia 1 del programa.<\/strong><\/p><p>Impulsat per la Direcci\u00f3 General d\u2019Economia Social i Solid\u00e0ria, el Tercer Sector i les Cooperatives del Departament d\u2019Empresa i Treball de la Generalitat de Catalunya. Aquest programa t\u00e9 l\u2019objectiu d\u2019oferir atenci\u00f3 a joves amb problemes de salut mental per millorar la seva autonomia personal i facilitar la construcci\u00f3 d\u2019una vida independent.<\/p>\t\t\t\t\t\t\t\t<\/div>\n\t\t\t\t<\/div>\n\t\t\t\t\t<\/div>\n\t\t<\/div>\n\t\t\t\t\t<\/div>\n\t\t<\/section>\n\t\t\t\t<section class=\"elementor-section elementor-top-section elementor-element elementor-element-6472d81 elementor-section-boxed elementor-section-height-default elementor-section-height-default\" data-id=\"6472d81\" data-element_type=\"section\" data-e-type=\"section\">\n\t\t\t\t\t\t<div class=\"elementor-container elementor-column-gap-default\">\n\t\t\t\t\t<div class=\"elementor-column elementor-col-20 elementor-top-column elementor-element elementor-element-e4de5ed\" data-id=\"e4de5ed\" data-element_type=\"column\" data-e-type=\"column\">\n\t\t\t<div class=\"elementor-widget-wrap elementor-element-populated\">\n\t\t\t\t\t\t<div class=\"elementor-element elementor-element-3810757 elementor-widget elementor-widget-image\" data-id=\"3810757\" data-element_type=\"widget\" data-e-type=\"widget\" data-widget_type=\"image.default\">\n\t\t\t\t<div class=\"elementor-widget-container\">\n\t\t\t\t\t\t\t\t\t\t\t\t\t\t\t<img loading=\"lazy\" decoding=\"async\" width=\"1024\" height=\"465\" src=\"https:\/\/fundaciotallers.org\/wp-content\/uploads\/2024\/11\/ocell_de_foc_logo-1024x465.png\" class=\"attachment-large size-large wp-image-43543\" alt=\"\" srcset=\"https:\/\/fundaciotallers.org\/wp-content\/uploads\/2024\/11\/ocell_de_foc_logo-1024x465.png 1024w, https:\/\/fundaciotallers.org\/wp-content\/uploads\/2024\/11\/ocell_de_foc_logo-300x136.png 300w, https:\/\/fundaciotallers.org\/wp-content\/uploads\/2024\/11\/ocell_de_foc_logo-768x349.png 768w, https:\/\/fundaciotallers.org\/wp-content\/uploads\/2024\/11\/ocell_de_foc_logo-1536x698.png 1536w, https:\/\/fundaciotallers.org\/wp-content\/uploads\/2024\/11\/ocell_de_foc_logo.png 1543w\" sizes=\"(max-width: 1024px) 100vw, 1024px\" \/>\t\t\t\t\t\t\t\t\t\t\t\t\t\t\t<\/div>\n\t\t\t\t<\/div>\n\t\t\t\t\t<\/div>\n\t\t<\/div>\n\t\t\t\t<div class=\"elementor-column elementor-col-20 elementor-top-column elementor-element elementor-element-7146af5\" data-id=\"7146af5\" data-element_type=\"column\" data-e-type=\"column\">\n\t\t\t<div class=\"elementor-widget-wrap elementor-element-populated\">\n\t\t\t\t\t\t<div class=\"elementor-element elementor-element-3ca5d05 elementor-widget elementor-widget-image\" data-id=\"3ca5d05\" data-element_type=\"widget\" data-e-type=\"widget\" data-widget_type=\"image.default\">\n\t\t\t\t<div class=\"elementor-widget-container\">\n\t\t\t\t\t\t\t\t\t\t\t\t\t\t\t<img loading=\"lazy\" decoding=\"async\" width=\"430\" height=\"86\" src=\"https:\/\/fundaciotallers.org\/wp-content\/uploads\/2024\/11\/gencat_empresa_treball-1.webp\" class=\"attachment-large size-large wp-image-43539\" alt=\"\" srcset=\"https:\/\/fundaciotallers.org\/wp-content\/uploads\/2024\/11\/gencat_empresa_treball-1.webp 430w, https:\/\/fundaciotallers.org\/wp-content\/uploads\/2024\/11\/gencat_empresa_treball-1-300x60.webp 300w\" sizes=\"(max-width: 430px) 100vw, 430px\" \/>\t\t\t\t\t\t\t\t\t\t\t\t\t\t\t<\/div>\n\t\t\t\t<\/div>\n\t\t\t\t\t<\/div>\n\t\t<\/div>\n\t\t\t\t<div class=\"elementor-column elementor-col-20 elementor-top-column elementor-element elementor-element-161bcb3\" data-id=\"161bcb3\" data-element_type=\"column\" data-e-type=\"column\">\n\t\t\t<div class=\"elementor-widget-wrap elementor-element-populated\">\n\t\t\t\t\t\t<div class=\"elementor-element elementor-element-0b9258c elementor-widget elementor-widget-image\" data-id=\"0b9258c\" data-element_type=\"widget\" data-e-type=\"widget\" data-widget_type=\"image.default\">\n\t\t\t\t<div class=\"elementor-widget-container\">\n\t\t\t\t\t\t\t\t\t\t\t\t\t\t\t<img loading=\"lazy\" decoding=\"async\" width=\"1024\" height=\"381\" src=\"https:\/\/fundaciotallers.org\/wp-content\/uploads\/2024\/11\/Logo-Economia-Social-hrt-e1654761315768-1024x381.png\" class=\"attachment-large size-large wp-image-43545\" alt=\"\" srcset=\"https:\/\/fundaciotallers.org\/wp-content\/uploads\/2024\/11\/Logo-Economia-Social-hrt-e1654761315768-1024x381.png 1024w, https:\/\/fundaciotallers.org\/wp-content\/uploads\/2024\/11\/Logo-Economia-Social-hrt-e1654761315768-300x112.png 300w, https:\/\/fundaciotallers.org\/wp-content\/uploads\/2024\/11\/Logo-Economia-Social-hrt-e1654761315768-768x286.png 768w, https:\/\/fundaciotallers.org\/wp-content\/uploads\/2024\/11\/Logo-Economia-Social-hrt-e1654761315768-1536x572.png 1536w, https:\/\/fundaciotallers.org\/wp-content\/uploads\/2024\/11\/Logo-Economia-Social-hrt-e1654761315768.png 1666w\" sizes=\"(max-width: 1024px) 100vw, 1024px\" \/>\t\t\t\t\t\t\t\t\t\t\t\t\t\t\t<\/div>\n\t\t\t\t<\/div>\n\t\t\t\t\t<\/div>\n\t\t<\/div>\n\t\t\t\t<div class=\"elementor-column elementor-col-20 elementor-top-column elementor-element elementor-element-f5acf43\" data-id=\"f5acf43\" data-element_type=\"column\" data-e-type=\"column\">\n\t\t\t<div class=\"elementor-widget-wrap\">\n\t\t\t\t\t\t\t<\/div>\n\t\t<\/div>\n\t\t\t\t<div class=\"elementor-column elementor-col-20 elementor-top-column elementor-element elementor-element-498c035\" data-id=\"498c035\" data-element_type=\"column\" data-e-type=\"column\">\n\t\t\t<div class=\"elementor-widget-wrap\">\n\t\t\t\t\t\t\t<\/div>\n\t\t<\/div>\n\t\t\t\t\t<\/div>\n\t\t<\/section>\n\t\t\t\t<section class=\"elementor-section elementor-top-section elementor-element elementor-element-1ad640e elementor-section-boxed elementor-section-height-default elementor-section-height-default\" data-id=\"1ad640e\" data-element_type=\"section\" data-e-type=\"section\">\n\t\t\t\t\t\t<div class=\"elementor-container elementor-column-gap-default\">\n\t\t\t\t\t<div class=\"elementor-column elementor-col-100 elementor-top-column elementor-element elementor-element-932a760\" data-id=\"932a760\" data-element_type=\"column\" data-e-type=\"column\">\n\t\t\t<div class=\"elementor-widget-wrap elementor-element-populated\">\n\t\t\t\t\t\t<div class=\"elementor-element elementor-element-971ef83 elementor-widget-divider--view-line elementor-widget elementor-widget-divider\" data-id=\"971ef83\" data-element_type=\"widget\" data-e-type=\"widget\" data-widget_type=\"divider.default\">\n\t\t\t\t<div class=\"elementor-widget-container\">\n\t\t\t\t\t\t\t<div class=\"elementor-divider\">\n\t\t\t<span class=\"elementor-divider-separator\">\n\t\t\t\t\t\t<\/span>\n\t\t<\/div>\n\t\t\t\t\t\t<\/div>\n\t\t\t\t<\/div>\n\t\t\t\t<div class=\"elementor-element elementor-element-9a13ed3 elementor-widget elementor-widget-text-editor\" data-id=\"9a13ed3\" data-element_type=\"widget\" data-e-type=\"widget\" data-widget_type=\"text-editor.default\">\n\t\t\t\t<div class=\"elementor-widget-container\">\n\t\t\t\t\t\t\t\t\t<p class=\"p1\"><span class=\"s1\"><b>Programa Incorpora de la Fundaci\u00f3 &#8220;la Caixa&#8221; destinat a persones en risc d&#8217;exclusi\u00f3.<\/b><\/span><\/p><p class=\"p1\"><span class=\"s1\">Subvenci\u00f3 de la Fundaci\u00f3 &#8220;la Caixa&#8221; per impulsar la integraci\u00f3 sociolaboral de persones en risc d&#8217;exclusi\u00f3 social i, m\u00e9s concretament, de persones amb trastorns de salut mental.<\/span><\/p>\t\t\t\t\t\t\t\t<\/div>\n\t\t\t\t<\/div>\n\t\t\t\t\t<\/div>\n\t\t<\/div>\n\t\t\t\t\t<\/div>\n\t\t<\/section>\n\t\t\t\t<section class=\"elementor-section elementor-top-section elementor-element elementor-element-d0a137b elementor-section-boxed elementor-section-height-default elementor-section-height-default\" data-id=\"d0a137b\" data-element_type=\"section\" data-e-type=\"section\">\n\t\t\t\t\t\t<div class=\"elementor-container elementor-column-gap-default\">\n\t\t\t\t\t<div class=\"elementor-column elementor-col-20 elementor-top-column elementor-element elementor-element-870c2df\" data-id=\"870c2df\" data-element_type=\"column\" data-e-type=\"column\">\n\t\t\t<div class=\"elementor-widget-wrap elementor-element-populated\">\n\t\t\t\t\t\t<div class=\"elementor-element elementor-element-85cf98b elementor-widget elementor-widget-image\" data-id=\"85cf98b\" data-element_type=\"widget\" data-e-type=\"widget\" data-widget_type=\"image.default\">\n\t\t\t\t<div class=\"elementor-widget-container\">\n\t\t\t\t\t\t\t\t\t\t\t\t\t\t\t<img loading=\"lazy\" decoding=\"async\" width=\"400\" height=\"116\" src=\"https:\/\/fundaciotallers.org\/wp-content\/uploads\/2025\/09\/incorpora.jpg\" class=\"attachment-large size-large wp-image-46760\" alt=\"\" srcset=\"https:\/\/fundaciotallers.org\/wp-content\/uploads\/2025\/09\/incorpora.jpg 400w, https:\/\/fundaciotallers.org\/wp-content\/uploads\/2025\/09\/incorpora-300x87.jpg 300w\" sizes=\"(max-width: 400px) 100vw, 400px\" \/>\t\t\t\t\t\t\t\t\t\t\t\t\t\t\t<\/div>\n\t\t\t\t<\/div>\n\t\t\t\t\t<\/div>\n\t\t<\/div>\n\t\t\t\t<div class=\"elementor-column elementor-col-20 elementor-top-column elementor-element elementor-element-7f3a61e\" data-id=\"7f3a61e\" data-element_type=\"column\" data-e-type=\"column\">\n\t\t\t<div class=\"elementor-widget-wrap elementor-element-populated\">\n\t\t\t\t\t\t<div class=\"elementor-element elementor-element-b10de58 elementor-widget elementor-widget-image\" data-id=\"b10de58\" data-element_type=\"widget\" data-e-type=\"widget\" data-widget_type=\"image.default\">\n\t\t\t\t<div class=\"elementor-widget-container\">\n\t\t\t\t\t\t\t\t\t\t\t\t\t\t\t<img loading=\"lazy\" decoding=\"async\" width=\"400\" height=\"116\" src=\"https:\/\/fundaciotallers.org\/wp-content\/uploads\/2025\/09\/fundacio-la-caixa.jpg\" class=\"attachment-large size-large wp-image-46758\" alt=\"\" srcset=\"https:\/\/fundaciotallers.org\/wp-content\/uploads\/2025\/09\/fundacio-la-caixa.jpg 400w, https:\/\/fundaciotallers.org\/wp-content\/uploads\/2025\/09\/fundacio-la-caixa-300x87.jpg 300w\" sizes=\"(max-width: 400px) 100vw, 400px\" \/>\t\t\t\t\t\t\t\t\t\t\t\t\t\t\t<\/div>\n\t\t\t\t<\/div>\n\t\t\t\t\t<\/div>\n\t\t<\/div>\n\t\t\t\t<div class=\"elementor-column elementor-col-20 elementor-top-column elementor-element elementor-element-769e7d7\" data-id=\"769e7d7\" data-element_type=\"column\" data-e-type=\"column\">\n\t\t\t<div class=\"elementor-widget-wrap\">\n\t\t\t\t\t\t\t<\/div>\n\t\t<\/div>\n\t\t\t\t<div class=\"elementor-column elementor-col-20 elementor-top-column elementor-element elementor-element-a62cab8\" data-id=\"a62cab8\" data-element_type=\"column\" data-e-type=\"column\">\n\t\t\t<div class=\"elementor-widget-wrap\">\n\t\t\t\t\t\t\t<\/div>\n\t\t<\/div>\n\t\t\t\t<div class=\"elementor-column elementor-col-20 elementor-top-column elementor-element elementor-element-fae1e89\" data-id=\"fae1e89\" data-element_type=\"column\" data-e-type=\"column\">\n\t\t\t<div class=\"elementor-widget-wrap\">\n\t\t\t\t\t\t\t<\/div>\n\t\t<\/div>\n\t\t\t\t\t<\/div>\n\t\t<\/section>\n\t\t\t\t<section class=\"elementor-section elementor-top-section elementor-element elementor-element-4926658 elementor-section-boxed elementor-section-height-default elementor-section-height-default\" data-id=\"4926658\" data-element_type=\"section\" data-e-type=\"section\">\n\t\t\t\t\t\t<div class=\"elementor-container elementor-column-gap-default\">\n\t\t\t\t\t<div class=\"elementor-column elementor-col-100 elementor-top-column elementor-element elementor-element-a770cab\" data-id=\"a770cab\" data-element_type=\"column\" data-e-type=\"column\">\n\t\t\t<div class=\"elementor-widget-wrap elementor-element-populated\">\n\t\t\t\t\t\t<div class=\"elementor-element elementor-element-f5cf2c3 elementor-widget-divider--view-line elementor-widget elementor-widget-divider\" data-id=\"f5cf2c3\" data-element_type=\"widget\" data-e-type=\"widget\" data-widget_type=\"divider.default\">\n\t\t\t\t<div class=\"elementor-widget-container\">\n\t\t\t\t\t\t\t<div class=\"elementor-divider\">\n\t\t\t<span class=\"elementor-divider-separator\">\n\t\t\t\t\t\t<\/span>\n\t\t<\/div>\n\t\t\t\t\t\t<\/div>\n\t\t\t\t<\/div>\n\t\t\t\t<div class=\"elementor-element elementor-element-563ac20 elementor-widget elementor-widget-text-editor\" data-id=\"563ac20\" data-element_type=\"widget\" data-e-type=\"widget\" data-widget_type=\"text-editor.default\">\n\t\t\t\t<div class=\"elementor-widget-container\">\n\t\t\t\t\t\t\t\t\t<p>Una relaci\u00f3 detallada de les subvencions rebudes anualment es pot consultar al nostre <span style=\"text-decoration: underline;\"><a href=\"https:\/\/fundaciotallers.org\/ca\/portal-transparencia\/\">portal de\u00a0transpar\u00e8ncia<\/a><\/span>.<\/p>\t\t\t\t\t\t\t\t<\/div>\n\t\t\t\t<\/div>\n\t\t\t\t\t<\/div>\n\t\t<\/div>\n\t\t\t\t\t<\/div>\n\t\t<\/section>\n\t\t\t\t<section class=\"elementor-section elementor-top-section elementor-element elementor-element-7829e4c6 elementor-section-boxed elementor-section-height-default elementor-section-height-default\" data-id=\"7829e4c6\" data-element_type=\"section\" data-e-type=\"section\" data-settings=\"{&quot;background_background&quot;:&quot;classic&quot;}\">\n\t\t\t\t\t\t<div class=\"elementor-container elementor-column-gap-default\">\n\t\t\t\t\t<div class=\"elementor-column elementor-col-100 elementor-top-column elementor-element elementor-element-3e22b274\" data-id=\"3e22b274\" data-element_type=\"column\" data-e-type=\"column\">\n\t\t\t<div class=\"elementor-widget-wrap elementor-element-populated\">\n\t\t\t\t\t\t<div class=\"elementor-element elementor-element-37474ec elementor-widget elementor-widget-text-editor\" data-id=\"37474ec\" data-element_type=\"widget\" data-e-type=\"widget\" data-widget_type=\"text-editor.default\">\n\t\t\t\t<div class=\"elementor-widget-container\">\n\t\t\t\t\t\t\t\t\t<p><a style=\"color: #000000;\" href=\"https:\/\/fundaciotallers.org\/ca\/portal-transparencia\/\" rel=\"noopener\">Portal de Transpar\u00e8ncia \u2192<\/a><\/p>\t\t\t\t\t\t\t\t<\/div>\n\t\t\t\t<\/div>\n\t\t\t\t\t<\/div>\n\t\t<\/div>\n\t\t\t\t\t<\/div>\n\t\t<\/section>\n\t\t\t\t<section class=\"elementor-section elementor-top-section elementor-element elementor-element-1b5e0472 elementor-hidden-mobile elementor-section-boxed elementor-section-height-default elementor-section-height-default\" data-id=\"1b5e0472\" data-element_type=\"section\" data-e-type=\"section\" data-settings=\"{&quot;background_background&quot;:&quot;classic&quot;}\">\n\t\t\t\t\t\t<div class=\"elementor-container elementor-column-gap-narrow\">\n\t\t\t\t\t<div class=\"elementor-column elementor-col-33 elementor-top-column elementor-element elementor-element-6242a18d\" data-id=\"6242a18d\" data-element_type=\"column\" data-e-type=\"column\">\n\t\t\t<div class=\"elementor-widget-wrap elementor-element-populated\">\n\t\t\t\t\t\t<div class=\"elementor-element elementor-element-21d66007 elementor-widget elementor-widget-text-editor\" data-id=\"21d66007\" data-element_type=\"widget\" data-e-type=\"widget\" data-widget_type=\"text-editor.default\">\n\t\t\t\t<div class=\"elementor-widget-container\">\n\t\t\t\t\t\t\t\t\t<p><strong>Fundaci\u00f3 Tallers | Inclusi\u00f3 Laboral<br \/><\/strong>Entitat de Pere Caver Grup<br \/>Tel. 93 392 23 11<br \/><span style=\"text-decoration: underline;\"><a style=\"color: #ffffff; text-decoration: underline;\" href=\"&#109;a&#x69;l&#x74;o&#x3a;&#105;&#x6e;&#102;&#x6f;&#64;f&#x75;n&#x64;a&#x63;&#105;&#x6f;&#116;&#x61;&#108;&#x6c;&#101;r&#x73;&#46;&#x6f;r&#x67;\">&#x69;&#x6e;&#102;o&#x40;&#x66;&#117;nd&#x61;&#x63;&#105;o&#x74;&#x61;&#108;&#108;e&#x72;&#x73;&#46;o&#x72;&#x67;<\/a><\/span><\/p>\t\t\t\t\t\t\t\t<\/div>\n\t\t\t\t<\/div>\n\t\t\t\t\t<\/div>\n\t\t<\/div>\n\t\t\t\t<div class=\"elementor-column elementor-col-33 elementor-top-column elementor-element elementor-element-7a34088c\" data-id=\"7a34088c\" data-element_type=\"column\" data-e-type=\"column\">\n\t\t\t<div class=\"elementor-widget-wrap elementor-element-populated\">\n\t\t\t\t\t\t<div class=\"elementor-element elementor-element-3e7c4755 elementor-widget elementor-widget-text-editor\" data-id=\"3e7c4755\" data-element_type=\"widget\" data-e-type=\"widget\" data-widget_type=\"text-editor.default\">\n\t\t\t\t<div class=\"elementor-widget-container\">\n\t\t\t\t\t\t\t\t\t<p><strong>Treballa amb nosaltres<\/strong><br \/>Vols formar part del nostre equip i comparteixes la nostra missi\u00f3, visi\u00f3 i valors?<br \/><span style=\"text-decoration: underline;\"><a style=\"color: #ffffff; text-decoration: underline;\" href=\"https:\/\/fundaciotallers.org\/ca\/treballa-amb-nosaltres\/\" rel=\"noopener\">Veure m\u00e9s<\/a><\/span><\/p>\t\t\t\t\t\t\t\t<\/div>\n\t\t\t\t<\/div>\n\t\t\t\t\t<\/div>\n\t\t<\/div>\n\t\t\t\t<div class=\"elementor-column elementor-col-33 elementor-top-column elementor-element elementor-element-7649722d\" data-id=\"7649722d\" data-element_type=\"column\" data-e-type=\"column\">\n\t\t\t<div class=\"elementor-widget-wrap elementor-element-populated\">\n\t\t\t\t\t\t<div class=\"elementor-element elementor-element-30ed0cf2 elementor-widget elementor-widget-text-editor\" data-id=\"30ed0cf2\" data-element_type=\"widget\" data-e-type=\"widget\" data-widget_type=\"text-editor.default\">\n\t\t\t\t<div class=\"elementor-widget-container\">\n\t\t\t\t\t\t\t\t\t<p><strong>Segueix-nos a les xarxes<\/strong><\/p>\t\t\t\t\t\t\t\t<\/div>\n\t\t\t\t<\/div>\n\t\t\t\t<section class=\"elementor-section elementor-inner-section elementor-element elementor-element-e8ba75e elementor-section-boxed elementor-section-height-default elementor-section-height-default\" data-id=\"e8ba75e\" data-element_type=\"section\" data-e-type=\"section\">\n\t\t\t\t\t\t<div class=\"elementor-container elementor-column-gap-default\">\n\t\t\t\t\t<div class=\"elementor-column elementor-col-50 elementor-inner-column elementor-element elementor-element-cd781b4\" data-id=\"cd781b4\" data-element_type=\"column\" data-e-type=\"column\">\n\t\t\t<div class=\"elementor-widget-wrap elementor-element-populated\">\n\t\t\t\t\t\t<div class=\"elementor-element elementor-element-32f4ac5 elementor-view-default elementor-widget elementor-widget-icon\" data-id=\"32f4ac5\" data-element_type=\"widget\" data-e-type=\"widget\" data-widget_type=\"icon.default\">\n\t\t\t\t<div class=\"elementor-widget-container\">\n\t\t\t\t\t\t\t<div class=\"elementor-icon-wrapper\">\n\t\t\t<a class=\"elementor-icon\" href=\"https:\/\/www.instagram.com\/fundaciotallers\/\" target=\"_blank\">\n\t\t\t<i aria-hidden=\"true\" class=\"fab fa-instagram\"><\/i>\t\t\t<\/a>\n\t\t<\/div>\n\t\t\t\t\t\t<\/div>\n\t\t\t\t<\/div>\n\t\t\t\t\t<\/div>\n\t\t<\/div>\n\t\t\t\t<div class=\"elementor-column elementor-col-50 elementor-inner-column elementor-element elementor-element-2b22888\" data-id=\"2b22888\" data-element_type=\"column\" data-e-type=\"column\">\n\t\t\t<div class=\"elementor-widget-wrap elementor-element-populated\">\n\t\t\t\t\t\t<div class=\"elementor-element elementor-element-c166f05 elementor-view-default elementor-widget elementor-widget-icon\" data-id=\"c166f05\" data-element_type=\"widget\" data-e-type=\"widget\" data-widget_type=\"icon.default\">\n\t\t\t\t<div class=\"elementor-widget-container\">\n\t\t\t\t\t\t\t<div class=\"elementor-icon-wrapper\">\n\t\t\t<a class=\"elementor-icon\" href=\"https:\/\/www.linkedin.com\/company\/fundacio-tallers\/\" target=\"_blank\">\n\t\t\t<i aria-hidden=\"true\" class=\"fab fa-linkedin-in\"><\/i>\t\t\t<\/a>\n\t\t<\/div>\n\t\t\t\t\t\t<\/div>\n\t\t\t\t<\/div>\n\t\t\t\t\t<\/div>\n\t\t<\/div>\n\t\t\t\t\t<\/div>\n\t\t<\/section>\n\t\t\t\t\t<\/div>\n\t\t<\/div>\n\t\t\t\t\t<\/div>\n\t\t<\/section>\n\t\t\t\t<section class=\"elementor-section elementor-top-section elementor-element elementor-element-40511dc elementor-hidden-mobile elementor-section-boxed elementor-section-height-default elementor-section-height-default\" data-id=\"40511dc\" data-element_type=\"section\" data-e-type=\"section\" data-settings=\"{&quot;background_background&quot;:&quot;classic&quot;}\">\n\t\t\t\t\t\t<div class=\"elementor-container elementor-column-gap-default\">\n\t\t\t\t\t<div class=\"elementor-column elementor-col-100 elementor-top-column elementor-element elementor-element-7ccb07ab\" data-id=\"7ccb07ab\" data-element_type=\"column\" data-e-type=\"column\">\n\t\t\t<div class=\"elementor-widget-wrap elementor-element-populated\">\n\t\t\t\t\t\t<div class=\"elementor-element elementor-element-41b20b4a elementor-widget-divider--view-line elementor-widget elementor-widget-divider\" data-id=\"41b20b4a\" data-element_type=\"widget\" data-e-type=\"widget\" data-widget_type=\"divider.default\">\n\t\t\t\t<div class=\"elementor-widget-container\">\n\t\t\t\t\t\t\t<div class=\"elementor-divider\">\n\t\t\t<span class=\"elementor-divider-separator\">\n\t\t\t\t\t\t<\/span>\n\t\t<\/div>\n\t\t\t\t\t\t<\/div>\n\t\t\t\t<\/div>\n\t\t\t\t<div class=\"elementor-element elementor-element-1b60de33 elementor-widget elementor-widget-text-editor\" data-id=\"1b60de33\" data-element_type=\"widget\" data-e-type=\"widget\" data-widget_type=\"text-editor.default\">\n\t\t\t\t<div class=\"elementor-widget-container\">\n\t\t\t\t\t\t\t\t\t<p>\u00a9 2025. <a style=\"color: #fff;\" href=\"https:\/\/fundaciotallers.org\/ca\/politica-privacitat\/\" target=\"_parent\" rel=\"noopener\">Pol\u00edtica de privacitat<\/a>\u00a0|\u00a0<a style=\"color: #fff;\" href=\"https:\/\/fundaciotallers.org\/ca\/politica-de-cookies\/\" target=\"_parent\" rel=\"noopener\">Pol\u00edtica de Cookies<\/a>\u00a0|\u00a0<a style=\"color: #fff;\" href=\"https:\/\/fundaciotallers.org\/ca\/avis-legal\/\" target=\"_parent\" rel=\"noopener\">Av\u00eds Legal<\/a>\u00a0|\u00a0<a style=\"color: #fff;\" href=\"https:\/\/fundaciotallers.org\/ca\/canal-de-denuncia\/\" target=\"_parent\" rel=\"noopener\">Canal den\u00fancia<\/a>\u00a0|\u00a0<a style=\"color: #fff;\" href=\"http:\/\/intranet.fhspereclaver.org\/Adm.php?Mc=1\" target=\"_blank\" rel=\"noopener\">Intranet<\/a><\/p>\t\t\t\t\t\t\t\t<\/div>\n\t\t\t\t<\/div>\n\t\t\t\t\t<\/div>\n\t\t<\/div>\n\t\t\t\t\t<\/div>\n\t\t<\/section>\n\t\t\t\t<section class=\"elementor-section elementor-top-section elementor-element elementor-element-3c08b3a elementor-hidden-desktop elementor-hidden-tablet elementor-section-boxed elementor-section-height-default elementor-section-height-default\" data-id=\"3c08b3a\" data-element_type=\"section\" data-e-type=\"section\" data-settings=\"{&quot;background_background&quot;:&quot;classic&quot;}\">\n\t\t\t\t\t\t<div class=\"elementor-container elementor-column-gap-default\">\n\t\t\t\t\t<div class=\"elementor-column elementor-col-100 elementor-top-column elementor-element elementor-element-abae429\" data-id=\"abae429\" data-element_type=\"column\" data-e-type=\"column\">\n\t\t\t<div class=\"elementor-widget-wrap elementor-element-populated\">\n\t\t\t\t\t\t<div class=\"elementor-element elementor-element-c1ac15e elementor-widget elementor-widget-text-editor\" data-id=\"c1ac15e\" data-element_type=\"widget\" data-e-type=\"widget\" data-widget_type=\"text-editor.default\">\n\t\t\t\t<div class=\"elementor-widget-container\">\n\t\t\t\t\t\t\t\t\t<p><strong>Fundaci\u00f3 Tallers | Inclusi\u00f3 Laboral<br \/><\/strong>Entitat de Pere Caver Grup<br \/>Tel. 93 392 23 11<br \/><span style=\"text-decoration: underline;\"><a style=\"color: #ffffff; text-decoration: underline;\" href=\"ma&#105;&#108;&#116;&#x6f;&#x3a;&#x69;&#x6e;fo&#64;&#102;&#117;&#x6e;&#x64;&#x61;&#x63;io&#116;&#97;&#108;&#x6c;&#x65;&#x72;&#x73;&#46;o&#114;&#103;\">&#x69;&#110;f&#x6f;&#64;f&#x75;&#110;d&#x61;&#x63;&#105;&#x6f;&#x74;&#97;l&#x6c;&#101;r&#x73;&#46;o&#x72;&#x67;<\/a><\/span><\/p>\t\t\t\t\t\t\t\t<\/div>\n\t\t\t\t<\/div>\n\t\t\t\t<div class=\"elementor-element elementor-element-1ebba66 elementor-widget elementor-widget-text-editor\" data-id=\"1ebba66\" data-element_type=\"widget\" data-e-type=\"widget\" data-widget_type=\"text-editor.default\">\n\t\t\t\t<div class=\"elementor-widget-container\">\n\t\t\t\t\t\t\t\t\t<p><strong>Treballa amb nosaltres<\/strong><br \/>Vols formar part del nostre equip i comparteixes<br \/>la nostra missi\u00f3, visi\u00f3 i valors? <span style=\"text-decoration: underline;\"><a style=\"color: #ffffff; text-decoration: underline;\" href=\"https:\/\/www.santpereclaver.org\/treballa-amb-nosaltres\/\" target=\"_blank\" rel=\"noopener\">Veure m\u00e9s<\/a><\/span><\/p>\t\t\t\t\t\t\t\t<\/div>\n\t\t\t\t<\/div>\n\t\t\t\t<div class=\"elementor-element elementor-element-b40b64c elementor-widget elementor-widget-text-editor\" data-id=\"b40b64c\" data-element_type=\"widget\" data-e-type=\"widget\" data-widget_type=\"text-editor.default\">\n\t\t\t\t<div class=\"elementor-widget-container\">\n\t\t\t\t\t\t\t\t\t<p><strong>Segueix-nos a les xarxes<\/strong><\/p>\t\t\t\t\t\t\t\t<\/div>\n\t\t\t\t<\/div>\n\t\t\t\t<section class=\"elementor-section elementor-inner-section elementor-element elementor-element-62a2fce elementor-section-boxed elementor-section-height-default elementor-section-height-default\" data-id=\"62a2fce\" data-element_type=\"section\" data-e-type=\"section\">\n\t\t\t\t\t\t<div class=\"elementor-container elementor-column-gap-default\">\n\t\t\t\t\t<div class=\"elementor-column elementor-col-50 elementor-inner-column elementor-element elementor-element-d218c11\" data-id=\"d218c11\" data-element_type=\"column\" data-e-type=\"column\">\n\t\t\t<div class=\"elementor-widget-wrap elementor-element-populated\">\n\t\t\t\t\t\t<div class=\"elementor-element elementor-element-c3ecb0c elementor-view-default elementor-widget elementor-widget-icon\" data-id=\"c3ecb0c\" data-element_type=\"widget\" data-e-type=\"widget\" data-widget_type=\"icon.default\">\n\t\t\t\t<div class=\"elementor-widget-container\">\n\t\t\t\t\t\t\t<div class=\"elementor-icon-wrapper\">\n\t\t\t<a class=\"elementor-icon\" href=\"https:\/\/www.instagram.com\/fundaciotallers\/\" target=\"_blank\">\n\t\t\t<i aria-hidden=\"true\" class=\"fab fa-instagram\"><\/i>\t\t\t<\/a>\n\t\t<\/div>\n\t\t\t\t\t\t<\/div>\n\t\t\t\t<\/div>\n\t\t\t\t<div class=\"elementor-element elementor-element-6064f6e elementor-view-default elementor-widget elementor-widget-icon\" data-id=\"6064f6e\" data-element_type=\"widget\" data-e-type=\"widget\" data-widget_type=\"icon.default\">\n\t\t\t\t<div class=\"elementor-widget-container\">\n\t\t\t\t\t\t\t<div class=\"elementor-icon-wrapper\">\n\t\t\t<a class=\"elementor-icon\" href=\"https:\/\/www.linkedin.com\/company\/fundacio-tallers\/\" target=\"_blank\">\n\t\t\t<i aria-hidden=\"true\" class=\"fab fa-linkedin-in\"><\/i>\t\t\t<\/a>\n\t\t<\/div>\n\t\t\t\t\t\t<\/div>\n\t\t\t\t<\/div>\n\t\t\t\t\t<\/div>\n\t\t<\/div>\n\t\t\t\t<div class=\"elementor-column elementor-col-50 elementor-inner-column elementor-element elementor-element-63df5d0\" data-id=\"63df5d0\" data-element_type=\"column\" data-e-type=\"column\">\n\t\t\t<div class=\"elementor-widget-wrap\">\n\t\t\t\t\t\t\t<\/div>\n\t\t<\/div>\n\t\t\t\t\t<\/div>\n\t\t<\/section>\n\t\t\t\t<div class=\"elementor-element elementor-element-f3ccbdf elementor-widget-divider--view-line elementor-widget elementor-widget-divider\" data-id=\"f3ccbdf\" data-element_type=\"widget\" data-e-type=\"widget\" data-widget_type=\"divider.default\">\n\t\t\t\t<div class=\"elementor-widget-container\">\n\t\t\t\t\t\t\t<div class=\"elementor-divider\">\n\t\t\t<span class=\"elementor-divider-separator\">\n\t\t\t\t\t\t<\/span>\n\t\t<\/div>\n\t\t\t\t\t\t<\/div>\n\t\t\t\t<\/div>\n\t\t\t\t<div class=\"elementor-element elementor-element-8786153 elementor-widget elementor-widget-text-editor\" data-id=\"8786153\" data-element_type=\"widget\" data-e-type=\"widget\" data-widget_type=\"text-editor.default\">\n\t\t\t\t<div class=\"elementor-widget-container\">\n\t\t\t\t\t\t\t\t\t<p>\u00a9 2025. <a style=\"color: #fff;\" href=\"https:\/\/fundaciotallers.org\/ca\/politica-privacitat\/\" target=\"_parent\" rel=\"noopener\">Pol\u00edtica de privacitat<\/a>\u00a0|\u00a0<a style=\"color: #fff;\" href=\"https:\/\/fundaciotallers.org\/ca\/politica-de-cookies\/\" target=\"_parent\" rel=\"noopener\">Pol\u00edtica de Cookies<\/a>\u00a0|\u00a0<a style=\"color: #fff;\" href=\"https:\/\/fundaciotallers.org\/ca\/avis-legal\/\" target=\"_parent\" rel=\"noopener\">Av\u00eds Legal<\/a>\u00a0|\u00a0<a style=\"color: #fff;\" href=\"https:\/\/fundaciotallers.org\/ca\/canal-de-denuncia\/\" target=\"_parent\" rel=\"noopener\">Canal den\u00fancia<\/a>\u00a0|\u00a0<a style=\"color: #fff;\" href=\"http:\/\/intranet.fhspereclaver.org\/Adm.php?Mc=1\" target=\"_blank\" rel=\"noopener\">Intranet<\/a><\/p>\t\t\t\t\t\t\t\t<\/div>\n\t\t\t\t<\/div>\n\t\t\t\t\t<\/div>\n\t\t<\/div>\n\t\t\t\t\t<\/div>\n\t\t<\/section>\n\t\t\t\t<\/div>\n\t\t","protected":false},"excerpt":{"rendered":"<p>Instagram Linkedin Catal\u00e0\u00a0 \u00a0|\u00a0 \u00a0Castell\u00e0 Qui som Coneix-nos Hist\u00f2ria Patronat i Comit\u00e8 de Direcci\u00f3 Equip de Coordinaci\u00f3 i Serveis de&hellip;<\/p>\n","protected":false},"author":7,"featured_media":0,"parent":0,"menu_order":0,"comment_status":"closed","ping_status":"closed","template":"elementor_header_footer","meta":{"footnotes":""},"class_list":["post-45862","page","type-page","status-publish","hentry"],"_links":{"self":[{"href":"https:\/\/fundaciotallers.org\/ca\/wp-json\/wp\/v2\/pages\/45862","targetHints":{"allow":["GET"]}}],"collection":[{"href":"https:\/\/fundaciotallers.org\/ca\/wp-json\/wp\/v2\/pages"}],"about":[{"href":"https:\/\/fundaciotallers.org\/ca\/wp-json\/wp\/v2\/types\/page"}],"author":[{"embeddable":true,"href":"https:\/\/fundaciotallers.org\/ca\/wp-json\/wp\/v2\/users\/7"}],"replies":[{"embeddable":true,"href":"https:\/\/fundaciotallers.org\/ca\/wp-json\/wp\/v2\/comments?post=45862"}],"version-history":[{"count":107,"href":"https:\/\/fundaciotallers.org\/ca\/wp-json\/wp\/v2\/pages\/45862\/revisions"}],"predecessor-version":[{"id":49197,"href":"https:\/\/fundaciotallers.org\/ca\/wp-json\/wp\/v2\/pages\/45862\/revisions\/49197"}],"wp:attachment":[{"href":"https:\/\/fundaciotallers.org\/ca\/wp-json\/wp\/v2\/media?parent=45862"}],"curies":[{"name":"wp","href":"https:\/\/api.w.org\/{rel}","templated":true}]}}