{"id":45686,"date":"2025-08-03T17:56:28","date_gmt":"2025-08-03T15:56:28","guid":{"rendered":"https:\/\/fundaciotallers.org\/?page_id=45686"},"modified":"2025-11-20T23:43:41","modified_gmt":"2025-11-20T22:43:41","slug":"politica-de-privacitat","status":"publish","type":"page","link":"https:\/\/fundaciotallers.org\/ca\/politica-de-privacitat\/","title":{"rendered":"Pol\u00edtica de Privacitat"},"content":{"rendered":"\t\t<div data-elementor-type=\"wp-page\" data-elementor-id=\"45686\" class=\"elementor elementor-45686\">\n\t\t\t\t\t\t<section class=\"elementor-section elementor-top-section elementor-element elementor-element-f0ea08a elementor-hidden-mobile elementor-section-boxed elementor-section-height-default elementor-section-height-default\" data-id=\"f0ea08a\" data-element_type=\"section\" data-e-type=\"section\" data-settings=\"{&quot;background_background&quot;:&quot;classic&quot;}\">\n\t\t\t\t\t\t<div class=\"elementor-container elementor-column-gap-narrow\">\n\t\t\t\t\t<div class=\"elementor-column elementor-col-25 elementor-top-column elementor-element elementor-element-b351c09\" data-id=\"b351c09\" data-element_type=\"column\" data-e-type=\"column\">\n\t\t\t<div class=\"elementor-widget-wrap elementor-element-populated\">\n\t\t\t\t\t\t<div class=\"elementor-element elementor-element-fc26297 elementor-widget elementor-widget-image\" data-id=\"fc26297\" data-element_type=\"widget\" data-e-type=\"widget\" data-widget_type=\"image.default\">\n\t\t\t\t<div class=\"elementor-widget-container\">\n\t\t\t\t\t\t\t\t\t\t\t\t\t\t\t\t<a href=\"https:\/\/fundaciotallers.org\/ca\/\">\n\t\t\t\t\t\t\t<img fetchpriority=\"high\" decoding=\"async\" width=\"1024\" height=\"313\" src=\"https:\/\/fundaciotallers.org\/wp-content\/uploads\/2025\/07\/fundacio-tallers-inclusio-laboral-1024x313.png\" class=\"attachment-large size-large wp-image-44006\" alt=\"\" srcset=\"https:\/\/fundaciotallers.org\/wp-content\/uploads\/2025\/07\/fundacio-tallers-inclusio-laboral-1024x313.png 1024w, https:\/\/fundaciotallers.org\/wp-content\/uploads\/2025\/07\/fundacio-tallers-inclusio-laboral-300x92.png 300w, https:\/\/fundaciotallers.org\/wp-content\/uploads\/2025\/07\/fundacio-tallers-inclusio-laboral-768x234.png 768w, https:\/\/fundaciotallers.org\/wp-content\/uploads\/2025\/07\/fundacio-tallers-inclusio-laboral-1536x469.png 1536w, https:\/\/fundaciotallers.org\/wp-content\/uploads\/2025\/07\/fundacio-tallers-inclusio-laboral.png 1890w\" sizes=\"(max-width: 1024px) 100vw, 1024px\" \/>\t\t\t\t\t\t\t\t<\/a>\n\t\t\t\t\t\t\t\t\t\t\t\t\t\t\t<\/div>\n\t\t\t\t<\/div>\n\t\t\t\t\t<\/div>\n\t\t<\/div>\n\t\t\t\t<div class=\"elementor-column elementor-col-25 elementor-top-column elementor-element elementor-element-32b770f\" data-id=\"32b770f\" data-element_type=\"column\" data-e-type=\"column\">\n\t\t\t<div class=\"elementor-widget-wrap\">\n\t\t\t\t\t\t\t<\/div>\n\t\t<\/div>\n\t\t\t\t<div class=\"elementor-column elementor-col-25 elementor-top-column elementor-element elementor-element-a5beded\" data-id=\"a5beded\" data-element_type=\"column\" data-e-type=\"column\">\n\t\t\t<div class=\"elementor-widget-wrap elementor-element-populated\">\n\t\t\t\t\t\t<div class=\"elementor-element elementor-element-f520c0c elementor-shape-circle e-grid-align-right elementor-grid-0 elementor-widget elementor-widget-social-icons\" data-id=\"f520c0c\" data-element_type=\"widget\" data-e-type=\"widget\" data-widget_type=\"social-icons.default\">\n\t\t\t\t<div class=\"elementor-widget-container\">\n\t\t\t\t\t\t\t<div class=\"elementor-social-icons-wrapper elementor-grid\" role=\"list\">\n\t\t\t\t\t\t\t<span class=\"elementor-grid-item\" role=\"listitem\">\n\t\t\t\t\t<a class=\"elementor-icon elementor-social-icon elementor-social-icon-instagram elementor-repeater-item-1e3f81b\" target=\"_blank\">\n\t\t\t\t\t\t<span class=\"elementor-screen-only\">Instagram<\/span>\n\t\t\t\t\t\t<i aria-hidden=\"true\" class=\"fab fa-instagram\"><\/i>\t\t\t\t\t<\/a>\n\t\t\t\t<\/span>\n\t\t\t\t\t\t\t<span class=\"elementor-grid-item\" role=\"listitem\">\n\t\t\t\t\t<a class=\"elementor-icon elementor-social-icon elementor-social-icon-linkedin elementor-repeater-item-980f104\" target=\"_blank\">\n\t\t\t\t\t\t<span class=\"elementor-screen-only\">Linkedin<\/span>\n\t\t\t\t\t\t<i aria-hidden=\"true\" class=\"fab fa-linkedin\"><\/i>\t\t\t\t\t<\/a>\n\t\t\t\t<\/span>\n\t\t\t\t\t<\/div>\n\t\t\t\t\t\t<\/div>\n\t\t\t\t<\/div>\n\t\t\t\t\t<\/div>\n\t\t<\/div>\n\t\t\t\t<div class=\"elementor-column elementor-col-25 elementor-top-column elementor-element elementor-element-ce46333\" data-id=\"ce46333\" data-element_type=\"column\" data-e-type=\"column\">\n\t\t\t<div class=\"elementor-widget-wrap elementor-element-populated\">\n\t\t\t\t\t\t<div class=\"elementor-element elementor-element-185e164 elementor-widget elementor-widget-text-editor\" data-id=\"185e164\" data-element_type=\"widget\" data-e-type=\"widget\" data-widget_type=\"text-editor.default\">\n\t\t\t\t<div class=\"elementor-widget-container\">\n\t\t\t\t\t\t\t\t\t<p>Catal\u00e0\u00a0 \u00a0|\u00a0 \u00a0Castell\u00e0<\/p>\t\t\t\t\t\t\t\t<\/div>\n\t\t\t\t<\/div>\n\t\t\t\t\t<\/div>\n\t\t<\/div>\n\t\t\t\t\t<\/div>\n\t\t<\/section>\n\t\t\t\t<section class=\"elementor-section elementor-top-section elementor-element elementor-element-bd5024b elementor-hidden-desktop elementor-hidden-tablet elementor-hidden-mobile elementor-section-boxed elementor-section-height-default elementor-section-height-default\" data-id=\"bd5024b\" data-element_type=\"section\" data-e-type=\"section\">\n\t\t\t\t\t\t<div class=\"elementor-container elementor-column-gap-narrow\">\n\t\t\t\t\t<div class=\"elementor-column elementor-col-50 elementor-top-column elementor-element elementor-element-0995425\" data-id=\"0995425\" data-element_type=\"column\" data-e-type=\"column\">\n\t\t\t<div class=\"elementor-widget-wrap elementor-element-populated\">\n\t\t\t\t\t\t<div class=\"elementor-element elementor-element-b6f6e80 eael_simple_menu_hamburger_disable_selected_menu_no eael-simple-menu-hamburger-align-right eael-hamburger--tablet elementor-widget elementor-widget-eael-simple-menu\" data-id=\"b6f6e80\" data-element_type=\"widget\" data-e-type=\"widget\" data-widget_type=\"eael-simple-menu.default\">\n\t\t\t\t<div class=\"elementor-widget-container\">\n\t\t\t\t\t<style>\n                        @media screen and (max-width: 1024px) {\n                            .eael-hamburger--tablet {\n                                .eael-simple-menu-horizontal,\n                                .eael-simple-menu-vertical {\n                                    display: none;\n                                }\n                            }\n                            .eael-hamburger--tablet {\n                                .eael-simple-menu-container .eael-simple-menu-toggle {\n                                    display: block;\n                                }\n                            }\n                        }\n                        .eael-simple-menu-container.eael-simple-menu--loading > ul {\n                            display: -webkit-box !important;\n                            display: -ms-flexbox !important;\n                            display: flex !important;\n                            list-style: none !important;\n                        }\n                        .eael-simple-menu-container.eael-simple-menu--loading li ul {\n                            visibility: hidden !important;\n                            opacity: 0 !important;\n                        }\n                    <\/style>            <div data-hamburger-icon=\"&lt;i aria-hidden=&quot;true&quot; class=&quot;fas fa-bars&quot;&gt;&lt;\/i&gt;\" data-indicator-icon=\"&lt;i aria-hidden=&quot;true&quot; class=&quot;fas fa-angle-down&quot;&gt;&lt;\/i&gt;\" data-dropdown-indicator-icon=\"&lt;i class=&quot;fas fa-angle-down&quot;&gt;&lt;\/i&gt;\" class=\"eael-simple-menu-container eael-simple-menu--loading eael-simple-menu-align-left eael-simple-menu-dropdown-align-left preset-1\" data-hamburger-breakpoints=\"{&quot;mobile&quot;:&quot;M\\u00f2bil vertical (&gt; 767px)&quot;,&quot;tablet&quot;:&quot;Tauleta vertical (&gt; 1024px)&quot;,&quot;desktop&quot;:&quot;Desktop (&gt; 2400px)&quot;,&quot;none&quot;:&quot;None&quot;}\" data-hamburger-device=\"tablet\">\n                <ul id=\"menu-nova-web-cat\" class=\"eael-simple-menu eael-simple-menu-dropdown-animate-to-top eael-simple-menu-indicator eael-simple-menu-horizontal\"><li id=\"menu-item-44083\" class=\"menu-item menu-item-type-custom menu-item-object-custom menu-item-has-children menu-item-44083\"><a href=\"#\">Qui som<\/a>\n<ul class=\"sub-menu\">\n\t<li id=\"menu-item-47149\" class=\"menu-item menu-item-type-post_type menu-item-object-page menu-item-47149\"><a href=\"https:\/\/fundaciotallers.org\/ca\/coneixnos\/\">Coneix-nos<\/a><\/li>\n\t<li id=\"menu-item-47102\" class=\"menu-item menu-item-type-post_type menu-item-object-page menu-item-47102\"><a href=\"https:\/\/fundaciotallers.org\/ca\/historia-2\/\">Hist\u00f2ria<\/a><\/li>\n\t<li id=\"menu-item-47666\" class=\"menu-item menu-item-type-post_type menu-item-object-page menu-item-47666\"><a href=\"https:\/\/fundaciotallers.org\/ca\/patronat-i-comite-de-direccio\/\">Patronat i Comit\u00e8 de Direcci\u00f3<\/a><\/li>\n\t<li id=\"menu-item-47665\" class=\"menu-item menu-item-type-post_type menu-item-object-page menu-item-47665\"><a href=\"https:\/\/fundaciotallers.org\/ca\/equip-coordinacio-serveis-de-suport\/\">Equip de Coordinaci\u00f3 i Serveis de Suport<\/a><\/li>\n\t<li id=\"menu-item-45928\" class=\"menu-item menu-item-type-post_type menu-item-object-page menu-item-45928\"><a href=\"https:\/\/fundaciotallers.org\/ca\/portal-transparencia\/\">Portal de Transpar\u00e8ncia<\/a><\/li>\n\t<li id=\"menu-item-45929\" class=\"menu-item menu-item-type-post_type menu-item-object-page menu-item-45929\"><a href=\"https:\/\/fundaciotallers.org\/ca\/portal-transparencia\/memoria\/\">Mem\u00f2ries<\/a><\/li>\n\t<li id=\"menu-item-46143\" class=\"menu-item menu-item-type-post_type menu-item-object-page menu-item-46143\"><a href=\"https:\/\/fundaciotallers.org\/ca\/politica-de-qualitat-i-medi-ambient\/\">Pol\u00edtica de qualitat i medi ambient<\/a><\/li>\n\t<li id=\"menu-item-46144\" class=\"menu-item menu-item-type-post_type menu-item-object-page menu-item-46144\"><a href=\"https:\/\/fundaciotallers.org\/ca\/colaboradors\/\">Col\u00b7laboradors<\/a><\/li>\n<\/ul>\n<\/li>\n<li id=\"menu-item-45972\" class=\"menu-item menu-item-type-post_type menu-item-object-page menu-item-has-children menu-item-45972\"><a href=\"https:\/\/fundaciotallers.org\/ca\/serveis-per-a-les-persones\/\">A les persones<\/a>\n<ul class=\"sub-menu\">\n\t<li id=\"menu-item-44953\" class=\"menu-item menu-item-type-post_type menu-item-object-page menu-item-44953\"><a href=\"https:\/\/fundaciotallers.org\/ca\/servei-de-formacio-ocupacional\/\">Formaci\u00f3 ocupacional<\/a><\/li>\n\t<li id=\"menu-item-45205\" class=\"menu-item menu-item-type-post_type menu-item-object-page menu-item-45205\"><a href=\"https:\/\/fundaciotallers.org\/ca\/servei-dinsercio-laboral-sil\/\">Servei d\u2019Inserci\u00f3 Laboral (SIL)<\/a><\/li>\n\t<li id=\"menu-item-46286\" class=\"menu-item menu-item-type-post_type menu-item-object-page menu-item-46286\"><a href=\"https:\/\/fundaciotallers.org\/ca\/centre-especial-de-treball\/\">Centre Especial de Treball<\/a><\/li>\n\t<li id=\"menu-item-45968\" class=\"menu-item menu-item-type-post_type menu-item-object-page menu-item-45968\"><a href=\"https:\/\/fundaciotallers.org\/ca\/equip-multidiciplinari-suport\/\">Equip Multidisciplinari de Suport (EMS)<\/a><\/li>\n\t<li id=\"menu-item-46639\" class=\"menu-item menu-item-type-post_type menu-item-object-page menu-item-46639\"><a href=\"https:\/\/fundaciotallers.org\/ca\/empresa-insercio\/\">Empresa d\u2019inserci\u00f3<\/a><\/li>\n<\/ul>\n<\/li>\n<li id=\"menu-item-45971\" class=\"menu-item menu-item-type-post_type menu-item-object-page menu-item-has-children menu-item-45971\"><a href=\"https:\/\/fundaciotallers.org\/ca\/serveis-per-a-les-empreses\/\">A les empreses<\/a>\n<ul class=\"sub-menu\">\n\t<li id=\"menu-item-46679\" class=\"menu-item menu-item-type-post_type menu-item-object-page menu-item-46679\"><a href=\"https:\/\/fundaciotallers.org\/ca\/compliment-llei-discapacitat\/\">Compliment Llei Discapacitat<\/a><\/li>\n\t<li id=\"menu-item-45269\" class=\"menu-item menu-item-type-post_type menu-item-object-page menu-item-45269\"><a href=\"https:\/\/fundaciotallers.org\/ca\/jardineria\/\">Jardineria<\/a><\/li>\n\t<li id=\"menu-item-46710\" class=\"menu-item menu-item-type-post_type menu-item-object-page menu-item-46710\"><a href=\"https:\/\/fundaciotallers.org\/ca\/serveis-de-neteja\/\">Neteja<\/a><\/li>\n\t<li id=\"menu-item-46656\" class=\"menu-item menu-item-type-post_type menu-item-object-page menu-item-46656\"><a href=\"https:\/\/fundaciotallers.org\/ca\/manipulats-logistica-industrial\/\">Manipulats, log\u00edstica industrial i serveis t\u00e8xtils<\/a><\/li>\n\t<li id=\"menu-item-46928\" class=\"menu-item menu-item-type-post_type menu-item-object-page menu-item-46928\"><a href=\"https:\/\/fundaciotallers.org\/ca\/serveis-de-tintoreria-i-bugaderia\/\">Tintoreria<\/a><\/li>\n\t<li id=\"menu-item-47035\" class=\"menu-item menu-item-type-post_type menu-item-object-page menu-item-47035\"><a href=\"https:\/\/fundaciotallers.org\/ca\/servei-de-gestio-documental\/\">Externalitzaci\u00f3 processos administratius<\/a><\/li>\n<\/ul>\n<\/li>\n<li id=\"menu-item-47042\" class=\"menu-item menu-item-type-post_type menu-item-object-page menu-item-has-children menu-item-47042\"><a href=\"https:\/\/fundaciotallers.org\/ca\/serveis-per-a-les-administracions\/\">A les administracions<\/a>\n<ul class=\"sub-menu\">\n\t<li id=\"menu-item-47283\" class=\"menu-item menu-item-type-post_type menu-item-object-page menu-item-47283\"><a href=\"https:\/\/fundaciotallers.org\/ca\/serveis-jardineria-administracions-publiques\/\">Jardineria<\/a><\/li>\n\t<li id=\"menu-item-47477\" class=\"menu-item menu-item-type-post_type menu-item-object-page menu-item-47477\"><a href=\"https:\/\/fundaciotallers.org\/ca\/neteja-interiors\/\">Neteja d\u2019interiors<\/a><\/li>\n\t<li id=\"menu-item-46503\" class=\"menu-item menu-item-type-post_type menu-item-object-page menu-item-46503\"><a href=\"https:\/\/fundaciotallers.org\/ca\/neteja-viaria\/\">Neteja Vi\u00e0ria<\/a><\/li>\n\t<li id=\"menu-item-46736\" class=\"menu-item menu-item-type-post_type menu-item-object-page menu-item-46736\"><a href=\"https:\/\/fundaciotallers.org\/ca\/gestio-deixalleries-punts-verds\/\">Gesti\u00f3 de deixalleries i punts verds<\/a><\/li>\n\t<li id=\"menu-item-46931\" class=\"menu-item menu-item-type-post_type menu-item-object-page menu-item-46931\"><a href=\"https:\/\/fundaciotallers.org\/ca\/externalitzacio-dels-procesos-administratius\/\">Gesti\u00f3 documental<\/a><\/li>\n<\/ul>\n<\/li>\n<li id=\"menu-item-45780\" class=\"menu-item menu-item-type-post_type menu-item-object-page menu-item-45780\"><a href=\"https:\/\/fundaciotallers.org\/ca\/treballa-amb-nosaltres-ofertes\/\">Treballa amb nosaltres<\/a><\/li>\n<li id=\"menu-item-45970\" class=\"menu-item menu-item-type-custom menu-item-object-custom menu-item-45970\"><a target=\"_blank\" href=\"https:\/\/www.pereclaver.org\/voluntariat\/\">Voluntariat<\/a><\/li>\n<li id=\"menu-item-45855\" class=\"menu-item menu-item-type-post_type menu-item-object-page menu-item-45855\"><a href=\"https:\/\/fundaciotallers.org\/ca\/noticies\/\">Blog<\/a><\/li>\n<li id=\"menu-item-46507\" class=\"menu-item menu-item-type-post_type menu-item-object-page menu-item-46507\"><a href=\"https:\/\/fundaciotallers.org\/ca\/contacte\/\">Contacte<\/a><\/li>\n<\/ul>                <button class=\"eael-simple-menu-toggle\">\n                    <span class=\"sr-only \">Hamburger Toggle Menu<\/span>\n                    <i aria-hidden=\"true\" class=\"fas fa-bars\"><\/i>                <\/button>\n            <\/div>\n            \t\t\t\t<\/div>\n\t\t\t\t<\/div>\n\t\t\t\t\t<\/div>\n\t\t<\/div>\n\t\t\t\t<div class=\"elementor-column elementor-col-25 elementor-top-column elementor-element elementor-element-7a52478\" data-id=\"7a52478\" data-element_type=\"column\" data-e-type=\"column\">\n\t\t\t<div class=\"elementor-widget-wrap elementor-element-populated\">\n\t\t\t\t\t\t<div class=\"elementor-element elementor-element-6c91974 elementor-align-right elementor-widget elementor-widget-button\" data-id=\"6c91974\" data-element_type=\"widget\" data-e-type=\"widget\" data-widget_type=\"button.default\">\n\t\t\t\t<div class=\"elementor-widget-container\">\n\t\t\t\t\t\t\t\t\t<div class=\"elementor-button-wrapper\">\n\t\t\t\t\t<a class=\"elementor-button elementor-size-sm\" role=\"button\">\n\t\t\t\t\t\t<span class=\"elementor-button-content-wrapper\">\n\t\t\t\t\t\t\t\t\t<span class=\"elementor-button-text\">Col\u00b7labora<\/span>\n\t\t\t\t\t<\/span>\n\t\t\t\t\t<\/a>\n\t\t\t\t<\/div>\n\t\t\t\t\t\t\t\t<\/div>\n\t\t\t\t<\/div>\n\t\t\t\t\t<\/div>\n\t\t<\/div>\n\t\t\t\t<div class=\"elementor-column elementor-col-25 elementor-top-column elementor-element elementor-element-c3a929a\" data-id=\"c3a929a\" data-element_type=\"column\" data-e-type=\"column\">\n\t\t\t<div class=\"elementor-widget-wrap elementor-element-populated\">\n\t\t\t\t\t\t<div class=\"elementor-element elementor-element-1ef6b16 elementor-align-right elementor-widget elementor-widget-button\" data-id=\"1ef6b16\" data-element_type=\"widget\" data-e-type=\"widget\" data-widget_type=\"button.default\">\n\t\t\t\t<div class=\"elementor-widget-container\">\n\t\t\t\t\t\t\t\t\t<div class=\"elementor-button-wrapper\">\n\t\t\t\t\t<a class=\"elementor-button elementor-size-sm\" role=\"button\">\n\t\t\t\t\t\t<span class=\"elementor-button-content-wrapper\">\n\t\t\t\t\t\t\t\t\t<span class=\"elementor-button-text\">Dona<\/span>\n\t\t\t\t\t<\/span>\n\t\t\t\t\t<\/a>\n\t\t\t\t<\/div>\n\t\t\t\t\t\t\t\t<\/div>\n\t\t\t\t<\/div>\n\t\t\t\t\t<\/div>\n\t\t<\/div>\n\t\t\t\t\t<\/div>\n\t\t<\/section>\n\t\t\t\t<section class=\"elementor-section elementor-top-section elementor-element elementor-element-2bb962a elementor-hidden-mobile elementor-section-boxed elementor-section-height-default elementor-section-height-default\" data-id=\"2bb962a\" data-element_type=\"section\" data-e-type=\"section\">\n\t\t\t\t\t\t<div class=\"elementor-container elementor-column-gap-narrow\">\n\t\t\t\t\t<div class=\"elementor-column elementor-col-100 elementor-top-column elementor-element elementor-element-b8395c0\" data-id=\"b8395c0\" data-element_type=\"column\" data-e-type=\"column\">\n\t\t\t<div class=\"elementor-widget-wrap elementor-element-populated\">\n\t\t\t\t\t\t<div class=\"elementor-element elementor-element-489e83b eael_simple_menu_hamburger_disable_selected_menu_no eael-simple-menu-hamburger-align-right eael-hamburger--tablet elementor-widget elementor-widget-eael-simple-menu\" data-id=\"489e83b\" data-element_type=\"widget\" data-e-type=\"widget\" data-widget_type=\"eael-simple-menu.default\">\n\t\t\t\t<div class=\"elementor-widget-container\">\n\t\t\t\t\t<style>\n                        @media screen and (max-width: 1024px) {\n                            .eael-hamburger--tablet {\n                                .eael-simple-menu-horizontal,\n                                .eael-simple-menu-vertical {\n                                    display: none;\n                                }\n                            }\n                            .eael-hamburger--tablet {\n                                .eael-simple-menu-container .eael-simple-menu-toggle {\n                                    display: block;\n                                }\n                            }\n                        }\n                        .eael-simple-menu-container.eael-simple-menu--loading > ul {\n                            display: -webkit-box !important;\n                            display: -ms-flexbox !important;\n                            display: flex !important;\n                            list-style: none !important;\n                        }\n                        .eael-simple-menu-container.eael-simple-menu--loading li ul {\n                            visibility: hidden !important;\n                            opacity: 0 !important;\n                        }\n                    <\/style>            <div data-hamburger-icon=\"&lt;i aria-hidden=&quot;true&quot; class=&quot;fas fa-bars&quot;&gt;&lt;\/i&gt;\" data-indicator-icon=\"&lt;i aria-hidden=&quot;true&quot; class=&quot;fas fa-angle-down&quot;&gt;&lt;\/i&gt;\" data-dropdown-indicator-icon=\"&lt;i class=&quot;fas fa-angle-down&quot;&gt;&lt;\/i&gt;\" class=\"eael-simple-menu-container eael-simple-menu--loading eael-simple-menu-align-left eael-simple-menu-dropdown-align-left preset-1\" data-hamburger-breakpoints=\"{&quot;mobile&quot;:&quot;M\\u00f2bil vertical (&gt; 767px)&quot;,&quot;tablet&quot;:&quot;Tauleta vertical (&gt; 1024px)&quot;,&quot;desktop&quot;:&quot;Desktop (&gt; 2400px)&quot;,&quot;none&quot;:&quot;None&quot;}\" data-hamburger-device=\"tablet\">\n                <ul id=\"menu-nova-web-cat-1\" class=\"eael-simple-menu eael-simple-menu-dropdown-animate-to-top eael-simple-menu-indicator eael-simple-menu-horizontal\"><li class=\"menu-item menu-item-type-custom menu-item-object-custom menu-item-has-children menu-item-44083\"><a href=\"#\">Qui som<\/a>\n<ul class=\"sub-menu\">\n\t<li class=\"menu-item menu-item-type-post_type menu-item-object-page menu-item-47149\"><a href=\"https:\/\/fundaciotallers.org\/ca\/coneixnos\/\">Coneix-nos<\/a><\/li>\n\t<li class=\"menu-item menu-item-type-post_type menu-item-object-page menu-item-47102\"><a href=\"https:\/\/fundaciotallers.org\/ca\/historia-2\/\">Hist\u00f2ria<\/a><\/li>\n\t<li class=\"menu-item menu-item-type-post_type menu-item-object-page menu-item-47666\"><a href=\"https:\/\/fundaciotallers.org\/ca\/patronat-i-comite-de-direccio\/\">Patronat i Comit\u00e8 de Direcci\u00f3<\/a><\/li>\n\t<li class=\"menu-item menu-item-type-post_type menu-item-object-page menu-item-47665\"><a href=\"https:\/\/fundaciotallers.org\/ca\/equip-coordinacio-serveis-de-suport\/\">Equip de Coordinaci\u00f3 i Serveis de Suport<\/a><\/li>\n\t<li class=\"menu-item menu-item-type-post_type menu-item-object-page menu-item-45928\"><a href=\"https:\/\/fundaciotallers.org\/ca\/portal-transparencia\/\">Portal de Transpar\u00e8ncia<\/a><\/li>\n\t<li class=\"menu-item menu-item-type-post_type menu-item-object-page menu-item-45929\"><a href=\"https:\/\/fundaciotallers.org\/ca\/portal-transparencia\/memoria\/\">Mem\u00f2ries<\/a><\/li>\n\t<li class=\"menu-item menu-item-type-post_type menu-item-object-page menu-item-46143\"><a href=\"https:\/\/fundaciotallers.org\/ca\/politica-de-qualitat-i-medi-ambient\/\">Pol\u00edtica de qualitat i medi ambient<\/a><\/li>\n\t<li class=\"menu-item menu-item-type-post_type menu-item-object-page menu-item-46144\"><a href=\"https:\/\/fundaciotallers.org\/ca\/colaboradors\/\">Col\u00b7laboradors<\/a><\/li>\n<\/ul>\n<\/li>\n<li class=\"menu-item menu-item-type-post_type menu-item-object-page menu-item-has-children menu-item-45972\"><a href=\"https:\/\/fundaciotallers.org\/ca\/serveis-per-a-les-persones\/\">A les persones<\/a>\n<ul class=\"sub-menu\">\n\t<li class=\"menu-item menu-item-type-post_type menu-item-object-page menu-item-44953\"><a href=\"https:\/\/fundaciotallers.org\/ca\/servei-de-formacio-ocupacional\/\">Formaci\u00f3 ocupacional<\/a><\/li>\n\t<li class=\"menu-item menu-item-type-post_type menu-item-object-page menu-item-45205\"><a href=\"https:\/\/fundaciotallers.org\/ca\/servei-dinsercio-laboral-sil\/\">Servei d\u2019Inserci\u00f3 Laboral (SIL)<\/a><\/li>\n\t<li class=\"menu-item menu-item-type-post_type menu-item-object-page menu-item-46286\"><a href=\"https:\/\/fundaciotallers.org\/ca\/centre-especial-de-treball\/\">Centre Especial de Treball<\/a><\/li>\n\t<li class=\"menu-item menu-item-type-post_type menu-item-object-page menu-item-45968\"><a href=\"https:\/\/fundaciotallers.org\/ca\/equip-multidiciplinari-suport\/\">Equip Multidisciplinari de Suport (EMS)<\/a><\/li>\n\t<li class=\"menu-item menu-item-type-post_type menu-item-object-page menu-item-46639\"><a href=\"https:\/\/fundaciotallers.org\/ca\/empresa-insercio\/\">Empresa d\u2019inserci\u00f3<\/a><\/li>\n<\/ul>\n<\/li>\n<li class=\"menu-item menu-item-type-post_type menu-item-object-page menu-item-has-children menu-item-45971\"><a href=\"https:\/\/fundaciotallers.org\/ca\/serveis-per-a-les-empreses\/\">A les empreses<\/a>\n<ul class=\"sub-menu\">\n\t<li class=\"menu-item menu-item-type-post_type menu-item-object-page menu-item-46679\"><a href=\"https:\/\/fundaciotallers.org\/ca\/compliment-llei-discapacitat\/\">Compliment Llei Discapacitat<\/a><\/li>\n\t<li class=\"menu-item menu-item-type-post_type menu-item-object-page menu-item-45269\"><a href=\"https:\/\/fundaciotallers.org\/ca\/jardineria\/\">Jardineria<\/a><\/li>\n\t<li class=\"menu-item menu-item-type-post_type menu-item-object-page menu-item-46710\"><a href=\"https:\/\/fundaciotallers.org\/ca\/serveis-de-neteja\/\">Neteja<\/a><\/li>\n\t<li class=\"menu-item menu-item-type-post_type menu-item-object-page menu-item-46656\"><a href=\"https:\/\/fundaciotallers.org\/ca\/manipulats-logistica-industrial\/\">Manipulats, log\u00edstica industrial i serveis t\u00e8xtils<\/a><\/li>\n\t<li class=\"menu-item menu-item-type-post_type menu-item-object-page menu-item-46928\"><a href=\"https:\/\/fundaciotallers.org\/ca\/serveis-de-tintoreria-i-bugaderia\/\">Tintoreria<\/a><\/li>\n\t<li class=\"menu-item menu-item-type-post_type menu-item-object-page menu-item-47035\"><a href=\"https:\/\/fundaciotallers.org\/ca\/servei-de-gestio-documental\/\">Externalitzaci\u00f3 processos administratius<\/a><\/li>\n<\/ul>\n<\/li>\n<li class=\"menu-item menu-item-type-post_type menu-item-object-page menu-item-has-children menu-item-47042\"><a href=\"https:\/\/fundaciotallers.org\/ca\/serveis-per-a-les-administracions\/\">A les administracions<\/a>\n<ul class=\"sub-menu\">\n\t<li class=\"menu-item menu-item-type-post_type menu-item-object-page menu-item-47283\"><a href=\"https:\/\/fundaciotallers.org\/ca\/serveis-jardineria-administracions-publiques\/\">Jardineria<\/a><\/li>\n\t<li class=\"menu-item menu-item-type-post_type menu-item-object-page menu-item-47477\"><a href=\"https:\/\/fundaciotallers.org\/ca\/neteja-interiors\/\">Neteja d\u2019interiors<\/a><\/li>\n\t<li class=\"menu-item menu-item-type-post_type menu-item-object-page menu-item-46503\"><a href=\"https:\/\/fundaciotallers.org\/ca\/neteja-viaria\/\">Neteja Vi\u00e0ria<\/a><\/li>\n\t<li class=\"menu-item menu-item-type-post_type menu-item-object-page menu-item-46736\"><a href=\"https:\/\/fundaciotallers.org\/ca\/gestio-deixalleries-punts-verds\/\">Gesti\u00f3 de deixalleries i punts verds<\/a><\/li>\n\t<li class=\"menu-item menu-item-type-post_type menu-item-object-page menu-item-46931\"><a href=\"https:\/\/fundaciotallers.org\/ca\/externalitzacio-dels-procesos-administratius\/\">Gesti\u00f3 documental<\/a><\/li>\n<\/ul>\n<\/li>\n<li class=\"menu-item menu-item-type-post_type menu-item-object-page menu-item-45780\"><a href=\"https:\/\/fundaciotallers.org\/ca\/treballa-amb-nosaltres-ofertes\/\">Treballa amb nosaltres<\/a><\/li>\n<li class=\"menu-item menu-item-type-custom menu-item-object-custom menu-item-45970\"><a target=\"_blank\" href=\"https:\/\/www.pereclaver.org\/voluntariat\/\">Voluntariat<\/a><\/li>\n<li class=\"menu-item menu-item-type-post_type menu-item-object-page menu-item-45855\"><a href=\"https:\/\/fundaciotallers.org\/ca\/noticies\/\">Blog<\/a><\/li>\n<li class=\"menu-item menu-item-type-post_type menu-item-object-page menu-item-46507\"><a href=\"https:\/\/fundaciotallers.org\/ca\/contacte\/\">Contacte<\/a><\/li>\n<\/ul>                <button class=\"eael-simple-menu-toggle\">\n                    <span class=\"sr-only \">Hamburger Toggle Menu<\/span>\n                    <i aria-hidden=\"true\" class=\"fas fa-bars\"><\/i>                <\/button>\n            <\/div>\n            \t\t\t\t<\/div>\n\t\t\t\t<\/div>\n\t\t\t\t\t<\/div>\n\t\t<\/div>\n\t\t\t\t\t<\/div>\n\t\t<\/section>\n\t\t\t\t<section class=\"elementor-section elementor-top-section elementor-element elementor-element-ec26f78 elementor-hidden-tablet elementor-hidden-desktop elementor-section-boxed elementor-section-height-default elementor-section-height-default\" data-id=\"ec26f78\" data-element_type=\"section\" data-e-type=\"section\" data-settings=\"{&quot;background_background&quot;:&quot;classic&quot;}\">\n\t\t\t\t\t\t<div class=\"elementor-container elementor-column-gap-narrow\">\n\t\t\t\t\t<div class=\"elementor-column elementor-col-100 elementor-top-column elementor-element elementor-element-c4570bb\" data-id=\"c4570bb\" data-element_type=\"column\" data-e-type=\"column\">\n\t\t\t<div class=\"elementor-widget-wrap elementor-element-populated\">\n\t\t\t\t\t\t<div class=\"elementor-element elementor-element-a560ff2 elementor-widget elementor-widget-text-editor\" data-id=\"a560ff2\" data-element_type=\"widget\" data-e-type=\"widget\" data-widget_type=\"text-editor.default\">\n\t\t\t\t<div class=\"elementor-widget-container\">\n\t\t\t\t\t\t\t\t\t<a href=\"https:\/\/fundaciotallers.org\/ca\/\">Catal\u00e0\u00a0<\/a> \u00a0|\u00a0 \u00a0<a href=\"https:\/\/fundaciotallers.org\/es\/\">Castell\u00e0<\/a>\t\t\t\t\t\t\t\t<\/div>\n\t\t\t\t<\/div>\n\t\t\t\t\t<\/div>\n\t\t<\/div>\n\t\t\t\t\t<\/div>\n\t\t<\/section>\n\t\t\t\t<section class=\"elementor-section elementor-top-section elementor-element elementor-element-cb48511 elementor-hidden-desktop elementor-hidden-tablet elementor-section-boxed elementor-section-height-default elementor-section-height-default\" data-id=\"cb48511\" data-element_type=\"section\" data-e-type=\"section\" data-settings=\"{&quot;background_background&quot;:&quot;classic&quot;}\">\n\t\t\t\t\t\t<div class=\"elementor-container elementor-column-gap-narrow\">\n\t\t\t\t\t<div class=\"elementor-column elementor-col-100 elementor-top-column elementor-element elementor-element-c3f43a9\" data-id=\"c3f43a9\" data-element_type=\"column\" data-e-type=\"column\">\n\t\t\t<div class=\"elementor-widget-wrap elementor-element-populated\">\n\t\t\t\t\t\t<div class=\"elementor-element elementor-element-3309f47 elementor-widget elementor-widget-image\" data-id=\"3309f47\" data-element_type=\"widget\" data-e-type=\"widget\" data-widget_type=\"image.default\">\n\t\t\t\t<div class=\"elementor-widget-container\">\n\t\t\t\t\t\t\t\t\t\t\t\t\t\t\t\t<a href=\"https:\/\/fundaciotallers.org\/ca\/\">\n\t\t\t\t\t\t\t<img fetchpriority=\"high\" decoding=\"async\" width=\"1024\" height=\"313\" src=\"https:\/\/fundaciotallers.org\/wp-content\/uploads\/2025\/07\/fundacio-tallers-inclusio-laboral-1024x313.png\" class=\"attachment-large size-large wp-image-44006\" alt=\"\" srcset=\"https:\/\/fundaciotallers.org\/wp-content\/uploads\/2025\/07\/fundacio-tallers-inclusio-laboral-1024x313.png 1024w, https:\/\/fundaciotallers.org\/wp-content\/uploads\/2025\/07\/fundacio-tallers-inclusio-laboral-300x92.png 300w, https:\/\/fundaciotallers.org\/wp-content\/uploads\/2025\/07\/fundacio-tallers-inclusio-laboral-768x234.png 768w, https:\/\/fundaciotallers.org\/wp-content\/uploads\/2025\/07\/fundacio-tallers-inclusio-laboral-1536x469.png 1536w, https:\/\/fundaciotallers.org\/wp-content\/uploads\/2025\/07\/fundacio-tallers-inclusio-laboral.png 1890w\" sizes=\"(max-width: 1024px) 100vw, 1024px\" \/>\t\t\t\t\t\t\t\t<\/a>\n\t\t\t\t\t\t\t\t\t\t\t\t\t\t\t<\/div>\n\t\t\t\t<\/div>\n\t\t\t\t<div class=\"elementor-element elementor-element-e9861bf eael-simple-menu-hamburger-align-center eael_simple_menu_hamburger_disable_selected_menu_hide eael-hamburger--tablet elementor-widget elementor-widget-eael-simple-menu\" data-id=\"e9861bf\" data-element_type=\"widget\" data-e-type=\"widget\" data-widget_type=\"eael-simple-menu.default\">\n\t\t\t\t<div class=\"elementor-widget-container\">\n\t\t\t\t\t<style>\n                        @media screen and (max-width: 1024px) {\n                            .eael-hamburger--tablet {\n                                .eael-simple-menu-horizontal,\n                                .eael-simple-menu-vertical {\n                                    display: none;\n                                }\n                            }\n                            .eael-hamburger--tablet {\n                                .eael-simple-menu-container .eael-simple-menu-toggle {\n                                    display: block;\n                                }\n                            }\n                        }\n                        .eael-simple-menu-container.eael-simple-menu--loading > ul {\n                            display: -webkit-box !important;\n                            display: -ms-flexbox !important;\n                            display: flex !important;\n                            list-style: none !important;\n                        }\n                        .eael-simple-menu-container.eael-simple-menu--loading li ul {\n                            visibility: hidden !important;\n                            opacity: 0 !important;\n                        }\n                    <\/style>            <div data-hamburger-icon=\"&lt;i aria-hidden=&quot;true&quot; class=&quot;fas fa-bars&quot;&gt;&lt;\/i&gt;\" data-indicator-icon=\"&lt;svg xmlns=&quot;http:\/\/www.w3.org\/2000\/svg&quot; xmlns:xlink=&quot;http:\/\/www.w3.org\/1999\/xlink&quot; id=&quot;Capa_1&quot; x=&quot;0px&quot; y=&quot;0px&quot; width=&quot;451.847px&quot; height=&quot;451.847px&quot; viewBox=&quot;0 0 451.847 451.847&quot; style=&quot;enable-background:new 0 0 451.847 451.847;&quot; xml:space=&quot;preserve&quot;&gt;&lt;g&gt;\t&lt;path d=&quot;M225.923,354.706c-8.098,0-16.195-3.092-22.369-9.263L9.27,151.157c-12.359-12.359-12.359-32.397,0-44.751  c12.354-12.354,32.388-12.354,44.748,0l171.905,171.915l171.906-171.909c12.359-12.354,32.391-12.354,44.744,0  c12.365,12.354,12.365,32.392,0,44.751L248.292,345.449C242.115,351.621,234.018,354.706,225.923,354.706z&quot;&gt;&lt;\/path&gt;&lt;\/g&gt;&lt;g&gt;&lt;\/g&gt;&lt;g&gt;&lt;\/g&gt;&lt;g&gt;&lt;\/g&gt;&lt;g&gt;&lt;\/g&gt;&lt;g&gt;&lt;\/g&gt;&lt;g&gt;&lt;\/g&gt;&lt;g&gt;&lt;\/g&gt;&lt;g&gt;&lt;\/g&gt;&lt;g&gt;&lt;\/g&gt;&lt;g&gt;&lt;\/g&gt;&lt;g&gt;&lt;\/g&gt;&lt;g&gt;&lt;\/g&gt;&lt;g&gt;&lt;\/g&gt;&lt;g&gt;&lt;\/g&gt;&lt;g&gt;&lt;\/g&gt;&lt;\/svg&gt;\" data-dropdown-indicator-icon=\"&lt;svg xmlns=&quot;http:\/\/www.w3.org\/2000\/svg&quot; xmlns:xlink=&quot;http:\/\/www.w3.org\/1999\/xlink&quot; id=&quot;Capa_1&quot; x=&quot;0px&quot; y=&quot;0px&quot; width=&quot;451.847px&quot; height=&quot;451.847px&quot; viewBox=&quot;0 0 451.847 451.847&quot; style=&quot;enable-background:new 0 0 451.847 451.847;&quot; xml:space=&quot;preserve&quot;&gt;&lt;g&gt;\t&lt;path d=&quot;M225.923,354.706c-8.098,0-16.195-3.092-22.369-9.263L9.27,151.157c-12.359-12.359-12.359-32.397,0-44.751  c12.354-12.354,32.388-12.354,44.748,0l171.905,171.915l171.906-171.909c12.359-12.354,32.391-12.354,44.744,0  c12.365,12.354,12.365,32.392,0,44.751L248.292,345.449C242.115,351.621,234.018,354.706,225.923,354.706z&quot;&gt;&lt;\/path&gt;&lt;\/g&gt;&lt;g&gt;&lt;\/g&gt;&lt;g&gt;&lt;\/g&gt;&lt;g&gt;&lt;\/g&gt;&lt;g&gt;&lt;\/g&gt;&lt;g&gt;&lt;\/g&gt;&lt;g&gt;&lt;\/g&gt;&lt;g&gt;&lt;\/g&gt;&lt;g&gt;&lt;\/g&gt;&lt;g&gt;&lt;\/g&gt;&lt;g&gt;&lt;\/g&gt;&lt;g&gt;&lt;\/g&gt;&lt;g&gt;&lt;\/g&gt;&lt;g&gt;&lt;\/g&gt;&lt;g&gt;&lt;\/g&gt;&lt;g&gt;&lt;\/g&gt;&lt;\/svg&gt;\" class=\"eael-simple-menu-container eael-simple-menu--loading eael-simple-menu-align-left eael-simple-menu-dropdown-align-left preset-1\" data-hamburger-breakpoints=\"{&quot;mobile&quot;:&quot;M\\u00f2bil vertical (&gt; 767px)&quot;,&quot;tablet&quot;:&quot;Tauleta vertical (&gt; 1024px)&quot;,&quot;desktop&quot;:&quot;Desktop (&gt; 2400px)&quot;,&quot;none&quot;:&quot;None&quot;}\" data-hamburger-device=\"tablet\">\n                <ul id=\"menu-nova-web-cat-2\" class=\"eael-simple-menu eael-simple-menu-dropdown-animate-to-top eael-simple-menu-indicator eael-hamburger-left eael-simple-menu-horizontal\"><li class=\"menu-item menu-item-type-custom menu-item-object-custom menu-item-has-children menu-item-44083\"><a href=\"#\">Qui som<\/a>\n<ul class=\"sub-menu\">\n\t<li class=\"menu-item menu-item-type-post_type menu-item-object-page menu-item-47149\"><a href=\"https:\/\/fundaciotallers.org\/ca\/coneixnos\/\">Coneix-nos<\/a><\/li>\n\t<li class=\"menu-item menu-item-type-post_type menu-item-object-page menu-item-47102\"><a href=\"https:\/\/fundaciotallers.org\/ca\/historia-2\/\">Hist\u00f2ria<\/a><\/li>\n\t<li class=\"menu-item menu-item-type-post_type menu-item-object-page menu-item-47666\"><a href=\"https:\/\/fundaciotallers.org\/ca\/patronat-i-comite-de-direccio\/\">Patronat i Comit\u00e8 de Direcci\u00f3<\/a><\/li>\n\t<li class=\"menu-item menu-item-type-post_type menu-item-object-page menu-item-47665\"><a href=\"https:\/\/fundaciotallers.org\/ca\/equip-coordinacio-serveis-de-suport\/\">Equip de Coordinaci\u00f3 i Serveis de Suport<\/a><\/li>\n\t<li class=\"menu-item menu-item-type-post_type menu-item-object-page menu-item-45928\"><a href=\"https:\/\/fundaciotallers.org\/ca\/portal-transparencia\/\">Portal de Transpar\u00e8ncia<\/a><\/li>\n\t<li class=\"menu-item menu-item-type-post_type menu-item-object-page menu-item-45929\"><a href=\"https:\/\/fundaciotallers.org\/ca\/portal-transparencia\/memoria\/\">Mem\u00f2ries<\/a><\/li>\n\t<li class=\"menu-item menu-item-type-post_type menu-item-object-page menu-item-46143\"><a href=\"https:\/\/fundaciotallers.org\/ca\/politica-de-qualitat-i-medi-ambient\/\">Pol\u00edtica de qualitat i medi ambient<\/a><\/li>\n\t<li class=\"menu-item menu-item-type-post_type menu-item-object-page menu-item-46144\"><a href=\"https:\/\/fundaciotallers.org\/ca\/colaboradors\/\">Col\u00b7laboradors<\/a><\/li>\n<\/ul>\n<\/li>\n<li class=\"menu-item menu-item-type-post_type menu-item-object-page menu-item-has-children menu-item-45972\"><a href=\"https:\/\/fundaciotallers.org\/ca\/serveis-per-a-les-persones\/\">A les persones<\/a>\n<ul class=\"sub-menu\">\n\t<li class=\"menu-item menu-item-type-post_type menu-item-object-page menu-item-44953\"><a href=\"https:\/\/fundaciotallers.org\/ca\/servei-de-formacio-ocupacional\/\">Formaci\u00f3 ocupacional<\/a><\/li>\n\t<li class=\"menu-item menu-item-type-post_type menu-item-object-page menu-item-45205\"><a href=\"https:\/\/fundaciotallers.org\/ca\/servei-dinsercio-laboral-sil\/\">Servei d\u2019Inserci\u00f3 Laboral (SIL)<\/a><\/li>\n\t<li class=\"menu-item menu-item-type-post_type menu-item-object-page menu-item-46286\"><a href=\"https:\/\/fundaciotallers.org\/ca\/centre-especial-de-treball\/\">Centre Especial de Treball<\/a><\/li>\n\t<li class=\"menu-item menu-item-type-post_type menu-item-object-page menu-item-45968\"><a href=\"https:\/\/fundaciotallers.org\/ca\/equip-multidiciplinari-suport\/\">Equip Multidisciplinari de Suport (EMS)<\/a><\/li>\n\t<li class=\"menu-item menu-item-type-post_type menu-item-object-page menu-item-46639\"><a href=\"https:\/\/fundaciotallers.org\/ca\/empresa-insercio\/\">Empresa d\u2019inserci\u00f3<\/a><\/li>\n<\/ul>\n<\/li>\n<li class=\"menu-item menu-item-type-post_type menu-item-object-page menu-item-has-children menu-item-45971\"><a href=\"https:\/\/fundaciotallers.org\/ca\/serveis-per-a-les-empreses\/\">A les empreses<\/a>\n<ul class=\"sub-menu\">\n\t<li class=\"menu-item menu-item-type-post_type menu-item-object-page menu-item-46679\"><a href=\"https:\/\/fundaciotallers.org\/ca\/compliment-llei-discapacitat\/\">Compliment Llei Discapacitat<\/a><\/li>\n\t<li class=\"menu-item menu-item-type-post_type menu-item-object-page menu-item-45269\"><a href=\"https:\/\/fundaciotallers.org\/ca\/jardineria\/\">Jardineria<\/a><\/li>\n\t<li class=\"menu-item menu-item-type-post_type menu-item-object-page menu-item-46710\"><a href=\"https:\/\/fundaciotallers.org\/ca\/serveis-de-neteja\/\">Neteja<\/a><\/li>\n\t<li class=\"menu-item menu-item-type-post_type menu-item-object-page menu-item-46656\"><a href=\"https:\/\/fundaciotallers.org\/ca\/manipulats-logistica-industrial\/\">Manipulats, log\u00edstica industrial i serveis t\u00e8xtils<\/a><\/li>\n\t<li class=\"menu-item menu-item-type-post_type menu-item-object-page menu-item-46928\"><a href=\"https:\/\/fundaciotallers.org\/ca\/serveis-de-tintoreria-i-bugaderia\/\">Tintoreria<\/a><\/li>\n\t<li class=\"menu-item menu-item-type-post_type menu-item-object-page menu-item-47035\"><a href=\"https:\/\/fundaciotallers.org\/ca\/servei-de-gestio-documental\/\">Externalitzaci\u00f3 processos administratius<\/a><\/li>\n<\/ul>\n<\/li>\n<li class=\"menu-item menu-item-type-post_type menu-item-object-page menu-item-has-children menu-item-47042\"><a href=\"https:\/\/fundaciotallers.org\/ca\/serveis-per-a-les-administracions\/\">A les administracions<\/a>\n<ul class=\"sub-menu\">\n\t<li class=\"menu-item menu-item-type-post_type menu-item-object-page menu-item-47283\"><a href=\"https:\/\/fundaciotallers.org\/ca\/serveis-jardineria-administracions-publiques\/\">Jardineria<\/a><\/li>\n\t<li class=\"menu-item menu-item-type-post_type menu-item-object-page menu-item-47477\"><a href=\"https:\/\/fundaciotallers.org\/ca\/neteja-interiors\/\">Neteja d\u2019interiors<\/a><\/li>\n\t<li class=\"menu-item menu-item-type-post_type menu-item-object-page menu-item-46503\"><a href=\"https:\/\/fundaciotallers.org\/ca\/neteja-viaria\/\">Neteja Vi\u00e0ria<\/a><\/li>\n\t<li class=\"menu-item menu-item-type-post_type menu-item-object-page menu-item-46736\"><a href=\"https:\/\/fundaciotallers.org\/ca\/gestio-deixalleries-punts-verds\/\">Gesti\u00f3 de deixalleries i punts verds<\/a><\/li>\n\t<li class=\"menu-item menu-item-type-post_type menu-item-object-page menu-item-46931\"><a href=\"https:\/\/fundaciotallers.org\/ca\/externalitzacio-dels-procesos-administratius\/\">Gesti\u00f3 documental<\/a><\/li>\n<\/ul>\n<\/li>\n<li class=\"menu-item menu-item-type-post_type menu-item-object-page menu-item-45780\"><a href=\"https:\/\/fundaciotallers.org\/ca\/treballa-amb-nosaltres-ofertes\/\">Treballa amb nosaltres<\/a><\/li>\n<li class=\"menu-item menu-item-type-custom menu-item-object-custom menu-item-45970\"><a target=\"_blank\" href=\"https:\/\/www.pereclaver.org\/voluntariat\/\">Voluntariat<\/a><\/li>\n<li class=\"menu-item menu-item-type-post_type menu-item-object-page menu-item-45855\"><a href=\"https:\/\/fundaciotallers.org\/ca\/noticies\/\">Blog<\/a><\/li>\n<li class=\"menu-item menu-item-type-post_type menu-item-object-page menu-item-46507\"><a href=\"https:\/\/fundaciotallers.org\/ca\/contacte\/\">Contacte<\/a><\/li>\n<\/ul>                <button class=\"eael-simple-menu-toggle\">\n                    <span class=\"sr-only \">Hamburger Toggle Menu<\/span>\n                    <i aria-hidden=\"true\" class=\"fas fa-bars\"><\/i>                <\/button>\n            <\/div>\n            \t\t\t\t<\/div>\n\t\t\t\t<\/div>\n\t\t\t\t\t<\/div>\n\t\t<\/div>\n\t\t\t\t\t<\/div>\n\t\t<\/section>\n\t\t\t\t<section class=\"elementor-section elementor-top-section elementor-element elementor-element-f915b46 elementor-section-boxed elementor-section-height-default elementor-section-height-default\" data-id=\"f915b46\" data-element_type=\"section\" data-e-type=\"section\">\n\t\t\t\t\t\t<div class=\"elementor-container elementor-column-gap-default\">\n\t\t\t\t\t<div class=\"elementor-column elementor-col-100 elementor-top-column elementor-element elementor-element-2baa4e1\" data-id=\"2baa4e1\" data-element_type=\"column\" data-e-type=\"column\">\n\t\t\t<div class=\"elementor-widget-wrap elementor-element-populated\">\n\t\t\t\t\t\t<div class=\"elementor-element elementor-element-8582bcc elementor-widget-divider--view-line elementor-widget elementor-widget-divider\" data-id=\"8582bcc\" data-element_type=\"widget\" data-e-type=\"widget\" data-widget_type=\"divider.default\">\n\t\t\t\t<div class=\"elementor-widget-container\">\n\t\t\t\t\t\t\t<div class=\"elementor-divider\">\n\t\t\t<span class=\"elementor-divider-separator\">\n\t\t\t\t\t\t<\/span>\n\t\t<\/div>\n\t\t\t\t\t\t<\/div>\n\t\t\t\t<\/div>\n\t\t\t\t\t<\/div>\n\t\t<\/div>\n\t\t\t\t\t<\/div>\n\t\t<\/section>\n\t\t\t\t<section class=\"elementor-section elementor-top-section elementor-element elementor-element-d32458e elementor-section-boxed elementor-section-height-default elementor-section-height-default\" data-id=\"d32458e\" data-element_type=\"section\" data-e-type=\"section\">\n\t\t\t\t\t\t<div class=\"elementor-container elementor-column-gap-default\">\n\t\t\t\t\t<div class=\"elementor-column elementor-col-100 elementor-top-column elementor-element elementor-element-f74d936\" data-id=\"f74d936\" data-element_type=\"column\" data-e-type=\"column\">\n\t\t\t<div class=\"elementor-widget-wrap elementor-element-populated\">\n\t\t\t\t\t\t<div class=\"elementor-element elementor-element-b182352 elementor-widget elementor-widget-text-editor\" data-id=\"b182352\" data-element_type=\"widget\" data-e-type=\"widget\" data-widget_type=\"text-editor.default\">\n\t\t\t\t<div class=\"elementor-widget-container\">\n\t\t\t\t\t\t\t\t\t<p><strong>Pol\u00edtica de Privacitat<br \/><\/strong><\/p><p>El titular de la p\u00e0gina web allotjada a la URL www.fundaciotallers.org (la p\u00e0gina\u201dweb\u201d) \u00e9s Fundaci\u00f3 Privada Tallers de Catalunya (\u201cFundaci\u00f3 Tallers\u201d), les dades d\u2019identificaci\u00f3 de la qual s\u00f3n les seg\u00fcents:<\/p><ul><li>Gran Via de les Corts Catalanes, 572, entresol. 08011 Barcelona<\/li><li>G-58710435<\/li><li>Tel\u00e8fon: +34 93 392 23 11<\/li><li>Dades registrals: inscrita al Registre de Fundacions Privades de la Generalitat de Catalunya amb el n\u00famero de registre 372.<\/li><\/ul><p><strong><br \/>Acc\u00e9s a la web<\/strong><\/p><p>L\u2019Av\u00eds Legal regula l\u2019acc\u00e9s a la web i la seva utilitzaci\u00f3 per part de les persones usu\u00e0ries.<\/p><p>L\u2019acc\u00e9s a la p\u00e0gina web i la seva utilitzaci\u00f3 comporta l\u2019acceptaci\u00f3 de l\u2019Av\u00eds Legal, aix\u00ed com de la resta de pol\u00edtiques que, si s\u2019escau, es puguin preveure a la p\u00e0gina web.<\/p><p>Per tant, preguem a la persona usu\u00e0ria que\u00a0<u>llegeixi atentament l\u2019Av\u00eds Legal quan es proposi utilitzar aquesta web<\/u>, ja que pot modificar-se en qualsevol moment. Si no accepta l\u2019Av\u00eds Legal, li preguem que s\u2019abstingui d\u2019utilitzar la p\u00e0gina web.<\/p><p><strong><br \/>Utilitzaci\u00f3 i funcionament de la web<\/strong><\/p><p>La persona usu\u00e0ria es compromet a fer un \u00fas diligent de la p\u00e0gina web, aix\u00ed com de la informaci\u00f3 que s\u2019hi inclou, amb total subjecci\u00f3 a la normativa aplicable, a l\u2019Av\u00eds Legal i, si s\u2019escau, a la resta de termes i condicions que s\u2019incloguin a la p\u00e0gina web.<\/p><p>Igualment, la persona usu\u00e0ria es compromet a no realitzar cap acte amb objecte de malmetre, inutilitzar o sobrecarregar la p\u00e0gina web, o que impedeixi, de qualsevol forma, la normal utilitzaci\u00f3 i funcionament de la mateixa.<\/p><p>S\u2019informa a la persona usu\u00e0ria que, en el sup\u00f2sit que incompleixi l\u2019Av\u00eds Legal o, si s\u2019escau, la resta de pol\u00edtiques de la p\u00e0gina web, Fundaci\u00f3 Tallers es reserva el dret de limitar o suspendre el seu acc\u00e9s a la mateixa, adoptant qualsevol mesura t\u00e8cnica que sigui necess\u00e0ria.<\/p><p>Fundaci\u00f3 Tallers fa els seus millors esfor\u00e7os per mantenir la p\u00e0gina web en bon funcionament, evitant errors o, en el seu cas, reparant-los i mantenint els continguts de la p\u00e0gina web degudament actualitzats. No obstant aix\u00f2, Fundaci\u00f3 Tallers no garanteix la disponibilitat i continu\u00eftat en l\u2019acc\u00e9s a la p\u00e0gina web ni la inexist\u00e8ncia d\u2019errors en els seus continguts, aix\u00ed com tampoc que aquests darrers siguin oportunament actualitzats.<\/p><p><strong>Responsabilitat<\/strong><\/p><p>Tant l\u2019acc\u00e9s a la p\u00e0gina web com l\u2019\u00fas que pugui fer-se de qualsevol informaci\u00f3 que contingui es realitzen sota la responsabilitat exclusiva dela persona usu\u00e0ria.<\/p><p>En el sup\u00f2sit que es facin donacions, la persona usu\u00e0ria tamb\u00e9 ser\u00e0 responsable de con\u00e8ixer les caracter\u00edstiques, costos i \u00fas del m\u00e8tode de pagament, aix\u00ed com de tenir suficient saldo per poder fer la donaci\u00f3.<\/p><p>Fundaci\u00f3 Tallers no es responsabilitza de cap dany o perjudici que es pugui derivar, directament o indirecta, de l\u2019acc\u00e9s o \u00fas de la informaci\u00f3 continguda a la p\u00e0gina web, incloent els produ\u00efts en els sistemes inform\u00e0tics o els provocats per la introducci\u00f3 de virus o atacs inform\u00e0tics. Tampoc ser\u00e0 responsable dels danys que puguin patir els usuaris per un \u00fas inadequat de la p\u00e0gina web ni de les caigudes, interrupcions, abs\u00e8ncia o defecte en les comunicacions i\/o Internet.<\/p><p>Addicionalment, Fundaci\u00f3 Tallers no es fa responsable de cap dany o perjudici en el software o hardware de la persona usu\u00e0ria que es derivi de l\u2019acc\u00e9s o \u00fas de la p\u00e0gina web.<\/p><p>La persona usu\u00e0ria respondr\u00e0 dels danys i perjudicis que Fundaci\u00f3 Tallers pugui patir com a conseq\u00fc\u00e8ncia de l\u2019incompliment de qualsevol de les obligacions a qu\u00e8 quedi sotm\u00e8s en virtut de l\u2019Av\u00eds Legal, de la legislaci\u00f3 aplicable i\/o de la resta de pol\u00edtiques.<\/p><p>\u00a0<\/p><p><strong>Pol\u00edtica en mat\u00e8ria d\u2019enlla\u00e7os (links)<\/strong><\/p><p><strong>a) Enlla\u00e7os cap a la nostra p\u00e0gina web<\/strong><\/p><p>Qui que tingui intenci\u00f3 d\u2019incloure en una p\u00e0gina web (\u201c<strong>web Enlla\u00e7ant<\/strong>\u201d) un enlla\u00e7 que dirigeixi a la p\u00e0gina de Fundaci\u00f3 Tallers, haur\u00e0 de sol\u00b7licitar-ho a Fundaci\u00f3 Tallers i complir amb la legislaci\u00f3 vigent; en cap cas, podr\u00e0 allotjar continguts, propis o de tercers, que: (i) siguin il\u00b7l\u00edcits, nocius, violents, racistes, denigrants, etc.; i\/o (ii) resultin inapropiats o no pertinents en relaci\u00f3 amb Fundaci\u00f3 Tallers.<\/p><p>L\u2019enlla\u00e7 no implica que Fundaci\u00f3 Tallers avali, promocioni, garanteixi, supervisi o recomani el contingut o els serveis de la p\u00e0gina web Enlla\u00e7ant, ni que sigui responsable del seu contingut. En el sup\u00f2sit d\u2019incompliment de qualsevol dels termes referits anteriorment, Fundaci\u00f3 Tallers procedir\u00e0, de forma immediata, a la revocaci\u00f3 del consentiment atorgat a la p\u00e0gina web Enlla\u00e7ant, que haur\u00e0 de suprimir l\u2019enlla\u00e7.<\/p><p><strong>b)\u00a0 Enlla\u00e7os cap a altres p\u00e0gines webs<\/strong><\/p><p>A la nostra p\u00e0gina web es poden incloure diferents enlla\u00e7os que permetin a la persona usu\u00e0ria accedir a altres p\u00e0gines webs (\u201cwebs enlla\u00e7ades\u201d).<\/p><p>En cap cas, l\u2019exist\u00e8ncia de p\u00e0gines webs enlla\u00e7ades comporta recomanaci\u00f3, promoci\u00f3, identificaci\u00f3 o conformitat de Fundaci\u00f3 Tallers amb les manifestacions, continguts o serveis proporcionats per mitj\u00e0 de les p\u00e0gines webs enlla\u00e7ades. En conseq\u00fc\u00e8ncia, Fundaci\u00f3 Tallers no es fa responsable del contingut, ni dels termes i condicions de les p\u00e0gines webs enlla\u00e7ades; la persona usu\u00e0ria \u00e9s l\u2019\u00fanica responsable de comprovar-los i acceptar-los cada vegada que accedeixi i els utilitzi<\/p><p><strong><br \/>Propietat Industrial i Intel\u00b7lectual<\/strong><\/p><p>Tots els drets de propietat intel\u00b7lectual sobre els dissenys, bases de dades, programes d\u2019ordinador subjacents (inclosos els codis font), els diferents elements que integren la p\u00e0gina web (textos, gr\u00e0fics, fotografies, v\u00eddeos, gravacions sonores, combinacions de colors, etc.) [els \u201c<strong>Continguts<\/strong>\u201d], aix\u00ed com la seva estructura, selecci\u00f3 i ordre, s\u00f3n titularitat de Fundaci\u00f3 Tallers o dels seus llicenciants. Els signes distintius inclosos al web (marques i noms comercials) s\u00f3n titularitat de Fundaci\u00f3 Tallers o dels seus llicenciants.<\/p><p>L\u2019\u00fas de la p\u00e0gina web per part de la persona usu\u00e0ria no suposa la cessi\u00f3 de cap dret de propietat intel\u00b7lectual i\/o industrial sobre la p\u00e0gina web i els continguts.<\/p><p>En aquest sentit, queda expressament prohibit a la persona usu\u00e0ria la reproducci\u00f3, transformaci\u00f3, distribuci\u00f3, comunicaci\u00f3 p\u00fablica, posada a disposici\u00f3, extracci\u00f3 o qualsevol altra forma de difusi\u00f3 no autoritzades expressament de la p\u00e0gina web, els seus continguts o els signes distintius de Fundaci\u00f3 Tallers.<\/p><p>La utilitzaci\u00f3 no autoritzada dels continguts, aix\u00ed com els perjudicis ocasionats en els drets de propietat intel\u00b7lectual i industrial de Fundaci\u00f3 Tallers, podran donar lloc a l\u2019exercici de les accions que legalment li corresponguin, i a les responsabilitats que, en el seu cas, se\u2019n derivin.<\/p><p><strong><br \/>Protecci\u00f3 de dades<\/strong><\/p><p>Els aspectes relatius al tractament de les dades personals de les persones usu\u00e0ries de la p\u00e0gina web es regulen a la Pol\u00edtica de Privacitat.<\/p><p><strong><br \/>Nul\u00b7litat<\/strong><\/p><p>Si qualsevol de les cl\u00e0usules de l\u2019Av\u00eds Legal \u00e9s declarada, totalment o parcialment, nul\u00b7la o inefica\u00e7, tal nul\u00b7litat o inefic\u00e0cia afectar\u00e0 nom\u00e9s a aquesta disposici\u00f3 o a la part de la mateixa que resulti nul\u00b7la o inefica\u00e7. A aquests efectes, l\u2019Av\u00eds Legal nom\u00e9s deixar\u00e0 de tenir validesa exclusivament respecte de la disposici\u00f3 nul\u00b7la o inefica\u00e7, i cap altra part o disposici\u00f3 quedar\u00e0 anul\u00b7lada, invalidada, perjudicada o afectada per aquesta nul\u00b7litat o inefic\u00e0cia, llevat que per resultar essencial hagu\u00e9s d\u2019afectar l\u2019Av\u00eds Legal de forma integral.<\/p><p><strong><br \/>Jurisdicci\u00f3<\/strong><\/p><p>En el sup\u00f2sit que sorgeixi qualsevol conflicte o discrep\u00e0ncia en la interpretaci\u00f3 o aplicaci\u00f3 de l\u2019Av\u00eds Legal, els Jutjats i Tribunals que, si s\u2019escau, coneixeran l\u2019assumpte seran els que prevegi la normativa legal aplicable.<\/p>\t\t\t\t\t\t\t\t<\/div>\n\t\t\t\t<\/div>\n\t\t\t\t\t<\/div>\n\t\t<\/div>\n\t\t\t\t\t<\/div>\n\t\t<\/section>\n\t\t\t\t<section class=\"elementor-section elementor-top-section elementor-element elementor-element-7829e4c6 elementor-section-boxed elementor-section-height-default elementor-section-height-default\" data-id=\"7829e4c6\" data-element_type=\"section\" data-e-type=\"section\" data-settings=\"{&quot;background_background&quot;:&quot;classic&quot;}\">\n\t\t\t\t\t\t<div class=\"elementor-container elementor-column-gap-default\">\n\t\t\t\t\t<div class=\"elementor-column elementor-col-100 elementor-top-column elementor-element elementor-element-3e22b274\" data-id=\"3e22b274\" data-element_type=\"column\" data-e-type=\"column\">\n\t\t\t<div class=\"elementor-widget-wrap elementor-element-populated\">\n\t\t\t\t\t\t<div class=\"elementor-element elementor-element-37474ec elementor-widget elementor-widget-text-editor\" data-id=\"37474ec\" data-element_type=\"widget\" data-e-type=\"widget\" data-widget_type=\"text-editor.default\">\n\t\t\t\t<div class=\"elementor-widget-container\">\n\t\t\t\t\t\t\t\t\t<p><a style=\"color: #000000;\" href=\"https:\/\/fundaciotallers.org\/ca\/portal-transparencia\/\" rel=\"noopener\">Portal de Transpar\u00e8ncia \u2192<\/a><\/p>\t\t\t\t\t\t\t\t<\/div>\n\t\t\t\t<\/div>\n\t\t\t\t\t<\/div>\n\t\t<\/div>\n\t\t\t\t\t<\/div>\n\t\t<\/section>\n\t\t\t\t<section class=\"elementor-section elementor-top-section elementor-element elementor-element-1b5e0472 elementor-hidden-mobile elementor-section-boxed elementor-section-height-default elementor-section-height-default\" data-id=\"1b5e0472\" data-element_type=\"section\" data-e-type=\"section\" data-settings=\"{&quot;background_background&quot;:&quot;classic&quot;}\">\n\t\t\t\t\t\t<div class=\"elementor-container elementor-column-gap-narrow\">\n\t\t\t\t\t<div class=\"elementor-column elementor-col-33 elementor-top-column elementor-element elementor-element-6242a18d\" data-id=\"6242a18d\" data-element_type=\"column\" data-e-type=\"column\">\n\t\t\t<div class=\"elementor-widget-wrap elementor-element-populated\">\n\t\t\t\t\t\t<div class=\"elementor-element elementor-element-21d66007 elementor-widget elementor-widget-text-editor\" data-id=\"21d66007\" data-element_type=\"widget\" data-e-type=\"widget\" data-widget_type=\"text-editor.default\">\n\t\t\t\t<div class=\"elementor-widget-container\">\n\t\t\t\t\t\t\t\t\t<p><strong>Fundaci\u00f3 Tallers | Inclusi\u00f3 Laboral<br \/><\/strong>Entitat de Pere Caver Grup<br \/>Tel. 93 392 23 11<br \/><span style=\"text-decoration: underline;\"><a style=\"color: #ffffff; text-decoration: underline;\" href=\"&#x6d;&#97;i&#x6c;&#116;&#111;&#x3a;&#x69;&#110;f&#x6f;&#64;f&#x75;&#x6e;&#100;a&#x63;&#105;o&#x74;&#x61;&#108;l&#x65;&#114;s&#x2e;&#x6f;&#114;g\">&#x69;&#110;&#102;o&#x40;&#x66;&#117;n&#x64;&#x61;&#99;i&#x6f;&#x74;&#97;l&#x6c;&#x65;&#114;s&#x2e;&#x6f;&#114;g<\/a><\/span><\/p>\t\t\t\t\t\t\t\t<\/div>\n\t\t\t\t<\/div>\n\t\t\t\t\t<\/div>\n\t\t<\/div>\n\t\t\t\t<div class=\"elementor-column elementor-col-33 elementor-top-column elementor-element elementor-element-7a34088c\" data-id=\"7a34088c\" data-element_type=\"column\" data-e-type=\"column\">\n\t\t\t<div class=\"elementor-widget-wrap elementor-element-populated\">\n\t\t\t\t\t\t<div class=\"elementor-element elementor-element-3e7c4755 elementor-widget elementor-widget-text-editor\" data-id=\"3e7c4755\" data-element_type=\"widget\" data-e-type=\"widget\" data-widget_type=\"text-editor.default\">\n\t\t\t\t<div class=\"elementor-widget-container\">\n\t\t\t\t\t\t\t\t\t<p><strong>Treballa amb nosaltres<\/strong><br \/>Vols formar part del nostre equip i comparteixes la nostra missi\u00f3, visi\u00f3 i valors? <span style=\"text-decoration: underline;\"><a style=\"color: #ffffff; text-decoration: underline;\" href=\"https:\/\/fundaciotallers.org\/ca\/treballa-amb-nosaltres\/\" rel=\"noopener\">Veure m\u00e9s<\/a><\/span><\/p>\t\t\t\t\t\t\t\t<\/div>\n\t\t\t\t<\/div>\n\t\t\t\t\t<\/div>\n\t\t<\/div>\n\t\t\t\t<div class=\"elementor-column elementor-col-33 elementor-top-column elementor-element elementor-element-7649722d\" data-id=\"7649722d\" data-element_type=\"column\" data-e-type=\"column\">\n\t\t\t<div class=\"elementor-widget-wrap elementor-element-populated\">\n\t\t\t\t\t\t<div class=\"elementor-element elementor-element-30ed0cf2 elementor-widget elementor-widget-text-editor\" data-id=\"30ed0cf2\" data-element_type=\"widget\" data-e-type=\"widget\" data-widget_type=\"text-editor.default\">\n\t\t\t\t<div class=\"elementor-widget-container\">\n\t\t\t\t\t\t\t\t\t<p><strong>Segueix-nos a les xarxes<\/strong><\/p>\t\t\t\t\t\t\t\t<\/div>\n\t\t\t\t<\/div>\n\t\t\t\t<section class=\"elementor-section elementor-inner-section elementor-element elementor-element-e8ba75e elementor-section-boxed elementor-section-height-default elementor-section-height-default\" data-id=\"e8ba75e\" data-element_type=\"section\" data-e-type=\"section\">\n\t\t\t\t\t\t<div class=\"elementor-container elementor-column-gap-default\">\n\t\t\t\t\t<div class=\"elementor-column elementor-col-50 elementor-inner-column elementor-element elementor-element-cd781b4\" data-id=\"cd781b4\" data-element_type=\"column\" data-e-type=\"column\">\n\t\t\t<div class=\"elementor-widget-wrap elementor-element-populated\">\n\t\t\t\t\t\t<div class=\"elementor-element elementor-element-32f4ac5 elementor-view-default elementor-widget elementor-widget-icon\" data-id=\"32f4ac5\" data-element_type=\"widget\" data-e-type=\"widget\" data-widget_type=\"icon.default\">\n\t\t\t\t<div class=\"elementor-widget-container\">\n\t\t\t\t\t\t\t<div class=\"elementor-icon-wrapper\">\n\t\t\t<a class=\"elementor-icon\" href=\"https:\/\/www.instagram.com\/fundaciotallers\/\" target=\"_blank\">\n\t\t\t<i aria-hidden=\"true\" class=\"fab fa-instagram\"><\/i>\t\t\t<\/a>\n\t\t<\/div>\n\t\t\t\t\t\t<\/div>\n\t\t\t\t<\/div>\n\t\t\t\t\t<\/div>\n\t\t<\/div>\n\t\t\t\t<div class=\"elementor-column elementor-col-50 elementor-inner-column elementor-element elementor-element-2b22888\" data-id=\"2b22888\" data-element_type=\"column\" data-e-type=\"column\">\n\t\t\t<div class=\"elementor-widget-wrap elementor-element-populated\">\n\t\t\t\t\t\t<div class=\"elementor-element elementor-element-c166f05 elementor-view-default elementor-widget elementor-widget-icon\" data-id=\"c166f05\" data-element_type=\"widget\" data-e-type=\"widget\" data-widget_type=\"icon.default\">\n\t\t\t\t<div class=\"elementor-widget-container\">\n\t\t\t\t\t\t\t<div class=\"elementor-icon-wrapper\">\n\t\t\t<a class=\"elementor-icon\" href=\"https:\/\/www.linkedin.com\/company\/fundacio-tallers\/\" target=\"_blank\">\n\t\t\t<i aria-hidden=\"true\" class=\"fab fa-linkedin-in\"><\/i>\t\t\t<\/a>\n\t\t<\/div>\n\t\t\t\t\t\t<\/div>\n\t\t\t\t<\/div>\n\t\t\t\t\t<\/div>\n\t\t<\/div>\n\t\t\t\t\t<\/div>\n\t\t<\/section>\n\t\t\t\t\t<\/div>\n\t\t<\/div>\n\t\t\t\t\t<\/div>\n\t\t<\/section>\n\t\t\t\t<section class=\"elementor-section elementor-top-section elementor-element elementor-element-40511dc elementor-hidden-mobile elementor-section-boxed elementor-section-height-default elementor-section-height-default\" data-id=\"40511dc\" data-element_type=\"section\" data-e-type=\"section\" data-settings=\"{&quot;background_background&quot;:&quot;classic&quot;}\">\n\t\t\t\t\t\t<div class=\"elementor-container elementor-column-gap-default\">\n\t\t\t\t\t<div class=\"elementor-column elementor-col-100 elementor-top-column elementor-element elementor-element-7ccb07ab\" data-id=\"7ccb07ab\" data-element_type=\"column\" data-e-type=\"column\">\n\t\t\t<div class=\"elementor-widget-wrap elementor-element-populated\">\n\t\t\t\t\t\t<div class=\"elementor-element elementor-element-41b20b4a elementor-widget-divider--view-line elementor-widget elementor-widget-divider\" data-id=\"41b20b4a\" data-element_type=\"widget\" data-e-type=\"widget\" data-widget_type=\"divider.default\">\n\t\t\t\t<div class=\"elementor-widget-container\">\n\t\t\t\t\t\t\t<div class=\"elementor-divider\">\n\t\t\t<span class=\"elementor-divider-separator\">\n\t\t\t\t\t\t<\/span>\n\t\t<\/div>\n\t\t\t\t\t\t<\/div>\n\t\t\t\t<\/div>\n\t\t\t\t<div class=\"elementor-element elementor-element-1b60de33 elementor-widget elementor-widget-text-editor\" data-id=\"1b60de33\" data-element_type=\"widget\" data-e-type=\"widget\" data-widget_type=\"text-editor.default\">\n\t\t\t\t<div class=\"elementor-widget-container\">\n\t\t\t\t\t\t\t\t\t<p>\u00a9 2025. <a style=\"color: #fff;\" href=\"https:\/\/fundaciotallers.org\/ca\/politica-privacitat\/\" target=\"_parent\" rel=\"noopener\">Pol\u00edtica de privacitat<\/a>\u00a0|\u00a0<a style=\"color: #fff;\" href=\"https:\/\/fundaciotallers.org\/ca\/politica-de-cookies\/\" target=\"_parent\" rel=\"noopener\">Pol\u00edtica de Cookies<\/a>\u00a0|\u00a0<a style=\"color: #fff;\" href=\"https:\/\/fundaciotallers.org\/ca\/avis-legal\/\" target=\"_parent\" rel=\"noopener\">Av\u00eds Legal<\/a>\u00a0|\u00a0<a style=\"color: #fff;\" href=\"https:\/\/fundaciotallers.org\/ca\/canal-de-denuncia\/\" target=\"_parent\" rel=\"noopener\">Canal den\u00fancia<\/a>\u00a0|\u00a0<a style=\"color: #fff;\" href=\"http:\/\/intranet.fhspereclaver.org\/Adm.php?Mc=1\" target=\"_blank\" rel=\"noopener\">Intranet<\/a><\/p>\t\t\t\t\t\t\t\t<\/div>\n\t\t\t\t<\/div>\n\t\t\t\t\t<\/div>\n\t\t<\/div>\n\t\t\t\t\t<\/div>\n\t\t<\/section>\n\t\t\t\t<section class=\"elementor-section elementor-top-section elementor-element elementor-element-3c08b3a elementor-hidden-desktop elementor-hidden-tablet elementor-section-boxed elementor-section-height-default elementor-section-height-default\" data-id=\"3c08b3a\" data-element_type=\"section\" data-e-type=\"section\" data-settings=\"{&quot;background_background&quot;:&quot;classic&quot;}\">\n\t\t\t\t\t\t<div class=\"elementor-container elementor-column-gap-default\">\n\t\t\t\t\t<div class=\"elementor-column elementor-col-100 elementor-top-column elementor-element elementor-element-abae429\" data-id=\"abae429\" data-element_type=\"column\" data-e-type=\"column\">\n\t\t\t<div class=\"elementor-widget-wrap elementor-element-populated\">\n\t\t\t\t\t\t<div class=\"elementor-element elementor-element-c1ac15e elementor-widget elementor-widget-text-editor\" data-id=\"c1ac15e\" data-element_type=\"widget\" data-e-type=\"widget\" data-widget_type=\"text-editor.default\">\n\t\t\t\t<div class=\"elementor-widget-container\">\n\t\t\t\t\t\t\t\t\t<p><strong>Fundaci\u00f3 Tallers | Inclusi\u00f3 Laboral<br \/><\/strong>Entitat de Pere Caver Grup<br \/>Tel. 93 392 23 11<br \/><span style=\"text-decoration: underline;\"><a style=\"color: #ffffff; text-decoration: underline;\" href=\"m&#97;&#105;&#x6c;&#x74;&#x6f;:i&#110;&#102;&#x6f;&#x40;&#x66;u&#110;&#100;&#97;&#x63;&#x69;&#x6f;t&#97;&#108;&#x6c;&#x65;&#x72;s&#46;&#111;&#114;&#x67;\">&#x69;&#110;&#x66;&#111;&#64;&#x66;&#117;n&#x64;&#97;&#x63;&#x69;o&#x74;&#97;l&#x6c;&#101;&#x72;&#x73;&#46;&#x6f;&#114;g<\/a><\/span><\/p>\t\t\t\t\t\t\t\t<\/div>\n\t\t\t\t<\/div>\n\t\t\t\t<div class=\"elementor-element elementor-element-1ebba66 elementor-widget elementor-widget-text-editor\" data-id=\"1ebba66\" data-element_type=\"widget\" data-e-type=\"widget\" data-widget_type=\"text-editor.default\">\n\t\t\t\t<div class=\"elementor-widget-container\">\n\t\t\t\t\t\t\t\t\t<p><strong>Treballa amb nosaltres<\/strong><br \/>Vols formar part del nostre equip i comparteixes<br \/>la nostra missi\u00f3, visi\u00f3 i valors? <span style=\"text-decoration: underline;\"><a style=\"color: #ffffff; text-decoration: underline;\" href=\"https:\/\/www.santpereclaver.org\/treballa-amb-nosaltres\/\" target=\"_blank\" rel=\"noopener\">Veure m\u00e9s<\/a><\/span><\/p>\t\t\t\t\t\t\t\t<\/div>\n\t\t\t\t<\/div>\n\t\t\t\t<div class=\"elementor-element elementor-element-b40b64c elementor-widget elementor-widget-text-editor\" data-id=\"b40b64c\" data-element_type=\"widget\" data-e-type=\"widget\" data-widget_type=\"text-editor.default\">\n\t\t\t\t<div class=\"elementor-widget-container\">\n\t\t\t\t\t\t\t\t\t<p><strong>Segueix-nos a les xarxes<\/strong><\/p>\t\t\t\t\t\t\t\t<\/div>\n\t\t\t\t<\/div>\n\t\t\t\t<section class=\"elementor-section elementor-inner-section elementor-element elementor-element-62a2fce elementor-section-boxed elementor-section-height-default elementor-section-height-default\" data-id=\"62a2fce\" data-element_type=\"section\" data-e-type=\"section\">\n\t\t\t\t\t\t<div class=\"elementor-container elementor-column-gap-default\">\n\t\t\t\t\t<div class=\"elementor-column elementor-col-50 elementor-inner-column elementor-element elementor-element-d218c11\" data-id=\"d218c11\" data-element_type=\"column\" data-e-type=\"column\">\n\t\t\t<div class=\"elementor-widget-wrap elementor-element-populated\">\n\t\t\t\t\t\t<div class=\"elementor-element elementor-element-c3ecb0c elementor-view-default elementor-widget elementor-widget-icon\" data-id=\"c3ecb0c\" data-element_type=\"widget\" data-e-type=\"widget\" data-widget_type=\"icon.default\">\n\t\t\t\t<div class=\"elementor-widget-container\">\n\t\t\t\t\t\t\t<div class=\"elementor-icon-wrapper\">\n\t\t\t<a class=\"elementor-icon\" href=\"https:\/\/www.instagram.com\/fundaciotallers\/\" target=\"_blank\">\n\t\t\t<i aria-hidden=\"true\" class=\"fab fa-instagram\"><\/i>\t\t\t<\/a>\n\t\t<\/div>\n\t\t\t\t\t\t<\/div>\n\t\t\t\t<\/div>\n\t\t\t\t<div class=\"elementor-element elementor-element-6064f6e elementor-view-default elementor-widget elementor-widget-icon\" data-id=\"6064f6e\" data-element_type=\"widget\" data-e-type=\"widget\" data-widget_type=\"icon.default\">\n\t\t\t\t<div class=\"elementor-widget-container\">\n\t\t\t\t\t\t\t<div class=\"elementor-icon-wrapper\">\n\t\t\t<a class=\"elementor-icon\" href=\"https:\/\/www.linkedin.com\/company\/fundacio-tallers\/\" target=\"_blank\">\n\t\t\t<i aria-hidden=\"true\" class=\"fab fa-linkedin-in\"><\/i>\t\t\t<\/a>\n\t\t<\/div>\n\t\t\t\t\t\t<\/div>\n\t\t\t\t<\/div>\n\t\t\t\t\t<\/div>\n\t\t<\/div>\n\t\t\t\t<div class=\"elementor-column elementor-col-50 elementor-inner-column elementor-element elementor-element-63df5d0\" data-id=\"63df5d0\" data-element_type=\"column\" data-e-type=\"column\">\n\t\t\t<div class=\"elementor-widget-wrap\">\n\t\t\t\t\t\t\t<\/div>\n\t\t<\/div>\n\t\t\t\t\t<\/div>\n\t\t<\/section>\n\t\t\t\t<div class=\"elementor-element elementor-element-f3ccbdf elementor-widget-divider--view-line elementor-widget elementor-widget-divider\" data-id=\"f3ccbdf\" data-element_type=\"widget\" data-e-type=\"widget\" data-widget_type=\"divider.default\">\n\t\t\t\t<div class=\"elementor-widget-container\">\n\t\t\t\t\t\t\t<div class=\"elementor-divider\">\n\t\t\t<span class=\"elementor-divider-separator\">\n\t\t\t\t\t\t<\/span>\n\t\t<\/div>\n\t\t\t\t\t\t<\/div>\n\t\t\t\t<\/div>\n\t\t\t\t<div class=\"elementor-element elementor-element-8786153 elementor-widget elementor-widget-text-editor\" data-id=\"8786153\" data-element_type=\"widget\" data-e-type=\"widget\" data-widget_type=\"text-editor.default\">\n\t\t\t\t<div class=\"elementor-widget-container\">\n\t\t\t\t\t\t\t\t\t<p>\u00a9 2025. <a style=\"color: #fff;\" href=\"https:\/\/fundaciotallers.org\/ca\/politica-privacitat\/\" target=\"_parent\" rel=\"noopener\">Pol\u00edtica de privacitat<\/a>\u00a0|\u00a0<a style=\"color: #fff;\" href=\"https:\/\/fundaciotallers.org\/ca\/politica-de-cookies\/\" target=\"_parent\" rel=\"noopener\">Pol\u00edtica de Cookies<\/a>\u00a0|\u00a0<a style=\"color: #fff;\" href=\"https:\/\/fundaciotallers.org\/ca\/avis-legal\/\" target=\"_parent\" rel=\"noopener\">Av\u00eds Legal<\/a>\u00a0|\u00a0<a style=\"color: #fff;\" href=\"https:\/\/fundaciotallers.org\/ca\/canal-de-denuncia\/\" target=\"_parent\" rel=\"noopener\">Canal den\u00fancia<\/a>\u00a0|\u00a0<a style=\"color: #fff;\" href=\"http:\/\/intranet.fhspereclaver.org\/Adm.php?Mc=1\" target=\"_blank\" rel=\"noopener\">Intranet<\/a><\/p>\t\t\t\t\t\t\t\t<\/div>\n\t\t\t\t<\/div>\n\t\t\t\t\t<\/div>\n\t\t<\/div>\n\t\t\t\t\t<\/div>\n\t\t<\/section>\n\t\t\t\t<\/div>\n\t\t","protected":false},"excerpt":{"rendered":"<p>Instagram Linkedin Catal\u00e0\u00a0 \u00a0|\u00a0 \u00a0Castell\u00e0 Qui som Coneix-nos Hist\u00f2ria Patronat i Comit\u00e8 de Direcci\u00f3 Equip de Coordinaci\u00f3 i Serveis de&hellip;<\/p>\n","protected":false},"author":7,"featured_media":0,"parent":0,"menu_order":0,"comment_status":"closed","ping_status":"closed","template":"elementor_header_footer","meta":{"footnotes":""},"class_list":["post-45686","page","type-page","status-publish","hentry"],"_links":{"self":[{"href":"https:\/\/fundaciotallers.org\/ca\/wp-json\/wp\/v2\/pages\/45686","targetHints":{"allow":["GET"]}}],"collection":[{"href":"https:\/\/fundaciotallers.org\/ca\/wp-json\/wp\/v2\/pages"}],"about":[{"href":"https:\/\/fundaciotallers.org\/ca\/wp-json\/wp\/v2\/types\/page"}],"author":[{"embeddable":true,"href":"https:\/\/fundaciotallers.org\/ca\/wp-json\/wp\/v2\/users\/7"}],"replies":[{"embeddable":true,"href":"https:\/\/fundaciotallers.org\/ca\/wp-json\/wp\/v2\/comments?post=45686"}],"version-history":[{"count":16,"href":"https:\/\/fundaciotallers.org\/ca\/wp-json\/wp\/v2\/pages\/45686\/revisions"}],"predecessor-version":[{"id":48547,"href":"https:\/\/fundaciotallers.org\/ca\/wp-json\/wp\/v2\/pages\/45686\/revisions\/48547"}],"wp:attachment":[{"href":"https:\/\/fundaciotallers.org\/ca\/wp-json\/wp\/v2\/media?parent=45686"}],"curies":[{"name":"wp","href":"https:\/\/api.w.org\/{rel}","templated":true}]}}