{"id":45676,"date":"2025-08-03T17:50:12","date_gmt":"2025-08-03T15:50:12","guid":{"rendered":"https:\/\/fundaciotallers.org\/?page_id=45676"},"modified":"2025-11-21T00:32:15","modified_gmt":"2025-11-20T23:32:15","slug":"canal-denuncia","status":"publish","type":"page","link":"https:\/\/fundaciotallers.org\/ca\/canal-denuncia\/","title":{"rendered":"Canal de den\u00fancia"},"content":{"rendered":"\t\t<div data-elementor-type=\"wp-page\" data-elementor-id=\"45676\" class=\"elementor elementor-45676\">\n\t\t\t\t\t\t<section class=\"elementor-section elementor-top-section elementor-element elementor-element-80c57a6 elementor-hidden-mobile elementor-section-boxed elementor-section-height-default elementor-section-height-default\" data-id=\"80c57a6\" data-element_type=\"section\" data-e-type=\"section\" data-settings=\"{&quot;background_background&quot;:&quot;classic&quot;}\">\n\t\t\t\t\t\t<div class=\"elementor-container elementor-column-gap-narrow\">\n\t\t\t\t\t<div class=\"elementor-column elementor-col-25 elementor-top-column elementor-element elementor-element-bf372a8\" data-id=\"bf372a8\" data-element_type=\"column\" data-e-type=\"column\">\n\t\t\t<div class=\"elementor-widget-wrap elementor-element-populated\">\n\t\t\t\t\t\t<div class=\"elementor-element elementor-element-760a329 elementor-widget elementor-widget-image\" data-id=\"760a329\" data-element_type=\"widget\" data-e-type=\"widget\" data-widget_type=\"image.default\">\n\t\t\t\t<div class=\"elementor-widget-container\">\n\t\t\t\t\t\t\t\t\t\t\t\t\t\t\t\t<a href=\"https:\/\/fundaciotallers.org\/ca\/\">\n\t\t\t\t\t\t\t<img fetchpriority=\"high\" decoding=\"async\" width=\"1024\" height=\"313\" src=\"https:\/\/fundaciotallers.org\/wp-content\/uploads\/2025\/07\/fundacio-tallers-inclusio-laboral-1024x313.png\" class=\"attachment-large size-large wp-image-44006\" alt=\"\" srcset=\"https:\/\/fundaciotallers.org\/wp-content\/uploads\/2025\/07\/fundacio-tallers-inclusio-laboral-1024x313.png 1024w, https:\/\/fundaciotallers.org\/wp-content\/uploads\/2025\/07\/fundacio-tallers-inclusio-laboral-300x92.png 300w, https:\/\/fundaciotallers.org\/wp-content\/uploads\/2025\/07\/fundacio-tallers-inclusio-laboral-768x234.png 768w, https:\/\/fundaciotallers.org\/wp-content\/uploads\/2025\/07\/fundacio-tallers-inclusio-laboral-1536x469.png 1536w, https:\/\/fundaciotallers.org\/wp-content\/uploads\/2025\/07\/fundacio-tallers-inclusio-laboral.png 1890w\" sizes=\"(max-width: 1024px) 100vw, 1024px\" \/>\t\t\t\t\t\t\t\t<\/a>\n\t\t\t\t\t\t\t\t\t\t\t\t\t\t\t<\/div>\n\t\t\t\t<\/div>\n\t\t\t\t\t<\/div>\n\t\t<\/div>\n\t\t\t\t<div class=\"elementor-column elementor-col-25 elementor-top-column elementor-element elementor-element-2b952fc\" data-id=\"2b952fc\" data-element_type=\"column\" data-e-type=\"column\">\n\t\t\t<div class=\"elementor-widget-wrap\">\n\t\t\t\t\t\t\t<\/div>\n\t\t<\/div>\n\t\t\t\t<div class=\"elementor-column elementor-col-25 elementor-top-column elementor-element elementor-element-6d4a9c6\" data-id=\"6d4a9c6\" data-element_type=\"column\" data-e-type=\"column\">\n\t\t\t<div class=\"elementor-widget-wrap elementor-element-populated\">\n\t\t\t\t\t\t<div class=\"elementor-element elementor-element-b4f98be elementor-shape-circle e-grid-align-right elementor-grid-0 elementor-widget elementor-widget-social-icons\" data-id=\"b4f98be\" data-element_type=\"widget\" data-e-type=\"widget\" data-widget_type=\"social-icons.default\">\n\t\t\t\t<div class=\"elementor-widget-container\">\n\t\t\t\t\t\t\t<div class=\"elementor-social-icons-wrapper elementor-grid\" role=\"list\">\n\t\t\t\t\t\t\t<span class=\"elementor-grid-item\" role=\"listitem\">\n\t\t\t\t\t<a class=\"elementor-icon elementor-social-icon elementor-social-icon-instagram elementor-repeater-item-1e3f81b\" target=\"_blank\">\n\t\t\t\t\t\t<span class=\"elementor-screen-only\">Instagram<\/span>\n\t\t\t\t\t\t<i aria-hidden=\"true\" class=\"fab fa-instagram\"><\/i>\t\t\t\t\t<\/a>\n\t\t\t\t<\/span>\n\t\t\t\t\t\t\t<span class=\"elementor-grid-item\" role=\"listitem\">\n\t\t\t\t\t<a class=\"elementor-icon elementor-social-icon elementor-social-icon-linkedin elementor-repeater-item-980f104\" target=\"_blank\">\n\t\t\t\t\t\t<span class=\"elementor-screen-only\">Linkedin<\/span>\n\t\t\t\t\t\t<i aria-hidden=\"true\" class=\"fab fa-linkedin\"><\/i>\t\t\t\t\t<\/a>\n\t\t\t\t<\/span>\n\t\t\t\t\t<\/div>\n\t\t\t\t\t\t<\/div>\n\t\t\t\t<\/div>\n\t\t\t\t\t<\/div>\n\t\t<\/div>\n\t\t\t\t<div class=\"elementor-column elementor-col-25 elementor-top-column elementor-element elementor-element-90fee29\" data-id=\"90fee29\" data-element_type=\"column\" data-e-type=\"column\">\n\t\t\t<div class=\"elementor-widget-wrap elementor-element-populated\">\n\t\t\t\t\t\t<div class=\"elementor-element elementor-element-e4cfb18 elementor-widget elementor-widget-text-editor\" data-id=\"e4cfb18\" data-element_type=\"widget\" data-e-type=\"widget\" data-widget_type=\"text-editor.default\">\n\t\t\t\t<div class=\"elementor-widget-container\">\n\t\t\t\t\t\t\t\t\t<a href=\"https:\/\/fundaciotallers.org\/ca\/\">Catal\u00e0\u00a0<\/a> \u00a0|\u00a0 \u00a0<a href=\"https:\/\/fundaciotallers.org\/es\/\">Castell\u00e0<\/a>\t\t\t\t\t\t\t\t<\/div>\n\t\t\t\t<\/div>\n\t\t\t\t\t<\/div>\n\t\t<\/div>\n\t\t\t\t\t<\/div>\n\t\t<\/section>\n\t\t\t\t<section class=\"elementor-section elementor-top-section elementor-element elementor-element-e80f809 elementor-hidden-desktop elementor-hidden-tablet elementor-hidden-mobile elementor-section-boxed elementor-section-height-default elementor-section-height-default\" data-id=\"e80f809\" data-element_type=\"section\" data-e-type=\"section\">\n\t\t\t\t\t\t<div class=\"elementor-container elementor-column-gap-narrow\">\n\t\t\t\t\t<div class=\"elementor-column elementor-col-50 elementor-top-column elementor-element elementor-element-0dcbfa5\" data-id=\"0dcbfa5\" data-element_type=\"column\" data-e-type=\"column\">\n\t\t\t<div class=\"elementor-widget-wrap elementor-element-populated\">\n\t\t\t\t\t\t<div class=\"elementor-element elementor-element-9488a6e eael_simple_menu_hamburger_disable_selected_menu_no eael-simple-menu-hamburger-align-right eael-hamburger--tablet elementor-widget elementor-widget-eael-simple-menu\" data-id=\"9488a6e\" data-element_type=\"widget\" data-e-type=\"widget\" data-widget_type=\"eael-simple-menu.default\">\n\t\t\t\t<div class=\"elementor-widget-container\">\n\t\t\t\t\t<style>\n                        @media screen and (max-width: 1024px) {\n                            .eael-hamburger--tablet {\n                                .eael-simple-menu-horizontal,\n                                .eael-simple-menu-vertical {\n                                    display: none;\n                                }\n                            }\n                            .eael-hamburger--tablet {\n                                .eael-simple-menu-container .eael-simple-menu-toggle {\n                                    display: block;\n                                }\n                            }\n                        }\n                        .eael-simple-menu-container.eael-simple-menu--loading > ul {\n                            display: -webkit-box !important;\n                            display: -ms-flexbox !important;\n                            display: flex !important;\n                            list-style: none !important;\n                        }\n                        .eael-simple-menu-container.eael-simple-menu--loading li ul {\n                            visibility: hidden !important;\n                            opacity: 0 !important;\n                        }\n                    <\/style>            <div data-hamburger-icon=\"&lt;i aria-hidden=&quot;true&quot; class=&quot;fas fa-bars&quot;&gt;&lt;\/i&gt;\" data-indicator-icon=\"&lt;i aria-hidden=&quot;true&quot; class=&quot;fas fa-angle-down&quot;&gt;&lt;\/i&gt;\" data-dropdown-indicator-icon=\"&lt;i class=&quot;fas fa-angle-down&quot;&gt;&lt;\/i&gt;\" class=\"eael-simple-menu-container eael-simple-menu--loading eael-simple-menu-align-left eael-simple-menu-dropdown-align-left preset-1\" data-hamburger-breakpoints=\"{&quot;mobile&quot;:&quot;M\\u00f2bil vertical (&gt; 767px)&quot;,&quot;tablet&quot;:&quot;Tauleta vertical (&gt; 1024px)&quot;,&quot;desktop&quot;:&quot;Desktop (&gt; 2400px)&quot;,&quot;none&quot;:&quot;None&quot;}\" data-hamburger-device=\"tablet\">\n                <ul id=\"menu-nova-web-cat\" class=\"eael-simple-menu eael-simple-menu-dropdown-animate-to-top eael-simple-menu-indicator eael-simple-menu-horizontal\"><li id=\"menu-item-44083\" class=\"menu-item menu-item-type-custom menu-item-object-custom menu-item-has-children menu-item-44083\"><a href=\"#\">Qui som<\/a>\n<ul class=\"sub-menu\">\n\t<li id=\"menu-item-47149\" class=\"menu-item menu-item-type-post_type menu-item-object-page menu-item-47149\"><a href=\"https:\/\/fundaciotallers.org\/ca\/coneixnos\/\">Coneix-nos<\/a><\/li>\n\t<li id=\"menu-item-47102\" class=\"menu-item menu-item-type-post_type menu-item-object-page menu-item-47102\"><a href=\"https:\/\/fundaciotallers.org\/ca\/historia-2\/\">Hist\u00f2ria<\/a><\/li>\n\t<li id=\"menu-item-47666\" class=\"menu-item menu-item-type-post_type menu-item-object-page menu-item-47666\"><a href=\"https:\/\/fundaciotallers.org\/ca\/patronat-i-comite-de-direccio\/\">Patronat i Comit\u00e8 de Direcci\u00f3<\/a><\/li>\n\t<li id=\"menu-item-47665\" class=\"menu-item menu-item-type-post_type menu-item-object-page menu-item-47665\"><a href=\"https:\/\/fundaciotallers.org\/ca\/equip-coordinacio-serveis-de-suport\/\">Equip de Coordinaci\u00f3 i Serveis de Suport<\/a><\/li>\n\t<li id=\"menu-item-45928\" class=\"menu-item menu-item-type-post_type menu-item-object-page menu-item-45928\"><a href=\"https:\/\/fundaciotallers.org\/ca\/portal-transparencia\/\">Portal de Transpar\u00e8ncia<\/a><\/li>\n\t<li id=\"menu-item-45929\" class=\"menu-item menu-item-type-post_type menu-item-object-page menu-item-45929\"><a href=\"https:\/\/fundaciotallers.org\/ca\/portal-transparencia\/memoria\/\">Mem\u00f2ries<\/a><\/li>\n\t<li id=\"menu-item-46143\" class=\"menu-item menu-item-type-post_type menu-item-object-page menu-item-46143\"><a href=\"https:\/\/fundaciotallers.org\/ca\/politica-de-qualitat-i-medi-ambient\/\">Pol\u00edtica de qualitat i medi ambient<\/a><\/li>\n\t<li id=\"menu-item-46144\" class=\"menu-item menu-item-type-post_type menu-item-object-page menu-item-46144\"><a href=\"https:\/\/fundaciotallers.org\/ca\/colaboradors\/\">Col\u00b7laboradors<\/a><\/li>\n<\/ul>\n<\/li>\n<li id=\"menu-item-45972\" class=\"menu-item menu-item-type-post_type menu-item-object-page menu-item-has-children menu-item-45972\"><a href=\"https:\/\/fundaciotallers.org\/ca\/serveis-per-a-les-persones\/\">A les persones<\/a>\n<ul class=\"sub-menu\">\n\t<li id=\"menu-item-44953\" class=\"menu-item menu-item-type-post_type menu-item-object-page menu-item-44953\"><a href=\"https:\/\/fundaciotallers.org\/ca\/servei-de-formacio-ocupacional\/\">Formaci\u00f3 ocupacional<\/a><\/li>\n\t<li id=\"menu-item-45205\" class=\"menu-item menu-item-type-post_type menu-item-object-page menu-item-45205\"><a href=\"https:\/\/fundaciotallers.org\/ca\/servei-dinsercio-laboral-sil\/\">Servei d\u2019Inserci\u00f3 Laboral (SIL)<\/a><\/li>\n\t<li id=\"menu-item-46286\" class=\"menu-item menu-item-type-post_type menu-item-object-page menu-item-46286\"><a href=\"https:\/\/fundaciotallers.org\/ca\/centre-especial-de-treball\/\">Centre Especial de Treball<\/a><\/li>\n\t<li id=\"menu-item-45968\" class=\"menu-item menu-item-type-post_type menu-item-object-page menu-item-45968\"><a href=\"https:\/\/fundaciotallers.org\/ca\/equip-multidiciplinari-suport\/\">Equip Multidisciplinari de Suport (EMS)<\/a><\/li>\n\t<li id=\"menu-item-46639\" class=\"menu-item menu-item-type-post_type menu-item-object-page menu-item-46639\"><a href=\"https:\/\/fundaciotallers.org\/ca\/empresa-insercio\/\">Empresa d\u2019inserci\u00f3<\/a><\/li>\n<\/ul>\n<\/li>\n<li id=\"menu-item-45971\" class=\"menu-item menu-item-type-post_type menu-item-object-page menu-item-has-children menu-item-45971\"><a href=\"https:\/\/fundaciotallers.org\/ca\/serveis-per-a-les-empreses\/\">A les empreses<\/a>\n<ul class=\"sub-menu\">\n\t<li id=\"menu-item-46679\" class=\"menu-item menu-item-type-post_type menu-item-object-page menu-item-46679\"><a href=\"https:\/\/fundaciotallers.org\/ca\/compliment-llei-discapacitat\/\">Compliment Llei Discapacitat<\/a><\/li>\n\t<li id=\"menu-item-45269\" class=\"menu-item menu-item-type-post_type menu-item-object-page menu-item-45269\"><a href=\"https:\/\/fundaciotallers.org\/ca\/jardineria\/\">Jardineria<\/a><\/li>\n\t<li id=\"menu-item-46710\" class=\"menu-item menu-item-type-post_type menu-item-object-page menu-item-46710\"><a href=\"https:\/\/fundaciotallers.org\/ca\/serveis-de-neteja\/\">Neteja<\/a><\/li>\n\t<li id=\"menu-item-46656\" class=\"menu-item menu-item-type-post_type menu-item-object-page menu-item-46656\"><a href=\"https:\/\/fundaciotallers.org\/ca\/manipulats-logistica-industrial\/\">Manipulats, log\u00edstica industrial i serveis t\u00e8xtils<\/a><\/li>\n\t<li id=\"menu-item-46928\" class=\"menu-item menu-item-type-post_type menu-item-object-page menu-item-46928\"><a href=\"https:\/\/fundaciotallers.org\/ca\/serveis-de-tintoreria-i-bugaderia\/\">Tintoreria<\/a><\/li>\n\t<li id=\"menu-item-47035\" class=\"menu-item menu-item-type-post_type menu-item-object-page menu-item-47035\"><a href=\"https:\/\/fundaciotallers.org\/ca\/servei-de-gestio-documental\/\">Externalitzaci\u00f3 processos administratius<\/a><\/li>\n<\/ul>\n<\/li>\n<li id=\"menu-item-47042\" class=\"menu-item menu-item-type-post_type menu-item-object-page menu-item-has-children menu-item-47042\"><a href=\"https:\/\/fundaciotallers.org\/ca\/serveis-per-a-les-administracions\/\">A les administracions<\/a>\n<ul class=\"sub-menu\">\n\t<li id=\"menu-item-47283\" class=\"menu-item menu-item-type-post_type menu-item-object-page menu-item-47283\"><a href=\"https:\/\/fundaciotallers.org\/ca\/serveis-jardineria-administracions-publiques\/\">Jardineria<\/a><\/li>\n\t<li id=\"menu-item-47477\" class=\"menu-item menu-item-type-post_type menu-item-object-page menu-item-47477\"><a href=\"https:\/\/fundaciotallers.org\/ca\/neteja-interiors\/\">Neteja d\u2019interiors<\/a><\/li>\n\t<li id=\"menu-item-46503\" class=\"menu-item menu-item-type-post_type menu-item-object-page menu-item-46503\"><a href=\"https:\/\/fundaciotallers.org\/ca\/neteja-viaria\/\">Neteja Vi\u00e0ria<\/a><\/li>\n\t<li id=\"menu-item-46736\" class=\"menu-item menu-item-type-post_type menu-item-object-page menu-item-46736\"><a href=\"https:\/\/fundaciotallers.org\/ca\/gestio-deixalleries-punts-verds\/\">Gesti\u00f3 de deixalleries i punts verds<\/a><\/li>\n\t<li id=\"menu-item-46931\" class=\"menu-item menu-item-type-post_type menu-item-object-page menu-item-46931\"><a href=\"https:\/\/fundaciotallers.org\/ca\/externalitzacio-dels-procesos-administratius\/\">Gesti\u00f3 documental<\/a><\/li>\n<\/ul>\n<\/li>\n<li id=\"menu-item-45780\" class=\"menu-item menu-item-type-post_type menu-item-object-page menu-item-45780\"><a href=\"https:\/\/fundaciotallers.org\/ca\/treballa-amb-nosaltres-ofertes\/\">Treballa amb nosaltres<\/a><\/li>\n<li id=\"menu-item-45970\" class=\"menu-item menu-item-type-custom menu-item-object-custom menu-item-45970\"><a target=\"_blank\" href=\"https:\/\/www.pereclaver.org\/voluntariat\/\">Voluntariat<\/a><\/li>\n<li id=\"menu-item-45855\" class=\"menu-item menu-item-type-post_type menu-item-object-page menu-item-45855\"><a href=\"https:\/\/fundaciotallers.org\/ca\/noticies\/\">Blog<\/a><\/li>\n<li id=\"menu-item-46507\" class=\"menu-item menu-item-type-post_type menu-item-object-page menu-item-46507\"><a href=\"https:\/\/fundaciotallers.org\/ca\/contacte\/\">Contacte<\/a><\/li>\n<\/ul>                <button class=\"eael-simple-menu-toggle\">\n                    <span class=\"sr-only \">Hamburger Toggle Menu<\/span>\n                    <i aria-hidden=\"true\" class=\"fas fa-bars\"><\/i>                <\/button>\n            <\/div>\n            \t\t\t\t<\/div>\n\t\t\t\t<\/div>\n\t\t\t\t\t<\/div>\n\t\t<\/div>\n\t\t\t\t<div class=\"elementor-column elementor-col-25 elementor-top-column elementor-element elementor-element-dc7f8a8\" data-id=\"dc7f8a8\" data-element_type=\"column\" data-e-type=\"column\">\n\t\t\t<div class=\"elementor-widget-wrap elementor-element-populated\">\n\t\t\t\t\t\t<div class=\"elementor-element elementor-element-4423c41 elementor-align-right elementor-widget elementor-widget-button\" data-id=\"4423c41\" data-element_type=\"widget\" data-e-type=\"widget\" data-widget_type=\"button.default\">\n\t\t\t\t<div class=\"elementor-widget-container\">\n\t\t\t\t\t\t\t\t\t<div class=\"elementor-button-wrapper\">\n\t\t\t\t\t<a class=\"elementor-button elementor-size-sm\" role=\"button\">\n\t\t\t\t\t\t<span class=\"elementor-button-content-wrapper\">\n\t\t\t\t\t\t\t\t\t<span class=\"elementor-button-text\">Col\u00b7labora<\/span>\n\t\t\t\t\t<\/span>\n\t\t\t\t\t<\/a>\n\t\t\t\t<\/div>\n\t\t\t\t\t\t\t\t<\/div>\n\t\t\t\t<\/div>\n\t\t\t\t\t<\/div>\n\t\t<\/div>\n\t\t\t\t<div class=\"elementor-column elementor-col-25 elementor-top-column elementor-element elementor-element-5787079\" data-id=\"5787079\" data-element_type=\"column\" data-e-type=\"column\">\n\t\t\t<div class=\"elementor-widget-wrap elementor-element-populated\">\n\t\t\t\t\t\t<div class=\"elementor-element elementor-element-fea2f3d elementor-align-right elementor-widget elementor-widget-button\" data-id=\"fea2f3d\" data-element_type=\"widget\" data-e-type=\"widget\" data-widget_type=\"button.default\">\n\t\t\t\t<div class=\"elementor-widget-container\">\n\t\t\t\t\t\t\t\t\t<div class=\"elementor-button-wrapper\">\n\t\t\t\t\t<a class=\"elementor-button elementor-size-sm\" role=\"button\">\n\t\t\t\t\t\t<span class=\"elementor-button-content-wrapper\">\n\t\t\t\t\t\t\t\t\t<span class=\"elementor-button-text\">Dona<\/span>\n\t\t\t\t\t<\/span>\n\t\t\t\t\t<\/a>\n\t\t\t\t<\/div>\n\t\t\t\t\t\t\t\t<\/div>\n\t\t\t\t<\/div>\n\t\t\t\t\t<\/div>\n\t\t<\/div>\n\t\t\t\t\t<\/div>\n\t\t<\/section>\n\t\t\t\t<section class=\"elementor-section elementor-top-section elementor-element elementor-element-055602b elementor-hidden-mobile elementor-section-boxed elementor-section-height-default elementor-section-height-default\" data-id=\"055602b\" data-element_type=\"section\" data-e-type=\"section\">\n\t\t\t\t\t\t<div class=\"elementor-container elementor-column-gap-narrow\">\n\t\t\t\t\t<div class=\"elementor-column elementor-col-100 elementor-top-column elementor-element elementor-element-55155ae\" data-id=\"55155ae\" data-element_type=\"column\" data-e-type=\"column\">\n\t\t\t<div class=\"elementor-widget-wrap elementor-element-populated\">\n\t\t\t\t\t\t<div class=\"elementor-element elementor-element-b1f98dc eael_simple_menu_hamburger_disable_selected_menu_no eael-simple-menu-hamburger-align-right eael-hamburger--tablet elementor-widget elementor-widget-eael-simple-menu\" data-id=\"b1f98dc\" data-element_type=\"widget\" data-e-type=\"widget\" data-widget_type=\"eael-simple-menu.default\">\n\t\t\t\t<div class=\"elementor-widget-container\">\n\t\t\t\t\t<style>\n                        @media screen and (max-width: 1024px) {\n                            .eael-hamburger--tablet {\n                                .eael-simple-menu-horizontal,\n                                .eael-simple-menu-vertical {\n                                    display: none;\n                                }\n                            }\n                            .eael-hamburger--tablet {\n                                .eael-simple-menu-container .eael-simple-menu-toggle {\n                                    display: block;\n                                }\n                            }\n                        }\n                        .eael-simple-menu-container.eael-simple-menu--loading > ul {\n                            display: -webkit-box !important;\n                            display: -ms-flexbox !important;\n                            display: flex !important;\n                            list-style: none !important;\n                        }\n                        .eael-simple-menu-container.eael-simple-menu--loading li ul {\n                            visibility: hidden !important;\n                            opacity: 0 !important;\n                        }\n                    <\/style>            <div data-hamburger-icon=\"&lt;i aria-hidden=&quot;true&quot; class=&quot;fas fa-bars&quot;&gt;&lt;\/i&gt;\" data-indicator-icon=\"&lt;i aria-hidden=&quot;true&quot; class=&quot;fas fa-angle-down&quot;&gt;&lt;\/i&gt;\" data-dropdown-indicator-icon=\"&lt;i class=&quot;fas fa-angle-down&quot;&gt;&lt;\/i&gt;\" class=\"eael-simple-menu-container eael-simple-menu--loading eael-simple-menu-align-left eael-simple-menu-dropdown-align-left preset-1\" data-hamburger-breakpoints=\"{&quot;mobile&quot;:&quot;M\\u00f2bil vertical (&gt; 767px)&quot;,&quot;tablet&quot;:&quot;Tauleta vertical (&gt; 1024px)&quot;,&quot;desktop&quot;:&quot;Desktop (&gt; 2400px)&quot;,&quot;none&quot;:&quot;None&quot;}\" data-hamburger-device=\"tablet\">\n                <ul id=\"menu-nova-web-cat-1\" class=\"eael-simple-menu eael-simple-menu-dropdown-animate-to-top eael-simple-menu-indicator eael-simple-menu-horizontal\"><li class=\"menu-item menu-item-type-custom menu-item-object-custom menu-item-has-children menu-item-44083\"><a href=\"#\">Qui som<\/a>\n<ul class=\"sub-menu\">\n\t<li class=\"menu-item menu-item-type-post_type menu-item-object-page menu-item-47149\"><a href=\"https:\/\/fundaciotallers.org\/ca\/coneixnos\/\">Coneix-nos<\/a><\/li>\n\t<li class=\"menu-item menu-item-type-post_type menu-item-object-page menu-item-47102\"><a href=\"https:\/\/fundaciotallers.org\/ca\/historia-2\/\">Hist\u00f2ria<\/a><\/li>\n\t<li class=\"menu-item menu-item-type-post_type menu-item-object-page menu-item-47666\"><a href=\"https:\/\/fundaciotallers.org\/ca\/patronat-i-comite-de-direccio\/\">Patronat i Comit\u00e8 de Direcci\u00f3<\/a><\/li>\n\t<li class=\"menu-item menu-item-type-post_type menu-item-object-page menu-item-47665\"><a href=\"https:\/\/fundaciotallers.org\/ca\/equip-coordinacio-serveis-de-suport\/\">Equip de Coordinaci\u00f3 i Serveis de Suport<\/a><\/li>\n\t<li class=\"menu-item menu-item-type-post_type menu-item-object-page menu-item-45928\"><a href=\"https:\/\/fundaciotallers.org\/ca\/portal-transparencia\/\">Portal de Transpar\u00e8ncia<\/a><\/li>\n\t<li class=\"menu-item menu-item-type-post_type menu-item-object-page menu-item-45929\"><a href=\"https:\/\/fundaciotallers.org\/ca\/portal-transparencia\/memoria\/\">Mem\u00f2ries<\/a><\/li>\n\t<li class=\"menu-item menu-item-type-post_type menu-item-object-page menu-item-46143\"><a href=\"https:\/\/fundaciotallers.org\/ca\/politica-de-qualitat-i-medi-ambient\/\">Pol\u00edtica de qualitat i medi ambient<\/a><\/li>\n\t<li class=\"menu-item menu-item-type-post_type menu-item-object-page menu-item-46144\"><a href=\"https:\/\/fundaciotallers.org\/ca\/colaboradors\/\">Col\u00b7laboradors<\/a><\/li>\n<\/ul>\n<\/li>\n<li class=\"menu-item menu-item-type-post_type menu-item-object-page menu-item-has-children menu-item-45972\"><a href=\"https:\/\/fundaciotallers.org\/ca\/serveis-per-a-les-persones\/\">A les persones<\/a>\n<ul class=\"sub-menu\">\n\t<li class=\"menu-item menu-item-type-post_type menu-item-object-page menu-item-44953\"><a href=\"https:\/\/fundaciotallers.org\/ca\/servei-de-formacio-ocupacional\/\">Formaci\u00f3 ocupacional<\/a><\/li>\n\t<li class=\"menu-item menu-item-type-post_type menu-item-object-page menu-item-45205\"><a href=\"https:\/\/fundaciotallers.org\/ca\/servei-dinsercio-laboral-sil\/\">Servei d\u2019Inserci\u00f3 Laboral (SIL)<\/a><\/li>\n\t<li class=\"menu-item menu-item-type-post_type menu-item-object-page menu-item-46286\"><a href=\"https:\/\/fundaciotallers.org\/ca\/centre-especial-de-treball\/\">Centre Especial de Treball<\/a><\/li>\n\t<li class=\"menu-item menu-item-type-post_type menu-item-object-page menu-item-45968\"><a href=\"https:\/\/fundaciotallers.org\/ca\/equip-multidiciplinari-suport\/\">Equip Multidisciplinari de Suport (EMS)<\/a><\/li>\n\t<li class=\"menu-item menu-item-type-post_type menu-item-object-page menu-item-46639\"><a href=\"https:\/\/fundaciotallers.org\/ca\/empresa-insercio\/\">Empresa d\u2019inserci\u00f3<\/a><\/li>\n<\/ul>\n<\/li>\n<li class=\"menu-item menu-item-type-post_type menu-item-object-page menu-item-has-children menu-item-45971\"><a href=\"https:\/\/fundaciotallers.org\/ca\/serveis-per-a-les-empreses\/\">A les empreses<\/a>\n<ul class=\"sub-menu\">\n\t<li class=\"menu-item menu-item-type-post_type menu-item-object-page menu-item-46679\"><a href=\"https:\/\/fundaciotallers.org\/ca\/compliment-llei-discapacitat\/\">Compliment Llei Discapacitat<\/a><\/li>\n\t<li class=\"menu-item menu-item-type-post_type menu-item-object-page menu-item-45269\"><a href=\"https:\/\/fundaciotallers.org\/ca\/jardineria\/\">Jardineria<\/a><\/li>\n\t<li class=\"menu-item menu-item-type-post_type menu-item-object-page menu-item-46710\"><a href=\"https:\/\/fundaciotallers.org\/ca\/serveis-de-neteja\/\">Neteja<\/a><\/li>\n\t<li class=\"menu-item menu-item-type-post_type menu-item-object-page menu-item-46656\"><a href=\"https:\/\/fundaciotallers.org\/ca\/manipulats-logistica-industrial\/\">Manipulats, log\u00edstica industrial i serveis t\u00e8xtils<\/a><\/li>\n\t<li class=\"menu-item menu-item-type-post_type menu-item-object-page menu-item-46928\"><a href=\"https:\/\/fundaciotallers.org\/ca\/serveis-de-tintoreria-i-bugaderia\/\">Tintoreria<\/a><\/li>\n\t<li class=\"menu-item menu-item-type-post_type menu-item-object-page menu-item-47035\"><a href=\"https:\/\/fundaciotallers.org\/ca\/servei-de-gestio-documental\/\">Externalitzaci\u00f3 processos administratius<\/a><\/li>\n<\/ul>\n<\/li>\n<li class=\"menu-item menu-item-type-post_type menu-item-object-page menu-item-has-children menu-item-47042\"><a href=\"https:\/\/fundaciotallers.org\/ca\/serveis-per-a-les-administracions\/\">A les administracions<\/a>\n<ul class=\"sub-menu\">\n\t<li class=\"menu-item menu-item-type-post_type menu-item-object-page menu-item-47283\"><a href=\"https:\/\/fundaciotallers.org\/ca\/serveis-jardineria-administracions-publiques\/\">Jardineria<\/a><\/li>\n\t<li class=\"menu-item menu-item-type-post_type menu-item-object-page menu-item-47477\"><a href=\"https:\/\/fundaciotallers.org\/ca\/neteja-interiors\/\">Neteja d\u2019interiors<\/a><\/li>\n\t<li class=\"menu-item menu-item-type-post_type menu-item-object-page menu-item-46503\"><a href=\"https:\/\/fundaciotallers.org\/ca\/neteja-viaria\/\">Neteja Vi\u00e0ria<\/a><\/li>\n\t<li class=\"menu-item menu-item-type-post_type menu-item-object-page menu-item-46736\"><a href=\"https:\/\/fundaciotallers.org\/ca\/gestio-deixalleries-punts-verds\/\">Gesti\u00f3 de deixalleries i punts verds<\/a><\/li>\n\t<li class=\"menu-item menu-item-type-post_type menu-item-object-page menu-item-46931\"><a href=\"https:\/\/fundaciotallers.org\/ca\/externalitzacio-dels-procesos-administratius\/\">Gesti\u00f3 documental<\/a><\/li>\n<\/ul>\n<\/li>\n<li class=\"menu-item menu-item-type-post_type menu-item-object-page menu-item-45780\"><a href=\"https:\/\/fundaciotallers.org\/ca\/treballa-amb-nosaltres-ofertes\/\">Treballa amb nosaltres<\/a><\/li>\n<li class=\"menu-item menu-item-type-custom menu-item-object-custom menu-item-45970\"><a target=\"_blank\" href=\"https:\/\/www.pereclaver.org\/voluntariat\/\">Voluntariat<\/a><\/li>\n<li class=\"menu-item menu-item-type-post_type menu-item-object-page menu-item-45855\"><a href=\"https:\/\/fundaciotallers.org\/ca\/noticies\/\">Blog<\/a><\/li>\n<li class=\"menu-item menu-item-type-post_type menu-item-object-page menu-item-46507\"><a href=\"https:\/\/fundaciotallers.org\/ca\/contacte\/\">Contacte<\/a><\/li>\n<\/ul>                <button class=\"eael-simple-menu-toggle\">\n                    <span class=\"sr-only \">Hamburger Toggle Menu<\/span>\n                    <i aria-hidden=\"true\" class=\"fas fa-bars\"><\/i>                <\/button>\n            <\/div>\n            \t\t\t\t<\/div>\n\t\t\t\t<\/div>\n\t\t\t\t\t<\/div>\n\t\t<\/div>\n\t\t\t\t\t<\/div>\n\t\t<\/section>\n\t\t\t\t<section class=\"elementor-section elementor-top-section elementor-element elementor-element-ec26f78 elementor-hidden-tablet elementor-hidden-desktop elementor-section-boxed elementor-section-height-default elementor-section-height-default\" data-id=\"ec26f78\" data-element_type=\"section\" data-e-type=\"section\" data-settings=\"{&quot;background_background&quot;:&quot;classic&quot;}\">\n\t\t\t\t\t\t<div class=\"elementor-container elementor-column-gap-narrow\">\n\t\t\t\t\t<div class=\"elementor-column elementor-col-100 elementor-top-column elementor-element elementor-element-c4570bb\" data-id=\"c4570bb\" data-element_type=\"column\" data-e-type=\"column\">\n\t\t\t<div class=\"elementor-widget-wrap elementor-element-populated\">\n\t\t\t\t\t\t<div class=\"elementor-element elementor-element-a560ff2 elementor-widget elementor-widget-text-editor\" data-id=\"a560ff2\" data-element_type=\"widget\" data-e-type=\"widget\" data-widget_type=\"text-editor.default\">\n\t\t\t\t<div class=\"elementor-widget-container\">\n\t\t\t\t\t\t\t\t\t<a href=\"https:\/\/fundaciotallers.org\/ca\/\">Catal\u00e0\u00a0<\/a> \u00a0|\u00a0 \u00a0<a href=\"https:\/\/fundaciotallers.org\/es\/\">Castell\u00e0<\/a>\t\t\t\t\t\t\t\t<\/div>\n\t\t\t\t<\/div>\n\t\t\t\t\t<\/div>\n\t\t<\/div>\n\t\t\t\t\t<\/div>\n\t\t<\/section>\n\t\t\t\t<section class=\"elementor-section elementor-top-section elementor-element elementor-element-cb48511 elementor-hidden-desktop elementor-hidden-tablet elementor-section-boxed elementor-section-height-default elementor-section-height-default\" data-id=\"cb48511\" data-element_type=\"section\" data-e-type=\"section\" data-settings=\"{&quot;background_background&quot;:&quot;classic&quot;}\">\n\t\t\t\t\t\t<div class=\"elementor-container elementor-column-gap-narrow\">\n\t\t\t\t\t<div class=\"elementor-column elementor-col-100 elementor-top-column elementor-element elementor-element-c3f43a9\" data-id=\"c3f43a9\" data-element_type=\"column\" data-e-type=\"column\">\n\t\t\t<div class=\"elementor-widget-wrap elementor-element-populated\">\n\t\t\t\t\t\t<div class=\"elementor-element elementor-element-3309f47 elementor-widget elementor-widget-image\" data-id=\"3309f47\" data-element_type=\"widget\" data-e-type=\"widget\" data-widget_type=\"image.default\">\n\t\t\t\t<div class=\"elementor-widget-container\">\n\t\t\t\t\t\t\t\t\t\t\t\t\t\t\t\t<a href=\"https:\/\/fundaciotallers.org\/ca\/\">\n\t\t\t\t\t\t\t<img fetchpriority=\"high\" decoding=\"async\" width=\"1024\" height=\"313\" src=\"https:\/\/fundaciotallers.org\/wp-content\/uploads\/2025\/07\/fundacio-tallers-inclusio-laboral-1024x313.png\" class=\"attachment-large size-large wp-image-44006\" alt=\"\" srcset=\"https:\/\/fundaciotallers.org\/wp-content\/uploads\/2025\/07\/fundacio-tallers-inclusio-laboral-1024x313.png 1024w, https:\/\/fundaciotallers.org\/wp-content\/uploads\/2025\/07\/fundacio-tallers-inclusio-laboral-300x92.png 300w, https:\/\/fundaciotallers.org\/wp-content\/uploads\/2025\/07\/fundacio-tallers-inclusio-laboral-768x234.png 768w, https:\/\/fundaciotallers.org\/wp-content\/uploads\/2025\/07\/fundacio-tallers-inclusio-laboral-1536x469.png 1536w, https:\/\/fundaciotallers.org\/wp-content\/uploads\/2025\/07\/fundacio-tallers-inclusio-laboral.png 1890w\" sizes=\"(max-width: 1024px) 100vw, 1024px\" \/>\t\t\t\t\t\t\t\t<\/a>\n\t\t\t\t\t\t\t\t\t\t\t\t\t\t\t<\/div>\n\t\t\t\t<\/div>\n\t\t\t\t<div class=\"elementor-element elementor-element-e9861bf eael-simple-menu-hamburger-align-center eael_simple_menu_hamburger_disable_selected_menu_hide eael-hamburger--tablet elementor-widget elementor-widget-eael-simple-menu\" data-id=\"e9861bf\" data-element_type=\"widget\" data-e-type=\"widget\" data-widget_type=\"eael-simple-menu.default\">\n\t\t\t\t<div class=\"elementor-widget-container\">\n\t\t\t\t\t<style>\n                        @media screen and (max-width: 1024px) {\n                            .eael-hamburger--tablet {\n                                .eael-simple-menu-horizontal,\n                                .eael-simple-menu-vertical {\n                                    display: none;\n                                }\n                            }\n                            .eael-hamburger--tablet {\n                                .eael-simple-menu-container .eael-simple-menu-toggle {\n                                    display: block;\n                                }\n                            }\n                        }\n                        .eael-simple-menu-container.eael-simple-menu--loading > ul {\n                            display: -webkit-box !important;\n                            display: -ms-flexbox !important;\n                            display: flex !important;\n                            list-style: none !important;\n                        }\n                        .eael-simple-menu-container.eael-simple-menu--loading li ul {\n                            visibility: hidden !important;\n                            opacity: 0 !important;\n                        }\n                    <\/style>            <div data-hamburger-icon=\"&lt;i aria-hidden=&quot;true&quot; class=&quot;fas fa-bars&quot;&gt;&lt;\/i&gt;\" data-indicator-icon=\"&lt;svg xmlns=&quot;http:\/\/www.w3.org\/2000\/svg&quot; xmlns:xlink=&quot;http:\/\/www.w3.org\/1999\/xlink&quot; id=&quot;Capa_1&quot; x=&quot;0px&quot; y=&quot;0px&quot; width=&quot;451.847px&quot; height=&quot;451.847px&quot; viewBox=&quot;0 0 451.847 451.847&quot; style=&quot;enable-background:new 0 0 451.847 451.847;&quot; xml:space=&quot;preserve&quot;&gt;&lt;g&gt;\t&lt;path d=&quot;M225.923,354.706c-8.098,0-16.195-3.092-22.369-9.263L9.27,151.157c-12.359-12.359-12.359-32.397,0-44.751  c12.354-12.354,32.388-12.354,44.748,0l171.905,171.915l171.906-171.909c12.359-12.354,32.391-12.354,44.744,0  c12.365,12.354,12.365,32.392,0,44.751L248.292,345.449C242.115,351.621,234.018,354.706,225.923,354.706z&quot;&gt;&lt;\/path&gt;&lt;\/g&gt;&lt;g&gt;&lt;\/g&gt;&lt;g&gt;&lt;\/g&gt;&lt;g&gt;&lt;\/g&gt;&lt;g&gt;&lt;\/g&gt;&lt;g&gt;&lt;\/g&gt;&lt;g&gt;&lt;\/g&gt;&lt;g&gt;&lt;\/g&gt;&lt;g&gt;&lt;\/g&gt;&lt;g&gt;&lt;\/g&gt;&lt;g&gt;&lt;\/g&gt;&lt;g&gt;&lt;\/g&gt;&lt;g&gt;&lt;\/g&gt;&lt;g&gt;&lt;\/g&gt;&lt;g&gt;&lt;\/g&gt;&lt;g&gt;&lt;\/g&gt;&lt;\/svg&gt;\" data-dropdown-indicator-icon=\"&lt;svg xmlns=&quot;http:\/\/www.w3.org\/2000\/svg&quot; xmlns:xlink=&quot;http:\/\/www.w3.org\/1999\/xlink&quot; id=&quot;Capa_1&quot; x=&quot;0px&quot; y=&quot;0px&quot; width=&quot;451.847px&quot; height=&quot;451.847px&quot; viewBox=&quot;0 0 451.847 451.847&quot; style=&quot;enable-background:new 0 0 451.847 451.847;&quot; xml:space=&quot;preserve&quot;&gt;&lt;g&gt;\t&lt;path d=&quot;M225.923,354.706c-8.098,0-16.195-3.092-22.369-9.263L9.27,151.157c-12.359-12.359-12.359-32.397,0-44.751  c12.354-12.354,32.388-12.354,44.748,0l171.905,171.915l171.906-171.909c12.359-12.354,32.391-12.354,44.744,0  c12.365,12.354,12.365,32.392,0,44.751L248.292,345.449C242.115,351.621,234.018,354.706,225.923,354.706z&quot;&gt;&lt;\/path&gt;&lt;\/g&gt;&lt;g&gt;&lt;\/g&gt;&lt;g&gt;&lt;\/g&gt;&lt;g&gt;&lt;\/g&gt;&lt;g&gt;&lt;\/g&gt;&lt;g&gt;&lt;\/g&gt;&lt;g&gt;&lt;\/g&gt;&lt;g&gt;&lt;\/g&gt;&lt;g&gt;&lt;\/g&gt;&lt;g&gt;&lt;\/g&gt;&lt;g&gt;&lt;\/g&gt;&lt;g&gt;&lt;\/g&gt;&lt;g&gt;&lt;\/g&gt;&lt;g&gt;&lt;\/g&gt;&lt;g&gt;&lt;\/g&gt;&lt;g&gt;&lt;\/g&gt;&lt;\/svg&gt;\" class=\"eael-simple-menu-container eael-simple-menu--loading eael-simple-menu-align-left eael-simple-menu-dropdown-align-left preset-1\" data-hamburger-breakpoints=\"{&quot;mobile&quot;:&quot;M\\u00f2bil vertical (&gt; 767px)&quot;,&quot;tablet&quot;:&quot;Tauleta vertical (&gt; 1024px)&quot;,&quot;desktop&quot;:&quot;Desktop (&gt; 2400px)&quot;,&quot;none&quot;:&quot;None&quot;}\" data-hamburger-device=\"tablet\">\n                <ul id=\"menu-nova-web-cat-2\" class=\"eael-simple-menu eael-simple-menu-dropdown-animate-to-top eael-simple-menu-indicator eael-hamburger-left eael-simple-menu-horizontal\"><li class=\"menu-item menu-item-type-custom menu-item-object-custom menu-item-has-children menu-item-44083\"><a href=\"#\">Qui som<\/a>\n<ul class=\"sub-menu\">\n\t<li class=\"menu-item menu-item-type-post_type menu-item-object-page menu-item-47149\"><a href=\"https:\/\/fundaciotallers.org\/ca\/coneixnos\/\">Coneix-nos<\/a><\/li>\n\t<li class=\"menu-item menu-item-type-post_type menu-item-object-page menu-item-47102\"><a href=\"https:\/\/fundaciotallers.org\/ca\/historia-2\/\">Hist\u00f2ria<\/a><\/li>\n\t<li class=\"menu-item menu-item-type-post_type menu-item-object-page menu-item-47666\"><a href=\"https:\/\/fundaciotallers.org\/ca\/patronat-i-comite-de-direccio\/\">Patronat i Comit\u00e8 de Direcci\u00f3<\/a><\/li>\n\t<li class=\"menu-item menu-item-type-post_type menu-item-object-page menu-item-47665\"><a href=\"https:\/\/fundaciotallers.org\/ca\/equip-coordinacio-serveis-de-suport\/\">Equip de Coordinaci\u00f3 i Serveis de Suport<\/a><\/li>\n\t<li class=\"menu-item menu-item-type-post_type menu-item-object-page menu-item-45928\"><a href=\"https:\/\/fundaciotallers.org\/ca\/portal-transparencia\/\">Portal de Transpar\u00e8ncia<\/a><\/li>\n\t<li class=\"menu-item menu-item-type-post_type menu-item-object-page menu-item-45929\"><a href=\"https:\/\/fundaciotallers.org\/ca\/portal-transparencia\/memoria\/\">Mem\u00f2ries<\/a><\/li>\n\t<li class=\"menu-item menu-item-type-post_type menu-item-object-page menu-item-46143\"><a href=\"https:\/\/fundaciotallers.org\/ca\/politica-de-qualitat-i-medi-ambient\/\">Pol\u00edtica de qualitat i medi ambient<\/a><\/li>\n\t<li class=\"menu-item menu-item-type-post_type menu-item-object-page menu-item-46144\"><a href=\"https:\/\/fundaciotallers.org\/ca\/colaboradors\/\">Col\u00b7laboradors<\/a><\/li>\n<\/ul>\n<\/li>\n<li class=\"menu-item menu-item-type-post_type menu-item-object-page menu-item-has-children menu-item-45972\"><a href=\"https:\/\/fundaciotallers.org\/ca\/serveis-per-a-les-persones\/\">A les persones<\/a>\n<ul class=\"sub-menu\">\n\t<li class=\"menu-item menu-item-type-post_type menu-item-object-page menu-item-44953\"><a href=\"https:\/\/fundaciotallers.org\/ca\/servei-de-formacio-ocupacional\/\">Formaci\u00f3 ocupacional<\/a><\/li>\n\t<li class=\"menu-item menu-item-type-post_type menu-item-object-page menu-item-45205\"><a href=\"https:\/\/fundaciotallers.org\/ca\/servei-dinsercio-laboral-sil\/\">Servei d\u2019Inserci\u00f3 Laboral (SIL)<\/a><\/li>\n\t<li class=\"menu-item menu-item-type-post_type menu-item-object-page menu-item-46286\"><a href=\"https:\/\/fundaciotallers.org\/ca\/centre-especial-de-treball\/\">Centre Especial de Treball<\/a><\/li>\n\t<li class=\"menu-item menu-item-type-post_type menu-item-object-page menu-item-45968\"><a href=\"https:\/\/fundaciotallers.org\/ca\/equip-multidiciplinari-suport\/\">Equip Multidisciplinari de Suport (EMS)<\/a><\/li>\n\t<li class=\"menu-item menu-item-type-post_type menu-item-object-page menu-item-46639\"><a href=\"https:\/\/fundaciotallers.org\/ca\/empresa-insercio\/\">Empresa d\u2019inserci\u00f3<\/a><\/li>\n<\/ul>\n<\/li>\n<li class=\"menu-item menu-item-type-post_type menu-item-object-page menu-item-has-children menu-item-45971\"><a href=\"https:\/\/fundaciotallers.org\/ca\/serveis-per-a-les-empreses\/\">A les empreses<\/a>\n<ul class=\"sub-menu\">\n\t<li class=\"menu-item menu-item-type-post_type menu-item-object-page menu-item-46679\"><a href=\"https:\/\/fundaciotallers.org\/ca\/compliment-llei-discapacitat\/\">Compliment Llei Discapacitat<\/a><\/li>\n\t<li class=\"menu-item menu-item-type-post_type menu-item-object-page menu-item-45269\"><a href=\"https:\/\/fundaciotallers.org\/ca\/jardineria\/\">Jardineria<\/a><\/li>\n\t<li class=\"menu-item menu-item-type-post_type menu-item-object-page menu-item-46710\"><a href=\"https:\/\/fundaciotallers.org\/ca\/serveis-de-neteja\/\">Neteja<\/a><\/li>\n\t<li class=\"menu-item menu-item-type-post_type menu-item-object-page menu-item-46656\"><a href=\"https:\/\/fundaciotallers.org\/ca\/manipulats-logistica-industrial\/\">Manipulats, log\u00edstica industrial i serveis t\u00e8xtils<\/a><\/li>\n\t<li class=\"menu-item menu-item-type-post_type menu-item-object-page menu-item-46928\"><a href=\"https:\/\/fundaciotallers.org\/ca\/serveis-de-tintoreria-i-bugaderia\/\">Tintoreria<\/a><\/li>\n\t<li class=\"menu-item menu-item-type-post_type menu-item-object-page menu-item-47035\"><a href=\"https:\/\/fundaciotallers.org\/ca\/servei-de-gestio-documental\/\">Externalitzaci\u00f3 processos administratius<\/a><\/li>\n<\/ul>\n<\/li>\n<li class=\"menu-item menu-item-type-post_type menu-item-object-page menu-item-has-children menu-item-47042\"><a href=\"https:\/\/fundaciotallers.org\/ca\/serveis-per-a-les-administracions\/\">A les administracions<\/a>\n<ul class=\"sub-menu\">\n\t<li class=\"menu-item menu-item-type-post_type menu-item-object-page menu-item-47283\"><a href=\"https:\/\/fundaciotallers.org\/ca\/serveis-jardineria-administracions-publiques\/\">Jardineria<\/a><\/li>\n\t<li class=\"menu-item menu-item-type-post_type menu-item-object-page menu-item-47477\"><a href=\"https:\/\/fundaciotallers.org\/ca\/neteja-interiors\/\">Neteja d\u2019interiors<\/a><\/li>\n\t<li class=\"menu-item menu-item-type-post_type menu-item-object-page menu-item-46503\"><a href=\"https:\/\/fundaciotallers.org\/ca\/neteja-viaria\/\">Neteja Vi\u00e0ria<\/a><\/li>\n\t<li class=\"menu-item menu-item-type-post_type menu-item-object-page menu-item-46736\"><a href=\"https:\/\/fundaciotallers.org\/ca\/gestio-deixalleries-punts-verds\/\">Gesti\u00f3 de deixalleries i punts verds<\/a><\/li>\n\t<li class=\"menu-item menu-item-type-post_type menu-item-object-page menu-item-46931\"><a href=\"https:\/\/fundaciotallers.org\/ca\/externalitzacio-dels-procesos-administratius\/\">Gesti\u00f3 documental<\/a><\/li>\n<\/ul>\n<\/li>\n<li class=\"menu-item menu-item-type-post_type menu-item-object-page menu-item-45780\"><a href=\"https:\/\/fundaciotallers.org\/ca\/treballa-amb-nosaltres-ofertes\/\">Treballa amb nosaltres<\/a><\/li>\n<li class=\"menu-item menu-item-type-custom menu-item-object-custom menu-item-45970\"><a target=\"_blank\" href=\"https:\/\/www.pereclaver.org\/voluntariat\/\">Voluntariat<\/a><\/li>\n<li class=\"menu-item menu-item-type-post_type menu-item-object-page menu-item-45855\"><a href=\"https:\/\/fundaciotallers.org\/ca\/noticies\/\">Blog<\/a><\/li>\n<li class=\"menu-item menu-item-type-post_type menu-item-object-page menu-item-46507\"><a href=\"https:\/\/fundaciotallers.org\/ca\/contacte\/\">Contacte<\/a><\/li>\n<\/ul>                <button class=\"eael-simple-menu-toggle\">\n                    <span class=\"sr-only \">Hamburger Toggle Menu<\/span>\n                    <i aria-hidden=\"true\" class=\"fas fa-bars\"><\/i>                <\/button>\n            <\/div>\n            \t\t\t\t<\/div>\n\t\t\t\t<\/div>\n\t\t\t\t\t<\/div>\n\t\t<\/div>\n\t\t\t\t\t<\/div>\n\t\t<\/section>\n\t\t\t\t<section class=\"elementor-section elementor-top-section elementor-element elementor-element-c53a72b elementor-section-boxed elementor-section-height-default elementor-section-height-default\" data-id=\"c53a72b\" data-element_type=\"section\" data-e-type=\"section\" data-settings=\"{&quot;background_background&quot;:&quot;classic&quot;}\">\n\t\t\t\t\t\t<div class=\"elementor-container elementor-column-gap-default\">\n\t\t\t\t\t<div class=\"elementor-column elementor-col-100 elementor-top-column elementor-element elementor-element-d4cf52f\" data-id=\"d4cf52f\" data-element_type=\"column\" data-e-type=\"column\">\n\t\t\t<div class=\"elementor-widget-wrap elementor-element-populated\">\n\t\t\t\t\t\t<div class=\"elementor-element elementor-element-003e8c2 elementor-widget elementor-widget-text-editor\" data-id=\"003e8c2\" data-element_type=\"widget\" data-e-type=\"widget\" data-widget_type=\"text-editor.default\">\n\t\t\t\t<div class=\"elementor-widget-container\">\n\t\t\t\t\t\t\t\t\t<p class=\"p1\"><strong>Atenci\u00f3! No \u00e9s un canal de queixes i reclamacions de la qualitat d\u2019un servei o conflictes d\u2019\u00e0mbit laboral.<\/strong><br \/><strong>En aquests casos, el canal corresponent el trobareu accedint a l\u2019apartat <a href=\"https:\/\/fundaciotallers.org\/ca\/contacta\/\" target=\"_blank\" rel=\"noopener\">contacte<\/a>\u00a0de la web.<\/strong><\/p>\t\t\t\t\t\t\t\t<\/div>\n\t\t\t\t<\/div>\n\t\t\t\t\t<\/div>\n\t\t<\/div>\n\t\t\t\t\t<\/div>\n\t\t<\/section>\n\t\t\t\t<section class=\"elementor-section elementor-top-section elementor-element elementor-element-003511b elementor-section-boxed elementor-section-height-default elementor-section-height-default\" data-id=\"003511b\" data-element_type=\"section\" data-e-type=\"section\">\n\t\t\t\t\t\t<div class=\"elementor-container elementor-column-gap-default\">\n\t\t\t\t\t<div class=\"elementor-column elementor-col-100 elementor-top-column elementor-element elementor-element-a168c8f\" data-id=\"a168c8f\" data-element_type=\"column\" data-e-type=\"column\">\n\t\t\t<div class=\"elementor-widget-wrap elementor-element-populated\">\n\t\t\t\t\t\t<div class=\"elementor-element elementor-element-3bd6653 elementor-widget elementor-widget-accordion\" data-id=\"3bd6653\" data-element_type=\"widget\" data-e-type=\"widget\" data-widget_type=\"accordion.default\">\n\t\t\t\t<div class=\"elementor-widget-container\">\n\t\t\t\t\t\t\t<div class=\"elementor-accordion\">\n\t\t\t\t\t\t\t<div class=\"elementor-accordion-item\">\n\t\t\t\t\t<div id=\"elementor-tab-title-6271\" class=\"elementor-tab-title\" data-tab=\"1\" role=\"button\" aria-controls=\"elementor-tab-content-6271\" aria-expanded=\"false\">\n\t\t\t\t\t\t\t\t\t\t\t\t\t<span class=\"elementor-accordion-icon elementor-accordion-icon-left\" aria-hidden=\"true\">\n\t\t\t\t\t\t\t\t\t\t\t\t\t\t\t<span class=\"elementor-accordion-icon-closed\"><i class=\"fas fa-plus\"><\/i><\/span>\n\t\t\t\t\t\t\t\t<span class=\"elementor-accordion-icon-opened\"><i class=\"fas fa-minus\"><\/i><\/span>\n\t\t\t\t\t\t\t\t\t\t\t\t\t\t<\/span>\n\t\t\t\t\t\t\t\t\t\t\t\t<a class=\"elementor-accordion-title\" tabindex=\"0\">Qu\u00e8 \u00e9s el Canal de den\u00fancia de Pere Claver Grup?<\/a>\n\t\t\t\t\t<\/div>\n\t\t\t\t\t<div id=\"elementor-tab-content-6271\" class=\"elementor-tab-content elementor-clearfix\" data-tab=\"1\" role=\"region\" aria-labelledby=\"elementor-tab-title-6271\"><p class=\"p2\">El Canal de den\u00fancia de Pere Claver Grup \u00e9s la manera de denunciar o informar, de forma r\u00e0pida i senzilla, sobre qualsevol comportament inadequat que pugui afectar de forma negativa o perjudicar a les persones usu\u00e0ries, treballadores, volunt\u00e0ries, a les fam\u00edlies i a tota persona relacionada amb Pere Claver Grup en general. T\u00e9 l\u2019objectiu de permetre iniciar un procediment intern per comprovar els fets i adoptar les mesures correctives i preventives que corresponguin. Tamb\u00e9 pret\u00e9n ser una via per resoldre els dubtes sobre la correcci\u00f3 legal o \u00e8tica d\u2019una conducta que pugui tenir transcend\u00e8ncia penal.<\/p><p class=\"p2\">El Canal den\u00fancia \u00e9s una eina que s\u2019enmarca en la pol\u00edtica de compliment normatiu de Pere Claver Grup. Mitjan\u00e7ant aquesta pol\u00edtica es vetlla pel compliment estricte de la llei i alhora s\u2019impulsa una cultura organitzativa que tingui com a principals vectors l\u2019\u00e8tica i la sostenibilitat en totes les seves actuacions i en totes les seves dimensions: econ\u00f2mica, social, ambiental, laboral i bon govern. Aquest comportament \u00e8tic i sostenible \u00e9s el que s\u2019exigeix a totes les persones integrants de l\u2019organitzaci\u00f3 i als seus prove\u00efdors.<\/p><\/div>\n\t\t\t\t<\/div>\n\t\t\t\t\t\t\t<div class=\"elementor-accordion-item\">\n\t\t\t\t\t<div id=\"elementor-tab-title-6272\" class=\"elementor-tab-title\" data-tab=\"2\" role=\"button\" aria-controls=\"elementor-tab-content-6272\" aria-expanded=\"false\">\n\t\t\t\t\t\t\t\t\t\t\t\t\t<span class=\"elementor-accordion-icon elementor-accordion-icon-left\" aria-hidden=\"true\">\n\t\t\t\t\t\t\t\t\t\t\t\t\t\t\t<span class=\"elementor-accordion-icon-closed\"><i class=\"fas fa-plus\"><\/i><\/span>\n\t\t\t\t\t\t\t\t<span class=\"elementor-accordion-icon-opened\"><i class=\"fas fa-minus\"><\/i><\/span>\n\t\t\t\t\t\t\t\t\t\t\t\t\t\t<\/span>\n\t\t\t\t\t\t\t\t\t\t\t\t<a class=\"elementor-accordion-title\" tabindex=\"0\">Quins fets podem denunciar a trav\u00e9s del Canal de den\u00fancia de Pere Claver Grup?<\/a>\n\t\t\t\t\t<\/div>\n\t\t\t\t\t<div id=\"elementor-tab-content-6272\" class=\"elementor-tab-content elementor-clearfix\" data-tab=\"2\" role=\"region\" aria-labelledby=\"elementor-tab-title-6272\"><ol><li>Qualsevol incompliment o sospita d\u2019incompliment de les normes internes de Pere Claver Grup i molt especialment del seu codi \u00e8tic o del seu codi de conducta. (veure portal de transpar\u00e8ncia de la web).<\/li><li>Irregularitats financeres i comptables.<\/li><li class=\"p3\">Qualsevol incompliment o sospita d\u2019incompliment de les lleis i altres normes que se\u2019n derivin.<\/li><\/ol><p>A t\u00edtol il\u00b7lustratiu enumerem algunes de les possibles conductes que pots comunicar:<\/p><ul class=\"ul1\"><li class=\"li2\">Casos de suborn i corrupci\u00f3.<\/li><li class=\"li2\">Conductes que atemptin contra la salut i la seguretat en el treball.<\/li><li class=\"li2\">Conductes discriminat\u00f2ries.<\/li><li class=\"li2\">Assetjament sexual i\/o laboral.<\/li><li class=\"li2\">Estafes.<\/li><li class=\"li2\">Casos de compet\u00e8ncia deslleial.<\/li><li class=\"li3\">Conductes que atempten contra la salut i seguretat de les persones usu\u00e0ries o ateses.<\/li><\/ul><\/div>\n\t\t\t\t<\/div>\n\t\t\t\t\t\t\t<div class=\"elementor-accordion-item\">\n\t\t\t\t\t<div id=\"elementor-tab-title-6273\" class=\"elementor-tab-title\" data-tab=\"3\" role=\"button\" aria-controls=\"elementor-tab-content-6273\" aria-expanded=\"false\">\n\t\t\t\t\t\t\t\t\t\t\t\t\t<span class=\"elementor-accordion-icon elementor-accordion-icon-left\" aria-hidden=\"true\">\n\t\t\t\t\t\t\t\t\t\t\t\t\t\t\t<span class=\"elementor-accordion-icon-closed\"><i class=\"fas fa-plus\"><\/i><\/span>\n\t\t\t\t\t\t\t\t<span class=\"elementor-accordion-icon-opened\"><i class=\"fas fa-minus\"><\/i><\/span>\n\t\t\t\t\t\t\t\t\t\t\t\t\t\t<\/span>\n\t\t\t\t\t\t\t\t\t\t\t\t<a class=\"elementor-accordion-title\" tabindex=\"0\">Qui pot fer servir el Canal de den\u00fancia de Pere Claver Grup?<\/a>\n\t\t\t\t\t<\/div>\n\t\t\t\t\t<div id=\"elementor-tab-content-6273\" class=\"elementor-tab-content elementor-clearfix\" data-tab=\"3\" role=\"region\" aria-labelledby=\"elementor-tab-title-6273\"><p>El Canal de den\u00fancia el poden fer servir totes les persones que tenen relaci\u00f3 amb Pere Claver Grup, com persones usu\u00e0ries, fam\u00edlies, professionals, volunt\u00e0ries, prove\u00efdors, etc.<\/p><p><span class=\"s1\">La persona que denuncia podr\u00e0 identificar-se o no a criteri seu. Pere Claver Grup posa <\/span>les mesures de confidencialitat per a protegir a la persona que denuncia i mantenir en secret la seva identitat.<\/p><p>Pere Claver Grup treballar\u00e0 sempre des del dret de presumpci\u00f3 d\u2019innoc\u00e8ncia, \u00e9s a dir, la persona denunciada ser\u00e0 innocent fins que no sigui provat el contrari.<\/p><\/div>\n\t\t\t\t<\/div>\n\t\t\t\t\t\t\t\t<\/div>\n\t\t\t\t\t\t<\/div>\n\t\t\t\t<\/div>\n\t\t\t\t\t<\/div>\n\t\t<\/div>\n\t\t\t\t\t<\/div>\n\t\t<\/section>\n\t\t\t\t<section class=\"elementor-section elementor-top-section elementor-element elementor-element-24eca77 elementor-section-boxed elementor-section-height-default elementor-section-height-default\" data-id=\"24eca77\" data-element_type=\"section\" data-e-type=\"section\">\n\t\t\t\t\t\t<div class=\"elementor-container elementor-column-gap-default\">\n\t\t\t\t\t<div class=\"elementor-column elementor-col-100 elementor-top-column elementor-element elementor-element-b15d0a5\" data-id=\"b15d0a5\" data-element_type=\"column\" data-e-type=\"column\">\n\t\t\t<div class=\"elementor-widget-wrap elementor-element-populated\">\n\t\t\t\t\t\t<div class=\"elementor-element elementor-element-9aadb41 elementor-widget-divider--view-line_text elementor-widget-divider--element-align-center elementor-widget elementor-widget-divider\" data-id=\"9aadb41\" data-element_type=\"widget\" data-e-type=\"widget\" data-widget_type=\"divider.default\">\n\t\t\t\t<div class=\"elementor-widget-container\">\n\t\t\t\t\t\t\t<div class=\"elementor-divider\">\n\t\t\t<span class=\"elementor-divider-separator\">\n\t\t\t\t\t\t\t<span class=\"elementor-divider__text elementor-divider__element\">\n\t\t\t\tCom puc fer servir el Canal de den\u00fancia de Pere Claver Grup?\t\t\t\t<\/span>\n\t\t\t\t\t\t<\/span>\n\t\t<\/div>\n\t\t\t\t\t\t<\/div>\n\t\t\t\t<\/div>\n\t\t\t\t\t<\/div>\n\t\t<\/div>\n\t\t\t\t\t<\/div>\n\t\t<\/section>\n\t\t\t\t<section class=\"elementor-section elementor-top-section elementor-element elementor-element-66946ec elementor-section-boxed elementor-section-height-default elementor-section-height-default\" data-id=\"66946ec\" data-element_type=\"section\" data-e-type=\"section\">\n\t\t\t\t\t\t<div class=\"elementor-container elementor-column-gap-narrow\">\n\t\t\t\t\t<div class=\"elementor-column elementor-col-25 elementor-top-column elementor-element elementor-element-5714e75\" data-id=\"5714e75\" data-element_type=\"column\" data-e-type=\"column\">\n\t\t\t<div class=\"elementor-widget-wrap\">\n\t\t\t\t\t\t\t<\/div>\n\t\t<\/div>\n\t\t\t\t<div class=\"elementor-column elementor-col-25 elementor-top-column elementor-element elementor-element-8a0af37\" data-id=\"8a0af37\" data-element_type=\"column\" data-e-type=\"column\" data-settings=\"{&quot;background_background&quot;:&quot;classic&quot;}\">\n\t\t\t<div class=\"elementor-widget-wrap elementor-element-populated\">\n\t\t\t\t\t\t<div class=\"elementor-element elementor-element-508a851 elementor-widget elementor-widget-text-editor\" data-id=\"508a851\" data-element_type=\"widget\" data-e-type=\"widget\" data-widget_type=\"text-editor.default\">\n\t\t\t\t<div class=\"elementor-widget-container\">\n\t\t\t\t\t\t\t\t\t<p>Utilitza el seg\u00fcent<br \/><span style=\"text-decoration: underline;\"><a role=\"link\" href=\"https:\/\/centinela.lefebvre.es\/public\/concept\/2275379?access=OJpiD4MXB9hWE8gesHW2yjVHIK5R1%2bPGLV2WePFPcdI%3d\" target=\"_blank\" rel=\"noopener\">formulari<\/a><\/span><\/p>\t\t\t\t\t\t\t\t<\/div>\n\t\t\t\t<\/div>\n\t\t\t\t<div class=\"elementor-element elementor-element-c1d5583 elementor-view-default elementor-widget elementor-widget-icon\" data-id=\"c1d5583\" data-element_type=\"widget\" data-e-type=\"widget\" data-widget_type=\"icon.default\">\n\t\t\t\t<div class=\"elementor-widget-container\">\n\t\t\t\t\t\t\t<div class=\"elementor-icon-wrapper\">\n\t\t\t<a class=\"elementor-icon\" href=\"https:\/\/centinela.lefebvre.es\/public\/concept\/2275379?access=OJpiD4MXB9hWE8gesHW2yjVHIK5R1%2BPGLV2WePFPcdI%3D\" target=\"_blank\">\n\t\t\t<svg xmlns=\"http:\/\/www.w3.org\/2000\/svg\" id=\"Capa_1\" height=\"512\" viewBox=\"0 0 512 512\" width=\"512\"><g><path d=\"m446.604 124.392-119.996-119.997c-2.846-2.847-6.735-4.395-10.608-4.395h-210c-24.813 0-45 20.187-45 45v422c0 24.813 20.187 45 45 45h300c24.813 0 45-20.187 45-45v-332c0-4.116-1.743-7.957-4.396-10.608zm-115.604-73.179 68.787 68.787h-53.787c-8.271 0-15-6.729-15-15zm75 430.787h-300c-8.271 0-15-6.729-15-15v-422c0-8.271 6.729-15 15-15h195v75c0 24.813 20.187 45 45 45h75v317c0 8.271-6.729 15-15 15z\"><\/path><path d=\"m346 242h-150c-8.284 0-15 6.716-15 15s6.716 15 15 15h150c8.284 0 15-6.716 15-15s-6.716-15-15-15z\"><\/path><path d=\"m346 302h-150c-8.284 0-15 6.716-15 15s6.716 15 15 15h150c8.284 0 15-6.716 15-15s-6.716-15-15-15z\"><\/path><path d=\"m346 362h-150c-8.284 0-15 6.716-15 15s6.716 15 15 15h150c8.284 0 15-6.716 15-15s-6.716-15-15-15z\"><\/path><circle cx=\"136\" cy=\"257\" r=\"15\"><\/circle><circle cx=\"136\" cy=\"317\" r=\"15\"><\/circle><circle cx=\"136\" cy=\"377\" r=\"15\"><\/circle><\/g><\/svg>\t\t\t<\/a>\n\t\t<\/div>\n\t\t\t\t\t\t<\/div>\n\t\t\t\t<\/div>\n\t\t\t\t\t<\/div>\n\t\t<\/div>\n\t\t\t\t<div class=\"elementor-column elementor-col-25 elementor-top-column elementor-element elementor-element-c3b26ea\" data-id=\"c3b26ea\" data-element_type=\"column\" data-e-type=\"column\" data-settings=\"{&quot;background_background&quot;:&quot;classic&quot;}\">\n\t\t\t<div class=\"elementor-widget-wrap elementor-element-populated\">\n\t\t\t\t\t\t<div class=\"elementor-element elementor-element-2c52265 elementor-widget elementor-widget-text-editor\" data-id=\"2c52265\" data-element_type=\"widget\" data-e-type=\"widget\" data-widget_type=\"text-editor.default\">\n\t\t\t\t<div class=\"elementor-widget-container\">\n\t\t\t\t\t\t\t\t\t<p><strong>O escaneja el codi QR<\/strong><\/p>\t\t\t\t\t\t\t\t<\/div>\n\t\t\t\t<\/div>\n\t\t\t\t<div class=\"elementor-element elementor-element-31e5d1b elementor-widget elementor-widget-image\" data-id=\"31e5d1b\" data-element_type=\"widget\" data-e-type=\"widget\" data-widget_type=\"image.default\">\n\t\t\t\t<div class=\"elementor-widget-container\">\n\t\t\t\t\t\t\t\t\t\t\t\t\t\t\t<img decoding=\"async\" width=\"522\" height=\"498\" src=\"https:\/\/fundaciotallers.org\/wp-content\/uploads\/2025\/01\/Captura-de-pantalla-2025-01-14-a-las-15.04.25-1.png\" class=\"attachment-large size-large wp-image-43671\" alt=\"\" srcset=\"https:\/\/fundaciotallers.org\/wp-content\/uploads\/2025\/01\/Captura-de-pantalla-2025-01-14-a-las-15.04.25-1.png 522w, https:\/\/fundaciotallers.org\/wp-content\/uploads\/2025\/01\/Captura-de-pantalla-2025-01-14-a-las-15.04.25-1-300x286.png 300w\" sizes=\"(max-width: 522px) 100vw, 522px\" \/>\t\t\t\t\t\t\t\t\t\t\t\t\t\t\t<\/div>\n\t\t\t\t<\/div>\n\t\t\t\t\t<\/div>\n\t\t<\/div>\n\t\t\t\t<div class=\"elementor-column elementor-col-25 elementor-top-column elementor-element elementor-element-d869f18\" data-id=\"d869f18\" data-element_type=\"column\" data-e-type=\"column\">\n\t\t\t<div class=\"elementor-widget-wrap\">\n\t\t\t\t\t\t\t<\/div>\n\t\t<\/div>\n\t\t\t\t\t<\/div>\n\t\t<\/section>\n\t\t\t\t<section class=\"elementor-section elementor-top-section elementor-element elementor-element-ba2a640 elementor-section-boxed elementor-section-height-default elementor-section-height-default\" data-id=\"ba2a640\" data-element_type=\"section\" data-e-type=\"section\">\n\t\t\t\t\t\t<div class=\"elementor-container elementor-column-gap-default\">\n\t\t\t\t\t<div class=\"elementor-column elementor-col-100 elementor-top-column elementor-element elementor-element-17b2819\" data-id=\"17b2819\" data-element_type=\"column\" data-e-type=\"column\">\n\t\t\t<div class=\"elementor-widget-wrap elementor-element-populated\">\n\t\t\t\t\t\t<div class=\"elementor-element elementor-element-5fcb37e elementor-widget-divider--view-line_text elementor-widget-divider--element-align-center elementor-widget elementor-widget-divider\" data-id=\"5fcb37e\" data-element_type=\"widget\" data-e-type=\"widget\" data-widget_type=\"divider.default\">\n\t\t\t\t<div class=\"elementor-widget-container\">\n\t\t\t\t\t\t\t<div class=\"elementor-divider\">\n\t\t\t<span class=\"elementor-divider-separator\">\n\t\t\t\t\t\t\t<span class=\"elementor-divider__text elementor-divider__element\">\n\t\t\t\tProcediment que segueix a la den\u00fancia\t\t\t\t<\/span>\n\t\t\t\t\t\t<\/span>\n\t\t<\/div>\n\t\t\t\t\t\t<\/div>\n\t\t\t\t<\/div>\n\t\t\t\t\t<\/div>\n\t\t<\/div>\n\t\t\t\t\t<\/div>\n\t\t<\/section>\n\t\t\t\t<section class=\"elementor-section elementor-top-section elementor-element elementor-element-c3a5932 elementor-section-boxed elementor-section-height-default elementor-section-height-default\" data-id=\"c3a5932\" data-element_type=\"section\" data-e-type=\"section\">\n\t\t\t\t\t\t<div class=\"elementor-container elementor-column-gap-default\">\n\t\t\t\t\t<div class=\"elementor-column elementor-col-100 elementor-top-column elementor-element elementor-element-aa77b8c\" data-id=\"aa77b8c\" data-element_type=\"column\" data-e-type=\"column\">\n\t\t\t<div class=\"elementor-widget-wrap elementor-element-populated\">\n\t\t\t\t\t\t<div class=\"elementor-element elementor-element-feb5a32 elementor-widget elementor-widget-text-editor\" data-id=\"feb5a32\" data-element_type=\"widget\" data-e-type=\"widget\" data-widget_type=\"text-editor.default\">\n\t\t\t\t<div class=\"elementor-widget-container\">\n\t\t\t\t\t\t\t\t\t<p class=\"p1\">Em preocupa l\u2019assetjament que pateix el meu company.<br \/>Qu\u00e8 puc fer?<\/p>\t\t\t\t\t\t\t\t<\/div>\n\t\t\t\t<\/div>\n\t\t\t\t<div class=\"elementor-element elementor-element-83d50ba elementor-view-default elementor-widget elementor-widget-icon\" data-id=\"83d50ba\" data-element_type=\"widget\" data-e-type=\"widget\" data-widget_type=\"icon.default\">\n\t\t\t\t<div class=\"elementor-widget-container\">\n\t\t\t\t\t\t\t<div class=\"elementor-icon-wrapper\">\n\t\t\t<div class=\"elementor-icon\">\n\t\t\t<i aria-hidden=\"true\" class=\"fas fa-arrow-down\"><\/i>\t\t\t<\/div>\n\t\t<\/div>\n\t\t\t\t\t\t<\/div>\n\t\t\t\t<\/div>\n\t\t\t\t\t<\/div>\n\t\t<\/div>\n\t\t\t\t\t<\/div>\n\t\t<\/section>\n\t\t\t\t<section class=\"elementor-section elementor-top-section elementor-element elementor-element-868b85c elementor-section-boxed elementor-section-height-default elementor-section-height-default\" data-id=\"868b85c\" data-element_type=\"section\" data-e-type=\"section\">\n\t\t\t\t\t\t<div class=\"elementor-container elementor-column-gap-narrow\">\n\t\t\t\t\t<div class=\"elementor-column elementor-col-100 elementor-top-column elementor-element elementor-element-2e2b360\" data-id=\"2e2b360\" data-element_type=\"column\" data-e-type=\"column\">\n\t\t\t<div class=\"elementor-widget-wrap elementor-element-populated\">\n\t\t\t\t\t\t<div class=\"elementor-element elementor-element-73ef9db elementor-widget__width-initial elementor-widget elementor-widget-timeline-widget-addon\" data-id=\"73ef9db\" data-element_type=\"widget\" data-e-type=\"widget\" data-widget_type=\"timeline-widget-addon.default\">\n\t\t\t\t<div class=\"elementor-widget-container\">\n\t\t\t\t\t<!-- ========= Timeline Widget  Addon For Elementor 1.6.24 ========= -->\n<div id=\"twae-wrapper-73ef9db\" class=\"twae-wrapper twae-horizontal-timeline\">\n<div class=\"twae-wrapper-inside\">\n <div id=\"twae-slider-container-73ef9db\" data-dir=\"\" data-slidestoshow=\"5\" data-autoplay=\"false\" data-auto-height=\"false\" class=\"twae-slider-container swiper-container\">\n <div  class=\"twae-slider-wrapper swiper-wrapper auto-height\"><!-- Start of Story Repeater Content --><div id=\"twae-article-d2d8eca\" class=\"twae-repeater-item twae-story swiper-slide twae-story-no-icon\"><!-- Story Icon --><div class=\"twae-icon\"><i aria-hidden=\"true\" class=\"fas fa-unlock-alt\"><\/i><\/div><!-- Story Arrow --><div class=\"twae-arrow\"><\/div><!-- Start of Story Content --><div class=\"twae-content\"><!-- Story Title --><div class=\"twae-title\">Comunicans-ho<\/div><!-- Story Description --><div class=\"twae-description\"><p>Explicans qu\u00e8 succeeix a trav\u00e9s del nostre canal de Den\u00fancia de Pere Claver Grup<\/p><\/div><\/div><\/div><!-- Start of Story Repeater Content --><div id=\"twae-article-6d0ac82\" class=\"twae-repeater-item twae-story swiper-slide twae-story-no-icon\"><!-- Story Icon --><div class=\"twae-icon\"><i aria-hidden=\"true\" class=\"fas fa-long-arrow-alt-right\"><\/i><\/div><!-- Story Arrow --><div class=\"twae-arrow\"><\/div><!-- Start of Story Content --><div class=\"twae-content\"><!-- Story Title --><div class=\"twae-title twae-title\">Registre de la den\u00fancia<\/div><\/div><\/div><!-- Start of Story Repeater Content --><div id=\"twae-article-a1ac54d\" class=\"twae-repeater-item twae-story swiper-slide twae-story-no-icon\"><!-- Story Icon --><div class=\"twae-icon\"><i aria-hidden=\"true\" class=\"fas fa-arrow-right\"><\/i><\/div><!-- Story Arrow --><div class=\"twae-arrow\"><\/div><!-- Start of Story Content --><div class=\"twae-content\"><!-- Story Title --><div class=\"twae-title twae-title twae-title\">Obrirem el procediment d\u2019indagaci\u00f3<\/div><!-- Story Description --><div class=\"twae-description twae-description twae-description\"><p>En funci\u00f3 d\u2019all\u00f2 que est\u00e0 establert al protocol del succ\u00e9s.<br \/><strong>\u00d2rgan instructor<\/strong><\/p><\/div><\/div><\/div><!-- Start of Story Repeater Content --><div id=\"twae-article-b8e0575\" class=\"twae-repeater-item twae-story swiper-slide twae-story-no-icon\"><!-- Story Icon --><div class=\"twae-icon\"><i aria-hidden=\"true\" class=\"fas fa-arrow-right\"><\/i><\/div><!-- Story Arrow --><div class=\"twae-arrow\"><\/div><!-- Start of Story Content --><div class=\"twae-content\"><!-- Story Title --><div class=\"twae-title twae-title twae-title twae-title\">Farem informe amb conclusions i mesures adoptades<\/div><!-- Story Description --><div class=\"twae-description twae-description twae-description twae-description\"><p><strong>\u00d2rgan resoluci\u00f3<\/strong><\/p><\/div><\/div><\/div><!-- Start of Story Repeater Content --><div id=\"twae-article-8cead4b\" class=\"twae-repeater-item twae-story swiper-slide twae-story-no-icon\"><!-- Story Icon --><div class=\"twae-icon\"><i aria-hidden=\"true\" class=\"fas fa-lock\"><\/i><\/div><!-- Story Arrow --><div class=\"twae-arrow\"><\/div><!-- Start of Story Content --><div class=\"twae-content\"><!-- Story Title --><div class=\"twae-title twae-title twae-title twae-title twae-title\">Procedirem al tancament i reflexi\u00f3 de millora de protocols<\/div><!-- Story Description --><div class=\"twae-description twae-description twae-description twae-description twae-description\"><p><strong>Proc\u00e9s de millora cont\u00ednua<\/strong><\/p><\/div><\/div><\/div><\/div><\/div><\/div> <!-- Add Arrows -->\n       <div class=\"twae-button-prev\"><i class=\"fas fa-chevron-left\"><\/i><\/div>\n       <div class=\"twae-button-next\"><i class=\"fas fa-chevron-right\"><\/i><\/div>\n       <div class=\"twae-h-line\"><\/div>\n       <div class=\"twae-line-fill\"><\/div>\n    <\/div><style type=\"text\/css\">@media (max-width: 1024px){ .twae-wrapper{--tw-ybx-size: 75px !important;}}@media (max-width: 767px){ .twae-wrapper{--tw-ybx-size: 75px !important}}<\/style>\t\t\t\t<\/div>\n\t\t\t\t<\/div>\n\t\t\t\t\t<\/div>\n\t\t<\/div>\n\t\t\t\t\t<\/div>\n\t\t<\/section>\n\t\t\t\t<section class=\"elementor-section elementor-top-section elementor-element elementor-element-3124979 elementor-section-full_width elementor-section-height-default elementor-section-height-default\" data-id=\"3124979\" data-element_type=\"section\" data-e-type=\"section\" data-settings=\"{&quot;background_background&quot;:&quot;classic&quot;}\">\n\t\t\t\t\t\t<div class=\"elementor-container elementor-column-gap-default\">\n\t\t\t\t\t<div class=\"elementor-column elementor-col-100 elementor-top-column elementor-element elementor-element-a9e527c\" data-id=\"a9e527c\" data-element_type=\"column\" data-e-type=\"column\">\n\t\t\t<div class=\"elementor-widget-wrap elementor-element-populated\">\n\t\t\t\t\t\t<div class=\"elementor-element elementor-element-e58f9ef elementor-widget elementor-widget-text-editor\" data-id=\"e58f9ef\" data-element_type=\"widget\" data-e-type=\"widget\" data-widget_type=\"text-editor.default\">\n\t\t\t\t<div class=\"elementor-widget-container\">\n\t\t\t\t\t\t\t\t\t<p class=\"p1\">Si us plau, no t\u2019oblidis de llegir la nostra <b><a href=\"https:\/\/fundaciotallers.org\/wp-content\/uploads\/2024\/03\/2023_08-14_Politica_privacitat_canal_denuncia.pdf\" target=\"_blank\" rel=\"noopener\">Pol\u00edtica de Privacidad del Canal Denuncia<\/a>, <\/b>la <b><a href=\"https:\/\/fundaciotallers.org\/wp-content\/uploads\/2024\/03\/2023-08-14_Politica_del_SII_PCG.pdf\" target=\"_blank\" rel=\"noopener\">Pol\u00edtica del Sistema Intern d\u2019Informaci\u00f3<\/a><br \/><\/b>i el <b><a href=\"https:\/\/fundaciotallers.org\/wp-content\/uploads\/2024\/03\/2023-08-14_Reglament_SII_PCG.pdf\" target=\"_blank\" rel=\"noopener\">Reglament del Sistema Intern d\u2019Informaci\u00f3<\/a>.<br \/><\/b><\/p>\t\t\t\t\t\t\t\t<\/div>\n\t\t\t\t<\/div>\n\t\t\t\t\t<\/div>\n\t\t<\/div>\n\t\t\t\t\t<\/div>\n\t\t<\/section>\n\t\t\t\t<section class=\"elementor-section elementor-top-section elementor-element elementor-element-7829e4c6 elementor-section-boxed elementor-section-height-default elementor-section-height-default\" data-id=\"7829e4c6\" data-element_type=\"section\" data-e-type=\"section\" data-settings=\"{&quot;background_background&quot;:&quot;classic&quot;}\">\n\t\t\t\t\t\t<div class=\"elementor-container elementor-column-gap-default\">\n\t\t\t\t\t<div class=\"elementor-column elementor-col-100 elementor-top-column elementor-element elementor-element-3e22b274\" data-id=\"3e22b274\" data-element_type=\"column\" data-e-type=\"column\">\n\t\t\t<div class=\"elementor-widget-wrap elementor-element-populated\">\n\t\t\t\t\t\t<div class=\"elementor-element elementor-element-37474ec elementor-widget elementor-widget-text-editor\" data-id=\"37474ec\" data-element_type=\"widget\" data-e-type=\"widget\" data-widget_type=\"text-editor.default\">\n\t\t\t\t<div class=\"elementor-widget-container\">\n\t\t\t\t\t\t\t\t\t<p><a style=\"color: #000000;\" href=\"https:\/\/fundaciotallers.org\/ca\/portal-transparencia\/\" rel=\"noopener\">Portal de Transpar\u00e8ncia \u2192<\/a><\/p>\t\t\t\t\t\t\t\t<\/div>\n\t\t\t\t<\/div>\n\t\t\t\t\t<\/div>\n\t\t<\/div>\n\t\t\t\t\t<\/div>\n\t\t<\/section>\n\t\t\t\t<section class=\"elementor-section elementor-top-section elementor-element elementor-element-1b5e0472 elementor-hidden-mobile elementor-section-boxed elementor-section-height-default elementor-section-height-default\" data-id=\"1b5e0472\" data-element_type=\"section\" data-e-type=\"section\" data-settings=\"{&quot;background_background&quot;:&quot;classic&quot;}\">\n\t\t\t\t\t\t<div class=\"elementor-container elementor-column-gap-narrow\">\n\t\t\t\t\t<div class=\"elementor-column elementor-col-33 elementor-top-column elementor-element elementor-element-6242a18d\" data-id=\"6242a18d\" data-element_type=\"column\" data-e-type=\"column\">\n\t\t\t<div class=\"elementor-widget-wrap elementor-element-populated\">\n\t\t\t\t\t\t<div class=\"elementor-element elementor-element-21d66007 elementor-widget elementor-widget-text-editor\" data-id=\"21d66007\" data-element_type=\"widget\" data-e-type=\"widget\" data-widget_type=\"text-editor.default\">\n\t\t\t\t<div class=\"elementor-widget-container\">\n\t\t\t\t\t\t\t\t\t<p><strong>Fundaci\u00f3 Tallers | Inclusi\u00f3 Laboral<br \/><\/strong>Entitat de Pere Caver Grup<br \/>Tel. 93 392 23 11<br \/><span style=\"text-decoration: underline;\"><a style=\"color: #ffffff; text-decoration: underline;\" href=\"&#x6d;&#x61;&#105;&#108;t&#x6f;&#x3a;&#x69;&#110;&#102;o&#x40;&#x66;&#x75;&#110;&#100;a&#x63;&#x69;&#x6f;&#116;&#97;l&#x6c;&#x65;&#x72;&#115;&#46;o&#x72;&#x67;\">&#105;&#x6e;&#x66;o&#64;&#x66;u&#110;&#x64;&#x61;&#99;&#x69;&#x6f;t&#97;&#x6c;l&#101;&#x72;&#x73;&#46;&#x6f;&#x72;g<\/a><\/span><\/p>\t\t\t\t\t\t\t\t<\/div>\n\t\t\t\t<\/div>\n\t\t\t\t\t<\/div>\n\t\t<\/div>\n\t\t\t\t<div class=\"elementor-column elementor-col-33 elementor-top-column elementor-element elementor-element-7a34088c\" data-id=\"7a34088c\" data-element_type=\"column\" data-e-type=\"column\">\n\t\t\t<div class=\"elementor-widget-wrap elementor-element-populated\">\n\t\t\t\t\t\t<div class=\"elementor-element elementor-element-3e7c4755 elementor-widget elementor-widget-text-editor\" data-id=\"3e7c4755\" data-element_type=\"widget\" data-e-type=\"widget\" data-widget_type=\"text-editor.default\">\n\t\t\t\t<div class=\"elementor-widget-container\">\n\t\t\t\t\t\t\t\t\t<p><strong>Treballa amb nosaltres<\/strong><br \/>Vols formar part del nostre equip i comparteixes la nostra missi\u00f3, visi\u00f3 i valors? <br \/><span style=\"text-decoration: underline;\"><a style=\"color: #ffffff; text-decoration: underline;\" href=\"https:\/\/fundaciotallers.org\/ca\/treballa-amb-nosaltres\/\" rel=\"noopener\">Veure m\u00e9s<\/a><\/span><\/p>\t\t\t\t\t\t\t\t<\/div>\n\t\t\t\t<\/div>\n\t\t\t\t\t<\/div>\n\t\t<\/div>\n\t\t\t\t<div class=\"elementor-column elementor-col-33 elementor-top-column elementor-element elementor-element-7649722d\" data-id=\"7649722d\" data-element_type=\"column\" data-e-type=\"column\">\n\t\t\t<div class=\"elementor-widget-wrap elementor-element-populated\">\n\t\t\t\t\t\t<div class=\"elementor-element elementor-element-30ed0cf2 elementor-widget elementor-widget-text-editor\" data-id=\"30ed0cf2\" data-element_type=\"widget\" data-e-type=\"widget\" data-widget_type=\"text-editor.default\">\n\t\t\t\t<div class=\"elementor-widget-container\">\n\t\t\t\t\t\t\t\t\t<p><strong>Segueix-nos a les xarxes<\/strong><\/p>\t\t\t\t\t\t\t\t<\/div>\n\t\t\t\t<\/div>\n\t\t\t\t<section class=\"elementor-section elementor-inner-section elementor-element elementor-element-e8ba75e elementor-section-boxed elementor-section-height-default elementor-section-height-default\" data-id=\"e8ba75e\" data-element_type=\"section\" data-e-type=\"section\">\n\t\t\t\t\t\t<div class=\"elementor-container elementor-column-gap-default\">\n\t\t\t\t\t<div class=\"elementor-column elementor-col-50 elementor-inner-column elementor-element elementor-element-cd781b4\" data-id=\"cd781b4\" data-element_type=\"column\" data-e-type=\"column\">\n\t\t\t<div class=\"elementor-widget-wrap elementor-element-populated\">\n\t\t\t\t\t\t<div class=\"elementor-element elementor-element-32f4ac5 elementor-view-default elementor-widget elementor-widget-icon\" data-id=\"32f4ac5\" data-element_type=\"widget\" data-e-type=\"widget\" data-widget_type=\"icon.default\">\n\t\t\t\t<div class=\"elementor-widget-container\">\n\t\t\t\t\t\t\t<div class=\"elementor-icon-wrapper\">\n\t\t\t<a class=\"elementor-icon\" href=\"https:\/\/www.instagram.com\/fundaciotallers\/\" target=\"_blank\">\n\t\t\t<i aria-hidden=\"true\" class=\"fab fa-instagram\"><\/i>\t\t\t<\/a>\n\t\t<\/div>\n\t\t\t\t\t\t<\/div>\n\t\t\t\t<\/div>\n\t\t\t\t\t<\/div>\n\t\t<\/div>\n\t\t\t\t<div class=\"elementor-column elementor-col-50 elementor-inner-column elementor-element elementor-element-2b22888\" data-id=\"2b22888\" data-element_type=\"column\" data-e-type=\"column\">\n\t\t\t<div class=\"elementor-widget-wrap elementor-element-populated\">\n\t\t\t\t\t\t<div class=\"elementor-element elementor-element-c166f05 elementor-view-default elementor-widget elementor-widget-icon\" data-id=\"c166f05\" data-element_type=\"widget\" data-e-type=\"widget\" data-widget_type=\"icon.default\">\n\t\t\t\t<div class=\"elementor-widget-container\">\n\t\t\t\t\t\t\t<div class=\"elementor-icon-wrapper\">\n\t\t\t<a class=\"elementor-icon\" href=\"https:\/\/www.linkedin.com\/company\/fundacio-tallers\/\" target=\"_blank\">\n\t\t\t<i aria-hidden=\"true\" class=\"fab fa-linkedin-in\"><\/i>\t\t\t<\/a>\n\t\t<\/div>\n\t\t\t\t\t\t<\/div>\n\t\t\t\t<\/div>\n\t\t\t\t\t<\/div>\n\t\t<\/div>\n\t\t\t\t\t<\/div>\n\t\t<\/section>\n\t\t\t\t\t<\/div>\n\t\t<\/div>\n\t\t\t\t\t<\/div>\n\t\t<\/section>\n\t\t\t\t<section class=\"elementor-section elementor-top-section elementor-element elementor-element-40511dc elementor-hidden-mobile elementor-section-boxed elementor-section-height-default elementor-section-height-default\" data-id=\"40511dc\" data-element_type=\"section\" data-e-type=\"section\" data-settings=\"{&quot;background_background&quot;:&quot;classic&quot;}\">\n\t\t\t\t\t\t<div class=\"elementor-container elementor-column-gap-default\">\n\t\t\t\t\t<div class=\"elementor-column elementor-col-100 elementor-top-column elementor-element elementor-element-7ccb07ab\" data-id=\"7ccb07ab\" data-element_type=\"column\" data-e-type=\"column\">\n\t\t\t<div class=\"elementor-widget-wrap elementor-element-populated\">\n\t\t\t\t\t\t<div class=\"elementor-element elementor-element-41b20b4a elementor-widget-divider--view-line elementor-widget elementor-widget-divider\" data-id=\"41b20b4a\" data-element_type=\"widget\" data-e-type=\"widget\" data-widget_type=\"divider.default\">\n\t\t\t\t<div class=\"elementor-widget-container\">\n\t\t\t\t\t\t\t<div class=\"elementor-divider\">\n\t\t\t<span class=\"elementor-divider-separator\">\n\t\t\t\t\t\t<\/span>\n\t\t<\/div>\n\t\t\t\t\t\t<\/div>\n\t\t\t\t<\/div>\n\t\t\t\t<div class=\"elementor-element elementor-element-1b60de33 elementor-widget elementor-widget-text-editor\" data-id=\"1b60de33\" data-element_type=\"widget\" data-e-type=\"widget\" data-widget_type=\"text-editor.default\">\n\t\t\t\t<div class=\"elementor-widget-container\">\n\t\t\t\t\t\t\t\t\t\u00a9 2025. <a style=\"color: #fff;\" href=\"https:\/\/fundaciotallers.org\/ca\/politica-de-privacitat\/\" target=\"_parent\" rel=\"noopener\">Pol\u00edtica de privacitat<\/a>\u00a0|\u00a0<a style=\"color: #fff;\" href=\"https:\/\/fundaciotallers.org\/ca\/politica-cookies\/\" target=\"_parent\" rel=\"noopener\">Pol\u00edtica de Cookies<\/a>\u00a0|\u00a0<a style=\"color: #fff;\" href=\"https:\/\/fundaciotallers.org\/ca\/avis-legal\/\" target=\"_parent\" rel=\"noopener\">Av\u00eds Legal<\/a>\u00a0|\u00a0<a style=\"color: #fff;\" href=\"https:\/\/fundaciotallers.org\/ca\/canal-denuncia\/\" target=\"_parent\" rel=\"noopener\">Canal den\u00fancia<\/a>\u00a0|\u00a0<a style=\"color: #fff;\" href=\"http:\/\/intranet.fhspereclaver.org\/Adm.php?Mc=1\" target=\"_blank\" rel=\"noopener\">Intranet<\/a>\t\t\t\t\t\t\t\t<\/div>\n\t\t\t\t<\/div>\n\t\t\t\t\t<\/div>\n\t\t<\/div>\n\t\t\t\t\t<\/div>\n\t\t<\/section>\n\t\t\t\t<section class=\"elementor-section elementor-top-section elementor-element elementor-element-3c08b3a elementor-hidden-desktop elementor-hidden-tablet elementor-section-boxed elementor-section-height-default elementor-section-height-default\" data-id=\"3c08b3a\" data-element_type=\"section\" data-e-type=\"section\" data-settings=\"{&quot;background_background&quot;:&quot;classic&quot;}\">\n\t\t\t\t\t\t<div class=\"elementor-container elementor-column-gap-default\">\n\t\t\t\t\t<div class=\"elementor-column elementor-col-100 elementor-top-column elementor-element elementor-element-abae429\" data-id=\"abae429\" data-element_type=\"column\" data-e-type=\"column\">\n\t\t\t<div class=\"elementor-widget-wrap elementor-element-populated\">\n\t\t\t\t\t\t<div class=\"elementor-element elementor-element-c1ac15e elementor-widget elementor-widget-text-editor\" data-id=\"c1ac15e\" data-element_type=\"widget\" data-e-type=\"widget\" data-widget_type=\"text-editor.default\">\n\t\t\t\t<div class=\"elementor-widget-container\">\n\t\t\t\t\t\t\t\t\t<p><strong>Fundaci\u00f3 Tallers | Inclusi\u00f3 Laboral<br \/><\/strong>Entitat de Pere Caver Grup<br \/>Tel. 93 392 23 11<br \/><span style=\"text-decoration: underline;\"><a style=\"color: #ffffff; text-decoration: underline;\" href=\"&#109;&#x61;i&#x6c;&#x74;&#111;&#x3a;i&#110;&#x66;&#111;&#x40;f&#117;&#x6e;d&#x61;c&#105;&#x6f;t&#x61;&#x6c;&#108;&#x65;r&#115;&#x2e;&#111;&#x72;g\">&#x69;n&#x66;&#111;&#64;&#x66;&#117;&#x6e;&#100;a&#x63;&#105;&#x6f;&#116;a&#x6c;&#108;&#x65;&#x72;s&#x2e;&#111;r&#x67;<\/a><\/span><\/p>\t\t\t\t\t\t\t\t<\/div>\n\t\t\t\t<\/div>\n\t\t\t\t<div class=\"elementor-element elementor-element-1ebba66 elementor-widget elementor-widget-text-editor\" data-id=\"1ebba66\" data-element_type=\"widget\" data-e-type=\"widget\" data-widget_type=\"text-editor.default\">\n\t\t\t\t<div class=\"elementor-widget-container\">\n\t\t\t\t\t\t\t\t\t<p><strong>Treballa amb nosaltres<\/strong><br \/>Vols formar part del nostre equip i comparteixes<br \/>la nostra missi\u00f3, visi\u00f3 i valors? <span style=\"text-decoration: underline;\"><a style=\"color: #ffffff; text-decoration: underline;\" href=\"https:\/\/www.santpereclaver.org\/treballa-amb-nosaltres\/\" target=\"_blank\" rel=\"noopener\">Veure m\u00e9s<\/a><\/span><\/p>\t\t\t\t\t\t\t\t<\/div>\n\t\t\t\t<\/div>\n\t\t\t\t<div class=\"elementor-element elementor-element-b40b64c elementor-widget elementor-widget-text-editor\" data-id=\"b40b64c\" data-element_type=\"widget\" data-e-type=\"widget\" data-widget_type=\"text-editor.default\">\n\t\t\t\t<div class=\"elementor-widget-container\">\n\t\t\t\t\t\t\t\t\t<p><strong>Segueix-nos a les xarxes<\/strong><\/p>\t\t\t\t\t\t\t\t<\/div>\n\t\t\t\t<\/div>\n\t\t\t\t<section class=\"elementor-section elementor-inner-section elementor-element elementor-element-62a2fce elementor-section-boxed elementor-section-height-default elementor-section-height-default\" data-id=\"62a2fce\" data-element_type=\"section\" data-e-type=\"section\">\n\t\t\t\t\t\t<div class=\"elementor-container elementor-column-gap-default\">\n\t\t\t\t\t<div class=\"elementor-column elementor-col-50 elementor-inner-column elementor-element elementor-element-d218c11\" data-id=\"d218c11\" data-element_type=\"column\" data-e-type=\"column\">\n\t\t\t<div class=\"elementor-widget-wrap elementor-element-populated\">\n\t\t\t\t\t\t<div class=\"elementor-element elementor-element-c3ecb0c elementor-view-default elementor-widget elementor-widget-icon\" data-id=\"c3ecb0c\" data-element_type=\"widget\" data-e-type=\"widget\" data-widget_type=\"icon.default\">\n\t\t\t\t<div class=\"elementor-widget-container\">\n\t\t\t\t\t\t\t<div class=\"elementor-icon-wrapper\">\n\t\t\t<a class=\"elementor-icon\" href=\"https:\/\/www.instagram.com\/fundaciotallers\/\" target=\"_blank\">\n\t\t\t<i aria-hidden=\"true\" class=\"fab fa-instagram\"><\/i>\t\t\t<\/a>\n\t\t<\/div>\n\t\t\t\t\t\t<\/div>\n\t\t\t\t<\/div>\n\t\t\t\t<div class=\"elementor-element elementor-element-6064f6e elementor-view-default elementor-widget elementor-widget-icon\" data-id=\"6064f6e\" data-element_type=\"widget\" data-e-type=\"widget\" data-widget_type=\"icon.default\">\n\t\t\t\t<div class=\"elementor-widget-container\">\n\t\t\t\t\t\t\t<div class=\"elementor-icon-wrapper\">\n\t\t\t<a class=\"elementor-icon\" href=\"https:\/\/www.linkedin.com\/company\/fundacio-tallers\/\" target=\"_blank\">\n\t\t\t<i aria-hidden=\"true\" class=\"fab fa-linkedin-in\"><\/i>\t\t\t<\/a>\n\t\t<\/div>\n\t\t\t\t\t\t<\/div>\n\t\t\t\t<\/div>\n\t\t\t\t\t<\/div>\n\t\t<\/div>\n\t\t\t\t<div class=\"elementor-column elementor-col-50 elementor-inner-column elementor-element elementor-element-63df5d0\" data-id=\"63df5d0\" data-element_type=\"column\" data-e-type=\"column\">\n\t\t\t<div class=\"elementor-widget-wrap\">\n\t\t\t\t\t\t\t<\/div>\n\t\t<\/div>\n\t\t\t\t\t<\/div>\n\t\t<\/section>\n\t\t\t\t<div class=\"elementor-element elementor-element-f3ccbdf elementor-widget-divider--view-line elementor-widget elementor-widget-divider\" data-id=\"f3ccbdf\" data-element_type=\"widget\" data-e-type=\"widget\" data-widget_type=\"divider.default\">\n\t\t\t\t<div class=\"elementor-widget-container\">\n\t\t\t\t\t\t\t<div class=\"elementor-divider\">\n\t\t\t<span class=\"elementor-divider-separator\">\n\t\t\t\t\t\t<\/span>\n\t\t<\/div>\n\t\t\t\t\t\t<\/div>\n\t\t\t\t<\/div>\n\t\t\t\t<div class=\"elementor-element elementor-element-8786153 elementor-widget elementor-widget-text-editor\" data-id=\"8786153\" data-element_type=\"widget\" data-e-type=\"widget\" data-widget_type=\"text-editor.default\">\n\t\t\t\t<div class=\"elementor-widget-container\">\n\t\t\t\t\t\t\t\t\t\u00a9 2025. <a style=\"color: #fff;\" href=\"https:\/\/fundaciotallers.org\/ca\/politica-de-privacitat\/\" target=\"_parent\" rel=\"noopener\">Pol\u00edtica de privacitat<\/a>\u00a0|\u00a0<a style=\"color: #fff;\" href=\"https:\/\/fundaciotallers.org\/ca\/politica-cookies\/\" target=\"_parent\" rel=\"noopener\">Pol\u00edtica de Cookies<\/a>\u00a0|\u00a0<a style=\"color: #fff;\" href=\"https:\/\/fundaciotallers.org\/ca\/avis-legal\/\" target=\"_parent\" rel=\"noopener\">Av\u00eds Legal<\/a>\u00a0|\u00a0<a style=\"color: #fff;\" href=\"https:\/\/fundaciotallers.org\/ca\/canal-denuncia\/\" target=\"_parent\" rel=\"noopener\">Canal den\u00fancia<\/a>\u00a0|\u00a0<a style=\"color: #fff;\" href=\"http:\/\/intranet.fhspereclaver.org\/Adm.php?Mc=1\" target=\"_blank\" rel=\"noopener\">Intranet<\/a>\t\t\t\t\t\t\t\t<\/div>\n\t\t\t\t<\/div>\n\t\t\t\t\t<\/div>\n\t\t<\/div>\n\t\t\t\t\t<\/div>\n\t\t<\/section>\n\t\t\t\t<\/div>\n\t\t","protected":false},"excerpt":{"rendered":"<p>Instagram Linkedin Catal\u00e0\u00a0 \u00a0|\u00a0 \u00a0Castell\u00e0 Qui som Coneix-nos Hist\u00f2ria Patronat i Comit\u00e8 de Direcci\u00f3 Equip de Coordinaci\u00f3 i Serveis de&hellip;<\/p>\n","protected":false},"author":7,"featured_media":0,"parent":0,"menu_order":0,"comment_status":"closed","ping_status":"closed","template":"elementor_header_footer","meta":{"footnotes":""},"class_list":["post-45676","page","type-page","status-publish","hentry"],"_links":{"self":[{"href":"https:\/\/fundaciotallers.org\/ca\/wp-json\/wp\/v2\/pages\/45676","targetHints":{"allow":["GET"]}}],"collection":[{"href":"https:\/\/fundaciotallers.org\/ca\/wp-json\/wp\/v2\/pages"}],"about":[{"href":"https:\/\/fundaciotallers.org\/ca\/wp-json\/wp\/v2\/types\/page"}],"author":[{"embeddable":true,"href":"https:\/\/fundaciotallers.org\/ca\/wp-json\/wp\/v2\/users\/7"}],"replies":[{"embeddable":true,"href":"https:\/\/fundaciotallers.org\/ca\/wp-json\/wp\/v2\/comments?post=45676"}],"version-history":[{"count":28,"href":"https:\/\/fundaciotallers.org\/ca\/wp-json\/wp\/v2\/pages\/45676\/revisions"}],"predecessor-version":[{"id":48686,"href":"https:\/\/fundaciotallers.org\/ca\/wp-json\/wp\/v2\/pages\/45676\/revisions\/48686"}],"wp:attachment":[{"href":"https:\/\/fundaciotallers.org\/ca\/wp-json\/wp\/v2\/media?parent=45676"}],"curies":[{"name":"wp","href":"https:\/\/api.w.org\/{rel}","templated":true}]}}