{"id":45661,"date":"2025-08-03T17:46:14","date_gmt":"2025-08-03T15:46:14","guid":{"rendered":"https:\/\/fundaciotallers.org\/?page_id=45661"},"modified":"2025-11-21T00:31:15","modified_gmt":"2025-11-20T23:31:15","slug":"avis-legal-2","status":"publish","type":"page","link":"https:\/\/fundaciotallers.org\/ca\/avis-legal-2\/","title":{"rendered":"Av\u00eds Legal"},"content":{"rendered":"\t\t<div data-elementor-type=\"wp-page\" data-elementor-id=\"45661\" class=\"elementor elementor-45661\">\n\t\t\t\t\t\t<section class=\"elementor-section elementor-top-section elementor-element elementor-element-3acc279 elementor-hidden-mobile elementor-section-boxed elementor-section-height-default elementor-section-height-default\" data-id=\"3acc279\" data-element_type=\"section\" data-e-type=\"section\" data-settings=\"{&quot;background_background&quot;:&quot;classic&quot;}\">\n\t\t\t\t\t\t<div class=\"elementor-container elementor-column-gap-narrow\">\n\t\t\t\t\t<div class=\"elementor-column elementor-col-25 elementor-top-column elementor-element elementor-element-238bcff\" data-id=\"238bcff\" data-element_type=\"column\" data-e-type=\"column\">\n\t\t\t<div class=\"elementor-widget-wrap elementor-element-populated\">\n\t\t\t\t\t\t<div class=\"elementor-element elementor-element-851e1b3 elementor-widget elementor-widget-image\" data-id=\"851e1b3\" data-element_type=\"widget\" data-e-type=\"widget\" data-widget_type=\"image.default\">\n\t\t\t\t<div class=\"elementor-widget-container\">\n\t\t\t\t\t\t\t\t\t\t\t\t\t\t\t\t<a href=\"https:\/\/fundaciotallers.org\/ca\/\">\n\t\t\t\t\t\t\t<img fetchpriority=\"high\" decoding=\"async\" width=\"1024\" height=\"313\" src=\"https:\/\/fundaciotallers.org\/wp-content\/uploads\/2025\/07\/fundacio-tallers-inclusio-laboral-1024x313.png\" class=\"attachment-large size-large wp-image-44006\" alt=\"\" srcset=\"https:\/\/fundaciotallers.org\/wp-content\/uploads\/2025\/07\/fundacio-tallers-inclusio-laboral-1024x313.png 1024w, https:\/\/fundaciotallers.org\/wp-content\/uploads\/2025\/07\/fundacio-tallers-inclusio-laboral-300x92.png 300w, https:\/\/fundaciotallers.org\/wp-content\/uploads\/2025\/07\/fundacio-tallers-inclusio-laboral-768x234.png 768w, https:\/\/fundaciotallers.org\/wp-content\/uploads\/2025\/07\/fundacio-tallers-inclusio-laboral-1536x469.png 1536w, https:\/\/fundaciotallers.org\/wp-content\/uploads\/2025\/07\/fundacio-tallers-inclusio-laboral.png 1890w\" sizes=\"(max-width: 1024px) 100vw, 1024px\" \/>\t\t\t\t\t\t\t\t<\/a>\n\t\t\t\t\t\t\t\t\t\t\t\t\t\t\t<\/div>\n\t\t\t\t<\/div>\n\t\t\t\t\t<\/div>\n\t\t<\/div>\n\t\t\t\t<div class=\"elementor-column elementor-col-25 elementor-top-column elementor-element elementor-element-8799f24\" data-id=\"8799f24\" data-element_type=\"column\" data-e-type=\"column\">\n\t\t\t<div class=\"elementor-widget-wrap\">\n\t\t\t\t\t\t\t<\/div>\n\t\t<\/div>\n\t\t\t\t<div class=\"elementor-column elementor-col-25 elementor-top-column elementor-element elementor-element-36c9da6\" data-id=\"36c9da6\" data-element_type=\"column\" data-e-type=\"column\">\n\t\t\t<div class=\"elementor-widget-wrap elementor-element-populated\">\n\t\t\t\t\t\t<div class=\"elementor-element elementor-element-78fb2f9 elementor-shape-circle e-grid-align-right elementor-grid-0 elementor-widget elementor-widget-social-icons\" data-id=\"78fb2f9\" data-element_type=\"widget\" data-e-type=\"widget\" data-widget_type=\"social-icons.default\">\n\t\t\t\t<div class=\"elementor-widget-container\">\n\t\t\t\t\t\t\t<div class=\"elementor-social-icons-wrapper elementor-grid\" role=\"list\">\n\t\t\t\t\t\t\t<span class=\"elementor-grid-item\" role=\"listitem\">\n\t\t\t\t\t<a class=\"elementor-icon elementor-social-icon elementor-social-icon-instagram elementor-repeater-item-1e3f81b\" target=\"_blank\">\n\t\t\t\t\t\t<span class=\"elementor-screen-only\">Instagram<\/span>\n\t\t\t\t\t\t<i aria-hidden=\"true\" class=\"fab fa-instagram\"><\/i>\t\t\t\t\t<\/a>\n\t\t\t\t<\/span>\n\t\t\t\t\t\t\t<span class=\"elementor-grid-item\" role=\"listitem\">\n\t\t\t\t\t<a class=\"elementor-icon elementor-social-icon elementor-social-icon-linkedin elementor-repeater-item-980f104\" target=\"_blank\">\n\t\t\t\t\t\t<span class=\"elementor-screen-only\">Linkedin<\/span>\n\t\t\t\t\t\t<i aria-hidden=\"true\" class=\"fab fa-linkedin\"><\/i>\t\t\t\t\t<\/a>\n\t\t\t\t<\/span>\n\t\t\t\t\t<\/div>\n\t\t\t\t\t\t<\/div>\n\t\t\t\t<\/div>\n\t\t\t\t\t<\/div>\n\t\t<\/div>\n\t\t\t\t<div class=\"elementor-column elementor-col-25 elementor-top-column elementor-element elementor-element-ecda654\" data-id=\"ecda654\" data-element_type=\"column\" data-e-type=\"column\">\n\t\t\t<div class=\"elementor-widget-wrap elementor-element-populated\">\n\t\t\t\t\t\t<div class=\"elementor-element elementor-element-4a485bb elementor-widget elementor-widget-text-editor\" data-id=\"4a485bb\" data-element_type=\"widget\" data-e-type=\"widget\" data-widget_type=\"text-editor.default\">\n\t\t\t\t<div class=\"elementor-widget-container\">\n\t\t\t\t\t\t\t\t\t<a href=\"https:\/\/fundaciotallers.org\/ca\/\">Catal\u00e0\u00a0<\/a> \u00a0|\u00a0 \u00a0<a href=\"https:\/\/fundaciotallers.org\/es\/\">Castell\u00e0<\/a>\t\t\t\t\t\t\t\t<\/div>\n\t\t\t\t<\/div>\n\t\t\t\t\t<\/div>\n\t\t<\/div>\n\t\t\t\t\t<\/div>\n\t\t<\/section>\n\t\t\t\t<section class=\"elementor-section elementor-top-section elementor-element elementor-element-7d3ed93 elementor-hidden-desktop elementor-hidden-tablet elementor-hidden-mobile elementor-section-boxed elementor-section-height-default elementor-section-height-default\" data-id=\"7d3ed93\" data-element_type=\"section\" data-e-type=\"section\">\n\t\t\t\t\t\t<div class=\"elementor-container elementor-column-gap-narrow\">\n\t\t\t\t\t<div class=\"elementor-column elementor-col-50 elementor-top-column elementor-element elementor-element-8669df5\" data-id=\"8669df5\" data-element_type=\"column\" data-e-type=\"column\">\n\t\t\t<div class=\"elementor-widget-wrap elementor-element-populated\">\n\t\t\t\t\t\t<div class=\"elementor-element elementor-element-dd20384 eael_simple_menu_hamburger_disable_selected_menu_no eael-simple-menu-hamburger-align-right eael-hamburger--tablet elementor-widget elementor-widget-eael-simple-menu\" data-id=\"dd20384\" data-element_type=\"widget\" data-e-type=\"widget\" data-widget_type=\"eael-simple-menu.default\">\n\t\t\t\t<div class=\"elementor-widget-container\">\n\t\t\t\t\t<style>\n                        @media screen and (max-width: 1024px) {\n                            .eael-hamburger--tablet {\n                                .eael-simple-menu-horizontal,\n                                .eael-simple-menu-vertical {\n                                    display: none;\n                                }\n                            }\n                            .eael-hamburger--tablet {\n                                .eael-simple-menu-container .eael-simple-menu-toggle {\n                                    display: block;\n                                }\n                            }\n                        }\n                        .eael-simple-menu-container.eael-simple-menu--loading > ul {\n                            display: -webkit-box !important;\n                            display: -ms-flexbox !important;\n                            display: flex !important;\n                            list-style: none !important;\n                        }\n                        .eael-simple-menu-container.eael-simple-menu--loading li ul {\n                            visibility: hidden !important;\n                            opacity: 0 !important;\n                        }\n                    <\/style>            <div data-hamburger-icon=\"&lt;i aria-hidden=&quot;true&quot; class=&quot;fas fa-bars&quot;&gt;&lt;\/i&gt;\" data-indicator-icon=\"&lt;i aria-hidden=&quot;true&quot; class=&quot;fas fa-angle-down&quot;&gt;&lt;\/i&gt;\" data-dropdown-indicator-icon=\"&lt;i class=&quot;fas fa-angle-down&quot;&gt;&lt;\/i&gt;\" class=\"eael-simple-menu-container eael-simple-menu--loading eael-simple-menu-align-left eael-simple-menu-dropdown-align-left preset-1\" data-hamburger-breakpoints=\"{&quot;mobile&quot;:&quot;M\\u00f2bil vertical (&gt; 767px)&quot;,&quot;tablet&quot;:&quot;Tauleta vertical (&gt; 1024px)&quot;,&quot;desktop&quot;:&quot;Desktop (&gt; 2400px)&quot;,&quot;none&quot;:&quot;None&quot;}\" data-hamburger-device=\"tablet\">\n                <ul id=\"menu-nova-web-cat\" class=\"eael-simple-menu eael-simple-menu-dropdown-animate-to-top eael-simple-menu-indicator eael-simple-menu-horizontal\"><li id=\"menu-item-44083\" class=\"menu-item menu-item-type-custom menu-item-object-custom menu-item-has-children menu-item-44083\"><a href=\"#\">Qui som<\/a>\n<ul class=\"sub-menu\">\n\t<li id=\"menu-item-47149\" class=\"menu-item menu-item-type-post_type menu-item-object-page menu-item-47149\"><a href=\"https:\/\/fundaciotallers.org\/ca\/coneixnos\/\">Coneix-nos<\/a><\/li>\n\t<li id=\"menu-item-47102\" class=\"menu-item menu-item-type-post_type menu-item-object-page menu-item-47102\"><a href=\"https:\/\/fundaciotallers.org\/ca\/historia-2\/\">Hist\u00f2ria<\/a><\/li>\n\t<li id=\"menu-item-47666\" class=\"menu-item menu-item-type-post_type menu-item-object-page menu-item-47666\"><a href=\"https:\/\/fundaciotallers.org\/ca\/patronat-i-comite-de-direccio\/\">Patronat i Comit\u00e8 de Direcci\u00f3<\/a><\/li>\n\t<li id=\"menu-item-47665\" class=\"menu-item menu-item-type-post_type menu-item-object-page menu-item-47665\"><a href=\"https:\/\/fundaciotallers.org\/ca\/equip-coordinacio-serveis-de-suport\/\">Equip de Coordinaci\u00f3 i Serveis de Suport<\/a><\/li>\n\t<li id=\"menu-item-45928\" class=\"menu-item menu-item-type-post_type menu-item-object-page menu-item-45928\"><a href=\"https:\/\/fundaciotallers.org\/ca\/portal-transparencia\/\">Portal de Transpar\u00e8ncia<\/a><\/li>\n\t<li id=\"menu-item-45929\" class=\"menu-item menu-item-type-post_type menu-item-object-page menu-item-45929\"><a href=\"https:\/\/fundaciotallers.org\/ca\/portal-transparencia\/memoria\/\">Mem\u00f2ries<\/a><\/li>\n\t<li id=\"menu-item-46143\" class=\"menu-item menu-item-type-post_type menu-item-object-page menu-item-46143\"><a href=\"https:\/\/fundaciotallers.org\/ca\/politica-de-qualitat-i-medi-ambient\/\">Pol\u00edtica de qualitat i medi ambient<\/a><\/li>\n\t<li id=\"menu-item-46144\" class=\"menu-item menu-item-type-post_type menu-item-object-page menu-item-46144\"><a href=\"https:\/\/fundaciotallers.org\/ca\/colaboradors\/\">Col\u00b7laboradors<\/a><\/li>\n<\/ul>\n<\/li>\n<li id=\"menu-item-45972\" class=\"menu-item menu-item-type-post_type menu-item-object-page menu-item-has-children menu-item-45972\"><a href=\"https:\/\/fundaciotallers.org\/ca\/serveis-per-a-les-persones\/\">A les persones<\/a>\n<ul class=\"sub-menu\">\n\t<li id=\"menu-item-44953\" class=\"menu-item menu-item-type-post_type menu-item-object-page menu-item-44953\"><a href=\"https:\/\/fundaciotallers.org\/ca\/servei-de-formacio-ocupacional\/\">Formaci\u00f3 ocupacional<\/a><\/li>\n\t<li id=\"menu-item-45205\" class=\"menu-item menu-item-type-post_type menu-item-object-page menu-item-45205\"><a href=\"https:\/\/fundaciotallers.org\/ca\/servei-dinsercio-laboral-sil\/\">Servei d\u2019Inserci\u00f3 Laboral (SIL)<\/a><\/li>\n\t<li id=\"menu-item-46286\" class=\"menu-item menu-item-type-post_type menu-item-object-page menu-item-46286\"><a href=\"https:\/\/fundaciotallers.org\/ca\/centre-especial-de-treball\/\">Centre Especial de Treball<\/a><\/li>\n\t<li id=\"menu-item-45968\" class=\"menu-item menu-item-type-post_type menu-item-object-page menu-item-45968\"><a href=\"https:\/\/fundaciotallers.org\/ca\/equip-multidiciplinari-suport\/\">Equip Multidisciplinari de Suport (EMS)<\/a><\/li>\n\t<li id=\"menu-item-46639\" class=\"menu-item menu-item-type-post_type menu-item-object-page menu-item-46639\"><a href=\"https:\/\/fundaciotallers.org\/ca\/empresa-insercio\/\">Empresa d\u2019inserci\u00f3<\/a><\/li>\n<\/ul>\n<\/li>\n<li id=\"menu-item-45971\" class=\"menu-item menu-item-type-post_type menu-item-object-page menu-item-has-children menu-item-45971\"><a href=\"https:\/\/fundaciotallers.org\/ca\/serveis-per-a-les-empreses\/\">A les empreses<\/a>\n<ul class=\"sub-menu\">\n\t<li id=\"menu-item-46679\" class=\"menu-item menu-item-type-post_type menu-item-object-page menu-item-46679\"><a href=\"https:\/\/fundaciotallers.org\/ca\/compliment-llei-discapacitat\/\">Compliment Llei Discapacitat<\/a><\/li>\n\t<li id=\"menu-item-45269\" class=\"menu-item menu-item-type-post_type menu-item-object-page menu-item-45269\"><a href=\"https:\/\/fundaciotallers.org\/ca\/jardineria\/\">Jardineria<\/a><\/li>\n\t<li id=\"menu-item-46710\" class=\"menu-item menu-item-type-post_type menu-item-object-page menu-item-46710\"><a href=\"https:\/\/fundaciotallers.org\/ca\/serveis-de-neteja\/\">Neteja<\/a><\/li>\n\t<li id=\"menu-item-46656\" class=\"menu-item menu-item-type-post_type menu-item-object-page menu-item-46656\"><a href=\"https:\/\/fundaciotallers.org\/ca\/manipulats-logistica-industrial\/\">Manipulats, log\u00edstica industrial i serveis t\u00e8xtils<\/a><\/li>\n\t<li id=\"menu-item-46928\" class=\"menu-item menu-item-type-post_type menu-item-object-page menu-item-46928\"><a href=\"https:\/\/fundaciotallers.org\/ca\/serveis-de-tintoreria-i-bugaderia\/\">Tintoreria<\/a><\/li>\n\t<li id=\"menu-item-47035\" class=\"menu-item menu-item-type-post_type menu-item-object-page menu-item-47035\"><a href=\"https:\/\/fundaciotallers.org\/ca\/servei-de-gestio-documental\/\">Externalitzaci\u00f3 processos administratius<\/a><\/li>\n<\/ul>\n<\/li>\n<li id=\"menu-item-47042\" class=\"menu-item menu-item-type-post_type menu-item-object-page menu-item-has-children menu-item-47042\"><a href=\"https:\/\/fundaciotallers.org\/ca\/serveis-per-a-les-administracions\/\">A les administracions<\/a>\n<ul class=\"sub-menu\">\n\t<li id=\"menu-item-47283\" class=\"menu-item menu-item-type-post_type menu-item-object-page menu-item-47283\"><a href=\"https:\/\/fundaciotallers.org\/ca\/serveis-jardineria-administracions-publiques\/\">Jardineria<\/a><\/li>\n\t<li id=\"menu-item-47477\" class=\"menu-item menu-item-type-post_type menu-item-object-page menu-item-47477\"><a href=\"https:\/\/fundaciotallers.org\/ca\/neteja-interiors\/\">Neteja d\u2019interiors<\/a><\/li>\n\t<li id=\"menu-item-46503\" class=\"menu-item menu-item-type-post_type menu-item-object-page menu-item-46503\"><a href=\"https:\/\/fundaciotallers.org\/ca\/neteja-viaria\/\">Neteja Vi\u00e0ria<\/a><\/li>\n\t<li id=\"menu-item-46736\" class=\"menu-item menu-item-type-post_type menu-item-object-page menu-item-46736\"><a href=\"https:\/\/fundaciotallers.org\/ca\/gestio-deixalleries-punts-verds\/\">Gesti\u00f3 de deixalleries i punts verds<\/a><\/li>\n\t<li id=\"menu-item-46931\" class=\"menu-item menu-item-type-post_type menu-item-object-page menu-item-46931\"><a href=\"https:\/\/fundaciotallers.org\/ca\/externalitzacio-dels-procesos-administratius\/\">Gesti\u00f3 documental<\/a><\/li>\n<\/ul>\n<\/li>\n<li id=\"menu-item-45780\" class=\"menu-item menu-item-type-post_type menu-item-object-page menu-item-45780\"><a href=\"https:\/\/fundaciotallers.org\/ca\/treballa-amb-nosaltres-ofertes\/\">Treballa amb nosaltres<\/a><\/li>\n<li id=\"menu-item-45970\" class=\"menu-item menu-item-type-custom menu-item-object-custom menu-item-45970\"><a target=\"_blank\" href=\"https:\/\/www.pereclaver.org\/voluntariat\/\">Voluntariat<\/a><\/li>\n<li id=\"menu-item-45855\" class=\"menu-item menu-item-type-post_type menu-item-object-page menu-item-45855\"><a href=\"https:\/\/fundaciotallers.org\/ca\/noticies\/\">Blog<\/a><\/li>\n<li id=\"menu-item-46507\" class=\"menu-item menu-item-type-post_type menu-item-object-page menu-item-46507\"><a href=\"https:\/\/fundaciotallers.org\/ca\/contacte\/\">Contacte<\/a><\/li>\n<\/ul>                <button class=\"eael-simple-menu-toggle\">\n                    <span class=\"sr-only \">Hamburger Toggle Menu<\/span>\n                    <i aria-hidden=\"true\" class=\"fas fa-bars\"><\/i>                <\/button>\n            <\/div>\n            \t\t\t\t<\/div>\n\t\t\t\t<\/div>\n\t\t\t\t\t<\/div>\n\t\t<\/div>\n\t\t\t\t<div class=\"elementor-column elementor-col-25 elementor-top-column elementor-element elementor-element-030390b\" data-id=\"030390b\" data-element_type=\"column\" data-e-type=\"column\">\n\t\t\t<div class=\"elementor-widget-wrap elementor-element-populated\">\n\t\t\t\t\t\t<div class=\"elementor-element elementor-element-4242973 elementor-align-right elementor-widget elementor-widget-button\" data-id=\"4242973\" data-element_type=\"widget\" data-e-type=\"widget\" data-widget_type=\"button.default\">\n\t\t\t\t<div class=\"elementor-widget-container\">\n\t\t\t\t\t\t\t\t\t<div class=\"elementor-button-wrapper\">\n\t\t\t\t\t<a class=\"elementor-button elementor-size-sm\" role=\"button\">\n\t\t\t\t\t\t<span class=\"elementor-button-content-wrapper\">\n\t\t\t\t\t\t\t\t\t<span class=\"elementor-button-text\">Col\u00b7labora<\/span>\n\t\t\t\t\t<\/span>\n\t\t\t\t\t<\/a>\n\t\t\t\t<\/div>\n\t\t\t\t\t\t\t\t<\/div>\n\t\t\t\t<\/div>\n\t\t\t\t\t<\/div>\n\t\t<\/div>\n\t\t\t\t<div class=\"elementor-column elementor-col-25 elementor-top-column elementor-element elementor-element-d365f12\" data-id=\"d365f12\" data-element_type=\"column\" data-e-type=\"column\">\n\t\t\t<div class=\"elementor-widget-wrap elementor-element-populated\">\n\t\t\t\t\t\t<div class=\"elementor-element elementor-element-c2e738a elementor-align-right elementor-widget elementor-widget-button\" data-id=\"c2e738a\" data-element_type=\"widget\" data-e-type=\"widget\" data-widget_type=\"button.default\">\n\t\t\t\t<div class=\"elementor-widget-container\">\n\t\t\t\t\t\t\t\t\t<div class=\"elementor-button-wrapper\">\n\t\t\t\t\t<a class=\"elementor-button elementor-size-sm\" role=\"button\">\n\t\t\t\t\t\t<span class=\"elementor-button-content-wrapper\">\n\t\t\t\t\t\t\t\t\t<span class=\"elementor-button-text\">Dona<\/span>\n\t\t\t\t\t<\/span>\n\t\t\t\t\t<\/a>\n\t\t\t\t<\/div>\n\t\t\t\t\t\t\t\t<\/div>\n\t\t\t\t<\/div>\n\t\t\t\t\t<\/div>\n\t\t<\/div>\n\t\t\t\t\t<\/div>\n\t\t<\/section>\n\t\t\t\t<section class=\"elementor-section elementor-top-section elementor-element elementor-element-5bcf262 elementor-hidden-mobile elementor-section-boxed elementor-section-height-default elementor-section-height-default\" data-id=\"5bcf262\" data-element_type=\"section\" data-e-type=\"section\">\n\t\t\t\t\t\t<div class=\"elementor-container elementor-column-gap-narrow\">\n\t\t\t\t\t<div class=\"elementor-column elementor-col-100 elementor-top-column elementor-element elementor-element-ec770cc\" data-id=\"ec770cc\" data-element_type=\"column\" data-e-type=\"column\">\n\t\t\t<div class=\"elementor-widget-wrap elementor-element-populated\">\n\t\t\t\t\t\t<div class=\"elementor-element elementor-element-0c6f0f7 eael_simple_menu_hamburger_disable_selected_menu_no eael-simple-menu-hamburger-align-right eael-hamburger--tablet elementor-widget elementor-widget-eael-simple-menu\" data-id=\"0c6f0f7\" data-element_type=\"widget\" data-e-type=\"widget\" data-widget_type=\"eael-simple-menu.default\">\n\t\t\t\t<div class=\"elementor-widget-container\">\n\t\t\t\t\t<style>\n                        @media screen and (max-width: 1024px) {\n                            .eael-hamburger--tablet {\n                                .eael-simple-menu-horizontal,\n                                .eael-simple-menu-vertical {\n                                    display: none;\n                                }\n                            }\n                            .eael-hamburger--tablet {\n                                .eael-simple-menu-container .eael-simple-menu-toggle {\n                                    display: block;\n                                }\n                            }\n                        }\n                        .eael-simple-menu-container.eael-simple-menu--loading > ul {\n                            display: -webkit-box !important;\n                            display: -ms-flexbox !important;\n                            display: flex !important;\n                            list-style: none !important;\n                        }\n                        .eael-simple-menu-container.eael-simple-menu--loading li ul {\n                            visibility: hidden !important;\n                            opacity: 0 !important;\n                        }\n                    <\/style>            <div data-hamburger-icon=\"&lt;i aria-hidden=&quot;true&quot; class=&quot;fas fa-bars&quot;&gt;&lt;\/i&gt;\" data-indicator-icon=\"&lt;i aria-hidden=&quot;true&quot; class=&quot;fas fa-angle-down&quot;&gt;&lt;\/i&gt;\" data-dropdown-indicator-icon=\"&lt;i class=&quot;fas fa-angle-down&quot;&gt;&lt;\/i&gt;\" class=\"eael-simple-menu-container eael-simple-menu--loading eael-simple-menu-align-left eael-simple-menu-dropdown-align-left preset-1\" data-hamburger-breakpoints=\"{&quot;mobile&quot;:&quot;M\\u00f2bil vertical (&gt; 767px)&quot;,&quot;tablet&quot;:&quot;Tauleta vertical (&gt; 1024px)&quot;,&quot;desktop&quot;:&quot;Desktop (&gt; 2400px)&quot;,&quot;none&quot;:&quot;None&quot;}\" data-hamburger-device=\"tablet\">\n                <ul id=\"menu-nova-web-cat-1\" class=\"eael-simple-menu eael-simple-menu-dropdown-animate-to-top eael-simple-menu-indicator eael-simple-menu-horizontal\"><li class=\"menu-item menu-item-type-custom menu-item-object-custom menu-item-has-children menu-item-44083\"><a href=\"#\">Qui som<\/a>\n<ul class=\"sub-menu\">\n\t<li class=\"menu-item menu-item-type-post_type menu-item-object-page menu-item-47149\"><a href=\"https:\/\/fundaciotallers.org\/ca\/coneixnos\/\">Coneix-nos<\/a><\/li>\n\t<li class=\"menu-item menu-item-type-post_type menu-item-object-page menu-item-47102\"><a href=\"https:\/\/fundaciotallers.org\/ca\/historia-2\/\">Hist\u00f2ria<\/a><\/li>\n\t<li class=\"menu-item menu-item-type-post_type menu-item-object-page menu-item-47666\"><a href=\"https:\/\/fundaciotallers.org\/ca\/patronat-i-comite-de-direccio\/\">Patronat i Comit\u00e8 de Direcci\u00f3<\/a><\/li>\n\t<li class=\"menu-item menu-item-type-post_type menu-item-object-page menu-item-47665\"><a href=\"https:\/\/fundaciotallers.org\/ca\/equip-coordinacio-serveis-de-suport\/\">Equip de Coordinaci\u00f3 i Serveis de Suport<\/a><\/li>\n\t<li class=\"menu-item menu-item-type-post_type menu-item-object-page menu-item-45928\"><a href=\"https:\/\/fundaciotallers.org\/ca\/portal-transparencia\/\">Portal de Transpar\u00e8ncia<\/a><\/li>\n\t<li class=\"menu-item menu-item-type-post_type menu-item-object-page menu-item-45929\"><a href=\"https:\/\/fundaciotallers.org\/ca\/portal-transparencia\/memoria\/\">Mem\u00f2ries<\/a><\/li>\n\t<li class=\"menu-item menu-item-type-post_type menu-item-object-page menu-item-46143\"><a href=\"https:\/\/fundaciotallers.org\/ca\/politica-de-qualitat-i-medi-ambient\/\">Pol\u00edtica de qualitat i medi ambient<\/a><\/li>\n\t<li class=\"menu-item menu-item-type-post_type menu-item-object-page menu-item-46144\"><a href=\"https:\/\/fundaciotallers.org\/ca\/colaboradors\/\">Col\u00b7laboradors<\/a><\/li>\n<\/ul>\n<\/li>\n<li class=\"menu-item menu-item-type-post_type menu-item-object-page menu-item-has-children menu-item-45972\"><a href=\"https:\/\/fundaciotallers.org\/ca\/serveis-per-a-les-persones\/\">A les persones<\/a>\n<ul class=\"sub-menu\">\n\t<li class=\"menu-item menu-item-type-post_type menu-item-object-page menu-item-44953\"><a href=\"https:\/\/fundaciotallers.org\/ca\/servei-de-formacio-ocupacional\/\">Formaci\u00f3 ocupacional<\/a><\/li>\n\t<li class=\"menu-item menu-item-type-post_type menu-item-object-page menu-item-45205\"><a href=\"https:\/\/fundaciotallers.org\/ca\/servei-dinsercio-laboral-sil\/\">Servei d\u2019Inserci\u00f3 Laboral (SIL)<\/a><\/li>\n\t<li class=\"menu-item menu-item-type-post_type menu-item-object-page menu-item-46286\"><a href=\"https:\/\/fundaciotallers.org\/ca\/centre-especial-de-treball\/\">Centre Especial de Treball<\/a><\/li>\n\t<li class=\"menu-item menu-item-type-post_type menu-item-object-page menu-item-45968\"><a href=\"https:\/\/fundaciotallers.org\/ca\/equip-multidiciplinari-suport\/\">Equip Multidisciplinari de Suport (EMS)<\/a><\/li>\n\t<li class=\"menu-item menu-item-type-post_type menu-item-object-page menu-item-46639\"><a href=\"https:\/\/fundaciotallers.org\/ca\/empresa-insercio\/\">Empresa d\u2019inserci\u00f3<\/a><\/li>\n<\/ul>\n<\/li>\n<li class=\"menu-item menu-item-type-post_type menu-item-object-page menu-item-has-children menu-item-45971\"><a href=\"https:\/\/fundaciotallers.org\/ca\/serveis-per-a-les-empreses\/\">A les empreses<\/a>\n<ul class=\"sub-menu\">\n\t<li class=\"menu-item menu-item-type-post_type menu-item-object-page menu-item-46679\"><a href=\"https:\/\/fundaciotallers.org\/ca\/compliment-llei-discapacitat\/\">Compliment Llei Discapacitat<\/a><\/li>\n\t<li class=\"menu-item menu-item-type-post_type menu-item-object-page menu-item-45269\"><a href=\"https:\/\/fundaciotallers.org\/ca\/jardineria\/\">Jardineria<\/a><\/li>\n\t<li class=\"menu-item menu-item-type-post_type menu-item-object-page menu-item-46710\"><a href=\"https:\/\/fundaciotallers.org\/ca\/serveis-de-neteja\/\">Neteja<\/a><\/li>\n\t<li class=\"menu-item menu-item-type-post_type menu-item-object-page menu-item-46656\"><a href=\"https:\/\/fundaciotallers.org\/ca\/manipulats-logistica-industrial\/\">Manipulats, log\u00edstica industrial i serveis t\u00e8xtils<\/a><\/li>\n\t<li class=\"menu-item menu-item-type-post_type menu-item-object-page menu-item-46928\"><a href=\"https:\/\/fundaciotallers.org\/ca\/serveis-de-tintoreria-i-bugaderia\/\">Tintoreria<\/a><\/li>\n\t<li class=\"menu-item menu-item-type-post_type menu-item-object-page menu-item-47035\"><a href=\"https:\/\/fundaciotallers.org\/ca\/servei-de-gestio-documental\/\">Externalitzaci\u00f3 processos administratius<\/a><\/li>\n<\/ul>\n<\/li>\n<li class=\"menu-item menu-item-type-post_type menu-item-object-page menu-item-has-children menu-item-47042\"><a href=\"https:\/\/fundaciotallers.org\/ca\/serveis-per-a-les-administracions\/\">A les administracions<\/a>\n<ul class=\"sub-menu\">\n\t<li class=\"menu-item menu-item-type-post_type menu-item-object-page menu-item-47283\"><a href=\"https:\/\/fundaciotallers.org\/ca\/serveis-jardineria-administracions-publiques\/\">Jardineria<\/a><\/li>\n\t<li class=\"menu-item menu-item-type-post_type menu-item-object-page menu-item-47477\"><a href=\"https:\/\/fundaciotallers.org\/ca\/neteja-interiors\/\">Neteja d\u2019interiors<\/a><\/li>\n\t<li class=\"menu-item menu-item-type-post_type menu-item-object-page menu-item-46503\"><a href=\"https:\/\/fundaciotallers.org\/ca\/neteja-viaria\/\">Neteja Vi\u00e0ria<\/a><\/li>\n\t<li class=\"menu-item menu-item-type-post_type menu-item-object-page menu-item-46736\"><a href=\"https:\/\/fundaciotallers.org\/ca\/gestio-deixalleries-punts-verds\/\">Gesti\u00f3 de deixalleries i punts verds<\/a><\/li>\n\t<li class=\"menu-item menu-item-type-post_type menu-item-object-page menu-item-46931\"><a href=\"https:\/\/fundaciotallers.org\/ca\/externalitzacio-dels-procesos-administratius\/\">Gesti\u00f3 documental<\/a><\/li>\n<\/ul>\n<\/li>\n<li class=\"menu-item menu-item-type-post_type menu-item-object-page menu-item-45780\"><a href=\"https:\/\/fundaciotallers.org\/ca\/treballa-amb-nosaltres-ofertes\/\">Treballa amb nosaltres<\/a><\/li>\n<li class=\"menu-item menu-item-type-custom menu-item-object-custom menu-item-45970\"><a target=\"_blank\" href=\"https:\/\/www.pereclaver.org\/voluntariat\/\">Voluntariat<\/a><\/li>\n<li class=\"menu-item menu-item-type-post_type menu-item-object-page menu-item-45855\"><a href=\"https:\/\/fundaciotallers.org\/ca\/noticies\/\">Blog<\/a><\/li>\n<li class=\"menu-item menu-item-type-post_type menu-item-object-page menu-item-46507\"><a href=\"https:\/\/fundaciotallers.org\/ca\/contacte\/\">Contacte<\/a><\/li>\n<\/ul>                <button class=\"eael-simple-menu-toggle\">\n                    <span class=\"sr-only \">Hamburger Toggle Menu<\/span>\n                    <i aria-hidden=\"true\" class=\"fas fa-bars\"><\/i>                <\/button>\n            <\/div>\n            \t\t\t\t<\/div>\n\t\t\t\t<\/div>\n\t\t\t\t\t<\/div>\n\t\t<\/div>\n\t\t\t\t\t<\/div>\n\t\t<\/section>\n\t\t\t\t<section class=\"elementor-section elementor-top-section elementor-element elementor-element-ec26f78 elementor-hidden-tablet elementor-hidden-desktop elementor-section-boxed elementor-section-height-default elementor-section-height-default\" data-id=\"ec26f78\" data-element_type=\"section\" data-e-type=\"section\" data-settings=\"{&quot;background_background&quot;:&quot;classic&quot;}\">\n\t\t\t\t\t\t<div class=\"elementor-container elementor-column-gap-narrow\">\n\t\t\t\t\t<div class=\"elementor-column elementor-col-100 elementor-top-column elementor-element elementor-element-c4570bb\" data-id=\"c4570bb\" data-element_type=\"column\" data-e-type=\"column\">\n\t\t\t<div class=\"elementor-widget-wrap elementor-element-populated\">\n\t\t\t\t\t\t<div class=\"elementor-element elementor-element-a560ff2 elementor-widget elementor-widget-text-editor\" data-id=\"a560ff2\" data-element_type=\"widget\" data-e-type=\"widget\" data-widget_type=\"text-editor.default\">\n\t\t\t\t<div class=\"elementor-widget-container\">\n\t\t\t\t\t\t\t\t\t<a href=\"https:\/\/fundaciotallers.org\/ca\/\">Catal\u00e0\u00a0<\/a> \u00a0|\u00a0 \u00a0<a href=\"https:\/\/fundaciotallers.org\/es\/\">Castell\u00e0<\/a>\t\t\t\t\t\t\t\t<\/div>\n\t\t\t\t<\/div>\n\t\t\t\t\t<\/div>\n\t\t<\/div>\n\t\t\t\t\t<\/div>\n\t\t<\/section>\n\t\t\t\t<section class=\"elementor-section elementor-top-section elementor-element elementor-element-cb48511 elementor-hidden-desktop elementor-hidden-tablet elementor-section-boxed elementor-section-height-default elementor-section-height-default\" data-id=\"cb48511\" data-element_type=\"section\" data-e-type=\"section\" data-settings=\"{&quot;background_background&quot;:&quot;classic&quot;}\">\n\t\t\t\t\t\t<div class=\"elementor-container elementor-column-gap-narrow\">\n\t\t\t\t\t<div class=\"elementor-column elementor-col-100 elementor-top-column elementor-element elementor-element-c3f43a9\" data-id=\"c3f43a9\" data-element_type=\"column\" data-e-type=\"column\">\n\t\t\t<div class=\"elementor-widget-wrap elementor-element-populated\">\n\t\t\t\t\t\t<div class=\"elementor-element elementor-element-3309f47 elementor-widget elementor-widget-image\" data-id=\"3309f47\" data-element_type=\"widget\" data-e-type=\"widget\" data-widget_type=\"image.default\">\n\t\t\t\t<div class=\"elementor-widget-container\">\n\t\t\t\t\t\t\t\t\t\t\t\t\t\t\t\t<a href=\"https:\/\/fundaciotallers.org\/ca\/\">\n\t\t\t\t\t\t\t<img fetchpriority=\"high\" decoding=\"async\" width=\"1024\" height=\"313\" src=\"https:\/\/fundaciotallers.org\/wp-content\/uploads\/2025\/07\/fundacio-tallers-inclusio-laboral-1024x313.png\" class=\"attachment-large size-large wp-image-44006\" alt=\"\" srcset=\"https:\/\/fundaciotallers.org\/wp-content\/uploads\/2025\/07\/fundacio-tallers-inclusio-laboral-1024x313.png 1024w, https:\/\/fundaciotallers.org\/wp-content\/uploads\/2025\/07\/fundacio-tallers-inclusio-laboral-300x92.png 300w, https:\/\/fundaciotallers.org\/wp-content\/uploads\/2025\/07\/fundacio-tallers-inclusio-laboral-768x234.png 768w, https:\/\/fundaciotallers.org\/wp-content\/uploads\/2025\/07\/fundacio-tallers-inclusio-laboral-1536x469.png 1536w, https:\/\/fundaciotallers.org\/wp-content\/uploads\/2025\/07\/fundacio-tallers-inclusio-laboral.png 1890w\" sizes=\"(max-width: 1024px) 100vw, 1024px\" \/>\t\t\t\t\t\t\t\t<\/a>\n\t\t\t\t\t\t\t\t\t\t\t\t\t\t\t<\/div>\n\t\t\t\t<\/div>\n\t\t\t\t<div class=\"elementor-element elementor-element-e9861bf eael-simple-menu-hamburger-align-center eael_simple_menu_hamburger_disable_selected_menu_hide eael-hamburger--tablet elementor-widget elementor-widget-eael-simple-menu\" data-id=\"e9861bf\" data-element_type=\"widget\" data-e-type=\"widget\" data-widget_type=\"eael-simple-menu.default\">\n\t\t\t\t<div class=\"elementor-widget-container\">\n\t\t\t\t\t<style>\n                        @media screen and (max-width: 1024px) {\n                            .eael-hamburger--tablet {\n                                .eael-simple-menu-horizontal,\n                                .eael-simple-menu-vertical {\n                                    display: none;\n                                }\n                            }\n                            .eael-hamburger--tablet {\n                                .eael-simple-menu-container .eael-simple-menu-toggle {\n                                    display: block;\n                                }\n                            }\n                        }\n                        .eael-simple-menu-container.eael-simple-menu--loading > ul {\n                            display: -webkit-box !important;\n                            display: -ms-flexbox !important;\n                            display: flex !important;\n                            list-style: none !important;\n                        }\n                        .eael-simple-menu-container.eael-simple-menu--loading li ul {\n                            visibility: hidden !important;\n                            opacity: 0 !important;\n                        }\n                    <\/style>            <div data-hamburger-icon=\"&lt;i aria-hidden=&quot;true&quot; class=&quot;fas fa-bars&quot;&gt;&lt;\/i&gt;\" data-indicator-icon=\"&lt;svg xmlns=&quot;http:\/\/www.w3.org\/2000\/svg&quot; xmlns:xlink=&quot;http:\/\/www.w3.org\/1999\/xlink&quot; id=&quot;Capa_1&quot; x=&quot;0px&quot; y=&quot;0px&quot; width=&quot;451.847px&quot; height=&quot;451.847px&quot; viewBox=&quot;0 0 451.847 451.847&quot; style=&quot;enable-background:new 0 0 451.847 451.847;&quot; xml:space=&quot;preserve&quot;&gt;&lt;g&gt;\t&lt;path d=&quot;M225.923,354.706c-8.098,0-16.195-3.092-22.369-9.263L9.27,151.157c-12.359-12.359-12.359-32.397,0-44.751  c12.354-12.354,32.388-12.354,44.748,0l171.905,171.915l171.906-171.909c12.359-12.354,32.391-12.354,44.744,0  c12.365,12.354,12.365,32.392,0,44.751L248.292,345.449C242.115,351.621,234.018,354.706,225.923,354.706z&quot;&gt;&lt;\/path&gt;&lt;\/g&gt;&lt;g&gt;&lt;\/g&gt;&lt;g&gt;&lt;\/g&gt;&lt;g&gt;&lt;\/g&gt;&lt;g&gt;&lt;\/g&gt;&lt;g&gt;&lt;\/g&gt;&lt;g&gt;&lt;\/g&gt;&lt;g&gt;&lt;\/g&gt;&lt;g&gt;&lt;\/g&gt;&lt;g&gt;&lt;\/g&gt;&lt;g&gt;&lt;\/g&gt;&lt;g&gt;&lt;\/g&gt;&lt;g&gt;&lt;\/g&gt;&lt;g&gt;&lt;\/g&gt;&lt;g&gt;&lt;\/g&gt;&lt;g&gt;&lt;\/g&gt;&lt;\/svg&gt;\" data-dropdown-indicator-icon=\"&lt;svg xmlns=&quot;http:\/\/www.w3.org\/2000\/svg&quot; xmlns:xlink=&quot;http:\/\/www.w3.org\/1999\/xlink&quot; id=&quot;Capa_1&quot; x=&quot;0px&quot; y=&quot;0px&quot; width=&quot;451.847px&quot; height=&quot;451.847px&quot; viewBox=&quot;0 0 451.847 451.847&quot; style=&quot;enable-background:new 0 0 451.847 451.847;&quot; xml:space=&quot;preserve&quot;&gt;&lt;g&gt;\t&lt;path d=&quot;M225.923,354.706c-8.098,0-16.195-3.092-22.369-9.263L9.27,151.157c-12.359-12.359-12.359-32.397,0-44.751  c12.354-12.354,32.388-12.354,44.748,0l171.905,171.915l171.906-171.909c12.359-12.354,32.391-12.354,44.744,0  c12.365,12.354,12.365,32.392,0,44.751L248.292,345.449C242.115,351.621,234.018,354.706,225.923,354.706z&quot;&gt;&lt;\/path&gt;&lt;\/g&gt;&lt;g&gt;&lt;\/g&gt;&lt;g&gt;&lt;\/g&gt;&lt;g&gt;&lt;\/g&gt;&lt;g&gt;&lt;\/g&gt;&lt;g&gt;&lt;\/g&gt;&lt;g&gt;&lt;\/g&gt;&lt;g&gt;&lt;\/g&gt;&lt;g&gt;&lt;\/g&gt;&lt;g&gt;&lt;\/g&gt;&lt;g&gt;&lt;\/g&gt;&lt;g&gt;&lt;\/g&gt;&lt;g&gt;&lt;\/g&gt;&lt;g&gt;&lt;\/g&gt;&lt;g&gt;&lt;\/g&gt;&lt;g&gt;&lt;\/g&gt;&lt;\/svg&gt;\" class=\"eael-simple-menu-container eael-simple-menu--loading eael-simple-menu-align-left eael-simple-menu-dropdown-align-left preset-1\" data-hamburger-breakpoints=\"{&quot;mobile&quot;:&quot;M\\u00f2bil vertical (&gt; 767px)&quot;,&quot;tablet&quot;:&quot;Tauleta vertical (&gt; 1024px)&quot;,&quot;desktop&quot;:&quot;Desktop (&gt; 2400px)&quot;,&quot;none&quot;:&quot;None&quot;}\" data-hamburger-device=\"tablet\">\n                <ul id=\"menu-nova-web-cat-2\" class=\"eael-simple-menu eael-simple-menu-dropdown-animate-to-top eael-simple-menu-indicator eael-hamburger-left eael-simple-menu-horizontal\"><li class=\"menu-item menu-item-type-custom menu-item-object-custom menu-item-has-children menu-item-44083\"><a href=\"#\">Qui som<\/a>\n<ul class=\"sub-menu\">\n\t<li class=\"menu-item menu-item-type-post_type menu-item-object-page menu-item-47149\"><a href=\"https:\/\/fundaciotallers.org\/ca\/coneixnos\/\">Coneix-nos<\/a><\/li>\n\t<li class=\"menu-item menu-item-type-post_type menu-item-object-page menu-item-47102\"><a href=\"https:\/\/fundaciotallers.org\/ca\/historia-2\/\">Hist\u00f2ria<\/a><\/li>\n\t<li class=\"menu-item menu-item-type-post_type menu-item-object-page menu-item-47666\"><a href=\"https:\/\/fundaciotallers.org\/ca\/patronat-i-comite-de-direccio\/\">Patronat i Comit\u00e8 de Direcci\u00f3<\/a><\/li>\n\t<li class=\"menu-item menu-item-type-post_type menu-item-object-page menu-item-47665\"><a href=\"https:\/\/fundaciotallers.org\/ca\/equip-coordinacio-serveis-de-suport\/\">Equip de Coordinaci\u00f3 i Serveis de Suport<\/a><\/li>\n\t<li class=\"menu-item menu-item-type-post_type menu-item-object-page menu-item-45928\"><a href=\"https:\/\/fundaciotallers.org\/ca\/portal-transparencia\/\">Portal de Transpar\u00e8ncia<\/a><\/li>\n\t<li class=\"menu-item menu-item-type-post_type menu-item-object-page menu-item-45929\"><a href=\"https:\/\/fundaciotallers.org\/ca\/portal-transparencia\/memoria\/\">Mem\u00f2ries<\/a><\/li>\n\t<li class=\"menu-item menu-item-type-post_type menu-item-object-page menu-item-46143\"><a href=\"https:\/\/fundaciotallers.org\/ca\/politica-de-qualitat-i-medi-ambient\/\">Pol\u00edtica de qualitat i medi ambient<\/a><\/li>\n\t<li class=\"menu-item menu-item-type-post_type menu-item-object-page menu-item-46144\"><a href=\"https:\/\/fundaciotallers.org\/ca\/colaboradors\/\">Col\u00b7laboradors<\/a><\/li>\n<\/ul>\n<\/li>\n<li class=\"menu-item menu-item-type-post_type menu-item-object-page menu-item-has-children menu-item-45972\"><a href=\"https:\/\/fundaciotallers.org\/ca\/serveis-per-a-les-persones\/\">A les persones<\/a>\n<ul class=\"sub-menu\">\n\t<li class=\"menu-item menu-item-type-post_type menu-item-object-page menu-item-44953\"><a href=\"https:\/\/fundaciotallers.org\/ca\/servei-de-formacio-ocupacional\/\">Formaci\u00f3 ocupacional<\/a><\/li>\n\t<li class=\"menu-item menu-item-type-post_type menu-item-object-page menu-item-45205\"><a href=\"https:\/\/fundaciotallers.org\/ca\/servei-dinsercio-laboral-sil\/\">Servei d\u2019Inserci\u00f3 Laboral (SIL)<\/a><\/li>\n\t<li class=\"menu-item menu-item-type-post_type menu-item-object-page menu-item-46286\"><a href=\"https:\/\/fundaciotallers.org\/ca\/centre-especial-de-treball\/\">Centre Especial de Treball<\/a><\/li>\n\t<li class=\"menu-item menu-item-type-post_type menu-item-object-page menu-item-45968\"><a href=\"https:\/\/fundaciotallers.org\/ca\/equip-multidiciplinari-suport\/\">Equip Multidisciplinari de Suport (EMS)<\/a><\/li>\n\t<li class=\"menu-item menu-item-type-post_type menu-item-object-page menu-item-46639\"><a href=\"https:\/\/fundaciotallers.org\/ca\/empresa-insercio\/\">Empresa d\u2019inserci\u00f3<\/a><\/li>\n<\/ul>\n<\/li>\n<li class=\"menu-item menu-item-type-post_type menu-item-object-page menu-item-has-children menu-item-45971\"><a href=\"https:\/\/fundaciotallers.org\/ca\/serveis-per-a-les-empreses\/\">A les empreses<\/a>\n<ul class=\"sub-menu\">\n\t<li class=\"menu-item menu-item-type-post_type menu-item-object-page menu-item-46679\"><a href=\"https:\/\/fundaciotallers.org\/ca\/compliment-llei-discapacitat\/\">Compliment Llei Discapacitat<\/a><\/li>\n\t<li class=\"menu-item menu-item-type-post_type menu-item-object-page menu-item-45269\"><a href=\"https:\/\/fundaciotallers.org\/ca\/jardineria\/\">Jardineria<\/a><\/li>\n\t<li class=\"menu-item menu-item-type-post_type menu-item-object-page menu-item-46710\"><a href=\"https:\/\/fundaciotallers.org\/ca\/serveis-de-neteja\/\">Neteja<\/a><\/li>\n\t<li class=\"menu-item menu-item-type-post_type menu-item-object-page menu-item-46656\"><a href=\"https:\/\/fundaciotallers.org\/ca\/manipulats-logistica-industrial\/\">Manipulats, log\u00edstica industrial i serveis t\u00e8xtils<\/a><\/li>\n\t<li class=\"menu-item menu-item-type-post_type menu-item-object-page menu-item-46928\"><a href=\"https:\/\/fundaciotallers.org\/ca\/serveis-de-tintoreria-i-bugaderia\/\">Tintoreria<\/a><\/li>\n\t<li class=\"menu-item menu-item-type-post_type menu-item-object-page menu-item-47035\"><a href=\"https:\/\/fundaciotallers.org\/ca\/servei-de-gestio-documental\/\">Externalitzaci\u00f3 processos administratius<\/a><\/li>\n<\/ul>\n<\/li>\n<li class=\"menu-item menu-item-type-post_type menu-item-object-page menu-item-has-children menu-item-47042\"><a href=\"https:\/\/fundaciotallers.org\/ca\/serveis-per-a-les-administracions\/\">A les administracions<\/a>\n<ul class=\"sub-menu\">\n\t<li class=\"menu-item menu-item-type-post_type menu-item-object-page menu-item-47283\"><a href=\"https:\/\/fundaciotallers.org\/ca\/serveis-jardineria-administracions-publiques\/\">Jardineria<\/a><\/li>\n\t<li class=\"menu-item menu-item-type-post_type menu-item-object-page menu-item-47477\"><a href=\"https:\/\/fundaciotallers.org\/ca\/neteja-interiors\/\">Neteja d\u2019interiors<\/a><\/li>\n\t<li class=\"menu-item menu-item-type-post_type menu-item-object-page menu-item-46503\"><a href=\"https:\/\/fundaciotallers.org\/ca\/neteja-viaria\/\">Neteja Vi\u00e0ria<\/a><\/li>\n\t<li class=\"menu-item menu-item-type-post_type menu-item-object-page menu-item-46736\"><a href=\"https:\/\/fundaciotallers.org\/ca\/gestio-deixalleries-punts-verds\/\">Gesti\u00f3 de deixalleries i punts verds<\/a><\/li>\n\t<li class=\"menu-item menu-item-type-post_type menu-item-object-page menu-item-46931\"><a href=\"https:\/\/fundaciotallers.org\/ca\/externalitzacio-dels-procesos-administratius\/\">Gesti\u00f3 documental<\/a><\/li>\n<\/ul>\n<\/li>\n<li class=\"menu-item menu-item-type-post_type menu-item-object-page menu-item-45780\"><a href=\"https:\/\/fundaciotallers.org\/ca\/treballa-amb-nosaltres-ofertes\/\">Treballa amb nosaltres<\/a><\/li>\n<li class=\"menu-item menu-item-type-custom menu-item-object-custom menu-item-45970\"><a target=\"_blank\" href=\"https:\/\/www.pereclaver.org\/voluntariat\/\">Voluntariat<\/a><\/li>\n<li class=\"menu-item menu-item-type-post_type menu-item-object-page menu-item-45855\"><a href=\"https:\/\/fundaciotallers.org\/ca\/noticies\/\">Blog<\/a><\/li>\n<li class=\"menu-item menu-item-type-post_type menu-item-object-page menu-item-46507\"><a href=\"https:\/\/fundaciotallers.org\/ca\/contacte\/\">Contacte<\/a><\/li>\n<\/ul>                <button class=\"eael-simple-menu-toggle\">\n                    <span class=\"sr-only \">Hamburger Toggle Menu<\/span>\n                    <i aria-hidden=\"true\" class=\"fas fa-bars\"><\/i>                <\/button>\n            <\/div>\n            \t\t\t\t<\/div>\n\t\t\t\t<\/div>\n\t\t\t\t\t<\/div>\n\t\t<\/div>\n\t\t\t\t\t<\/div>\n\t\t<\/section>\n\t\t\t\t<section class=\"elementor-section elementor-top-section elementor-element elementor-element-f915b46 elementor-section-boxed elementor-section-height-default elementor-section-height-default\" data-id=\"f915b46\" data-element_type=\"section\" data-e-type=\"section\">\n\t\t\t\t\t\t<div class=\"elementor-container elementor-column-gap-default\">\n\t\t\t\t\t<div class=\"elementor-column elementor-col-100 elementor-top-column elementor-element elementor-element-2baa4e1\" data-id=\"2baa4e1\" data-element_type=\"column\" data-e-type=\"column\">\n\t\t\t<div class=\"elementor-widget-wrap elementor-element-populated\">\n\t\t\t\t\t\t<div class=\"elementor-element elementor-element-8582bcc elementor-widget-divider--view-line elementor-widget elementor-widget-divider\" data-id=\"8582bcc\" data-element_type=\"widget\" data-e-type=\"widget\" data-widget_type=\"divider.default\">\n\t\t\t\t<div class=\"elementor-widget-container\">\n\t\t\t\t\t\t\t<div class=\"elementor-divider\">\n\t\t\t<span class=\"elementor-divider-separator\">\n\t\t\t\t\t\t<\/span>\n\t\t<\/div>\n\t\t\t\t\t\t<\/div>\n\t\t\t\t<\/div>\n\t\t\t\t\t<\/div>\n\t\t<\/div>\n\t\t\t\t\t<\/div>\n\t\t<\/section>\n\t\t\t\t<section class=\"elementor-section elementor-top-section elementor-element elementor-element-d32458e elementor-section-boxed elementor-section-height-default elementor-section-height-default\" data-id=\"d32458e\" data-element_type=\"section\" data-e-type=\"section\">\n\t\t\t\t\t\t<div class=\"elementor-container elementor-column-gap-default\">\n\t\t\t\t\t<div class=\"elementor-column elementor-col-100 elementor-top-column elementor-element elementor-element-f74d936\" data-id=\"f74d936\" data-element_type=\"column\" data-e-type=\"column\">\n\t\t\t<div class=\"elementor-widget-wrap elementor-element-populated\">\n\t\t\t\t\t\t<div class=\"elementor-element elementor-element-b182352 elementor-widget elementor-widget-text-editor\" data-id=\"b182352\" data-element_type=\"widget\" data-e-type=\"widget\" data-widget_type=\"text-editor.default\">\n\t\t\t\t<div class=\"elementor-widget-container\">\n\t\t\t\t\t\t\t\t\t<h4 class=\"p1\"><strong>AV\u00cdS LEGAL<\/strong><\/h4><p class=\"p1\">En compliment amb el que estableix la Llei 34\/2002 de 11 de Juliol, de Serveis de la Societat de la Informaci\u00f3 i el Comer\u00e7 Electr\u00f2nic (LSSICE), s&#8217;informa dels segu\u0308ents aspectes legals:<\/p><p class=\"p1\"><strong>PROPIETAT DEL LLOC WEB<\/strong><\/p><ul><li class=\"p2\">Titular del Website: FUNDACI\u00d3 PRIVADA TALLERS DE CATALUNYA &#8211; CIF G58710435 &#8211; FUNDACI\u00d3 PRIVADA TALLERS DE CATALUNYA<\/li><li class=\"p2\">Direcci\u00f3: Gran V\u00eda de les Corts Catalanes 562, entresol . 08011 , Barcelona (Barcelona), Espa\u00f1a<\/li><li class=\"p2\">Contacte: Tel. 93 392 23 11 &#8211; Email: &#100;p&#x64;&#64;&#x66;u&#x6e;d&#x61;c&#x69;o&#x74;&#97;&#x6c;&#108;&#x65;&#114;&#x73;&#46;&#x6f;&#114;&#x67;<\/li><li class=\"p2\">Delegat de Protecci\u00f3 de Dades: Email: <a href=\"m&#97;&#x69;&#x6c;t&#111;&#x3a;&#x64;p&#100;&#x40;&#x66;u&#110;&#x64;&#x61;c&#105;&#x6f;&#x74;a&#108;&#108;&#x65;&#x72;s&#46;&#x6f;&#x72;g\" target=\"_blank\" rel=\"noopener\">&#100;&#x70;d&#64;&#x66;u&#110;&#x64;a&#99;&#x69;o&#116;&#x61;&#108;&#x6c;&#x65;&#114;&#x73;&#x2e;&#111;&#x72;g<\/a> Tel\u00e8fono: 93.826.84.05 Ext. 3102<\/li><li class=\"p2\">Registre mercantil o autoritzaci\u00f3 administrativa: Inscrita en el Registro de Fundacions Privades de la Generalitat de Catalunya con el n\u00famero de registro 372.<\/li><li class=\"p2\">Activitat: Entidad dedicada a la inserci\u00f3n sociolaboral de personas con discapacidad.<\/li><\/ul><p><strong>CONDICIONS GENERALS D&#8217;\u00daS<br \/><\/strong><br \/>El portal web <a href=\"http:\/\/www.fundaciotallers.org\" target=\"_blank\" rel=\"noopener\">http:\/\/www.fundaciotallers.org<\/a> t\u00e9 com a objecte facilitar el p\u00fablic, en general, el coneixement de les activitats que aquesta organitzaci\u00f3 realitza i dels productes i serveis que presta, per al desenvolupament de la seva activitat.<\/p><p>L&#8217;\u00fas de qualsevol de les funcionalitats de el lloc web implica l&#8217;expressa i plena acceptaci\u00f3 de les condicions aqu\u00ed exposades, sense perjudici d&#8217;aquelles particulars que poguessin aplicar a alguns dels serveis concrets oferts a trav\u00e9s del lloc web.<\/p><p>El titular de el lloc web es reserva la facultat d&#8217;efectuar, en qualsevol moment i sense necessitat de previ av\u00eds, modi{cacions i actualitzacions de la informaci\u00f3 continguda en la seva web o en la con{guraci\u00f3 i presentaci\u00f3 d&#8217;aquesta.<\/p><p>Amb l&#8217;objecte de mantenir actualitzada la informaci\u00f3 publicada al portal web, els continguts de la mateixa podran ser modi{cats, corregits, eliminats o afegits en qualsevol moment, de manera que ser\u00e0 convenient comprovar la vig\u00e8ncia o exactitud dels mateixos<br \/>acudint a les fonts o{cials.<\/p><p class=\"p1\"><strong>PROPIETAT INTEL\u00b7LECTUAL, INDUSTRIAL I FRAMES<\/strong><\/p><p class=\"p2\">Tots els elements que formen el lloc web, aix\u00ed com la seva estructura, disseny, codi font, aix\u00ed com els logotips, marques i altres signes distintius que apareixen en la mateixa, s\u00f3n titularitat de FUNDACI\u00d3 PRIVADA TALLERS DE CATALUNYA, FUNDACI\u00d3 PRIVADA TALLERS DE CATALUNYA o dels seus col\u00b7laboradors i estan protegits pels corresponents drets de propietat intel\u00b7lectual i industrial.<\/p><p class=\"p2\">Igualment estan protegits pels corresponents drets de propietat intel\u00b7lectual i industrial les imatges i altres elements gr\u00e0{cs inclosos al lloc web.<\/p><p class=\"p2\">El titular de el lloc web prohibeix expressament la realitzaci\u00f3 de &#8220;framing&#8221; o la utilitzaci\u00f3 per part de tercers de qualssevol altres mecanismes que alterin el disseny, con{guraci\u00f3 original o continguts del nostre lloc web..<\/p><p class=\"p2\">L&#8217;\u00fas dels continguts ha de respectar la seva llicenciament particular. De tal manera el seu \u00fas, reproducci\u00f3, distribuci\u00f3, comunicaci\u00f3 p\u00fablica, transformaci\u00f3 o qualsevol altra activitat similar o an\u00e0loga, queda totalment prohibida llevat que hi hagi pr\u00e8via i expressa autoritzaci\u00f3 de l&#8217;titular de el lloc webFUNDACI\u00d3 PRIVADA TALLERS DE CATALUNYA.<\/p><p class=\"p2\">\u00danicament s&#8217;autoritza la reproducci\u00f3 total o parcial dels textos i continguts proporcionats pel lloc web, sempre que concorrin totes i cadascuna de les segu\u0308ents condicions:<\/p><ul><li class=\"p2\">Es mantingui la integritat dels continguts, documents o gr\u00e0{cs<\/li><li class=\"p2\">Es citi expressament a titular de el lloc web com a font i origen d&#8217;aquells.<\/li><li class=\"p2\">El prop\u00f2sit i la {nalitat de tal \u00fas sigui compatible amb els {ns de la web i \/ o activitat de l&#8217;titular de la p\u00e0gina web.<\/li><li class=\"p2\">No es pretengui un \u00fas comercial, quedant expressament prohibides la seva distribuci\u00f3, comunicaci\u00f3 p\u00fablica, transformaci\u00f3 o descompilaci\u00f3<\/li><\/ul><p class=\"p2\">Qualsevol altre \u00fas haur\u00e0 de ser comunicat i autoritzat pel titular de la p\u00e0gina Web, pr\u00e8via i expressament.<\/p><p class=\"p2\">Respecte a les cites de productes i serveis de tercers, el titular de el lloc web reconeix a favor dels seus titulars els corresponents drets de propietat industrial i intel\u00b7lectual, no implicant el seu sol esment o aparici\u00f3 en la web l&#8217;exist\u00e8ncia de drets ni de cap responsabilitat sobre els mateixos, com tampoc respatller, patrocini o recomanaci\u00f3.<\/p><p class=\"p2\">El titular de el lloc web declara el seu respecte als drets de propietat intel\u00b7lectual i industrial de tercers; per aix\u00f2, si considera que el nostre lloc web poguessin estar violant els seus drets, preguem es posi en contacte amb el titular de la p\u00e0gina web.<\/p><p class=\"p1\"><strong>RESPONSABILITAT<\/strong><\/p><p class=\"p2\">El titular de el lloc web no garanteix la inexist\u00e8ncia d&#8217;errors en l&#8217;acc\u00e9s a la web, en el seu contingut, ni que aquest es trobi actualitzat, encara que el titular de el lloc web desenvolupar\u00e0 els seus millors esfor\u00e7os per a, si \u00e9s el cas, evitar-los, resoldre&#8217;ls o actualitzar-los .<\/p><p class=\"p2\">Tant l&#8217;acc\u00e9s a aquesta web, com l&#8217;\u00fas que pugui fer de la informaci\u00f3 continguda en els mateixos \u00e9s de l&#8217;exclusiva responsabilitat de qui ho realitza.<\/p><p class=\"p2\">El titular de el lloc web no es fa responsable de la informaci\u00f3 i continguts emmagatzemats, a t\u00edtol enunciatiu per\u00f2 no limitatiu, en f\u00f2rums, xats, blocs, comentaris, xarxes socials o qualsevol altre mitj\u00e0 que permeti a tercers publicar continguts de la forma independent a la p\u00e0gina webhttp:\/\/www.fundaciotallers.org.<\/p><p class=\"p2\">No obstant aix\u00f2, i en compliment del que disposa la LSSI, el titular d&#8217;el lloc web es posa a disposici\u00f3 de tots els usuaris, autoritats i forces de seguretat, i col\u00b7laborant de forma activa en la retirada o si escau bloqueig de tots aquells continguts que poguessin afectar o contravenir la legislaci\u00f3 nacional, o internacional, drets de tercers o la moral i l&#8217;ordre p\u00fablic. En cas que l&#8217;usuari consideri que existeix en el lloc web algun contingut que pogu\u00e9s ser susceptible d&#8217;aquesta classi{caci\u00f3, preguem es posi en contacte amb el titular de la p\u00e0gina web.<\/p><p class=\"p2\">El titular de el lloc web no es responsabilitza de les contestacions que es realitzin a trav\u00e9s de les diferents adreces de correu electr\u00f2nic que apareixen al seu lloc web, de manera que en cap cas podr\u00e0 derivar cap efecte jur\u00eddic vinculant de les mateixes.<\/p><p class=\"p1\"><strong>LINKS O HIPERENLLA\u00c7OS<\/strong><\/p><p class=\"p2\">Els enlla\u00e7os continguts en el nostre lloc web poden dirigir a continguts Web de tercer. L&#8217;objectiu d&#8217;aquests enlla\u00e7os \u00e9s \u00fanicament facilitar-li la recerca dels recursos que li puguin interessar a trav\u00e9s d&#8217;Internet. No obstant aix\u00f2, aquestes p\u00e0gines no pertanyen a titular de la p\u00e0gina Web, ni fa una revisi\u00f3 dels seus continguts i, per aix\u00f2, el titular de el lloc web no assumeix cap responsabilitat pel contingut, informacions o serveis que poguessin apar\u00e8ixer en aquests llocs, que tindran exclusivament car\u00e0cter informatiu i que en cap cas impliquen cap relaci\u00f3 entre el titular de el lloc web i de les persones o entitats titulars de tals continguts o titulars d&#8217;altres llocs on es trobin. El titular de el lloc web tampoc pot fer-se responsable de l&#8217;funcionament de la p\u00e0gina enlla\u00e7ada o dels possibles danys que puguin derivar-se de l&#8217;acc\u00e9s o \u00fas de la mateixa.<\/p><p class=\"p2\">Els enlla\u00e7os a el lloc webhttp:\/\/www.fundaciotallers.orghauran de respectar les segu\u0308ents condicions:<\/p><ul><li class=\"p2\">L&#8217;establiment de l&#8217;enlla\u00e7 no suposar\u00e0 cap tipus d&#8217;acord, contracte, patrocini ni recomanaci\u00f3 per part de FUNDACI\u00d3 PRIVADA TALLERS DE CATALUNYAde la p\u00e0gina que realitza l&#8217;enlla\u00e7.<\/li><li class=\"p2\">La p\u00e0gina web en la qual s&#8217;estableixi l&#8217;hiperenlla\u00e7 no contindr\u00e0 informacions amb continguts que siguin il\u00b7l\u00edcits, discriminatoris, contraris als principis \u00e8tics comunament acceptats o atemptin contra l&#8217;ordre p\u00fablco, aix\u00ed com tampoc contindr\u00e0 continguts contraris a qualssevol drets de tercers.<\/li><li class=\"p2\">El titular de el lloc web pot sol\u00b7licitar que es retiri un enlla\u00e7 al seu web, sense necessitat d&#8217;al\u00b7legar cap causa. En aquest cas, la p\u00e0gina que hagi realitzat l&#8217;enlla\u00e7 haur\u00e0 de procedir a la seva immediata supressi\u00f3, tan aviat com rebi la noti{caci\u00f3 de l&#8217;titular de la p\u00e0gina web.<\/li><li class=\"p2\">No es responsabilitza de cap manera ni garanteix la claredat, exactitud, {abilitat, correcci\u00f3 o moralitat de continguts o serveis que l&#8217;establiment de l&#8217;hiperenlla\u00e7 puga oferir. L&#8217;usuari assumeix sota la seva exclusiva responsabilitat les consequ\u0308.ncies, danys o accions que poguessin derivar-se de l&#8217;acc\u00e9s a la p\u00e0gina web de l&#8217;hiperenlla\u00e7.<\/li><li class=\"p2\">La p\u00e0gina web en la qual s&#8217;estableixi l&#8217;hiperenlla\u00e7 no podr\u00e0 contenir marca, denominaci\u00f3, logotip, esl\u00f2gan o altres signes distintius que pertanyin a titular de el lloc web excepte aquells signes que formin part de la mateixa enlla\u00e7.<\/li><\/ul><p><strong>PROTECCI\u00d3 DE DADES PERSONALS<br \/><\/strong><br \/>Per a aquells casos que es recaptin, tracten o emmagatzemen dades personals, es far\u00e0 en conformitat amb la Pol\u00edtica de Privacitat publicada en la p\u00e0gina web i que pot consultar al peu o footer de el lloc web.<\/p><p><strong>LEI APLICABLE I JURISDICCI\u00d3<br \/><\/strong><br \/>La llei aplicable en cas de disputa o con|icte d&#8217;interpretaci\u00f3 dels termes que conformen aquest Av\u00eds Legal, aix\u00ed com qualsevol qu\u0308esti\u00f3 relacionada amb els serveis de el present Portal, ser\u00e0 la llei espanyola.<\/p><p>Per a la resoluci\u00f3 de qualsevol con|icte que pugui sorgir amb ocasi\u00f3 de la visita a el lloc web o de l&#8217;\u00fas dels serveis que en ell es puguin oferir, el titular de el lloc web i l&#8217;usuari acorden sotmetre als jutges i tribunals del domicili de l&#8217;Usuari, sempre que aquest estigui situat en territori espanyol i actu\u00ef en condici\u00f3 de consumidor. En cas contrari, la submissi\u00f3 ser\u00e0 als jutjats i tribunals de la ciutat de Barcelona, Espa\u00f1a<\/p>\t\t\t\t\t\t\t\t<\/div>\n\t\t\t\t<\/div>\n\t\t\t\t\t<\/div>\n\t\t<\/div>\n\t\t\t\t\t<\/div>\n\t\t<\/section>\n\t\t\t\t<section class=\"elementor-section elementor-top-section elementor-element elementor-element-7829e4c6 elementor-section-boxed elementor-section-height-default elementor-section-height-default\" data-id=\"7829e4c6\" data-element_type=\"section\" data-e-type=\"section\" data-settings=\"{&quot;background_background&quot;:&quot;classic&quot;}\">\n\t\t\t\t\t\t<div class=\"elementor-container elementor-column-gap-default\">\n\t\t\t\t\t<div class=\"elementor-column elementor-col-100 elementor-top-column elementor-element elementor-element-3e22b274\" data-id=\"3e22b274\" data-element_type=\"column\" data-e-type=\"column\">\n\t\t\t<div class=\"elementor-widget-wrap elementor-element-populated\">\n\t\t\t\t\t\t<div class=\"elementor-element elementor-element-37474ec elementor-widget elementor-widget-text-editor\" data-id=\"37474ec\" data-element_type=\"widget\" data-e-type=\"widget\" data-widget_type=\"text-editor.default\">\n\t\t\t\t<div class=\"elementor-widget-container\">\n\t\t\t\t\t\t\t\t\t<p><a style=\"color: #000000;\" href=\"https:\/\/fundaciotallers.org\/ca\/portal-transparencia\/\" rel=\"noopener\">Portal de Transpar\u00e8ncia \u2192<\/a><\/p>\t\t\t\t\t\t\t\t<\/div>\n\t\t\t\t<\/div>\n\t\t\t\t\t<\/div>\n\t\t<\/div>\n\t\t\t\t\t<\/div>\n\t\t<\/section>\n\t\t\t\t<section class=\"elementor-section elementor-top-section elementor-element elementor-element-1b5e0472 elementor-hidden-mobile elementor-section-boxed elementor-section-height-default elementor-section-height-default\" data-id=\"1b5e0472\" data-element_type=\"section\" data-e-type=\"section\" data-settings=\"{&quot;background_background&quot;:&quot;classic&quot;}\">\n\t\t\t\t\t\t<div class=\"elementor-container elementor-column-gap-narrow\">\n\t\t\t\t\t<div class=\"elementor-column elementor-col-33 elementor-top-column elementor-element elementor-element-6242a18d\" data-id=\"6242a18d\" data-element_type=\"column\" data-e-type=\"column\">\n\t\t\t<div class=\"elementor-widget-wrap elementor-element-populated\">\n\t\t\t\t\t\t<div class=\"elementor-element elementor-element-21d66007 elementor-widget elementor-widget-text-editor\" data-id=\"21d66007\" data-element_type=\"widget\" data-e-type=\"widget\" data-widget_type=\"text-editor.default\">\n\t\t\t\t<div class=\"elementor-widget-container\">\n\t\t\t\t\t\t\t\t\t<p><strong>Fundaci\u00f3 Tallers | Inclusi\u00f3 Laboral<br \/><\/strong>Entitat de Pere Caver Grup<br \/>Tel. 93 392 23 11<br \/><span style=\"text-decoration: underline;\"><a style=\"color: #ffffff; text-decoration: underline;\" href=\"&#x6d;&#x61;&#105;l&#x74;&#x6f;&#58;in&#x66;&#x6f;&#64;f&#x75;&#x6e;&#100;&#97;c&#x69;&#x6f;&#116;a&#x6c;&#x6c;&#101;&#114;s&#x2e;&#x6f;&#114;g\">&#x69;&#x6e;&#x66;&#111;&#64;&#102;un&#x64;&#x61;&#x63;&#x69;&#111;&#116;al&#x6c;&#x65;&#x72;&#x73;&#46;&#111;rg<\/a><\/span><\/p>\t\t\t\t\t\t\t\t<\/div>\n\t\t\t\t<\/div>\n\t\t\t\t\t<\/div>\n\t\t<\/div>\n\t\t\t\t<div class=\"elementor-column elementor-col-33 elementor-top-column elementor-element elementor-element-7a34088c\" data-id=\"7a34088c\" data-element_type=\"column\" data-e-type=\"column\">\n\t\t\t<div class=\"elementor-widget-wrap elementor-element-populated\">\n\t\t\t\t\t\t<div class=\"elementor-element elementor-element-3e7c4755 elementor-widget elementor-widget-text-editor\" data-id=\"3e7c4755\" data-element_type=\"widget\" data-e-type=\"widget\" data-widget_type=\"text-editor.default\">\n\t\t\t\t<div class=\"elementor-widget-container\">\n\t\t\t\t\t\t\t\t\t<p><strong>Treballa amb nosaltres<\/strong><br \/>Vols formar part del nostre equip i comparteixes la nostra missi\u00f3, visi\u00f3 i valors?<br \/><span style=\"text-decoration: underline;\"><a style=\"color: #ffffff; text-decoration: underline;\" href=\"https:\/\/fundaciotallers.org\/ca\/treballa-amb-nosaltres\/\" rel=\"noopener\">Veure m\u00e9s<\/a><\/span><\/p>\t\t\t\t\t\t\t\t<\/div>\n\t\t\t\t<\/div>\n\t\t\t\t\t<\/div>\n\t\t<\/div>\n\t\t\t\t<div class=\"elementor-column elementor-col-33 elementor-top-column elementor-element elementor-element-7649722d\" data-id=\"7649722d\" data-element_type=\"column\" data-e-type=\"column\">\n\t\t\t<div class=\"elementor-widget-wrap elementor-element-populated\">\n\t\t\t\t\t\t<div class=\"elementor-element elementor-element-30ed0cf2 elementor-widget elementor-widget-text-editor\" data-id=\"30ed0cf2\" data-element_type=\"widget\" data-e-type=\"widget\" data-widget_type=\"text-editor.default\">\n\t\t\t\t<div class=\"elementor-widget-container\">\n\t\t\t\t\t\t\t\t\t<p><strong>Segueix-nos a les xarxes<\/strong><\/p>\t\t\t\t\t\t\t\t<\/div>\n\t\t\t\t<\/div>\n\t\t\t\t<section class=\"elementor-section elementor-inner-section elementor-element elementor-element-e8ba75e elementor-section-boxed elementor-section-height-default elementor-section-height-default\" data-id=\"e8ba75e\" data-element_type=\"section\" data-e-type=\"section\">\n\t\t\t\t\t\t<div class=\"elementor-container elementor-column-gap-default\">\n\t\t\t\t\t<div class=\"elementor-column elementor-col-50 elementor-inner-column elementor-element elementor-element-cd781b4\" data-id=\"cd781b4\" data-element_type=\"column\" data-e-type=\"column\">\n\t\t\t<div class=\"elementor-widget-wrap elementor-element-populated\">\n\t\t\t\t\t\t<div class=\"elementor-element elementor-element-32f4ac5 elementor-view-default elementor-widget elementor-widget-icon\" data-id=\"32f4ac5\" data-element_type=\"widget\" data-e-type=\"widget\" data-widget_type=\"icon.default\">\n\t\t\t\t<div class=\"elementor-widget-container\">\n\t\t\t\t\t\t\t<div class=\"elementor-icon-wrapper\">\n\t\t\t<a class=\"elementor-icon\" href=\"https:\/\/www.instagram.com\/fundaciotallers\/\" target=\"_blank\">\n\t\t\t<i aria-hidden=\"true\" class=\"fab fa-instagram\"><\/i>\t\t\t<\/a>\n\t\t<\/div>\n\t\t\t\t\t\t<\/div>\n\t\t\t\t<\/div>\n\t\t\t\t\t<\/div>\n\t\t<\/div>\n\t\t\t\t<div class=\"elementor-column elementor-col-50 elementor-inner-column elementor-element elementor-element-2b22888\" data-id=\"2b22888\" data-element_type=\"column\" data-e-type=\"column\">\n\t\t\t<div class=\"elementor-widget-wrap elementor-element-populated\">\n\t\t\t\t\t\t<div class=\"elementor-element elementor-element-c166f05 elementor-view-default elementor-widget elementor-widget-icon\" data-id=\"c166f05\" data-element_type=\"widget\" data-e-type=\"widget\" data-widget_type=\"icon.default\">\n\t\t\t\t<div class=\"elementor-widget-container\">\n\t\t\t\t\t\t\t<div class=\"elementor-icon-wrapper\">\n\t\t\t<a class=\"elementor-icon\" href=\"https:\/\/www.linkedin.com\/company\/fundacio-tallers\/\" target=\"_blank\">\n\t\t\t<i aria-hidden=\"true\" class=\"fab fa-linkedin-in\"><\/i>\t\t\t<\/a>\n\t\t<\/div>\n\t\t\t\t\t\t<\/div>\n\t\t\t\t<\/div>\n\t\t\t\t\t<\/div>\n\t\t<\/div>\n\t\t\t\t\t<\/div>\n\t\t<\/section>\n\t\t\t\t\t<\/div>\n\t\t<\/div>\n\t\t\t\t\t<\/div>\n\t\t<\/section>\n\t\t\t\t<section class=\"elementor-section elementor-top-section elementor-element elementor-element-40511dc elementor-hidden-mobile elementor-section-boxed elementor-section-height-default elementor-section-height-default\" data-id=\"40511dc\" data-element_type=\"section\" data-e-type=\"section\" data-settings=\"{&quot;background_background&quot;:&quot;classic&quot;}\">\n\t\t\t\t\t\t<div class=\"elementor-container elementor-column-gap-default\">\n\t\t\t\t\t<div class=\"elementor-column elementor-col-100 elementor-top-column elementor-element elementor-element-7ccb07ab\" data-id=\"7ccb07ab\" data-element_type=\"column\" data-e-type=\"column\">\n\t\t\t<div class=\"elementor-widget-wrap elementor-element-populated\">\n\t\t\t\t\t\t<div class=\"elementor-element elementor-element-41b20b4a elementor-widget-divider--view-line elementor-widget elementor-widget-divider\" data-id=\"41b20b4a\" data-element_type=\"widget\" data-e-type=\"widget\" data-widget_type=\"divider.default\">\n\t\t\t\t<div class=\"elementor-widget-container\">\n\t\t\t\t\t\t\t<div class=\"elementor-divider\">\n\t\t\t<span class=\"elementor-divider-separator\">\n\t\t\t\t\t\t<\/span>\n\t\t<\/div>\n\t\t\t\t\t\t<\/div>\n\t\t\t\t<\/div>\n\t\t\t\t<div class=\"elementor-element elementor-element-1b60de33 elementor-widget elementor-widget-text-editor\" data-id=\"1b60de33\" data-element_type=\"widget\" data-e-type=\"widget\" data-widget_type=\"text-editor.default\">\n\t\t\t\t<div class=\"elementor-widget-container\">\n\t\t\t\t\t\t\t\t\t\u00a9 2025. <a style=\"color: #fff;\" href=\"https:\/\/fundaciotallers.org\/ca\/politica-de-privacitat\/\" target=\"_parent\" rel=\"noopener\">Pol\u00edtica de privacitat<\/a>\u00a0|\u00a0<a style=\"color: #fff;\" href=\"https:\/\/fundaciotallers.org\/ca\/politica-cookies\/\" target=\"_parent\" rel=\"noopener\">Pol\u00edtica de Cookies<\/a>\u00a0|\u00a0<a style=\"color: #fff;\" href=\"https:\/\/fundaciotallers.org\/ca\/avis-legal\/\" target=\"_parent\" rel=\"noopener\">Av\u00eds Legal<\/a>\u00a0|\u00a0<a style=\"color: #fff;\" href=\"https:\/\/fundaciotallers.org\/ca\/canal-denuncia\/\" target=\"_parent\" rel=\"noopener\">Canal den\u00fancia<\/a>\u00a0|\u00a0<a style=\"color: #fff;\" href=\"http:\/\/intranet.fhspereclaver.org\/Adm.php?Mc=1\" target=\"_blank\" rel=\"noopener\">Intranet<\/a>\t\t\t\t\t\t\t\t<\/div>\n\t\t\t\t<\/div>\n\t\t\t\t\t<\/div>\n\t\t<\/div>\n\t\t\t\t\t<\/div>\n\t\t<\/section>\n\t\t\t\t<section class=\"elementor-section elementor-top-section elementor-element elementor-element-3c08b3a elementor-hidden-desktop elementor-hidden-tablet elementor-section-boxed elementor-section-height-default elementor-section-height-default\" data-id=\"3c08b3a\" data-element_type=\"section\" data-e-type=\"section\" data-settings=\"{&quot;background_background&quot;:&quot;classic&quot;}\">\n\t\t\t\t\t\t<div class=\"elementor-container elementor-column-gap-default\">\n\t\t\t\t\t<div class=\"elementor-column elementor-col-100 elementor-top-column elementor-element elementor-element-abae429\" data-id=\"abae429\" data-element_type=\"column\" data-e-type=\"column\">\n\t\t\t<div class=\"elementor-widget-wrap elementor-element-populated\">\n\t\t\t\t\t\t<div class=\"elementor-element elementor-element-c1ac15e elementor-widget elementor-widget-text-editor\" data-id=\"c1ac15e\" data-element_type=\"widget\" data-e-type=\"widget\" data-widget_type=\"text-editor.default\">\n\t\t\t\t<div class=\"elementor-widget-container\">\n\t\t\t\t\t\t\t\t\t<p><strong>Fundaci\u00f3 Tallers | Inclusi\u00f3 Laboral<br \/><\/strong>Entitat de Pere Caver Grup<br \/>Tel. 93 392 23 11<br \/><span style=\"text-decoration: underline;\"><a style=\"color: #ffffff; text-decoration: underline;\" href=\"m&#97;&#x69;&#x6c;t&#111;&#x3a;&#x69;n&#102;&#x6f;&#x40;f&#117;&#x6e;&#x64;a&#99;&#x69;&#x6f;t&#97;&#108;&#x6c;&#x65;r&#115;&#x2e;&#x6f;r&#103;\">&#x69;&#110;&#x66;&#x6f;&#64;&#x66;&#x75;&#110;&#x64;&#x61;&#99;&#x69;&#x6f;t&#x61;&#x6c;l&#x65;&#114;s&#x2e;&#111;r&#x67;<\/a><\/span><\/p>\t\t\t\t\t\t\t\t<\/div>\n\t\t\t\t<\/div>\n\t\t\t\t<div class=\"elementor-element elementor-element-1ebba66 elementor-widget elementor-widget-text-editor\" data-id=\"1ebba66\" data-element_type=\"widget\" data-e-type=\"widget\" data-widget_type=\"text-editor.default\">\n\t\t\t\t<div class=\"elementor-widget-container\">\n\t\t\t\t\t\t\t\t\t<p><strong>Treballa amb nosaltres<\/strong><br \/>Vols formar part del nostre equip i comparteixes<br \/>la nostra missi\u00f3, visi\u00f3 i valors? <span style=\"text-decoration: underline;\"><a style=\"color: #ffffff; text-decoration: underline;\" href=\"https:\/\/www.santpereclaver.org\/treballa-amb-nosaltres\/\" target=\"_blank\" rel=\"noopener\">Veure m\u00e9s<\/a><\/span><\/p>\t\t\t\t\t\t\t\t<\/div>\n\t\t\t\t<\/div>\n\t\t\t\t<div class=\"elementor-element elementor-element-b40b64c elementor-widget elementor-widget-text-editor\" data-id=\"b40b64c\" data-element_type=\"widget\" data-e-type=\"widget\" data-widget_type=\"text-editor.default\">\n\t\t\t\t<div class=\"elementor-widget-container\">\n\t\t\t\t\t\t\t\t\t<p><strong>Segueix-nos a les xarxes<\/strong><\/p>\t\t\t\t\t\t\t\t<\/div>\n\t\t\t\t<\/div>\n\t\t\t\t<section class=\"elementor-section elementor-inner-section elementor-element elementor-element-62a2fce elementor-section-boxed elementor-section-height-default elementor-section-height-default\" data-id=\"62a2fce\" data-element_type=\"section\" data-e-type=\"section\">\n\t\t\t\t\t\t<div class=\"elementor-container elementor-column-gap-default\">\n\t\t\t\t\t<div class=\"elementor-column elementor-col-50 elementor-inner-column elementor-element elementor-element-d218c11\" data-id=\"d218c11\" data-element_type=\"column\" data-e-type=\"column\">\n\t\t\t<div class=\"elementor-widget-wrap elementor-element-populated\">\n\t\t\t\t\t\t<div class=\"elementor-element elementor-element-c3ecb0c elementor-view-default elementor-widget elementor-widget-icon\" data-id=\"c3ecb0c\" data-element_type=\"widget\" data-e-type=\"widget\" data-widget_type=\"icon.default\">\n\t\t\t\t<div class=\"elementor-widget-container\">\n\t\t\t\t\t\t\t<div class=\"elementor-icon-wrapper\">\n\t\t\t<a class=\"elementor-icon\" href=\"https:\/\/www.instagram.com\/fundaciotallers\/\" target=\"_blank\">\n\t\t\t<i aria-hidden=\"true\" class=\"fab fa-instagram\"><\/i>\t\t\t<\/a>\n\t\t<\/div>\n\t\t\t\t\t\t<\/div>\n\t\t\t\t<\/div>\n\t\t\t\t<div class=\"elementor-element elementor-element-6064f6e elementor-view-default elementor-widget elementor-widget-icon\" data-id=\"6064f6e\" data-element_type=\"widget\" data-e-type=\"widget\" data-widget_type=\"icon.default\">\n\t\t\t\t<div class=\"elementor-widget-container\">\n\t\t\t\t\t\t\t<div class=\"elementor-icon-wrapper\">\n\t\t\t<a class=\"elementor-icon\" href=\"https:\/\/www.linkedin.com\/company\/fundacio-tallers\/\" target=\"_blank\">\n\t\t\t<i aria-hidden=\"true\" class=\"fab fa-linkedin-in\"><\/i>\t\t\t<\/a>\n\t\t<\/div>\n\t\t\t\t\t\t<\/div>\n\t\t\t\t<\/div>\n\t\t\t\t\t<\/div>\n\t\t<\/div>\n\t\t\t\t<div class=\"elementor-column elementor-col-50 elementor-inner-column elementor-element elementor-element-63df5d0\" data-id=\"63df5d0\" data-element_type=\"column\" data-e-type=\"column\">\n\t\t\t<div class=\"elementor-widget-wrap\">\n\t\t\t\t\t\t\t<\/div>\n\t\t<\/div>\n\t\t\t\t\t<\/div>\n\t\t<\/section>\n\t\t\t\t<div class=\"elementor-element elementor-element-f3ccbdf elementor-widget-divider--view-line elementor-widget elementor-widget-divider\" data-id=\"f3ccbdf\" data-element_type=\"widget\" data-e-type=\"widget\" data-widget_type=\"divider.default\">\n\t\t\t\t<div class=\"elementor-widget-container\">\n\t\t\t\t\t\t\t<div class=\"elementor-divider\">\n\t\t\t<span class=\"elementor-divider-separator\">\n\t\t\t\t\t\t<\/span>\n\t\t<\/div>\n\t\t\t\t\t\t<\/div>\n\t\t\t\t<\/div>\n\t\t\t\t<div class=\"elementor-element elementor-element-8786153 elementor-widget elementor-widget-text-editor\" data-id=\"8786153\" data-element_type=\"widget\" data-e-type=\"widget\" data-widget_type=\"text-editor.default\">\n\t\t\t\t<div class=\"elementor-widget-container\">\n\t\t\t\t\t\t\t\t\t\u00a9 2025. <a style=\"color: #fff;\" href=\"https:\/\/fundaciotallers.org\/ca\/politica-de-privacitat\/\" target=\"_parent\" rel=\"noopener\">Pol\u00edtica de privacitat<\/a>\u00a0|\u00a0<a style=\"color: #fff;\" href=\"https:\/\/fundaciotallers.org\/ca\/politica-cookies\/\" target=\"_parent\" rel=\"noopener\">Pol\u00edtica de Cookies<\/a>\u00a0|\u00a0<a style=\"color: #fff;\" href=\"https:\/\/fundaciotallers.org\/ca\/avis-legal\/\" target=\"_parent\" rel=\"noopener\">Av\u00eds Legal<\/a>\u00a0|\u00a0<a style=\"color: #fff;\" href=\"https:\/\/fundaciotallers.org\/ca\/canal-denuncia\/\" target=\"_parent\" rel=\"noopener\">Canal den\u00fancia<\/a>\u00a0|\u00a0<a style=\"color: #fff;\" href=\"http:\/\/intranet.fhspereclaver.org\/Adm.php?Mc=1\" target=\"_blank\" rel=\"noopener\">Intranet<\/a>\t\t\t\t\t\t\t\t<\/div>\n\t\t\t\t<\/div>\n\t\t\t\t\t<\/div>\n\t\t<\/div>\n\t\t\t\t\t<\/div>\n\t\t<\/section>\n\t\t\t\t<\/div>\n\t\t","protected":false},"excerpt":{"rendered":"<p>Instagram Linkedin Catal\u00e0\u00a0 \u00a0|\u00a0 \u00a0Castell\u00e0 Qui som Coneix-nos Hist\u00f2ria Patronat i Comit\u00e8 de Direcci\u00f3 Equip de Coordinaci\u00f3 i Serveis de&hellip;<\/p>\n","protected":false},"author":7,"featured_media":0,"parent":0,"menu_order":0,"comment_status":"closed","ping_status":"closed","template":"elementor_header_footer","meta":{"footnotes":""},"class_list":["post-45661","page","type-page","status-publish","hentry"],"_links":{"self":[{"href":"https:\/\/fundaciotallers.org\/ca\/wp-json\/wp\/v2\/pages\/45661","targetHints":{"allow":["GET"]}}],"collection":[{"href":"https:\/\/fundaciotallers.org\/ca\/wp-json\/wp\/v2\/pages"}],"about":[{"href":"https:\/\/fundaciotallers.org\/ca\/wp-json\/wp\/v2\/types\/page"}],"author":[{"embeddable":true,"href":"https:\/\/fundaciotallers.org\/ca\/wp-json\/wp\/v2\/users\/7"}],"replies":[{"embeddable":true,"href":"https:\/\/fundaciotallers.org\/ca\/wp-json\/wp\/v2\/comments?post=45661"}],"version-history":[{"count":41,"href":"https:\/\/fundaciotallers.org\/ca\/wp-json\/wp\/v2\/pages\/45661\/revisions"}],"predecessor-version":[{"id":48680,"href":"https:\/\/fundaciotallers.org\/ca\/wp-json\/wp\/v2\/pages\/45661\/revisions\/48680"}],"wp:attachment":[{"href":"https:\/\/fundaciotallers.org\/ca\/wp-json\/wp\/v2\/media?parent=45661"}],"curies":[{"name":"wp","href":"https:\/\/api.w.org\/{rel}","templated":true}]}}